{"id":237,"date":"2020-07-24T21:10:06","date_gmt":"2020-07-24T21:10:06","guid":{"rendered":"https:\/\/edublog.educastur.es\/ixuxullingua\/?page_id=237"},"modified":"2021-09-26T12:54:16","modified_gmt":"2021-09-26T10:54:16","slug":"03-segundu-trimestre","status":"publish","type":"page","link":"https:\/\/edublog.educastur.es\/ixuxullingua\/6-sestu\/sestu-20-21\/03-segundu-trimestre\/","title":{"rendered":"03) Segundu trimestre"},"content":{"rendered":"<p><img loading=\"lazy\" decoding=\"async\" class=\" wp-image-821 alignleft\" src=\"http:\/\/edublog.educastur.es\/ixuxullingua\/files\/2020\/08\/00_sestu-150x150.png\" alt=\"\" width=\"100\" height=\"100\" \/><\/p>\n<p>&nbsp;<\/p>\n<p>&nbsp;<\/p>\n<p>&nbsp;<\/p>\n<ul>\n<li class=\"page_item page-item-1058 page_item_has_children current_page_ancestor current_page_parent\"><span style=\"font-size: 18pt\"><em><a href=\"https:\/\/edublog.educastur.es\/corredoria3\/6o-pri\/cultura-asturiana\/\"><strong>Cultura Asturiana<\/strong><\/a><\/em><\/span>\n<ul class=\"children\">\n<li class=\"page_item page-item-1439 page_item_has_children\"><em><a href=\"https:\/\/edublog.educastur.es\/corredoria3\/6o-pri\/cultura-asturiana\/1otrimestre\/\"><span style=\"font-size: 18pt\">1\u00ba TRIMESTRE<\/span><\/a><\/em><\/li>\n<\/ul>\n<\/li>\n<\/ul>\n<ul>\n<li class=\"page_item page-item-237 page_item_has_children\"><span style=\"font-size: 18pt\"><a href=\"https:\/\/edublog.educastur.es\/ixuxullingua\/6-sestu\/03-ochobre\/\">03) 2020_21 <strong>Segundu trimestre<\/strong><\/a><\/span>\n<ul class=\"children\">\n<li class=\"page_item page-item-1471\"><span style=\"font-size: 18pt\"><a href=\"https:\/\/edublog.educastur.es\/ixuxullingua\/6-sestu\/03-ochobre\/sesion-01\/\">Sesi\u00f3n 01: <strong><em>Mazcar\u00e1es d Iviernu y Aguilanderos<\/em><\/strong><\/a><\/span><\/li>\n<li class=\"page_item page-item-1469\"><span style=\"font-size: 18pt\"><a href=\"https:\/\/edublog.educastur.es\/ixuxullingua\/6-sestu\/03-ochobre\/sesion-02\/\">Sesi\u00f3n 02: <strong><em>Toponimia: Conceyos y Pueblos<\/em><\/strong><\/a><\/span><\/li>\n<li class=\"page_item page-item-1612\"><span style=\"font-size: 18pt\"><a href=\"https:\/\/edublog.educastur.es\/ixuxullingua\/6-sestu\/03-ochobre\/sesion-03\/\">Sesi\u00f3n 03: <strong><em>Asturies rural y Villes asturianes<\/em><\/strong><\/a><\/span><\/li>\n<li class=\"page_item page-item-1622\"><span style=\"font-size: 18pt\"><a href=\"https:\/\/edublog.educastur.es\/ixuxullingua\/6-sestu\/03-ochobre\/sesion-04\/\">Sesi\u00f3n 04: <em><strong>H\u00aa Ed\u00e1 Contempor\u00e1nea: Econom\u00eda<\/strong><\/em><\/a><\/span><\/li>\n<li class=\"page_item page-item-1632\"><a href=\"https:\/\/edublog.educastur.es\/corredoria3\/6o-pri\/cultura-asturiana\/sesion-10\/\"><span style=\"font-size: 18pt\">Sesi\u00f3n 05: <strong><em>H\u00aa Ed\u00e1 Contempor\u00e1nea: Pol\u00edtica, socied\u00e1, Emigraci\u00f3n<\/em><\/strong><\/span><\/a><\/li>\n<li><a href=\"https:\/\/edublog.educastur.es\/corredoria3\/6o-pri\/cultura-asturiana\/sesion-10\/\"><span style=\"color: #008080\"><strong><em><span style=\"font-size: 18pt\">Emigraci\u00f3n Asturiana a Am\u00e9rica<\/span><\/em><\/strong><\/span><\/a><\/li>\n<li class=\"page_item page-item-1640\"><span style=\"font-size: 18pt\"><a href=\"https:\/\/edublog.educastur.es\/ixuxullingua\/6-sestu\/03-ochobre\/sesion-06\/\">Sesi\u00f3n 06:\u00a0 <em><strong>Naturaleza d\u00b4Asturies: Espacios Protegidos<\/strong><\/em><\/a><\/span><\/li>\n<li><a href=\"https:\/\/edublog.educastur.es\/ixuxullingua\/6-sestu\/03-ochobre\/sesion-07\"><em><span style=\"font-size: 18pt\">Sesi\u00f3n 07: <strong>D\u00eda Internacional llingua materna<\/strong><\/span><\/em><\/a><\/li>\n<li><em><span style=\"font-size: 18pt\">Sesi\u00f3n 08: <strong>La CAZA en Asturias<\/strong><\/span><\/em><\/li>\n<li class=\"page_item page-item-1672\"><span style=\"font-size: 18pt\"><a href=\"https:\/\/edublog.educastur.es\/ixuxullingua\/6-sestu\/03-ochobre\/sesion-09\/\">Sesi\u00f3n 09: <strong><em>La PESCA en Asturias<\/em><\/strong><\/a><\/span><\/li>\n<li><em><span style=\"font-size: 18pt\">Sesi\u00f3n 10 : <strong>Poes\u00eda: Xosefa de Xovellanos<\/strong><\/span><\/em><\/li>\n<\/ul>\n<\/li>\n<\/ul>\n<hr \/>\n<p>&nbsp;<\/p>\n","protected":false},"excerpt":{"rendered":"<p>&nbsp; &nbsp; &nbsp; Cultura Asturiana 1\u00ba TRIMESTRE 03) 2020_21 Segundu trimestre Sesi\u00f3n 01: Mazcar\u00e1es d Iviernu y Aguilanderos Sesi\u00f3n 02: Toponimia: Conceyos y Pueblos Sesi\u00f3n 03: Asturies rural y Villes asturianes Sesi\u00f3n 04: H\u00aa Ed\u00e1 Contempor\u00e1nea: Econom\u00eda Sesi\u00f3n 05: H\u00aa Ed\u00e1 Contempor\u00e1nea: Pol\u00edtica, socied\u00e1, Emigraci\u00f3n Emigraci\u00f3n Asturiana a Am\u00e9rica Sesi\u00f3n 06:\u00a0 Naturaleza d\u00b4Asturies: Espacios Protegidos [&hellip;]<\/p>\n","protected":false},"author":117,"featured_media":0,"parent":2806,"menu_order":0,"comment_status":"closed","ping_status":"closed","template":"","meta":{"footnotes":""},"class_list":["post-237","page","type-page","status-publish","hentry","post-preview"],"_links":{"self":[{"href":"https:\/\/edublog.educastur.es\/ixuxullingua\/wp-json\/wp\/v2\/pages\/237","targetHints":{"allow":["GET"]}}],"collection":[{"href":"https:\/\/edublog.educastur.es\/ixuxullingua\/wp-json\/wp\/v2\/pages"}],"about":[{"href":"https:\/\/edublog.educastur.es\/ixuxullingua\/wp-json\/wp\/v2\/types\/page"}],"author":[{"embeddable":true,"href":"https:\/\/edublog.educastur.es\/ixuxullingua\/wp-json\/wp\/v2\/users\/117"}],"replies":[{"embeddable":true,"href":"https:\/\/edublog.educastur.es\/ixuxullingua\/wp-json\/wp\/v2\/comments?post=237"}],"version-history":[{"count":11,"href":"https:\/\/edublog.educastur.es\/ixuxullingua\/wp-json\/wp\/v2\/pages\/237\/revisions"}],"predecessor-version":[{"id":2809,"href":"https:\/\/edublog.educastur.es\/ixuxullingua\/wp-json\/wp\/v2\/pages\/237\/revisions\/2809"}],"up":[{"embeddable":true,"href":"https:\/\/edublog.educastur.es\/ixuxullingua\/wp-json\/wp\/v2\/pages\/2806"}],"wp:attachment":[{"href":"https:\/\/edublog.educastur.es\/ixuxullingua\/wp-json\/wp\/v2\/media?parent=237"}],"curies":[{"name":"wp","href":"https:\/\/api.w.org\/{rel}","templated":true}]}}