{"id":2424,"date":"2021-04-10T19:21:01","date_gmt":"2021-04-10T17:21:01","guid":{"rendered":"https:\/\/edublog.educastur.es\/ixuxullingua\/?page_id=2424"},"modified":"2021-04-18T19:54:12","modified_gmt":"2021-04-18T17:54:12","slug":"sesion-01","status":"publish","type":"page","link":"https:\/\/edublog.educastur.es\/ixuxullingua\/6-sestu\/sestu-20-21\/04-tercer-trimestre\/sesion-01\/","title":{"rendered":"Sesi\u00f3n 01"},"content":{"rendered":"<p style=\"text-align: center\"><a href=\"https:\/\/image.freepik.com\/vector-gratis\/pagina-comic-dividida-lineas-bocadillos_93083-92.jpg\"><img loading=\"lazy\" decoding=\"async\" class=\"alignnone\" src=\"https:\/\/image.freepik.com\/vector-gratis\/pagina-comic-dividida-lineas-bocadillos_93083-92.jpg\" alt=\"\" width=\"348\" height=\"347\" \/><\/a><\/p>\n<ul>\n<li><span style=\"font-size: 18pt;color: #008080\"><strong>11 Marzo: D\u00eda del TBO o de la Historieta<\/strong><\/span>,<span style=\"font-size: 14pt\"> la palabra \u201c<span style=\"color: #008080\"><strong>tebeo<\/strong><\/span>\u201d que da nombre a las revistas de historietas, procede del t\u00edtulo de su cabecera.<\/span><\/li>\n<\/ul>\n<p><a href=\"https:\/\/i1.wp.com\/www.tomosygrapas.com\/wp-content\/uploads\/2016\/03\/TBO-De-todo-un-poco_1600.jpg\"><img loading=\"lazy\" decoding=\"async\" class=\"alignleft\" src=\"https:\/\/i1.wp.com\/www.tomosygrapas.com\/wp-content\/uploads\/2016\/03\/TBO-De-todo-un-poco_1600.jpg\" alt=\"\" width=\"200\" height=\"290\" \/><\/a><span style=\"font-size: 14pt\"><i><b>TBO<\/b><\/i> fue una <a class=\"mw-redirect\" title=\"Revista de historieta\" href=\"https:\/\/es.wikipedia.org\/wiki\/Revista_de_historieta\">revista de historietas<\/a> <a title=\"Espa\u00f1a\" href=\"https:\/\/es.wikipedia.org\/wiki\/Espa%C3%B1a\">espa\u00f1ola<\/a><br \/>\nde periodicidad semanal que apareci\u00f3 en <a title=\"1917\" href=\"https:\/\/es.wikipedia.org\/wiki\/1917\">1917\u00a0<\/a><sup id=\"cite_ref-1\" class=\"reference separada\"><\/sup><br \/>\ny se public\u00f3, con interrupciones, hasta <a title=\"1998\" href=\"https:\/\/es.wikipedia.org\/wiki\/1998\">1998<\/a>.<\/span><\/p>\n<p>Casi desde sus inicios, y hasta <a title=\"1983\" href=\"https:\/\/es.wikipedia.org\/wiki\/1983\">1983<\/a>,<br \/>\nfue editada por los socios <a class=\"new\" title=\"Buigas, Estivill y Vi\u00f1a (a\u00fan no redactado)\" href=\"https:\/\/es.wikipedia.org\/w\/index.php?title=Buigas,_Estivill_y_Vi%C3%B1a&amp;action=edit&amp;redlink=1\">Buigas, Estivill y Vi\u00f1a<\/a>;<br \/>\nen <a title=\"1986\" href=\"https:\/\/es.wikipedia.org\/wiki\/1986\">1986<\/a> por <a title=\"Editorial Bruguera\" href=\"https:\/\/es.wikipedia.org\/wiki\/Editorial_Bruguera\">Bruguera<\/a>, y<br \/>\nentre <a title=\"1988\" href=\"https:\/\/es.wikipedia.org\/wiki\/1988\">1988<\/a> y <a title=\"1998\" href=\"https:\/\/es.wikipedia.org\/wiki\/1998\">1998<\/a> por <a title=\"Ediciones B\" href=\"https:\/\/es.wikipedia.org\/wiki\/Ediciones_B\">Ediciones B<\/a>.<\/p>\n<p>&nbsp;<\/p>\n<p>&nbsp;<\/p>\n<p><span style=\"font-size: 14pt\"><strong>La revista tuvo una gran importancia en la <a class=\"mw-redirect\" title=\"Historia del c\u00f3mic espa\u00f1ol\" href=\"https:\/\/es.wikipedia.org\/wiki\/Historia_del_c%C3%B3mic_espa%C3%B1ol\">historia del c\u00f3mic espa\u00f1ol<\/a>, y fue la popularizadora del formato,<sup id=\"cite_ref-mart_2-0\" class=\"reference separada\"><\/sup>\u200b hasta el punto de <a title=\"Alf\u00f3nimo\" href=\"https:\/\/es.wikipedia.org\/wiki\/Alf%C3%B3nimo\">originar<\/a> el t\u00e9rmino \u00ab<a class=\"mw-redirect\" title=\"Tebeo\" href=\"https:\/\/es.wikipedia.org\/wiki\/Tebeo\">tebeo<\/a>\u00bb, que en Espa\u00f1a designa a la publicaci\u00f3n que contiene <a title=\"Historieta\" href=\"https:\/\/es.wikipedia.org\/wiki\/Historieta\">historietas<\/a>,<\/strong><sup id=\"cite_ref-3\" class=\"reference separada\"><\/sup>\u200b y ha sido consagrado su uso en la edici\u00f3n de 1968 del <a class=\"mw-redirect\" title=\"Diccionario de la lengua espa\u00f1ola de la Real Academia Espa\u00f1ola\" href=\"https:\/\/es.wikipedia.org\/wiki\/Diccionario_de_la_lengua_espa%C3%B1ola_de_la_Real_Academia_Espa%C3%B1ola\">Diccionario de la lengua espa\u00f1ola de la Real Academia Espa\u00f1ola<\/a>.<\/span><\/p>\n<p><span style=\"font-size: 14pt\"><sup id=\"cite_ref-4\" class=\"reference separada\"><\/sup>\u200b Dirigida al p\u00fablico infantil-juvenil y due\u00f1a de un estilo propio de <a class=\"mw-redirect\" title=\"Historieta humor\u00edstica\" href=\"https:\/\/es.wikipedia.org\/wiki\/Historieta_humor%C3%ADstica\">historieta humor\u00edstica<\/a>, constituy\u00f3 una de las tres grandes escuelas de la <a class=\"mw-redirect\" title=\"Posguerra espa\u00f1ola\" href=\"https:\/\/es.wikipedia.org\/wiki\/Posguerra_espa%C3%B1ola\">posguerra espa\u00f1ola<\/a>, junto a la <a title=\"Escuela Bruguera\" href=\"https:\/\/es.wikipedia.org\/wiki\/Escuela_Bruguera\">Escuela Bruguera<\/a> y la <a class=\"mw-redirect\" title=\"Escuela Valenciana de c\u00f3mic\" href=\"https:\/\/es.wikipedia.org\/wiki\/Escuela_Valenciana_de_c%C3%B3mic\">Valenciana<\/a>.<\/span><\/p>\n<p><em><span style=\"font-size: 14pt\">2017: centenario de la revista TBO<\/span>\u00a0\u00a0\u00a0 <img loading=\"lazy\" decoding=\"async\" class=\"alignnone size-full\" src=\"https:\/\/upload.wikimedia.org\/wikipedia\/commons\/4\/47\/TBO_%28logotip%29.jpg\" width=\"240\" height=\"98\" \/><br \/>\n<\/em><\/p>\n<p>&nbsp;<\/p>\n<hr \/>\n<ul>\n<li><a href=\"https:\/\/twitter.com\/diacomicgratis\"><img loading=\"lazy\" decoding=\"async\" class=\"alignnone\" src=\"https:\/\/pbs.twimg.com\/profile_images\/690663658611941376\/GBhMIE1j_400x400.jpg\" alt=\"\" width=\"138\" height=\"138\" \/><\/a><\/li>\n<li><span style=\"font-size: 14pt\"><span style=\"color: #008080;font-size: 18pt\"><strong>D\u00eda del C\u00f3mic gratis<\/strong> <\/span>(2\u00bas\u00e1bado de mayo):<br \/>\n<a href=\"https:\/\/twitter.com\/diacomicgratis\"><strong><span class=\"css-901oao css-16my406 r-poiln3 r-bcqeeo r-qvutc0\">@DiaComicGratis<\/span><\/strong><\/a> <a href=\"https:\/\/twitter.com\/diacomicgratis\">Twitter<\/a> <a href=\"https:\/\/es-es.facebook.com\/diacomicgratis\">\/ facebook<\/a> \/<br \/>\n<\/span><a href=\"http:\/\/www.diadelcomicgratis.com\/\"><span style=\"font-size: 14pt\">Web: http:\/\/www.diadelcomicgratis.com\/<\/span><\/a><\/li>\n<\/ul>\n<p><span style=\"font-size: 14pt\">El <b>D\u00eda del C\u00f3mic Gratis<\/b> (en ingl\u00e9s: \u00ab<strong><span style=\"color: #008080\">Free Comic Book Day<\/span><\/strong>\u00bb) es una jornada anual para promover la lectura de <a class=\"mw-redirect\" title=\"C\u00f3mic\" href=\"https:\/\/es.wikipedia.org\/wiki\/C%C3%B3mic\">c\u00f3mics<\/a>. <\/span><\/p>\n<p><span style=\"font-size: 14pt\">Este d\u00eda las librer\u00edas especializadas, entre otras iniciativas, regalan ejemplares publicados expresamente por las <a class=\"mw-redirect\" title=\"Editorial\" href=\"https:\/\/es.wikipedia.org\/wiki\/Editorial\">editoriales<\/a>. <\/span><\/p>\n<p><span style=\"font-size: 14pt\">La iniciativa surgi\u00f3 en los <a title=\"Estados Unidos\" href=\"https:\/\/es.wikipedia.org\/wiki\/Estados_Unidos\">Estados Unidos<\/a> de la mano de Joe Field y se celebr\u00f3 por primera vez en el a\u00f1o 2002, el d\u00eda del estreno de <i><a title=\"Spider-Man (pel\u00edcula)\" href=\"https:\/\/es.wikipedia.org\/wiki\/Spider-Man_(pel%C3%ADcula)\">Spider-Man<\/a><\/i>, desde entonces el DCG tiene lugar el primer s\u00e1bado de mayo.<\/span><sup id=\"cite_ref-1\" class=\"reference separada\"><\/sup><\/p>\n<ul>\n<li>\n<h4 class=\"entry-title\"><a href=\"https:\/\/padresfrikis.com\/mejores-comics-para-ninos\/\">26 Mejores c\u00f3mics para ni\u00f1os de 4 a 12 a\u00f1os<\/a><\/h4>\n<\/li>\n<\/ul>\n<p><a href=\"https:\/\/4.bp.blogspot.com\/-gMKOJ5mX0zU\/WHt6KzXzgJI\/AAAAAAAAAwI\/5eTIGFdP1XY4oF3QSgEOmqHDlazfznCjwCLcB\/s1600\/3-globos-2.jpg\"><img loading=\"lazy\" decoding=\"async\" class=\"alignnone\" src=\"https:\/\/4.bp.blogspot.com\/-gMKOJ5mX0zU\/WHt6KzXzgJI\/AAAAAAAAAwI\/5eTIGFdP1XY4oF3QSgEOmqHDlazfznCjwCLcB\/s1600\/3-globos-2.jpg\" alt=\"\" width=\"285\" height=\"266\" \/><\/a>\/ <a href=\"https:\/\/i.pinimg.com\/originals\/b6\/84\/40\/b68440628ff5720a72ef180805b8efdd.jpg\"><img loading=\"lazy\" decoding=\"async\" class=\"alignnone\" src=\"https:\/\/i.pinimg.com\/originals\/b6\/84\/40\/b68440628ff5720a72ef180805b8efdd.jpg\" alt=\"\" width=\"304\" height=\"234\" \/><\/a><\/p>\n<p><a href=\"https:\/\/i.pinimg.com\/originals\/ec\/04\/29\/ec0429163ba40e1d6fc21d505c04dff3.jpg\"><img loading=\"lazy\" decoding=\"async\" class=\"alignnone\" src=\"https:\/\/i.pinimg.com\/originals\/ec\/04\/29\/ec0429163ba40e1d6fc21d505c04dff3.jpg\" alt=\"\" width=\"245\" height=\"332\" \/><\/a> \/ <a href=\"https:\/\/image.freepik.com\/vector-gratis\/bocadillos-dialogo-dibujados-mano-estilo-comic_23-2147558137.jpg\"><img loading=\"lazy\" decoding=\"async\" class=\"alignnone\" src=\"https:\/\/image.freepik.com\/vector-gratis\/bocadillos-dialogo-dibujados-mano-estilo-comic_23-2147558137.jpg\" alt=\"\" width=\"310\" height=\"310\" \/><\/a><\/p>\n<ul>\n<li><a href=\"https:\/\/issuu.com\/redbibliotecaspubmunovd\/docs\/c_mic\"><span style=\"color: #008080\"><strong><em><span style=\"font-size: 14pt\">El C\u00f3mic en nuestro mundo y en nuestras bibliotecas. <\/span><\/em><\/strong><em><span style=\"font-size: 14pt\">Biblioteca de Oviedo<\/span><\/em><\/span><\/a><\/li>\n<li><a href=\"https:\/\/issuudownload.net\/redbibliotecaspubmunovd\/docs\/c_mic#pages\"><span style=\"color: #008080\"><strong><span style=\"font-size: 14pt\"><em>VER<\/em><\/span><\/strong><\/span><\/a><\/li>\n<\/ul>\n<p>&nbsp;<\/p>\n<hr \/>\n<p style=\"text-align: center\"><span style=\"font-size: 14pt\">El IBBY promueve desde 1967 la celebraci\u00f3n del <a href=\"https:\/\/edublog.educastur.es\/corredoria3\/2021\/04\/02\/dia-internacional-del-libro-infantil-y-juvenil-2021\/\"><strong>D\u00eda Internacional del Libro Infantil<br \/>\nque se celebra el 2 de abril<\/strong> <\/a>(coincidiendo con la fecha de nacimiento de Hans C. Andersen),<br \/>\ncon el \u00e1nimo de inspirar amor por los libros y la lectura y para llamar la atenci\u00f3n<br \/>\nde la comunidad internacional sobre la literatura infantil y juvenil.<\/span><\/p>\n<ul>\n<li style=\"text-align: center\"><span style=\"font-size: 14pt\"><a href=\"https:\/\/edublog.educastur.es\/corredoria3\/2021\/04\/02\/dia-internacional-del-libro-infantil-y-juvenil-2021\/\"><strong><em><span style=\"font-size: 18pt\">Art\u00edculo blog cole<\/span><\/em><\/strong><\/a><\/span><\/li>\n<\/ul>\n<p style=\"text-align: center\"><span style=\"font-size: 14pt\">\u00a0<\/span><\/p>\n<p style=\"text-align: center\"><img loading=\"lazy\" decoding=\"async\" class=\"alignnone size-full\" src=\"https:\/\/www.lacasadeel.net\/wp-content\/uploads\/2015\/01\/Bruguera.jpg\" width=\"588\" height=\"206\" \/><\/p>\n<p style=\"text-align: center\"><span style=\"font-size: 14pt;color: #008080\"><strong>Tratamos el tema del C\u00f3mic y las caricaturas porque hace unos d\u00edas, <\/strong><\/span><br \/>\n<span style=\"font-size: 14pt;color: #008080\"><strong>el viernes 2 de abril, se celebr\u00f3 el D\u00eda del libro Infantil<\/strong><\/span><br \/>\n<span style=\"font-size: 14pt;color: #008080\">y los c\u00f3mics son un tema destacado de los libros infantiles.<\/span><\/p>\n<p style=\"text-align: center\"><img loading=\"lazy\" decoding=\"async\" class=\"alignnone size-full\" src=\"https:\/\/www.ahorasemanal.es\/media\/images\/numero1\/horizontales\/bruguerah.jpg\" width=\"630\" height=\"355\" \/><\/p>\n<p style=\"text-align: center\"><span style=\"color: #008080;font-size: 18pt\"><em>En la prensa regional y nacional suele publicarse, diariamente, una tira c\u00f3mica.<\/em><\/span><\/p>\n<p style=\"text-align: center\"><a href=\"https:\/\/www.la-politica.com\/wp-content\/uploads\/2020\/03\/POLO-170-LA-POLITICA-DESTACADA.jpg\"><img loading=\"lazy\" decoding=\"async\" class=\"alignnone\" src=\"https:\/\/www.la-politica.com\/wp-content\/uploads\/2020\/03\/POLO-170-LA-POLITICA-DESTACADA.jpg\" alt=\"\" width=\"844\" height=\"490\" \/><\/a><\/p>\n<p style=\"text-align: center\"><a href=\"https:\/\/pbs.twimg.com\/media\/Eehq8fCXYAAUDvO.jpg\"><img loading=\"lazy\" decoding=\"async\" class=\"alignnone\" src=\"https:\/\/pbs.twimg.com\/media\/Eehq8fCXYAAUDvO.jpg\" alt=\"\" width=\"1200\" height=\"494\" \/><\/a><\/p>\n<p style=\"text-align: center\"><em><span style=\"font-size: 18pt;color: #008080\">Y uno de los personajes mundialmente conocidos por las tiras c\u00f3micas es<strong> Mafalda<\/strong><\/span><\/em><\/p>\n<p><a href=\"https:\/\/images-na.ssl-images-amazon.com\/images\/I\/518qhn4T0oL.jpg\"><img loading=\"lazy\" decoding=\"async\" class=\"alignnone\" src=\"https:\/\/images-na.ssl-images-amazon.com\/images\/I\/518qhn4T0oL.jpg\" alt=\"\" width=\"323\" height=\"260\" \/><\/a> \/ <a href=\"https:\/\/www.elperiodicousa.com\/wp-content\/uploads\/2019\/10\/mafalda.jpg\"><img loading=\"lazy\" decoding=\"async\" class=\"alignnone\" src=\"https:\/\/www.elperiodicousa.com\/wp-content\/uploads\/2019\/10\/mafalda.jpg\" alt=\"\" width=\"244\" height=\"359\" \/><\/a><\/p>\n<p style=\"text-align: center\">\n<!-- iframe plugin v.6.0 wordpress.org\/plugins\/iframe\/ -->\n<iframe loading=\"lazy\" src=\"https:\/\/drive.google.com\/file\/d\/14eqfHFGcFQMIZe_3DHH0VNlYy3KFeWP6\/preview\" width=\"640\" height=\"360\" 0=\"\/iframe\" scrolling=\"yes\" class=\"iframe-class\" frameborder=\"0\"><\/iframe>\n<\/p>\n<p style=\"text-align: center\"><strong><span style=\"color: #800080;font-size: 18pt\"><a href=\"https:\/\/drive.google.com\/file\/d\/14eqfHFGcFQMIZe_3DHH0VNlYy3KFeWP6\">Calca aqu\u00ed o en un c\u00f3mic<\/a> y se descargar\u00e1<br \/>\nel cuento, en pdf, en la carepta DESCARGAS \ud83d\ude09<\/span><\/strong><\/p>\n<hr \/>\n<p><span style=\"font-size: 14pt\"><em><span style=\"color: #008080\"><span style=\"font-size: 18pt\">Hacer un c\u00f3mic es un<\/span> <strong>recurso motivador para practicar la escritura y la expresi\u00f3n escrita<\/strong>.<\/span> Constituye tambi\u00e9n una oportunidad estupenda de ejercitar la ortograf\u00eda y de usar los signos ortogr\u00e1ficos ( signos de exclamaci\u00f3n, de interrogaci\u00f3n, puntos suspensivos\u2026) que se suelen utilizar con frecuencia en este tipo de narraci\u00f3n.<\/em><\/span><\/p>\n<p><span style=\"font-size: 14pt\"><strong><span style=\"color: #008080\">1. \u00bfQu\u00e9 es un c\u00f3mic?<\/span><br \/>\n<\/strong><\/span><\/p>\n<p><span style=\"font-size: 14pt\"><strong>Un c\u00f3mic es una serie o desarrollo de vi\u00f1etas con desarrollo narrativo.<\/strong><\/span><\/p>\n<p>Tambi\u00e9n se puede definir como <strong>relato gr\u00e1fico breve y entretenido <\/strong><br \/>\n<strong>que consta principalmente de dibujos encuadrados en vi\u00f1etas<\/strong> y<br \/>\nque encierra los di\u00e1logos o pensamientos escritos de sus personajes<br \/>\nen una especie de \u201cburbuja\u201d.<\/p>\n<p><span style=\"font-size: 14pt\">Los c\u00f3mics <strong>tambi\u00e9n reciben el nombre de historietas<\/strong>.<br \/>\nExisten c\u00f3mics mudos, que constan s\u00f3lo de im\u00e1genes,<br \/>\ntan expresivas, que no necesitan palabras para ser entendidos.<\/span><\/p>\n<p>&nbsp;<\/p>\n<p><span style=\"font-size: 14pt\"><strong><span style=\"color: #008080\">2. Ventajas de los c\u00f3mics.<\/span> <\/strong>Que aporta la realizaci\u00f3n de c\u00f3mics en el aula:<\/span><\/p>\n<p><span style=\"font-size: 14pt\">\u2013 <strong>Es un material breve, sencillo y accesible para los ni\u00f1os\/as.<br \/>\n<\/strong>\u2013 <strong>Sus temas son del inter\u00e9s de los ni\u00f1os<\/strong> y f\u00e1cilmente tratables en la clase.<\/span><br \/>\n<span style=\"font-size: 14pt\">\u2013\u00a0 <strong>El soporte gr\u00e1fico de que constan facilita la lectura comprensiva<br \/>\n<\/strong>\u2013 <strong>Promueve el desarrollo de capacidades<\/strong> como la comprensi\u00f3n,<\/span><br \/>\n<span style=\"font-size: 14pt\">la interpretaci\u00f3n, la s\u00edntesis, la indagaci\u00f3n, el sentido temporal y espacial.<\/span><br \/>\n<span style=\"font-size: 14pt\">\u2013 <strong>Crea un ambiente ameno en la clase.<br \/>\n<\/strong>&#8211;<strong>Es una fuente de motivaci\u00f3n para los alumnos<\/strong>,<\/span><br \/>\n<span style=\"font-size: 14pt\">por su lectura f\u00e1cil y amena y por su sentido del humor.<\/span><\/p>\n<p><span style=\"font-size: 14pt\"><span style=\"color: #008080\"><strong>3. \u00bfC\u00f3mo hacer un c\u00f3mic?\u00a0 <\/strong><\/span>(<em>\u201c<a href=\"https:\/\/webdelmaestro.com\/wp-content\/uploads\/2016\/10\/Como-hacer-un-c\u00f3mic-1.pdf\">DESCARGA AQU\u00cd Como-hacer-un-comic-1<\/a>\u201d<\/em>)<\/span><br \/>\n<span style=\"font-size: 14pt\">VER <a href=\"https:\/\/webdelmaestro.com\/como-hacer-un-comic\/\"><strong>M\u00e1s modelos&#8230;<\/strong><\/a><\/span><\/p>\n<p><span style=\"font-size: 14pt\"><em><strong>1-<\/strong> Observa despacio las ilustraciones mudas del c\u00f3mic que tienes delante.<br \/>\nDa rienda suelta a tu imaginaci\u00f3n para tejer la historia que vas a escribir.<br \/>\nPara ayudarte puedes inventar y redactar el texto que te sugieren las ilustraciones en tu cuaderno.<\/em><\/span><\/p>\n<p><span style=\"font-size: 14pt\"><em><strong>2-<\/strong> Pon un t\u00edtulo al c\u00f3mic y selecciona el texto apropiado para cada vi\u00f1eta.<\/em><\/span><\/p>\n<p><span style=\"font-size: 14pt\"><em><strong>3-<\/strong> Escribe el texto en cada bocadillo.<br \/>\nNo olvides utilizar los signos de puntuaci\u00f3n adecuados en cada caso.<br \/>\nAl escribir el texto puedes utilizar nombres humor\u00edsticos, comparaciones, iron\u00edas, etc\u2026<\/em><\/span><\/p>\n<p><span style=\"font-size: 14pt\"><em><strong>4-<\/strong> Cuenta la historia que has inventado en un tono humor\u00edstico utilizando tus propias palabras.<\/em><\/span><\/p>\n<p><span style=\"font-size: 14pt\"><em><strong>5-<\/strong> Colorea los dibujos del c\u00f3mic.<br \/>\n<\/em><em><strong>6-<\/strong> No olvides firmar al final del c\u00f3mic, puesto que t\u00fa eres su autor<\/em><\/span><\/p>\n<p style=\"text-align: center\"><span style=\"font-size: 14pt\">\n<!-- iframe plugin v.6.0 wordpress.org\/plugins\/iframe\/ -->\n<iframe loading=\"lazy\" width=\"100%\" height=\"364\" src=\"https:\/\/www.youtube.com\/embed\/CZB5ISABsVo\" scrolling=\"yes\" class=\"iframe-class\" frameborder=\"0\"><\/iframe>\n<\/span><\/p>\n<p style=\"text-align: center\"><span style=\"font-size: 14pt\">\n<!-- iframe plugin v.6.0 wordpress.org\/plugins\/iframe\/ -->\n<iframe loading=\"lazy\" width=\"100%\" height=\"364\" src=\"https:\/\/www.youtube.com\/embed\/WC1DTyh0ZHs\" scrolling=\"yes\" class=\"iframe-class\" frameborder=\"0\"><\/iframe>\n<\/span><\/p>\n<hr \/>\n<ul>\n<li style=\"text-align: center\"><span style=\"font-size: 14pt\"><a href=\"https:\/\/edublog.educastur.es\/ixuxu\/comics\/vinetes-defren-dandres\/\"><em><span style=\"font-size: 18pt\">Vi\u00f1etes d\u00b4<strong>Efr\u00e9n d\u00b4Andr\u00e9s<\/strong> n\u00b4asturianu: <\/span><strong><span style=\"font-size: 18pt\">VER<\/span><\/strong><\/em><\/a><\/span><\/li>\n<\/ul>\n<p style=\"text-align: center\"><a href=\"https:\/\/asturies.com\/sites\/default\/files\/234_onde_caben_cuatro._28_de_marzu_del_2021.png\"><img loading=\"lazy\" decoding=\"async\" class=\"alignnone\" src=\"https:\/\/asturies.com\/sites\/default\/files\/234_onde_caben_cuatro._28_de_marzu_del_2021.png\" alt=\"\" width=\"862\" height=\"575\" \/><\/a><\/p>\n<hr \/>\n<p><span style=\"font-size: 14pt\">Nesti proyectu, l\u2019historietista<strong> Ruma Barbero<\/strong> va amosar el procesu creativu d\u2019un autor de c\u00f3mic al xeitu tradicional (<strong>gui\u00f3n, bocetu, dibuxu, rotulaci\u00f3n, color, entint\u00e1u<\/strong>), am\u00e1s de proponer una pr\u00e1ctica y\u00e1 desendolcada en munchos tallerinos de c\u00f3mic y que furrula perfectamente pa moces y mozos dende los 10 a\u00f1os hasta persones adultes.<\/span><\/p>\n<p style=\"text-align: center\"><span style=\"font-size: 14pt\">\n<!-- iframe plugin v.6.0 wordpress.org\/plugins\/iframe\/ -->\n<iframe loading=\"lazy\" width=\"100%\" height=\"364\" src=\"https:\/\/www.youtube.com\/embed\/S5Sjhfqu-_M\" scrolling=\"yes\" class=\"iframe-class\" frameborder=\"0\"><\/iframe>\n<\/span><\/p>\n<p style=\"text-align: center\"><span style=\"font-size: 18pt;color: #008080\"><em><b>Rumaldo Ant\u00f3n Barbero de Diego<\/b> <\/em><\/span><br \/>\n<span style=\"font-size: 18pt;color: #008080\"><em>Xix\u00f3n, 3 de febreru de 1971<\/em><\/span><\/p>\n<ul>\n<li><span style=\"font-size: 14pt\"><em>Ye un <a class=\"new\" title=\"Dibuxante (la p\u00e1xina nun esiste)\" href=\"https:\/\/ast.wikipedia.org\/w\/index.php?title=Dibuxante&amp;action=edit&amp;redlink=1\">dibuxante<\/a> <a class=\"mw-redirect\" title=\"Asturies\" href=\"https:\/\/ast.wikipedia.org\/wiki\/Asturies\">asturianu<\/a> de <a title=\"C\u00f3mic\" href=\"https:\/\/ast.wikipedia.org\/wiki\/C%C3%B3mic\">c\u00f3mic<\/a> y <a title=\"M\u00fasicu\" href=\"https:\/\/ast.wikipedia.org\/wiki\/M%C3%BAsicu\">m\u00fasicu<\/a>.\u00a0<\/em><\/span><\/li>\n<li><span style=\"font-size: 14pt\"><em>Ente <a title=\"1990\" href=\"https:\/\/ast.wikipedia.org\/wiki\/1990\">1990<\/a> y <a title=\"1995\" href=\"https:\/\/ast.wikipedia.org\/wiki\/1995\">1995<\/a> algama la llicenciatura en \u00abBelles Artes\u00bb. <\/em><\/span><\/li>\n<li><span style=\"font-size: 14pt\"><em>1991:\u00a0 fundador del grupu musical <a href=\"https:\/\/www.youtube.com\/watch?v=0mdo9rfhQR8\"><strong>Felpeyu<\/strong> <\/a>xunto col tami\u00e9n dibuxante <a class=\"new\" title=\"Igor Medio (la p\u00e1xina nun esiste)\" href=\"https:\/\/ast.wikipedia.org\/w\/index.php?title=Igor_Medio&amp;action=edit&amp;redlink=1\">Igor Medio<\/a><\/em><\/span><\/li>\n<li><span style=\"font-size: 14pt\"><em>Tami\u00e9n collabor\u00f3 nel tarr\u00e9n musical col grupu <a class=\"new\" title=\"Los Ciquitrinos (la p\u00e1xina nun esiste)\" href=\"https:\/\/ast.wikipedia.org\/w\/index.php?title=Los_Ciquitrinos&amp;action=edit&amp;redlink=1\">Los Ciquitrinos<\/a>.<\/em><\/span><\/li>\n<li><span style=\"font-size: 14pt\"><em>1996 Cofundador de la editorial \u00abCactus Comics\u00bb<\/em><\/span><\/li>\n<li><span style=\"font-size: 14pt\"><em>Collabor\u00f3 cola revista <a title=\"El Llapiceru\" href=\"https:\/\/ast.wikipedia.org\/wiki\/El_Llapiceru\">El Llapiceru<\/a> y nel peri\u00f3dicu <a title=\"Les Noticies\" href=\"https:\/\/ast.wikipedia.org\/wiki\/Les_Noticies\">Les Noticies<\/a> con una <a class=\"mw-redirect\" title=\"Tira c\u00f3mica\" href=\"https:\/\/ast.wikipedia.org\/wiki\/Tira_c%C3%B3mica\">tira<\/a> dando la so peculiar visi\u00f3n de l&#8217;actualid\u00e1 asturiana titulada Marcianaes. <\/em><\/span><\/li>\n<li><span style=\"font-size: 14pt\"><em>Collaboraciones col diariu xixon\u00e9s <a title=\"El Comercio\" href=\"https:\/\/ast.wikipedia.org\/wiki\/El_Comercio\">El Comercio<\/a>.<\/em><\/span><\/li>\n<li><span style=\"font-size: 14pt\"><a href=\"https:\/\/www.facebook.com\/Ruma-Barbero-1631504797119420\/\"><strong>Facebook<\/strong><\/a> \/ <strong><a href=\"https:\/\/twitter.com\/search?q=ruma%20barbero&amp;src=typed_query\">Noticies en Twitter<\/a><\/strong> \/ <a href=\"https:\/\/www.flickr.com\/photos\/rumabarberodediego\/albums?fbclid=IwAR3744Y2SRjfy6qZWqIQNG1BtfEyjnvOsQoUGz-ZEC7Q86eTF1tRBfm8J6c\"><strong>Flick<\/strong><\/a> \/<\/span><\/li>\n<\/ul>\n<hr \/>\n<p><img loading=\"lazy\" decoding=\"async\" class=\"alignleft\" src=\"https:\/\/www.infoasturies.com\/wp-content\/uploads\/2019\/10\/ruma.jpg\" width=\"205\" height=\"205\" \/>\u00a0En 2019 , Ruma Barbero vuelve a ganar el concurso de c\u00f3mic en asturiano,<\/p>\n<p>Su <strong>tercer Premio Alfonso Iglesias de c\u00f3mic en lengua asturiana <\/strong><strong>consagra al autor en la cumbre del c\u00f3mic asturiano del momento<\/strong><\/p>\n<p><a href=\"https:\/\/asturies.com\/sites\/default\/files\/styles\/large\/public\/taller_de_comic_nasturianu_en_llanera_con_ruma_barbero.jpg?itok=WGP80WZn\"><img loading=\"lazy\" decoding=\"async\" class=\"alignnone\" src=\"https:\/\/asturies.com\/sites\/default\/files\/styles\/large\/public\/taller_de_comic_nasturianu_en_llanera_con_ruma_barbero.jpg?itok=WGP80WZn\" alt=\"\" width=\"135\" height=\"191\" \/><\/a> \/\u00a0 <a href=\"https:\/\/static2.elcomercio.es\/www\/pre2017\/multimedia\/prensa\/noticias\/201011\/22\/fotos\/5077783.jpg\"><img loading=\"lazy\" decoding=\"async\" class=\"alignnone\" src=\"https:\/\/static2.elcomercio.es\/www\/pre2017\/multimedia\/prensa\/noticias\/201011\/22\/fotos\/5077783.jpg\" alt=\"\" width=\"118\" height=\"189\" \/><\/a>\/<\/p>\n<p><a href=\"https:\/\/static.elcomercio.es\/www\/multimedia\/202002\/28\/media\/cortadas\/53371775--624x380.JPG\"><img loading=\"lazy\" decoding=\"async\" class=\"alignnone\" src=\"https:\/\/static.elcomercio.es\/www\/multimedia\/202002\/28\/media\/cortadas\/53371775--624x380.JPG\" alt=\"\" width=\"674\" height=\"410\" \/><\/a><\/p>\n<ul>\n<li><span style=\"font-size: 18pt\"><a href=\"https:\/\/www.elcomercio.es\/culturas\/dibujar-forma-natural-20200228001642-ntvo.html\">Noticia El Comercio \/<\/a><\/span><\/li>\n<li><span style=\"font-size: 18pt\"><a href=\"https:\/\/moyandolculu.com\/author\/rumaldobarbero\/\">Web <strong>Moyando\u00b4l culu<\/strong><\/a> \/<\/span><\/li>\n<li><strong><span style=\"font-size: 18pt\"><a href=\"https:\/\/edublog.educastur.es\/ixuxu\/comics\/7-maraviyes-de-xixon\/\">VER: Les 7 maraviyes de Xix\u00f3n<\/a> \/ <\/span><a href=\"https:\/\/drive.google.com\/file\/d\/1S8hpUU8mGcLdfxEImy89mVIqopIHcsvd\/view\"><span style=\"font-size: 18pt\">COMIC<\/span><\/a><\/strong><\/li>\n<\/ul>\n<p style=\"text-align: center\">\n<!-- iframe plugin v.6.0 wordpress.org\/plugins\/iframe\/ -->\n<iframe loading=\"lazy\" src=\"https:\/\/drive.google.com\/file\/d\/1S8hpUU8mGcLdfxEImy89mVIqopIHcsvd\/preview\" width=\"640\" height=\"860\" 0=\"\/iframe\" scrolling=\"yes\" class=\"iframe-class\" frameborder=\"0\"><\/iframe>\n<\/p>\n<p><a href=\"https:\/\/moyandolculu.files.wordpress.com\/2016\/09\/077_moyandol_culu15setiembre.jpg\"><img loading=\"lazy\" decoding=\"async\" class=\"aligncenter\" src=\"https:\/\/moyandolculu.files.wordpress.com\/2016\/09\/077_moyandol_culu15setiembre.jpg\" alt=\"\" width=\"1191\" height=\"485\" \/><\/a><\/p>\n<p><a href=\"https:\/\/moyandolculu.files.wordpress.com\/2016\/09\/076_moyandol_culu14setiembre.jpg\"><img loading=\"lazy\" decoding=\"async\" class=\"aligncenter\" src=\"https:\/\/moyandolculu.files.wordpress.com\/2016\/09\/076_moyandol_culu14setiembre.jpg\" alt=\"\" width=\"1191\" height=\"485\" \/><\/a><\/p>\n<p><em>Ha recibido numerosos premios por su trabajo como historietista, entre ellos el <strong>Premio Tertulia Malory al mejor libro en lengua asturiana<\/strong> por La Chelita y <strong>tres premios Alfonso Iglesias de c\u00f3mic en lengua asturiana<\/strong> por Manzaj\u00fa, <a href=\"https:\/\/www.youtube.com\/watch?v=txFHbeFrMr0\"><strong>El viaxe a la lluz<\/strong><\/a> y <strong>Seltegu<\/strong>.<\/em><\/p>\n<p style=\"text-align: center\">\n<!-- iframe plugin v.6.0 wordpress.org\/plugins\/iframe\/ -->\n<iframe loading=\"lazy\" width=\"100%\" height=\"364\" src=\"https:\/\/www.youtube.com\/embed\/txFHbeFrMr0\" scrolling=\"yes\" class=\"iframe-class\" frameborder=\"0\"><\/iframe>\n<\/p>\n<ul>\n<li>\n<blockquote>\n<p style=\"text-align: center\"><span style=\"color: #008080;font-size: 14pt\"><em><span style=\"font-size: 18pt\"><strong>El dibuxu ye la mio forma de comunicame en solitariu. <\/strong><\/span>Ruma<\/em><strong><br \/>\n<\/strong><\/span><\/p>\n<\/blockquote>\n<\/li>\n<\/ul>\n","protected":false},"excerpt":{"rendered":"<p>11 Marzo: D\u00eda del TBO o de la Historieta, la palabra \u201ctebeo\u201d que da nombre a las revistas de historietas, procede del t\u00edtulo de su cabecera. TBO fue una revista de historietas espa\u00f1ola de periodicidad semanal que apareci\u00f3 en 1917\u00a0 y se public\u00f3, con interrupciones, hasta 1998. Casi desde sus inicios, y hasta 1983, fue [&hellip;]<\/p>\n","protected":false},"author":117,"featured_media":0,"parent":251,"menu_order":0,"comment_status":"closed","ping_status":"closed","template":"","meta":{"footnotes":""},"class_list":["post-2424","page","type-page","status-publish","hentry","post-preview"],"_links":{"self":[{"href":"https:\/\/edublog.educastur.es\/ixuxullingua\/wp-json\/wp\/v2\/pages\/2424","targetHints":{"allow":["GET"]}}],"collection":[{"href":"https:\/\/edublog.educastur.es\/ixuxullingua\/wp-json\/wp\/v2\/pages"}],"about":[{"href":"https:\/\/edublog.educastur.es\/ixuxullingua\/wp-json\/wp\/v2\/types\/page"}],"author":[{"embeddable":true,"href":"https:\/\/edublog.educastur.es\/ixuxullingua\/wp-json\/wp\/v2\/users\/117"}],"replies":[{"embeddable":true,"href":"https:\/\/edublog.educastur.es\/ixuxullingua\/wp-json\/wp\/v2\/comments?post=2424"}],"version-history":[{"count":10,"href":"https:\/\/edublog.educastur.es\/ixuxullingua\/wp-json\/wp\/v2\/pages\/2424\/revisions"}],"predecessor-version":[{"id":2474,"href":"https:\/\/edublog.educastur.es\/ixuxullingua\/wp-json\/wp\/v2\/pages\/2424\/revisions\/2474"}],"up":[{"embeddable":true,"href":"https:\/\/edublog.educastur.es\/ixuxullingua\/wp-json\/wp\/v2\/pages\/251"}],"wp:attachment":[{"href":"https:\/\/edublog.educastur.es\/ixuxullingua\/wp-json\/wp\/v2\/media?parent=2424"}],"curies":[{"name":"wp","href":"https:\/\/api.w.org\/{rel}","templated":true}]}}