{"id":2470,"date":"2021-04-18T19:05:24","date_gmt":"2021-04-18T17:05:24","guid":{"rendered":"https:\/\/edublog.educastur.es\/ixuxullingua\/?page_id=2470"},"modified":"2021-04-18T19:05:24","modified_gmt":"2021-04-18T17:05:24","slug":"supersticiones","status":"publish","type":"page","link":"https:\/\/edublog.educastur.es\/ixuxullingua\/curiosidaes\/supersticiones\/","title":{"rendered":"Supersticiones"},"content":{"rendered":"<ul>\n<li><a href=\"https:\/\/lligaceltadasturies.wordpress.com\/2016\/12\/15\/creyencies-ya-supersiticiones-asturianes-lagueyamientu-o-mal-de-gueyu\/?fbclid=IwAR3Kcs7HkP-Co7_kDUI7aUxFj1Kv0Y2VuA5wqCwQ5lM44_wYRqeU1mn7nN8\">Fonte: LIGA CELTA d\u00b4ASTURIES<\/a><\/li>\n<li><a href=\"https:\/\/lligaceltadasturies.wordpress.com\/2016\/12\/15\/creyencies-ya-supersiticiones-asturianes-lagueyamientu-o-mal-de-gueyu\/?fbclid=IwAR3Kcs7HkP-Co7_kDUI7aUxFj1Kv0Y2VuA5wqCwQ5lM44_wYRqeU1mn7nN8\">Art\u00edculo orixinal: CREYENCIES YA SUPERSITICIONES ASTURIANES: L\u2019AG\u00dcEYAMIENTU O MAL DE G\u00dcEYU.<\/a><\/li>\n<\/ul>\n<p data-adtags-visited=\"true\"><em>L\u2019ag\u00fceyamientu pasa, como ye l\u00f3xicu, por distintes fases: l\u2019ag\u00fceyamientu puramente dichu, qu\u2019efect\u00faen bruxes o persones embruxaes, y que puede realizase por envidia y por cobicia; la prevenci\u00f3n del mal, por aciu l\u2019usu d\u2019amuletos, y l\u2019enunciaci\u00f3n de ciertes frases; los s\u00edntomes de qu\u2019una persona o animal ta afect\u00e1u del mal;\u00a0y d\u2019\u00faltimes los actos pal so sanamientu, pasando l\u2019agua, utilizando\u2019l alicornio, etc.<\/em><\/p>\n<p data-adtags-visited=\"true\"><a href=\"https:\/\/lligaceltadasturies.files.wordpress.com\/2016\/12\/cigua-dacebache-2.jpg\"><img loading=\"lazy\" decoding=\"async\" class=\"alignnone size-medium wp-image-867\" src=\"https:\/\/lligaceltadasturies.files.wordpress.com\/2016\/12\/cigua-dacebache-2.jpg?w=217&amp;h=300\" alt=\"cigua-dacebache-2\" width=\"217\" height=\"300\" data-attachment-id=\"867\" data-permalink=\"https:\/\/lligaceltadasturies.wordpress.com\/2016\/12\/15\/creyencies-ya-supersiticiones-asturianes-lagueyamientu-o-mal-de-gueyu\/cigua-dacebache-2\/\" data-orig-file=\"https:\/\/lligaceltadasturies.files.wordpress.com\/2016\/12\/cigua-dacebache-2.jpg\" data-orig-size=\"396,547\" data-comments-opened=\"1\" data-image-meta=\"{&quot;aperture&quot;:&quot;0&quot;,&quot;credit&quot;:&quot;&quot;,&quot;camera&quot;:&quot;&quot;,&quot;caption&quot;:&quot;&quot;,&quot;created_timestamp&quot;:&quot;0&quot;,&quot;copyright&quot;:&quot;&quot;,&quot;focal_length&quot;:&quot;0&quot;,&quot;iso&quot;:&quot;0&quot;,&quot;shutter_speed&quot;:&quot;0&quot;,&quot;title&quot;:&quot;&quot;,&quot;orientation&quot;:&quot;0&quot;}\" data-image-title=\"cigua-dacebache-2\" data-image-description=\"\" data-medium-file=\"https:\/\/lligaceltadasturies.files.wordpress.com\/2016\/12\/cigua-dacebache-2.jpg?w=217\" data-large-file=\"https:\/\/lligaceltadasturies.files.wordpress.com\/2016\/12\/cigua-dacebache-2.jpg?w=396\" \/><\/a><\/p>\n<p data-adtags-visited=\"true\"><!--more--><\/p>\n<p data-adtags-visited=\"true\">Pa prevenir el ag\u00fceyamientu, nos bautismos asturianos la madrina sol\u00eda asitiar al afi\u00e1u, como amuletos, diversos oxetos: los Evanxelios; supuestes reliquies na cintura del ne\u00f1u; la medaya de San Benitu; la cig\u00fca d\u2019acebache na mu\u00f1eca. Diz Caveda en \u201cEl ne\u00f1u enfermu\u201d:<\/p>\n<p data-adtags-visited=\"true\"><em>Ma\u00f1ana sin falta<\/em><br \/>\n<em>si es que llego all\u00e1<\/em><br \/>\n<em>con agua bendita<\/em><br \/>\n<em>lu tengo asperxar,<\/em><br \/>\n<em>y ponei la cig\u00fca<\/em><br \/>\n<em>antes de mamar,<\/em><br \/>\n<em>y de San Benito<\/em><br \/>\n<em>se i ha de colgar,<\/em><br \/>\n<em>la regla que fora<\/em><br \/>\n<em>del Padre Basti\u00e1n.<\/em><\/p>\n<p id=\"inline-ad-0\" class=\"inline-ad-slot\" data-adtags-width=\"676\" data-adtags-visited=\"true\">\n<p data-adtags-visited=\"true\">Puede ocasionar ag\u00fceyamientu el ponderar a la criatura, sin decir complementariamente: \u201cDios lu guarde\u201d.<\/p>\n<p data-adtags-visited=\"true\">M\u00e1s que una bruja-bruja se estima que el ag\u00fceyamientu lo ocasiona alguna mujer vieja, envidiosa. Lo cuenta el mismo Caveda cuando pone en voz de una madre los lamentos por la enfermedad de su hijo:<\/p>\n<p data-adtags-visited=\"true\"><em>Anxel\u00edn hermosu,<\/em><br \/>\n<em>vixu de to m\u00e1<\/em><br \/>\n<em>que penes i dierens<\/em><br \/>\n<em>si Dios te llev\u00e1s<\/em><br \/>\n<em>\u00a1Probet\u00edn! \u00bfQu\u00e9 tienes?<\/em><br \/>\n<em>\u00bfQu\u00e9 te fexo mal?<\/em><\/p>\n<p data-adtags-visited=\"true\"><em>\u00bfSi lu ag\u00fceyara<\/em><br \/>\n<em>la vieya Rosenda<\/em><br \/>\n<em>del otru llugar?<\/em><br \/>\n<em>Des que all\u00e1 na cuerra<\/em><br \/>\n<em>lu diera en besar,<\/em><br \/>\n<em>poqui\u00f1\u00edn y a pocu<\/em><br \/>\n<em>morri\u00e9ndose va,<\/em><br \/>\n<em>dalg\u00fan maleficiu<\/em><br \/>\n<em>la maldita i fai,<\/em><br \/>\n<em>que diz qu\u2019a Sevilla<\/em><br \/>\n<em>los d\u00e1bados va.<\/em><br \/>\n<em>Y qu\u2019anda de noche<\/em><br \/>\n<em>chupando a los \u00f1e\u00f1os<\/em><br \/>\n<em>que gordos est\u00e1n.<\/em><\/p>\n<p data-adtags-visited=\"true\">Y nun ye nam\u00e1i a los ne\u00f1os, sin\u00f3n tami\u00e9n, especialmente, a les vaques, por suponer un da\u00f1u grave\u2019l que la vaca enferme; dizse que la vaca, ent\u00f3s, en llugar de lleche da sangre. Esti ye un actu pa deag\u00fceyar una vaca nos Corros, nel conceyu de L.luarca:<\/p>\n<p data-adtags-visited=\"true\"><em>Uj\u00e1nonte dos,<\/em><br \/>\n<em>desoj\u00e1nonte tres,<\/em><br \/>\n<em>San Pedro y San Pablo<\/em><br \/>\n<em>y el glorioso San Andr\u00e9s.<\/em><br \/>\n<em>Si lu tienes en la cabeza<\/em><br \/>\n<em>s\u00e1quetelu Santa Lucrecia,<\/em><br \/>\n<em>si lu tienes en el coraz\u00f3n,<\/em><br \/>\n<em>San Mart\u00edn que es un buen var\u00f3n,<\/em><br \/>\n<em>s\u00e1quetelu Santa Mar\u00eda.<\/em><\/p>\n<p data-adtags-visited=\"true\">Yera bonu pa desag\u00fceyar, asitiar na parte cimera de la puerta la corte un pantal\u00f3n esparnau, y dempu\u00e9s fac\u00edase salir a la vaca pasando per embaxu\u2019l pantal\u00f3n, que darr\u00e9u quem\u00e1base. La vaca ten\u00eda de salir, nun entrar, porque nesti casu crey\u00edase qu\u2019entraba la bruxer\u00eda na corte.<\/p>\n<p data-adtags-visited=\"true\"><a href=\"https:\/\/lligaceltadasturies.files.wordpress.com\/2016\/12\/3a2.jpg\"><img loading=\"lazy\" decoding=\"async\" class=\"alignnone wp-image-868\" src=\"https:\/\/lligaceltadasturies.files.wordpress.com\/2016\/12\/3a2.jpg?w=440&amp;h=220\" alt=\"3a2\" width=\"440\" height=\"220\" data-attachment-id=\"868\" data-permalink=\"https:\/\/lligaceltadasturies.wordpress.com\/2016\/12\/15\/creyencies-ya-supersiticiones-asturianes-lagueyamientu-o-mal-de-gueyu\/3a2\/\" data-orig-file=\"https:\/\/lligaceltadasturies.files.wordpress.com\/2016\/12\/3a2.jpg\" data-orig-size=\"1600,800\" data-comments-opened=\"1\" data-image-meta=\"{&quot;aperture&quot;:&quot;0&quot;,&quot;credit&quot;:&quot;&quot;,&quot;camera&quot;:&quot;&quot;,&quot;caption&quot;:&quot;&quot;,&quot;created_timestamp&quot;:&quot;0&quot;,&quot;copyright&quot;:&quot;&quot;,&quot;focal_length&quot;:&quot;0&quot;,&quot;iso&quot;:&quot;0&quot;,&quot;shutter_speed&quot;:&quot;0&quot;,&quot;title&quot;:&quot;&quot;,&quot;orientation&quot;:&quot;0&quot;}\" data-image-title=\"3a2\" data-image-description=\"\" data-medium-file=\"https:\/\/lligaceltadasturies.files.wordpress.com\/2016\/12\/3a2.jpg?w=300\" data-large-file=\"https:\/\/lligaceltadasturies.files.wordpress.com\/2016\/12\/3a2.jpg?w=676\" \/><\/a><\/p>\n<p data-adtags-visited=\"true\">Dacuando cre\u00edase que pola mor del mal la vaca negar a dar lleche, y ent\u00f3s rog\u00e1base-y con rimas cari\u00f1oses:<\/p>\n<p data-adtags-visited=\"true\"><em>Dalo, peque\u00f1ina,<\/em><br \/>\n<em>que son de tenral,<\/em><br \/>\n<em>que las de becerro<\/em><br \/>\n<em>no lo quieren dar;<\/em><br \/>\n<em>dalo, garbosina,<\/em><br \/>\n<em>d\u00e1melo t\u00fa a m\u00ed,<\/em><br \/>\n<em>que el rey de los cielos<\/em><br \/>\n<em>te lo dar\u00e1 a t\u00ed.<\/em><\/p>\n<p data-adtags-visited=\"true\">Cr\u00e9yese que\u2019l mal de g\u00fceyu, productor del ag\u00fceyamientu, ta solamente nun g\u00fceyu, y non nos dos. Per eso c\u00fantase que daqui\u00e9n que sab\u00eda que padec\u00eda tal propensi\u00f3n, cuando v\u00eda pasar vaques, miraba primeru con un g\u00fceyu, ya depu\u00e9s col otru, y asina pod\u00eda comprobar en cualu de los dos ten\u00eda la propied\u00e1 malina.<\/p>\n<p data-adtags-visited=\"true\">Esist\u00eda la posibilid\u00e1 de saber si una persona taba ag\u00fceyada, por aciu l\u2019est\u00e1u del so pelu, o siquier eso deduzse de la silguiente copla:<\/p>\n<p data-adtags-visited=\"true\"><em>Marica, si est\u00e1s aojada,<\/em><br \/>\n<em>dame pelo de tu trenza,<\/em><br \/>\n<em>porque lo quiero mandar<\/em><br \/>\n<em>a una desaojadera.<\/em><\/p>\n<p data-adtags-visited=\"true\">Mientres unos cunten que delles persones tienen esta condici\u00f3n malina innatamente, otros creen qu\u2019ello ye involuntariu, y que nun deseyen portar el poder nocivu de so; tou ello desagu\u00f3\u2019n considerar a ciertes persones como ciguaes.<\/p>\n<p data-adtags-visited=\"true\">Otra amuesa de ser ag\u00fceyau ye cuando ruempese la cigua que punxerase al ne\u00f1u como amuletu preservador. Los amuletos qu\u2019asitiaronse al ne\u00f1u nel bautismu, ente les sos ropes, casu de que fuera ag\u00fceyau, aqu\u00e9llos aumentar\u00eden de tama\u00f1u, enfusar\u00eden nel coraz\u00f3n y matar\u00eden a la criatura.<\/p>\n<p data-adtags-visited=\"true\">L\u2019Ag\u00fceyamientu suelse exorcizase por aciu d\u2019amuletos, campanielles, cruces, una casta\u00f1a india -cuando \u201cesplote\u201d, pas\u00f3\u2019l ag\u00fceyamientu-, bolses con distintos elementos, cig\u00fces\u2026 Agora vamos recordar dalgunu m\u00e1s, y sobremanera\u2019l m\u00e9todu us\u00e1u como fundamental, esto ye, lo que se llama \u201cpasar l\u2019agua\u201d.<\/p>\n<p data-adtags-visited=\"true\">Rellaci\u00f3nense delles variantes d\u2019esti procedimientu. As\u00edtiase una prenda del ne\u00f1u al llau d\u2019un recipiente cola agua; la muyer que pasa l\u2019agua suelta\u2019l cuernu -de ven\u00e1u- sobre dicha agua; f\u00f3rmense g\u00fceyos -burbuyes-; la muyer, mientres reza fai cruces sobre\u2019l recipiente; termina diciendo qu\u2019anque formarense g\u00fceyos, el ne\u00f1u nun taba ag\u00fceyau, sin\u00f3n acobici\u00e1u, ya que la clase de g\u00fceyos manifestaba esto.<\/p>\n<p id=\"inline-ad-3\" class=\"inline-ad-slot\" data-adtags-width=\"676\" data-adtags-visited=\"true\">\n<p data-adtags-visited=\"true\"><a href=\"https:\/\/lligaceltadasturies.files.wordpress.com\/2016\/12\/15659203-cuerno-de-ciervo-foto-de-archivo.jpg\"><img loading=\"lazy\" decoding=\"async\" class=\"alignnone wp-image-869\" src=\"https:\/\/lligaceltadasturies.files.wordpress.com\/2016\/12\/15659203-cuerno-de-ciervo-foto-de-archivo.jpg?w=406&amp;h=280\" alt=\"15659203-cuerno-de-ciervo-foto-de-archivo\" width=\"406\" height=\"280\" data-attachment-id=\"869\" data-permalink=\"https:\/\/lligaceltadasturies.wordpress.com\/2016\/12\/15\/creyencies-ya-supersiticiones-asturianes-lagueyamientu-o-mal-de-gueyu\/15659203-cuerno-de-ciervo-foto-de-archivo\/\" data-orig-file=\"https:\/\/lligaceltadasturies.files.wordpress.com\/2016\/12\/15659203-cuerno-de-ciervo-foto-de-archivo.jpg\" data-orig-size=\"1300,896\" data-comments-opened=\"1\" data-image-meta=\"{&quot;aperture&quot;:&quot;0&quot;,&quot;credit&quot;:&quot;&quot;,&quot;camera&quot;:&quot;&quot;,&quot;caption&quot;:&quot;&quot;,&quot;created_timestamp&quot;:&quot;0&quot;,&quot;copyright&quot;:&quot;&quot;,&quot;focal_length&quot;:&quot;0&quot;,&quot;iso&quot;:&quot;0&quot;,&quot;shutter_speed&quot;:&quot;0&quot;,&quot;title&quot;:&quot;&quot;,&quot;orientation&quot;:&quot;0&quot;}\" data-image-title=\"15659203-cuerno-de-ciervo-foto-de-archivo\" data-image-description=\"\" data-medium-file=\"https:\/\/lligaceltadasturies.files.wordpress.com\/2016\/12\/15659203-cuerno-de-ciervo-foto-de-archivo.jpg?w=300\" data-large-file=\"https:\/\/lligaceltadasturies.files.wordpress.com\/2016\/12\/15659203-cuerno-de-ciervo-foto-de-archivo.jpg?w=676\" \/><\/a><\/p>\n<p data-adtags-visited=\"true\">Nun recipiente introduzse un cachu d\u2019estil de ven\u00e1u, f\u00f3rmense burbuyes; faise lo mesmo pela nueche, cuando apaez la lluna, al empar que se pronuncien ciertes frases, l\u2019agua adquier el poder p\u2019a otru d\u00eda bebelo la persona enferma.<\/p>\n<p data-adtags-visited=\"true\">Delles muyeres que tienen el alicornio, vienden l\u2019agua que sirven d\u2019\u00e9l, y que consideren infalible contra\u2019l ag\u00fceyamientu.<\/p>\n<p data-adtags-visited=\"true\">Sedr\u00eda interesante buscar les relaciones ente esta pallabra qu\u2019emplegase n\u2019Asturies -alicornio- pa tales menesteres de desag\u00fceyamientu, y l\u2019Unicorniu, o meyor, el cuernu del unicorniu, animal mitol\u00f3xicu, con cuerpu de caballu y un cuernu na frente, al que considerabase con poder antit\u00f3xico, am\u00e1s de simbolizar la castidad.<\/p>\n<p data-adtags-visited=\"true\">Otru m\u00e9todu recoy\u00edu por Cabal: xuntar nun caciplu unos granitos de p\u00f3lvora, suelas de zapatos vieyos, ca\u00f1es de llor\u00e9u, panojas esbillaes y escrementos de gochu\u2026; enci\u00e9ndense, asp\u00edrase\u2019l vaho, y termin\u00f3se l\u2019ag\u00fceyamientu\u2026<\/p>\n<p data-adtags-visited=\"true\">Ye significativu que n\u2019Escocia esiste tami\u00e9n y bien enraigonada la creyencia del Evil Eye (ag\u00fceyamientu). Los granxeros y llabradores vistense de collor\u00e1u pa evitalo y asitien cintes coloraes nel gan\u00e1u col mesmu prop\u00f3situ.<\/p>\n<p data-adtags-visited=\"true\">Fonte:<\/p>\n<p data-adtags-visited=\"true\">\u201cSupersiticiones y creencias de Asturias\u201d; Luciano Casta\u00f1\u00f3n; Ayalga Ediciones, 1976.<\/p>\n<p data-adtags-visited=\"true\">\u201cScottish Folk-Lore and Folk life. Studies in Race, Culture and Tradition\u201d; Donald A. Mackenzie.<\/p>\n<p data-adtags-visited=\"true\">Torna a l\u2019asturianu: Fern\u00e1n Mor\u00e1n.<\/p>\n<p data-adtags-visited=\"true\">Semeyes ya illustraciones:<\/p>\n<p data-adtags-visited=\"true\">1\u00aa.- Cig\u00fca d\u2019azabache asturiana. Fonte: google. Autor\/a: desconoc\u00edu\/a.<\/p>\n<p data-adtags-visited=\"true\">2\u00aa.- Medalla de San Benito.<\/p>\n<p data-adtags-visited=\"true\">3\u00aa.- Cuernu de venau.<\/p>\n","protected":false},"excerpt":{"rendered":"<p>Fonte: LIGA CELTA d\u00b4ASTURIES Art\u00edculo orixinal: CREYENCIES YA SUPERSITICIONES ASTURIANES: L\u2019AG\u00dcEYAMIENTU O MAL DE G\u00dcEYU. L\u2019ag\u00fceyamientu pasa, como ye l\u00f3xicu, por distintes fases: l\u2019ag\u00fceyamientu puramente dichu, qu\u2019efect\u00faen bruxes o persones embruxaes, y que puede realizase por envidia y por cobicia; la prevenci\u00f3n del mal, por aciu l\u2019usu d\u2019amuletos, y l\u2019enunciaci\u00f3n de ciertes frases; los s\u00edntomes [&hellip;]<\/p>\n","protected":false},"author":117,"featured_media":0,"parent":2468,"menu_order":0,"comment_status":"closed","ping_status":"closed","template":"","meta":{"footnotes":""},"class_list":["post-2470","page","type-page","status-publish","hentry","post-preview"],"_links":{"self":[{"href":"https:\/\/edublog.educastur.es\/ixuxullingua\/wp-json\/wp\/v2\/pages\/2470","targetHints":{"allow":["GET"]}}],"collection":[{"href":"https:\/\/edublog.educastur.es\/ixuxullingua\/wp-json\/wp\/v2\/pages"}],"about":[{"href":"https:\/\/edublog.educastur.es\/ixuxullingua\/wp-json\/wp\/v2\/types\/page"}],"author":[{"embeddable":true,"href":"https:\/\/edublog.educastur.es\/ixuxullingua\/wp-json\/wp\/v2\/users\/117"}],"replies":[{"embeddable":true,"href":"https:\/\/edublog.educastur.es\/ixuxullingua\/wp-json\/wp\/v2\/comments?post=2470"}],"version-history":[{"count":2,"href":"https:\/\/edublog.educastur.es\/ixuxullingua\/wp-json\/wp\/v2\/pages\/2470\/revisions"}],"predecessor-version":[{"id":2472,"href":"https:\/\/edublog.educastur.es\/ixuxullingua\/wp-json\/wp\/v2\/pages\/2470\/revisions\/2472"}],"up":[{"embeddable":true,"href":"https:\/\/edublog.educastur.es\/ixuxullingua\/wp-json\/wp\/v2\/pages\/2468"}],"wp:attachment":[{"href":"https:\/\/edublog.educastur.es\/ixuxullingua\/wp-json\/wp\/v2\/media?parent=2470"}],"curies":[{"name":"wp","href":"https:\/\/api.w.org\/{rel}","templated":true}]}}