{"id":2477,"date":"2021-04-19T19:14:14","date_gmt":"2021-04-19T17:14:14","guid":{"rendered":"https:\/\/edublog.educastur.es\/ixuxullingua\/?page_id=2477"},"modified":"2021-04-19T19:19:19","modified_gmt":"2021-04-19T17:19:19","slug":"sesion-02","status":"publish","type":"page","link":"https:\/\/edublog.educastur.es\/ixuxullingua\/6-sestu\/sestu-20-21\/04-tercer-trimestre\/sesion-02\/","title":{"rendered":"Sesi\u00f3n 02"},"content":{"rendered":"<p style=\"text-align: center\"><span style=\"color: #008080;font-size: 18pt\"><strong><em>Red\u00a0 de\u00a0 Museos\u00a0 Etnogr\u00e1ficos\u00a0 de\u00a0 Asturias<\/em><\/strong><\/span><\/p>\n<p><a href=\"https:\/\/imgbox.es\/images\/2021\/04\/19\/redm_ba131079e8d7d857a.jpg\"><img loading=\"lazy\" decoding=\"async\" class=\"alignnone\" src=\"https:\/\/imgbox.es\/images\/2021\/04\/19\/redm_ba131079e8d7d857a.jpg\" alt=\"\" width=\"1528\" height=\"593\" \/><\/a><\/p>\n<ul>\n<li><span style=\"font-size: 14pt\"><a href=\"https:\/\/educastur-my.sharepoint.com\/:b:\/g\/personal\/isabellh_educastur_org\/EYqf-LpeOSlOio-qPJQeZywBB0_w2KCswZ_BC88CHGjBfw?e=qX5ky4\"><strong><em>Actividad en castellano<\/em><\/strong><\/a><\/span><\/li>\n<li><a href=\"https:\/\/educastur-my.sharepoint.com\/:b:\/g\/personal\/isabellh_educastur_org\/EQNZl7Y1O2ZElBGTkhLKVaEBBFreXkQCgZB3htjpamwvNA?e=smdEVU\"><strong><em><span style=\"font-size: 14pt\">Activid\u00e1 n\u00b4asturiano<\/span><\/em><\/strong><\/a><\/li>\n<\/ul>\n<p><span style=\"font-size: 14pt\">Los <span style=\"color: #008080\"><strong><em>Museos etnogr\u00e1ficos<\/em><\/strong>,<\/span> como su nombre indica, son museos dedicados a la etnograf\u00eda, la antropolog\u00eda y la arqueolog\u00eda.<\/span><\/p>\n<p><a href=\"https:\/\/image.slidesharecdn.com\/historiauniversal-090528171846-phpapp01\/95\/historia-universal-2-728.jpg?cb=1243531173\"><img loading=\"lazy\" decoding=\"async\" class=\"aligncenter\" src=\"https:\/\/image.slidesharecdn.com\/historiauniversal-090528171846-phpapp01\/95\/historia-universal-2-728.jpg?cb=1243531173\" alt=\"\" width=\"728\" height=\"546\" \/><\/a><\/p>\n<p><a href=\"https:\/\/slideplayer.es\/slide\/122438\/1\/images\/10\/CIENCIAS+AUXILIARES+DE+LA+HISTORIA.jpg\"><img loading=\"lazy\" decoding=\"async\" class=\"aligncenter\" src=\"https:\/\/slideplayer.es\/slide\/122438\/1\/images\/10\/CIENCIAS+AUXILIARES+DE+LA+HISTORIA.jpg\" alt=\"\" width=\"464\" height=\"348\" \/><\/a><\/p>\n<ul>\n<li><span style=\"font-size: 14pt\">La <span style=\"color: #008080\"><strong>etnograf\u00eda<\/strong><\/span> es una disciplina cient\u00edfica dedicada al estudio de la cultura de un pueblo.<\/span><br \/>\n<span style=\"font-size: 14pt\">Ciencia que estudia y describe los pueblos y sus culturas. (<a href=\"https:\/\/imgbox.es\/images\/2021\/04\/18\/etno6bd72b1cd873bee5.jpg\">Esquema<\/a>)<\/span><a href=\"http:\/\/cmapspublic3.ihmc.us\/rid=1PHBD1G2Z-11VY7LH-187D\/Etnograf%C3%ADa.cmap?rid=1PHBD1G2Z-11VY7LH-187D&amp;partName=htmljpeg\"><img loading=\"lazy\" decoding=\"async\" class=\"aligncenter\" src=\"http:\/\/cmapspublic3.ihmc.us\/rid=1PHBD1G2Z-11VY7LH-187D\/Etnograf%C3%ADa.cmap?rid=1PHBD1G2Z-11VY7LH-187D&amp;partName=htmljpeg\" alt=\"\" width=\"543\" height=\"279\" \/><\/a><\/li>\n<li><span style=\"font-size: 14pt\">La <span style=\"color: #008080\"><strong>antropolog\u00eda<\/strong><\/span> estudia al ser humano. Ciencia que estudia al ser humano de una forma integral, de sus caracter\u00edsticas f\u00edsicas como animales y de su cultura, que es el rasgo \u00fanico no biol\u00f3gico.\u200b<\/span>\n<div class=\"thODed eO6Jqe L1jWkf\">\n<div data-topic=\"\">\n<div>\n<div class=\"L1jWkf h3TRxf\">\n<div data-dobid=\"dfn\"><span style=\"font-size: 14pt\">(1) Ciencia que estudia los aspectos f\u00edsicos y las manifestaciones sociales y culturales de las comunidades humanas.<\/span><br \/>\n<span style=\"font-size: 14pt\">(2) Conjunto de rasgos que caracterizan a una comunidad humana, desde el punto de vista de esta ciencia.<\/span><\/div>\n<\/div>\n<\/div>\n<\/div>\n<\/div>\n<p><a href=\"https:\/\/unlsocioantropologia.files.wordpress.com\/2014\/02\/antro.jpg\"><img loading=\"lazy\" decoding=\"async\" class=\"aligncenter\" src=\"https:\/\/unlsocioantropologia.files.wordpress.com\/2014\/02\/antro.jpg\" alt=\"\" width=\"591\" height=\"354\" \/><\/a><\/li>\n<\/ul>\n<p><a href=\"https:\/\/sites.google.com\/site\/sergiogarciadiversidadcultural\/_\/rsrc\/1412783126625\/portafolio-diversidad\/esquema-antropologia\/Mapa%20Antropolog%C3%ADa.jpg\"><img loading=\"lazy\" decoding=\"async\" class=\"aligncenter\" src=\"https:\/\/sites.google.com\/site\/sergiogarciadiversidadcultural\/_\/rsrc\/1412783126625\/portafolio-diversidad\/esquema-antropologia\/Mapa%20Antropolog%C3%ADa.jpg\" alt=\"\" width=\"2200\" height=\"1429\" \/><\/a><\/p>\n<ul>\n<li><span style=\"font-size: 14pt\">La <span style=\"color: #008080\"><strong>arqueolog\u00eda<\/strong> <\/span>estudia los cambios de las sociedades humanas observando los objetos que usan y otros restos materiales.<\/span><br \/>\n<span style=\"font-size: 14pt\">Ciencia que estudia los cambios que se producen en las sociedades, desde las primeras agrupaciones de humanos hasta las actuales, a trav\u00e9s de restos materiales dispersos en la geograf\u00eda y conservados a trav\u00e9s del tiempo.<\/span><\/li>\n<\/ul>\n\n<!-- iframe plugin v.6.0 wordpress.org\/plugins\/iframe\/ -->\n<iframe loading=\"lazy\" src=\"\/\/www.slideshare.net\/slideshow\/embed_code\/key\/8o27YKLV1ghV6n\" width=\"595\" height=\"485\" 0=\"\/iframe\" scrolling=\"yes\" class=\"iframe-class\" frameborder=\"0\"><\/iframe>\n\n<hr \/>\n<p><span style=\"font-size: 14pt\">Los <em><strong>Museos Etnogr\u00e1ficos<\/strong> <\/em>son muy importantes ya que permiten estudiar la cultura de cada lugar y, a trav\u00e9s de los objetos que en algunos de ellos se guardan, entender c\u00f3mo viv\u00edan nuestros antepasados. est\u00e1n distribuidos por muchos lugares de Asturias y su tem\u00e1tica es variada.<\/span><\/p>\n<p><span style=\"font-size: 14pt\">En Asturias tenemos muchos museos etnogr\u00e1ficos, tantos que disponemos de una red que los agrupa a todos, coordin\u00e1nolos para mejorar su gesti\u00f3n, difuci\u00f3n, divulgaci\u00f3n y formaci\u00f3n. La <a href=\"https:\/\/redmeda.com\/\"><em><strong>REDMEDA<\/strong> <\/em><\/a>o <a href=\"https:\/\/redmeda.com\/\"><strong><em>Red de Museos Etnogr\u00e1fcos de Asturias<\/em><\/strong><\/a> que puedes visitar en su p\u00e1gina web: <\/span><a href=\"https:\/\/redmeda.com\/\"><strong><em><span style=\"font-size: 14pt\">www.redmeda.com<\/span><\/em><\/strong><\/a><\/p>\n<hr \/>\n<div id=\"av_section_3\" class=\"avia-section main_color avia-section-no-padding avia-no-border-styling avia-bg-style-scroll avia-builder-el-12 el_after_av_section avia-builder-el-last container_wrap fullsize\">\n<div class=\"container\">\n<div class=\"template-page content av-content-full alpha units\">\n<div class=\"post-entry post-entry-type-page post-entry-801\">\n<div class=\"entry-content-wrapper clearfix\">\n<div class=\"av-special-heading av-special-heading-h2 blockquote modern-quote modern-centered avia-builder-el-14 el_after_av_hr el_before_av_hr \">\n<h2 class=\"av-special-heading-tag \" style=\"text-align: center\"><span style=\"color: #008080\"><em>Los museos<\/em><\/span><\/h2>\n<\/div>\n<div class=\"hr hr-invisible avia-builder-el-15 el_after_av_heading el_before_av_masonry_entries avia-builder-el-last \"><\/div>\n<div id=\"masonryportada02\" class=\"av-masonry noHover av-fixed-size av-large-gap av-hover-overlay- av-masonry-animation- av-masonry-col-2 av-caption-always av-caption-style- avia_sortable_active\">\n<div class=\"av-masonry-container isotope\">\n<figure class=\"av-inner-masonry main_color\"><figcaption class=\"av-inner-masonry-content site-background\">\n<div class=\"av-inner-masonry-content-pos\">\n<div class=\"av-inner-masonry-content-pos-content\">\n<ul>\n<li class=\"av-masonry-entry-title entry-title \"><span style=\"font-size: 18pt\"><strong><em>Los museos de la Red:<br \/>\n<\/em><\/strong><\/span><em><span style=\"font-size: 18pt\"><a href=\"https:\/\/www.google.com\/maps\/d\/viewer?mid=1DHd3cFBZaF-bE5gn1xHRE96LelY&amp;ie=UTF8&amp;hl=es&amp;t=p&amp;msa=0&amp;ll=42.85499795001351%2C-5.437153995482053&amp;spn=0.01094%2C0.018239&amp;z=8&amp;source=embed\">Todos los museos en un mapa. VER<\/a><\/span><br \/>\n<\/em><\/li>\n<\/ul>\n<p><a href=\"https:\/\/imgbox.es\/images\/2021\/04\/19\/asturias-con-canteras-copiabac0d37603895305.gif\"><img loading=\"lazy\" decoding=\"async\" class=\"alignnone\" src=\"https:\/\/imgbox.es\/images\/2021\/04\/19\/asturias-con-canteras-copiabac0d37603895305.gif\" alt=\"\" width=\"1096\" height=\"496\" \/><\/a><\/p>\n<\/div>\n<\/div>\n<\/figcaption><\/figure>\n<figure class=\"av-inner-masonry main_color\">\n<div class=\"av-masonry-outerimage-container\">\n<div class=\"av-masonry-image-container\" title=\"Mus\u00e9u del Pueblu d\u2019Asturies\">\n<!-- iframe plugin v.6.0 wordpress.org\/plugins\/iframe\/ -->\n<iframe loading=\"lazy\" src=\"https:\/\/www.google.com\/maps\/d\/embed?mid=1DHd3cFBZaF-bE5gn1xHRE96LelY&#038;hl=es\" width=\"640\" height=\"480\" 0=\"\/iframe\" scrolling=\"yes\" class=\"iframe-class\" frameborder=\"0\"><\/iframe>\n<\/div>\n<\/div><figcaption class=\"av-inner-masonry-content site-background\">\n<div class=\"av-inner-masonry-content-pos\">\n<div class=\"av-inner-masonry-content-pos-content\">\n<div class=\"avia-arrow\"><\/div>\n<ul>\n<li class=\"av-masonry-entry-title entry-title \"><span style=\"font-size: 14pt\"><strong><em><span style=\"color: #800080\">Mus\u00e9u del Pueblu d\u2019Asturies:<\/span><br \/>\n<\/em><\/strong><em>Conservaci\u00f3n y difusi\u00f3n de la memoria de los asturianos<br \/>\n<strong><a href=\"https:\/\/redmeda.com\/museos\/museu-del-pueblu-dasturies\/\">Ficha<\/a> \/ <a href=\"https:\/\/www.gijon.es\/es\/directorio\/museu-del-pueblu-dasturies\">WEB<\/a><\/strong><br \/>\n<\/em><\/span><\/li>\n<\/ul>\n<\/div>\n<\/div>\n<\/figcaption><\/figure>\n<figure class=\"av-inner-masonry main_color\"><figcaption class=\"av-inner-masonry-content site-background\">\n<div class=\"av-inner-masonry-content-pos\">\n<div class=\"av-inner-masonry-content-pos-content\">\n<div class=\"avia-arrow\">\n<hr \/>\n<\/div>\n<ul>\n<li class=\"av-masonry-entry-title entry-title \"><span style=\"font-size: 14pt\"><strong><em><span style=\"color: #800080\">Museo Casa Natal del Marqu\u00e9s de Sargadelos:<\/span><br \/>\n<\/em><\/strong><em>La herencia de un ilustrado en el occidente de Asturias<br \/>\n<strong><a href=\"https:\/\/redmeda.com\/museos\/museo-casa-natal-del-marques-de-sargadelos\/\">Ficha<\/a><\/strong> \/ <a href=\"https:\/\/casa-natal-marques-de-sargadelos.negocio.site\/\"><strong>WEB<\/strong><\/a><br \/>\n<\/em><\/span><\/li>\n<\/ul>\n<\/div>\n<\/div>\n<\/figcaption><\/figure>\n<figure class=\"av-inner-masonry main_color\"><figcaption class=\"av-inner-masonry-content site-background\">\n<div class=\"av-inner-masonry-content-pos\">\n<div class=\"av-inner-masonry-content-pos-content\">\n<div class=\"avia-arrow\">\n<hr \/>\n<\/div>\n<ul>\n<li class=\"av-masonry-entry-title entry-title \"><span style=\"font-size: 14pt\"><strong><em><span style=\"color: #800080\">Museo Etnogr\u00e1fico de Grandas de Salime:<\/span><br \/>\n<\/em><\/strong><em>Un museo vivo en el occidente de Asturias<br \/>\n<strong><a href=\"https:\/\/redmeda.com\/museos\/museo-etnografico-de-grandas-de-salime\/\">Ficha<\/a> \/ <a href=\"http:\/\/www.museodegrandas.com\/\">WEB<\/a><\/strong><br \/>\n<\/em><\/span><\/li>\n<\/ul>\n<\/div>\n<\/div>\n<\/figcaption><\/figure>\n<figure class=\"av-inner-masonry main_color\"><figcaption class=\"av-inner-masonry-content site-background\">\n<div class=\"av-inner-masonry-content-pos\">\n<div class=\"av-inner-masonry-content-pos-content\">\n<div class=\"avia-arrow\">\n<hr \/>\n<\/div>\n<ul>\n<li class=\"av-masonry-entry-title entry-title \"><span style=\"font-size: 14pt\"><strong><em><span style=\"color: #800080\">Museo Etnogr\u00e1fico Juan P\u00e9rez Villamil:<\/span><br \/>\n<\/em><\/strong><em>La vida del hombre en el mar, el campo y la emigraci\u00f3n<br \/>\n<strong><a href=\"https:\/\/redmeda.com\/museos\/museo-etnografico-juan-perez-villamil\/\">Ficha<\/a> \/<\/strong> <a href=\"https:\/\/www.naviaturismo.com\/museoetnografico\">Web <\/a><br \/>\n<\/em><\/span><\/li>\n<\/ul>\n<\/div>\n<\/div>\n<\/figcaption><\/figure>\n<figure class=\"av-inner-masonry main_color\"><figcaption class=\"av-inner-masonry-content site-background\">\n<div class=\"av-inner-masonry-content-pos\">\n<div class=\"av-inner-masonry-content-pos-content\">\n<div class=\"avia-arrow\">\n<hr \/>\n<\/div>\n<ul>\n<li class=\"av-masonry-entry-title entry-title \"><span style=\"font-size: 14pt\"><strong><em><span style=\"color: #800080\">Museo Vaqueiro de Asturias: MUVA<\/span><br \/>\n<\/em><\/strong><em>La trashumancia como forma de vida<br \/>\n<strong><a href=\"https:\/\/redmeda.com\/museos\/museo-vaqueiro-de-asturias\/\">Ficha<\/a> \/<a href=\"https:\/\/www.tineo.es\/museos\/-\/asset_publisher\/031510ed3b70\/content\/turismo-museos-museo-vaqueiro-de-asturias?inheritRedirect=false\"> WEB<\/a><\/strong><br \/>\n<\/em><\/span><\/li>\n<\/ul>\n<\/div>\n<\/div>\n<\/figcaption><\/figure>\n<figure class=\"av-inner-masonry main_color\"><figcaption class=\"av-inner-masonry-content site-background\">\n<div class=\"av-inner-masonry-content-pos\">\n<div class=\"av-inner-masonry-content-pos-content\">\n<div class=\"avia-arrow\">\n<hr \/>\n<\/div>\n<ul>\n<li class=\"av-masonry-entry-title entry-title \"><span style=\"font-size: 14pt\"><strong><em><span style=\"color: #800080\">Ecomuseo de Somiedo:<\/span><br \/>\n<\/em><\/strong><em>Los oficios tradicionales y las construcciones con cubierta vegetal<br \/>\n<strong><a href=\"https:\/\/redmeda.com\/museos\/ecomuseo-de-somiedo\/\">Ficha<\/a> \/ <a href=\"https:\/\/www.somiedo.es\/museos-y-patrimonio\">WEB<\/a><\/strong><br \/>\n<\/em><\/span><\/li>\n<\/ul>\n<\/div>\n<\/div>\n<\/figcaption><\/figure>\n<figure class=\"av-inner-masonry main_color\"><figcaption class=\"av-inner-masonry-content site-background\">\n<div class=\"av-inner-masonry-content-pos\">\n<div class=\"av-inner-masonry-content-pos-content\">\n<div class=\"avia-arrow\">\n<hr \/>\n<\/div>\n<ul>\n<li class=\"av-masonry-entry-title entry-title \"><span style=\"font-size: 14pt\"><strong><em><span style=\"color: #800080\">Museo Etnogr\u00e1fico de Grado:<\/span><br \/>\n<\/em><\/strong><em>La escanda y la cultura del pan<br \/>\n<strong><a href=\"https:\/\/redmeda.com\/museos\/museo-etnografico-de-grado\/\">Ficha<\/a> \/ <a href=\"https:\/\/www.ayto-grado.es\/museos-etnograficos1\">WEB<\/a><\/strong><br \/>\n<\/em><\/span><\/li>\n<\/ul>\n<\/div>\n<\/div>\n<\/figcaption><\/figure>\n<figure class=\"av-inner-masonry main_color\"><figcaption class=\"av-inner-masonry-content site-background\">\n<div class=\"av-inner-masonry-content-pos\">\n<div class=\"av-inner-masonry-content-pos-content\">\n<div class=\"avia-arrow\">\n<hr \/>\n<\/div>\n<ul>\n<li class=\"av-masonry-entry-title entry-title \"><span style=\"font-size: 14pt\"><strong><em><span style=\"color: #800080\">Museo Etnogr\u00e1fico de Quir\u00f3s:<\/span><br \/>\n<\/em><\/strong><em>Formas de vida en los pueblos de la monta\u00f1a asturiana<br \/>\n<strong><a href=\"https:\/\/redmeda.com\/museos\/museo-etnografico-de-quiros\/\">Ficha<\/a> \/ <a href=\"https:\/\/www.quiros.es\/museo-etnografico\">WEB<\/a><\/strong><br \/>\n<\/em><\/span><\/li>\n<\/ul>\n<\/div>\n<\/div>\n<\/figcaption><\/figure>\n<figure class=\"av-inner-masonry main_color\"><figcaption class=\"av-inner-masonry-content site-background\">\n<div class=\"av-inner-masonry-content-pos\">\n<div class=\"av-inner-masonry-content-pos-content\">\n<div class=\"avia-arrow\">\n<hr \/>\n<\/div>\n<ul>\n<li class=\"av-masonry-entry-title entry-title \"><span style=\"font-size: 14pt\"><strong><em><span style=\"color: #800080\">Mus\u00e9u Etnogr\u00e1ficu de la Llecher\u00eda:<\/span><br \/>\n<\/em><\/strong><em>La leche, el queso y la manteca en la sociedad tradicional<br \/>\n<strong><a href=\"https:\/\/redmeda.com\/museos\/museu-etnograficu-de-la-llecheria\/\">Ficha<\/a> \/ <a href=\"http:\/\/amigosdelosnabos.com\/museu-etnograficu-de-la-llecheria\/\">WEB<\/a><\/strong><br \/>\n<\/em><\/span><\/li>\n<\/ul>\n<\/div>\n<\/div>\n<\/figcaption><\/figure>\n<figure class=\"av-inner-masonry main_color\"><figcaption class=\"av-inner-masonry-content site-background\">\n<div class=\"av-inner-masonry-content-pos\">\n<div class=\"av-inner-masonry-content-pos-content\">\n<div class=\"avia-arrow\">\n<hr \/>\n<\/div>\n<ul>\n<li class=\"av-masonry-entry-title entry-title \"><span style=\"font-size: 14pt\"><strong><em><span style=\"color: #800080\">Museo Mar\u00edtimo de Asturias:<\/span><br \/>\n<\/em><\/strong><em>La relaci\u00f3n del hombre con el mar, la pesca y la navegaci\u00f3n<\/em><strong><em><br \/>\n<a href=\"https:\/\/redmeda.com\/museos\/museo-maritimo-de-asturias\/\">Ficha<\/a> \/ <a href=\"http:\/\/museomaritimodeasturias.com\/\">WEB<\/a><br \/>\n<\/em><\/strong><\/span><\/li>\n<\/ul>\n<\/div>\n<\/div>\n<\/figcaption><\/figure>\n<figure class=\"av-inner-masonry main_color\"><figcaption class=\"av-inner-masonry-content site-background\">\n<div class=\"av-inner-masonry-content-pos\">\n<div class=\"av-inner-masonry-content-pos-content\">\n<div class=\"avia-arrow\">\n<hr \/>\n<\/div>\n<ul>\n<li class=\"av-masonry-entry-title entry-title \"><span style=\"font-size: 14pt\"><strong><em><span style=\"color: #800080\">Museo de la Sidra de Asturias:<\/span><br \/>\n<\/em><\/strong><em>La sidra: algo m\u00e1s que una bebida para los asturianos<br \/>\n<strong><a href=\"https:\/\/redmeda.com\/museos\/museo-de-la-sidra-de-asturias\/\">Ficha<\/a> \/ <a href=\"https:\/\/www.museodelasidra.com\/\">WEB<\/a><\/strong><br \/>\n<\/em><\/span><\/li>\n<\/ul>\n<\/div>\n<\/div>\n<\/figcaption><\/figure>\n<figure class=\"av-inner-masonry main_color\"><figcaption class=\"av-inner-masonry-content site-background\">\n<div class=\"av-inner-masonry-content-pos\">\n<div class=\"av-inner-masonry-content-pos-content\">\n<div class=\"avia-arrow\">\n<hr \/>\n<\/div>\n<ul>\n<li class=\"av-masonry-entry-title entry-title \"><span style=\"font-size: 14pt\"><strong><em><span style=\"color: #800080\">Museo de la Escuela Rural de Asturias:<\/span><br \/>\n<\/em><\/strong><em>Un recorrido por la historia de la educaci\u00f3n de Asturias<br \/>\n<strong><a href=\"https:\/\/redmeda.com\/museos\/museo-de-la-escuela-rural-de-asturias\/\">Ficha<\/a> \/ <a href=\"http:\/\/www.museodelaescuelarural.com\/museo-de-la-escuela-rural\/museo-de-la-escuela-rural\/portada_4_1_ap.html\">WEB<\/a><\/strong><br \/>\n<\/em><\/span><\/li>\n<\/ul>\n<\/div>\n<\/div>\n<\/figcaption><\/figure>\n<figure class=\"av-inner-masonry main_color\"><figcaption class=\"av-inner-masonry-content site-background\">\n<div class=\"av-inner-masonry-content-pos\">\n<div class=\"av-inner-masonry-content-pos-content\">\n<div class=\"avia-arrow\">\n<hr \/>\n<\/div>\n<ul>\n<li class=\"av-masonry-entry-title entry-title \"><span style=\"font-size: 14pt\"><strong><em><span style=\"color: #800080\">Museo de la Madera de Caso:<\/span><br \/>\n<\/em><\/strong><em>El bosque como materia prima para los asturianos<br \/>\n<strong><a href=\"https:\/\/redmeda.com\/museos\/museo-de-la-madera-de-caso\/\">Ficha<\/a> \/ <a href=\"https:\/\/www.ayto-caso.es\/museo-de-la-madera\">WEB<\/a><\/strong><br \/>\n<\/em><\/span><\/li>\n<\/ul>\n<\/div>\n<\/div>\n<\/figcaption><\/figure>\n<figure class=\"av-inner-masonry main_color\"><figcaption class=\"av-inner-masonry-content site-background\">\n<div class=\"av-inner-masonry-content-pos\">\n<div class=\"av-inner-masonry-content-pos-content\">\n<div class=\"avia-arrow\">\n<hr \/>\n<\/div>\n<ul>\n<li class=\"av-masonry-entry-title entry-title \"><span style=\"font-size: 14pt\"><strong><em><span style=\"color: #800080\">Museo Etnogr\u00e1fico del Oriente de Asturias:<\/span><br \/>\n<\/em><\/strong><em>Un territorio, un patrimonio, una comunidad.<br \/>\n<strong><a href=\"https:\/\/redmeda.com\/museos\/museo-etnografico-del-oriente-de-asturias\/\">Ficha<\/a> \/ <a href=\"https:\/\/etnoriente.com\/\">WEB<\/a><\/strong><\/em><em><br \/>\n<\/em><\/span><\/li>\n<\/ul>\n<hr \/>\n<ul>\n<li><a href=\"https:\/\/edublog.educastur.es\/ixuxullingua\/6-sestu\/04-2020-payares\/sesion-02b\"><em><span style=\"font-size: 14pt\">VER<span style=\"color: #800080\"><strong> Atlas Sonoru de la Llingua Asturiana\u00a0 <\/strong><\/span><\/span><\/em><em><span style=\"font-size: 14pt\">(comentar y escuchar alg\u00fan ejemplo)&#8230;<\/span><\/em><\/a><\/li>\n<\/ul>\n<\/div>\n<\/div>\n<\/figcaption><\/figure>\n<\/div>\n<\/div>\n<\/div>\n<\/div>\n<\/div>\n<\/div>\n<\/div>\n","protected":false},"excerpt":{"rendered":"<p>Red\u00a0 de\u00a0 Museos\u00a0 Etnogr\u00e1ficos\u00a0 de\u00a0 Asturias Actividad en castellano Activid\u00e1 n\u00b4asturiano Los Museos etnogr\u00e1ficos, como su nombre indica, son museos dedicados a la etnograf\u00eda, la antropolog\u00eda y la arqueolog\u00eda. La etnograf\u00eda es una disciplina cient\u00edfica dedicada al estudio de la cultura de un pueblo. Ciencia que estudia y describe los pueblos y sus culturas. (Esquema) [&hellip;]<\/p>\n","protected":false},"author":117,"featured_media":0,"parent":251,"menu_order":0,"comment_status":"closed","ping_status":"closed","template":"","meta":{"footnotes":""},"class_list":["post-2477","page","type-page","status-publish","hentry","post-preview"],"_links":{"self":[{"href":"https:\/\/edublog.educastur.es\/ixuxullingua\/wp-json\/wp\/v2\/pages\/2477","targetHints":{"allow":["GET"]}}],"collection":[{"href":"https:\/\/edublog.educastur.es\/ixuxullingua\/wp-json\/wp\/v2\/pages"}],"about":[{"href":"https:\/\/edublog.educastur.es\/ixuxullingua\/wp-json\/wp\/v2\/types\/page"}],"author":[{"embeddable":true,"href":"https:\/\/edublog.educastur.es\/ixuxullingua\/wp-json\/wp\/v2\/users\/117"}],"replies":[{"embeddable":true,"href":"https:\/\/edublog.educastur.es\/ixuxullingua\/wp-json\/wp\/v2\/comments?post=2477"}],"version-history":[{"count":4,"href":"https:\/\/edublog.educastur.es\/ixuxullingua\/wp-json\/wp\/v2\/pages\/2477\/revisions"}],"predecessor-version":[{"id":2479,"href":"https:\/\/edublog.educastur.es\/ixuxullingua\/wp-json\/wp\/v2\/pages\/2477\/revisions\/2479"}],"up":[{"embeddable":true,"href":"https:\/\/edublog.educastur.es\/ixuxullingua\/wp-json\/wp\/v2\/pages\/251"}],"wp:attachment":[{"href":"https:\/\/edublog.educastur.es\/ixuxullingua\/wp-json\/wp\/v2\/media?parent=2477"}],"curies":[{"name":"wp","href":"https:\/\/api.w.org\/{rel}","templated":true}]}}