{"id":2657,"date":"2021-09-21T18:08:58","date_gmt":"2021-09-21T16:08:58","guid":{"rendered":"https:\/\/edublog.educastur.es\/ixuxullingua\/?page_id=2657"},"modified":"2021-09-21T18:37:05","modified_gmt":"2021-09-21T16:37:05","slug":"indumentaria-21","status":"publish","type":"page","link":"https:\/\/edublog.educastur.es\/ixuxullingua\/dia-de\/indumentaria-21\/","title":{"rendered":"Indumentaria 21"},"content":{"rendered":"<ul>\n<li><a href=\"https:\/\/indumentaria.com.es\/\">web Indumentaria<\/a> \/ <a href=\"https:\/\/www.facebook.com\/concursuindumentaria\/\">Facebook<\/a> \/<\/li>\n<li>ISA: <a href=\"https:\/\/educastur-my.sharepoint.com\/:f:\/g\/personal\/isabellh_educastur_org\/Emy7vZge6rFBpU3v3VvRReMBXNCW4Pifht9vF7igs-GBzg?e=Ahoc6F\">Im\u00e1xenes OD<\/a> \/<\/li>\n<li><a href=\"https:\/\/www.facebook.com\/ojosdehojalata\/\">Ojos de Hojalata Fot\u00f3grafo<\/a><\/li>\n<\/ul>\n<p><a href=\"https:\/\/tinypix.top\/images\/2021\/09\/13\/vbiX2.jpg\"><img loading=\"lazy\" decoding=\"async\" class=\"alignnone\" src=\"https:\/\/tinypix.top\/images\/2021\/09\/13\/vbiX2.jpg\" alt=\"\" width=\"295\" height=\"443\" \/><\/a> \/<a href=\"https:\/\/tinypix.top\/images\/2021\/09\/13\/vbPti.jpg\"><img loading=\"lazy\" decoding=\"async\" class=\"alignnone\" src=\"https:\/\/tinypix.top\/images\/2021\/09\/13\/vbPti.jpg\" alt=\"\" width=\"286\" height=\"431\" \/><\/a><\/p>\n<blockquote class=\"wp-embedded-content\" data-secret=\"NUNfqVJvEY\"><p><a href=\"https:\/\/edublog.educastur.es\/ixuxu\/2021\/09\/v-dial-traxel-pais\/\">V D\u00eda\u2019l Traxe\u2019l Pa\u00eds<\/a><\/p><\/blockquote>\n<p><iframe loading=\"lazy\" class=\"wp-embedded-content\" sandbox=\"allow-scripts\" security=\"restricted\" style=\"position: absolute; clip: rect(1px, 1px, 1px, 1px);\" title=\"\u00abV D\u00eda\u2019l Traxe\u2019l Pa\u00eds\u00bb \u2014 IXUXU  \u30c4\" src=\"https:\/\/edublog.educastur.es\/ixuxu\/2021\/09\/v-dial-traxel-pais\/embed\/#?secret=NUNfqVJvEY\" data-secret=\"NUNfqVJvEY\" width=\"600\" height=\"338\" frameborder=\"0\" marginwidth=\"0\" marginheight=\"0\" scrolling=\"no\"><\/iframe><\/p>\n<blockquote class=\"wp-embedded-content\" data-secret=\"3y8aPnDnpa\"><p><a href=\"https:\/\/edublog.educastur.es\/ixuxu\/2021\/09\/dial-traxel-pais-2021-domingu-26-de-setiembre\/\">D\u00eda&#8217;l traxe&#8217;l pa\u00eds 2021: domingu 26 de setiembre<\/a><\/p><\/blockquote>\n<p><iframe loading=\"lazy\" class=\"wp-embedded-content\" sandbox=\"allow-scripts\" security=\"restricted\" style=\"position: absolute; clip: rect(1px, 1px, 1px, 1px);\" title=\"\u00abD\u00eda&#8217;l traxe&#8217;l pa\u00eds 2021: domingu 26 de setiembre\u00bb \u2014 IXUXU  \u30c4\" src=\"https:\/\/edublog.educastur.es\/ixuxu\/2021\/09\/dial-traxel-pais-2021-domingu-26-de-setiembre\/embed\/#?secret=3y8aPnDnpa\" data-secret=\"3y8aPnDnpa\" width=\"600\" height=\"338\" frameborder=\"0\" marginwidth=\"0\" marginheight=\"0\" scrolling=\"no\"><\/iframe><\/p>\n<blockquote class=\"wp-embedded-content\" data-secret=\"LVfdjYqVxg\"><p><a href=\"https:\/\/edublog.educastur.es\/ixuxu\/2021\/05\/el-traxe-dasturiana-protagonista-de-la-nueva-coleccion-de-reliquiae\/\">El traxe d&#8217;asturiana, protagonista de la nueva colecci\u00f3n de Reliquiae<\/a><\/p><\/blockquote>\n<p><iframe loading=\"lazy\" class=\"wp-embedded-content\" sandbox=\"allow-scripts\" security=\"restricted\" style=\"position: absolute; clip: rect(1px, 1px, 1px, 1px);\" title=\"\u00abEl traxe d&#8217;asturiana, protagonista de la nueva colecci\u00f3n de Reliquiae\u00bb \u2014 IXUXU  \u30c4\" src=\"https:\/\/edublog.educastur.es\/ixuxu\/2021\/05\/el-traxe-dasturiana-protagonista-de-la-nueva-coleccion-de-reliquiae\/embed\/#?secret=LVfdjYqVxg\" data-secret=\"LVfdjYqVxg\" width=\"600\" height=\"338\" frameborder=\"0\" marginwidth=\"0\" marginheight=\"0\" scrolling=\"no\"><\/iframe><\/p>\n<blockquote class=\"wp-embedded-content\" data-secret=\"W4HRY1NnWl\"><p><a href=\"https:\/\/edublog.educastur.es\/ixuxu\/pallabreros\/traxe-tradicional\/\">Traxe Tradicional<\/a><\/p><\/blockquote>\n<p><iframe loading=\"lazy\" class=\"wp-embedded-content\" sandbox=\"allow-scripts\" security=\"restricted\" style=\"position: absolute; clip: rect(1px, 1px, 1px, 1px);\" title=\"\u00abTraxe Tradicional\u00bb \u2014 IXUXU  \u30c4\" src=\"https:\/\/edublog.educastur.es\/ixuxu\/pallabreros\/traxe-tradicional\/embed\/#?secret=W4HRY1NnWl\" data-secret=\"W4HRY1NnWl\" width=\"600\" height=\"338\" frameborder=\"0\" marginwidth=\"0\" marginheight=\"0\" scrolling=\"no\"><\/iframe><\/p>\n<blockquote class=\"wp-embedded-content\" data-secret=\"vA3sGYgEPK\"><p><a href=\"https:\/\/edublog.educastur.es\/ixuxu\/2019\/09\/dial-traxe-del-pais\/\">Dia\u00b4l traxe del pa\u00eds<\/a><\/p><\/blockquote>\n<p><iframe loading=\"lazy\" class=\"wp-embedded-content\" sandbox=\"allow-scripts\" security=\"restricted\" style=\"position: absolute; clip: rect(1px, 1px, 1px, 1px);\" title=\"\u00abDia\u00b4l traxe del pa\u00eds\u00bb \u2014 IXUXU  \u30c4\" src=\"https:\/\/edublog.educastur.es\/ixuxu\/2019\/09\/dial-traxe-del-pais\/embed\/#?secret=vA3sGYgEPK\" data-secret=\"vA3sGYgEPK\" width=\"600\" height=\"338\" frameborder=\"0\" marginwidth=\"0\" marginheight=\"0\" scrolling=\"no\"><\/iframe><\/p>\n<p>&nbsp;<\/p>\n<blockquote class=\"wp-embedded-content\" data-secret=\"Z2CcFX7go0\"><p><a href=\"https:\/\/edublog.educastur.es\/ixuxu\/2021\/08\/novedaes-editoriales-indumentaria-de-tradicion-nasturies\/\">Novedaes editoriales: Indumentaria de Tradici\u00f3n n&#8217;Asturies<\/a><\/p><\/blockquote>\n<p><iframe loading=\"lazy\" class=\"wp-embedded-content\" sandbox=\"allow-scripts\" security=\"restricted\" style=\"position: absolute; clip: rect(1px, 1px, 1px, 1px);\" title=\"\u00abNovedaes editoriales: Indumentaria de Tradici\u00f3n n&#8217;Asturies\u00bb \u2014 IXUXU  \u30c4\" src=\"https:\/\/edublog.educastur.es\/ixuxu\/2021\/08\/novedaes-editoriales-indumentaria-de-tradicion-nasturies\/embed\/#?secret=Z2CcFX7go0\" data-secret=\"Z2CcFX7go0\" width=\"600\" height=\"338\" frameborder=\"0\" marginwidth=\"0\" marginheight=\"0\" scrolling=\"no\"><\/iframe><\/p>\n<h2 class=\"entry-title\"><\/h2>\n","protected":false},"excerpt":{"rendered":"<p>web Indumentaria \/ Facebook \/ ISA: Im\u00e1xenes OD \/ Ojos de Hojalata Fot\u00f3grafo \/ V D\u00eda\u2019l Traxe\u2019l Pa\u00eds D\u00eda&#8217;l traxe&#8217;l pa\u00eds 2021: domingu 26 de setiembre El traxe d&#8217;asturiana, protagonista de la nueva colecci\u00f3n de Reliquiae Traxe Tradicional Dia\u00b4l traxe del pa\u00eds &nbsp; Novedaes editoriales: Indumentaria de Tradici\u00f3n n&#8217;Asturies<\/p>\n","protected":false},"author":117,"featured_media":0,"parent":166,"menu_order":0,"comment_status":"closed","ping_status":"closed","template":"","meta":{"footnotes":""},"class_list":["post-2657","page","type-page","status-publish","hentry","post-preview"],"_links":{"self":[{"href":"https:\/\/edublog.educastur.es\/ixuxullingua\/wp-json\/wp\/v2\/pages\/2657","targetHints":{"allow":["GET"]}}],"collection":[{"href":"https:\/\/edublog.educastur.es\/ixuxullingua\/wp-json\/wp\/v2\/pages"}],"about":[{"href":"https:\/\/edublog.educastur.es\/ixuxullingua\/wp-json\/wp\/v2\/types\/page"}],"author":[{"embeddable":true,"href":"https:\/\/edublog.educastur.es\/ixuxullingua\/wp-json\/wp\/v2\/users\/117"}],"replies":[{"embeddable":true,"href":"https:\/\/edublog.educastur.es\/ixuxullingua\/wp-json\/wp\/v2\/comments?post=2657"}],"version-history":[{"count":8,"href":"https:\/\/edublog.educastur.es\/ixuxullingua\/wp-json\/wp\/v2\/pages\/2657\/revisions"}],"predecessor-version":[{"id":2666,"href":"https:\/\/edublog.educastur.es\/ixuxullingua\/wp-json\/wp\/v2\/pages\/2657\/revisions\/2666"}],"up":[{"embeddable":true,"href":"https:\/\/edublog.educastur.es\/ixuxullingua\/wp-json\/wp\/v2\/pages\/166"}],"wp:attachment":[{"href":"https:\/\/edublog.educastur.es\/ixuxullingua\/wp-json\/wp\/v2\/media?parent=2657"}],"curies":[{"name":"wp","href":"https:\/\/api.w.org\/{rel}","templated":true}]}}