{"id":2703,"date":"2021-09-23T18:58:25","date_gmt":"2021-09-23T16:58:25","guid":{"rendered":"https:\/\/edublog.educastur.es\/ixuxullingua\/?page_id=2703"},"modified":"2021-09-26T18:47:58","modified_gmt":"2021-09-26T16:47:58","slug":"00-la-seronda","status":"publish","type":"page","link":"https:\/\/edublog.educastur.es\/ixuxullingua\/2-segundu\/segundu-21-22\/05-primer-trimestre\/00-la-seronda\/","title":{"rendered":"00 La Seronda"},"content":{"rendered":"<ul>\n<li style=\"text-align: center\"><span style=\"font-size: 14pt\"><em><span style=\"color: #800080\"><a style=\"color: #800080\" href=\"https:\/\/educastur-my.sharepoint.com\/:f:\/g\/personal\/isabellh_educastur_org\/EjBX4IMXKTJLtbik-I5UuNQBy2pgosyv1jAqVQ_tlCZK7g?e=7Ocruc\"><strong>ACCESU A\u00a0 CARPETA PROFES ONEDRIVE<\/strong><\/a><\/span><\/em><\/span><br \/>\n<hr \/>\n<\/li>\n<\/ul>\n<p><a href=\"https:\/\/tinypix.top\/images\/2021\/09\/21\/vWezF.jpg\"><img loading=\"lazy\" decoding=\"async\" class=\"aligncenter\" src=\"https:\/\/tinypix.top\/images\/2021\/09\/21\/vWezF.jpg\" alt=\"\" width=\"493\" height=\"491\" \/><\/a><\/p>\n<header class=\"entry-header\">\n<h1 style=\"text-align: left\"><a href=\"https:\/\/pbs.twimg.com\/media\/EFTTVDHXYAENN_f.jpg\"><img loading=\"lazy\" decoding=\"async\" class=\"aligncenter\" src=\"https:\/\/pbs.twimg.com\/media\/EFTTVDHXYAENN_f.jpg\" alt=\"\" width=\"510\" height=\"341\" \/><\/a><\/h1>\n<h1 class=\"entry-title\" style=\"text-align: center\"><span style=\"color: #008080\"><em><span style=\"font-size: 14pt\">Cantamos:<\/span> La Seronda<\/em><\/span><\/h1>\n<\/header>\n<div class=\"entry-content post_content\">\n<p data-adtags-visited=\"true\"><span style=\"color: #808080\">Nesti tema tamos viendo les estaciones del a\u00f1u. Como y\u00e1 sab\u00e9is tamos na estaci\u00f3n de LA SERONDA. Vamos sentir esti guapu cantar de Nacho Fonseca y lleer la lletra, que, en realid\u00e1, ye un poema:<\/span><\/p>\n<div id=\"attachment_186\" class=\"wp-caption alignleft\" data-shortcode=\"caption\">\n<p id=\"caption-attachment-186\" class=\"wp-caption-text\">\n<\/div>\n<p data-adtags-visited=\"true\"><strong><span style=\"font-size: 14pt;color: #008080\"><em>Y\u00e1 pesll\u00f3\u2019l branu la puerta,<br \/>\n<\/em><\/span><\/strong><strong><span style=\"font-size: 14pt;color: #008080\"><em>nun relluma\u2019l sol,<br \/>\n<\/em><\/span><\/strong><strong><span style=\"font-size: 14pt;color: #008080\"><em>ta\u2019l suelu enllenu de fueyes<br \/>\n<\/em><\/span><\/strong><strong><span style=\"font-size: 14pt;color: #008080\"><em>que\u2019l vientu tir\u00f3.<\/em><\/span><\/strong><\/p>\n<p data-adtags-visited=\"true\"><strong><span style=\"font-size: 14pt;color: #008080\"><em>Picando lle\u00f1a ta un vieyu<br \/>\n<\/em><\/span><\/strong><strong><span style=\"font-size: 14pt;color: #008080\"><em>baxo\u2019l corredor;<br \/>\n<\/em><\/span><\/strong><strong><span style=\"font-size: 14pt;color: #008080\"><em>pa\u00f1a casta\u00f1es la vieya<br \/>\n<\/em><\/span><\/strong><strong><span style=\"font-size: 14pt;color: #008080\"><em>nel casta\u00f1al\u00f3n.<\/em><\/span><\/strong><\/p>\n<p data-adtags-visited=\"true\"><strong><span style=\"font-size: 14pt;color: #008080\"><em>La seronda lleg\u00f3<br \/>\n<\/em><\/span><\/strong><strong><span style=\"font-size: 14pt;color: #008080\"><em>y nel llume relluma\u2019l carb\u00f3n.<\/em><\/span><\/strong><\/p>\n<p data-adtags-visited=\"true\"><strong><span style=\"font-size: 14pt;color: #008080\"><em>La seronda lleg\u00f3<br \/>\n<\/em><\/span><\/strong><strong><span style=\"font-size: 14pt;color: #008080\"><em>y nel monte la nieve asom\u00f3.<br \/>\n<\/em><\/span><\/strong><strong><span style=\"font-size: 14pt;color: #008080\"><em>Mang\u00e1u enriba una nube\u2019l<br \/>\n<\/em><\/span><\/strong><strong><span style=\"font-size: 14pt;color: #008080\"><em>Nuberu pas\u00f3<\/em><\/span><\/strong><\/p>\n<p style=\"text-align: center\" data-adtags-visited=\"true\"><a href=\"http:\/\/www.goear.com\/embed\/sound\/4c2562f\">http:\/\/www.goear.com\/embed\/sound\/4c2562f<\/a><\/p>\n<p><span style=\"color: #993300\"><em><span style=\"font-size: 14pt\"><strong>CANCI\u00d3N\u00a0 DE\u00a0 LA\u00a0 SERONDA<\/strong><\/span><\/em><\/span><\/p>\n<p><span style=\"color: #993300\"><em><span style=\"font-size: 14pt\">Y\u00e1 pesll\u00f3\u00b4l branu la puerta<\/span><\/em><\/span><br \/>\n<span style=\"color: #993300\"><em><span style=\"font-size: 14pt\">nun relluma\u00b4l sol<\/span><\/em><\/span><br \/>\n<span style=\"color: #993300\"><em><span style=\"font-size: 14pt\">ta\u00b4l suelu enllenu de fueyes<\/span><\/em><\/span><br \/>\n<span style=\"color: #993300\"><em><span style=\"font-size: 14pt\">que\u00b4l vientu tir\u00f3.<\/span><\/em><\/span><\/p>\n<p><span style=\"color: #993300\"><em><span style=\"font-size: 14pt\">Picando lle\u00f1a ta un vieyu baxo\u00b4l horreo<\/span><\/em><\/span><br \/>\n<span style=\"color: #993300\"><em><span style=\"font-size: 14pt\">pa\u00f1a casta\u00f1es la vieya nel casta\u00f1al\u00f3n<\/span><\/em><\/span><br \/>\n<span style=\"color: #993300\"><em><span style=\"font-size: 14pt\">la seronda lleg\u00f3 y nel llume relluma\u00b4l carb\u00f3n.<\/span><\/em><\/span><\/p>\n<p><span style=\"color: #993300\"><em><span style=\"font-size: 14pt\">Mang\u00e1u enriba una \u00f1ube \u00d1uberu pas\u00f3.<\/span><\/em><\/span><br \/>\n<span style=\"color: #993300\"><em><span style=\"font-size: 14pt\">Y\u00e1 pesll\u00f3\u00b4l branu la puerta<\/span><\/em><\/span><br \/>\n<span style=\"color: #993300\"><em><span style=\"font-size: 14pt\">nun relluma\u00b4l sol<\/span><\/em><\/span><br \/>\n<span style=\"color: #993300\"><em><span style=\"font-size: 14pt\">ta\u00b4l suelu enllenu de fueyes<\/span><\/em><\/span><br \/>\n<span style=\"color: #993300\"><em><span style=\"font-size: 14pt\">que\u00b4l vientu tir\u00f3.<\/span><\/em><\/span><\/p>\n<p><span style=\"color: #993300\"><em><span style=\"font-size: 14pt\">Picando lle\u00f1a ta un vieyu baxo\u00b4l horreo<\/span><\/em><\/span><br \/>\n<span style=\"color: #993300\"><em><span style=\"font-size: 14pt\">pa\u00f1a casta\u00f1es la vieya nel casta\u00f1al\u00f3n<\/span><\/em><\/span><br \/>\n<span style=\"color: #993300\"><em><span style=\"font-size: 14pt\">la seronda lleg\u00f3, y nel monte la \u00f1eve asom\u00f3<\/span><\/em><\/span><br \/>\n<span style=\"color: #993300\"><em><span style=\"font-size: 14pt\">mang\u00e1u enriba una \u00f1ube \u00d1uberu pas\u00f3.<\/span><\/em><\/span><br \/>\n<span style=\"color: #993300\"><em><span style=\"font-size: 14pt\">mang\u00e1u enriba una \u00f1ube \u00d1uberu pas\u00f3.<\/span><\/em><\/span><\/p>\n<hr \/>\n<p style=\"text-align: center\" data-adtags-visited=\"true\"><a href=\"https:\/\/fotografias.antena3.com\/clipping\/cmsimages02\/2021\/09\/08\/B46D84CA-4A0A-4F78-AE94-B2B01241BE3A\/98.jpg?crop=714,402,x284,y0&amp;width=1900&amp;height=1069&amp;optimize=low&amp;format=webply\"><img loading=\"lazy\" decoding=\"async\" class=\"alignnone\" src=\"https:\/\/fotografias.antena3.com\/clipping\/cmsimages02\/2021\/09\/08\/B46D84CA-4A0A-4F78-AE94-B2B01241BE3A\/98.jpg?crop=714,402,x284,y0&amp;width=1900&amp;height=1069&amp;optimize=low&amp;format=webply\" alt=\"\" width=\"670\" height=\"377\" \/><\/a><\/p>\n<p style=\"text-align: center\" data-adtags-visited=\"true\"><a href=\"https:\/\/fotografias.antena3.com\/clipping\/cmsimages02\/2021\/09\/21\/6DDF3A3D-EFF4-431C-911F-21BD3B30C7E8\/98.jpg?crop=1280,720,x0,y67&amp;width=1900&amp;height=1069&amp;optimize=low&amp;format=webply\"><img loading=\"lazy\" decoding=\"async\" class=\"alignnone\" src=\"https:\/\/fotografias.antena3.com\/clipping\/cmsimages02\/2021\/09\/21\/6DDF3A3D-EFF4-431C-911F-21BD3B30C7E8\/98.jpg?crop=1280,720,x0,y67&amp;width=1900&amp;height=1069&amp;optimize=low&amp;format=webply\" alt=\"\" width=\"683\" height=\"384\" \/><\/a><\/p>\n<p data-adtags-visited=\"true\">\n<\/div>\n","protected":false},"excerpt":{"rendered":"<p>ACCESU A\u00a0 CARPETA PROFES ONEDRIVE Cantamos: La Seronda Nesti tema tamos viendo les estaciones del a\u00f1u. Como y\u00e1 sab\u00e9is tamos na estaci\u00f3n de LA SERONDA. Vamos sentir esti guapu cantar de Nacho Fonseca y lleer la lletra, que, en realid\u00e1, ye un poema: Y\u00e1 pesll\u00f3\u2019l branu la puerta, nun relluma\u2019l sol, ta\u2019l suelu enllenu de [&hellip;]<\/p>\n","protected":false},"author":117,"featured_media":0,"parent":271,"menu_order":0,"comment_status":"closed","ping_status":"closed","template":"","meta":{"footnotes":""},"class_list":["post-2703","page","type-page","status-publish","hentry","post-preview"],"_links":{"self":[{"href":"https:\/\/edublog.educastur.es\/ixuxullingua\/wp-json\/wp\/v2\/pages\/2703","targetHints":{"allow":["GET"]}}],"collection":[{"href":"https:\/\/edublog.educastur.es\/ixuxullingua\/wp-json\/wp\/v2\/pages"}],"about":[{"href":"https:\/\/edublog.educastur.es\/ixuxullingua\/wp-json\/wp\/v2\/types\/page"}],"author":[{"embeddable":true,"href":"https:\/\/edublog.educastur.es\/ixuxullingua\/wp-json\/wp\/v2\/users\/117"}],"replies":[{"embeddable":true,"href":"https:\/\/edublog.educastur.es\/ixuxullingua\/wp-json\/wp\/v2\/comments?post=2703"}],"version-history":[{"count":12,"href":"https:\/\/edublog.educastur.es\/ixuxullingua\/wp-json\/wp\/v2\/pages\/2703\/revisions"}],"predecessor-version":[{"id":2855,"href":"https:\/\/edublog.educastur.es\/ixuxullingua\/wp-json\/wp\/v2\/pages\/2703\/revisions\/2855"}],"up":[{"embeddable":true,"href":"https:\/\/edublog.educastur.es\/ixuxullingua\/wp-json\/wp\/v2\/pages\/271"}],"wp:attachment":[{"href":"https:\/\/edublog.educastur.es\/ixuxullingua\/wp-json\/wp\/v2\/media?parent=2703"}],"curies":[{"name":"wp","href":"https:\/\/api.w.org\/{rel}","templated":true}]}}