{"id":271,"date":"2020-07-24T21:18:14","date_gmt":"2020-07-24T21:18:14","guid":{"rendered":"https:\/\/edublog.educastur.es\/ixuxullingua\/?page_id=271"},"modified":"2022-03-03T23:33:36","modified_gmt":"2022-03-03T21:33:36","slug":"05-primer-trimestre","status":"publish","type":"page","link":"https:\/\/edublog.educastur.es\/ixuxullingua\/2-segundu\/segundu-21-22\/05-primer-trimestre\/","title":{"rendered":"05) Primer trimestre"},"content":{"rendered":"<p style=\"text-align: center\"><span style=\"text-decoration: underline;font-size: 18pt;color: #008080\"><em><strong>Carpeta ISA 1\u00ba Trimestre<\/strong><\/em><\/span><\/p>\n<p style=\"text-align: center\"><a href=\"https:\/\/educastur-my.sharepoint.com\/:f:\/g\/personal\/isabellh_educastur_org\/EqAIYmf0EfNLhpor2sSj7nUBLXdX6GzAV8Ql2laEgUe4nQ?e=gUOrxY\"><span style=\"font-size: 14pt;color: #800080\"><em><strong>Carpeta SEGUNDU Cursu 2021-2022<\/strong><\/em><\/span><\/a><\/p>\n<p style=\"text-align: center\"><a href=\"https:\/\/educastur-my.sharepoint.com\/:f:\/g\/personal\/isabellh_educastur_org\/EqAIYmf0EfNLhpor2sSj7nUBLXdX6GzAV8Ql2laEgUe4nQ?e=gUOrxY\"><img loading=\"lazy\" decoding=\"async\" class=\"aligncenter wp-image-820\" src=\"http:\/\/edublog.educastur.es\/ixuxullingua\/files\/2020\/08\/00_segundu.png\" alt=\"\" width=\"171\" height=\"140\" srcset=\"https:\/\/edublog.educastur.es\/ixuxullingua\/files\/2020\/08\/00_segundu.png 424w, https:\/\/edublog.educastur.es\/ixuxullingua\/files\/2020\/08\/00_segundu-300x246.png 300w\" sizes=\"auto, (max-width: 171px) 100vw, 171px\" \/><\/a><\/p>\n<hr \/>\n<ul>\n<li><strong><span style=\"color: #008080\"><em><span style=\"font-size: 14pt\"><a href=\"https:\/\/edublog.educastur.es\/ixuxullingua\/2-segundu\/05-2020-avientu\/00-la-seronda\/\">Sesi\u00f3n_00\u00a0 LA SERONDA<\/a> \/ <\/span><\/em><\/span><\/strong><a href=\"https:\/\/educastur-my.sharepoint.com\/:f:\/g\/personal\/isabellh_educastur_org\/EjBX4IMXKTJLtbik-I5UuNQBy2pgosyv1jAqVQ_tlCZK7g?e=OSUy0B\"><span style=\"color: #800080\"><em><span style=\"font-size: 14pt\">Carpeta profes<\/span><\/em><\/span><\/a><\/li>\n<li><a href=\"https:\/\/edublog.educastur.es\/ixuxullingua\/musica\/cancios\/l-asturianu-sal-con-nos\"><em>Canci\u00f3n Reciella 2021<\/em>\u00a0 <em><span style=\"font-size: 14pt\"><strong>L&#8217;Asturianu sal con n\u00f3s<\/strong><\/span><\/em><\/a><\/li>\n<\/ul>\n<ul>\n<li><a href=\"https:\/\/edublog.educastur.es\/ixuxu\/2021\/09\/lasturianu-sal-con-nos-el-cantar-de-xaime-martinez-pal-dia-de-la-reciella\/\">P\u00e1xina blogue Ixux\u00fa<\/a> \/<a href=\"https:\/\/www.youtube.com\/watch?v=uMMCl_1tfdg\"> Youtube<\/a> \/ Lletra Word \/<\/li>\n<\/ul>\n<p><img loading=\"lazy\" decoding=\"async\" class=\"alignnone \" src=\"https:\/\/encrypted-tbn0.gstatic.com\/images?q=tbn:ANd9GcTR28kVyfgd3qwCkn2ICP6JNBpKea-RZS3fF5sLEuFyAkmWuml3Qyn-alg-FidZmJD8Ug&amp;usqp=CAU\" width=\"413\" height=\"44\" \/><\/p>\n<ul>\n<li><em><span style=\"font-size: 14pt\"><a href=\"https:\/\/edublog.educastur.es\/ixuxullingua\/2-segundu\/05-2020-avientu\/\"><strong>P\u00e1xina Primer Trimestre<\/strong><\/a><\/span><\/em><\/li>\n<li><strong><span style=\"color: #008080\"><em><span style=\"font-size: 14pt\"><a href=\"https:\/\/edublog.educastur.es\/ixuxullingua\/2-segundu\/05-2020-avientu\/01-el-colexu\/\">Sesi\u00f3n 01\u00a0 El Colexu<\/a> \/\u00a0 <\/span><\/em><\/span><\/strong><a href=\"https:\/\/educastur-my.sharepoint.com\/:f:\/g\/personal\/isabellh_educastur_org\/ElNLp428I2VPpkP_5GGNuwABhxTz1MqOFc7KytyvGVT5CQ?e=M7GIMW\"><span style=\"color: #800080\"><em><span style=\"font-size: 14pt\">Carpeta profes<\/span><\/em><\/span><\/a><\/li>\n<li><strong><span style=\"color: #008080\"><em><span style=\"font-size: 14pt\"><a href=\"https:\/\/edublog.educastur.es\/ixuxullingua\/2-segundu\/05-2020-avientu\/02-caseria\/\">Sesi\u00f3n 02\u00a0 La Quintana o caser\u00eda asturiana<\/a> \/\u00a0 <\/span><\/em><\/span><\/strong><a href=\"https:\/\/educastur-my.sharepoint.com\/:f:\/g\/personal\/isabellh_educastur_org\/EhJzA_hFzHhBhrWoFQVTdQQBSMiVdLBpcxZRorpgL0WNjA?e=2LC5cx\"><span style=\"color: #800080\"><em><span style=\"font-size: 14pt\">Carpeta profes<\/span><\/em><\/span><\/a><\/li>\n<li><em><span style=\"font-size: 14pt\"><a href=\"https:\/\/edublog.educastur.es\/ixuxullingua\/2-segundu\/05-2020-avientu\/03-granxa-nel\/\">03 Canciu: <strong>La granxa de Nel<\/strong><\/a><\/span><\/em><\/li>\n<li><strong><span style=\"color: #008080\"><em><span style=\"font-size: 14pt\"><a href=\"https:\/\/edublog.educastur.es\/ixuxullingua\/2-segundu\/05-2020-avientu\/03-granxa-sandra\/\">Sesi\u00f3n 03\u00a0 La granxa de Sandra<\/a> \/\u00a0 <\/span><\/em><\/span><\/strong><a href=\"https:\/\/educastur-my.sharepoint.com\/:f:\/g\/personal\/isabellh_educastur_org\/Ethx48BtveNFol-yDWm0mrIBca_heamFJuzAoMo7y62TiA?e=myArEk\"><span style=\"color: #800080\"><em><span style=\"font-size: 14pt\">Carpeta profes<\/span><\/em><\/span><\/a><\/li>\n<li><a href=\"https:\/\/edublog.educastur.es\/ixuxullingua\/2-segundu\/segundu-21-22\/05-primer-trimestre\/sopa-lletres\"><em><span style=\"font-size: 14pt\">SOPA LLETRES: <strong>Meses del a\u00f1u y d\u00edes de la selmana<\/strong><\/span><\/em><\/a><\/li>\n<li><span style=\"font-size: 14pt\"><em><a href=\"https:\/\/edublog.educastur.es\/ixuxullingua\/2-segundu\/segundu-21-22\/05-primer-trimestre\/estaciones-y-tiempu\">Estaciones y Tiempu atmosf\u00e9ricu<\/a> \/ <a href=\"https:\/\/educastur-my.sharepoint.com\/:f:\/g\/personal\/isabellh_educastur_org\/ErmghEx0YrhIpt_TSVbcOhIBSqGpfJNl9f0MmudAnu2QHw?e=g8T3HL\"><span style=\"color: #800080\">Carpeta profes<\/span><\/a><\/em><\/span><\/li>\n<li><em><span style=\"font-size: 14pt\"><strong>La mona Coca: <a href=\"https:\/\/educastur-my.sharepoint.com\/:b:\/g\/personal\/isabellh_educastur_org\/Ea4yfiL3RXVFruX8Ki0ORFoB-NytVR6ND51RD5Gx7Uf7Fw?e=6uegE1\">GU\u00cdA<\/a><\/strong> \/ <a href=\"https:\/\/educastur-my.sharepoint.com\/:u:\/g\/personal\/isabellh_educastur_org\/EadBa70WBw9CryWCYca_iU4B97JF1ha4HjLLKAuzQfKLxw?e=b6LIR9\">Audio<\/a> \/<a href=\"https:\/\/educastur-my.sharepoint.com\/:b:\/g\/personal\/isabellh_educastur_org\/EQJF5eyK_M1MmjKAkgBBKnsB4Nw-RcsprFCxRllaTxilcg?e=4Mu12a\"> Llectura<\/a> \/ <a href=\"https:\/\/educastur-my.sharepoint.com\/:f:\/g\/personal\/isabellh_educastur_org\/Ej6Ws1AXZkBMlAzgxxx6HzoBrvdpaImU2DkbRo1kzJWo_Q?e=KiYawL\">Carpeta profes<\/a><\/span><\/em><\/li>\n<li><em><span style=\"font-size: 14pt\"><strong>Esbardina y el miel<\/strong>:\/ <strong><a href=\"https:\/\/edublog.educastur.es\/ixuxullingua\/primeru\/primeru-21-22\/05-primer-trimestre\/esbardina\/\">P\u00e1xina ver<\/a><\/strong>\/ <a href=\"https:\/\/educastur-my.sharepoint.com\/:u:\/g\/personal\/isabellh_educastur_org\/EZ40B2ElcJhNoE8li3gU4R4BZ8mDeQOgc3cNDWUamzvrRg?e=dfjsdL\">Audio<\/a> \/ <a href=\"https:\/\/educastur-my.sharepoint.com\/:i:\/g\/personal\/isabellh_educastur_org\/EU1ZI7OqtLpCqu3zIPJsTRkBLnaOwc6BTaKNZD1QmZ5zQQ?e=3i2Kvk\">Llectura<\/a> \/ <a href=\"https:\/\/educastur-my.sharepoint.com\/:f:\/g\/personal\/isabellh_educastur_org\/EnKYSjeKiGtGpUXIPn2nx7oB_-WxL4TamSE7cXapsSMfHg?e=5pdcFs\">Carpeta profes<\/a><\/span><\/em><\/li>\n<li><span style=\"font-size: 14pt\"><em><strong>Nun queremos dir al zoo:<\/strong> <a href=\"https:\/\/educastur-my.sharepoint.com\/:u:\/g\/personal\/isabellh_educastur_org\/EZT3rtOFfzBOrKiYlyH_pqEBL7cTXnIQIkwpM9SDLLdZ8g?e=23xWu4\">Audio<\/a> \/ <a href=\"https:\/\/educastur-my.sharepoint.com\/:i:\/g\/personal\/isabellh_educastur_org\/ETdo13lnkN1LoJc3hchoVW4BdimWLaNUg8b83qt39ydPxw?e=wzcbGg\">Llectura<\/a> \/ <a href=\"https:\/\/www.youtube.com\/watch?v=3r_qPdG2BzE\">Video Youtube<\/a> \/ <a href=\"https:\/\/educastur-my.sharepoint.com\/:f:\/g\/personal\/isabellh_educastur_org\/Ev8WTc97HwREirsi6tKNq8EBHN6ZQUsznAFWqwrvv-kNsg?e=zG2QlI\">Carpeta profes<\/a><\/em><\/span><\/li>\n<li><strong><span style=\"color: #008080\"><em><span style=\"font-size: 14pt\"><a href=\"https:\/\/edublog.educastur.es\/ixuxullingua\/2-segundu\/segundu-21-22\/05-primer-trimestre\/04-lupo\">Sesi\u00f3n 04\u00a0 El perru Lupo<\/a> \/\u00a0 <\/span><\/em><\/span><\/strong><a href=\"https:\/\/educastur-my.sharepoint.com\/:f:\/g\/personal\/isabellh_educastur_org\/Ejm_MIylC31Eku7LfRO75rYBqJ54ou4vzMbJNC8QsdACXw?e=VAihbG\"><span style=\"color: #800080\"><em><span style=\"font-size: 14pt\">Carpeta profes<\/span><\/em><\/span><\/a><\/li>\n<li><a href=\"https:\/\/edublog.educastur.es\/ixuxullingua\/2-segundu\/segundu-21-22\/05-primer-trimestre\/el-maiz\"><span style=\"font-size: 14pt\"><em><strong>Sesi\u00f3n 05 El ma\u00edz<\/strong><\/em><\/span><\/a><\/li>\n<li><em><a href=\"https:\/\/edublog.educastur.es\/ixuxullingua\/2-segundu\/segundu-21-22\/05-primer-trimestre\/guertu\">Gu\u00eda<strong> EL GUERTU ECOL\u00d3XICU n&#8217;ASTURIES ver productos de la g\u00fcerta<\/strong><\/a><\/em><\/li>\n<\/ul>\n","protected":false},"excerpt":{"rendered":"<p>Carpeta ISA 1\u00ba Trimestre Carpeta SEGUNDU Cursu 2021-2022 Sesi\u00f3n_00\u00a0 LA SERONDA \/ Carpeta profes Canci\u00f3n Reciella 2021\u00a0 L&#8217;Asturianu sal con n\u00f3s P\u00e1xina blogue Ixux\u00fa \/ Youtube \/ Lletra Word \/ P\u00e1xina Primer Trimestre Sesi\u00f3n 01\u00a0 El Colexu \/\u00a0 Carpeta profes Sesi\u00f3n 02\u00a0 La Quintana o caser\u00eda asturiana \/\u00a0 Carpeta profes 03 Canciu: La granxa de [&hellip;]<\/p>\n","protected":false},"author":117,"featured_media":0,"parent":2744,"menu_order":0,"comment_status":"closed","ping_status":"closed","template":"","meta":{"footnotes":""},"class_list":["post-271","page","type-page","status-publish","hentry","post-preview"],"_links":{"self":[{"href":"https:\/\/edublog.educastur.es\/ixuxullingua\/wp-json\/wp\/v2\/pages\/271","targetHints":{"allow":["GET"]}}],"collection":[{"href":"https:\/\/edublog.educastur.es\/ixuxullingua\/wp-json\/wp\/v2\/pages"}],"about":[{"href":"https:\/\/edublog.educastur.es\/ixuxullingua\/wp-json\/wp\/v2\/types\/page"}],"author":[{"embeddable":true,"href":"https:\/\/edublog.educastur.es\/ixuxullingua\/wp-json\/wp\/v2\/users\/117"}],"replies":[{"embeddable":true,"href":"https:\/\/edublog.educastur.es\/ixuxullingua\/wp-json\/wp\/v2\/comments?post=271"}],"version-history":[{"count":19,"href":"https:\/\/edublog.educastur.es\/ixuxullingua\/wp-json\/wp\/v2\/pages\/271\/revisions"}],"predecessor-version":[{"id":3270,"href":"https:\/\/edublog.educastur.es\/ixuxullingua\/wp-json\/wp\/v2\/pages\/271\/revisions\/3270"}],"up":[{"embeddable":true,"href":"https:\/\/edublog.educastur.es\/ixuxullingua\/wp-json\/wp\/v2\/pages\/2744"}],"wp:attachment":[{"href":"https:\/\/edublog.educastur.es\/ixuxullingua\/wp-json\/wp\/v2\/media?parent=271"}],"curies":[{"name":"wp","href":"https:\/\/api.w.org\/{rel}","templated":true}]}}