{"id":2728,"date":"2021-09-23T19:22:51","date_gmt":"2021-09-23T17:22:51","guid":{"rendered":"https:\/\/edublog.educastur.es\/ixuxullingua\/?page_id=2728"},"modified":"2021-11-14T13:34:05","modified_gmt":"2021-11-14T11:34:05","slug":"03-granxa-sandra","status":"publish","type":"page","link":"https:\/\/edublog.educastur.es\/ixuxullingua\/2-segundu\/segundu-21-22\/05-primer-trimestre\/03-granxa-sandra\/","title":{"rendered":"03 Granxa Sandra"},"content":{"rendered":"<ul>\n<li><span style=\"font-size: 14pt\"><a href=\"https:\/\/educastur-my.sharepoint.com\/:u:\/g\/personal\/isabellh_educastur_org\/ES8hHALuPMpDg1LyPs1dVMsBHtLR4cZ-ZcS3I8H-IL6JQw?e=YrBnP3\"><strong>Audio<\/strong><\/a><\/span><\/li>\n<li><span style=\"font-size: 14pt\"><em><strong>Cuentu: <\/strong><a href=\"https:\/\/educastur-my.sharepoint.com\/:i:\/g\/personal\/isabellh_educastur_org\/EUB1Ffu_fJxOrZn13glwxD0B3jpLbR9Q2hOmzmvFhJVNhA?e=P4d8iV\">preguntes<\/a> <a href=\"https:\/\/educastur-my.sharepoint.com\/:i:\/g\/personal\/isabellh_educastur_org\/EWUblNjR12tKhr3-pcgXSWgBLq0rlWgvZSjXknBekDI5WQ?e=ZOJ5Hc\">\u00a0\/p\u00e1xina 1<\/a> \/ <\/em><\/span><a href=\"https:\/\/educastur-my.sharepoint.com\/:i:\/g\/personal\/isabellh_educastur_org\/ETF9hMXaAc1Ai4CN6zkc87gBgdzEHh7PZzDbE2Xnr28fJQ?e=5hDB0f\"><span style=\"font-size: 14pt\"><em>p\u00e1xina 2<\/em><\/span><\/a><\/li>\n<\/ul>\n<hr \/>\n<p><em><span style=\"font-size: 14pt\"><strong>\u00ab<span style=\"color: #008080\">La granxa de Sandra\u00bb. Completa:<\/span><br \/>\n<\/strong><strong><br \/>\n<\/strong>Sandra ye una _____________________________ que tien una ______________________________.<\/span><\/em><br \/>\n<em><span style=\"font-size: 14pt\">Sandra vive nun _____________________________ que se llama __________________________________.<\/span><\/em><br \/>\n<em><span style=\"font-size: 14pt\">Un d\u00eda, Sandra ___________________ un especial pa los _______________________________<\/span><\/em><em><span style=\"font-size: 14pt\">de la granxa.<br \/>\nEnt\u00f3s, empezaron a ____________________________ coses mui _________________________________ .<br \/>\nLes ________________________________ quer\u00eden dir en tren.<\/span><\/em><br \/>\n<em><span style=\"font-size: 14pt\">El ____________________________ \u00a0empez\u00f3 a falar\u00a0 n\u00b4ingl\u00e9s.<br \/>\nEl ________________________ \u00a0quer\u00eda xintar na _____________________________<br \/>\ny col mantel como les _______________________________ . <\/span><\/em><br \/>\n<em><span style=\"font-size: 14pt\">El burru taba ______________________________ n\u00b4aprender<br \/>\na __________________________ cuentes.<\/span><\/em><\/p>\n<p><em><span style=\"color: #008080;font-size: 14pt\"><strong>Entrugues:<\/strong><\/span><\/em><\/p>\n<p><em><span style=\"font-size: 14pt\">1) \u00bf\u00d3nde ta la granxa de Sandra? <\/span><\/em><br \/>\n<em><span style=\"font-size: 14pt\">2) \u00bfQu\u00e9 invent\u00f3 Sandra? <\/span><\/em><br \/>\n<em><span style=\"font-size: 14pt\">3) \u00bfQui\u00e9nes quer\u00eden trabayar de camarenos? <\/span><\/em><br \/>\n<em><span style=\"font-size: 14pt\">4) \u00bfQui\u00e9n quer\u00eda facese dibuxante? <\/span><\/em><br \/>\n<em><span style=\"font-size: 14pt\">5) \u00bfQu\u00e9 animales hai na granxa de Sandra?<\/span> <\/em><\/p>\n<p>&nbsp;<\/p>\n<hr \/>\n<p>Repasamos los animales n&#8217;asturianu:<\/p>\n<ul>\n<li>Cartelos: <a href=\"https:\/\/educastur-my.sharepoint.com\/:i:\/g\/personal\/isabellh_educastur_org\/EdagZPJrjhNEjGTNoB0XFtIBRVoCwJGXpOOLeMil1N07OA?e=sOmejn\">P\u00c1XAROS zona oocdental<\/a> \/<a href=\"https:\/\/educastur-my.sharepoint.com\/:i:\/g\/personal\/isabellh_educastur_org\/EYqpGxTpx9VCpxKAJBiE-ysBV7vluLCvQ9yKcy7tPYgXeg?e=WnzyMi\"> FAUNA zona occidental<\/a><\/li>\n<\/ul>\n<p><img loading=\"lazy\" decoding=\"async\" class=\"aligncenter\" src=\"https:\/\/encrypted-tbn0.gstatic.com\/images?q=tbn:ANd9GcTR28kVyfgd3qwCkn2ICP6JNBpKea-RZS3fF5sLEuFyAkmWuml3Qyn-alg-FidZmJD8Ug&amp;usqp=CAU\" width=\"281\" height=\"30\" \/><\/p>\n<ul>\n<li><a href=\"https:\/\/drive.google.com\/file\/d\/10lMrsAsteE6dFHu0X6fWe-8Y_PuHGubW\/preview\">P\u00e1xina 16 a 21<\/a><\/li>\n<\/ul>\n\n<!-- iframe plugin v.6.0 wordpress.org\/plugins\/iframe\/ -->\n<iframe loading=\"lazy\" src=\"https:\/\/drive.google.com\/file\/d\/10lMrsAsteE6dFHu0X6fWe-8Y_PuHGubW\/preview\" width=\"640\" height=\"860\" allow=\"autoplay\" 0=\"\/iframe\" scrolling=\"yes\" class=\"iframe-class\" frameborder=\"0\"><\/iframe>\n\n<p><img loading=\"lazy\" decoding=\"async\" class=\"aligncenter\" src=\"https:\/\/encrypted-tbn0.gstatic.com\/images?q=tbn:ANd9GcTR28kVyfgd3qwCkn2ICP6JNBpKea-RZS3fF5sLEuFyAkmWuml3Qyn-alg-FidZmJD8Ug&amp;usqp=CAU\" width=\"281\" height=\"30\" \/><\/p>\n<p style=\"text-align: center\">\n<!-- iframe plugin v.6.0 wordpress.org\/plugins\/iframe\/ -->\n<iframe loading=\"lazy\" src=\"https:\/\/drive.google.com\/file\/d\/1DbMXZGRk7vIbljsj-lWRRBI3IANZXw2I\/preview\" width=\"640\" height=\"480\" allow=\"autoplay\" 0=\"\/iframe\" scrolling=\"yes\" class=\"iframe-class\" frameborder=\"0\"><\/iframe>\n<\/p>\n<ul>\n<li><a href=\"https:\/\/drive.google.com\/drive\/u\/1\/folders\/1Idmy51eit5bH9aKVhK8etpBUaiplzfzm\">Presentaci\u00f3n diapositives<\/a> \/ <a href=\"https:\/\/drive.google.com\/file\/d\/1DbMXZGRk7vIbljsj-lWRRBI3IANZXw2I\/preview\">PDF<\/a>\n<div class=\"ULSxyf\">\n<div class=\"g mnr-c g-blk\" lang=\"es-ES\" data-hveid=\"CAQQAA\" data-ved=\"2ahUKEwjKj9Gh2pf0AhUyB2MBHT-QCPEQjDYoAHoECAQQAA\">\n<div class=\"kp-blk c2xzTb\"><\/div>\n<\/div>\n<\/div>\n<div class=\"yp1CPe wDYxhc NFQFxe viOShc LKPcQc\" lang=\"es-ES\" data-md=\"471\">\n<div>\n<div class=\"V3FYCf\">\n<div class=\"wDYxhc\" lang=\"es-ES\" data-md=\"61\">\n<div class=\"LGOjhe\" role=\"heading\" data-attrid=\"wa:\/description\" data-hveid=\"CAcQAA\"><span class=\"ILfuVd\"><span class=\"hgKElc\">N&#8217;<b>Asturies<\/b> hai siete races aut\u00f3ctones, esto ye, propies del llugar que nam\u00e1i se dan equ\u00ed. \u00c9stes son l&#8217;asturc\u00f3n, el gochu asturcelta, la pita pinta, la cabra bermeya, la oveya xalda, la vaca casina y la vaca asturiana de los valles.<\/span><\/span><\/div>\n<\/div>\n<\/div>\n<\/div>\n<\/div>\n<div role=\"heading\" data-attrid=\"wa:\/description\" data-hveid=\"CAcQAA\"><img loading=\"lazy\" decoding=\"async\" class=\"aligncenter\" src=\"https:\/\/encrypted-tbn0.gstatic.com\/images?q=tbn:ANd9GcTR28kVyfgd3qwCkn2ICP6JNBpKea-RZS3fF5sLEuFyAkmWuml3Qyn-alg-FidZmJD8Ug&amp;usqp=CAU\" width=\"281\" height=\"30\" \/><\/div>\n<\/li>\n<\/ul>\n<p style=\"text-align: center\">\n<!-- iframe plugin v.6.0 wordpress.org\/plugins\/iframe\/ -->\n<iframe loading=\"lazy\" src=\"https:\/\/drive.google.com\/file\/d\/1_BciYEYXBxfpS8Yl5qjeheH3gSrqjGGa\/preview\" width=\"640\" height=\"860\" allow=\"autoplay\" 0=\"\/iframe\" scrolling=\"yes\" class=\"iframe-class\" frameborder=\"0\"><\/iframe>\n<\/p>\n<ul>\n<li><em><span style=\"color: #008080\">P\u00e1xina 3 a 9:<\/span><\/em><strong><em><span style=\"color: #008080\"> Los animales <\/span><\/em><\/strong><em><span style=\"color: #008080\">y Canciu<\/span><\/em><strong><em><span style=\"color: #008080\"> \u00abLa granxa de Nel\u00bb<\/span><\/em><br \/>\n<\/strong><\/li>\n<\/ul>\n","protected":false},"excerpt":{"rendered":"<p>Audio Cuentu: preguntes \u00a0\/p\u00e1xina 1 \/ p\u00e1xina 2 \u00abLa granxa de Sandra\u00bb. Completa: Sandra ye una _____________________________ que tien una ______________________________. Sandra vive nun _____________________________ que se llama __________________________________. Un d\u00eda, Sandra ___________________ un especial pa los _______________________________de la granxa. Ent\u00f3s, empezaron a ____________________________ coses mui _________________________________ . Les ________________________________ quer\u00eden dir en tren. El [&hellip;]<\/p>\n","protected":false},"author":117,"featured_media":0,"parent":271,"menu_order":0,"comment_status":"closed","ping_status":"closed","template":"","meta":{"footnotes":""},"class_list":["post-2728","page","type-page","status-publish","hentry","post-preview"],"_links":{"self":[{"href":"https:\/\/edublog.educastur.es\/ixuxullingua\/wp-json\/wp\/v2\/pages\/2728","targetHints":{"allow":["GET"]}}],"collection":[{"href":"https:\/\/edublog.educastur.es\/ixuxullingua\/wp-json\/wp\/v2\/pages"}],"about":[{"href":"https:\/\/edublog.educastur.es\/ixuxullingua\/wp-json\/wp\/v2\/types\/page"}],"author":[{"embeddable":true,"href":"https:\/\/edublog.educastur.es\/ixuxullingua\/wp-json\/wp\/v2\/users\/117"}],"replies":[{"embeddable":true,"href":"https:\/\/edublog.educastur.es\/ixuxullingua\/wp-json\/wp\/v2\/comments?post=2728"}],"version-history":[{"count":12,"href":"https:\/\/edublog.educastur.es\/ixuxullingua\/wp-json\/wp\/v2\/pages\/2728\/revisions"}],"predecessor-version":[{"id":3065,"href":"https:\/\/edublog.educastur.es\/ixuxullingua\/wp-json\/wp\/v2\/pages\/2728\/revisions\/3065"}],"up":[{"embeddable":true,"href":"https:\/\/edublog.educastur.es\/ixuxullingua\/wp-json\/wp\/v2\/pages\/271"}],"wp:attachment":[{"href":"https:\/\/edublog.educastur.es\/ixuxullingua\/wp-json\/wp\/v2\/media?parent=2728"}],"curies":[{"name":"wp","href":"https:\/\/api.w.org\/{rel}","templated":true}]}}