{"id":2843,"date":"2021-09-26T13:43:20","date_gmt":"2021-09-26T11:43:20","guid":{"rendered":"https:\/\/edublog.educastur.es\/ixuxullingua\/?page_id=2843"},"modified":"2021-09-26T13:43:20","modified_gmt":"2021-09-26T11:43:20","slug":"les-mentires","status":"publish","type":"page","link":"https:\/\/edublog.educastur.es\/ixuxullingua\/musica\/cancios\/les-mentires\/","title":{"rendered":"&#8230; les mentires"},"content":{"rendered":"<p>&nbsp;<\/p>\n<p>&nbsp;<\/p>\n<p>&nbsp;<\/p>\n<p>&nbsp;<\/p>\n<p><a href=\"https:\/\/3.bp.blogspot.com\/-fZn8s2bDQzI\/V1WAUdGHzmI\/AAAAAAAAJzw\/684v94e-XoMLlNA-oP2RgtPPPawZSHsFACLcB\/s1600\/non%2Bnun%2Bgatu.jpg\"><img loading=\"lazy\" decoding=\"async\" class=\"alignnone \" src=\"https:\/\/3.bp.blogspot.com\/-fZn8s2bDQzI\/V1WAUdGHzmI\/AAAAAAAAJzw\/684v94e-XoMLlNA-oP2RgtPPPawZSHsFACLcB\/s1600\/non%2Bnun%2Bgatu.jpg\" width=\"618\" height=\"394\" \/><\/a><\/p>\n<ul>\n<li><span style=\"color: #008080\"><em><span style=\"font-size: 18pt\"><strong>Non y Nun: Alverbios y locuciones alverbiales de negaci\u00f3n:<br \/>\nN&#8217;asturianu usamos dos formes pa facer la negaci\u00f3n: <b>NUN<\/b> y <b>NON<\/b>.<br \/>\n<\/strong><\/span><\/em><\/span><\/li>\n<li><a href=\"http:\/\/llinguanelaulamarin.blogspot.com\/2016\/06\/non-y-nun-la-negacion-nasturia.html\"><strong><em>Ver blogue Llingua nel aula<\/em><\/strong><\/a><\/li>\n<\/ul>\n<p><span style=\"font-size: 18pt\"><em>\u00bfTaba Xuan? <b>Non, nun<\/b> taba.<\/em><\/span><br \/>\n<span style=\"font-size: 18pt\"><em><b>Nun<\/b> me da m\u00e1s dicite que <b>non<\/b> (No me importa decirte que no).<\/em><\/span><br \/>\n<span style=\"font-size: 18pt\"><em><b>Nun<\/b> hai que-y lo dicir, <b>non<\/b>. (No hay que dec\u00edrselo, no)<br \/>\n<\/em><\/span><\/p>\n<p><span style=\"color: #008080;font-size: 18pt\"><b><u>NUN<\/u><\/b><\/span><\/p>\n<ul>\n<li><span style=\"font-size: 18pt;color: #008080\"><em><strong>Nun<\/strong> empl\u00e9gase cuando acompa\u00f1a\/precede al verbu o pronome \u00e1tonu que d&#8217;\u00e9l dependa.<\/em><\/span><\/li>\n<li><span style=\"font-size: 18pt\"><span style=\"color: #008080\"><strong><em>Empl\u00e9gase cuandu la negaci\u00f3n precede a verbu o a un pronome personal \u00e1tonu<\/em><\/strong>.<\/span> Por exemplu:<\/span><\/li>\n<\/ul>\n<div>\n<div><em><span style=\"font-size: 18pt\"><b>Nun <\/b><b>valen<\/b> les fueyes.<\/span><\/em><\/div>\n<div><em><span style=\"font-size: 18pt\"><b>Nun<\/b> <b>salgais<\/b> si orbaya.<\/span><\/em><\/div>\n<div><em><span style=\"font-size: 18pt\">Suspendi\u00f3 por <b>nun<\/b> <b>estudiar.\u00a0<\/b><\/span><\/em><\/div>\n<div><em><span style=\"font-size: 18pt\"><b>Nun vos <\/b>manqueis<\/span><\/em><\/div>\n<div><em><span style=\"font-size: 18pt\">Entraron y <b>nun se<\/b> atrevieron a mercalo<\/span><\/em><\/div>\n<div><span style=\"font-size: 18pt\"><em><b>Nun-yos<\/b> tien l&#8217;almuerzu fechu.<\/em><br \/>\n<em>\u00bfQu\u00e9 ganes nun-yos lo diciendo?<\/em><br \/>\n<em>Nun dicir les coses clares trai problemes.<br \/>\nVal m\u00e1s nun-yos lo negar.<br \/>\nNun diciendo les coses clares pierdes cr\u00e9ditu.<\/em><br \/>\n<\/span><\/div>\n<div><\/div>\n<\/div>\n<div><span style=\"color: #008080;font-size: 18pt\"><b><u>NON<br \/>\n<\/u><\/b><\/span><\/div>\n<ul>\n<li><span style=\"font-size: 18pt;color: #008080\"><em><strong>Non \u00fasase nel restu de los casos, ye dicir, n\u00b4emplegos non verbales o solu.<\/strong><\/em><\/span><\/li>\n<li><span style=\"font-size: 18pt\"><em><strong><span style=\"color: #008080\">Ensin verbu y enantes de pausa.<\/span> <\/strong>Empl\u00e9gase nel restu de los casos, como por exemplu:<\/em><\/span><\/li>\n<\/ul>\n<div>\n<p><span style=\"font-size: 18pt\"><em>\u00bfQuies un cach\u00edn de quesu? <b>Non<\/b>, gracies<br \/>\n<b>Non<\/b>, nun yera asina<br \/>\n<\/em><em>La <strong>non<\/strong> violencia y la <b>non<\/b> tolerancia<\/em><br \/>\n<em>Elementu qu\u00edmicu, <strong>non<\/strong> met\u00e1licu.<\/em><br \/>\n<em>El castellanu ye una llingua <strong>non<\/strong> minorizada.<br \/>\nSon especies animales <strong>non<\/strong> protex\u00edes.<br \/>\nEsto ye <strong>non<\/strong> favoratible y nun ye aconseyable.<br \/>\nSon coses <b>non<\/b> de muncha priesa. (Son cosas no de mucha prisa)<br \/>\nTrabayen pel d\u00eda, <b>non<\/b> pela nueche. (Trabajan por el d\u00eda no por la noche)<br \/>\n<\/em><\/span><\/p>\n<p>&nbsp;<\/p>\n<div>\n<div><span style=\"font-size: 18pt\"><b><u>PRAUTICANDO: <\/u><\/b><\/span><em><span style=\"font-size: 18pt\">Pon <b>nun<\/b> y <b>non<\/b> onde correspuenda:<\/span><\/em><\/div>\n<\/div>\n<div>\n<div>\n<div class=\"separator\"><\/div>\n<div class=\"separator\"><a href=\"https:\/\/2.bp.blogspot.com\/-8M98zsP4_SU\/V1WDXuvqXfI\/AAAAAAAAJ0Q\/dDw2p6Embtc6ZmHcibuVB-TCt-2y4JVkwCLcB\/s1600\/non%2By%2Bnun%2B1.jpg\"><img loading=\"lazy\" decoding=\"async\" src=\"https:\/\/2.bp.blogspot.com\/-8M98zsP4_SU\/V1WDXuvqXfI\/AAAAAAAAJ0Q\/dDw2p6Embtc6ZmHcibuVB-TCt-2y4JVkwCLcB\/s640\/non%2By%2Bnun%2B1.jpg\" width=\"640\" height=\"496\" border=\"0\" \/><\/a><\/div>\n<div><a href=\"https:\/\/4.bp.blogspot.com\/-LNINrcjofPA\/V1WHUfK58cI\/AAAAAAAAJ0o\/I3sQe37EbwwdhNbEFAZMb76oFtn2nZxEwCLcB\/s640\/nun%2By%2Bnon%2B2.jpg\"><img loading=\"lazy\" decoding=\"async\" class=\"alignnone \" src=\"https:\/\/4.bp.blogspot.com\/-LNINrcjofPA\/V1WHUfK58cI\/AAAAAAAAJ0o\/I3sQe37EbwwdhNbEFAZMb76oFtn2nZxEwCLcB\/s640\/nun%2By%2Bnon%2B2.jpg\" width=\"612\" height=\"364\" \/><\/a><\/div>\n<div><a href=\"https:\/\/3.bp.blogspot.com\/-mbHzQ2-dEh0\/V1WM5-BbDPI\/AAAAAAAAJ04\/wKr_eOosgeAW6Wi_IakmmLImzh4gbWp8QCLcB\/s640\/carpanta%2Bnon%2By%2Bnun.jpg\"><img loading=\"lazy\" decoding=\"async\" class=\"alignnone \" src=\"https:\/\/3.bp.blogspot.com\/-mbHzQ2-dEh0\/V1WM5-BbDPI\/AAAAAAAAJ04\/wKr_eOosgeAW6Wi_IakmmLImzh4gbWp8QCLcB\/s640\/carpanta%2Bnon%2By%2Bnun.jpg\" width=\"608\" height=\"216\" \/><\/a><\/div>\n<div><a href=\"https:\/\/2.bp.blogspot.com\/-LClOFjCz3nE\/V1WQFjgKLjI\/AAAAAAAAJ1E\/oMu4Ort170ATlvkfli3w0mmjkIESbdfoQCLcB\/s640\/zipi%2By%2Bzape%2Bnun%2By%2Bnon.jpg\"><img loading=\"lazy\" decoding=\"async\" class=\"alignnone \" src=\"https:\/\/2.bp.blogspot.com\/-LClOFjCz3nE\/V1WQFjgKLjI\/AAAAAAAAJ1E\/oMu4Ort170ATlvkfli3w0mmjkIESbdfoQCLcB\/s640\/zipi%2By%2Bzape%2Bnun%2By%2Bnon.jpg\" width=\"595\" height=\"396\" \/><\/a><\/div>\n<div><a href=\"https:\/\/3.bp.blogspot.com\/-HrlE20UD7kU\/V1biIYb4EfI\/AAAAAAAAJ14\/VdWg2CQCeC4mFKbc9gtnccsg7bSV6wCkgCPcBGAYYCw\/s1600\/non%2Bnun%2Bvi%25C3%25B1etes%2Bbocadillos.jpg\"><img loading=\"lazy\" decoding=\"async\" class=\"alignnone size-full\" src=\"https:\/\/3.bp.blogspot.com\/-HrlE20UD7kU\/V1biIYb4EfI\/AAAAAAAAJ14\/VdWg2CQCeC4mFKbc9gtnccsg7bSV6wCkgCPcBGAYYCw\/s1600\/non%2Bnun%2Bvi%25C3%25B1etes%2Bbocadillos.jpg\" width=\"639\" height=\"280\" \/><\/a><\/div>\n<div><span style=\"color: #800000\"><em><span style=\"font-size: 18pt\">Pa finar, recordamos\u00a0 el canciu \u00abNun mos gusten les lenteyes\u00bb<\/span><\/em><\/span><\/div>\n<ul>\n<li><a href=\"https:\/\/www.youtube.com\/watch?v=ngpJs076bfE\">Ver en Youtube<\/a><\/li>\n<\/ul>\n\n<!-- iframe plugin v.6.0 wordpress.org\/plugins\/iframe\/ -->\n<iframe loading=\"lazy\" width=\"588\" height=\"331\" src=\"https:\/\/www.youtube.com\/embed\/ngpJs076bfE\" scrolling=\"yes\" class=\"iframe-class\" frameborder=\"0\"><\/iframe>\n\n<\/div>\n<\/div>\n<\/div>\n<hr \/>\n<ul>\n<li><a href=\"https:\/\/youtu.be\/RNAI_iEGAgI\"><em><span style=\"font-size: 18pt\"><strong>El canciu les mentires (Nacho Fonseca)<\/strong><\/span><\/em><\/a><\/li>\n<li><em><a href=\"https:\/\/educastur-my.sharepoint.com\/:i:\/g\/personal\/isabellh_educastur_org\/EUMGYLlL5exOglZe36E-v_cBdYDjC1xt9_u_8757esRDLg?e=a5LtpF\"><span style=\"font-size: 18pt\">Lletra<\/span><\/a><\/em><\/li>\n<\/ul>\n\n<!-- iframe plugin v.6.0 wordpress.org\/plugins\/iframe\/ -->\n<iframe loading=\"lazy\" width=\"588\" height=\"331\" src=\"https:\/\/www.youtube.com\/embed\/RNAI_iEGAgI\" scrolling=\"yes\" class=\"iframe-class\" frameborder=\"0\"><\/iframe>\n\n<p>&nbsp;<\/p>\n","protected":false},"excerpt":{"rendered":"<p>&nbsp; &nbsp; &nbsp; &nbsp; Non y Nun: Alverbios y locuciones alverbiales de negaci\u00f3n: N&#8217;asturianu usamos dos formes pa facer la negaci\u00f3n: NUN y NON. Ver blogue Llingua nel aula \u00bfTaba Xuan? Non, nun taba. Nun me da m\u00e1s dicite que non (No me importa decirte que no). Nun hai que-y lo dicir, non. (No hay [&hellip;]<\/p>\n","protected":false},"author":117,"featured_media":0,"parent":493,"menu_order":0,"comment_status":"closed","ping_status":"closed","template":"","meta":{"footnotes":""},"class_list":["post-2843","page","type-page","status-publish","hentry","post-preview"],"_links":{"self":[{"href":"https:\/\/edublog.educastur.es\/ixuxullingua\/wp-json\/wp\/v2\/pages\/2843","targetHints":{"allow":["GET"]}}],"collection":[{"href":"https:\/\/edublog.educastur.es\/ixuxullingua\/wp-json\/wp\/v2\/pages"}],"about":[{"href":"https:\/\/edublog.educastur.es\/ixuxullingua\/wp-json\/wp\/v2\/types\/page"}],"author":[{"embeddable":true,"href":"https:\/\/edublog.educastur.es\/ixuxullingua\/wp-json\/wp\/v2\/users\/117"}],"replies":[{"embeddable":true,"href":"https:\/\/edublog.educastur.es\/ixuxullingua\/wp-json\/wp\/v2\/comments?post=2843"}],"version-history":[{"count":1,"href":"https:\/\/edublog.educastur.es\/ixuxullingua\/wp-json\/wp\/v2\/pages\/2843\/revisions"}],"predecessor-version":[{"id":2844,"href":"https:\/\/edublog.educastur.es\/ixuxullingua\/wp-json\/wp\/v2\/pages\/2843\/revisions\/2844"}],"up":[{"embeddable":true,"href":"https:\/\/edublog.educastur.es\/ixuxullingua\/wp-json\/wp\/v2\/pages\/493"}],"wp:attachment":[{"href":"https:\/\/edublog.educastur.es\/ixuxullingua\/wp-json\/wp\/v2\/media?parent=2843"}],"curies":[{"name":"wp","href":"https:\/\/api.w.org\/{rel}","templated":true}]}}