{"id":2867,"date":"2021-09-29T23:19:18","date_gmt":"2021-09-29T21:19:18","guid":{"rendered":"https:\/\/edublog.educastur.es\/ixuxullingua\/?page_id=2867"},"modified":"2021-10-06T20:55:32","modified_gmt":"2021-10-06T18:55:32","slug":"los-castros","status":"publish","type":"page","link":"https:\/\/edublog.educastur.es\/ixuxullingua\/5-quintu\/quintu-21-22\/05-primer-trimestre\/los-castros\/","title":{"rendered":"Los castros"},"content":{"rendered":"<p style=\"text-align: center\"><span style=\"color: #800080;font-size: 24pt\"><em><strong>Los castros:<br \/>\n<span style=\"text-decoration: underline\"><span style=\"font-size: 14pt\">del llat\u00edn \u00abcastrum\u00bb= llugares protex\u00edos con una fortificaci\u00f3n<\/span><\/span><\/strong><\/em><\/span><\/p>\n<ul>\n<li>\n<p class=\"entry-title\"><span style=\"font-size: 14pt\"><em><a href=\"https:\/\/edublog.educastur.es\/ixuxu\/2021\/08\/la-primer-semeya-dun-asturianu\/\" rel=\"bookmark\">La \u201cprimer semeya\u201d d\u2019un asturianu, Chao Samart\u00edn<\/a><\/em><\/span><\/p>\n<\/li>\n<li><span style=\"font-size: 14pt\"><em><a href=\"https:\/\/edublog.educastur.es\/ixuxu\/2021\/08\/los-castros-son-la-nuesa-sena-didentida-y-lo-mas-importante-ye-que-toos-puedan-entendelos\/\" target=\"_top\" rel=\"noopener\"><strong>\u201cLos castros son la nuesa se\u00f1a d\u2019identid\u00e1\u2026\u201d<\/strong> <\/a><\/em><\/span><\/li>\n<li>\n<p class=\"entry-title\"><span style=\"font-size: 14pt\"><a href=\"https:\/\/edublog.educastur.es\/ixuxu\/2021\/08\/los-castros-dasturies-en-national-geographic\/\"><em>Los castros d\u00b4Asturies en National Geographic<\/em><\/a><\/span><\/p>\n<\/li>\n<li>\n<p class=\"entry-title\"><a href=\"https:\/\/edublog.educastur.es\/ixuxu\/2021\/08\/asturies-tierra-de-castros\/\"><em><span style=\"font-size: 14pt\">Asturies, tierra de castros<\/span><\/em><\/a><\/p>\n<\/li>\n<li>Web <a href=\"https:\/\/astures.es\/\"><em><span style=\"font-size: 18pt;color: #800080\"><strong>Astures.es<\/strong><\/span><\/em><\/a> \/ <strong><a href=\"https:\/\/edublog.educastur.es\/ixuxullingua\/5-quintu\/quintu-21-22\/05-primer-trimestre\/los-castros\/los-astures\">LOS \u00c1STURES<\/a> Ver<\/strong> \/<\/li>\n<\/ul>\n<p>Los <b>astures<\/b> (<i>astures<\/i> en lat\u00edn) fueron un grupo de pueblos celtas y preceltas que habitaban el noroeste de la pen\u00ednsula ib\u00e9rica y cuyo territorio comprend\u00eda aproximadamente la comunidad aut\u00f3noma de Asturias, la provincia de Le\u00f3n, al oeste del r\u00edo Esla y la de Zamora al norte del Duero y oeste del Esla as\u00ed como la zona oriental de Lugo y Orense y parte del distrito portugu\u00e9s de Braganza, todo ello denominado Asturia.<\/p>\n<p style=\"text-align: center\"><a href=\"https:\/\/upload.wikimedia.org\/wikipedia\/commons\/a\/ad\/Astures.jpg\"><img loading=\"lazy\" decoding=\"async\" class=\"alignnone\" src=\"https:\/\/upload.wikimedia.org\/wikipedia\/commons\/a\/ad\/Astures.jpg\" alt=\"\" width=\"508\" height=\"379\" \/><\/a><\/p>\n<hr \/>\n<ul>\n<li><span style=\"font-size: 14pt\"><em>Dende&#8217;l principiu: L&#8217;home primitivu viv\u00eda en cueves<\/em><\/span><\/li>\n<li><em><a href=\"https:\/\/artepaleoliticoenasturias.com\/\">web <span style=\"font-size: 14pt\"><strong>ARTE PALEOL\u00cdTICO EN ASTURIAS<\/strong><\/span><\/a><\/em> \/<\/li>\n<\/ul>\n<p style=\"text-align: left\"><em>\u00a0A) Por un lado <strong>el arte rupestre o parietal<\/strong>, expresado en abrigos rocosos, cuevas y en ocasiones al aire libre. En el caso de Asturias, se conservan alrededor de 50 yacimientos.<\/em><\/p>\n<p style=\"text-align: left\"><em>B) los Homo sapiens paleol\u00edticos desarrollaron una <strong>intensa\u00a0<\/strong><strong>actividad art\u00edstica sobre soportes port\u00e1tiles<\/strong>, peque\u00f1os objetos decorativos sobre soporte oseo (asta, hueso, marfil) o l\u00edtico.<\/em><\/p>\n<p style=\"text-align: center\"><a href=\"https:\/\/slideplayer.es\/slide\/5459535\/17\/images\/2\/Arte+Paleol%C3%ADtico+%28+a.C.%29.jpg\"><img loading=\"lazy\" decoding=\"async\" class=\"alignnone\" src=\"https:\/\/slideplayer.es\/slide\/5459535\/17\/images\/2\/Arte+Paleol%C3%ADtico+%28+a.C.%29.jpg\" alt=\"\" width=\"759\" height=\"569\" \/><\/a><\/p>\n<ul>\n<li><span style=\"font-size: 14pt\"><em><span style=\"color: #800080\"><strong>Cueva Tito Bustillo<\/strong><\/span> (Ribeseya): <a href=\"http:\/\/www.centrotitobustillo.com\/\">Web<\/a> \/<a href=\"https:\/\/www.google.com\/search?q=cueva+tito+bustillo&amp;tbm=isch&amp;ved=2ahUKEwi5sZCnrbbzAhVELxoKHZ0ED9kQ2-cCegQIABAA&amp;oq=cueva+tito+bustillo&amp;gs_lcp=CgNpbWcQAzIFCAAQgAQyBQgAEIAEMgUIABCABDIFCAAQgAQyBggAEAUQHjIGCAAQBRAeMgYIABAIEB4yBggAEAgQHjIECAAQGDIECAAQGDoHCCMQ7wMQJzoECAAQQzoICAAQsQMQgwE6CwgAEIAEELEDEIMBOgcIABCxAxBDOggIABCABBCxA1DOsBlYxckZYNrLGWgAcAB4AIABfYgByg2SAQQxNS40mAEAoAEBqgELZ3dzLXdpei1pbWfAAQE&amp;sclient=img&amp;ei=u-JdYfnnCMTeaJ2JvMgN&amp;bih=739&amp;biw=1536&amp;client=firefox-b-d\"> semeyes<\/a> \/<a href=\"https:\/\/earth.google.com\/web\/search\/tito+bustillo\/@43.46125415,-5.0680492,61.1042398a,3767.4714346d,35y,0h,45t,0r\/data=CncaTRJHCiQweGQzNjFkZjFhNWY3M2RjMToweDNkZDc1MzZmMzE4Njc4NzAZKtDdZAq7RUAhaxOCsK5FFMAqDXRpdG8gYnVzdGlsbG8YAiABIiYKJAliny2oxJlFQBE0QxyjvZhFQBkNBmEbXqcbwCEEZokhzL4bwCgC\"> Earth<\/a> \/ <a href=\"https:\/\/www.organizotuviaje.com\/asturias\/como-visitar-la-cueva-de-tito-bustillo-guia-para-la-visita\/\">gu\u00eda<\/a> \/ Patrimoniu de la Humanid\u00e1 \/<br \/>\n<\/em><\/span><\/li>\n<\/ul>\n<p><a href=\"https:\/\/fotos.hoteles.net\/articulos\/cueva-tito-bustillo-ribadesela-asturias-6495-3.jpg\"><img loading=\"lazy\" decoding=\"async\" class=\"aligncenter\" src=\"https:\/\/fotos.hoteles.net\/articulos\/cueva-tito-bustillo-ribadesela-asturias-6495-3.jpg\" alt=\"\" width=\"675\" height=\"450\" \/><\/a><\/p>\n<ul>\n<li><span style=\"font-size: 14pt\"><em><span style=\"color: #800080\"><strong>Cueva Candamo<\/strong><\/span>: <a href=\"https:\/\/artepaleoliticoenasturias.com\/cuevas-visitables\/la-cuenca-del-nalon\/la-pena-de-candamo\/\">info<\/a> \/ <a href=\"https:\/\/www.google.com\/search?q=cueva+candamo&amp;client=firefox-b-d&amp;sxsrf=AOaemvK1CzMtAJmQ75DjmLRT2wqQjdgAMg:1633543505196&amp;source=lnms&amp;tbm=isch&amp;sa=X&amp;ved=2ahUKEwjfoujir7bzAhURjhQKHflCDcEQ_AUoAnoECAEQBA&amp;biw=1536&amp;bih=739&amp;dpr=1.25\">semeyes<\/a> \/<a href=\"https:\/\/earth.google.com\/web\/search\/cueva+candamo\/@43.4562299,-6.0726124,182.15676031a,741.74230125d,35y,0h,45t,0r\/data=CncaTRJHCiQweGQzNmJkNjBiN2M2ZDhiMzoweGQxY2UzOThkNGMxZmI0OWUZivrJvWW6RUAh4yKt51pKGMAqDWN1ZXZhIGNhbmRhbW8YAiABIiYKJAmcxeYh779FQBHhBI_qlLhFQBmqPZpbsCgUwCFPtwf9v34UwCgC\"> Earth<\/a> \/<br \/>\n<\/em><\/span><\/li>\n<li>La cavidad con <strong>arte paleol\u00edtico<\/strong> m\u00e1s occidental de todo el continente europeo. Patrimonio de la Humanid\u00e1.<\/li>\n<\/ul>\n<ul>\n<li><span style=\"font-size: 14pt\"><em><strong>Cueva El Buxu<\/strong> (Cangues d&#8217;Onis): <a href=\"https:\/\/artepaleoliticoenasturias.com\/el-buxu\/\">info<\/a> \/<a href=\"https:\/\/www.google.com\/search?q=Cueva+El+Buxu&amp;tbm=isch&amp;ved=2ahUKEwi2lPv8r7bzAhUDwIUKHShKDZEQ2-cCegQIABAA&amp;oq=Cueva+El+Buxu&amp;gs_lcp=CgNpbWcQAzIFCAAQgAQyBAgAEBgyBAgAEBgyBAgAEBhQ0J4BWNCeAWC7pQFoAHAAeACAAViIAViSAQExmAEAoAEBqgELZ3dzLXdpei1pbWfAAQE&amp;sclient=img&amp;ei=iOVdYbawAYOAlwSolLWICQ&amp;bih=739&amp;biw=1536&amp;client=firefox-b-d\"> semeyes<\/a> \/ Paleol\u00edtico \/ <strong><a href=\"https:\/\/artepaleoliticoenasturias.files.wordpress.com\/2013\/10\/buxu_castellano.pdf\" target=\"_blank\" rel=\"noopener noreferrer\">La cueva de El Buxu<\/a><\/strong><br \/>\n<\/em><\/span><\/li>\n<li><span style=\"font-size: 14pt\"><em>TESTU: Castru en Xix\u00f3n\u00a0 <\/em><\/span><span style=\"font-size: 14pt\"><em>y<br \/>\n<strong>Tribu de los Cil\u00farnigos<\/strong> (caldereros = metalurxa): <a href=\"https:\/\/es.wikipedia.org\/wiki\/Cil%C3%BArnigos\">Wiki<\/a> \/ <a href=\"https:\/\/www.google.com\/search?q=Tribu+de+los+Cil%C3%BArnigos&amp;client=firefox-b-d&amp;sxsrf=AOaemvLZp2XPJb9CYnOt8mwqzcWhEH717A:1633543972345&amp;source=lnms&amp;tbm=isch&amp;sa=X&amp;ved=2ahUKEwin2cjBsbbzAhULlhQKHRk4AuEQ_AUoAXoECAEQAw&amp;biw=1536&amp;bih=739&amp;dpr=1.25\">semeyes<\/a> \/<br \/>\n<\/em><\/span><\/li>\n<\/ul>\n<p>Los <b>cil\u00farnigos<\/b> fue una gens perteneciente <i>populi<\/i> de los luggones y estos a su vez, era uno de los 22 pueblos que compon\u00edan los astures. Viv\u00edan en el actual territorio de Gij\u00f3n y en concreto en la Campa Torres o el castro Oppidum Noega.<sup id=\"cite_ref-1\" class=\"reference separada\"><\/sup><\/p>\n<ul>\n<li><a href=\"https:\/\/educastur-my.sharepoint.com\/:b:\/g\/personal\/isabellh_educastur_org\/EVT7Wn_u3clHrGEB2k8VGNgBO-R6NjuCJ11wJNymxypn-g?e=R6VXTp\"><strong>Castro de Noega<\/strong> pdf<\/a> \/<\/li>\n<\/ul>\n<p style=\"text-align: center\">\n<!-- iframe plugin v.6.0 wordpress.org\/plugins\/iframe\/ -->\n<iframe loading=\"lazy\" src=\"\/\/www.slideshare.net\/slideshow\/embed_code\/key\/4Je9ceBOFspxNw\" width=\"595\" height=\"485\" frameborder=\"0\" marginwidth=\"0\" marginheight=\"0\" scrolling=\"no\" style=\"border:1px solid #CCC; border-width:1px; margin-bottom:5px; max-width: 100%;\" 0=\"allowfullscreen\" 1=\"\/iframe\" class=\"iframe-class\"><\/iframe>\n<\/p>\n<p style=\"text-align: center\"><em><span style=\"font-size: 18pt\"><strong>Los astures prerromanos<\/strong><\/span><\/em><\/p>\n\n<!-- iframe plugin v.6.0 wordpress.org\/plugins\/iframe\/ -->\n<iframe loading=\"lazy\" src=\"https:\/\/drive.google.com\/file\/d\/1Xuu2NmrxEAEG7riW8cHNAzgRWS1WRadk\/preview\" width=\"640\" height=\"890\" allow=\"autoplay\" 0=\"\/iframe\" scrolling=\"yes\" class=\"iframe-class\" frameborder=\"0\"><\/iframe>\n\n<hr \/>\n<ul>\n<li><span style=\"font-size: 14pt\"><em><span style=\"color: #800080\"><strong>Cueva Tito Bustillo<\/strong><\/span> (Ribeseya): <a href=\"http:\/\/www.centrotitobustillo.com\/\">info<\/a> \/<a href=\"https:\/\/www.google.com\/search?q=cueva+tito+bustillo&amp;tbm=isch&amp;ved=2ahUKEwiZ4YXYsbbzAhVK8BoKHWPDCMEQ2-cCegQIABAA&amp;oq=cueva+tito+bustillo&amp;gs_lcp=CgNpbWcQAzIHCCMQ7wMQJzIFCAAQgAQyBQgAEIAEMgUIABCABDIGCAAQBRAeMgYIABAFEB4yBggAEAgQHjIGCAAQCBAeMgQIABAYMgQIABAYOggIABCxAxCDAToLCAAQgAQQsQMQgwE6CAgAEIAEELEDOgcIABCxAxBDUK3PSFiV6EhgpupIaABwAHgAgAF_iAHFDZIBBDE2LjOYAQCgAQGqAQtnd3Mtd2l6LWltZ8ABAQ&amp;sclient=img&amp;ei=U-ddYdnrHMrga-OGo4gM&amp;bih=739&amp;biw=1536&amp;client=firefox-b-d\"> semeyes<\/a> \/<\/em><\/span><\/li>\n<\/ul>\n<p style=\"text-align: center\"><a href=\"https:\/\/fotos.hoteles.net\/articulos\/cueva-tito-bustillo-ribadesela-asturias-6495-3.jpg\"><img loading=\"lazy\" decoding=\"async\" class=\"alignnone\" src=\"https:\/\/fotos.hoteles.net\/articulos\/cueva-tito-bustillo-ribadesela-asturias-6495-3.jpg\" alt=\"\" width=\"675\" height=\"450\" \/><\/a><\/p>\n<ul>\n<li><span style=\"color: #008080\"><strong><span style=\"font-size: 14pt\"><em>Pallabra \u00abcastru\u00bb del llat\u00edn \u00abcastrum\u00bb (llugares protex\u00edos con una fortificaci\u00f3n)<\/em><\/span><\/strong><\/span><\/li>\n<\/ul>\n<p>&nbsp;<\/p>\n<ul>\n<li><span style=\"font-size: 14pt\"><em>La escavaci\u00f3n arqueol\u00f3xica y sus cinco pasos<\/em><\/span><\/li>\n<li><span style=\"font-size: 14pt\"><em><span style=\"color: #800080\"><strong>Cueva d&#8217;El Sidr\u00f3n<\/strong><\/span> (Pilo\u00f1a): <a href=\"https:\/\/es.wikipedia.org\/wiki\/Cueva_de_El_Sidr%C3%B3n\">info wiki<\/a> \/<a href=\"https:\/\/www.google.com\/search?q=cueva+sidron&amp;tbm=isch&amp;ved=2ahUKEwj386KhtrbzAhXFgM4BHdjxAmMQ2-cCegQIABAA&amp;oq=cueva+sidron&amp;gs_lcp=CgNpbWcQAzIGCAAQCBAeOgcIIxDvAxAnOgUIABCABDoHCAAQsQMQQzoICAAQgAQQsQM6BAgAEENQu70CWIXGAmC4yAJoAHAAeACAAYsBiAGdBZIBAzYuMZgBAKABAaoBC2d3cy13aXotaW1nwAEB&amp;sclient=img&amp;ei=HuxdYffsL8WBur4P2OOLmAY&amp;bih=739&amp;biw=1536&amp;client=firefox-b-d&amp;hl=es\"> semeyes<\/a> \/ <a href=\"https:\/\/edublog.educastur.es\/ixuxullingua\/5-quintu\/quintu-21-22\/05-primer-trimestre\/01-neardentales\/\">SESION NEARDENTALES<\/a> \/<br \/>\n<\/em><\/span><\/li>\n<li><span style=\"font-size: 14pt\"><em><span style=\"color: #800080\"><strong>Y nestes llegaron los romanos<\/strong><\/span>: <a href=\"https:\/\/educastur-my.sharepoint.com\/:u:\/g\/personal\/isabellh_educastur_org\/EaYLy-WHoANDrvnPMfvwITQBJVZZ0EnS0Xhr778CbpVR4g?e=Khf2gU\"><strong><span style=\"color: #800080\">AUDIO<\/span><\/strong><\/a> \/<br \/>\n<\/em><\/span><\/li>\n<li><span style=\"color: #008080\"><strong><span style=\"font-size: 14pt\"><em>Los castros, n&#8217;Asturies, yeren los poblaos anteriores a la llegada de los romanos<\/em><\/span><\/strong><\/span><\/li>\n<li style=\"text-align: left\"><a href=\"https:\/\/drive.google.com\/drive\/u\/1\/folders\/1uOiCExrIjDrRmYCGrTSQeJd3wMmIy0xy\"><strong><em><span style=\"font-size: 18pt\">LOS ASTURES EN LAS LEGIONES ROMANAS<\/span><\/em><\/strong><\/a><\/li>\n<li><span style=\"font-size: 18pt;color: #800080\"><strong><em>\u00a0La Romanizaci\u00f3n<\/em><\/strong><\/span><\/li>\n<\/ul>\n<p><a href=\"https:\/\/i.pinimg.com\/originals\/c4\/da\/4e\/c4da4e99cd06cfe8e89e37de7ee36b79.gif\"><img loading=\"lazy\" decoding=\"async\" class=\"aligncenter\" src=\"https:\/\/i.pinimg.com\/originals\/c4\/da\/4e\/c4da4e99cd06cfe8e89e37de7ee36b79.gif\" alt=\"\" width=\"960\" height=\"720\" \/><\/a><\/p>\n<p style=\"text-align: center\"><a href=\"https:\/\/i.pinimg.com\/736x\/a3\/84\/ed\/a384edbefe06fdd824e9cdf21a6b4d41.jpg\"><img loading=\"lazy\" decoding=\"async\" class=\"alignnone\" src=\"https:\/\/i.pinimg.com\/736x\/a3\/84\/ed\/a384edbefe06fdd824e9cdf21a6b4d41.jpg\" alt=\"\" width=\"640\" height=\"459\" \/><\/a><\/p>\n<p style=\"text-align: center\">\n<!-- iframe plugin v.6.0 wordpress.org\/plugins\/iframe\/ -->\n<iframe loading=\"lazy\" src=\"https:\/\/drive.google.com\/file\/d\/10nsOBPF_Ir6VlJ8pdSI5JZsTDgsAKAGd\/preview\" width=\"640\" height=\"890\" allow=\"autoplay\" 0=\"\/iframe\" scrolling=\"yes\" class=\"iframe-class\" frameborder=\"0\"><\/iframe>\n<\/p>\n<ul>\n<li><a href=\"https:\/\/drive.google.com\/drive\/u\/1\/folders\/1uOiCExrIjDrRmYCGrTSQeJd3wMmIy0xy\"><span style=\"color: #008080\"><em><span style=\"font-size: 18pt\"><strong>LA ASTURIAS ROMANA<\/strong><\/span><\/em><\/span><\/a><\/li>\n<\/ul>\n<hr \/>\n<ul>\n<li><span style=\"font-size: 18pt\"><strong><span style=\"color: #800080\"><em>El llat\u00edn y les lling\u00fces peninsulares<\/em><\/span><\/strong><\/span><\/li>\n<\/ul>\n<p style=\"text-align: center\"><a href=\"https:\/\/rafaeldelmorall.files.wordpress.com\/2015\/07\/imperio_romano-mc3a1xima-expansic3b3n.jpg\"><img loading=\"lazy\" decoding=\"async\" class=\"alignnone\" src=\"https:\/\/rafaeldelmorall.files.wordpress.com\/2015\/07\/imperio_romano-mc3a1xima-expansic3b3n.jpg\" alt=\"\" width=\"800\" height=\"379\" \/><\/a><\/p>\n<p style=\"text-align: center\"><a href=\"https:\/\/slideplayer.es\/slide\/1018801\/2\/images\/2\/Los+idiomas+de+la+Pen%C3%ADnsula+Ib%C3%A9rica.jpg\"><img loading=\"lazy\" decoding=\"async\" class=\"alignnone\" src=\"https:\/\/slideplayer.es\/slide\/1018801\/2\/images\/2\/Los+idiomas+de+la+Pen%C3%ADnsula+Ib%C3%A9rica.jpg\" alt=\"\" width=\"960\" height=\"720\" \/><\/a><\/p>\n<p style=\"text-align: center\">\n<!-- iframe plugin v.6.0 wordpress.org\/plugins\/iframe\/ -->\n<iframe loading=\"lazy\" width=\"100%\" height=\"523\" src=\"https:\/\/www.youtube.com\/embed\/d6vLerZkEbc\" 0=\"\/iframe\" scrolling=\"yes\" class=\"iframe-class\" frameborder=\"0\"><\/iframe>\n<\/p>\n<p style=\"text-align: center\">\n<!-- iframe plugin v.6.0 wordpress.org\/plugins\/iframe\/ -->\n<iframe loading=\"lazy\" src=\"https:\/\/drive.google.com\/file\/d\/1pPuZzCxWF_YD85hgOn7dXeV6YTpcpAwt\/preview\" width=\"640\" height=\"900\" allow=\"autoplay\" 0=\"\/iframe\" scrolling=\"yes\" class=\"iframe-class\" frameborder=\"0\"><\/iframe>\n<\/p>\n<hr \/>\n<p style=\"text-align: center\">\n<!-- iframe plugin v.6.0 wordpress.org\/plugins\/iframe\/ -->\n<iframe loading=\"lazy\" src=\"https:\/\/drive.google.com\/file\/d\/1Uup9F0Vjc4TVYaTkz4Ivdc-jFCD8krZd\/preview\" width=\"640\" height=\"800\" allow=\"autoplay\" 0=\"\/iframe\" scrolling=\"yes\" class=\"iframe-class\" frameborder=\"0\"><\/iframe>\n<\/p>\n<hr \/>\n<ul>\n<li><a href=\"https:\/\/drive.google.com\/file\/d\/1MlLW0--zsr0BCds2uIyCG5uhMkZ8UnOu\/preview\">la Construcci\u00f3n en Asturias<\/a><\/li>\n<li>Desde el principio, los castros, los romanos&#8230;etc<\/li>\n<\/ul>\n\n<!-- iframe plugin v.6.0 wordpress.org\/plugins\/iframe\/ -->\n<iframe loading=\"lazy\" src=\"https:\/\/drive.google.com\/file\/d\/1MlLW0--zsr0BCds2uIyCG5uhMkZ8UnOu\/preview\" width=\"640\" height=\"840\" allow=\"autoplay\" 0=\"\/iframe\" scrolling=\"yes\" class=\"iframe-class\" frameborder=\"0\"><\/iframe>\n\n<p><strong>P\u00e1xina 4 a 8<\/strong><\/p>\n<hr \/>\n<p style=\"text-align: center\">\n","protected":false},"excerpt":{"rendered":"<p>Los castros: del llat\u00edn \u00abcastrum\u00bb= llugares protex\u00edos con una fortificaci\u00f3n La \u201cprimer semeya\u201d d\u2019un asturianu, Chao Samart\u00edn \u201cLos castros son la nuesa se\u00f1a d\u2019identid\u00e1\u2026\u201d Los castros d\u00b4Asturies en National Geographic Asturies, tierra de castros Web Astures.es \/ LOS \u00c1STURES Ver \/ Los astures (astures en lat\u00edn) fueron un grupo de pueblos celtas y preceltas que [&hellip;]<\/p>\n","protected":false},"author":117,"featured_media":0,"parent":277,"menu_order":0,"comment_status":"closed","ping_status":"closed","template":"","meta":{"footnotes":""},"class_list":["post-2867","page","type-page","status-publish","hentry","post-preview"],"_links":{"self":[{"href":"https:\/\/edublog.educastur.es\/ixuxullingua\/wp-json\/wp\/v2\/pages\/2867","targetHints":{"allow":["GET"]}}],"collection":[{"href":"https:\/\/edublog.educastur.es\/ixuxullingua\/wp-json\/wp\/v2\/pages"}],"about":[{"href":"https:\/\/edublog.educastur.es\/ixuxullingua\/wp-json\/wp\/v2\/types\/page"}],"author":[{"embeddable":true,"href":"https:\/\/edublog.educastur.es\/ixuxullingua\/wp-json\/wp\/v2\/users\/117"}],"replies":[{"embeddable":true,"href":"https:\/\/edublog.educastur.es\/ixuxullingua\/wp-json\/wp\/v2\/comments?post=2867"}],"version-history":[{"count":18,"href":"https:\/\/edublog.educastur.es\/ixuxullingua\/wp-json\/wp\/v2\/pages\/2867\/revisions"}],"predecessor-version":[{"id":2920,"href":"https:\/\/edublog.educastur.es\/ixuxullingua\/wp-json\/wp\/v2\/pages\/2867\/revisions\/2920"}],"up":[{"embeddable":true,"href":"https:\/\/edublog.educastur.es\/ixuxullingua\/wp-json\/wp\/v2\/pages\/277"}],"wp:attachment":[{"href":"https:\/\/edublog.educastur.es\/ixuxullingua\/wp-json\/wp\/v2\/media?parent=2867"}],"curies":[{"name":"wp","href":"https:\/\/api.w.org\/{rel}","templated":true}]}}