{"id":2910,"date":"2021-10-06T20:23:13","date_gmt":"2021-10-06T18:23:13","guid":{"rendered":"https:\/\/edublog.educastur.es\/ixuxullingua\/?page_id=2910"},"modified":"2021-11-20T14:00:04","modified_gmt":"2021-11-20T12:00:04","slug":"los-astures","status":"publish","type":"page","link":"https:\/\/edublog.educastur.es\/ixuxullingua\/5-quintu\/quintu-21-22\/05-primer-trimestre\/los-castros\/los-astures\/","title":{"rendered":"Los \u00c1stures"},"content":{"rendered":"<ul>\n<li><span style=\"color: #800080\"><strong>Fonte: Blog de Acebedo<\/strong><\/span>: I \/ <a href=\"https:\/\/elblogdeacebedo.blogspot.com\/2015\/09\/los-astures-i.html\">II<\/a>\u00a0 \/<\/li>\n<li><a href=\"https:\/\/elblogdeacebedo.blogspot.com\/2016\/10\/el-pueblo-poderoso-de-los-astures.html\"><em><span style=\"font-size: 14pt\">Los \u00c1stures I<\/span><\/em><\/a><\/li>\n<li><a href=\"https:\/\/elblogdeacebedo.blogspot.com\/2015\/09\/los-astures-i.html\"><em><span style=\"font-size: 14pt\">Los \u00c1stures II<\/span><\/em><\/a><\/li>\n<li><a href=\"https:\/\/elblogdeacebedo.blogspot.com\/2015\/09\/los-astures-ii.html\"><em><span style=\"font-size: 14pt\">Los \u00c1stures III<\/span><\/em><\/a><\/li>\n<li><a href=\"https:\/\/elblogdeacebedo.blogspot.com\/2015\/09\/los-astures-iii.html\"><em><span style=\"font-size: 14pt\">Los \u00c1stures IV<\/span><\/em><\/a><\/li>\n<li><a href=\"https:\/\/elblogdeacebedo.blogspot.com\/2015\/09\/los-astures-y-iv.html\"><em><span style=\"font-size: 14pt\">Los \u00c1stures V<\/span><\/em><\/a><\/li>\n<\/ul>\n<hr \/>\n<h3 style=\"text-align: center\">El pueblo poderoso de los astures <strong><em><u>\u00bfQui\u00e9nes eran los Astures?<\/u><\/em><\/strong><\/h3>\n<p style=\"text-align: center\"><a href=\"https:\/\/3.bp.blogspot.com\/-fD7Hoqmhx4E\/VdjzGpM-QZI\/AAAAAAAAgUg\/ubkXrt-_dOk\/s1600\/photo_1510_ciudad%2Bde%2Bla%2Bedad%2Bde%2Blos%2Bmetales%255B1%255D.jpeg\"><img loading=\"lazy\" decoding=\"async\" class=\"alignnone\" src=\"https:\/\/3.bp.blogspot.com\/-fD7Hoqmhx4E\/VdjzGpM-QZI\/AAAAAAAAgUg\/ubkXrt-_dOk\/s1600\/photo_1510_ciudad%2Bde%2Bla%2Bedad%2Bde%2Blos%2Bmetales%255B1%255D.jpeg\" alt=\"\" width=\"800\" height=\"611\" \/><\/a><\/p>\n<table style=\"width: 4.15945%;height: 19px\">\n<tbody>\n<tr>\n<td><\/td>\n<\/tr>\n<tr>\n<td><\/td>\n<\/tr>\n<\/tbody>\n<\/table>\n<p style=\"text-align: center\"><strong><em>Los Astures eran el conjunto de tribus que habitaron los territorios de Asturias, Le\u00f3n y Zamora durante la Edad de Hierro.<\/em> <\/strong><\/p>\n<table style=\"width: 6.23917%;height: 7px\">\n<tbody>\n<tr>\n<td><\/td>\n<\/tr>\n<tr>\n<td><\/td>\n<\/tr>\n<\/tbody>\n<\/table>\n<p style=\"text-align: center\"><a href=\"https:\/\/2.bp.blogspot.com\/-Lkwj1XGlLYY\/Vdjzex9GNKI\/AAAAAAAAgUo\/ZiPtjc7W5oo\/s1600\/guerrerocelta.jpg\"><img loading=\"lazy\" decoding=\"async\" class=\"alignnone\" src=\"https:\/\/2.bp.blogspot.com\/-Lkwj1XGlLYY\/Vdjzex9GNKI\/AAAAAAAAgUo\/ZiPtjc7W5oo\/s1600\/guerrerocelta.jpg\" alt=\"\" width=\"350\" height=\"540\" \/><\/a><\/p>\n<p><a href=\"http:\/\/historiadeasturias.com.\/\">http:\/\/historiadeasturias.com.<\/a><\/p>\n<p><strong>Fue un pueblo que posiblemente se cre\u00f3 a partir del contacto con otras personas procedentes de Europa.<\/strong> F. Lopez Cuevilla, en su Etnolog\u00eda de la cultura castre\u00f1a, propone que esta mezcla se deriv\u00f3 de <strong>dos posibles oleadas migratorias procedentes de Europa, la primera vino del norte, se trataba de los pueblos Sefes que hu\u00edan de los Germ\u00e1nicos, la segunda oleada estaba compuesta por los pueblos Oestrimonios procedentes de las Islas Brit\u00e1nicas.<\/strong> Tambi\u00e9n hay otros autores con propuestas diferentes, algunos quieren ver sus or\u00edgenes en los Ligures, un pueblo europeo que fue desplazado por la presi\u00f3n c\u00e9ltica. Otros plantean que los Astures podr\u00edan incluirse dentro de los pueblos c\u00e9lticos de Europa. El debate sobre el origen de la sociedad astur sigue estando abierto pero lo cierto es que, durante la Edad de Bronce, el comercio aument\u00f3 considerablemente y el contacto con otros pueblos fue algo vital en la evoluci\u00f3n de los grupos de humanos hacia la adquisici\u00f3n de nuevos conocimientos y en consecuencia hacia la edad de hierro.<\/p>\n<p><strong>Los astures ocuparon un territorio mucho m\u00e1s grande que la actual Asturias, limitaban al norte con el Mar Cant\u00e1brico, la parte oriental ten\u00eda sus l\u00edmites en el r\u00edo Deva, en el Occidente con el r\u00edo Eo y hacia el Sur se extend\u00eda, pasando por Le\u00f3n, hasta la actual Zamora.<\/strong> Dentro de este territorio todos se consideraban Astures pero, <strong>a su vez se divid\u00edan en otros Gens o tribus menores,<\/strong> lo mismo suced\u00eda con las grandes tribus fronterizas de Galaicos y C\u00e1ntabros. Para a\u00f1adir un mayor grado de complejidad al territorio, esas tribus menores se divid\u00edan, a su vez, en Clanes, por ejemplo una persona pod\u00eda ser de la tribu de los Astures, perteneciente al Gens de los Luggones (centro de Asturias) y concretamente al Clan de Los Cil\u00farnigos (Campa Torres, Gij\u00f3n). Esta divisi\u00f3n gran tribu \u2013 gen \u2013 clan es bastante similar en casi toda la Pen\u00ednsula Ib\u00e9rica durante los inicios del hierro. A partir del s. II a. C y hasta el s.I d. C la divisi\u00f3n territorial de la Pen\u00ednsula Ib\u00e9rica sufri\u00f3 grandes cambios pol\u00edticos, administrativos y territoriales a manos del Imperio romano.<\/p>\n<p style=\"text-align: center\"><a href=\"https:\/\/3.bp.blogspot.com\/-gtSLLHzmhSk\/VdjxjOCe3XI\/AAAAAAAAgUU\/PrDUH_oPrdA\/s1600\/Pueblos-de-la-Peninunsula-s.III-aC.jpg\"><img loading=\"lazy\" decoding=\"async\" class=\"alignnone\" src=\"https:\/\/3.bp.blogspot.com\/-gtSLLHzmhSk\/VdjxjOCe3XI\/AAAAAAAAgUU\/PrDUH_oPrdA\/s1600\/Pueblos-de-la-Peninunsula-s.III-aC.jpg\" alt=\"\" width=\"700\" height=\"498\" \/><\/a><\/p>\n<table style=\"width: 12.2184%;height: 15px\">\n<tbody>\n<tr>\n<td><\/td>\n<\/tr>\n<tr>\n<td><\/td>\n<\/tr>\n<\/tbody>\n<\/table>\n<p>El Principado de Asturias, durante la Edad de Hierro, estaba ocupada por los Astures Trasmontanos, aquellos que viv\u00edan, seg\u00fan los romanos, tras el monte blanco o Mons Vindius. Se divid\u00edan a su vez en cuatro Gens, los Albiones, los P\u00e9sicos, los Luggones y los Vadinienses. Al Este limitaban con el pueblo c\u00e1ntabro de los Orgenomescos y con los Vecceos de la Meseta. Al Oeste con los pueblos galaicos de los Cibarcos, y al Sur con los Astures que habitaban Le\u00f3n y Zamora, \u00e9stos \u00faltimos limitar\u00edan con los Vetones a la altura del Duero y con los Lusitanos hacia el Oeste.<\/p>\n<p style=\"text-align: center\"><a href=\"https:\/\/2.bp.blogspot.com\/-V98cAvGT84E\/Vdjw_7xe6OI\/AAAAAAAAgUM\/gxxZqirYh78\/s1600\/algunas-tribus-astures-en-la-edad-de-hierro.jpg\"><img loading=\"lazy\" decoding=\"async\" class=\"alignnone\" src=\"https:\/\/2.bp.blogspot.com\/-V98cAvGT84E\/Vdjw_7xe6OI\/AAAAAAAAgUM\/gxxZqirYh78\/s1600\/algunas-tribus-astures-en-la-edad-de-hierro.jpg\" alt=\"\" width=\"800\" height=\"565\" \/><\/a><\/p>\n<table style=\"width: 7.88562%;height: 5px\">\n<tbody>\n<tr>\n<td><\/td>\n<\/tr>\n<tr>\n<td><\/td>\n<\/tr>\n<\/tbody>\n<\/table>\n<p><strong><u>Los Albiones eran el pueblo m\u00e1s occidental de los Astures Trasmontanos<\/u><\/strong>, todos sus castros est\u00e1n relacionados con la cuenca del r\u00edo Navia y con las actividades mineras. No hay muchas las referencias escritas sobre este pueblo por lo que los conocimientos que se tienen de \u00e9l se limitan a las labores arqueol\u00f3gicas. Pose\u00edan varios centros importantes en la regi\u00f3n, es decir, castros principales que actuaban como puntos claves en la red de caminos que comunicaban las diferentes poblaciones, algunos de los m\u00e1s importantes son el castro de Coa\u00f1a en Navia y el de San Chuis en Boal.<\/p>\n<p>De los Albiones se conserva una estela funeraria del s.I d. C perteneciente seg\u00fan dice a un pr\u00edncipe albi\u00f3n, en ella puede leerse en lat\u00edn antiguo \u201cNicer hijo de Clutoso del castro de Cariaca de la casa principe de los Albiones, de 75 a\u00f1os, yace aqu\u00ed\u201d. Pese a la referencia que se hace en la estela al castro de Cariaca no ha podido a\u00fan encontrarse.<\/p>\n<table style=\"width: 3.72617%;height: 5px\">\n<tbody>\n<tr>\n<td><\/td>\n<\/tr>\n<tr>\n<td><\/td>\n<\/tr>\n<\/tbody>\n<\/table>\n<p><strong><u>Los P\u00e9sicos<\/u><\/strong> eran un grupo principalmente dedicado al pastoreo y era bastante trashumante. Los historiadores antiguos dividen a los P\u00e9sicos en cuatro grandes clanes pero tan solo he podido encontrar referencias de uno de ellos, los Argamonicos. Se distribuyeron principalmente alrededor de la cuenca del r\u00edo Narcea.<\/p>\n<table style=\"width: 4.76603%;height: 5px\">\n<tbody>\n<tr>\n<td><\/td>\n<\/tr>\n<tr>\n<td><\/td>\n<\/tr>\n<\/tbody>\n<\/table>\n<p><strong><u>Plinio el Viejo<\/u><\/strong> (historiador romano del s.I d. C) nombra a este grupo junto a otros clanes y tribus para describir como se divid\u00eda el territorio astur:<\/p>\n<p>El cant\u00e1brico se divid\u00eda en 22 pueblos entre Augustanos y Trasmontanos, Asturica es una ciudad magn\u00edfica, algunos de estos pueblos son los gigurri, los pesicos, los lancienses o los zoelas.<\/p>\n<p><em>(Junguntur ic (Cantabris) Asturum XXII populi divisi in Augustanos, Trasmontanos, Asturica urbe magnifica. In his sunt Gigurri, Paesici, Lancienses, Zoelae)<\/em><\/p>\n<p>Los Luggones eran el Gen m\u00e1s grande de los cuatros que habitaban Asturias, ocupaban toda la zona central, dominando la cuenca del r\u00edo Nal\u00f3n. Fue el gen que m\u00e1s tard\u00f3 en desaparecer, todav\u00eda en el s.V d. C se hace referencia a la poderosa tribu de los Luggones, temidos por su car\u00e1cter guerrero y porque, en ocasiones concretas, realizaban sacrificios humanos y animales. El castro mejor conocido de esta tribu es el Castro de Noega en la Campa Torres de Gij\u00f3n, perteneciente al clan de los Cilurnigos, famosos seg\u00fan los escritos por sus calderos de bronce.<\/p>\n<p>El Gen m\u00e1s oriental era la tribu de astures Vadinienses, dominaban toda la zona de los Picos de Europa incluyendo la costa. Generalmente est\u00e1 aceptado que este grupo eran semi-n\u00f3madas dedicados principalmente a la ganader\u00eda y con una agricultura itinerante de auto-subsistencia, con ello se intenta explicar la falta de castros y de restos de asentamientos durante toda la Edad de Hierro, algo bastante peculiar si tenemos en cuenta que todo el oriente de Asturias estuvo bastante poblado a lo largo de la prehistoria.<\/p>\n<table style=\"width: 10.2253%;height: 6px\">\n<tbody>\n<tr>\n<td><\/td>\n<\/tr>\n<tr>\n<td><\/td>\n<\/tr>\n<\/tbody>\n<\/table>\n<p><strong><u>Estrab\u00f3n<\/u><\/strong>, historiador romano, engloba a los Vadinienses dentro de un grupo que denomina como monta\u00f1eses, en este grupo incluye a todos los pueblos de la cordillera cant\u00e1brica, es decir astures, c\u00e1ntabros y leoneses que habitaban Picos de Europa, de ellos dice que pose\u00edan un modo de vida muy similar:<\/p>\n<p><em>\u201cLos monta\u00f1eses son austeros\u2026 beben agua\u2026 comen chivos\u2026 durante dos tercios del a\u00f1o se alimentan de bellotas de encinas, dej\u00e1ndolas secar, tritur\u00e1ndolas y moli\u00e9ndolas, fabrican con ello un pan que dura bastante tiempo. Conocen la cerveza, el vino lo beben en raras ocasiones, pero el que tienen lo consumen r\u00e1pido en festines con sus parientes. Usan mantequilla en vez de aceite\u2026 En vez de moneda, los unos y los que viven muy al interior se sirven del trueque o cortan una lasca de plata\u2026. Hasta la \u00e9poca de Bruto han usado embarcaciones de cuero\u2026 Su sal es p\u00farpura y se vuelve blanca al moler\u2026\u201d<\/em> Estrab\u00f3n<\/p>\n<table style=\"width: 8.75217%;height: 10px\">\n<tbody>\n<tr>\n<td><\/td>\n<\/tr>\n<tr>\n<td><\/td>\n<\/tr>\n<\/tbody>\n<\/table>\n<p><strong><u>Ptolomeo<\/u><\/strong>, escritor romano durante el s.II d. C nombra a la ciudad de Vadinia como una de las m\u00e1s importantes entre los Vadinienses, pese a ello a\u00fan no ha podido encontrarse. En ausencia de castros, las pocas referencias castre\u00f1as de los Vadinienses se limitan a un buen n\u00famero de estelas funerarias, redactadas en lat\u00edn, de personas pertenecientes a este Gen, fueron localizadas en Pilo\u00f1a, Parres, Cangues de On\u00eds, On\u00eds y Ponga. Tambi\u00e9n se encontraron un buen n\u00famero de ellas al otro lado de la cordillera, por ello se cree que era un grupo pastoril que realizaba movimientos migratorios a uno y otro lado de los Picos de Europa.<\/p>\n<p>Los escritos de estas estelas astures suelen tener todos la misma estructura, se encabeza con una dedicatoria dedicada a alg\u00fan Dios, muchos de \u00e9poca romana como las dedicatorias a los Dioses Manes y otros de procedencia aut\u00f3ctona como los dioses Taranus o Telenos, a continuaci\u00f3n le sigue el nombre del difunto y el grupo gentilicio al que pertenec\u00eda, posteriormente se inclu\u00eda el nombre de qui\u00e9n dedicaba dicha estela y su relaci\u00f3n con el difunto, finalmente se sol\u00eda a\u00f1adir la frase \u201cQue la tierra te sea leve\u201d y se acababa con la edad de difunto. Sol\u00edan alguna decoraci\u00f3n en la cabecera, principalmente elementos vegetales como el tejo y figuras de animales. Algunos ejemplos de estelas vadinienses son las dedicadas a personajes como Plento Flavio, a Aroniaeciva, a Antonio Paterno, a Fusco Cavedo, a Elanus, A Dovidena y a Cantia entre otras. De todas ellas resulta bastante peculiar la dedicada a Dovidena porque las letras est\u00e1n boca abajo y debe empezarse a leer desde el \u00faltimo rengl\u00f3n, su cabecera est\u00e1 decorada con un elemento vegetal.<\/p>\n<table style=\"width: 8.31889%;height: 9px\">\n<tbody>\n<tr>\n<td><\/td>\n<\/tr>\n<tr>\n<td><\/td>\n<\/tr>\n<\/tbody>\n<\/table>\n<p>Hay que tener en cuenta que las referencias existentes sobre todo este conglomerado tribal provienen de antiguos historiadores romanos como Plinio el Viejo, Estrab\u00f3n, Floro o Ptolomeo. Las \u00fanicas referencias aut\u00f3ctonas se limitan a algunas estelas funerarias ya escritas en lat\u00edn, es decir a finales del hierro. Pese a ello hay muchos datos que se han podido comprobar mediante la arqueolog\u00eda, gracias a todos ellos hoy podemos saber c\u00f3mo viv\u00edan los astures. <strong>UN DRUIDA ASTUR<\/strong><\/p>\n<p style=\"text-align: center\"><a href=\"https:\/\/2.bp.blogspot.com\/-SXgzSjBmlxI\/VdjvWVGL2oI\/AAAAAAAAgTw\/qiD-utHDsYs\/s1600\/Druida.jpg\"><img loading=\"lazy\" decoding=\"async\" class=\"alignnone\" src=\"https:\/\/2.bp.blogspot.com\/-SXgzSjBmlxI\/VdjvWVGL2oI\/AAAAAAAAgTw\/qiD-utHDsYs\/s1600\/Druida.jpg\" alt=\"\" width=\"1600\" height=\"1327\" \/><\/a><\/p>\n<table style=\"width: 6.23917%;height: 5px\">\n<tbody>\n<tr>\n<td><\/td>\n<\/tr>\n<tr>\n<td><\/td>\n<\/tr>\n<\/tbody>\n<\/table>\n<p><strong><em><u>Jerarqu\u00eda en la sociedad de los astures<\/u><\/em><\/strong><\/p>\n<p><strong>L\u00edderes, Druidas y otras figuras de poder en la sociedad de los astures<\/strong><\/p>\n<p>Los Astures eran una gran tribu que englobaba 4 Gens (Albiones, Pesicos, Lugones y Vadinienses)\u00a0 y cada uno de ellos a su vez se compon\u00edan de varios clanes. El modo de vida de dichos clanes constituye el sistema social del momento. Cada clan se repartir\u00eda por varios castros pr\u00f3ximos entre s\u00ed y cada castro formaba una unidad gentilicia donde el conjunto familiar ocupaba un lugar primordial ya que era la base de la comunidad tribal. Cada unidad familiar se compon\u00eda de madre, padre, hijas e hijos, la media sol\u00eda ser de cuatro personas, todos viv\u00edan en una \u00fanica vivienda y compart\u00edan el espacio hasta que los hijos\/as decid\u00edan crear su propia familia. Estas unidades familiares eran matriarcales.<\/p>\n<p>La mujer pose\u00eda un papel muy relevante en las decisiones que tuviera que adoptar la familia, en las del castro y en las del clan, por ejemplo, a nivel familiar eran las hermanas las que deb\u00edan dar su consentimiento y aprobar la mujer elegida por el hermano y pose\u00edan el derecho de ser ellas quien eligieran a dicha mujer. A nivel del castro participaban en las asambleas, representaban cargos religiosos y luchaban si era necesario junto con los hombres.<\/p>\n<p><em>\u00abPara impedir el saqueo de las ciudades las mujeres luchaban con los hombres manejando las armas igual que ellos, sin suplicar ni gritar cuando eran degolladas\u2026\u00bb\u00a0 Bruto Galaico<\/em><\/p>\n<p>La mujer astur ha sido definida por los historiadores romanos como duras y fuertes, los escritos nos cuentan algunas de sus particularidades, por ejemplo, cuando par\u00edan lo hac\u00edan all\u00ed donde aconteciese y en silencio, evitando mostrar dolor, una vez solucionado el parto el beb\u00e9 era entregado al padre qui\u00e9n deber\u00eda de pasar con \u00e9l esa primera noche, el objetivo era crear un v\u00ednculo padre \u2013 hijo similar al que poseen madre \u2013 hijo, este ritual se conoce como La Covada, pese a la importancia dada a la figura paterna el futuro ni\u00f1o\/a tendr\u00eda como tutor oficial a su t\u00edo materno, esto denota la importancia que se daba a la herencia materna.<\/p>\n<p>Si la mujer astur representaba la vida social del castro, el hombre astur representa la defensa del mismo, cada castro pose\u00eda un l\u00edder militar que presid\u00eda las asambleas y que era el encargado de mantener las relaciones con otros clanes participando en los consejos tribales. Los jefes tribales pose\u00edan un adorno especial que los identificaba, era el torque, un collar abierto que se asocia al dios astur Cernunos y al poder que representaba, es un sello de identidad que se us\u00f3 principalmente entre los s. VI a.C \u2013 s.I d.C.<\/p>\n<p style=\"text-align: center\"><strong>GUERRERO ASTUR<\/strong><\/p>\n<p style=\"text-align: center\"><a href=\"https:\/\/3.bp.blogspot.com\/-6F4gCpLn-EQ\/VdjtczekIqI\/AAAAAAAAgTg\/T_tAfo6buAU\/s1600\/guerrero-astur-museo-arqueologico-campa-torres-gijon.jpg\"><img loading=\"lazy\" decoding=\"async\" class=\"alignnone\" src=\"https:\/\/3.bp.blogspot.com\/-6F4gCpLn-EQ\/VdjtczekIqI\/AAAAAAAAgTg\/T_tAfo6buAU\/s1600\/guerrero-astur-museo-arqueologico-campa-torres-gijon.jpg\" alt=\"\" width=\"200\" height=\"377\" \/><\/a><\/p>\n<p>&nbsp;<\/p>\n<table style=\"width: 6.49913%;height: 5px\">\n<tbody>\n<tr>\n<td><\/td>\n<\/tr>\n<tr>\n<td><\/td>\n<\/tr>\n<\/tbody>\n<\/table>\n<p>Dentro del castro se le daba mucha importancia a la figura del gran guerrero y todos sol\u00edan dar bastante bombo a sus haza\u00f1as y conquistas, el hecho de ser considerado un guerrero fuerte y valeroso implicaba la posibilidad de ascender socialmente y poder participar en las asambleas, consejos y quiz\u00e1s alg\u00fan d\u00edas convertirse en jefe tribal. Est\u00e1 bastante aceptado que dicha jefatura se transmit\u00eda a trav\u00e9s de la l\u00ednea materna, es decir, el nuevo jefe ser\u00eda o el hijo mayor o el esposo de la hija mayor, sin embargo no se descartan que se accediera a este cargo de otras formas.<\/p>\n<p>Los consejos tribales no se conocen hasta la \u00e9poca romana, esto no significa que no se hubieran realizado con anterioridad, simplemente no hay documentos escritos u otras representaciones que lo verifiquen. Con la llegada de Roma en el s.I se documentan al menos tres grandes reuniones tribales o consejos de astures, eran asambleas en las que los diferentes l\u00edderes se unieron para aumentar sus fuerzas y hacer frente al Imperio.<\/p>\n<p>Si en \u00e9pocas anteriores la colaboraci\u00f3n humana era una necesidad indispensable para sobrevivir y evolucionar, a partir de la edad de los metales, con el aumento de la propiedad privada, de las riquezas individuales y de una sociedad m\u00e1s jerarquizada tambi\u00e9n se incrementan las actividades b\u00e9licas en el territorio, tanto que el arte de la guerra es ahora una actividad tan especializada como en su d\u00eda fue la caza. Los escritores romanos son la referencia m\u00e1s directa que tenemos sobre c\u00f3mo eran los guerreros astures, en dichos escritos se destaca que tanto hombres como mujeres participaban en la guerra, algo que sorprend\u00eda bastante a los romanos, a los hombres astures se les describe con una larga melena, pon\u00edan una cinta en la frente cuando ten\u00edan que entrar en combate, vest\u00edan com\u00fanmente con una prenda conocida como sagum, era una especie de manto con el que cubr\u00edan el cuerpo, generalmente de color negro o marr\u00f3n, siempre llevaban consigo el veneno de tejo para untar flechas, lanzas o espadas con el fin de provocar un golpe mortal al enemigo, si el da\u00f1o producido por el arma no era suficiente, la infecci\u00f3n que se derivar\u00eda a causa del veneno no encontrar\u00eda cura posible, tambi\u00e9n lo usaban para suicidarse, los astures se caracterizaron por preferir el suicidio individual o colectivo antes que verse derrotado y sometido por el enemigo, ya fuera astur o extranjero.<\/p>\n<table style=\"width: 5.89255%;height: 22px\">\n<tbody>\n<tr>\n<td><\/td>\n<\/tr>\n<tr>\n<td><\/td>\n<\/tr>\n<\/tbody>\n<\/table>\n<p>Las armas utilizadas eran principalmente la honda, el arco, lanzas, hachas, falcatas, escudos y como caracter\u00edstico de Asturias la espada de antena. No usaban armaduras de metal y, aunque es una desventaja a la hora de recibir y aguantar golpes, supone una ventaja al proporcionar mayor agilidad y rapidez para moverse, no hab\u00eda un uniforme oficial para el guerrero. Las habilidades demostradas por los guerreros astures fueron admiradas por los historiadores antiguos y los diferencian y destacan de otros pueblos \u201cb\u00e1rbaros\u201d por su disciplina militar, sorprendi\u00e9ndoles que poseyeran ese conocimiento sin que hubieran sido educados para ello. Floro, historiador del Imperio romano dej\u00f3 escrito:<\/p>\n<p><em>(Hic duae validissimae Cantabri, Astures immunes imperri agitabant)<\/em><\/p>\n<p>Las fuertes gentes c\u00e1ntabras y astures se agitaban inmunes al poder del Imperio<\/p>\n<table style=\"width: 7.19237%;height: 5px\">\n<tbody>\n<tr>\n<td><\/td>\n<\/tr>\n<tr>\n<td><\/td>\n<\/tr>\n<\/tbody>\n<\/table>\n<p><strong>FUENTE: HISTORIA DE ASTURIAS <a href=\"http:\/\/%28inma%20jg-historiadeasturias.com%29\/\">(<\/a><\/strong><strong><a href=\"http:\/\/%28inma%20jg-historiadeasturias.com%29\/\">Inma JG-historiadeasturias.com)<\/a><\/strong><\/p>\n","protected":false},"excerpt":{"rendered":"<p>Fonte: Blog de Acebedo: I \/ II\u00a0 \/ Los \u00c1stures I Los \u00c1stures II Los \u00c1stures III Los \u00c1stures IV Los \u00c1stures V El pueblo poderoso de los astures \u00bfQui\u00e9nes eran los Astures? Los Astures eran el conjunto de tribus que habitaron los territorios de Asturias, Le\u00f3n y Zamora durante la Edad de Hierro. http:\/\/historiadeasturias.com. [&hellip;]<\/p>\n","protected":false},"author":117,"featured_media":0,"parent":2867,"menu_order":0,"comment_status":"closed","ping_status":"closed","template":"","meta":{"footnotes":""},"class_list":["post-2910","page","type-page","status-publish","hentry","post-preview"],"_links":{"self":[{"href":"https:\/\/edublog.educastur.es\/ixuxullingua\/wp-json\/wp\/v2\/pages\/2910","targetHints":{"allow":["GET"]}}],"collection":[{"href":"https:\/\/edublog.educastur.es\/ixuxullingua\/wp-json\/wp\/v2\/pages"}],"about":[{"href":"https:\/\/edublog.educastur.es\/ixuxullingua\/wp-json\/wp\/v2\/types\/page"}],"author":[{"embeddable":true,"href":"https:\/\/edublog.educastur.es\/ixuxullingua\/wp-json\/wp\/v2\/users\/117"}],"replies":[{"embeddable":true,"href":"https:\/\/edublog.educastur.es\/ixuxullingua\/wp-json\/wp\/v2\/comments?post=2910"}],"version-history":[{"count":2,"href":"https:\/\/edublog.educastur.es\/ixuxullingua\/wp-json\/wp\/v2\/pages\/2910\/revisions"}],"predecessor-version":[{"id":2913,"href":"https:\/\/edublog.educastur.es\/ixuxullingua\/wp-json\/wp\/v2\/pages\/2910\/revisions\/2913"}],"up":[{"embeddable":true,"href":"https:\/\/edublog.educastur.es\/ixuxullingua\/wp-json\/wp\/v2\/pages\/2867"}],"wp:attachment":[{"href":"https:\/\/edublog.educastur.es\/ixuxullingua\/wp-json\/wp\/v2\/media?parent=2910"}],"curies":[{"name":"wp","href":"https:\/\/api.w.org\/{rel}","templated":true}]}}