{"id":2931,"date":"2021-10-11T16:45:10","date_gmt":"2021-10-11T14:45:10","guid":{"rendered":"https:\/\/edublog.educastur.es\/ixuxullingua\/?page_id=2931"},"modified":"2021-10-13T00:04:38","modified_gmt":"2021-10-12T22:04:38","slug":"03-vinu-de-cangas","status":"publish","type":"page","link":"https:\/\/edublog.educastur.es\/ixuxullingua\/4-cuartu\/cuartu-21-22\/05-primer-trimestre\/03-vinu-de-cangas\/","title":{"rendered":"03 Vinu de Cangas"},"content":{"rendered":"<p style=\"text-align: center\"><span style=\"color: #800080\"><strong><em><span style=\"font-size: 24pt\">El vinu de la Tierra de Cangas<\/span><\/em><\/strong><\/span><\/p>\n<ul>\n<li><a href=\"https:\/\/educastur-my.sharepoint.com\/:b:\/g\/personal\/isabellh_educastur_org\/EYVoDqUhPFBCh7U_AA2tcycB2w5hAL-y4nFwNJaOKX6xog?e=206C5r\"><span style=\"color: #008080;font-size: 14pt\"><strong>Ficha d&#8217;aula n&#8217;asturianu<\/strong><\/span><\/a><\/li>\n<li><a href=\"https:\/\/edublog.educastur.es\/corredoria3\/4o-pri\/cultura-asturiana\/2122_primer-trimestre\/vendimia-2021\/\"><span style=\"font-size: 14pt\">Enllaz a SESI\u00d3N de CULTURA<\/span><\/a><\/li>\n<li><a href=\"http:\/\/www.fuentesdelnarcea.org\/fiesta-de-la-vendimia\/hemeroteca\/fiesta-de-la-vendimia_418_78_421_0_1_in.html\">Exemplu d&#8217;actividaes<\/a> \/\u00a0 <a href=\"https:\/\/www.google.com\/search?q=vendimia+cangas+narcea+2021&amp;client=firefox-b-d&amp;sxsrf=AOaemvKpCuXP2WMkH4-scahZUmRpPrAWWg:1633969051381&amp;source=lnms&amp;tbm=isch&amp;sa=X&amp;ved=2ahUKEwjonIaH4cLzAhWkA2MBHbSWBwEQ_AUoAnoECAEQBA&amp;biw=1536&amp;bih=739&amp;dpr=1.25\">SEMEYES<\/a> \/<\/li>\n<li>Noticies 2021: <a href=\"https:\/\/www.elcomercio.es\/asturias\/cangas-narcea-capital-20211006132639-nt.html\">El Comercio<\/a> \/<a href=\"https:\/\/www.lne.es\/occidente\/2021\/10\/08\/cangas-narcea-inicia-fiesta-vendimia-58182387.html\"> LNE<\/a> \/<a href=\"https:\/\/www.elcomercio.es\/asturias\/occidente\/vendimia-vuelve-fuerza-20211010003154-ntvo.html\"> El Comercio II<\/a> \/<\/li>\n<\/ul>\n<p style=\"text-align: center\">\n<!-- iframe plugin v.6.0 wordpress.org\/plugins\/iframe\/ -->\n<iframe loading=\"lazy\" src=\"https:\/\/drive.google.com\/file\/d\/1oL3ixr9j5Hm8ixMLExagH8lm68bIkS5c\/preview\" width=\"640\" height=\"860\" allow=\"autoplay\" 0=\"\/iframe\" scrolling=\"yes\" class=\"iframe-class\" frameborder=\"0\"><\/iframe>\n<\/p>\n<div class=\"bl_izq bg_ng1 v_pq padr0 padt16 padl48 mart0\">\n<hr \/>\n<\/div>\n<div id=\"blq_10938\" class=\"bl_izq t100\" style=\"text-align: center\">\n<div class=\"fot_izq t100\" style=\"text-align: center\"><\/div>\n<div class=\"fot_izq t100\" style=\"text-align: center\"><a href=\"https:\/\/i.pinimg.com\/originals\/f0\/3a\/7b\/f03a7b518fd9d90d1ecfb83b897247c1.jpg\"><img loading=\"lazy\" decoding=\"async\" class=\"alignnone\" src=\"https:\/\/i.pinimg.com\/originals\/f0\/3a\/7b\/f03a7b518fd9d90d1ecfb83b897247c1.jpg\" alt=\"\" width=\"1796\" height=\"835\" \/><\/a><\/div>\n<div style=\"text-align: center\"><span style=\"color: #800080\"><span style=\"color: #800080\"><em><strong>Cangas del Narcea, Ayande, Dega\u00f1a, Grandas de Salime, Ibias, Eliao y Pez\u00f3s.<br \/>\n<\/strong><\/em><\/span><\/span><\/p>\n<hr \/>\n<p><span style=\"color: #800080\"><em><strong>\u00a0<\/strong><\/em><\/span><\/p>\n<\/div>\n<\/div>\n<div><a href=\"https:\/\/docangas.es\/wp-content\/uploads\/2021\/03\/zona-de-produccion.jpg\"><img loading=\"lazy\" decoding=\"async\" class=\"aligncenter\" src=\"https:\/\/docangas.es\/wp-content\/uploads\/2021\/03\/zona-de-produccion.jpg\" alt=\"\" width=\"800\" height=\"317\" \/><\/a><\/div>\n<div id=\"blq_10938\" class=\"bl_izq t100\" style=\"text-align: center\">\n<div class=\"fot_izq t100\" style=\"text-align: center\"><em><span style=\"color: #800080\"><strong>1. Cangas del Narcea | 2. Dega\u00f1a| 3. Ibias | 4. Grandas de Salime | 5. Allande | 6. Pesoz | 7. Illano | 8. Tineo<\/strong><\/span><\/em><\/div>\n<div><\/div>\n<\/div>\n<div>La zona de producci\u00f3n de uva para la elaboraci\u00f3n de los vinos protegidos por la <strong>Denominaci\u00f3n de Origen Protegida Cangas<\/strong>, est\u00e1 constituida por los terrenos que en base a criterios exclusivamente t\u00e9cnicos, se consideran especialmente aptos para la producci\u00f3n de uvas con la calidad necesaria y que est\u00e9n ubicados en los t\u00e9rminos municipales de: :\u00a0<a title=\"LOZALIZACI\u00d3N DE ALLANDE\" href=\"http:\/\/goo.gl\/maps\/6nicQ\" target=\"_blank\" rel=\"noopener\">Allande<\/a>,\u00a0<a title=\"LOCALIZACION CANGAS DEL NARCEA\" href=\"http:\/\/goo.gl\/maps\/cCe9k\" target=\"_blank\" rel=\"noopener\">Cangas del Narcea<\/a>,\u00a0<a title=\"LOCALIZACION DEGA\u00d1A\" href=\"http:\/\/goo.gl\/maps\/BjXXT\" target=\"_blank\" rel=\"noopener\">Dega\u00f1a<\/a><a title=\"LOCALIZACION GRANDAS DE SALIME\" href=\"http:\/\/goo.gl\/maps\/lcvtv\" target=\"_blank\" rel=\"noopener\">, Grandas de Salime<\/a>,\u00a0<a title=\"LOCALIZACION IBIAS\" href=\"http:\/\/goo.gl\/maps\/ht0rt\" target=\"_blank\" rel=\"noopener\">Ibias<\/a>,\u00a0<a title=\"LOCALIZACION ILLANO\" href=\"http:\/\/goo.gl\/maps\/ttJik\" target=\"_blank\" rel=\"noopener\">Illano<\/a>,\u00a0<a title=\"LOCALIZACI\u00d3N PESOZ\" href=\"http:\/\/goo.gl\/maps\/8kNaR\" target=\"_blank\" rel=\"noopener\">Pesoz<\/a>\u00a0y algunas zonas que pertenecen al t\u00e9rmino municipal de\u00a0<a title=\"LOCALIZACION TINEO\" href=\"http:\/\/goo.gl\/maps\/KXU1c\" target=\"_blank\" rel=\"noopener\">Tineo<\/a>.<\/div>\n<div id=\"blq_10938\" class=\"bl_izq t100\" style=\"text-align: center\">\n<div class=\"fot_izq t100\" style=\"text-align: center\">\n<hr \/>\n<p><a title=\"MAPA TURISTICO OCCIDENTE ASTURIAS\" href=\"http:\/\/www.destinonavia.com\/v_portal\/inc\/clicklink.asp?t=1&amp;cod=10938&amp;c=29\" rel=\"lightbox[2459]\"><img decoding=\"async\" class=\"t100\" src=\"http:\/\/www.destinonavia.com\/v_portal\/inc\/imagen.asp?f=PARA_WEB__MAPA_ILUSTRADO_NAVIA8425.png&amp;c=29\" alt=\"MAPA TURISTICO OCCIDENTE ASTURIAS\" \/><\/a><\/p>\n<\/div>\n<div class=\"blq mart16\"><a class=\"v_norm\" title=\"Descargar el fichero\" href=\"http:\/\/www.destinonavia.com\/v_portal\/inc\/clicklink.asp?t=3&amp;cod=10938&amp;c=29&amp;s=528037343\">MAPA TURISTICO OCCIDENTE ASTURIAS<\/a><\/div>\n<hr \/>\n<p>&nbsp;<\/p>\n<p style=\"text-align: left\"><a href=\"https:\/\/www.fecoga.com\/uploads\/RTEmagicC_logocofradiavinocangas1.jpg.jpg\"><img loading=\"lazy\" decoding=\"async\" class=\"alignnone\" src=\"https:\/\/www.fecoga.com\/uploads\/RTEmagicC_logocofradiavinocangas1.jpg.jpg\" alt=\"\" width=\"187\" height=\"191\" \/><\/a>\/<a href=\"http:\/\/1.bp.blogspot.com\/-70E5fzlUpQM\/UjLwgX6_vpI\/AAAAAAAADoc\/44b8G-bTHRU\/s1600\/DSC01410.JPG\"><img loading=\"lazy\" decoding=\"async\" class=\"alignnone\" src=\"http:\/\/1.bp.blogspot.com\/-70E5fzlUpQM\/UjLwgX6_vpI\/AAAAAAAADoc\/44b8G-bTHRU\/s1600\/DSC01410.JPG\" alt=\"\" width=\"279\" height=\"418\" \/><\/a><\/p>\n<p><a href=\"https:\/\/static2.elcomercio.es\/www\/multimedia\/202110\/06\/media\/cangasdenarcea%20(1).jpg\"><img loading=\"lazy\" decoding=\"async\" class=\"alignnone\" src=\"https:\/\/static2.elcomercio.es\/www\/multimedia\/202110\/06\/media\/cangasdenarcea%20(1).jpg\" alt=\"\" width=\"1374\" height=\"773\" \/><\/a><\/p>\n<p><a href=\"https:\/\/www.publico.es\/uploads\/2017\/10\/19\/59e8dea9dab32.jpg\"><img loading=\"lazy\" decoding=\"async\" class=\"alignnone\" src=\"https:\/\/www.publico.es\/uploads\/2017\/10\/19\/59e8dea9dab32.jpg\" alt=\"\" width=\"880\" height=\"430\" \/><\/a><\/p>\n<p><a href=\"https:\/\/estaticos-cdn.prensaiberica.es\/clip\/a60205d4-9142-48f1-8ffb-95ce7d714cc8_21-9-aspect-ratio_default_0.jpg\"><img loading=\"lazy\" decoding=\"async\" class=\"alignnone\" src=\"https:\/\/estaticos-cdn.prensaiberica.es\/clip\/a60205d4-9142-48f1-8ffb-95ce7d714cc8_21-9-aspect-ratio_default_0.jpg\" alt=\"\" width=\"1280\" height=\"548\" \/><\/a><\/p>\n<p><a href=\"https:\/\/static2.elcomercio.es\/www\/multimedia\/202010\/10\/media\/cortadas\/58935858--624x415.JPG\"><img loading=\"lazy\" decoding=\"async\" class=\"alignnone\" src=\"https:\/\/static2.elcomercio.es\/www\/multimedia\/202010\/10\/media\/cortadas\/58935858--624x415.JPG\" alt=\"\" width=\"624\" height=\"415\" \/><\/a><\/p>\n<hr \/>\n<p><span style=\"color: #800080\"><strong><em><span style=\"font-size: 14pt\">El vinu b\u00e9bese nun cachu o cacho de madera, como un bol. <a href=\"https:\/\/touspatous.es\/memoria-canguesa\/vino-de-cangas\/el-cacho-o-cachu\/8\/\">Enllaz<\/a><br \/>\n<\/span><\/em><\/strong><\/span><\/p>\n<\/div>\n<div><\/div>\n<div class=\"bl_izq t100\"><a href=\"https:\/\/touspatous.es\/wp-content\/uploads\/TPT-CACHO-04.jpg\"><img loading=\"lazy\" decoding=\"async\" class=\"alignnone\" src=\"https:\/\/touspatous.es\/wp-content\/uploads\/TPT-CACHO-04.jpg\" alt=\"\" width=\"259\" height=\"173\" \/><\/a> \/<a href=\"https:\/\/www.origenonline.es\/wp-content\/uploads\/2019\/09\/Riodoporcos.-Chao-de-Castro.-Cacho-o-cachu-bol-de-madera-con-el-que-se-beb%C2%A1a-el-vino-de-manera-tradicional-3-FILEminimizer.jpg\"><img loading=\"lazy\" decoding=\"async\" class=\"alignnone\" src=\"https:\/\/www.origenonline.es\/wp-content\/uploads\/2019\/09\/Riodoporcos.-Chao-de-Castro.-Cacho-o-cachu-bol-de-madera-con-el-que-se-beb%C2%A1a-el-vino-de-manera-tradicional-3-FILEminimizer.jpg\" alt=\"\" width=\"260\" height=\"173\" \/><\/a><\/div>\n<div style=\"text-align: center\">Escultura de Neto, <a href=\"https:\/\/www.elcomercio.es\/asturias\/occidente\/neto-esculpe-cachu-20190610005442-ntvo.html\">Monumetu al cachu.<\/a><\/div>\n<div><a href=\"http:\/\/3.bp.blogspot.com\/_BjqcxqjmdBk\/TDL2Ba0h5PI\/AAAAAAAAARU\/hoFCQG9Upvo\/s1600\/cartelo_cachu.jpg\"><img loading=\"lazy\" decoding=\"async\" class=\"alignnone\" src=\"http:\/\/3.bp.blogspot.com\/_BjqcxqjmdBk\/TDL2Ba0h5PI\/AAAAAAAAARU\/hoFCQG9Upvo\/s1600\/cartelo_cachu.jpg\" alt=\"\" width=\"209\" height=\"295\" \/><\/a> \/<a href=\"https:\/\/www.deaceboyjara.com\/wp-content\/uploads\/2019\/06\/cacho.jpg\"><img loading=\"lazy\" decoding=\"async\" class=\"alignnone\" src=\"https:\/\/www.deaceboyjara.com\/wp-content\/uploads\/2019\/06\/cacho.jpg\" alt=\"\" width=\"320\" height=\"294\" \/><\/a><\/div>\n<div>Un viticultor, una vendimiadora y un cofrade son los tr\u00e9s figures que suxeten el &#8216;cachu&#8217;, nun xestu que convida al que mira y que, en palabres del autor, simboliza <em>\u00abl&#8217;acoyimientu que caracteriza a la xente d&#8217;esta contorna\u00bb.<\/em><\/div>\n<ul>\n<li>\n<h1 class=\"post-title entry-title\"><a title=\"Enlace permanente: Lagares de vino en Cangas del Narcea en 1752\" href=\"https:\/\/touspatous.es\/memoria-canguesa\/vino-de-cangas\/inventario-lagares\/lagares-de-vino-en-cangas-del-narcea-en-1752\/\" rel=\"bookmark\"><span style=\"font-size: 14pt\">Lagares de vino en Cangas del Narcea en 1752<\/span> <\/a><\/h1>\n<\/li>\n<\/ul>\n<p>Los llagares son les m\u00e1quines de madera que s&#8217;emplegaben nes bodegues para apertar el magayu o poxa y estrayer el postreru mostu de la uva, qu&#8217;en Cangas llamamos p\u00eda o pie. En 1752 hab\u00eda 68 llagares de vinu nel Conceyu.<\/p>\n<p><a href=\"https:\/\/touspatous.es\/wp-content\/uploads\/TPT-LVC-03.jpg\"><img loading=\"lazy\" decoding=\"async\" class=\"alignnone\" src=\"https:\/\/touspatous.es\/wp-content\/uploads\/TPT-LVC-03.jpg\" alt=\"\" width=\"1024\" height=\"238\" \/><\/a><\/p>\n<p><a href=\"https:\/\/touspatous.es\/wp-content\/uploads\/TPT-LVC-01.JPG\"><img loading=\"lazy\" decoding=\"async\" class=\"alignnone\" src=\"https:\/\/touspatous.es\/wp-content\/uploads\/TPT-LVC-01.JPG\" alt=\"\" width=\"313\" height=\"235\" \/><\/a> \/<a href=\"https:\/\/touspatous.es\/wp-content\/uploads\/TPT-LVC-02.jpg\"><img loading=\"lazy\" decoding=\"async\" class=\"alignnone\" src=\"https:\/\/touspatous.es\/wp-content\/uploads\/TPT-LVC-02.jpg\" alt=\"\" width=\"173\" height=\"231\" \/><\/a><\/p>\n<p style=\"text-align: center\"><a href=\"https:\/\/touspatous.es\/wp-content\/uploads\/TPT-LVC-07.jpg\"><img loading=\"lazy\" decoding=\"async\" class=\"alignnone\" src=\"https:\/\/touspatous.es\/wp-content\/uploads\/TPT-LVC-07.jpg\" alt=\"\" width=\"1024\" height=\"228\" \/><\/a><\/p>\n<hr \/>\n<p><em><a href=\"https:\/\/www.deaceboyjara.com\/wp-content\/uploads\/2017\/04\/Renubeiru-Menc%C3%ADa-Alvar%C3%ADn-y-Cuetu.png\"><img loading=\"lazy\" decoding=\"async\" class=\"alignleft\" src=\"https:\/\/www.deaceboyjara.com\/wp-content\/uploads\/2017\/04\/Renubeiru-Menc%C3%ADa-Alvar%C3%ADn-y-Cuetu.png\" alt=\"\" width=\"241\" height=\"199\" \/><\/a>El Ayuntamiento de Cangas del Narcea acaba de publicar <a href=\"http:\/\/www.velascoediciones.com\/el-vino-de-cangas\/\" target=\"_blank\" rel=\"noopener noreferrer\">El vino de Cangas<\/a>, de Neto Garc\u00eda del Castillo (ilustraci\u00f3n) y Carolina Pelaz Soto (textos) y de cuya edici\u00f3n se ha hecho cargo Velasco Ediciones.<\/em><\/p>\n<p><em>En sus p\u00e1ginas, los ni\u00f1os Menc\u00eda y Alvar\u00edn, junto a su amigo el mast\u00edn Cuetu, viven desde la nube del renubeiru una divertida aventura en torno al vino de Cangas. Un viaje apasionante alrededor de los vi\u00f1edos, en el que los lectores descubrir\u00e1n un singular paisaje, aprender\u00e1n los tipos de uva de la zona, c\u00f3mo se elabora el vino y qu\u00e9 es eso de la DOP y de los productos de calidad diferenciada. La excursi\u00f3n acaba en Cangas del Narcea (Asturias), con una visita al <a href=\"http:\/\/www.museovinocangas.com\" target=\"_blank\" rel=\"noopener noreferrer\">Museo del Vino<\/a>. All\u00ed, los adultos, junto al renubeiru, disfrutar\u00e1n de un buen cachu de vino, mientras que Menc\u00eda y Alvar\u00edn, beben un vaso de mosto.<\/em><\/p>\n<p style=\"text-align: center\">\n<!-- iframe plugin v.6.0 wordpress.org\/plugins\/iframe\/ -->\n<iframe loading=\"lazy\" src=\"https:\/\/drive.google.com\/file\/d\/1vz-5MFQaXcFQUhmf864uGO5Y5aDZ-o0c\/preview\" width=\"640\" height=\"860\" allow=\"autoplay\" 0=\"\/iframe\" scrolling=\"yes\" class=\"iframe-class\" frameborder=\"0\"><\/iframe>\n<\/p>\n<hr \/>\n<p><a href=\"https:\/\/tinypix.top\/images\/2021\/10\/02\/vIy1q.jpg\"><img loading=\"lazy\" decoding=\"async\" class=\"alignnone\" src=\"https:\/\/tinypix.top\/images\/2021\/10\/02\/vIy1q.jpg\" alt=\"\" width=\"312\" height=\"476\" \/><\/a><\/p>\n<p><em><strong>Del 7 al 10 Octubre 2021\u00a0 &#8211; <a href=\"https:\/\/www.turismoasturias.es\/descubre\/fiestas-de-interes-turistico\/fiesta-de-la-vendimia-del-vino-de-calidad-de-cangas\">Fiestas de INTERES TURISTICO<\/a><\/strong><\/em><\/p>\n<ul>\n<li><a href=\"https:\/\/edublog.educastur.es\/corredoria3\/4o-pri\/cultura-asturiana\/primer-trimestre\/sesion_01\/\">Sesi\u00f3n del a\u00f1o pasado 4\u00ba COLE<\/a><\/li>\n<li><a href=\"https:\/\/edublog.educastur.es\/corredoria3\/6o-pri\/cultura-asturiana\/1otrimestre\/sesion_01\/\"><strong>Sesi\u00f3n del a\u00f1o pasado 6\u00ba COLE<\/strong><\/a><\/li>\n<li><strong>Vendimia Cangas Narcea<\/strong>:<a href=\"https:\/\/www.google.com\/search?q=vendimia+cangas+del+narcea&amp;client=firefox-b-d&amp;sxsrf=AOaemvIQYD5036deM35kc5ytXDq3rAFM2w:1633198157658&amp;source=lnms&amp;tbm=isch&amp;sa=X&amp;ved=2ahUKEwjfsqOgqazzAhUOLBoKHQMUDbEQ_AUoAXoECAEQAw&amp;biw=1536&amp;bih=739&amp;dpr=1.25\"> m\u00e1s fotos<\/a>\u00a0 \/ <a href=\"https:\/\/www.facebook.com\/photo\/?fbid=468655924820321&amp;set=a.196919358660647\"><strong>PROGRAMA 2021 Facebook<\/strong><\/a><\/li>\n<\/ul>\n\n<!-- iframe plugin v.6.0 wordpress.org\/plugins\/iframe\/ -->\n<iframe loading=\"lazy\" width=\"100%\" height=\"523\" src=\"https:\/\/www.youtube.com\/embed\/VGsLECMXvGM\" 0=\"\/iframe\" scrolling=\"yes\" class=\"iframe-class\" frameborder=\"0\"><\/iframe>\n\n<hr \/>\n<p><strong>Tema:<a href=\"https:\/\/drive.google.com\/drive\/folders\/1EL22O9Ev9SMXN5yLf3IOGtDVREKZtAX3?usp=sharing\"> Fiesta de la Vendimia en Cangas del Narcea<\/a><\/strong><\/p>\n<ul>\n<li><a href=\"https:\/\/docs.google.com\/document\/d\/1w9qrB0eZ3GX8O789jsPFjwa8BU__svQBU2EGlcveJTE\/edit?usp=sharing\">Tarea para hacer en clase 2020<\/a><\/li>\n<li><a href=\"https:\/\/educastur-my.sharepoint.com\/:w:\/g\/personal\/isabellh_educastur_org\/EVqwM71fthdAqADMd7ue53sBX8EbUZB_nEihWnwBpoG5AQ?e=rJSmZI\"><strong>TAREA\u00a0 CLASE 2021 Actualizada<\/strong><\/a><\/li>\n<li><a href=\"https:\/\/drive.google.com\/file\/d\/1BKMxXeLNh3VdQhbdajL-2ISc2Eij3mG6\/view?usp=sharing\">Enlace al libro: <strong>El vino de Cangas VER!!!<\/strong><\/a><\/li>\n<li><a href=\"https:\/\/drive.google.com\/file\/d\/1Z9EaAu6taGzLGcieeCn1mVb8YP1TbOWy\/view?usp=sharing\">Testu n\u00b4asturianu: <strong>El vinu de la Tierra de Cangas<\/strong><\/a><\/li>\n<\/ul>\n<ul>\n<li><a href=\"https:\/\/docangas.es\/\">Web DOP Vino de Cangas <strong>VER<\/strong><\/a><\/li>\n<li><a href=\"https:\/\/www.turismoasturias.es\/vino-de-cangas-viticultura-heroica\">Viticultura heroica<\/a><\/li>\n<\/ul>\n<p>&nbsp;<\/p>\n<p><a href=\"https:\/\/www.recetum.com\/wp-content\/uploads\/2020\/08\/DOP-Cangas.png\"><img loading=\"lazy\" decoding=\"async\" class=\"alignnone size-full\" src=\"https:\/\/www.recetum.com\/wp-content\/uploads\/2020\/08\/DOP-Cangas.png\" width=\"750\" height=\"729\" \/><\/a><\/p>\n<p>La Fiesta de la Vendimia es \u00fanica en Asturias, entre otras razones porque <strong>Cangas del Narcea es la \u00fanica zona de producci\u00f3n vitivin\u00edcola del Principado<\/strong>, con una tradici\u00f3n que se remonta a la Edad Media y con un tipo de vi\u00f1edos de monta\u00f1a que hacen de esta viticultura una actividad verdaderamente her\u00f3ica.<\/p>\n<p>Esta fiesta coincide cada a\u00f1o con el Puente del Pilar, en la primera quincena de octubre y son m\u00faltiples las actividades que se realizan en torno a la vendimia. Adem\u00e1s de la incesante actividad y ambiente en los vi\u00f1edos, la villa canguesa acoge feria y mercado de artesan\u00eda con todo tipo de productos de la tierra, as\u00ed como catas de vinos, visitas guiadas al Museo del Vino, gastronom\u00eda vinculada al mundo del vino, etc. Numerosas cofrad\u00edas se dan cita en Cangas del Narcea y tienen su propio desfile acompa\u00f1adas de la Banda de M\u00fasica local.<\/p>\n<p>Son cuatro d\u00edas de aut\u00e9ntico culto a la cultura del Vino de Calidad de Cangas, donde podr\u00e1s conocer todo sobre esta actividad que tiene rango milenario en el occidente de Asturias, y que de a\u00f1o en a\u00f1o se vuelve m\u00e1s multitudinaria.<\/p>\n<p>&nbsp;<\/p>\n<p><a href=\"https:\/\/i.pinimg.com\/originals\/2c\/d5\/6a\/2cd56afdc85c9445fa9b70f0b01f4464.png\"><img loading=\"lazy\" decoding=\"async\" class=\"alignnone size-full\" src=\"https:\/\/i.pinimg.com\/originals\/2c\/d5\/6a\/2cd56afdc85c9445fa9b70f0b01f4464.png\" width=\"800\" height=\"800\" \/><\/a><\/p>\n<p>&nbsp;<\/p>\n<p><a href=\"https:\/\/www.fecoga.com\/uploads\/RTEmagicC_logocofradiavinocangas1.jpg.jpg\"><img loading=\"lazy\" decoding=\"async\" class=\"alignnone size-full\" src=\"https:\/\/www.fecoga.com\/uploads\/RTEmagicC_logocofradiavinocangas1.jpg.jpg\" width=\"294\" height=\"301\" \/><\/a><\/p>\n<p style=\"text-align: center\"><em><strong><span style=\"font-size: 18pt\">Cofrad\u00eda del Vino de Cangas, desde 2003: <\/span><\/strong><span style=\"font-size: 18pt\"><a href=\"https:\/\/www.turismoasturias.es\/descubre\/gastronomia\/cofradias-gastronomicas\/cofradia-del-vino-de-cangas\">info<\/a> \/ Facebook<\/span><\/em><br \/>\n<a href=\"https:\/\/www.turismoasturias.es\/documents\/11022\/2161818\/Vino_de_Cangas_2.jpg\/1a5666d4-10fb-402f-87d9-6c50409a2886?t=1493365844088\"><img loading=\"lazy\" decoding=\"async\" class=\"alignnone size-full\" src=\"https:\/\/www.turismoasturias.es\/documents\/11022\/2161818\/Vino_de_Cangas_2.jpg\/1a5666d4-10fb-402f-87d9-6c50409a2886?t=1493365844088\" width=\"708\" height=\"449\" \/><\/a><\/p>\n<p style=\"text-align: center\"><a href=\"https:\/\/estaticos-cdn.prensaiberica.es\/clip\/6f61f420-5621-4f6e-863f-558ae964ff84_source-aspect-ratio_default_0.jpg\"><img loading=\"lazy\" decoding=\"async\" class=\"alignnone\" src=\"https:\/\/estaticos-cdn.prensaiberica.es\/clip\/6f61f420-5621-4f6e-863f-558ae964ff84_source-aspect-ratio_default_0.jpg\" alt=\"\" width=\"2000\" height=\"1500\" \/><\/a><\/p>\n<p style=\"text-align: center\"><em><span style=\"font-size: 18pt\"><strong>Cartelos de la Fiesta<\/strong><\/span><\/em><\/p>\n<p><a href=\"http:\/\/edublog.educastur.es\/corredoria3\/files\/2020\/10\/2002.jpg\"><img loading=\"lazy\" decoding=\"async\" class=\"wp-image-1987 alignleft\" src=\"http:\/\/edublog.educastur.es\/corredoria3\/files\/2020\/10\/2002.jpg\" alt=\"\" width=\"239\" height=\"343\" \/><\/a><\/p>\n<p><a href=\"https:\/\/agenda.elcomercio.es\/media\/eventos\/0\/0\/6\/5\/3\/653538_1.jpg\"><img loading=\"lazy\" decoding=\"async\" class=\"alignnone \" src=\"https:\/\/agenda.elcomercio.es\/media\/eventos\/0\/0\/6\/5\/3\/653538_1.jpg\" width=\"240\" height=\"240\" \/>\u00a0\u00a0<\/a><\/p>\n<p>&nbsp;<\/p>\n<p><a href=\"https:\/\/esparragodenavarra.files.wordpress.com\/2018\/10\/programa-2.jpg\"><img loading=\"lazy\" decoding=\"async\" class=\"alignnone\" src=\"https:\/\/esparragodenavarra.files.wordpress.com\/2018\/10\/programa-2.jpg\" alt=\"\" width=\"237\" height=\"239\" \/><\/a> \/<a href=\"https:\/\/queverdeasturias.com\/admin\/imagenes\/412966789535606148506914630542127447670784njpg.jpg\"><img loading=\"lazy\" decoding=\"async\" class=\"alignnone \" src=\"https:\/\/queverdeasturias.com\/admin\/imagenes\/412966789535606148506914630542127447670784njpg.jpg\" width=\"235\" height=\"334\" \/><\/a><\/p>\n<p><a href=\"https:\/\/www.lne.es\/occidente\/2018\/10\/14\/uvas-cangas-narcea\/2363298.html\">Ver art\u00edculo<\/a><\/p>\n<p><a href=\"https:\/\/www.portalfiestas.com\/fotos\/122438_1506939176_foto1.jpg\"><img loading=\"lazy\" decoding=\"async\" class=\"alignnone \" src=\"https:\/\/www.portalfiestas.com\/fotos\/122438_1506939176_foto1.jpg\" width=\"981\" height=\"727\" \/><\/a><\/p>\n<p>VER<a href=\"https:\/\/www.rtpa.es\/video:de%20folixa%20en%20folixa_551446775220.html\"><strong> \u00abDe folixa en Folixa\u00bb Cangas del Narcea<\/strong><\/a><\/p>\n<p>VER\u00a0<a href=\"https:\/\/agenda.elcomercio.es\/evento\/cangas-del-narcea-hace-una-fiesta-por-la-vendimia-613754.html?ref=https:%2F%2Fwww.google.com%2F\"><strong> Cangas del Narcea hace una fiesta por la vendimia<\/strong><\/a><\/p>\n<p><a href=\"https:\/\/agenda.elcomercio.es\/media\/eventos\/0\/0\/6\/1\/3\/613754_1.jpg\"><img loading=\"lazy\" decoding=\"async\" class=\"alignnone \" src=\"https:\/\/agenda.elcomercio.es\/media\/eventos\/0\/0\/6\/1\/3\/613754_1.jpg\" width=\"515\" height=\"515\" \/><\/a><\/p>\n<hr \/>\n<p>Vid<\/p>\n<ul>\n<li><a href=\"https:\/\/vinosdiferentes.com\/blog\/la-vid\/\"><strong>La Vid<\/strong>,\u00a0arbusto sarmentoso y trepador. Perteneciente a la familia de las vit\u00e1ceas.<\/a><\/li>\n<\/ul>\n<p><a href=\"https:\/\/pbs.twimg.com\/media\/CaNvjTQWEAA5Yza.jpg\"><img loading=\"lazy\" decoding=\"async\" class=\"aligncenter\" src=\"https:\/\/pbs.twimg.com\/media\/CaNvjTQWEAA5Yza.jpg\" width=\"863\" height=\"845\" \/><\/a><\/p>\n<p><a href=\"https:\/\/i.pinimg.com\/originals\/8e\/4f\/03\/8e4f03171ea6a54a3c728cb68143b747.png\"><img loading=\"lazy\" decoding=\"async\" class=\"size-full aligncenter\" src=\"https:\/\/i.pinimg.com\/originals\/8e\/4f\/03\/8e4f03171ea6a54a3c728cb68143b747.png\" width=\"825\" height=\"510\" \/><\/a><\/p>\n<p>&nbsp;<\/p>\n<p><a href=\"https:\/\/utielrequena.org\/wp-content\/uploads\/2020\/07\/vinavidparra-1024x921.jpg\"><img loading=\"lazy\" decoding=\"async\" class=\"aligncenter\" src=\"https:\/\/utielrequena.org\/wp-content\/uploads\/2020\/07\/vinavidparra-1024x921.jpg\" width=\"593\" height=\"533\" \/><\/a><\/p>\n<p>Vi\u00f1edo<\/p>\n<p><a href=\"https:\/\/media.conmuchagula.es\/2017\/08\/vinoasturias-corias-1.jpg\"><img loading=\"lazy\" decoding=\"async\" class=\"size-full aligncenter\" src=\"https:\/\/media.conmuchagula.es\/2017\/08\/vinoasturias-corias-1.jpg\" width=\"800\" height=\"530\" \/><\/a><\/p>\n<p>&nbsp;<\/p>\n<p><a href=\"https:\/\/www.turismoasturias.es\/documents\/11022\/3261031\/vinedo.jpg\"><img loading=\"lazy\" decoding=\"async\" class=\"aligncenter\" src=\"https:\/\/www.turismoasturias.es\/documents\/11022\/3261031\/vinedo.jpg\" width=\"802\" height=\"311\" \/><\/a><\/p>\n<p><a href=\"https:\/\/www.turismoasturias.es\/documents\/11022\/3261031\/bodegas.jpg\"><img loading=\"lazy\" decoding=\"async\" class=\"aligncenter\" src=\"https:\/\/www.turismoasturias.es\/documents\/11022\/3261031\/bodegas.jpg\" width=\"800\" height=\"216\" \/><\/a><\/p>\n<p><strong>Proceso de elaboraci\u00f3n del vino<\/strong><\/p>\n<ul>\n<li><a href=\"https:\/\/vivancoculturadevino.es\/blog\/2016\/06\/14\/proceso-de-elaboracion-del-vino-tinto\/\"><strong>\u00bfC\u00f3mo es?<\/strong><\/a><\/li>\n<li><a href=\"https:\/\/www.vitivinicultura.net\/como-hacer-vino-elaboracion-casera-de-vino-blanco.html\">Pasos<\/a><\/li>\n<\/ul>\n<p><a href=\"https:\/\/centrocampillo.files.wordpress.com\/2015\/05\/bodega1-copia-2.png\"><img loading=\"lazy\" decoding=\"async\" class=\"alignnone size-full aligncenter\" src=\"https:\/\/centrocampillo.files.wordpress.com\/2015\/05\/bodega1-copia-2.png\" width=\"768\" height=\"576\" \/><\/a><\/p>\n<p>&nbsp;<\/p>\n<p><a href=\"https:\/\/i.pinimg.com\/originals\/ca\/ef\/08\/caef0840770dc19e2a422a60dfe9fe54.jpg\"><img loading=\"lazy\" decoding=\"async\" class=\"size-full aligncenter\" src=\"https:\/\/i.pinimg.com\/originals\/ca\/ef\/08\/caef0840770dc19e2a422a60dfe9fe54.jpg\" width=\"750\" height=\"711\" \/><\/a><em><span style=\"color: #008080;font-size: 14pt\"><strong>1) Plantaci\u00f3n de la cepa<\/strong> <\/span><\/em><br \/>\n<em><span style=\"font-size: 14pt\"><span style=\"color: #008080\"><strong>2) Espera:<\/strong><\/span> podar la planta y conducir su crecimiento<\/span><\/em><br \/>\n<em><span style=\"font-size: 14pt\"><span style=\"color: #008080\"><strong>3) Vendimia:<\/strong><\/span> la cosecha de la uva<\/span><\/em><br \/>\n<em><span style=\"font-size: 14pt\"><span style=\"color: #008080\"><strong>4) Prensado:<\/strong> <\/span>se obtiene el mosto de la uva<\/span><\/em><br \/>\n<em><span style=\"font-size: 14pt\"><span style=\"color: #008080\"><strong>5) Fermentaci\u00f3n:<\/strong><\/span> los az\u00facares del mosto se convierten en alcohol et\u00edlico<\/span><\/em><br \/>\n<em><span style=\"font-size: 14pt\"><span style=\"color: #008080\"><strong>6) Maduraci\u00f3n:<\/strong> <\/span>el vino toma pigmentos y sabores de la barrica de madera.<\/span><\/em><br \/>\n<em><span style=\"font-size: 14pt\"><span style=\"color: #008080\"><strong>7)\u00a0 Filtrado:<\/strong><\/span> se eliminan los residuos y el sedimento<\/span><\/em><br \/>\n<em><span style=\"font-size: 14pt\"><span style=\"color: #008080\">8) Embotellamiento:<\/span> en botellas de 750 ml. <\/span><\/em><br \/>\n<em><span style=\"font-size: 14pt\"><span style=\"color: #008080\"><strong>9) Encapsulaci\u00f3n o encorchado:<\/strong> <\/span>con corcho o materiales sint\u00e9ticos.<\/span><\/em><\/p>\n<p><a href=\"https:\/\/onlinelicor.es\/wp-content\/uploads\/a1.jpg\"><img loading=\"lazy\" decoding=\"async\" class=\"alignnone size-full\" src=\"https:\/\/onlinelicor.es\/wp-content\/uploads\/a1.jpg\" width=\"960\" height=\"372\" \/><\/a><\/p>\n<hr \/>\n<p><a href=\"https:\/\/www.bodegasmontecillo.com\/wp-content\/uploads\/2017\/07\/iconografia-vino-01.jpg\"><img loading=\"lazy\" decoding=\"async\" class=\"alignnone size-full\" src=\"https:\/\/www.bodegasmontecillo.com\/wp-content\/uploads\/2017\/07\/iconografia-vino-01.jpg\" width=\"1448\" height=\"2048\" \/><\/a><\/p>\n<ul>\n<li><a href=\"https:\/\/www.youtube.com\/watch?v=24esNCBo4yU\">Video<\/a><\/li>\n<\/ul>\n\n<!-- iframe plugin v.6.0 wordpress.org\/plugins\/iframe\/ -->\n<iframe loading=\"lazy\" width=\"588\" height=\"331\" src=\"https:\/\/www.youtube.com\/embed\/24esNCBo4yU\" scrolling=\"yes\" class=\"iframe-class\" frameborder=\"0\"><\/iframe>\n\n<ul>\n<li><a href=\"https:\/\/www.youtube.com\/watch?v=lhDeQ3RvkDY\">Video 2<\/a><\/li>\n<\/ul>\n\n<!-- iframe plugin v.6.0 wordpress.org\/plugins\/iframe\/ -->\n<iframe loading=\"lazy\" width=\"588\" height=\"331\" src=\"https:\/\/www.youtube.com\/embed\/lhDeQ3RvkDY\" scrolling=\"yes\" class=\"iframe-class\" frameborder=\"0\"><\/iframe>\n\n<p>&nbsp;<\/p>\n<hr \/>\n","protected":false},"excerpt":{"rendered":"<p>El vinu de la Tierra de Cangas Ficha d&#8217;aula n&#8217;asturianu Enllaz a SESI\u00d3N de CULTURA Exemplu d&#8217;actividaes \/\u00a0 SEMEYES \/ Noticies 2021: El Comercio \/ LNE \/ El Comercio II \/ Cangas del Narcea, Ayande, Dega\u00f1a, Grandas de Salime, Ibias, Eliao y Pez\u00f3s. \u00a0 1. Cangas del Narcea | 2. Dega\u00f1a| 3. Ibias | 4. [&hellip;]<\/p>\n","protected":false},"author":117,"featured_media":0,"parent":275,"menu_order":0,"comment_status":"closed","ping_status":"closed","template":"","meta":{"footnotes":""},"class_list":["post-2931","page","type-page","status-publish","hentry","post-preview"],"_links":{"self":[{"href":"https:\/\/edublog.educastur.es\/ixuxullingua\/wp-json\/wp\/v2\/pages\/2931","targetHints":{"allow":["GET"]}}],"collection":[{"href":"https:\/\/edublog.educastur.es\/ixuxullingua\/wp-json\/wp\/v2\/pages"}],"about":[{"href":"https:\/\/edublog.educastur.es\/ixuxullingua\/wp-json\/wp\/v2\/types\/page"}],"author":[{"embeddable":true,"href":"https:\/\/edublog.educastur.es\/ixuxullingua\/wp-json\/wp\/v2\/users\/117"}],"replies":[{"embeddable":true,"href":"https:\/\/edublog.educastur.es\/ixuxullingua\/wp-json\/wp\/v2\/comments?post=2931"}],"version-history":[{"count":16,"href":"https:\/\/edublog.educastur.es\/ixuxullingua\/wp-json\/wp\/v2\/pages\/2931\/revisions"}],"predecessor-version":[{"id":2945,"href":"https:\/\/edublog.educastur.es\/ixuxullingua\/wp-json\/wp\/v2\/pages\/2931\/revisions\/2945"}],"up":[{"embeddable":true,"href":"https:\/\/edublog.educastur.es\/ixuxullingua\/wp-json\/wp\/v2\/pages\/275"}],"wp:attachment":[{"href":"https:\/\/edublog.educastur.es\/ixuxullingua\/wp-json\/wp\/v2\/media?parent=2931"}],"curies":[{"name":"wp","href":"https:\/\/api.w.org\/{rel}","templated":true}]}}