{"id":296,"date":"2020-08-04T11:23:16","date_gmt":"2020-08-04T11:23:16","guid":{"rendered":"https:\/\/edublog.educastur.es\/ixuxullingua\/?page_id=296"},"modified":"2020-08-23T17:15:42","modified_gmt":"2020-08-23T16:15:42","slug":"00-tarea","status":"publish","type":"page","link":"https:\/\/edublog.educastur.es\/ixuxullingua\/00-tarea\/","title":{"rendered":"00) TAREA"},"content":{"rendered":"<ul>\n<li><span style=\"color: #000080\"><em><span style=\"font-size: 24pt\"><span style=\"color: #800080;font-size: 18pt\"><span style=\"color: #008080\"><strong>Calca\u00a0 nel\u00a0 to\u00a0 cursu<\/strong> y atopa les tarees propuestes por Isa&#8230;<\/span><br \/>\n<\/span><br \/>\n<\/span><\/em><\/span><\/li>\n<li><a href=\"https:\/\/edublog.educastur.es\/ixuxullingua\/primeru\/\"><img loading=\"lazy\" decoding=\"async\" class=\" wp-image-822 alignleft\" src=\"http:\/\/edublog.educastur.es\/ixuxullingua\/files\/2020\/08\/00_primeru-150x150.png\" alt=\"\" width=\"100\" height=\"100\" \/><\/a><\/li>\n<li><a href=\"https:\/\/edublog.educastur.es\/ixuxullingua\/primeru\/\"><img loading=\"lazy\" decoding=\"async\" class=\"alignnone \" src=\"https:\/\/imgbox.es\/images\/2020\/03\/25\/01f0df06a7116ae708.jpg\" width=\"200\" height=\"50\" \/> <img loading=\"lazy\" decoding=\"async\" class=\"alignnone \" src=\"https:\/\/imgbox.es\/images\/2020\/08\/21\/dedo8804de2099cafb69.png\" width=\"88\" height=\"49\" \/><\/a><\/li>\n<li><span style=\"font-size: 14pt\"><a href=\"https:\/\/edublog.educastur.es\/ixuxullingua\/primeru\/\"><span style=\"color: #000080\"><em>https:\/\/edublog.educastur.es\/ixuxullingua\/primeru\/<\/em><\/span><\/a><\/span><\/li>\n<\/ul>\n<p>&nbsp;<\/p>\n<hr \/>\n<ul>\n<li><a href=\"https:\/\/edublog.educastur.es\/ixuxullingua\/2-segundu\/\"><img loading=\"lazy\" decoding=\"async\" class=\" wp-image-820 alignleft\" src=\"http:\/\/edublog.educastur.es\/ixuxullingua\/files\/2020\/08\/00_segundu-150x150.png\" alt=\"\" width=\"100\" height=\"100\" \/><\/a><\/li>\n<li><a href=\"https:\/\/edublog.educastur.es\/ixuxullingua\/2-segundu\/\"><img loading=\"lazy\" decoding=\"async\" class=\"alignnone \" src=\"https:\/\/imgbox.es\/images\/2020\/03\/25\/02488811563cf0afc4.jpg\" width=\"201\" height=\"50\" \/><img loading=\"lazy\" decoding=\"async\" class=\"alignnone \" src=\"https:\/\/imgbox.es\/images\/2020\/08\/21\/dedo8804de2099cafb69.png\" width=\"88\" height=\"49\" \/><\/a><\/li>\n<li><span style=\"font-size: 14pt\"><a href=\"https:\/\/edublog.educastur.es\/ixuxullingua\/2-segundu\/\"><em><span style=\"color: #000080\">https:\/\/edublog.educastur.es\/ixuxullingua\/2-segundu\/<\/span><\/em><\/a><\/span><\/li>\n<\/ul>\n<p>&nbsp;<\/p>\n<hr \/>\n<ul>\n<li><a href=\"https:\/\/edublog.educastur.es\/ixuxullingua\/3-terceru\/\"><img loading=\"lazy\" decoding=\"async\" class=\" wp-image-817 alignleft\" src=\"http:\/\/edublog.educastur.es\/ixuxullingua\/files\/2020\/08\/00_terceru-150x150.png\" alt=\"\" width=\"100\" height=\"100\" \/><\/a><\/li>\n<li><a href=\"https:\/\/edublog.educastur.es\/ixuxullingua\/3-terceru\/\"><img loading=\"lazy\" decoding=\"async\" class=\"alignnone \" src=\"https:\/\/imgbox.es\/images\/2020\/03\/25\/03c7e47f63c08b8496.jpg\" width=\"200\" height=\"50\" \/><img loading=\"lazy\" decoding=\"async\" class=\"alignnone \" src=\"https:\/\/imgbox.es\/images\/2020\/08\/21\/dedo8804de2099cafb69.png\" width=\"88\" height=\"49\" \/><\/a><\/li>\n<li><span style=\"font-size: 14pt\"><a href=\"https:\/\/edublog.educastur.es\/ixuxullingua\/3-terceru\/\"><span style=\"color: #000080\"><em>https:\/\/edublog.educastur.es\/ixuxullingua\/3-terceru\/<\/em><\/span><\/a><\/span><\/li>\n<\/ul>\n<p>&nbsp;<\/p>\n<hr \/>\n<ul>\n<li><a href=\"https:\/\/edublog.educastur.es\/ixuxullingua\/4-cuartu\/\"><img loading=\"lazy\" decoding=\"async\" class=\" wp-image-818 alignleft\" src=\"http:\/\/edublog.educastur.es\/ixuxullingua\/files\/2020\/08\/00_cuartu-150x150.png\" alt=\"\" width=\"100\" height=\"100\" \/><\/a><\/li>\n<li><a href=\"https:\/\/edublog.educastur.es\/ixuxullingua\/4-cuartu\/\"><img loading=\"lazy\" decoding=\"async\" class=\"alignnone \" src=\"https:\/\/imgbox.es\/images\/2020\/03\/25\/04ccedd9329d38a9c9.jpg\" width=\"200\" height=\"50\" \/><img loading=\"lazy\" decoding=\"async\" class=\"alignnone \" src=\"https:\/\/imgbox.es\/images\/2020\/08\/21\/dedo8804de2099cafb69.png\" width=\"88\" height=\"49\" \/><\/a><\/li>\n<li><span style=\"color: #000080;font-size: 14pt\"><a style=\"color: #000080\" href=\"https:\/\/edublog.educastur.es\/ixuxullingua\/4-cuartu\/\"><em>https:\/\/edublog.educastur.es\/ixuxullingua\/4-cuartu\/<\/em><\/a><\/span><\/li>\n<\/ul>\n<p>&nbsp;<\/p>\n<hr \/>\n<ul>\n<li><a href=\"https:\/\/edublog.educastur.es\/ixuxullingua\/5-quintu\/\"><img loading=\"lazy\" decoding=\"async\" class=\" wp-image-819 alignleft\" src=\"http:\/\/edublog.educastur.es\/ixuxullingua\/files\/2020\/08\/00_quintu-150x150.png\" alt=\"\" width=\"100\" height=\"100\" \/><\/a><\/li>\n<li><a href=\"https:\/\/edublog.educastur.es\/ixuxullingua\/5-quintu\/\"><img loading=\"lazy\" decoding=\"async\" class=\"alignnone \" src=\"https:\/\/imgbox.es\/images\/2020\/03\/25\/05d343155a858c7a28.jpg\" width=\"200\" height=\"50\" \/><img loading=\"lazy\" decoding=\"async\" class=\"alignnone \" src=\"https:\/\/imgbox.es\/images\/2020\/08\/21\/dedo8804de2099cafb69.png\" width=\"88\" height=\"49\" \/><\/a><\/li>\n<li><span style=\"font-size: 14pt\"><a href=\"https:\/\/edublog.educastur.es\/ixuxullingua\/5-quintu\/\"><span style=\"color: #000080\"><em>https:\/\/edublog.educastur.es\/ixuxullingua\/5-quintu\/<\/em><\/span><\/a><\/span><\/li>\n<\/ul>\n<p>&nbsp;<\/p>\n<hr \/>\n<ul>\n<li><a href=\"https:\/\/edublog.educastur.es\/ixuxullingua\/6-sestu\/\"><img loading=\"lazy\" decoding=\"async\" class=\" wp-image-821 alignleft\" src=\"http:\/\/edublog.educastur.es\/ixuxullingua\/files\/2020\/08\/00_sestu-150x150.png\" alt=\"\" width=\"100\" height=\"100\" \/><\/a><\/li>\n<li><a href=\"https:\/\/edublog.educastur.es\/ixuxullingua\/6-sestu\/\"><img loading=\"lazy\" decoding=\"async\" class=\"alignnone \" src=\"https:\/\/imgbox.es\/images\/2020\/03\/25\/06dacf62bbf7a677f5.jpg\" width=\"200\" height=\"50\" \/><img loading=\"lazy\" decoding=\"async\" class=\"alignnone \" src=\"https:\/\/imgbox.es\/images\/2020\/08\/21\/dedo8804de2099cafb69.png\" width=\"88\" height=\"49\" \/><\/a><\/li>\n<li><span style=\"color: #000080;font-size: 14pt\"><em>https:\/\/edublog.educastur.es\/ixuxullingua\/6-sestu\/<\/em><\/span><\/li>\n<\/ul>\n<p>&nbsp;<\/p>\n<hr \/>\n<p>&nbsp;<\/p>\n<ul>\n<li><span style=\"color: #008080\"><em><span style=\"font-size: 14pt\">En E. Infantil no se imparte \u00abAsturiano\u00bb como asignatura. Al finalizar ciclo y matricularse para 1\u00ba de E. Primaria es cuando se hace la elecci\u00f3n de Cultura Asturiana o <strong>Llingua Asturiana<\/strong>. En esta p\u00e1gina hay enlazada informaci\u00f3n para las familias que quieran saber c\u00f3mo es esta preciosa materia.<\/span><\/em><\/span><\/li>\n<\/ul>\n<p>&nbsp;<\/p>\n<ul>\n<li><a href=\"https:\/\/edublog.educastur.es\/ixuxullingua\/infantil\/\"><img loading=\"lazy\" decoding=\"async\" class=\"alignnone \" src=\"https:\/\/imgbox.es\/images\/2020\/03\/25\/0_EI0989b6e6c05bacfa.jpg\" width=\"301\" height=\"75\" \/><\/a><\/li>\n<li><span style=\"font-size: 14pt\"><a href=\"https:\/\/edublog.educastur.es\/ixuxullingua\/infantil\/\"><span style=\"color: #000080\"><em>https:\/\/edublog.educastur.es\/ixuxullingua\/infantil\/<\/em><\/span><\/a><\/span><\/li>\n<\/ul>\n<p><img loading=\"lazy\" decoding=\"async\" class=\"\" src=\"https:\/\/imgbox.es\/images\/2020\/03\/23\/separadora4a37c028d732afc.jpg\" width=\"199\" height=\"16\" border=\"0\" \/><\/p>\n<p>&nbsp;<\/p>\n<p>&nbsp;<\/p>\n","protected":false},"excerpt":{"rendered":"<p>Calca\u00a0 nel\u00a0 to\u00a0 cursu y atopa les tarees propuestes por Isa&#8230; https:\/\/edublog.educastur.es\/ixuxullingua\/primeru\/ &nbsp; https:\/\/edublog.educastur.es\/ixuxullingua\/2-segundu\/ &nbsp; https:\/\/edublog.educastur.es\/ixuxullingua\/3-terceru\/ &nbsp; https:\/\/edublog.educastur.es\/ixuxullingua\/4-cuartu\/ &nbsp; https:\/\/edublog.educastur.es\/ixuxullingua\/5-quintu\/ &nbsp; https:\/\/edublog.educastur.es\/ixuxullingua\/6-sestu\/ &nbsp; &nbsp; En E. Infantil no se imparte \u00abAsturiano\u00bb como asignatura. Al finalizar ciclo y matricularse para 1\u00ba de E. Primaria es cuando se hace la elecci\u00f3n de Cultura Asturiana o Llingua Asturiana. [&hellip;]<\/p>\n","protected":false},"author":117,"featured_media":0,"parent":0,"menu_order":0,"comment_status":"closed","ping_status":"closed","template":"","meta":{"footnotes":""},"class_list":["post-296","page","type-page","status-publish","hentry","post-preview"],"_links":{"self":[{"href":"https:\/\/edublog.educastur.es\/ixuxullingua\/wp-json\/wp\/v2\/pages\/296","targetHints":{"allow":["GET"]}}],"collection":[{"href":"https:\/\/edublog.educastur.es\/ixuxullingua\/wp-json\/wp\/v2\/pages"}],"about":[{"href":"https:\/\/edublog.educastur.es\/ixuxullingua\/wp-json\/wp\/v2\/types\/page"}],"author":[{"embeddable":true,"href":"https:\/\/edublog.educastur.es\/ixuxullingua\/wp-json\/wp\/v2\/users\/117"}],"replies":[{"embeddable":true,"href":"https:\/\/edublog.educastur.es\/ixuxullingua\/wp-json\/wp\/v2\/comments?post=296"}],"version-history":[{"count":10,"href":"https:\/\/edublog.educastur.es\/ixuxullingua\/wp-json\/wp\/v2\/pages\/296\/revisions"}],"predecessor-version":[{"id":944,"href":"https:\/\/edublog.educastur.es\/ixuxullingua\/wp-json\/wp\/v2\/pages\/296\/revisions\/944"}],"wp:attachment":[{"href":"https:\/\/edublog.educastur.es\/ixuxullingua\/wp-json\/wp\/v2\/media?parent=296"}],"curies":[{"name":"wp","href":"https:\/\/api.w.org\/{rel}","templated":true}]}}