{"id":3045,"date":"2021-11-14T12:50:50","date_gmt":"2021-11-14T10:50:50","guid":{"rendered":"https:\/\/edublog.educastur.es\/ixuxullingua\/?page_id=3045"},"modified":"2021-11-14T13:15:19","modified_gmt":"2021-11-14T11:15:19","slug":"sopa-lletres","status":"publish","type":"page","link":"https:\/\/edublog.educastur.es\/ixuxullingua\/2-segundu\/segundu-21-22\/05-primer-trimestre\/sopa-lletres\/","title":{"rendered":"Sopa lletres"},"content":{"rendered":"<p>Recordamos los meses y d\u00edes de la selmana&#8230; Alcu\u00e9ntralos nesta sopa lletres&#8230;<\/p>\n<p><a href=\"https:\/\/tinypix.top\/images\/2021\/11\/14\/vxaqS.jpg\"><img loading=\"lazy\" decoding=\"async\" class=\"alignnone\" src=\"https:\/\/tinypix.top\/images\/2021\/11\/14\/vxaqS.jpg\" alt=\"\" width=\"268\" height=\"357\" \/><\/a> \/ <a href=\"https:\/\/tinypix.top\/images\/2021\/11\/14\/vxGlr.jpg\"><img loading=\"lazy\" decoding=\"async\" class=\"alignnone\" src=\"https:\/\/tinypix.top\/images\/2021\/11\/14\/vxGlr.jpg\" alt=\"\" width=\"268\" height=\"358\" \/><\/a><\/p>\n<p>Dempu\u00e9s, alcu\u00e9ntralos nesi poema y sorrayalos de mariello:<\/p>\n<p style=\"text-align: center\"><span style=\"font-size: 18pt;color: #008080\"><em><strong>Los meses del a\u00f1u<\/strong><\/em><\/span><\/p>\n<p style=\"text-align: center\"><span style=\"font-size: 18pt;color: #008080\"><em>Aprendi los nomes de doce gatinos <\/em><\/span><br \/>\n<span style=\"font-size: 18pt;color: #008080\"><em>que pasen per casa de tolos vecinos.<\/em><\/span><\/p>\n<p style=\"text-align: center\"><span style=\"font-size: 18pt;color: #008080\"><em>Xineru y febreru, miaguen los primeros; <\/em><\/span><br \/>\n<span style=\"font-size: 18pt;color: #008080\"><em>van marzu y abril miagando tres d\u2019ellos.<\/em><\/span><\/p>\n<p style=\"text-align: center\"><span style=\"font-size: 18pt;color: #008080\"><em>Depues mayu y xunu lleguen seliqu\u00edn. <\/em><\/span><br \/>\n<span style=\"font-size: 18pt;color: #008080\"><em>Xunetu y agostu suden pel cam\u00edn.<\/em><\/span><\/p>\n<p style=\"text-align: center\"><span style=\"font-size: 18pt;color: #008080\"><em>A setiembre g\u00fasta-y el cursu empezar. <\/em><\/span><br \/>\n<span style=\"font-size: 18pt;color: #008080\"><em>A ochobre y payares ratones cazar.<\/em><\/span><br \/>\n<span style=\"font-size: 18pt;color: #008080\"><em>Qu\u00e9damos avientu cola navid\u00e1.<\/em><\/span><\/p>\n<p>&nbsp;<\/p>\n<hr \/>\n<p>Solucionariu<\/p>\n<p style=\"text-align: center\"><a href=\"https:\/\/tinypix.top\/images\/2021\/11\/13\/vwwDq.jpg\"><img loading=\"lazy\" decoding=\"async\" class=\"alignnone\" src=\"https:\/\/tinypix.top\/images\/2021\/11\/13\/vwwDq.jpg\" alt=\"\" width=\"4000\" height=\"3000\" \/><\/a><\/p>\n<p>&nbsp;<\/p>\n<p style=\"text-align: center\">\n<!-- iframe plugin v.6.0 wordpress.org\/plugins\/iframe\/ -->\n<iframe loading=\"lazy\" width=\"100%\" height=\"365\" src=\"https:\/\/www.youtube.com\/embed\/xyW-xu3H_TQ\" 0=\"\/iframe\" scrolling=\"yes\" class=\"iframe-class\" frameborder=\"0\"><\/iframe>\n<\/p>\n<p>Los<a href=\"https:\/\/www.youtube.com\/watch?v=xyW-xu3H_TQ\"> meses del a\u00f1u n&#8217;asturianu pa ne\u00f1os col cantar de Skanda \u00abal xirar el sol\u00bb<\/a> y dibuxos del llibru \u00abTratamientu de la lengua y la cultura asturiana en la Educaci\u00f3n Infantil\u00bb de la Conseyer\u00eda d&#8217;Educaci\u00f3n.<\/p>\n<div><i>La lletra:<\/i><\/div>\n<div><\/div>\n<div style=\"text-align: center\"><em><span style=\"color: #008080;font-size: 14pt\">Af\u00e1yase <b><u>XINERU<\/u><\/b> y yes regalu que de guah.e enxam\u00e1s sua\u00f1\u00e9<\/span><\/em><\/div>\n<div style=\"text-align: center\"><em><span style=\"color: #008080;font-size: 14pt\"><b><u>FEBRERU <\/u><\/b>trai l&#8217;antroxu pas\u00edes ensin disfraz: comu yes<\/span><\/em><\/div>\n<div style=\"text-align: center\"><em><span style=\"color: #008080;font-size: 14pt\">fi\u00e9rvete la sangre en <b><u>MARZU<\/u><\/b> y andamos llocos toos!<\/span><\/em><\/div>\n<div style=\"text-align: center\"><em><span style=\"color: #008080;font-size: 14pt\">n&#8217;<b><u>ABRIL<\/u><\/b> ando a niales, y nellos atopo siempre un cachiqu\u00edn de t\u00ed<\/span><\/em><\/div>\n<div style=\"text-align: center\"><\/div>\n<div style=\"text-align: center\"><em><span style=\"color: #008080;font-size: 14pt\"><b><u>MAYU<\/u><\/b> m\u00fadate la piel, flores que xorrecen, como&#8217;l d\u00eda aquel<\/span><\/em><\/div>\n<div style=\"text-align: center\"><em><span style=\"color: #008080;font-size: 14pt\"><b><u>XUNU<\/u><\/b> ye pa ver estrelles, na nueches de San Xuan na fonte tas<\/span><\/em><\/div>\n<div style=\"text-align: center\"><em><span style=\"color: #008080;font-size: 14pt\">en <b><u>XUNETU<\/u><\/b>\u00a0 p\u00f3rtesme a conocer llugares que nun sospech\u00e9<\/span><\/em><\/div>\n<div style=\"text-align: center\"><em><span style=\"color: #008080;font-size: 14pt\">ba\u00f1\u00e1monos n&#8217;<b><u>AGOSTU <\/u><\/b>refr\u00e9squenos la mar.<\/span><\/em><\/div>\n<div style=\"text-align: center\"><\/div>\n<div style=\"text-align: center\"><em><span style=\"color: #008080;font-size: 14pt\">Tornamos a la realid\u00e1.<b><u> SETIEMBRE<\/u><\/b>\u00a0 ye perguapu si tas t\u00fa<\/span><\/em><\/div>\n<div style=\"text-align: center\"><em><span style=\"color: #008080;font-size: 14pt\">ab\u00farreste n&#8217;<b><u>OCHOBRE<\/u><\/b> Y pintes los folleros de dor\u00e1u y miel<\/span><\/em><br \/>\n<em><span style=\"color: #008080;font-size: 14pt\">fr\u00edu vien <b><u>PAYARES<\/u><\/b> tu yes el mio abellugu: tan calent\u00edn!<\/span><\/em><\/div>\n<p style=\"text-align: center\"><em><span style=\"color: #008080;font-size: 14pt\">n&#8217;<b><u>AVIENTU<\/u><\/b> traes de torna a los que fueron llo\u00f1e: tamos toos equ\u00ed!<\/span><\/em><\/p>\n<p><i>Escueye&#8217;l mes del to cumplea\u00f1os y ponlu n&#8217;asturianu y depu\u00e9s vamos pintal: <\/i><br \/>\n<a href=\"https:\/\/drive.google.com\/file\/d\/0ByXggn4BOpCdOHJZUFMyMElwcHM\/edit?usp=sharing\" target=\"_blank\" rel=\"noopener\">Fiches de los meses del a\u00f1u (pa pintar)\u00a0<\/a><br \/>\n<i>Escucha el cantar y completa les ralures&#8230;<\/i><br \/>\n<a href=\"https:\/\/drive.google.com\/file\/d\/0ByXggn4BOpCdYjJqRzh4bGxVS3c\/edit?usp=sharing\" target=\"_blank\" rel=\"noopener\">Lletra \u00abal xirar el sol\u00bb<\/a><\/p>\n<p>M\u00e1s info:<\/p>\n<div class=\"separator\"><a href=\"https:\/\/2.bp.blogspot.com\/-NH4AqkEybzc\/UoJ8sDMayyI\/AAAAAAAAAmU\/9rM_U5EmPlQ\/s1600\/skanda+escritorio.jpg\"><img decoding=\"async\" title=\"skanda+escritorio\" src=\"https:\/\/2.bp.blogspot.com\/-NH4AqkEybzc\/UoJ8sDMayyI\/AAAAAAAAAmU\/9rM_U5EmPlQ\/s1600\/skanda+escritorio.jpg\" alt=\"skanda+escritorio\" border=\"0\" \/><\/a><\/div>\n<div><a href=\"https:\/\/www.facebook.com\/Skanda34\" target=\"_blank\" rel=\"noopener\">SKANDA facebook<\/a><\/div>\n<div><a href=\"http:\/\/skanda34.blogspot.com.es\/\" target=\"_blank\" rel=\"noopener\">SKANDA web<\/a><\/div>\n","protected":false},"excerpt":{"rendered":"<p>Recordamos los meses y d\u00edes de la selmana&#8230; Alcu\u00e9ntralos nesta sopa lletres&#8230; \/ Dempu\u00e9s, alcu\u00e9ntralos nesi poema y sorrayalos de mariello: Los meses del a\u00f1u Aprendi los nomes de doce gatinos que pasen per casa de tolos vecinos. Xineru y febreru, miaguen los primeros; van marzu y abril miagando tres d\u2019ellos. Depues mayu y xunu [&hellip;]<\/p>\n","protected":false},"author":117,"featured_media":0,"parent":271,"menu_order":0,"comment_status":"closed","ping_status":"closed","template":"","meta":{"footnotes":""},"class_list":["post-3045","page","type-page","status-publish","hentry","post-preview"],"_links":{"self":[{"href":"https:\/\/edublog.educastur.es\/ixuxullingua\/wp-json\/wp\/v2\/pages\/3045","targetHints":{"allow":["GET"]}}],"collection":[{"href":"https:\/\/edublog.educastur.es\/ixuxullingua\/wp-json\/wp\/v2\/pages"}],"about":[{"href":"https:\/\/edublog.educastur.es\/ixuxullingua\/wp-json\/wp\/v2\/types\/page"}],"author":[{"embeddable":true,"href":"https:\/\/edublog.educastur.es\/ixuxullingua\/wp-json\/wp\/v2\/users\/117"}],"replies":[{"embeddable":true,"href":"https:\/\/edublog.educastur.es\/ixuxullingua\/wp-json\/wp\/v2\/comments?post=3045"}],"version-history":[{"count":8,"href":"https:\/\/edublog.educastur.es\/ixuxullingua\/wp-json\/wp\/v2\/pages\/3045\/revisions"}],"predecessor-version":[{"id":3047,"href":"https:\/\/edublog.educastur.es\/ixuxullingua\/wp-json\/wp\/v2\/pages\/3045\/revisions\/3047"}],"up":[{"embeddable":true,"href":"https:\/\/edublog.educastur.es\/ixuxullingua\/wp-json\/wp\/v2\/pages\/271"}],"wp:attachment":[{"href":"https:\/\/edublog.educastur.es\/ixuxullingua\/wp-json\/wp\/v2\/media?parent=3045"}],"curies":[{"name":"wp","href":"https:\/\/api.w.org\/{rel}","templated":true}]}}