{"id":3084,"date":"2021-11-17T23:50:44","date_gmt":"2021-11-17T21:50:44","guid":{"rendered":"https:\/\/edublog.educastur.es\/ixuxullingua\/?page_id=3084"},"modified":"2021-11-17T23:51:19","modified_gmt":"2021-11-17T21:51:19","slug":"apellidos","status":"publish","type":"page","link":"https:\/\/edublog.educastur.es\/ixuxullingua\/curiosidaes\/apellidos\/","title":{"rendered":"Apellidos"},"content":{"rendered":"<p>pendiente tornar al asturianu<\/p>\n<ul>\n<li><a href=\"https:\/\/www.facebook.com\/universoactual00\/photos\/a.105045911982446\/115367344283636\/\">Fonte: Universo actual<\/a><\/li>\n<\/ul>\n<div class=\"kvgmc6g5 cxmmr5t8 oygrvhab hcukyx3x c1et5uql ii04i59q\">\n<div dir=\"auto\" style=\"text-align: center\"><em><span style=\"font-size: 18pt\"><strong>EL ORIGEN DE LOS APELLIDOS.<\/strong><\/span><\/em><\/div>\n<\/div>\n<div class=\"o9v6fnle cxmmr5t8 oygrvhab hcukyx3x c1et5uql ii04i59q\">\n<div dir=\"auto\">En la antig\u00fcedad, no exist\u00edan los apellidos. Tomemos la Biblia, por ejemplo:<\/div>\n<\/div>\n<div class=\"o9v6fnle cxmmr5t8 oygrvhab hcukyx3x c1et5uql ii04i59q\">\n<div dir=\"auto\">A los personajes del Antiguo y Nuevo Testamento se les conoc\u00eda por su nombre: Abraham, Mois\u00e9s, Pedro, Juan, Mateo, Jes\u00fas, Mar\u00eda y Jos\u00e9.<\/div>\n<\/div>\n<div class=\"o9v6fnle cxmmr5t8 oygrvhab hcukyx3x c1et5uql ii04i59q\">\n<div dir=\"auto\">No hab\u00eda tal cosa como Abraham P\u00e9rez, Mateo Delgado o Jos\u00e9 Garc\u00eda. (Cuidado: Iscariote no era el apellido del traidor Judas, ni Tadeo el del santo; eran sobrenombres, apodos).<\/div>\n<\/div>\n<div class=\"o9v6fnle cxmmr5t8 oygrvhab hcukyx3x c1et5uql ii04i59q\">\n<div dir=\"auto\">Con el tiempo, las comunidades se poblaban cada vez m\u00e1s y m\u00e1s, y de momento surg\u00edan las dudas:<\/div>\n<\/div>\n<div class=\"o9v6fnle cxmmr5t8 oygrvhab hcukyx3x c1et5uql ii04i59q\">\n<div dir=\"auto\">\u2014Ll\u00e9vale este mensaje a Juan.<\/div>\n<div dir=\"auto\">\u2014\u00bfCu\u00e1l Juan? \u2014preguntaba el mensajero.<\/div>\n<div dir=\"auto\">\u2014Pues Juan, el \u00abdel valle\u00bb \u2014explicaba para distinguirlo del otro Juan, el \u00abdel monte\u00bb.<\/div>\n<\/div>\n<div class=\"o9v6fnle cxmmr5t8 oygrvhab hcukyx3x c1et5uql ii04i59q\">\n<div dir=\"auto\">En este caso, los apellidos \u201cdel Valle\u201d y \u201cdel Monte\u201d, tan comunes hoy en d\u00eda, surgieron como resultado del lugar donde viv\u00edan estas personas.<\/div>\n<\/div>\n<div class=\"o9v6fnle cxmmr5t8 oygrvhab hcukyx3x c1et5uql ii04i59q\">\n<div dir=\"auto\">Estos se llaman \u00abapellidos top\u00f3nimos\u00bb, porque la toponimia estudia la procedencia de los nombres propios de un lugar.<\/div>\n<\/div>\n<div class=\"o9v6fnle cxmmr5t8 oygrvhab hcukyx3x c1et5uql ii04i59q\">\n<div dir=\"auto\">En esa misma categor\u00eda est\u00e1n los apellidos Arroyo, Canales, Costa, Cuevas, Pe\u00f1a, Prado, Rivera (que hacen referencia a alg\u00fan accidente geogr\u00e1fico) y \u00c1vila, Burgos, Logro\u00f1o, Madrid, Toledo (que provienen de una ciudad en Espa\u00f1a).<\/div>\n<\/div>\n<div class=\"o9v6fnle cxmmr5t8 oygrvhab hcukyx3x c1et5uql ii04i59q\">\n<div dir=\"auto\">Otros apellidos se originan de alguna peculiaridad arquitect\u00f3nica con la que se relacionaba una persona.<\/div>\n<\/div>\n<div class=\"o9v6fnle cxmmr5t8 oygrvhab hcukyx3x c1et5uql ii04i59q\">\n<div dir=\"auto\">Si tu antepasado viv\u00eda cerca de varias torres, o a pasos de unas fuentes, o detr\u00e1s de una iglesia, o al cruzar un puente, o era due\u00f1o de varios palacios, pues ahora entiendes el porqu\u00e9 de los apellidos Torres, Fuentes, Iglesias, Puente y Palacios.<\/div>\n<\/div>\n<div class=\"o9v6fnle cxmmr5t8 oygrvhab hcukyx3x c1et5uql ii04i59q\">\n<div dir=\"auto\">Es posible que hayas tenido alg\u00fan ancestro que tuviese algo que ver con la flora y la fauna.<\/div>\n<\/div>\n<div class=\"o9v6fnle cxmmr5t8 oygrvhab hcukyx3x c1et5uql ii04i59q\">\n<div dir=\"auto\">Quiz\u00e1s criaba corderos, cosechaba manzanas o ten\u00eda una finca de ganado. De ah\u00ed los apellidos Cordero, Manzanero y Toro.<\/div>\n<\/div>\n<div class=\"o9v6fnle cxmmr5t8 oygrvhab hcukyx3x c1et5uql ii04i59q\">\n<div dir=\"auto\">Los oficios o profesiones del pasado tambi\u00e9n han producido muchos de los apellidos de hoy en d\u00eda.<\/div>\n<\/div>\n<div class=\"o9v6fnle cxmmr5t8 oygrvhab hcukyx3x c1et5uql ii04i59q\">\n<div dir=\"auto\">\u00bfConoces a alg\u00fan Labrador, Pastor, Monje, Herrero, Criado o Vaquero? Pues ya sabes a qu\u00e9 se dedicaban sus antepasados durante la Edad Media.<\/div>\n<\/div>\n<div class=\"o9v6fnle cxmmr5t8 oygrvhab hcukyx3x c1et5uql ii04i59q\">\n<div dir=\"auto\">Otra manera de crear apellidos era a base de alguna caracter\u00edstica f\u00edsica, o un rasgo de su personalidad o de un estado civil.<\/div>\n<\/div>\n<div class=\"o9v6fnle cxmmr5t8 oygrvhab hcukyx3x c1et5uql ii04i59q\">\n<div dir=\"auto\">Si no era casado, entonces era Soltero; si no era gordo, era Delgado; si no ten\u00eda cabello, era Calvo; si su pelo no era casta\u00f1o, era Rubio; si no era blanco, era Moreno; si ten\u00eda buen sentido del humor, era Alegr\u00eda; si era educado, era Cort\u00e9s.<\/div>\n<\/div>\n<div class=\"o9v6fnle cxmmr5t8 oygrvhab hcukyx3x c1et5uql ii04i59q\">\n<div dir=\"auto\">Quiz\u00e1s la procedencia m\u00e1s curiosa es la de los apellidos que terminan en -ez, como Rodr\u00edguez, Mart\u00ednez, Jim\u00e9nez, Gonz\u00e1lez, entre otros muchos que abundan entre nosotros los hispanos.<\/div>\n<\/div>\n<div class=\"o9v6fnle cxmmr5t8 oygrvhab hcukyx3x c1et5uql ii04i59q\">\n<div dir=\"auto\">El origen es muy sencillo: -ez significa \u00abhijo de\u00bb.<\/div>\n<\/div>\n<div class=\"o9v6fnle cxmmr5t8 oygrvhab hcukyx3x c1et5uql ii04i59q\">\n<div dir=\"auto\">Por lo tanto, si tu apellido es Gonz\u00e1lez es porque tuviste alg\u00fan antepasado que era hijo de un Gonzalo. De la misma manera, Rodr\u00edguez era hijo de Rodrigo, Mart\u00ednez de Mart\u00edn, Jim\u00e9nez de Jimeno, S\u00e1nchez de Sancho, \u00c1lvarez de \u00c1lvaro, Ben\u00edtez de Benito, Dom\u00ednguez de Domingo, Hern\u00e1ndez de Hernando, L\u00f3pez de Lope, Ram\u00edrez de Ramiro, Vel\u00e1zquez de Velasco, y as\u00ed por el estilo.<\/div>\n<\/div>\n<div class=\"o9v6fnle cxmmr5t8 oygrvhab hcukyx3x c1et5uql ii04i59q\">\n<div dir=\"auto\">As\u00ed mismo ocurre en otros idiomas: Johnson es hijo de John en ingl\u00e9s (John-son); MacArthur es hijo de Arthur en escoc\u00e9s; Martini es hijo de Mart\u00edn en italiano.<\/div>\n<\/div>\n<div class=\"o9v6fnle cxmmr5t8 oygrvhab hcukyx3x c1et5uql ii04i59q\">\n<div dir=\"auto\">Es as\u00ed como, poco a poco, durante la Edad Media, comienzan a surgir los apellidos.<\/div>\n<\/div>\n<div class=\"o9v6fnle cxmmr5t8 oygrvhab hcukyx3x c1et5uql ii04i59q\">\n<div dir=\"auto\">La finalidad era, pues, diferenciar una persona de la otra.<\/div>\n<\/div>\n<div class=\"o9v6fnle cxmmr5t8 oygrvhab hcukyx3x c1et5uql ii04i59q\">\n<div dir=\"auto\">Con el tiempo, estos apellidos tomaron un car\u00e1cter hereditario y pasaron de generaci\u00f3n en generaci\u00f3n con el prop\u00f3sito de identificar no solo personas, sino familias.<\/div>\n<div dir=\"auto\"><\/div>\n<\/div>\n","protected":false},"excerpt":{"rendered":"<p>pendiente tornar al asturianu Fonte: Universo actual EL ORIGEN DE LOS APELLIDOS. En la antig\u00fcedad, no exist\u00edan los apellidos. Tomemos la Biblia, por ejemplo: A los personajes del Antiguo y Nuevo Testamento se les conoc\u00eda por su nombre: Abraham, Mois\u00e9s, Pedro, Juan, Mateo, Jes\u00fas, Mar\u00eda y Jos\u00e9. No hab\u00eda tal cosa como Abraham P\u00e9rez, Mateo [&hellip;]<\/p>\n","protected":false},"author":117,"featured_media":0,"parent":2468,"menu_order":0,"comment_status":"closed","ping_status":"closed","template":"","meta":{"footnotes":""},"class_list":["post-3084","page","type-page","status-publish","hentry","post-preview"],"_links":{"self":[{"href":"https:\/\/edublog.educastur.es\/ixuxullingua\/wp-json\/wp\/v2\/pages\/3084","targetHints":{"allow":["GET"]}}],"collection":[{"href":"https:\/\/edublog.educastur.es\/ixuxullingua\/wp-json\/wp\/v2\/pages"}],"about":[{"href":"https:\/\/edublog.educastur.es\/ixuxullingua\/wp-json\/wp\/v2\/types\/page"}],"author":[{"embeddable":true,"href":"https:\/\/edublog.educastur.es\/ixuxullingua\/wp-json\/wp\/v2\/users\/117"}],"replies":[{"embeddable":true,"href":"https:\/\/edublog.educastur.es\/ixuxullingua\/wp-json\/wp\/v2\/comments?post=3084"}],"version-history":[{"count":2,"href":"https:\/\/edublog.educastur.es\/ixuxullingua\/wp-json\/wp\/v2\/pages\/3084\/revisions"}],"predecessor-version":[{"id":3086,"href":"https:\/\/edublog.educastur.es\/ixuxullingua\/wp-json\/wp\/v2\/pages\/3084\/revisions\/3086"}],"up":[{"embeddable":true,"href":"https:\/\/edublog.educastur.es\/ixuxullingua\/wp-json\/wp\/v2\/pages\/2468"}],"wp:attachment":[{"href":"https:\/\/edublog.educastur.es\/ixuxullingua\/wp-json\/wp\/v2\/media?parent=3084"}],"curies":[{"name":"wp","href":"https:\/\/api.w.org\/{rel}","templated":true}]}}