{"id":311,"date":"2020-08-05T07:42:38","date_gmt":"2020-08-05T07:42:38","guid":{"rendered":"https:\/\/edublog.educastur.es\/ixuxullingua\/?page_id=311"},"modified":"2020-11-04T22:43:50","modified_gmt":"2020-11-04T20:43:50","slug":"covid-19","status":"publish","type":"page","link":"https:\/\/edublog.educastur.es\/ixuxullingua\/noticies\/covid-19\/","title":{"rendered":"COVID 19"},"content":{"rendered":"<p><a href=\"https:\/\/asturiasloestashaciendobien.com\/resources\/medidas\/carteles\/asturiano\/principado-covid-fases-a4-bable-web.pdf\" target=\"_blank\" rel=\"noopener noreferrer\"><i><img loading=\"lazy\" decoding=\"async\" class=\"\" src=\"https:\/\/elmiradoriu.files.wordpress.com\/2020\/05\/img-20200516-wa0002.jpg\" width=\"401\" height=\"568\" border=\"1\" \/>Descargar<\/i><\/a><\/p>\n<p align=\"justify\">El gobiernu del Princip\u00e1u d\u2019Asturies acaba de facer p\u00fablica una <a href=\"https:\/\/asturiasloestashaciendobien.com\/\" target=\"_blank\" rel=\"noopener noreferrer\">campa\u00f1a de sensibilizaci\u00f3n sobre la llucha contra\u00a0<\/a><a href=\"https:\/\/asturiasloestashaciendobien.com\/\" target=\"_blank\" rel=\"noopener noreferrer\"> la pandemia del covid. <\/a>Tien versi\u00f3n en llingua castellana y en llingua asturiana. Nel aspectu lling\u00fc\u00edsticu, de la versi\u00f3n asturiana de los carteles, un usu de la llingua exemplar, sin necesid\u00e1 de revirar les palabres en xuegos malabares. <a href=\"https:\/\/asturiasloestashaciendobien.com\/\" target=\"_blank\" rel=\"noopener noreferrer\"><i><u>Ver campa\u00f1a.<\/u><\/i><\/a><\/p>\n<p><a href=\"https:\/\/elmiradoriu.files.wordpress.com\/2020\/05\/img-20200516-wa0003.jpg\" target=\"_blank\" rel=\"noopener noreferrer\"><img loading=\"lazy\" decoding=\"async\" class=\"\" src=\"https:\/\/elmiradoriu.files.wordpress.com\/2020\/05\/img-20200516-wa0003.jpg\" width=\"405\" height=\"573\" border=\"1\" \/><\/a><\/p>\n<ul>\n<li><i>Has llavar les manes a menudo<\/i>.<\/li>\n<li><i>Has usar la m\u00e1zcara cuando faiga falta<\/i>.<\/li>\n<li><i>Nun toques los g\u00fceyos, la nariz nin la boca<\/i>.<\/li>\n<li><i>La desescalada tami\u00e9n ye cargu tuyu<\/i>.<\/li>\n<li><a href=\"https:\/\/www.youtube.com\/watch?v=H8gFSb5cBxs\">Asturias, lo est\u00e1s haciendo bien<\/a><\/li>\n<li><a href=\"https:\/\/www.youtube.com\/watch?v=KaDLkXrmSNw\">Asturies fase I, ye cargu de toos<\/a><\/li>\n<li><a href=\"https:\/\/www.youtube.com\/watch?v=aNljEqiSAF4\">Asturies, volvisti facelo bien. Y\u00e1 tamos en fase dos.<\/a><\/li>\n<\/ul>\n<p>&nbsp;<\/p>\n<ul>\n<li><a href=\"https:\/\/youtu.be\/H8gFSb5cBxs\" target=\"_blank\" rel=\"noopener noreferrer\">Ver campa\u00f1a en Youtube<\/a><\/li>\n<li><a href=\"https:\/\/asturiasloestashaciendobien.com\/resources\/medidas\/carteles\/asturiano\/principado-covid-fases-a4-bable-web.pdf\" target=\"_self\" rel=\"follow noopener noreferrer\">Descargar cartelu n&#8217;asturianu<\/a><\/li>\n<li>Web: <a href=\"https:\/\/asturiasloestashaciendobien.com\/\" target=\"_blank\" rel=\"noopener noreferrer\"><u><i>https:\/\/asturiasloestashaciendobien.com\/<\/i><\/u><\/a><\/li>\n<li>Ver art\u00edculu: <a href=\"https:\/\/elmiradoriu.wordpress.com\/2020\/05\/17\/por-que-lusu-del-asturianu-nesta-campana-ye-exemplar\/\" target=\"_blank\" rel=\"noopener noreferrer\"><i>\u00abPor qu\u00e9 l\u2019usu del asturianu nesta campa\u00f1a ye\u00a0exemplar\u00bb<br \/>\n<\/i><\/a><a href=\"https:\/\/elmiradoriu.wordpress.com\/\" rel=\"home\">El Miradoriu | Ram\u00f3n d&#8217;Andr\u00e9s<\/a><a href=\"https:\/\/elmiradoriu.wordpress.com\/2020\/05\/17\/por-que-lusu-del-asturianu-nesta-campana-ye-exemplar\/\" target=\"_blank\" rel=\"noopener noreferrer\"><br \/>\n<\/a><\/li>\n<\/ul>\n<hr \/>\n<ul>\n<li><a href=\"https:\/\/iniciativapolasturianu.org\/iniciativa-pol-asturianu-ufre-varios-cartelos-pa-collaborar-pa-parar-landanciu-del-coronavirus\/\"><em><span style=\"font-size: 14pt\">Campa\u00f1a d\u00b4INICIATIVA POL ASTURIANU<\/span><\/em><\/a><\/li>\n<\/ul>\n<p><a href=\"https:\/\/iniciativapolasturianu.org\/iniciativa-pol-asturianu-ufre-varios-cartelos-pa-collaborar-pa-parar-landanciu-del-coronavirus\/\"><img loading=\"lazy\" decoding=\"async\" class=\"alignnone \" src=\"https:\/\/imgbox.es\/images\/2020\/04\/10\/Avoid-touching-your-eyes-nose-and-mouth.2c29dad1dd369320.jpg\" width=\"500\" height=\"500\" \/><\/a><\/p>\n<ul>\n<li><a href=\"https:\/\/iniciativapolasturianu.org\/wp-content\/uploads\/2020\/03\/Fala-con-xente-na-que-tenfotes-comparti-lo-que-sientes-con-collacios-familia-o-con-vecinos..mp4?_=1\">Videu<\/a><\/li>\n<\/ul>\n<p><a href=\"https:\/\/iniciativapolasturianu.org\/wp-content\/uploads\/2020\/03\/IMG_0195.jpeg\"><img loading=\"lazy\" decoding=\"async\" class=\"alignnone \" src=\"https:\/\/iniciativapolasturianu.org\/wp-content\/uploads\/2020\/03\/IMG_0195.jpeg\" width=\"500\" height=\"727\" \/><\/a><\/p>\n<p>&nbsp;<\/p>\n<p><a href=\"https:\/\/iniciativapolasturianu.org\/wp-content\/uploads\/2020\/03\/IMG_0241.jpeg\"><img loading=\"lazy\" decoding=\"async\" class=\"alignnone \" src=\"https:\/\/iniciativapolasturianu.org\/wp-content\/uploads\/2020\/03\/IMG_0241.jpeg\" width=\"500\" height=\"707\" \/><\/a><\/p>\n<p>&nbsp;<\/p>\n<p><a href=\"https:\/\/iniciativapolasturianu.org\/wp-content\/uploads\/2020\/03\/Maintain-social-distancing.jpeg\"><img loading=\"lazy\" decoding=\"async\" class=\"alignnone \" src=\"https:\/\/iniciativapolasturianu.org\/wp-content\/uploads\/2020\/03\/Maintain-social-distancing.jpeg\" width=\"500\" height=\"500\" \/><\/a><\/p>\n<p>&nbsp;<\/p>\n<p><a href=\"https:\/\/iniciativapolasturianu.org\/wp-content\/uploads\/2020\/03\/Wash-your-hands-often-with-soap-and-water-for-at-least-20-seconds_1.jpeg\"><img loading=\"lazy\" decoding=\"async\" class=\"alignnone \" src=\"https:\/\/iniciativapolasturianu.org\/wp-content\/uploads\/2020\/03\/Wash-your-hands-often-with-soap-and-water-for-at-least-20-seconds_1.jpeg\" width=\"500\" height=\"500\" \/><\/a><\/p>\n<p>&nbsp;<\/p>\n<p>&nbsp;<\/p>\n","protected":false},"excerpt":{"rendered":"<p>Descargar El gobiernu del Princip\u00e1u d\u2019Asturies acaba de facer p\u00fablica una campa\u00f1a de sensibilizaci\u00f3n sobre la llucha contra\u00a0 la pandemia del covid. Tien versi\u00f3n en llingua castellana y en llingua asturiana. Nel aspectu lling\u00fc\u00edsticu, de la versi\u00f3n asturiana de los carteles, un usu de la llingua exemplar, sin necesid\u00e1 de revirar les palabres en xuegos [&hellip;]<\/p>\n","protected":false},"author":117,"featured_media":0,"parent":1041,"menu_order":20,"comment_status":"closed","ping_status":"closed","template":"","meta":{"footnotes":""},"class_list":["post-311","page","type-page","status-publish","hentry","post-preview"],"_links":{"self":[{"href":"https:\/\/edublog.educastur.es\/ixuxullingua\/wp-json\/wp\/v2\/pages\/311","targetHints":{"allow":["GET"]}}],"collection":[{"href":"https:\/\/edublog.educastur.es\/ixuxullingua\/wp-json\/wp\/v2\/pages"}],"about":[{"href":"https:\/\/edublog.educastur.es\/ixuxullingua\/wp-json\/wp\/v2\/types\/page"}],"author":[{"embeddable":true,"href":"https:\/\/edublog.educastur.es\/ixuxullingua\/wp-json\/wp\/v2\/users\/117"}],"replies":[{"embeddable":true,"href":"https:\/\/edublog.educastur.es\/ixuxullingua\/wp-json\/wp\/v2\/comments?post=311"}],"version-history":[{"count":1,"href":"https:\/\/edublog.educastur.es\/ixuxullingua\/wp-json\/wp\/v2\/pages\/311\/revisions"}],"predecessor-version":[{"id":312,"href":"https:\/\/edublog.educastur.es\/ixuxullingua\/wp-json\/wp\/v2\/pages\/311\/revisions\/312"}],"up":[{"embeddable":true,"href":"https:\/\/edublog.educastur.es\/ixuxullingua\/wp-json\/wp\/v2\/pages\/1041"}],"wp:attachment":[{"href":"https:\/\/edublog.educastur.es\/ixuxullingua\/wp-json\/wp\/v2\/media?parent=311"}],"curies":[{"name":"wp","href":"https:\/\/api.w.org\/{rel}","templated":true}]}}