{"id":3180,"date":"2022-01-05T16:32:41","date_gmt":"2022-01-05T14:32:41","guid":{"rendered":"https:\/\/edublog.educastur.es\/ixuxullingua\/?page_id=3180"},"modified":"2022-01-05T16:43:29","modified_gmt":"2022-01-05T14:43:29","slug":"nomes-astures","status":"publish","type":"page","link":"https:\/\/edublog.educastur.es\/ixuxullingua\/5-quintu\/quintu-21-22\/05-primer-trimestre\/los-castros\/los-astures\/nomes-astures\/","title":{"rendered":"Nomes \u00e1stures"},"content":{"rendered":"<p style=\"text-align: center\"><a href=\"https:\/\/astures.es\/wp-content\/uploads\/2022\/01\/metales.jpg\"><img loading=\"lazy\" decoding=\"async\" class=\"alignnone\" src=\"https:\/\/astures.es\/wp-content\/uploads\/2022\/01\/metales.jpg\" alt=\"\" width=\"645\" height=\"403\" \/><\/a><br \/>\nlustraci\u00f3n que representa una escena cotidiana nun pobl\u00e1u fortific\u00e1u.<br \/>\nFonte <em>https:\/\/www.caracteristicass.de\/ed\u00e1-de-los metales\/<\/em><\/p>\n<ul>\n<li><a href=\"https:\/\/astures.es\/con-nombre-propio-como-se-llamaban-los-hombres-y-mujeres-astures\/\">Fonte: Astures.es<\/a> \/<\/li>\n<\/ul>\n<p>Poner nome a los \u00e1stures, ye un exerciciu d\u2019humanizaci\u00f3n del nuesu oxetu d&#8217;estudiu. Dacuando, l&#8217;arque\u00f3logu, o l&#8217;historiador, faen referencia a les xentes de cualquier d\u00f3mina hist\u00f3rica despersonalizando a los individuos. Los fr\u00edos datos d&#8217;estudios \u00f3seos vos, y restos arqueol\u00f3xicos, torguen que veamos a aquellos individuos como lo que realmente fueron, persones. Quiciabes conocer los sos nomes ayude a romper esa idea y velos d&#8217;otra manera.<\/p>\n<p>Fai y\u00e1 tiempu que me ven\u00eda rondando la idea de faer un llist\u00e1u alfab\u00e9ticu de nomes que tean documentados ente los \u00e1stures, bien en territoriu del conventus, o bien fora d&#8217;\u00e9l, por casu ente les unidaes auxiliares \u00e1stures nel ex\u00e9rcitu romanu.<\/p>\n<p>Xuna de les mayores dificultaes ye que&#8217;l nome \u00c1stur, paez m\u00e1s bien impuestu a los habitantes del territoriu engloba\u00e1u nel Conventus Asturum, con independencia del orixe de les sos xentes. Un criteriu llegal, y econ\u00f3micu, m\u00e1s qu&#8217;etnogr\u00e1ficu, pa entendenos. Por tanto, nesti llist\u00e1u, vais atopar nomes de xentes del Conventus Asturum, dalgunos trasmontanos, otros cismontanos. En dambes zones hai diferencies notables, que ponen de manifiestu la heteroxeneid\u00e1 de pueblos qu&#8217;habitaben el territoriu \u00e1stur.<\/p>\n<p>Dellos nomes son comunes a tol noroeste, tanto a galaicos, como a \u00e1stures y c\u00e1ntabros. Otros apaecen inclusive ente los celt\u00edberos, pero toos ellos acomu\u00f1aos a una persona d&#8217;orixe \u00e1stur.<\/p>\n<p>Otru factor ye&#8217;l tiempu. Evito nel llist\u00e1u los nomes d&#8217;orixe romanu, cada vez m\u00e1s abondosos na midida na que averamos al presente na epigraf\u00eda.<\/p>\n<p style=\"text-align: center\"><span style=\"color: #008080\"><strong>Nomes \u00e1stures na epigraf\u00eda\u00a0 <\/strong>(M=mascul\u00edn \/ F=femen\u00edn)<\/span><\/p>\n<ul>\n<li><span id=\"A\" style=\"color: #008080\"><strong>A: <\/strong><\/span>Abilus M, Ableca F, Agedus M (Acius, Acidus, Acida (F), Accuana F, Ambatus M (Ambata (F),\u00a0 Andotus), Ammia F (Amia, Ammius(M)), Anna F (Annua), Aravo M (Araius, Araui), Arco M, Arrenus M, Auledus M<\/li>\n<li><span id=\"B\" style=\"color: #008080\"><strong>B: <\/strong><\/span>Balaesus M, Bodecius M (Bodecives, Boduerus, Bodus, Bovecius), Bodocena F, Boutius M<\/li>\n<li><span id=\"C\" style=\"color: #008080\"><strong>C: <\/strong><\/span>Cadabre M, Cadus M, Cadarna F, Cadelea F, Caelica F (Caelio (M)), Camalus M, Cangilus M,<br \/>\nCantia F, Careca F (Carega), Cloutius M (Clutosus, Clutino, Clutamus)<\/li>\n<li><span id=\"D\" style=\"color: #008080\"><strong>D: <\/strong><\/span>Docinia F (Docia, Docius (M)), Doviderus M, Dovidena F (Doitena, Doidena)<\/li>\n<li><span id=\"E\" style=\"color: #008080\"><strong>E: <\/strong><\/span>Elanus M (Elanis, Elanioca (F)), Elaesus M, Elesiganum M, Equaestus M<\/li>\n<li><span id=\"F\" style=\"color: #008080\"><strong>F: <\/strong><\/span>Figenus M<\/li>\n<li><span id=\"I\" style=\"color: #008080\"><strong>I: <\/strong><\/span>Iemuria F<\/li>\n<li><span id=\"L\" style=\"color: #008080\"><strong>L: <\/strong><\/span>Lancius M, Logei M<\/li>\n<li><span id=\"M\" style=\"color: #008080\"><strong>M: <\/strong><\/span>Munigalicus M<\/li>\n<li><span id=\"N\" style=\"color: #008080\"><strong>N: <\/strong><\/span>Norenus M<\/li>\n<li><span style=\"color: #008080\"><strong>O: <\/strong><\/span>Ogrigenus M<\/li>\n<li><span id=\"P\" style=\"color: #008080\"><strong>P: <\/strong><\/span>Paramecus M, Pedilicus M, Pentili M (Pentius, Penio), Pinto M (Pintaius, Pintamo, Pintilus), Pistirus M, Progenei M, Provesica F<\/li>\n<li><span id=\"R\" style=\"color: #008080\"><strong>R:\u00a0 <\/strong><\/span>Reburrus M (Reburinia (F), Reburrino)<\/li>\n<li><span id=\"S\" style=\"color: #008080\"><strong>S:\u00a0 <\/strong><\/span>Segeius M, Segisamus M<\/li>\n<li><span id=\"T\" style=\"color: #008080\"><strong>T:\u00a0 <\/strong><\/span>Tabalus M, Talavi M (Talavus), Tiogilus M, Turanco M<\/li>\n<li><span id=\"UV\" style=\"color: #008080\"><strong>U\/V: <\/strong><\/span>Vendiricus M, Veninus M, Vgius M, Vianeglus M, Virius M (Viriatus), Vironus M, Visalus M (Visalia (F))<\/li>\n<\/ul>\n<p>Es evidente que este post se ir\u00e1 ampliando con el tiempo asi que si te ha gustado te aconsejo que lo dejes a mano para futuras ocasiones. Por otro lado, no creo que haya encontrado en la bibliograf\u00eda todos los nombres astures documentados, as\u00ed que si ech\u00e1is en falta uno o varios, s\u00f3lo ten\u00e9is <em>que dec\u00edrmelo a trav\u00e9s de un comentario, redes sociales o secci\u00f3n de contacto.<\/em><\/p>\n<p><span style=\"color: #008080\"><em><strong>FUENTES Y BIBLIOGRAF\u00cdA<\/strong><\/em><\/span><\/p>\n<p><em>Almagro-Gorbea, M. (2016). Lancea, palabra lusitana, y la etnog\u00e9nesis de los Lancienses.\u00a0Complutum,\u00a027(1), 131-168.<\/em><\/p>\n<p><em>De la Hoz, J. (2010). Las lenguas del noroeste peninsular y la relaci\u00f3n entre astures y galaicos. Larouco, 5. 17-38<\/em><\/p>\n<p><em>Firmat, M. L. A. (1984). La onom\u00e1stica personal en las inscripciones romanas de Asturias.\u00a0Lletres asturianes: Bolet\u00edn Oficial de l\u2019Academia de la Llingua Asturiana, (12), 37-54.<\/em><\/p>\n<p><em>Santos Yanguas, N (106) Soldados astures en las tropas auxiliares romanas. Tiempo y sociedad, 24, pp 7-55<\/em><\/p>\n<p><em>Vallejo, J. M. (2013). El concepto de \u00e1rea onom\u00e1stica: el caso de los Astures.<\/em><\/p>\n","protected":false},"excerpt":{"rendered":"<p>lustraci\u00f3n que representa una escena cotidiana nun pobl\u00e1u fortific\u00e1u. Fonte https:\/\/www.caracteristicass.de\/ed\u00e1-de-los metales\/ Fonte: Astures.es \/ Poner nome a los \u00e1stures, ye un exerciciu d\u2019humanizaci\u00f3n del nuesu oxetu d&#8217;estudiu. Dacuando, l&#8217;arque\u00f3logu, o l&#8217;historiador, faen referencia a les xentes de cualquier d\u00f3mina hist\u00f3rica despersonalizando a los individuos. Los fr\u00edos datos d&#8217;estudios \u00f3seos vos, y restos arqueol\u00f3xicos, torguen [&hellip;]<\/p>\n","protected":false},"author":117,"featured_media":0,"parent":2910,"menu_order":0,"comment_status":"closed","ping_status":"closed","template":"","meta":{"footnotes":""},"class_list":["post-3180","page","type-page","status-publish","hentry","post-preview"],"_links":{"self":[{"href":"https:\/\/edublog.educastur.es\/ixuxullingua\/wp-json\/wp\/v2\/pages\/3180","targetHints":{"allow":["GET"]}}],"collection":[{"href":"https:\/\/edublog.educastur.es\/ixuxullingua\/wp-json\/wp\/v2\/pages"}],"about":[{"href":"https:\/\/edublog.educastur.es\/ixuxullingua\/wp-json\/wp\/v2\/types\/page"}],"author":[{"embeddable":true,"href":"https:\/\/edublog.educastur.es\/ixuxullingua\/wp-json\/wp\/v2\/users\/117"}],"replies":[{"embeddable":true,"href":"https:\/\/edublog.educastur.es\/ixuxullingua\/wp-json\/wp\/v2\/comments?post=3180"}],"version-history":[{"count":4,"href":"https:\/\/edublog.educastur.es\/ixuxullingua\/wp-json\/wp\/v2\/pages\/3180\/revisions"}],"predecessor-version":[{"id":3184,"href":"https:\/\/edublog.educastur.es\/ixuxullingua\/wp-json\/wp\/v2\/pages\/3180\/revisions\/3184"}],"up":[{"embeddable":true,"href":"https:\/\/edublog.educastur.es\/ixuxullingua\/wp-json\/wp\/v2\/pages\/2910"}],"wp:attachment":[{"href":"https:\/\/edublog.educastur.es\/ixuxullingua\/wp-json\/wp\/v2\/media?parent=3180"}],"curies":[{"name":"wp","href":"https:\/\/api.w.org\/{rel}","templated":true}]}}