{"id":3245,"date":"2022-02-10T12:37:56","date_gmt":"2022-02-10T10:37:56","guid":{"rendered":"https:\/\/edublog.educastur.es\/ixuxullingua\/?page_id=3245"},"modified":"2022-02-10T13:05:16","modified_gmt":"2022-02-10T11:05:16","slug":"arte-megaliticu-nasturies","status":"publish","type":"page","link":"https:\/\/edublog.educastur.es\/ixuxullingua\/5-quintu\/quintu-21-22\/06-segundu-trimestre\/noticia\/arte-megaliticu-nasturies\/","title":{"rendered":"Arte megal\u00edticu n&#8217;Asturies"},"content":{"rendered":"<p>Un\u00a0<b>megalito<\/b>\u00a0(del griego\u00a0<i>mega (\u03bc\u03b5\u03b3\u03b1\u00e7)<\/i>, grande y\u00a0<i>lithos<\/i>\u00a0(\u03bb\u03b9\u03c4\u03b7\u03bf\u00e7)<i>,<\/i>\u00a0piedra) es un refugio\u00a0<a title=\"Prehistoria\" href=\"https:\/\/es.wikipedia.org\/wiki\/Prehistoria\">prehist\u00f3rico<\/a>\u00a0realizado con uno o varios bloques de piedra,<sup id=\"cite_ref-1\" class=\"reference separada\"><a href=\"https:\/\/es.wikipedia.org\/wiki\/Megalito#cite_note-1\">1<\/a><\/sup>\u200b de gran tama\u00f1o y sin labrar.<sup id=\"cite_ref-2\" class=\"reference separada\"><a href=\"https:\/\/es.wikipedia.org\/wiki\/Megalito#cite_note-2\">2<\/a><\/sup>\u200b<\/p>\n<p><b>Los megalitos<\/b>\u00a0son monumentos como las tumbas hechas de grandes bloques de piedras construidas en Europa occidental en el neol\u00edtico y en la edad de bronce entre 4000 y 1500 a.C. El adjetivo\u00a0<b><a class=\"mw-redirect\" title=\"Megal\u00edtico\" href=\"https:\/\/es.wikipedia.org\/wiki\/Megal%C3%ADtico\">megal\u00edtico<\/a><\/b>\u00a0describe tales estructuras, cuya construcci\u00f3n se realiz\u00f3 con un sistema de enclavamiento que no utiliza\u00a0<a title=\"Mortero (construcci\u00f3n)\" href=\"https:\/\/es.wikipedia.org\/wiki\/Mortero_(construcci%C3%B3n)\">mortero<\/a>\u00a0ni\u00a0<a title=\"Cemento\" href=\"https:\/\/es.wikipedia.org\/wiki\/Cemento\">cemento<\/a>. Ha sido empleado para describir edificios construidos por pueblos de diferentes partes del mundo y de \u00e9pocas distintas. Una amplia variedad de piedras de gran tama\u00f1o han sido identificadas como megalitos, siendo la mayor\u00eda de uso no funerario, quiz\u00e1s levantadas con fines religiosos, como monumentos conmemorativos o marcadores territoriales. Entre los megalitos m\u00e1s conocidos est\u00e1n los\u00a0<a title=\"Dolmen\" href=\"https:\/\/es.wikipedia.org\/wiki\/Dolmen\">d\u00f3lmenes<\/a>, los\u00a0<a title=\"Menhir\" href=\"https:\/\/es.wikipedia.org\/wiki\/Menhir\">menhires<\/a>\u00a0y los\u00a0<a class=\"mw-redirect\" title=\"Cromlech\" href=\"https:\/\/es.wikipedia.org\/wiki\/Cromlech\">cromlechs<\/a>.<\/p>\n<hr \/>\n<p style=\"text-align: center\"><a href=\"https:\/\/3.bp.blogspot.com\/-BSJgbBIne1w\/V5kAahw4ZxI\/AAAAAAAAMII\/iYJp5_jgryUdpUcphJDweZAvXST-W8yJgCLcB\/s640\/DSC_0214.JPG\"><img loading=\"lazy\" decoding=\"async\" class=\"alignnone\" src=\"https:\/\/3.bp.blogspot.com\/-BSJgbBIne1w\/V5kAahw4ZxI\/AAAAAAAAMII\/iYJp5_jgryUdpUcphJDweZAvXST-W8yJgCLcB\/s640\/DSC_0214.JPG\" alt=\"\" width=\"640\" height=\"427\" \/><\/a><\/p>\n<ul>\n<li>Arte megal\u00edticu \/<a href=\"https:\/\/es.images.search.yahoo.com\/search\/images;_ylt=AwrLEoNk6wRiylEAhSNU04lQ;_ylu=Y29sbwNpcjIEcG9zAzEEdnRpZAMEc2VjA3BpdnM-?p=arte+megalitico+asturias&amp;fr2=piv-web&amp;type=E210ES714G0&amp;fr=mcafee\"> semeyes\u00a0<\/a><\/li>\n<li>Pe\u00f1a t\u00fa en Llanes \/ <a href=\"https:\/\/www.primorias.es\/idolo-de-pena-tu-senda-y-centro-de-interpretacion\/\">ruta<\/a> \/<a href=\"https:\/\/es.images.search.yahoo.com\/search\/images;_ylt=AwrJ5sx26wRi8FwA_nCV.Qt.;_ylu=c2VjA3NlYXJjaARzbGsDYnV0dG9u;_ylc=X1MDMjExNDcxNDAwNQRfcgMyBGFjdG4DY2xrBGNzcmNwdmlkAzVjNVZzVEV3TGpKM3NTckxYM01YV1FhRE1UVTRMZ0FBQUFDUjJkSTAEZnIDbWNhZmVlBGZyMgNzYS1ncARncHJpZAM0d0YxdUpqZ1FzNnlWSFgybVJyT3JBBG5fc3VnZwMwBG9yaWdpbgNlcy5pbWFnZXMuc2VhcmNoLnlhaG9vLmNvbQRwb3MDMARwcXN0cgMEcHFzdHJsAwRxc3RybAMyMwRxdWVyeQNwZSVDMyVCMWElMjB0dSUyMGxsYW5lcwR0X3N0bXADMTY0NDQ4OTY1OA--?p=pe%C3%B1a+tu+llanes&amp;fr=mcafee&amp;fr2=sb-top-es.images.search&amp;ei=UTF-8&amp;x=wrt&amp;type=E210ES714G0\"> semeyes<\/a><\/li>\n<li><a href=\"https:\/\/asturias.com\/el-idolo-de-pena-tu\/\">https:\/\/asturias.com\/el-idolo-de-pena-tu\/<\/a><\/li>\n<\/ul>\n<p style=\"text-align: left\">L&#8217; <strong>\u00eddolu de Pe\u00f1a Tu,<\/strong> tatu\u00e1u para siempres n&#8217;una roca misteriosa que provoc\u00f3&#8217;l sentir relixoso dende siempres, ye un puntu cardinal de la Ed\u00e1 de Bronce n&#8217;Asturies. Ye nesti tiempu cuando empieza la so andadura trascendente, permaneciendo como llugar sagr\u00e1u a lo llargo de tola hestoria.<\/p>\n<p>La mesma roca qu&#8217;alluga los<strong> s\u00edmbolos neol\u00edticos,<\/strong> ye un acertixu en s\u00ed mesma. Ye dif\u00edcil nun abarruntar d&#8217;una intenci\u00f3n megal\u00edtica, quiciabes tami\u00e9n d&#8217;un orixe div\u00edn. El planteamientu m\u00e1s racional diznos que los sos perfiles deriven d&#8217;una siguida erosi\u00f3n e\u00f3lica, pero s\u00eda que non ye fondamente enga\u00f1adora: un monolitu inciertu n&#8217;una sierra plana y terrosa, actuando como un potente im\u00e1n de condici\u00f3n milenaria.<\/p>\n<p>El grab\u00e1u central que s&#8217;esp\u00f3n nesta caliar <strong>sorprendente ye la imaxe astracta d&#8217;un individuu<\/strong>: el supuestu \u00eddolu, de m\u00e1s d&#8217;un metro d&#8217;altu y trazu xeom\u00e9tricu. De la so anatom\u00eda, al tar concienzudamente envueltu en supuestos ropaxes, nam\u00e1 s&#8217;alvierte la cara simple construy\u00edu a base de dos g\u00fceyos y una \u00f1ariz.<\/p>\n<p style=\"text-align: center\"><a href=\"https:\/\/www.primorias.es\/wp-content\/uploads\/2019\/01\/pe%C3%B1atu.llanes.vidiago-1200x900.jpeg\">https:\/\/www.primorias.es\/wp-content\/uploads\/2019\/01\/pe%C3%B1atu.llanes.vidiago-1200&#215;900.jpeg<\/a><\/p>\n<p>&nbsp;<\/p>\n<hr \/>\n<ul>\n<li><a href=\"https:\/\/asturies.com\/alagueta\/monumentos-megaliticos-nasturies\">Fonte: Asturies.com <strong>MONUMENTOS MEGAL\u00cdTICOS N&#8217;ASTURIES<\/strong><\/a><\/li>\n<\/ul>\n<p>Asturies ye un territoriu <strong><span style=\"color: #993366\">ricu en monumentos megal\u00edticos.<\/span><\/strong> \u00c9stos correspuenden al Neol\u00edticu mayormente (7.000-3.000 enantes del presente), \u00faltimu periodu de la Ed\u00e1 de Piedra, nel que los humanos comenzaron a prauticar l\u2019agricultura y el pastor\u00e9u, provocando l\u2019apaici\u00f3n de les primeres sociedaes sedentaries.<\/p>\n<p>Pero, \u00bfc\u00f3mo ye un monumentu megal\u00edticu? <span style=\"color: #993366\">Tr\u00e1tase d\u2019una estructura fecha con piedres pergrandes y ensin trabayar llevantaes principalmente pa usu funerariu, casu de los d\u00f3lmenes y los t\u00famulos, les formes m\u00e1s abundantes n\u2019Asturies, d\u00e1ndose n\u2019otros llugares otres como los menhires o l\u2019alliniamientos.<\/span><\/p>\n<div class=\"intermediu\">\n<div class=\"semeyeaint\" style=\"text-align: center\"><img loading=\"lazy\" decoding=\"async\" class=\"media-element file-default aligncenter\" title=\"\" src=\"http:\/\/asturies.com\/sites\/default\/files\/monte_areo_tumulu.jpg\" alt=\"\" width=\"570\" height=\"428\" data-fid=\"9742\" data-media-element=\"1\" \/><br \/>\n<em>T\u00famulu nel Monte Areo (Xix\u00f3n)<\/em><\/div>\n<div><\/div>\n<div class=\"txtint\"><strong>\u00bfSab\u00edes qu\u00e9\u2026?\u00a0<\/strong>Esisten estructures megal\u00edtiques mui asemeyaes a les asturianes en territorios tan llonxanos como \u00c9ire.<\/div>\n<\/div>\n<div class=\"testu\">\n<p>Un <strong>t\u00famulu ye una sepultura allombada que llevanta del suelu<\/strong>. Conformen mont\u00edculos artificiales, y\u00e1 que los d\u00f3lmenes sobre los que se llevantaba yeren cubiertos de tierra y piedra que, en munchos ocasiones, col pasu del tiempu quedaron al descubiertu dexando al aire la so estructura: piedres verticales que soporte el pesu d\u2019otra o otres horizontales.<\/p>\n<p>Estes edificaciones quedaben nel so orixe como una cueva artificial que fac\u00eda de sepulcru, llevant\u00e1ndose edificaciones simples o m\u00e1s complexes, como los de corredor, que fac\u00eden un pasiellu d\u2019accesu a la zona d\u2019enterramientu coleutivu. N\u2019Asturies son numberosos los t\u00famulos y d\u00f3lmenes de los dos tipos esistentes a lo llargo de tola nuesa xeograf\u00eda.<\/p>\n<\/div>\n<div class=\"intermediu\">\n<div class=\"semeyeaint\" style=\"text-align: center\"><strong><img loading=\"lazy\" decoding=\"async\" class=\"media-element file-default\" title=\"\" src=\"http:\/\/asturies.com\/sites\/default\/files\/monte_deva_tumulu.jpg\" alt=\"\" width=\"475\" height=\"267\" longdesc=\"https:\/\/asturies.com\/alagueta\/monumentos-megaliticos-nasturies\" data-fid=\"9742\" data-media-element=\"1\" \/><\/strong><br \/>\n<i>T\u00famulu nel Monte Deva (Xix\u00f3n)<\/i><\/div>\n<div><\/div>\n<div class=\"txtint\"><strong>\u00bfSab\u00edes qu\u00e9\u2026?\u00a0<\/strong>En Cangues d\u2019On\u00eds hai un dolmen, el de Santa Cruz, sobre\u2019l que construy\u00f3 una ilesia en tiempos del rei asturianu Favila. Pa visitalu hai qu\u2019entrar nel templu que se llevant\u00f3 nel llugar tres la Guerra Civil y que sustituy\u00f3 a \u00fan valt\u00e1u del 1632.<\/div>\n<div class=\"testu\">\n<p>Entes los monumentos megal\u00edticos asturianos destaquen el de Mer\u00edas, nel conceyu de Tin\u00e9u, o los dos conservaos del conxuntu del Cantu les Cruces, nel cordal ente Ayer y \u1e36\u1e37ena, anque son visibles numberosos restos nel llugar. El pocu enfontu dende les alministraciones y la poca conciencia de la poblaci\u00f3n sobre\u2019l valor d\u2019estes edificaciones faen que dalgunes tean en seriu peligru o sufran situaciones surrealistes, como asocedi\u00f3 col de la Llastra la Filadoira, n\u2019Eilao, onde dalguien pint\u00f3 \u201ccoto privado de caza\u2019.<\/p>\n<p>Na costa tami\u00e9n atopamos esti tipu de construcci\u00f3nes, siendo la del Monte Areo, en Xix\u00f3n, una de les necr\u00f3polis meyor conservaes. Anque conoc\u00edos dende enantes, foi nel 1990 cuando s\u2019investig\u00f3 al respeuto, afayando tr\u00e9s decenes de dolmenes, destacando el San Pablo y el del Llanu.<\/p>\n<\/div>\n<\/div>\n<div class=\"entrugues\">\n<ul>\n<li>\u00bfCu\u00e1les son les carauter\u00edstiques principales del Neol\u00edticu?<\/li>\n<li>\u00bfQu\u00e9 funci\u00f3n ten\u00eden los monumentos megal\u00edticos?<\/li>\n<li>\u00bfPor qu\u00e9 se cubr\u00eden con tierra y piedres?<\/li>\n<li>Busca y cita dalg\u00fan dolmen que conozas y que nun salga nesta fecha did\u00e1utica.<\/li>\n<\/ul>\n<hr \/>\n<ul>\n<li>Megalitu m\u00e1s famosu:\u00a0 <span style=\"font-size: 14pt\"><strong>Stonehenge<\/strong><\/span>:<a href=\"https:\/\/en.wikipedia.org\/wiki\/Stonehenge\"> wiki<\/a> \/semeyes \/ <a href=\"https:\/\/www.google.es\/maps?q=Stonehenge,+Amesbury,+Reino+Unido&amp;hl=es&amp;ll=51.180042,-1.82622&amp;spn=0.014608,0.042272&amp;sll=37.884722,-4.779127&amp;sspn=0.588535,1.352692&amp;oq=Stonehenge&amp;t=h&amp;hq=Stonehenge,+Amesbury,+Reino+Unido&amp;z=15\">MAPS\u00a0<\/a> <a href=\"https:\/\/upload.wikimedia.org\/wikipedia\/commons\/thumb\/3\/3c\/Stonehenge2007_07_30.jpg\/800px-Stonehenge2007_07_30.jpg\"><img loading=\"lazy\" decoding=\"async\" class=\"alignnone\" src=\"https:\/\/upload.wikimedia.org\/wikipedia\/commons\/thumb\/3\/3c\/Stonehenge2007_07_30.jpg\/800px-Stonehenge2007_07_30.jpg\" alt=\"\" width=\"800\" height=\"600\" \/><\/a><\/li>\n<\/ul>\n<ul>\n<li><a href=\"https:\/\/loving-london.com\/es\/stonehenge-inglaterra\/\">https:\/\/loving-london.com\/es\/stonehenge-inglaterra\/<\/a><\/li>\n<li><a href=\"https:\/\/viajerosblog.com\/stonehenge-el-monumento-megalitico-mas-famoso-del-mundo.html\">https:\/\/viajerosblog.com\/stonehenge-el-monumento-megalitico-mas-famoso-del-mundo.html<\/a><\/li>\n<\/ul>\n<\/div>\n","protected":false},"excerpt":{"rendered":"<p>Un\u00a0megalito\u00a0(del griego\u00a0mega (\u03bc\u03b5\u03b3\u03b1\u00e7), grande y\u00a0lithos\u00a0(\u03bb\u03b9\u03c4\u03b7\u03bf\u00e7),\u00a0piedra) es un refugio\u00a0prehist\u00f3rico\u00a0realizado con uno o varios bloques de piedra,1\u200b de gran tama\u00f1o y sin labrar.2\u200b Los megalitos\u00a0son monumentos como las tumbas hechas de grandes bloques de piedras construidas en Europa occidental en el neol\u00edtico y en la edad de bronce entre 4000 y 1500 a.C. El adjetivo\u00a0megal\u00edtico\u00a0describe tales estructuras, [&hellip;]<\/p>\n","protected":false},"author":117,"featured_media":0,"parent":3238,"menu_order":0,"comment_status":"closed","ping_status":"closed","template":"","meta":{"footnotes":""},"class_list":["post-3245","page","type-page","status-publish","hentry","post-preview"],"_links":{"self":[{"href":"https:\/\/edublog.educastur.es\/ixuxullingua\/wp-json\/wp\/v2\/pages\/3245","targetHints":{"allow":["GET"]}}],"collection":[{"href":"https:\/\/edublog.educastur.es\/ixuxullingua\/wp-json\/wp\/v2\/pages"}],"about":[{"href":"https:\/\/edublog.educastur.es\/ixuxullingua\/wp-json\/wp\/v2\/types\/page"}],"author":[{"embeddable":true,"href":"https:\/\/edublog.educastur.es\/ixuxullingua\/wp-json\/wp\/v2\/users\/117"}],"replies":[{"embeddable":true,"href":"https:\/\/edublog.educastur.es\/ixuxullingua\/wp-json\/wp\/v2\/comments?post=3245"}],"version-history":[{"count":5,"href":"https:\/\/edublog.educastur.es\/ixuxullingua\/wp-json\/wp\/v2\/pages\/3245\/revisions"}],"predecessor-version":[{"id":3247,"href":"https:\/\/edublog.educastur.es\/ixuxullingua\/wp-json\/wp\/v2\/pages\/3245\/revisions\/3247"}],"up":[{"embeddable":true,"href":"https:\/\/edublog.educastur.es\/ixuxullingua\/wp-json\/wp\/v2\/pages\/3238"}],"wp:attachment":[{"href":"https:\/\/edublog.educastur.es\/ixuxullingua\/wp-json\/wp\/v2\/media?parent=3245"}],"curies":[{"name":"wp","href":"https:\/\/api.w.org\/{rel}","templated":true}]}}