{"id":3329,"date":"2022-10-19T08:18:56","date_gmt":"2022-10-19T06:18:56","guid":{"rendered":"https:\/\/edublog.educastur.es\/ixuxullingua\/?page_id=3329"},"modified":"2022-10-19T08:25:19","modified_gmt":"2022-10-19T06:25:19","slug":"3_samain","status":"publish","type":"page","link":"https:\/\/edublog.educastur.es\/ixuxullingua\/primeru\/primeru-22-23\/3_samain\/","title":{"rendered":"3_SAMA\u00cdN"},"content":{"rendered":"<p style=\"text-align: center\"><img loading=\"lazy\" decoding=\"async\" class=\"alignnone \" src=\"https:\/\/i0.wp.com\/pintarpintareditorial.blog\/wp-content\/uploads\/2022\/05\/cubiertaweb-16515009561-1.jpg?w=1276&amp;ssl=1\" width=\"431\" height=\"431\" \/><\/p>\n<p><span style=\"font-size: 18pt;color: #008080\"><strong>Cuentu: LA BRUXA, de Pablo Fraile<\/strong><\/span><\/p>\n<ul>\n<li><a href=\"https:\/\/pintarpintareditorial.blog\/2022\/06\/02\/noveda-bruxa\/\">Ficha:\u00a0 Editorial Pintar-Pintar<\/a><\/li>\n<li><a href=\"https:\/\/i0.wp.com\/pintarpintareditorial.blog\/wp-content\/uploads\/2022\/06\/cubierta.jpg?resize=1536%2C929&amp;ssl=1\">portada<\/a><\/li>\n<li><a href=\"https:\/\/www.nubetecapintarpintar.com\/bookcase\/hymvf\">Enllaz a la Nubeteca:<strong> VIEW<\/strong>: contrase\u00f1a <strong>AULADEISA<\/strong><\/a><\/li>\n<li><a href=\"https:\/\/www.nubetecapintarpintar.com\/bookcase\/hymvf\">https:\/\/www.nubetecapintarpintar.com\/bookcase\/hymvf<\/a><\/li>\n<li><a href=\"https:\/\/educastur-my.sharepoint.com\/:f:\/g\/personal\/isabellh_educastur_org\/EoaOY5ZPRUtLtOesa_S1KloB1YZnEgAf1TLXg8CxD91XlA?e=WkyloG\">Carpeta ONEDRIVE_ISA<\/a><\/li>\n<li><a href=\"https:\/\/educastur-my.sharepoint.com\/:b:\/g\/personal\/isabellh_educastur_org\/EZUSa3hwJ_xHrBDzdALuk2kBJPqe-Ooa6JxbBHWs3G2lKg?e=120NgI\">PDF mini testu pa proyectar pizarra<\/a><\/li>\n<\/ul>\n<hr \/>\n<ul>\n<li><span style=\"font-size: 18pt;color: #008080\"><strong>XUEGU SAMA\u00cdN (Maestrina de pueblu)<\/strong><\/span><\/li>\n<li><a href=\"https:\/\/drive.google.com\/file\/d\/1n5E7alsXnIt6l4FO8xo5LvYm2LfaguZl\/preview\">Descarga\/visualiza<\/a><\/li>\n<\/ul>\n<p style=\"text-align: center\">\n<!-- iframe plugin v.6.0 wordpress.org\/plugins\/iframe\/ -->\n<iframe loading=\"lazy\" src=\"https:\/\/drive.google.com\/file\/d\/1n5E7alsXnIt6l4FO8xo5LvYm2LfaguZl\/preview\" width=\"640\" height=\"480\" allow=\"autoplay\" 0=\"\/iframe\" scrolling=\"yes\" class=\"iframe-class\" frameborder=\"0\"><\/iframe>\n<\/p>\n<hr \/>\n<p><span style=\"color: #008080\"><strong><span style=\"font-size: 18pt\">Cuentu: El gr\u00fafalu<\/span><\/strong><\/span><\/p>\n<ul>\n<li><a href=\"https:\/\/drive.google.com\/file\/d\/1v4w6DzY_xjr892eGIGfW6e74BChjnIPi\/preview\">Descarga\/visualiza<\/a><\/li>\n<\/ul>\n\n<!-- iframe plugin v.6.0 wordpress.org\/plugins\/iframe\/ -->\n<iframe loading=\"lazy\" src=\"https:\/\/drive.google.com\/file\/d\/1v4w6DzY_xjr892eGIGfW6e74BChjnIPi\/preview\" width=\"640\" height=\"480\" allow=\"autoplay\" 0=\"\/iframe\" scrolling=\"yes\" class=\"iframe-class\" frameborder=\"0\"><\/iframe>\n\n<hr \/>\n<p>&nbsp;<\/p>\n<p style=\"text-align: center\"><img loading=\"lazy\" decoding=\"async\" class=\"alignnone \" src=\"https:\/\/cdn.palbincdn.com\/users\/11282\/images\/cubierta_web-1535732230.jpg\" width=\"446\" height=\"446\" \/><\/p>\n<p><strong><span style=\"font-size: 18pt;color: #008080\">Cuento: Miedo (Mio&#8217;l del Nido) castell\u00e1n<\/span><\/strong><\/p>\n<ul>\n<li><a href=\"https:\/\/www.nubetecapintarpintar.com\/bookcase\/kvnin\">Nubeteca Pintar-Pintar en castell\u00e1n<\/a><\/li>\n<li><strong>VIEW<\/strong>: contrase\u00f1a <strong>AULADEISA<\/strong><\/li>\n<li><a href=\"https:\/\/www.pintar-pintar.com\/p1722090-miedo.html\">Ficha editorial<\/a><\/li>\n<\/ul>\n<p>Dos hermanos se trasladan a una casona antigua y misteriosa junto a un faro, ya que su padre comienza all\u00ed un nuevo trabajo. Todo parec\u00eda muy aburrido pero&#8230; unos ruidos y figuras extra\u00f1as les har\u00e1n pasar momentos espeluznantes. Un divertido cuento de suspense y acci\u00f3n que te enganchar\u00e1 hasta el final.<\/p>\n<p>\u00abQuiz\u00e1 sean los miedos una de las cosas que m\u00e1s marcan las pesadillas de los peque\u00f1os durante la ni\u00f1ez, y cada uno tiene los miedos que tiene, hay de todas las clases: al mar, a las alturas, a la soledad, a la oscuridad&#8230; Algunas veces pasan los a\u00f1os y, aunque ya no eres un ni\u00f1o, el miedo sigue ah\u00ed, al acecho, esper\u00e1ndote detr\u00e1s de una puerta cerrada o en el recodo de un camino entre los \u00e1rboles, y tienes que enfrentarte a \u00e9l para poder seguir adelante. Es en ese momento, cuando vas a enfrentarte, cuando sientes un <em>respigo,<\/em> y ese <em>respigo,<\/em> ese, igual es la cosa m\u00e1s agradable de todo el asunto. Solo por el <em>respigo,<\/em> merece la pena pasar miedo\u00bb. Milio&#8217;l del Nido<\/p>\n","protected":false},"excerpt":{"rendered":"<p>Cuentu: LA BRUXA, de Pablo Fraile Ficha:\u00a0 Editorial Pintar-Pintar portada Enllaz a la Nubeteca: VIEW: contrase\u00f1a AULADEISA https:\/\/www.nubetecapintarpintar.com\/bookcase\/hymvf Carpeta ONEDRIVE_ISA PDF mini testu pa proyectar pizarra XUEGU SAMA\u00cdN (Maestrina de pueblu) Descarga\/visualiza Cuentu: El gr\u00fafalu Descarga\/visualiza &nbsp; Cuento: Miedo (Mio&#8217;l del Nido) castell\u00e1n Nubeteca Pintar-Pintar en castell\u00e1n VIEW: contrase\u00f1a AULADEISA Ficha editorial Dos hermanos se [&hellip;]<\/p>\n","protected":false},"author":117,"featured_media":0,"parent":3323,"menu_order":0,"comment_status":"closed","ping_status":"closed","template":"","meta":{"footnotes":""},"class_list":["post-3329","page","type-page","status-publish","hentry","post-preview"],"_links":{"self":[{"href":"https:\/\/edublog.educastur.es\/ixuxullingua\/wp-json\/wp\/v2\/pages\/3329","targetHints":{"allow":["GET"]}}],"collection":[{"href":"https:\/\/edublog.educastur.es\/ixuxullingua\/wp-json\/wp\/v2\/pages"}],"about":[{"href":"https:\/\/edublog.educastur.es\/ixuxullingua\/wp-json\/wp\/v2\/types\/page"}],"author":[{"embeddable":true,"href":"https:\/\/edublog.educastur.es\/ixuxullingua\/wp-json\/wp\/v2\/users\/117"}],"replies":[{"embeddable":true,"href":"https:\/\/edublog.educastur.es\/ixuxullingua\/wp-json\/wp\/v2\/comments?post=3329"}],"version-history":[{"count":3,"href":"https:\/\/edublog.educastur.es\/ixuxullingua\/wp-json\/wp\/v2\/pages\/3329\/revisions"}],"predecessor-version":[{"id":3332,"href":"https:\/\/edublog.educastur.es\/ixuxullingua\/wp-json\/wp\/v2\/pages\/3329\/revisions\/3332"}],"up":[{"embeddable":true,"href":"https:\/\/edublog.educastur.es\/ixuxullingua\/wp-json\/wp\/v2\/pages\/3323"}],"wp:attachment":[{"href":"https:\/\/edublog.educastur.es\/ixuxullingua\/wp-json\/wp\/v2\/media?parent=3329"}],"curies":[{"name":"wp","href":"https:\/\/api.w.org\/{rel}","templated":true}]}}