{"id":3403,"date":"2023-04-11T18:07:21","date_gmt":"2023-04-11T16:07:21","guid":{"rendered":"https:\/\/edublog.educastur.es\/ixuxullingua\/?page_id=3403"},"modified":"2023-04-11T18:15:46","modified_gmt":"2023-04-11T16:15:46","slug":"hestoria","status":"publish","type":"page","link":"https:\/\/edublog.educastur.es\/ixuxullingua\/asturies\/hestoria\/","title":{"rendered":"Hestoria"},"content":{"rendered":"<div id=\"block-views-historia-alagueta-block-1\" class=\"block block-views\">\n<h2 style=\"text-align: center\"><span style=\"color: #008080\">Hestoria d&#8217;Asturies<\/span><\/h2>\n<ul>\n<li><a href=\"http:\/\/asturies.com\">Fonte: Asturies.com<\/a><\/li>\n<\/ul>\n<div class=\"content\">\n<div class=\"view view-historia-alagueta view-id-historia_alagueta view-display-id-block_1 view-dom-id-03c1915bb59ea154cd03ad984960ba06\">\n<div class=\"view-content\">\n<div class=\"views-row views-row-1 views-row-odd views-row-first\">\n<div class=\"views-field views-field-title\"><span class=\"field-content\"><a href=\"http:\/\/asturies.com\/alagueta\/cap%C3%ADtulu-i-%C2%BFprehistoria-d%E2%80%99asturies\">Cap\u00edtulu I: \u00bfPrehistoria d\u2019Asturies? <\/a><\/span><\/div>\n<\/div>\n<div class=\"views-row views-row-2 views-row-even\">\n<div class=\"views-field views-field-title\"><span class=\"field-content\"><a href=\"http:\/\/asturies.com\/alagueta\/cap%C3%ADtulu-ii-los-pueblos-prerromanos\">Cap\u00edtulu II: Los pueblos prerromanos<\/a><\/span><\/div>\n<\/div>\n<div class=\"views-row views-row-3 views-row-odd\">\n<div class=\"views-field views-field-title\"><span class=\"field-content\"><a href=\"http:\/\/asturies.com\/alagueta\/cap%C3%ADtulu-iii-%C3%A1stures-y-romanos\">Cap\u00edtulu III: \u00c1stures y romanos<\/a><\/span><\/div>\n<\/div>\n<div class=\"views-row views-row-4 views-row-even\">\n<div class=\"views-field views-field-title\"><span class=\"field-content\"><a href=\"http:\/\/asturies.com\/alagueta\/cap%C3%ADtulu-iv-de-los-sieglos-escuros-a-la-invasi%C3%B3n-isl%C3%A1mica\">Cap\u00edtulu IV: De los sieglos escuros a la invasi\u00f3n isl\u00e1mica<\/a><\/span><\/div>\n<\/div>\n<div class=\"views-row views-row-5 views-row-odd\">\n<div class=\"views-field views-field-title\"><span class=\"field-content\"><a href=\"http:\/\/asturies.com\/alagueta\/cap%C3%ADtulu-v-el-reinu-de-los-%C3%A1stures\">Cap\u00edtulu V: El Reinu de los \u00c1stures<\/a><\/span><\/div>\n<\/div>\n<div class=\"views-row views-row-6 views-row-even\">\n<div class=\"views-field views-field-title\"><span class=\"field-content\"><a href=\"http:\/\/asturies.com\/alagueta\/cap%C3%ADtulu-vi-el-medievu\">Cap\u00edtulu VI: El medievu<\/a><\/span><\/div>\n<\/div>\n<div class=\"views-row views-row-7 views-row-odd\">\n<div class=\"views-field views-field-title\"><span class=\"field-content\"><a href=\"http:\/\/asturies.com\/alagueta\/cap%C3%ADtulu-vii-la-ed%C3%A1-moderna\">Cap\u00edtulu VII La Ed\u00e1 Moderna<\/a><\/span><\/div>\n<\/div>\n<div class=\"views-row views-row-8 views-row-even\">\n<div class=\"views-field views-field-title\"><span class=\"field-content\"><a href=\"http:\/\/asturies.com\/alagueta\/cap%C3%ADtulu-viii-el-sieglu-xix\">Cap\u00edtulu VIII: El sieglu XIX<\/a><\/span><\/div>\n<\/div>\n<div class=\"views-row views-row-9 views-row-odd views-row-last\">\n<div class=\"views-field views-field-title\"><span class=\"field-content\"><a href=\"http:\/\/asturies.com\/alagueta\/cap%C3%ADtulu-ix-el-sieglu-xx\">Cap\u00edtulu IX: El sieglu XX<\/a><\/span><\/div>\n<div>\n<hr \/>\n<\/div>\n<\/div>\n<div>\n<h1 class=\"page-title\" style=\"text-align: center\"><span style=\"color: #008080\">Cap\u00edtulu I:<br \/>\n\u00bfPrehistoria d\u2019Asturies?<\/span><\/h1>\n<div class=\"region region-content\">\n<div id=\"block-system-main\" class=\"block block-system\">\n<div class=\"content\">\n<ul class=\"meta clr clearfix\">\n<li><i class=\"fa fa-clock-o\"><\/i> 4 Payares, 2013<\/li>\n<li><i class=\"fa fa-user\"><\/i> <a class=\"username\" title=\"Ver perfil de usuario.\" href=\"http:\/\/asturies.com\/user\/1\">Asturies.com<\/a><\/li>\n<\/ul>\n<div class=\"content\">\n<div class=\"field field-name-body field-type-text-with-summary field-label-hidden\">\n<div class=\"field-items\">\n<div class=\"field-item even\">\n<div>\n<div><strong><em>Pintures rupestres, mariscu y d\u00f3lmenes<\/em><\/strong><\/div>\n<div><\/div>\n<div><img decoding=\"async\" src=\"http:\/\/asturies.com\/sites\/default\/files\/cap1_1.jpg\" alt=\".\" \/><\/div>\n<div><\/div>\n<div>Cuando pretendemos historiar un grupu humanu determin\u00e1u, siempre nos atopamos col problema d\u2019\u00fa poner l\u2019aniciu del mesmu: \u00ab\u00d3nde tean los restos m\u00e1s antiguos nel territoriu pobl\u00e1u angua\u00f1o por esi grupu humanu\u00bb, suel ser la respuesta m\u00e1s com\u00fan. \u00bfPero hasta qu\u00e9 puntu ye asina? Dicho de otra mena, \u00bfla historia d\u2019Asturies principia hai 300.000 a\u00f1os, cuando apaecen les primeres se\u00f1es humanes? Si\u2019l t\u00e9rminu Asturies todav\u00eda nun taba cre\u00e1u \u2013y faltar\u00eden munchos sieglos pa qu\u2019asina fora\u2013 y polo tanto tampoco\u2019l d\u2019asturianu, esto ye, si esos seres d\u2019hai 300.000 a\u00f1os nun se consideraben asturianos nin habitantes d\u2019Asturies, \u00bfpor qu\u00e9 deber\u00edemos facelos n\u00f3s?<\/div>\n<div><\/div>\n<div>Por desgracia, la tentaci\u00f3n de retrotrayer los orixes hist\u00f3ricos d\u2019una comunid\u00e1 hasta\u2019l pas\u00e1u m\u00e1s remotu posible ye un viciu estend\u00edu de manera universal na historiograf\u00eda. Asina nos atopamos con obres sobre la historia d\u2019Espa\u00f1a que falen d\u2019Atapuerca (yacimientu de Burgos con restos d\u2019hasta 1&#8217;5 millones d\u2019a\u00f1os) como la cuna de los primeros espa\u00f1oles cuando la idea d\u2019Espa\u00f1a y espa\u00f1ol, tal y como la entendemos angua\u00f1o, nun tien m\u00e1s de trescientos a\u00f1os. Siguiendo esti filu argumental, tolo qu\u2019ocurri\u00f3 a lo llargo de los sieglos no que g\u00fcei ye\u2019l Reino de Espa\u00f1a ser\u00eda obra d\u2019espa\u00f1oles: asina, Viriato foi un h\u00e9roe espa\u00f1ol \u2013datu qu\u2019estudiamos d\u2019esta forma munchos na escuela\u2013, como l\u2019emperador Trajano, Pelayo, el Cid Campeador, Isabel la Cat\u00f3lica o Miguel Servet. Y el casu ye que neng\u00fan d\u2019ellos consider\u00e1base espa\u00f1ol nel sent\u00edu que-y damos angua\u00f1o.<\/div>\n<div><\/div>\n<div>N\u00f3s nun vamos a cometer esi error. Nestes ll\u00ednees breves vamos intentar facer un esbozu de la historia asturiana, entendiendo por historia asturiana los acontecimientos y procesos acontec\u00edos dende l\u2019apaici\u00f3n d\u2019un territoriu denomin\u00e1u Asturies pobl\u00e1u por unos habitantes nomaos asturianos. Sicas\u00ed, vamos a retrotrayenos entov\u00eda m\u00e1s y vamos repasar dalgunos datos sobre los primeros pobladores de lo qu\u2019angua\u00f1o llamamos Asturies, esto ye, la Prehistoria, non d\u2019Asturies, sin\u00f3n n\u2019Asturies. Procedamos.<\/div>\n<div><\/div>\n<div>Como dic\u00edemos m\u00e1s arriba, los indicios primeros de presencia humana no que g\u00fcei ye Asturies tienen unos 300.000 a\u00f1os y atrib\u00fayense al Homo Heidelbergensis, hom\u00ednidu asent\u00e1u n\u2019Europa hai ente 500.000 y 150.000 a\u00f1os. Nun son restos humanos propiamente, sin\u00f3n restos de ferramientes, y atop\u00e1ronse nel conceyu actual de Vald\u00e9s. Les investigaciones arqueol\u00f3xiques d\u00edcennos qu\u2019ente 125.000 y 75.000 a\u00f1os enantes de l\u2019actualid\u00e1, grupos de cazadores y pa\u00f1adores foron infiltr\u00e1ndose dende la costa hacia l\u2019 interior d\u2019Asturies siguiendo\u2019l cursu los r\u00edos.<\/div>\n<div><\/div>\n<div>Los restos humanos propiamente dichos m\u00e1s antiguos descubiertos hasta la fecha n\u2019Asturies son los qu\u2019apaecieron na cueva d\u2019El Sidr\u00f3n (Pilo\u00f1a) nel 1994, y pertenecen al Homo Neanderthalensis, con una antig\u00fced\u00e1 d\u2019unos 100.000 a\u00f1os. En milenios posteriores, la presencia humana n\u2019Asturies va quedar reducida al Homo Sapiens modernu, que mientres el Paleol\u00edticu Superior va concentrase de manera fundamental nes fasteres centrales y orientales asturianes por mor de l\u2019abundancia de cueves neses zones, que van ser el llugar fundamental d\u2019ocupaci\u00f3n poles glaciaciones que nesi momentu cubren Europa. Ser\u00e1 nesta \u00e9poca cuando apaezan les ferramientes m\u00e1s ellaboraes y tami\u00e9n les manifestaciones art\u00edstiques: nel territoriu asturianu actual hai 45 cueves con pintures y grabaos, dalgunes d\u2019ellas, como Tito Bustillo, San Xuan de Priorio o La Pe\u00f1a, realmente espectaculares. Sobre esti tema ye necesario dar un datu: l\u2019arte prehist\u00f3ricu asturianu ta inmersu nun marcu cultural conoc\u00edu como franco-cant\u00e1bricu, qu\u2019abarcar\u00eda la Francia actual y la cornisa cant\u00e1brica de la Pen\u00ednsula Ib\u00e9rica, mientres que l\u2019arte prehist\u00f3ricu del restu de la Pen\u00ednsula ta rellacion\u00e1u de forma direuta col mundu mediterraneu.<\/div>\n<div><\/div>\n<div><img decoding=\"async\" src=\"http:\/\/asturies.com\/sites\/default\/files\/cap1_2.jpg\" alt=\".\" \/><\/div>\n<div><\/div>\n<div>Sicas\u00ed, de tola Prehistoria asturiana, la etapa m\u00e1s llamativa, tanto por dase de manera esclusiva n\u2019Asturies \u2013y nuna una franxa costera portuguesa\u2013 como poles sos carauter\u00edstiques, ye\u2019l periodu llam\u00e1u Asturiense, qu\u2019abarcar\u00eda ente\u2019l 7500 y el 5000 a.C. Nesta etapa nam\u00e1i detect\u00e1base activid\u00e1 humana na met\u00e1 oriental de la costa asturiana, y en forma de grupos que viven en cueves de la mari\u00f1a que tienen como base de la so alimentaci\u00f3n la recoyida de frutos marinos: crust\u00e1ceos, moluscos, oct\u00f3podos, etc. Dicho d\u2019otra forma, la dieta d\u2019estos grupos, mientres unos 2.500 a\u00f1os, comp\u00fasose nun 80 por cientu de mariscu, y prueba d\u2019ello son los yacimientos con millones de conches de too tipu de crust\u00e1ceos como ll\u00e1mpares, b\u00edgaros, amasueles, moxones, etc. \u00bfA qu\u00e9 se debi\u00f3 esti comportamientu? Nun ta mui nidio. Les ferramientes de los asturienses son de manera oxetiva menos variaes y de peor factura que les de la etapa cultural inmediatamente anterior, l\u2019Aziliense. La especializaci\u00f3n en mariscu, anque nun excluy\u00eda de manera plena otres fontes d\u2019alimentaci\u00f3n, tami\u00e9n constit\u00fai un emprobecimientu. Lo mesmo pue dicise de les manifestaciones art\u00edstiques. Nun ye incorreuto afirmar que l\u2019Asturiense s\u00eda una involuci\u00f3n cultural \u2013lo que nun cuadra mui bien con esi mitu tan estend\u00edu del progresu constante y indefin\u00edu\u2013, sicas\u00ed, nunos pocos sieglos producir\u00e1se un cambiu nuevu muncho m\u00e1s trescendental: la llegada al territoriu asturianu del Neol\u00edticu, esto ye, l\u2019agricultura y la ganader\u00eda.<\/div>\n<div><\/div>\n<div>La llegada a l\u2019actual Asturies de les primeres tribus neol\u00edtiques, esto ye, agr\u00edcoles y ganaderes, nun se conoz con exautit\u00fa, pero se cree que nun ye anterior a unos 5000 a\u00f1os a.C. A esta xente debemos-y los restos llamaos megalitos, esto ye, construcciones de piedra grande xeneralmente de car\u00e1uter funerariu. Como pal tresporte del material y realizaci\u00f3n d\u2019estos d\u00f3lmenes y menhires monumentales fai falta un n\u00famberu de persones grande, podemos deducir que y\u00e1 hab\u00eda una cierta organizaci\u00f3n social que diba m\u00e1s all\u00e1 de la simple comunid\u00e1 de cazadores y pa\u00f1adores. Cr\u00e9ese tami\u00e9n qu\u2019estos megalitos ten\u00eden una funci\u00f3n a\u00f1adida a la funeraria: la de servir de finxos o mu\u00f1ones enormes que marcaren les llendes del territoriu d\u2019una u otra tribu.<\/div>\n<div><\/div>\n<div>Y\u00e1 hacia\u2019l 2500 a.C. entra lo que g\u00fcei ye Asturies na Ed\u00e1 de los Metales, de manera \u00a0inicial el cobre, y prueba d\u2019ello son les minas de cobre de L&#8217;Aramu, en Riosa, a 1.200 metros d\u2019altor. Como se ve, la tradici\u00f3n minera asturiana nun principial col carb\u00f3n precisamente. A lo llargo del mileniu siguiente, ente\u2019l 1800 y el 800 a.C., suceder\u00e1se la Ed\u00e1 del Bronce, etapa marcada por una complexid\u00e1 teunol\u00f3xica mayor, un aprovechamientu meyor del suelu pa l\u2019activid\u00e1 agr\u00edcola y ganadera, incluyida la deforestaci\u00f3n pa ganar tierres de cultivu y de pastu, y una activid\u00e1 militar incipiente, como muestren los restos d\u2019armes d\u2019esta \u00e9poca atopaos. A partir de la Ed\u00e1 del Fierro, habiendo y\u00e1 testimonios escritos, podemos dicir que queda atr\u00e1s la Prehistoria.<\/div>\n<\/div>\n<\/div>\n<hr \/>\n<h1 class=\"page-title\" style=\"text-align: center\"><span style=\"color: #008080\">Cap\u00edtulu II:<br \/>\nLos pueblos prerromanos<\/span><\/h1>\n<div class=\"region region-content\">\n<div id=\"block-system-main\" class=\"block block-system\">\n<div class=\"content\">\n<ul class=\"meta clr clearfix\">\n<li><i class=\"fa fa-clock-o\"><\/i> 5 Payares, 2013<\/li>\n<li><i class=\"fa fa-user\"><\/i> <a class=\"username\" title=\"Ver perfil de usuario.\" href=\"http:\/\/asturies.com\/user\/1\">Asturies.com<\/a><\/li>\n<\/ul>\n<div class=\"content\">\n<div class=\"field field-name-body field-type-text-with-summary field-label-hidden\">\n<div class=\"field-items\">\n<div class=\"field-item even\">\n<div>\n<div><strong><em>Castros, orfebres y metal\u00farxicos<\/em><\/strong><\/div>\n<div><\/div>\n<div><img decoding=\"async\" src=\"http:\/\/asturies.com\/sites\/default\/files\/cap2_1.jpg\" alt=\".\" \/><\/div>\n<div>De forma xeneral, conozse col nome de cultura castre\u00f1a al modelu cultural que mientres la Ed\u00e1 del Fierro \u2013dende\u2019l 800 a.C. hasta la conquista romana en 19 a.C., de manera aproximada\u2013 s\u2019estiende en ll\u00ednees xenerales pel territoriu asturianu y lleon\u00e9s actual. Toma\u2019l so nome de los castros, poblaos fortificaos que constit\u00fain la base del poblamientu \u2013nam\u00e1i n\u2019Asturies, y a falta d\u2019un cat\u00e1logu definitivu, hai llocalizaos m\u00e1s de 300\u2013.<\/div>\n<div><\/div>\n<div>\u00bfQui\u00e9nes construyeron esos castros? \u00bfYeren los descendientes de los habitantes anteriores o unos nuevos? L\u2019arqueolox\u00eda \u2013o m\u00e1s bien les escavaciones feches hasta la fecha\u2013 tov\u00eda nun nos pue dar respuestes definitives, pero en ll\u00ednees xenerales paez almit\u00edo que mientres la Ed\u00e1 del Fierro delles foleaes de pueblos indoeuropeos procedentes de m\u00e1s all\u00e1 de los Pirineos s\u2019instalaren en bona parte de la Pen\u00ednsula Ib\u00e9rica, incluyendo l\u2019actual Asturies. Estos pueblos indoeuropeos ser\u00eden, al menos parte d\u2019ellos, del troncu celta \u00bfC\u00f3mo lo sabemos? Por la teonimia \u2013nomes de les divinidaes\u2013, la toponimia \u2013nome de los llugares\u2013 y l\u2019antroponimia \u2013nome de les persones\u2013. Si un pueblu adora los dioses celtes, tien nomes de raiga\u00f1u celta y vive en llugares denominaos con formes c\u00e9ltiques nidies, ta claro que dalgo de celta ha de tener. Bien ye verd\u00e1 que d\u2019esti t\u00e9rminu abus\u00f3se muncho y lo mesmo qu\u2019hubo y hai qui\u00e9n s\u2019empe\u00f1a en negar la menor presencia celta en territoriu asturianu, tami\u00e9n los hai que ven celtes per tolos llaos. Los datos escritos tampoco dan una respuesta definitiva: los escritores romanos, a la hora de describir a los pueblos del noroeste peninsular, nun falen de celtes. Sicas\u00ed, restos culturales c\u00e9lticos hai. \u00bfQu\u00e9 yeren, ent\u00f3s, los habitantes de los castros?<\/div>\n<div><\/div>\n<div>Lo m\u00e1s l\u00f3xico ye pensar que, a lo llargo de dellos sieglos, foleaes migratories indoeuropees diferentes, incluyendo pueblos del troncu celta, s\u2019instalaron nel noroeste peninsular. Ell\u00ed amest\u00e1ronse cola poblaci\u00f3n preesistente, esto ye, los constructores de los megalitos, conform\u00e1ndose un espaciu \u00e9tnicu nuevu, h\u00edbridu de cultura indoeuropea y preindoeuropea. Los pueblos instalaos alredor del r\u00edu \u00c1stura \u2013angua\u00f1o Esla, afluente del Duero, pero posiblemente tami\u00e9n el Seya, y\u00e1 que dambos nacen a mui poca distancia \u00fan del otru y na mesma cadena monta\u00f1osa, anque discurren en sent\u00edu opuestu, \u00fan en direici\u00f3n norte y otru en direici\u00f3n sur\u2013 pasaron a ser conoc\u00edos col nome d\u2019\u00e1stures, y asina siguieron siendo denominaos polos romanos cuando contautaron con ellos nel sieglo I a.C.; \u00e9stos estendieron la denominaci\u00f3n a tolos habitantes del conventu o xunid\u00e1 alministrativa na que taben incluy\u00edos. Esi conventu foi conoc\u00edu tami\u00e9n como Asturia, y a partir de la Ed\u00e1 Media, como Asturias y Asturies, en plural, pero y\u00e1 pa referise al territoriu asturiano actual y a bona parte de l\u2019actual Cantabria. Tami\u00e9n va ser na Ed\u00e1 Media cuando se dexa d\u2019usar el t\u00e9rminu \u00e1stures y apaez el d\u2019asturianos. Podemos dicir,\u00a0 como fai Jos\u00e9 Manuel Gonz\u00e1lez, y ensin cayer nel esencialismu, qu\u2019Asturies nunca tuvo m\u00e1s nome que \u00e9sti, y\u00e1 qu\u2019enantes de ser nomada asina nun foi llamada de neng\u00fan mou.<\/div>\n<div><\/div>\n<div><img decoding=\"async\" src=\"http:\/\/asturies.com\/sites\/default\/files\/cap2_2.jpg\" alt=\".\" \/><\/div>\n<div>L\u2019aspeutu que pod\u00eda presentar el pa\u00eds de los \u00e1stures na Ed\u00e1 del Fierro yera\u2019l d\u2019un territoriu pobl\u00e1u d\u2019un estremu a otru, onde los sos habitantes \u2013calc\u00falense unes 100.000 persones pa l\u2019actual Asturies\u2013 realizaben actividaes propies d\u2019un estadiu cultural relativamente avanz\u00e1u, con una econom\u00eda basada nuna agricultura m\u00e1s bien precaria, la ganader\u00eda y la pesca, con una activid\u00e1 minera continuadora de la d\u2019etapes anteriores, una activid\u00e1 metal\u00farxica intensa \u2013en casi tolos castros escavaos apaecen restos de fundiciones, y los habitantes de Noega, la m\u00e1s remota antepasada de Xix\u00f3n, sita en La Campa Torres, eran los cil\u00farnigos, que significa caldereros\u2013 basada na fabricaci\u00f3n d\u2019armes, ferramientes y oxetos diversos, y una mui notable orfebrer\u00eda, como muestren obres como el collar de Llangr\u00e9u y, de manera mui espacial, la diadema de Mo\u00f1es (Pilo\u00f1a). Los \u00e1stures, o polo menos determinaes tribus, prauticaben el comerciu a llarga distancia, como prueba\u2019l yacimientu de La Campa Torres. Yera un pueblu guerreru, con divisiones sociales m\u00ednimes, que prauticaba la comunid\u00e1 de bienes y que paec\u00eda tener una conciencia coleutiva \u00e1stur nidia, como fai indicar el so comportamientu mientres les guerres colos romanos.<\/div>\n<div><\/div>\n<div>El datu ment\u00e1u anteriormente de la orfebrer\u00eda ye importante: los \u00e1stures trabayaben l\u2019oru porque lu estray\u00eden de los sos propios yacimientos, situaos fundamentalmente nel occidente asturianu. \u00c9sa va ser una de las razones fundamentales de la invasi\u00f3n romana: facese colos recursos mineros d\u2019Asturia, anque pa ello tuvieran que recurrir a una escusa distinta, que yera la hostilid\u00e1 de los \u00e1stures pa con otros pueblos de la meseta y\u00e1 somet\u00edos a los romanos, como los autrigones y los vacceos. Roma, defensora eterna de la paz y la llibert\u00e1, ver\u00edase obligada a intervenir pa defender a los sos aliaos y, y\u00e1 puestos, proceder\u00eda a conquistar, someter y esplotar el territoriu de los \u00e1stures, eso s\u00ed, pol propiu bien de los venc\u00edos. Como podemos ver, les escuses pa les guerres de conquista camudaron bien poco nos 2.000 a\u00f1os \u00faltimos.<\/div>\n<div><\/div>\n<div><strong>PUEBLOS ASTURES<\/strong><br \/>\n(Pasar el cursor percima del mapa pa ver les zones)<\/div>\n<div>\n<hr \/>\n<\/div>\n<\/div>\n<\/div>\n<\/div>\n<h1 class=\"page-title\" style=\"text-align: center\"><span style=\"color: #008080\">Cap\u00edtulu III:<br \/>\n\u00c1stures y romanos<\/span><\/h1>\n<div class=\"region region-content\">\n<div id=\"block-system-main\" class=\"block block-system\">\n<div class=\"content\">\n<ul class=\"meta clr clearfix\">\n<li>5 Payares, 2013<\/li>\n<li><a class=\"username\" title=\"Ver perfil de usuario.\" href=\"http:\/\/asturies.com\/user\/1\">Asturies.com<\/a><\/li>\n<\/ul>\n<div class=\"content\">\n<div class=\"field field-name-body field-type-text-with-summary field-label-hidden\">\n<div class=\"field-items\">\n<div class=\"field-item even\">\n<div>\n<div><strong><em>Mines, soldaos y villes<\/em><\/strong><\/div>\n<div><\/div>\n<div><img decoding=\"async\" src=\"http:\/\/asturies.com\/sites\/default\/files\/cap3_1_0.jpg\" alt=\".\" \/><\/div>\n<div>Les guerras que protagonizaron los romanos contra \u00e1stures y c\u00e1ntabros ente\u2019l 29 y 19 a.C. acabaron cola victoria de los primeros. Tuvieron delles fases: nuna inicial los \u00e1stures optaron pola guerra convencional \u2013al contrario de los c\u00e1ntabros, que dende\u2019l principiu adoptaron la t\u00e1utica guerrillera\u2013, xuntando un gran ex\u00e9rcitu y enfrent\u00e1ndose a los romanos nuna batalla importante \u2013Lancia, a orillas del r\u00edo \u00c1stura, y en un llugar entov\u00eda por concretar de Lle\u00f3n\u2013, na la que foron derrotaos y formalmente somet\u00edos. Poco depu\u00e9s, cuando tornaron a sublevase, adoptaron la t\u00e1utica guerrillera de los sos vecinos. El fechu de que los \u00e1stures, de manera inicial, optaren por llevantar un gran ex\u00e9rcitu y entamar una guerra convencional indica que yera un pueblu con un nivel d\u2019organizaci\u00f3n social y una identid\u00e1 coleutiva relativamente avanzada, como tami\u00e9n lo muestra\u2019l yacimientu de La Carisa (\u1e36\u1e37ena; toma\u2019l so nome de Publio Carisio, el xeneral romanu que dirix\u00f3 les operaciones contra los \u00e1stures), onde frente a un campamentu romanu atopamos una fortificaci\u00f3n \u00e1stur de dellos centenares de metros que ten\u00eda como oxetivu cortar el pasu a los invasores y que, pol so tama\u00f1u, requiri\u00f3 una abundancia grande de mano d\u2019obra, lo qu\u2019indicar\u00eda una organizaci\u00f3n del trabayu y una coordinaci\u00f3n mui perriba de la que podr\u00eden tener un grupu de tribus coxunturalmente aliaes.<\/div>\n<div><\/div>\n<div>Pero nin la guerra convencional nin la guerrilla pudieron frenar la maquinaria militar romana y, a partir de 19 a.C., la invasi\u00f3n y sumisi\u00f3n del norte peninsular y\u00e1 taba consumada, anque les rebeliones espor\u00e1diques van estendese dalgunos a\u00f1os m\u00e1s. Eliminada la resistencia, l\u2019imperiu romanu procedi\u00f3 a esplotar la tierra de los \u00e1stures nel so beneficiu propiu. En primer llugar, organizaron el territoriu: los \u00e1stures, tanto cismontanos \u2013los que t\u00e1n al sur de la cordillera\u2013 como tramontanos \u2013los que t\u00e1n al norte\u2013 foron englobaos nel conventus asturum, unid\u00e1 alministrativa inicialmente integrada na provincia tarraconense y posteriormente en Gallaecia, qu\u2019abarcaba l\u2019actual Galicia, norte de Portugal (hasta\u2019l Duero), Asturies, Lle\u00f3n, Zamora, Cantabria, Palencia y parte de les provincies actuales coles que llenden. La capital del conventu y, polo tanto, de los \u00e1stures, foi una poblaci\u00f3n creada con esi fin, Asturic a Augusta, l\u2019actual Estorga.<\/div>\n<div><\/div>\n<div>Dellos foron los factores de romanizaci\u00f3n d\u2019Asturia. En primer llugar, la miner\u00eda. Mientres m\u00e1s de doscientos a\u00f1os los romanos esplotaron les mines d\u2019oru del occidente asturianu, estrayendo nesi periodu unos 250.000 quilos. Les mines yeren propied\u00e1 imperial, pero taben esplotaes por particulares qu\u2019emplegaben mano d\u2019obra esclava. pero tami\u00e9n asalariada, y\u00e1 que\u2019l trabayu nes mines yera una v\u00eda de promoci\u00f3n social \u2013los mineros, depu\u00e9s de dellos a\u00f1os de serviciu, pod\u00eden llograr la ciudadan\u00eda llatina, que nun yera lo mesmo que la romana, pero otorgaba una serie de derechos\u2013. Les mines zarraron nel sieglu III d.C. porque dexaron de ser rentables.<\/div>\n<div><\/div>\n<div><img decoding=\"async\" src=\"http:\/\/asturies.com\/sites\/default\/files\/cap3_2_0.jpg\" alt=\".\" \/><\/div>\n<div><\/div>\n<div>Otru factor de romanizaci\u00f3n yera l\u2019ex\u00e9rcitu: anque\u2019l territoriu asturianu actual nun foi sede permanente de nenguna lex\u00f3n, s\u00ed lo foi de dalgunos destacamentos que\u00a0 s\u2019encargaben de vixilar les v\u00edes de comunicaci\u00f3n y les mines. L\u2019ex\u00e9rcito yera, al igual que la mina, una v\u00eda de promoci\u00f3n social: numberosos \u00e1stures canalizaron el so ardor guerreru allist\u00e1ndose nes lexones romanes, y\u00e1 que si sobreviv\u00eden a los a\u00f1os de serviciu y llograben la honesta missio (llicenciatura con honores) yeren recompensaos cola ciudadan\u00eda y un cachu de tierra, y\u00e1 fora na propia Asturia o, como yera m\u00e1s com\u00fan, n\u2019otres partes del imperiu, colo que se convert\u00eden n\u2019axentes de romanizaci\u00f3n d\u2019otros pueblos somet\u00edos. Hai dellos exemplos documentaos d\u2019esta presencia \u00e1stur nel ex\u00e9rcitu romanu, pero los m\u00e1s famosos son los de Pintayo, natural de Intercatia, llugar indetermin\u00e1u d\u2019Asturia, que lleg\u00f3 a ser signifer o portaestandarte, morriendo a los 30 a\u00f1os en Xermania, siendo-y dedicada una ll\u00e1bana polos sos compa\u00f1eros que se conserva en Bonn (Alema\u00f1a); y tami\u00e9n el de Gayo Sulpicio \u00darsulo, natural de Uxo (Mieres), que depu\u00e9s de servir como oficial mientres dellos a\u00f1os retir\u00f3se al so pueblu de nacencia, u se convirti\u00f3 nun notable llocal.<\/div>\n<div><\/div>\n<div>El tercer elementu romanizador son les ciudaes, que si bien nun alcanzar\u00e1n n\u2019Asturia nin de cerca\u2019l tama\u00f1u y esplendor de les de la costa mediterr\u00e1nea, son un focu importante de tresmisi\u00f3n de la llingua, lleis y costumes romanes. Na actual Asturies hubo tres civitates: Gigia (Xix\u00f3n), Lucus Asturum (Llugo de Llanera) y Flavionavia (posiblemente cerca de Pravia).<\/div>\n<div><\/div>\n<div>Un cuartu factor de romanizaci\u00f3n ser\u00eden les v\u00edes de comunicaci\u00f3n, qu\u2019articulaben el territoriu y permit\u00eden el control pol\u00edtico-alministrativu del pa\u00eds, asina como la esplotaci\u00f3n de los recursos. La v\u00eda principal coneutaba Gigia con Asturica Augusta, pero tami\u00e9n hab\u00eda otres que coneutaben oriente y occidente.<\/div>\n<div><\/div>\n<div>Otru elementu m\u00e1s son les villae romanes, esplotaciones agr\u00edcoles de ciertu tama\u00f1u que cobren especial relevancia a partir del sieglo II d.C., cuando la crisis econ\u00f3mica del imperiu y la decadencia de les ciudaes obliga a adoptar formes econ\u00f3miques nueves. Les villes instal\u00e1ronse sobre manera na mari\u00f1a y nes vegues del interior, y a veces se reconoz el so emplazamientu polos top\u00f3nimos actuales finaos en \u2018-ana\u2019, asociaos al nome del so propietariu: ye\u2019l casu de Mamorana (de Mamorio) y Villayana (Villa Iuliana), dambas en \u1e36\u1e37ena; o Corneyana (de Cornelio), en Grau. Otres villes importantes foron Veranes (en Xix\u00f3n, la m\u00e1s grande), Pueyes, Trema\u00f1es o Pumar\u00edn.<\/div>\n<div><\/div>\n<div>Un \u00faltimu factor ser\u00eda l\u2019idioma, el llat\u00edn, inicialmente fal\u00e1u \u00fanicamente polos funcionarios, propietarios y militares romanos, pero qu\u2019asumir\u00eden de manera progresiva les \u00e9lites llocales y tolos ind\u00edxenes m\u00e1s en contauto cola romanizaci\u00f3n, como mineros, soldaos y habitantes de les ciudades y villes, o na so redolada. Esi llat\u00edn popular, cada vegada m\u00e1s distintu del cl\u00e1sicu, propiu de la \u00e9lite, va dir incorporando xiros, rasgos fon\u00e9ticos y entov\u00eda l\u00e9xicu ind\u00edxena pa dar llugar, sieglos depu\u00e9s, a la llingua asturiana.<\/div>\n<div><\/div>\n<div>Toos estos elementos contribuyeron, con intensid\u00e1 variable, a romanizar a los \u00e1stures, procesu seguramente llargu nel tiempu dao\u2019l car\u00e1uter ultraperif\u00e9ricu del pa\u00eds de los \u00e1stures nel imperiu romanu, pero irreversible. Anque haya qui\u00e9n prefiera resaltar los rasgos prerromanos como elementu fundamental de la identid\u00e1 asturiana actual, nun podemos escaecer que la organizaci\u00f3n del espaciu, la relix\u00f3n cristiana, el Derechu y la llingua asturiana vinieron de la mano de los romanos, polo qu\u2019Asturies forma parte de la Romania atl\u00e1ntica, esto ye, un pa\u00eds de llingua y cultura llatines, pero non mediterr\u00e1nees.<\/div>\n<\/div>\n<\/div>\n<\/div>\n<\/div>\n<\/div>\n<\/div>\n<hr \/>\n<div class=\"content\">\n<div class=\"content\">\n<div class=\"field field-name-body field-type-text-with-summary field-label-hidden\">\n<h1 class=\"page-title\" style=\"text-align: center\"><span style=\"color: #008080\">Cap\u00edtulu IV:<br \/>\nDe los sieglos escuros a la invasi\u00f3n isl\u00e1mica<\/span><\/h1>\n<div class=\"region region-content\">\n<div id=\"block-system-main\" class=\"block block-system\">\n<div class=\"content\">\n<ul class=\"meta clr clearfix\">\n<li><i class=\"fa fa-clock-o\"><\/i> 5 Payares, 2013<\/li>\n<li><i class=\"fa fa-user\"><\/i> <a class=\"username\" title=\"Ver perfil de usuario.\" href=\"http:\/\/asturies.com\/user\/1\">Asturies.com<\/a><\/li>\n<\/ul>\n<div class=\"content\">\n<div class=\"field field-name-body field-type-text-with-summary field-label-hidden\">\n<div class=\"field-items\">\n<div class=\"field-item even\">\n<div>\n<div><strong><em>Cristianismu, godos y seniores<\/em><\/strong><\/div>\n<div><\/div>\n<div>El periodu comprend\u00edu ente los sieglos V y VIII recibe na historia asturiana\u2019l nome de sieglos escuros por mor de la poca documentaci\u00f3n de la que se disp\u00f3n pa conocelu. Poques, poqu\u00edsimes fontes escrites y poques fontes arqueol\u00f3xiques, munches d\u2019elles tov\u00eda por escavar, son les escases ferramientes disponibles pa reconstruyir esta \u00e9poca.<\/div>\n<div><\/div>\n<div><img decoding=\"async\" src=\"http:\/\/asturies.com\/sites\/default\/files\/cap4_1.jpg\" alt=\".\" \/><\/div>\n<div>Nel a\u00f1u 476 dexaba d\u2019esistir de manera formal l\u2019imperiu romanu d\u2019occidente, anque n\u2019Asturia y nel restu de Hispania\u2019l poder de Roma y\u00e1 hac\u00eda a\u00f1os que fora sustituy\u00edu pol de los pueblos xerm\u00e1nicos llegaos d\u00e9cades atr\u00e1s. Esos pueblos yeren los suevos, v\u00e1ndalos, alanos y visigodos. Los primeros instal\u00e1ronse na parte m\u00e1s occidental de la Gallaecia, estableciendo un reinu que con toda segurid\u00e1 incluy\u00eda la parte occidental d\u2019Asturia, la poblada polos p\u00e9sicos, \u00fan de los pueblos \u00e1stures. V\u00e1ndalos y alanos emigraron a \u00c1frica o foron esterminaos polos visigodos, qu\u2019acabaron dominando la mayor parte de la pen\u00ednsula depu\u00e9s de ser espulsados de la Galia polos francos. Mientres los sieglos V y VI suc\u00e9dense les disputes ente estos pueblos polos restos del imperiu y por controlar a les poblaciones ind\u00edxenes romanizaes que, n\u2019ocasiones, aprovechen l\u2019ausencia d\u2019un poder central fuerte pa recuperar la independencia.<\/div>\n<div><\/div>\n<div>N\u2019Asturia, la inestabilid\u00e1 pol\u00edtica y la insegurid\u00e1 demu\u00e9strense pola reocupaci\u00f3n temporal de los castros que llevaben abandonaos cientos d\u2019a\u00f1os. Esto ye, \u00e9nte\u2019l temor a ataques, la poblaci\u00f3n torna a xubir dende los valles desprotex\u00edos a los montes y llombes u s\u2019alcontraben los antiguos poblaos fortificaos, de m\u00e1s f\u00e1cil defensa. Per otru llau, la insegurid\u00e1 favorez la vinculaci\u00f3n de los llabradores a los seniores, los propietarios rurales asturromanos con poder econ\u00f3micu suficiente como pa convertise en xefes llocales venceyaos al poder suevu o visigodu por d\u00e9biles llazos de fidelid\u00e1.<\/div>\n<div><\/div>\n<div>L\u2019ambig\u00fced\u00e1 de los datos sobre\u2019l nivel d\u2019efectivid\u00e1 de la ocupaci\u00f3n xerm\u00e1nica son poques pero suficientes pa danos una idea aproximada. Asina, nel parroquial suevu del 569 incl\u00faise P\u00e9sicos como una de les parroquies de la sede episcopal d\u2019Estorga, lo qu\u2019indicar\u00eda\u2019l dominiu suevu sobre l\u2019occidente \u00e1stur. El rei suevu Miro dirix\u00f3 tr\u00e9s a\u00f1os depu\u00e9s una campa\u00f1a contra los roccones, xeneralmente identificaos como los luggones, esto ye, los \u00e1stures de la zona central y oriental d\u2019Asturia. Nel 585, el reinu suevu desapaec\u00eda conquist\u00e1u polos visigodos. Nel 612, el rei visigodu Sisebuto apaez como vencedor de los mesmos roccones contra los que lluchares los suevos. Los datos posteriores permiten afirmar que, con mayor o menor intensid\u00e1, los \u00e1stures van quedar definitivamente baxo dominiu visigodu hasta l\u2019esbarrumbamientu del reinu cien a\u00f1os depu\u00e9s. Pese a ello, a lo llargo del sieglu VII les cr\u00f3niques recueyen noticies de sublevaciones nueves de los \u00e1stures, asina como de c\u00e1ntabros y vascones. Precisamente contra estos \u00faltimos taba en campa\u00f1a el rei Roderico (Rodrigo) cuando se produz la invasi\u00f3n isl\u00e1mica, nel 711.<\/div>\n<div><\/div>\n<div>Por \u00faltimo, hai que se\u00f1alar nestos sieglos otru cambiu fundamental ente los \u00e1stures: la so cristianizaci\u00f3n. Nun podemos saber con exautit\u00fa cu\u00e1ndo s\u2019anici\u00f3 nin cu\u00e1nta foi la so intensid\u00e1, pero paez confirmao que dende\u2019l sieglu III atopamos cristianos nel conventu \u00e1stur, si bien en Legio (Lle\u00f3n) y Ast\u00farica (Estorga), y non al norte de la cordillera. Los primeros datos de comunidaes cristianes na actual Asturies ser\u00eden de finales del sieglo III o principios del IV. Nos sieglos siguientes, converti\u00fa y\u00e1\u2019l cristianismu na relixi\u00f3n oficial del imperiu y asum\u00edu dafechu poles \u00e9lites romanes, dir\u00e1 estendi\u00e9ndose ente la poblaci\u00f3n, anque les pr\u00e1utiques paganes, bien en solitariu o amestaes col cristianismu \u2013al estilu de las relixones afrocaribe\u00f1es, mezcles sincr\u00e9tiques de catolicismu y polite\u00edsmu africanu\u2013, pervivir\u00e1n mientres sieglos. Los nuevos dominadores xerm\u00e1nicos non fixeron sin\u00f3n reforzar el car\u00e1uter oficial del cristianismu, y\u00e1 fora na so vertiente arriana o na cat\u00f3lica romana. Too paez indicar que cuando s\u2019anicia\u2019l reinu \u00e1stur nel sieglu VIII, el cristianismu ye hexem\u00f3nicu dafechu, anque les cr\u00f3niques falen de represi\u00f3n del paganismu n\u2019\u00e9pocas tan tard\u00edes como la del rei Ramiro (842-850).<\/div>\n<\/div>\n<\/div>\n<\/div>\n<\/div>\n<hr \/>\n<div class=\"field field-name-body field-type-text-with-summary field-label-hidden\">\n<h1 class=\"page-title\" style=\"text-align: center\"><span style=\"color: #008080\">Cap\u00edtulu V: <\/span><br \/>\n<span style=\"color: #008080\">El Reinu de los \u00c1stures<\/span><\/h1>\n<div class=\"region region-content\">\n<div id=\"block-system-main\" class=\"block block-system\">\n<div class=\"content\">\n<ul class=\"meta clr clearfix\">\n<li><i class=\"fa fa-clock-o\"><\/i> 5 Payares, 2013<\/li>\n<li><i class=\"fa fa-user\"><\/i> <a class=\"username\" title=\"Ver perfil de usuario.\" href=\"http:\/\/asturies.com\/user\/1\">Asturies.com<\/a><\/li>\n<\/ul>\n<div class=\"content\">\n<div class=\"field field-name-body field-type-text-with-summary field-label-hidden\">\n<div class=\"field-items\">\n<div class=\"field-item even\">\n<div>\n<div><strong><em>Guerres, princeps y prerrom\u00e1nicu<\/em><\/strong><\/div>\n<div><\/div>\n<div><img decoding=\"async\" src=\"http:\/\/asturies.com\/sites\/default\/files\/cap5_1.jpg\" alt=\".\" \/><\/div>\n<div>Pocos elementos hai na historia asturiana onde s\u2019amiesten con m\u00e1s intensid\u00e1\u2019l mitu y la realid\u00e1. Les fontes documentales son muncho m\u00e1s abundantes que n\u2019\u00e9poques anteriores, pero la so oxetivid\u00e1 ye en munchos casos m\u00e1s que duldosa. En too casu, t\u00e1n m\u00e1s all\u00e1 de toda dulda una serie de datos: nel 711 invade Hispania un ex\u00e9rcitu form\u00e1u por \u00e1rabes y bereberes de relix\u00f3n isl\u00e1mica. La so intenci\u00f3n inicial yera participar na guerra civil que nel reinu visigodu manten\u00eden los partidarios de Roderico y de Witiza a favor d\u2019\u00e9sti \u00faltimu, pero la facilid\u00e1 cola que derrotaron al primeru na batalla de Guadalete y el posterior esbarrumbamientu del est\u00e1u visigodu fixeron que los musulmanes decidieran realizar una conquista completa y dominiu d\u2019Hispania.<\/div>\n<div><\/div>\n<div>Nun-yos cost\u00f3 muncho. En munchos casos nun fixo falta la conquista violenta, y\u00e1 que mediante\u2019l pautu coles \u00e9lites llocales, hispanorromanes o xerm\u00e1niques, a les que se-yos respetaba la so situaci\u00f3n a cambio d\u2019aceptar a los dominadores nuevos, en mui pocos a\u00f1os consiguieron facese col control de tola pen\u00ednsula. \u00bfToda? S\u00ed, toda. Incluyendo Asturies.<\/div>\n<div><\/div>\n<div>Los \u00e1rabe-bereberes tami\u00e9n ocuparon el territoriu de los \u00e1stures, estableci\u00e9ndose en Xix\u00f3n, con gobernador incluy\u00edu, y posiblemente establecieron dalgunos puestos de vixilancia nos puntos clave. Pero esta situaci\u00f3n nun dur\u00f3 muncho: el sistema sociecon\u00f3micu impuestu polos conquistadores nuevos, bas\u00e1u na tributaci\u00f3n, nun debi\u00f3 de gustar a unos \u00e1stures en procesu de feudalizaci\u00f3n y poco dependientes d\u2019una autorid\u00e1 central a la que pagar impuestos. Eso, sumao a la posible aversi\u00f3n relixosa y a un reconoc\u00edu amor pola llibert\u00e1 foi\u2019l detonante d\u2019una sublevaci\u00f3n dirixida por Pelagius (Pelayo), escoy\u00edu n\u2019asamblea polos xefes \u00e1stures. \u00bfQui\u00e9n yera Pelayo? Anque les cr\u00f3niques nos dicen que yera godu, nun ye \u00e9sti un dato demasiao fiable, y\u00e1 que diches cr\u00f3niques escribi\u00e9ronse casi doscientos a\u00f1os depu\u00e9s de los fechos, na \u00e9poca d\u2019Alfonso III, cuando\u2019l reinu \u00e1stur pretend\u00eda presentase como socesor del reinu visigodu por razones de prestixu esterior, anque nun tuviera nada que ver col mesmo \u2013al igual que poles mesmes feches l\u2019imperiu carolinxo pretend\u00eda facese pasar por continuador del imperiu romanu ensin selo\u2013. Per otru ll\u00e1u, resulta bastante estra\u00f1o que, siendo godu, tuviese un nome grecollat\u00edn, y que depu\u00e9s de que s\u2019esbarrumbara con tanta facilid\u00e1 el reinu visigodu, foran los \u00e1stures, pueblo escasamente somet\u00edu a aquellos, a escoyer como xefe de la rebeli\u00f3n a un estranxeru derrot\u00e1u reci\u00e9n. Anque s\u00f3lo podemos especular, dada l\u2019ausencia de datos definitivos, nun ser\u00eda estra\u00f1o suponer que pudiera ser un xefe ind\u00edxena, asturrromano, vencey\u00e1u a la elite xerm\u00e1nica y que, \u00e9nte l\u2019esbarrumbu del reinu godu, optase por tornar al so pa\u00eds, el de los \u00e1stures, y que, fartu del dominio isl\u00e1micu \u2013por relix\u00f3n, por nun pagar impuestos, por esp\u00edritu d\u2019independencia o por too ello xunto\u2013 decidiese llanzase a la rebeli\u00f3n depu\u00e9s d\u2019algamar el sofitu de la elite \u00e1stur.<\/div>\n<div><\/div>\n<div><img decoding=\"async\" src=\"http:\/\/asturies.com\/sites\/default\/files\/cap5_2.jpg\" alt=\".\" \/><\/div>\n<div><\/div>\n<div>Ente\u2019l 718 y el 722, y\u00e1 que nun sabemos la fecha exauta, prod\u00faxose la guerra de lliberaci\u00f3n que tien el so momentu principal na batalla de Cuadonga. Pa les cr\u00f3niques cristianes de la \u00e9poca d\u2019Alfonso III foi una batalla grandiosa na que, milagru mediante, aniquil\u00e1ronse m\u00e1s de 180.000 invasores, cifra rid\u00edcula dafechu \u2013nun habr\u00eda en tola pen\u00ednsula esa cantid\u00e1 d\u2019\u00e1rabes y bereberes, y muncho menos soldaos, y evidentemente nun diben a metelos a toos nel monte Auseva\u2013. Pa les cr\u00f3niques musulmanes, un poll\u00edn xabaz nom\u00e1u Pelayo \u2013asina lo ponen\u2013 sublev\u00f3se, foi atac\u00e1u hasta que\u2019l so ex\u00e9rcitu qued\u00f3 reduc\u00edu a una trentena d\u2019homes y muyeres y, al dexar de ser una amenaza, foi abandon\u00e1u en Cuadonga.<\/div>\n<div><\/div>\n<div>De forma l\u00f3xica, nenguna de las dos versiones ye ver\u00eddica. La cristiana, por esaxerada; la musulmana, por minimizar lo evidente. Si la victoria fora de los musulmanes, nun s\u2019esplica por qu\u00e9 nos a\u00f1os siguientes apaez el reinu de los \u00e1stures, peque\u00f1u pero emancip\u00e1u de los invasores. Too paez indicar que la victoria \u00e1stur sirvi\u00f3 pa lliberar bona parte de l\u2019actual Asturies de la tutela isl\u00e1mica y que Pelayo, escoy\u00edu princeps \u2013xefe, l\u00edder, pero non rei\u2013 estableci\u00f3 un peque\u00f1u reinu con capital en Cangues que los sos socesores s\u2019encargar\u00eden d\u2019ampliar, de manera inicial a toles tierras \u00e1stures y, posteriormente, a otros pueblos y territorios.<\/div>\n<div><\/div>\n<div>Trece foron los monarques \u00e1stures al norte de la cordillera: Pelayo (718-737), Favila (737-739), Alfonso I (739-757), Fruela I (757-768), Aurelio (768-774), Silo (774-783), Mauregato (783-789), Vermudo I (789-791), Alfonso II (791-842), Nepociano (842), Ramiro I (842-850), Ordo\u00f1o I (850-866) y Alfonso III (866-910).<\/div>\n<div><\/div>\n<div>El reino de los \u00e1stures, qu\u2019asina s\u2019autodenomin\u00f3, fai referencia a una concepci\u00f3n \u00e9tnica, non territorial. Los socesores de Pelayo van caltener mientres tol sieglo VIII, y bona parte del IX, esta concepci\u00f3n, inclusive cuando\u2019l reinu abarca a otros pueblos, como los vascos o los galaicos. De fechu, les cr\u00f3niques asturianes utilicen el t\u00e9rminu Spania precisamente pa designar aquello que nun ye\u2019l reino de los \u00e1stures, esto ye, el territoriu baxo control isl\u00e1micu. Los \u00e1stures van organizase nun est\u00e1u feudal, anque falar d\u2019est\u00e1u nesta \u00e9poca d\u2019 inicios de la feudalizaci\u00f3n implica estrapolar conceptos, y\u00e1 que la idea d\u2019est\u00e1u que tenemos angua\u00f1o dif\u00edcilmente correspuende cola d\u2019esta \u00e9poca, onde\u2019l reino ye una agregaci\u00f3n de nobles xun\u00edos ente s\u00ed por llazos de parentesco y\/o fidelid\u00e1 que tienen al monarca como un primus inter pares. A midida que los sistemes d\u2019alliances ente les \u00e9lites van camudando, alquiriendo m\u00e1s pesu los d\u2019una zona u otra del Reino \u00c1stur, va camudando la sede regia: asina, si con Pelayo y los sos socesores la capital ser\u00e1 Canques d&#8217;On\u00eds, con Silo (774-783) tresll\u00e1dase a Pravia, pa pasar a Uvi\u00e9u con Alfonso II (791-842) y a Lle\u00f3n con Garc\u00eda I (910-914). Esa feudalizaci\u00f3n, esto ye, la cayida de los llabradores en situaciones de cada vegada mayor dependencia respeuto a la nobleza, va ser causa de rebeliones sociales como l\u2019asocedida en tiempos d\u2019Aurelio (768-774). Per otru ll\u00e1u, van ser constantes los enfrentamientos ente diferentes facciones de la nobleza, como les que van enfrentse a la nobleza \u00e1stur y galaica en tiempos de Fruela I, Silo y Ramiro I. Por \u00faltimo, t\u00e1n les guerres esteriores contra los musulmanes, m\u00e1s o menos frecuentes mientres estos doscientos a\u00f1os, y los ataques vikingos, documentados en tiempos de Ramiro I y Ordo\u00f1o I.<\/div>\n<div><\/div>\n<div>Con dificultaes grandes, el Reinu \u00c1stur acaba consolid\u00e1ndose, llegando a alcanzar un ciertu poder y estableciendo aliances na \u00e9poca de Alfonso II cola gran potencia del momentu, el Reinu Franco de Carlomagno. El t\u00e9rminu Asturies comienza a apaecer nos documentos y\u00e1 con un signific\u00e1u territorial y am\u00e1s mui asemey\u00e1u al actual. Dende\u2019l sieglo IX y\u00e1 tenemos Asturies y asturianos.<\/div>\n<div><\/div>\n<div><img decoding=\"async\" src=\"http:\/\/asturies.com\/sites\/default\/files\/cap5_3.jpg\" alt=\".\" \/><\/div>\n<div><\/div>\n<div>Nun podemos acabar esti cap\u00edtulu ensin facer menci\u00f3n de la obra constructiva de la monarqu\u00eda \u00e1stur, que foi quien a crear un estilu constructivu orixinal y \u00fanico que los historiadores del arte denominen prerrom\u00e1nicu. La mayor\u00eda d\u2019estes construcciones realiz\u00e1ronse na sede real, Uvi\u00e9u, en tiempos d\u2019Alfonso II y Ramiro I, y casi toles que se conserven son de car\u00e1uter relixoso \u2013ilesies de San Miguel de Lli\u00f1u, San Pedro de Nora, Santianes de Pravia, Santa Cristina de \u1e36\u1e37ena, Santuyano d&#8217;Uvi\u00e9u y San Salvador de Valdedi\u00f3s\u2013 anque tami\u00e9n perviven el Palaciu del Naranco \u2013mucho depu\u00e9s reconvert\u00edu na ilesia de Santa Mar\u00eda\u2013 y la fonte de Foncalada que ye, por cierto, la \u00fanica obra civil d\u2019utilid\u00e1 p\u00fablica que se conserva d\u2019esta \u00e9poca n\u2019Europa occidental (finales del sieglu VIII).<\/div>\n<div><\/div>\n<div>Un apunte \u00faltimu: en tiempos d\u2019Alfonso II desc\u00fabrese el sepulcru del ap\u00f3stol Santiago, ocasi\u00f3n dorada pa la monarqu\u00eda \u00e1stur pa emancipase de la tutela de la Ilesia cat\u00f3lica toledana \u2013asitiada en territoriu isl\u00e1micu\u2013 al suponer un plus de prestixu a\u00f1ad\u00edu pa la \u00fanica monarqu\u00eda cristiana d\u2019Hispania la posesi\u00f3n de la tumba presunta d\u2019\u00fan de los disc\u00edpulos de Cristu. Nos sieglos vinientes, la peregrinaci\u00f3n a dicha tumba va acabar articulando una v\u00eda de comunicaci\u00f3n y comerciu de primer orde: el cam\u00edn de Santiago, que va percorrer tola Europa cat\u00f3lica.<\/div>\n<hr \/>\n<\/div>\n<div>\n<h1 class=\"page-title\" style=\"text-align: center\"><span style=\"color: #008080\">Cap\u00edtulu VI:<br \/>\nEl medievu<\/span><\/h1>\n<div class=\"region region-content\">\n<div id=\"block-system-main\" class=\"block block-system\">\n<div class=\"content\">\n<ul class=\"meta clr clearfix\">\n<li><i class=\"fa fa-clock-o\"><\/i> 5 Payares, 2013<\/li>\n<li><i class=\"fa fa-user\"><\/i> <a class=\"username\" title=\"Ver perfil de usuario.\" href=\"http:\/\/asturies.com\/user\/1\">Asturies.com<\/a><\/li>\n<\/ul>\n<div class=\"content\">\n<div class=\"field field-name-body field-type-text-with-summary field-label-hidden\">\n<div class=\"field-items\">\n<div class=\"field-item even\">\n<div>\n<div><strong><em>Marxinalid\u00e1, poles y rebeliones<\/em><\/strong><\/div>\n<div><\/div>\n<div><img decoding=\"async\" src=\"http:\/\/asturies.com\/sites\/default\/files\/cap6_1.jpg\" alt=\".\" \/><\/div>\n<div>El tresll\u00e1u de la capital del Reino \u00c1stur a Lle\u00f3n non s\u00f3lo implica cambia-y el nome al reinu surd\u00edu de la rebeli\u00f3n antiisl\u00e1mica, sin\u00f3n tami\u00e9n la marxinaci\u00f3n progresiva de la nobleza asturiana del centru de poder frente a la nobleza desplazada a la capital nueva, que va dir ampliando los sos dominios a midida que\u2019l reinu avance hacia\u2019l sur. Asina, Asturies repli\u00e9gase sobre s\u00ed mesma, entrando nuna progresiva fase d\u2019aislamientu que va durar sieglos y que la dexa fuera de los grandes acontecimientos hist\u00f3ricos del medievu hisp\u00e1nicu.<\/div>\n<div><\/div>\n<div>Pese a ello, la vinculaci\u00f3n d\u2019Asturies col cam\u00edn de Santiago permiti\u00f3 al nuesu pa\u00eds una rellaci\u00f3n intensa con Europa occidental al travi\u00e9s de los pelegrinos y comerciantes d\u2019esa procedencia \u2013que yeren denominaos de manera xen\u00e9rica francos\u2013 que pasaben pela nuesa tierra, trayendo productos o qued\u00e1ndose a vivir equ\u00ed. Per otru llau, el comerciu mar\u00edtimu d\u2019Avil\u00e9s col arcu atl\u00e1nticu \u2013Francia y isles brit\u00e1niques\u2013 favoreci\u00f3\u2019l desarrollu d\u2019esta villa costera. Uvi\u00e9u qued\u00f3 como sede episcopal y la Ilesia convirti\u00f3se n\u00fan de los poderes principales del pa\u00eds a falta d\u2019una autorid\u00e1 pol\u00edtica fuerte qu\u2019exerciera un contrapesu.<\/div>\n<div><\/div>\n<div>Esa marxinalid\u00e1 respeuto a la corona lleonesa, y castellana despu\u00e9s, asina como\u2019l desarrollu econ\u00f3micu relativu qu\u2019esperimenta Asturies nel sieglo XII, com\u00fan al del restu de la Europa feudal, ye lo que fai qu\u2019un sector de la nobleza asturiana s\u2019anime a ensayar proyeutos independentistes contra la corona castellana. Asina, a mediaos del sieglu XII prod\u00facense les rebeliones de Gonzalo Pel\u00e1ez contra\u2019l rei Alfonso VII, y a\u00f1os depu\u00e9s, la d\u2019Urraca, f\u00eda del mesmu Alfonso VII con una dama asturiana.<\/div>\n<div><\/div>\n<div>Nestos sieglos, Asturies ta inserta dafechu na econom\u00eda y socied\u00e1 feudales. Ilesia y nobleza son los grandes propietarios de la tierra, y los llabradores, vasallos de los anteriores, trabayen pa los sos se\u00f1ores nuna agricultura \u2013centenu, escanda, berces, nabos, fabes, cebolles\u2026\u2013 y ganader\u00eda \u2013oveyes, cabres, caballos, vaques, pites y el rei de la casa, el gochu\u2013 de sobrevivencia, teniendo qu\u2019entregar la mayor parte del escedente a los propietarios de la tierra.<\/div>\n<div><\/div>\n<div>Pa favorecer el comerciu y el desarrollu urbanu, del \u00a0sieglu XII al XIV los monarques castellanos y\/o lleoneses van dir otorgando a dellos conceyos asturianos cartes-poles o fueros pa la creaci\u00f3n de poles o villes nes que constituyir un merc\u00e1u semanal y asina favorecer l\u2019intercambiu. Eses poles son l\u2019orixe de les villes asturianes de tal nome (Pola de Llaviana, de \u1e36\u1e37ena, de Somiedu, de Siero y Puela d&#8217;Ayande) y d\u2019otres que nun lu conservaron pero que reciben nesta \u00e9poca una carta-pola: Xix\u00f3n, Goz\u00f3n, Nava, Llanes, Cangas, etc. N\u2019ocasiones les poles son de creaci\u00f3n nueva, como Castripol o Villaviciosa, mientres que n\u2019otros casos conc\u00e9dense los privilexos a poblaciones y\u00e1 esistentes, como Xix\u00f3n o Pravia. Los habitantes de les poles yeren declaraos llibres, esto ye, non suxetos al se\u00f1or feudal, y ten\u00eden una serie de derechos civiles reconoc\u00edos, polo que la creaci\u00f3n de les mesmes siempre cont\u00f3 cola oposici\u00f3n de los se\u00f1ores feudales, tanto laicos como eclesi\u00e1sticos. Dalgunes d\u2019estas poblaciones acabaron convirti\u00e9ndose en villes importantes (Xix\u00f3n, La Pola Siero, Tin\u00e9u, Cangas, etc.), mientres qu\u2019otres nun llograron fructificar y siguieron siendo pueblos peque\u00f1os (La Pola d&#8217;Ayer, agora La Pola&#8217;l Pinu, o Les Regueres).<\/div>\n<div><\/div>\n<div><img decoding=\"async\" src=\"http:\/\/asturies.com\/sites\/default\/files\/cap6_2.jpg\" alt=\".\" \/><\/div>\n<div><\/div>\n<div>Mientres estos sieglos va producise un procesu de trescendencia especial pa la cultura asturiana: el surdimientu del asturianu como una llingua escrita. El vieyu llat\u00edn de la \u00e9poca imperial evolucionara tanto y de forma tan distinta nos diferentes territorios que formaren parte del imperiu que nel sieglu XII l\u2019idioma us\u00e1u nos documentos oficiales yera inintelixible pa la gran masa de la poblaci\u00f3n analfabeta, que falaba un llat\u00edn muncho m\u00e1s evolucion\u00e1u y amest\u00e1u coles lling\u00fces precedentes y con aquelles coles que taben en contauto. Anque les sos diferencies naquella \u00e9poca yeren menores qu\u2019agora, van surdiendo de forma nidia idiomes como l\u2019asturianu, el castellanu, el gallego-portugu\u00e9s, el catal\u00e1n, el lombardu, l\u2019occitanu, el toscanu, el franc\u00e9s, etc. Nesti sieglu principia la escritura en llingua vulgar nos documentos oficiales, esto ye, la llingua del pueblu, y con ello apaez l\u2019asturianu como una llingua escrita. El documentu m\u00e1s antiguu del que tenemos constancia ye\u2019l Fueru d&#8217;Avil\u00e9s, del 1155, pero nos a\u00f1os siguientes dir\u00e1n apaeciendo munchos m\u00e1s, y\u00e1 que, anque angua\u00f1o resulte estra\u00f1o, ente los sieglos XII y XIV les lling\u00fces oficiales d\u2019Asturies, aquelles usaes na Alministraci\u00f3n, la ilesia y nos documentos oficiales, llaicos o relixosos, van ser l\u2019asturianu y el llat\u00edn. La imposici\u00f3n del castellanu va llegar a finales del sieglu XIV coincidiendo cola sumisi\u00f3n de la \u00e9lite asturiana a la corona castellana al travi\u00e9s de la creaci\u00f3n del \u2018Principado\u2019.<\/div>\n<div><\/div>\n<div>Nel sieglu XIV, Asturies vese afeutada, como toda Europa occidental, pola decadencia xeneralizada de la socied\u00e1 feudal, causa y efeutu de guerres, crisis econ\u00f3miques y axitaciones sociales. Dismin\u00fai\u2019l comerciu, lleguen a\u00f1os de colleches males, la nobleza intenta apretar tov\u00eda m\u00e1s a los llabradores y a la propia corona, de la qu\u2019esixen m\u00e1s privilexos, y esto xenera tensiones sociales grandes que se ven na figura de nobles-bandoleros como Gonzalo Pel\u00e1ez de Coalla, de principios del sieglu XIV, o en conflictos como\u2019l de los perxuraos de Llanera a principios del XV, que foron escomulgaos pol arzobispu d\u2019Uvi\u00e9u al negase a pagar impuestos nuevos. La falta de perres, y polo tanto de donaciones, vese na lentit\u00fa de la construcci\u00f3n de la catedral d\u2019Uvi\u00e9u, aniciada a finales del sieglo XIII y acabada a principios del sieglu XVI, y entov\u00eda con una sola torre y non con dos, como taba dise\u00f1ada.<\/div>\n<div><\/div>\n<div>El contestu de crisis econ\u00f3mica y d\u2019enfrentamientos ente nobleza, corona, villes urbanes y llabradores desencadena, a finales del sieglu XIV, la rebeli\u00f3n del conde Alfonso Enr\u00edquez, principal se\u00f1or feudal d\u2019Asturies, que se fadr\u00e1 fuerte en Xix\u00f3n frente al ex\u00e9rcitu castellanu. Episodiu \u00e9sti mui poco conoc\u00edu, l\u2019asediu de Xix\u00f3n tien tolos ingredientes d\u2019una pel\u00edcula de Hollywood: una ciud\u00e1 defendida por una princesa portuguesa, Isabel de Bragan\u00e7a, esposa d\u2019Alfonso Enr\u00edquez, y apoyada por una flota de pirates ingleses a cambio d\u2019usar el puertu como base d\u2019operaciones pa les sos aiciones de pirater\u00eda pela costa gallega; una ciud\u00e1 que nam\u00e1i se pod\u00eda asaltar unes horas al d\u00eda, y\u00e1 que, cuando xub\u00eda la marea, quedaba convertida nuna isla; un pautu de rendici\u00f3n pol qu\u2019Isabel y los sos partidarios parten per mar hacia Breta\u00f1a\u2026 Derrot\u00e1u y exili\u00e1u Alfonso Enr\u00edquez, el rei Juan I decide venceyar de manera direuta a Asturies cola corona castellana, convirti\u00e9ndola en feudu del monarca, y entreg\u00e1ndolu en calid\u00e1 de princip\u00e1u al herederu de dicha corona, como una forma de tener bien suxeta al poder central a la rebelde nobleza asturiana.<\/div>\n<div><\/div>\n<\/div>\n<\/div>\n<\/div>\n<\/div>\n<\/div>\n<\/div>\n<\/div>\n<\/div>\n<\/div>\n<\/div>\n<\/div>\n<\/div>\n<\/div>\n<\/div>\n<\/div>\n<\/div>\n<div class=\"field-items\">\n<hr \/>\n<\/div>\n<\/div>\n<\/div>\n<\/div>\n<\/div>\n<\/div>\n<div class=\"field-items\">\n<h1 class=\"page-title\" style=\"text-align: center\"><span style=\"color: #008080\">Cap\u00edtulu VII:<br \/>\nLa Ed\u00e1 Moderna<\/span><\/h1>\n<div class=\"region region-content\">\n<div id=\"block-system-main\" class=\"block block-system\">\n<div class=\"content\">\n<ul class=\"meta clr clearfix\">\n<li><i class=\"fa fa-clock-o\"><\/i> 5 Payares, 2013<\/li>\n<li><i class=\"fa fa-user\"><\/i> <a class=\"username\" title=\"Ver perfil de usuario.\" href=\"http:\/\/asturies.com\/user\/1\">Asturies.com<\/a><\/li>\n<\/ul>\n<div class=\"content\">\n<div class=\"field field-name-body field-type-text-with-summary field-label-hidden\">\n<div class=\"field-items\">\n<div class=\"field-item even\">\n<div>\n<div><strong><em>Fidalgos, coritos y ma\u00edz<\/em><\/strong><\/div>\n<div><\/div>\n<div><img decoding=\"async\" src=\"http:\/\/asturies.com\/sites\/default\/files\/cap7_1.jpg\" alt=\".\" \/><\/div>\n<div>El periodu comprend\u00edu ente los sieglos XVI y XVIII, dambos incluy\u00edos, constit\u00fai otra ed\u00e1 escura na historia asturiana, nesti casu non porque falte documentaci\u00f3n pa reconstruyila, sin\u00f3n porque nesti tiempu nun ocurren n\u2019Asturies nin grandes convulsiones pol\u00edtiques, sociales o militares d\u2019eses qu\u2019enllenen los llibros de Historia. Convert\u00edu nun territoriu marxinal y ultraperif\u00e9rico del Imperiu de los Austrias primero, y de los Borbones, depu\u00e9s; perd\u00edu\u2019l protagonismu pol\u00edticu del que gozara na Alta Ed\u00e1 Media, Asturies ded\u00edcase a apigazar mientres esti peroodu, tami\u00e9n conoc\u00edu como l\u2019Antiguu R\u00e9xime, y a esportar trabayadores y soldaos a mayor gloria de los monarques castellanos primero, y espa\u00f1oles, depu\u00e9s. Sicas\u00ed, eso nun quier dicir que n\u2019Asturies nun pase nada; por supuesto que pasen cosas, y vamos ver \u00a0dalgunes.<\/div>\n<div><\/div>\n<div>Mientres too esti tiempo, Asturies goza d\u2019una instituci\u00f3n d\u2019autogobierno, la Xunta Xeneral del Princip\u00e1u, de la que fecha concreta de creaci\u00f3n nun conocemos, pero que se remonta como m\u00ednimo hasta\u2019l 1444. Esta Xunta funcionaba como una especie de parllamentu foral d\u2019unos 40 miembros que se reun\u00eda cada tres a\u00f1os, nomando nos periodos intermedios una Diputaci\u00f3n Xeneral que funcionaba como un gobiernu aut\u00f3nomu presid\u00edu por un Procurador Xeneral. Ttaba formada polos representantes de los conceyos asturianos, anque esa representaci\u00f3n sol\u00eda tar monopolizada poles families m\u00e1s importantes de cada zona. Nun ten\u00eda atribuciones llexislativas, pero s\u00ed una capacid\u00e1 fiscal y de xesti\u00f3n importante. Como Asturies nun taba representada nes cortes castellanes, la Xunta Xeneral funcionaba como\u2019l mu\u00e9rganu intermediariu ente la Corona y el Princip\u00e1u, y\u00e1 fora pa recaudar impuestos o para reclutar soldaos pa less guerres constantes que la monarqu\u00eda va realizar n\u2019Europa.<\/div>\n<div><\/div>\n<div>Mientres tanto, la situaci\u00f3n econ\u00f3mica yera m\u00e1s que dif\u00edcil. La poblaci\u00f3n crec\u00eda, pero l\u2019agricultura nun produc\u00eda suficiente p\u2019abastecer a tola poblaci\u00f3n. Una mala collecha d\u2019escanda yera una calamid\u00e1; dos sigu\u00edes, una cat\u00e1strofe. Eso foi lo que pas\u00f3 nos periodos 1572-76 y 1597-99, provocando momentos de fame que tuvieron como consecuencia una reducci\u00f3n dr\u00e1stica de la poblaci\u00f3n pola propia fame y la peste \u2013la propia Xunta Xeneral lleg\u00f3 a falar d\u2019una disminuci\u00f3n de dos tercios, y anque la cifra paez esaxerada, val pa facese una idea de la magnit\u00fa del desastre\u2013. El comerciu yera mui escasu y fundamentalmente mar\u00edtimu, col arcu atl\u00e1nticu, y\u00e1 que les comunicaciones por tierra con Castilla yeren muncho m\u00e1s dif\u00edciles, por nun dicir imposibles mientres dellos meses al a\u00f1u. La introducci\u00f3n del cultivu del ma\u00edz n\u2019Asturies a partir del sieglu XVII fixo qu\u2019esti cereal pasara a ser parte fundamental de la dieta y permiti\u00f3 una meyora sustancial na alimentaci\u00f3n de la poblaci\u00f3n que se traduxo nun aumentu demogr\u00e1ficu notable.<\/div>\n<div><\/div>\n<div>Nestes condiciones nun ye estra\u00f1o que los asturianos emigrasen. Les \u00e9lites a la corte, primero en Valladolid y llueu en Madrid, a facese un llugar baxo\u2019l sol de la monarqu\u00eda en forma d\u2019altos cargos de l\u2019Alministraci\u00f3n civil, militar o eclesi\u00e1stica. Los probes, tami\u00e9n a Madrid, a trabayar nos oficios m\u00e1s humildes, sobre manera d\u2019aguadores. Como suel asoceder con tolos inmigrantes, de forma especial colos qu\u2019ocupen la posici\u00f3n social m\u00e1s baxa, foron v\u00edctimes de burlles y despreciu por parte de los castellanos, que los llamaben coritos, bien poles sos ropes de cueru o pola so presunta falta de cogorote. Los grandes escritores castellanos del sieglo d\u2019Oru, como Cervantes, Quevedo o Lope de Vega, carauteriz\u00e1ronse pol so despreciu a los asturianos y asina lo reflexaron nes sos obres. Ente esos asturianos emigraos a la Corte atopamos pintores (Juan Carre\u00f1o Miranda), militares (Pedro Men\u00e9ndez d\u2019Avil\u00e9s), pol\u00edticos (Melchor Gaspar de Xovellanos o Pedro Rodr\u00edguez de Campumanes) o eclesi\u00e1sticos (Fernando de Vald\u00e9s Salas). Munchos d\u2019ellos aprovechar\u00e1n la so influencia pa impulsar mid\u00edes favoratibles pa la so tierra, inaugurando asina la imaxe del asturianu en Madrid qu\u2019aspira a exercer d\u2019algamador pa la so tierra en llugar d\u2019intentar qu\u2019\u00e9sta s\u2019autogobierne. Por exemplu, Vald\u00e9s Salas, que lleg\u00f3 a ser inquisidor xeneral del imperiu de Felipe II, dexa a la so muerte (1568) parte de la so inmensa fortuna pa crear una Universid\u00e1 n\u2019Uvi\u00e9u que ser\u00eda realid\u00e1 nel 1608. Dada la situaci\u00f3n de marxinalid\u00e1 pol\u00edtica, cultural y econ\u00f3mica que padec\u00eda Asturies nesa \u00e9poca, nam\u00e1i la xenerosa donaci\u00f3n del asturianu fixo posible que\u2019l nuesu pa\u00eds dispusiera d\u2019una universid\u00e1 en fecha tan temprana. Otru de los grandes asturianos en Madrid ser\u00e1 Xovellanos, renuevu de la nobleza de Xix\u00f3n, ministru de Carlos IV y al que se-y deben numberoses reformes na \u00e9poca de la Ilustraci\u00f3n, asina como munchos proyeutos que nun llegaron a facese, como\u2019l de la primer academia de la llingua asturiana, dise\u00f1ada a imitaci\u00f3n de la RAE y que de llegar a facese nel so momentu ser\u00eda la segunda n\u2019antig\u00fcedad de tol reinu.<\/div>\n<div><\/div>\n<div><img decoding=\"async\" src=\"http:\/\/asturies.com\/sites\/default\/files\/cap7_2.jpg\" alt=\".\" \/><\/div>\n<div>Un datu \u00faltimu a destacar d\u2019esta etapa ye\u2019l car\u00e1uter peculiar qu\u2019adopta n\u2019Asturies l\u2019Antiguu R\u00e9xime, esto ye, la sobrevivencia de la divisi\u00f3n feudal en tr\u00e9s bloques o estamentos: nobleza, cleru y tercer est\u00e1u, ca\u00fan d\u2019ellos diferenciado llegalmente y con distintos derechos y deberes, y com\u00fan a toda Europa. Los dos primeros grupos yeren los dominantes y basaba nos sos privilexos xur\u00eddicos \u2013como\u2019l de nun pagar impuestos direutos\u2013 su preeminencia. Pero la divisi\u00f3n n\u2019estamentos nun evitaba la divisi\u00f3n de clases, y\u00e1 que\u2019l tercer est\u00e1u taba form\u00e1u por un aglomer\u00e1u form\u00e1u polos llabradores \u2013propietarios o non\u2013, la burgues\u00eda rural y urbana, o los artesanos. En xeneral, la nobleza pertenec\u00eda a la clase dominante porque yera, xunto a la Ilesia, la gran propietaria de la tierra, la principal fonte de riqueza nesta \u00e9poca. Pero non tola nobleza yera igual de propietaria y, polo tanto, igual de rica, y l\u2019escalaf\u00f3n m\u00e1s baxo de la nobleza, los fidalgos, encontr\u00e1base n\u2019ocasiones nuna situaci\u00f3n econ\u00f3mica m\u00e1s que dif\u00edcil. En Castilla, onde la nobleza nun llegaba al 5 por cientu de la poblaci\u00f3n, ser fidalgu yera un privilexu que mui pocos posey\u00eden, y yera considerao deshonroso que quien disfrutara d\u2019esa condici\u00f3n se dedicase a otra cosa que nun fora vivir de les rentes o la milicia. Esto ye, ten\u00eda prohib\u00edo trabayar. Sicas\u00ed, n\u2019Asturies, y tami\u00e9n en Bizkaia, diose la situaci\u00f3n curiosa de qu\u2019una gran parte de la poblaci\u00f3n \u2013la inmensa mayor\u00eda a mediaos del sieglu XVIII\u2013 ten\u00eda la condici\u00f3n de fidalga y, a pesar d\u2019ello, sigu\u00eda trabayando de llabradores, ganaderos, criaos o artesanos \u2013l\u00f3xico, porque de dalgo hab\u00eda que vivir\u2013, cosa que provocaba plasmu y irritaci\u00f3n al sur del Payares, como muestra la lliteratura castellana de la \u00e9poca, incluy\u00edu \u2018El Quijote\u2019. Esto ye, que la divisi\u00f3n estamental o desigual\u00e1 \u00e9nte la llei, base del Antigu R\u00e9xime, taba prauticamente finada n\u2019Asturies a \u00faltimos del sieglu XVIII: en Murcia, Catalunya o Galicia yera impensable qu\u2019un fidalgu reconoc\u00edu trabayase. N\u2019Asturies, como fidalgu era dende\u2019l ricu del pueblu hasta\u2019l mendigu que pid\u00eda a la puerta de la ilesia, nun esist\u00eda esa concepci\u00f3n, y\u00e1 que\u2019l privilexu yelo nam\u00e1i cuando lo tienen unos pocos: si lo tienen toos y\u00e1 nun ye privilexu, sin\u00f3n derechu.<\/div>\n<div><\/div>\n<div>Esto nun quier dicir que la socied\u00e1 asturiana nun tuviera atravesada por diferencies sociales fonderes, que lo taba, pero eses diferencies yeren esclusivamente eso, sociales, basaes na rellaci\u00f3n cola propied\u00e1 de los medios de producci\u00f3n y non en criterios xur\u00eddicos.<\/div>\n<\/div>\n<\/div>\n<\/div>\n<\/div>\n<\/div>\n<\/div>\n<\/div>\n<\/div>\n<hr \/>\n<\/div>\n<\/div>\n<\/div>\n<\/div>\n<\/div>\n<\/div>\n<div class=\"field-items\">\n<div class=\"field-item even\">\n<h1 class=\"page-title\" style=\"text-align: center\"><span style=\"color: #008080\">Cap\u00edtulu VIII:<br \/>\nEl sieglu XIX<\/span><\/h1>\n<div class=\"region region-content\">\n<div id=\"block-system-main\" class=\"block block-system\">\n<div class=\"content\">\n<ul class=\"meta clr clearfix\">\n<li><i class=\"fa fa-clock-o\"><\/i> 6 Payares, 2013<\/li>\n<li><i class=\"fa fa-user\"><\/i> <a class=\"username\" title=\"Ver perfil de usuario.\" href=\"http:\/\/asturies.com\/user\/1\">Asturies.com<\/a><\/li>\n<\/ul>\n<div class=\"content\">\n<div class=\"field field-name-body field-type-text-with-summary field-label-hidden\">\n<div class=\"field-items\">\n<div class=\"field-item even\">\n<div>\n<div><strong><em>Carb\u00f3n, aceru y lliberalismu<\/em><\/strong><\/div>\n<div><\/div>\n<div><img decoding=\"async\" src=\"http:\/\/asturies.com\/sites\/default\/files\/cap8_1.jpg\" alt=\".\" \/><\/div>\n<div>La \u00e9poca contempor\u00e1nea principial al sur de los Pirineos nel 1808 cola invasi\u00f3n de la Francia napole\u00f3nica, y\u00e1 que sup\u00f3n l\u2019aniciu del fin del Antiguu R\u00e9xime. L\u2019entamu de la sublevaci\u00f3n antinapole\u00f3nica en Madrid el 2 de mayo coincidi\u00f3 nel tiempu cola reuni\u00f3n ordinaria de la Xunta Xeneral que\u2019l 25 de mayu, depu\u00e9s d\u2019un golpe revolucionariu protagoniz\u00e1u pol sector m\u00e1s radicaliz\u00e1u de la Xunta, proclam\u00f3 la soberan\u00eda asturiana; declar\u00f3 non reconocer m\u00e1s rei que Fernando VII; despach\u00f3 embaxadores a Inglaterra a negociar la paz cola mesma, asina como ayuda militar; y form\u00f3 un ex\u00e9rcito, l\u2019Ex\u00e9rcitu Defensivu Asturianu, pa enfrentar la invasi\u00f3n. Una de les figures m\u00e1s sobresalientes del llevantamientu foi \u00c1lvaro Fl\u00f3rez Estrada, Procurador Xeneral d\u2019Asturies naquel momentu, miembru de la peque\u00f1a nobleza somedana, empresariu, intelectual ilustr\u00e1u y, a\u00f1os depu\u00e9s, \u00fan de los grandes economistes del sieglo XIX en tol sur d\u2019Europa. Lo esceicional de la sublevaci\u00f3n asturiana, a diferencia de les que siguir\u00e1n n\u2019otros territorios del reinu, ye que se fai dende una instituci\u00f3n ofical, propia del Antiguu R\u00e9xime, pero que se reinterpreta a s\u00ed mesma y basa la so llexitimid\u00e1 non s\u00f3lo na tradici\u00f3n, sin\u00f3n na eleici\u00f3n popular. La declaraci\u00f3n de la soberan\u00eda asturiana xustif\u00edcase pola ausencia del monarca llex\u00edtimu, Fernando VII, polo que los sublevaos entienden que la soberan\u00eda torna a Asturies hasta qu\u2019l rei pueda recuperala.<\/div>\n<div><\/div>\n<div>D\u2019esta sublevaci\u00f3n, niciu aut\u00e9nticu de la revoluci\u00f3n burguesa nel nuesu pa\u00eds, procede \u00fan de los elementos simb\u00f3licos m\u00e1s importantes de la historia asturiana: la bandera. Foi dise\u00f1ada por Xovellanos y asumida pola Xunta con variaciones peque\u00f1es, quedando con una forma mui similar a l\u2019actual: azul celeste cola cruz de la victoria \u2013col alfa y la omega\u2013 n\u2019oru, y la inscripci\u00f3n, nel mesmu color, \u2018Asturias nunca vencida\u2019.<\/div>\n<div><\/div>\n<div>Los revolucionarios asturianos van formar parte activa nes Cortes de C\u00e1diz y nel dise\u00f1u de la Constituci\u00f3n del 1812. Derrotaos los franceses, cola restauraci\u00f3n de Fernando VII y la reaici\u00f3n absolutista, esos lliberales van ser persigu\u00edos y encarcelaos, hasta que nel 1820 un asturianu, l\u2019oficial tinetense Rafael del Riego, dirixa un golpe militar qu\u2019obliga a Fernando VII a restablecer la Constituci\u00f3n, anque \u00e9sta solo rexir\u00e1 tr\u00e9s a\u00f1os, y\u00e1 qu\u2019 una \u00a0invasi\u00f3n francesa nueva restaura l\u2019absolutismu. Mientres tol rein\u00e1u de Fernando VII suceder\u00e1nse les disoluciones y restituciones d\u2019una Xunta Xeneral cada vegada m\u00e1s disminuida na so capacid\u00e1 d\u2019autogobierno, hasta que nel 1835 se produz la so eliminaci\u00f3n definitiva. La Xunta cay\u00f3 v\u00edctima de l\u2019aversi\u00f3n de lliberales y absolutistes al mesmu tiempu: los primeros nun la quer\u00eden porque defend\u00eden un est\u00e1u centralista y nun toleraben nenguna instituci\u00f3n espec\u00edfica nos diferentes pueblos d\u2019Espa\u00f1a, y los absolutistes tampoco porque, a pesar de ser una instituci\u00f3n olig\u00e1rquica, era electiva y representativa y, pa ellos, sospechosa d\u2019inclinase a la subversi\u00f3n, ente otres coses porque munchos de los sos miembros yeren lliberales destacaos. Asina, col apoyu d\u2019unos y otros, elimin\u00f3se el restu \u00faltimu del autogobiernu asturianu, lo que Xovellanos llamaba la Constituci\u00f3n hist\u00f3rica del Princip\u00e1u, quedando a partir d\u2019ent\u00f3s Asturies sometida a un centralismu cerril que reportar\u00eda consecuencies graves pal desarrollu econ\u00f3micu posterior.<\/div>\n<div><\/div>\n<div><img decoding=\"async\" src=\"http:\/\/asturies.com\/sites\/default\/files\/cap8_2.jpg\" alt=\".\" \/><\/div>\n<div>La revoluci\u00f3n burguesa que los lliberales realizaron n\u2019Espa\u00f1a f\u00edxose non y\u00e1 al marxe, sin\u00f3n en contra dafechu de los intereses de la mayor\u00eda grande de la poblaci\u00f3n, llabradores y artesanos, y am\u00e1s con un componente autoritariu y confesional fuerte \u2013lliberalismu doctrinariu\u2013. La desamortizaci\u00f3n de les propiedaes de la Ilesia cat\u00f3lica \u2013nacionalizaci\u00f3n y puesta en venta de los bienes, que foron adquir\u00edos na so mayor\u00eda pola burgues\u00eda\u2013 tuvo efeutos mui negativos pa los llabradores asturianos, que nun pudieron acceder a la propied\u00e1 de la tierra por carecer de capital pa ello, y que vieron c\u00f3mo los amos nuevos de la mesma pasaben a esixir el pagu de la renta en met\u00e1lico y non n\u2019especie, obligando a los arrendatarios a vender ellos mesmos la collecha, non disponiendo munches vegaes de dineru suficiente p\u2019afrontar los pagos y enfrent\u00e1ndose al desallugu y\/o a la miseria. Per otru llau, la supresi\u00f3n obligatoria de los gremios, que finaba colos derechos de los artesanos en nome de la llibert\u00e1 de trabayu, tami\u00e9n provoc\u00f3 rocees d\u2019estos hacia un lliberalismu que, en nome de la llibert\u00e1, condenaba a les clases populares a la esclavit\u00fa. Sicas\u00ed, esta opresi\u00f3n nun se traduxo a lo llargo del sieglu XIX en grandes rebeliones sociales d\u2019estos sectores, a esceici\u00f3n d\u2019 un apoyu discretu al carlismu o motines espor\u00e1dicos por mor de \u00a0la carest\u00eda, sin\u00f3n nuna inhibici\u00f3n pol\u00edtica casi total \u2013polo dem\u00e1s l\u00f3xica, y\u00e1 que nun ten\u00eden derechu a votu\u2013 y nel votu por pies, esto ye, la emigraci\u00f3n masiva, de manera preferente hacia Am\u00e9rica Llatina: ente l\u2019\u00faltimu terciu del sieglu XIX y el primeru del XX produx\u00e9ronse dende Asturies m\u00e1s de 350.000 salides tresoce\u00e1niques \u2013que nun quier dicir 350.000 emigrantes, y\u00e1 que munchos d\u2019ellos fixeron el viaxe delles vegaes\u2013. Cuba, M\u00e9xico y Arxentina foron los destinos principales, auque non los \u00fanicos: EE XX., Chile, Uruguai, Colombia, Santo Domingo y un llargu etc\u00e9tera tami\u00e9n contaron con colonies asturianes importantes. La mayor\u00eda nun torn\u00f3, y los que lo fixeron, los indianos, aquellos que regresaron ricos y poderosos, van convertise en munchos casos nos elementos m\u00e1s din\u00e1micos de la burgues\u00eda asturiana de principios del sieglu XX.<\/div>\n<div><\/div>\n<div>Porque\u2019l gran cambiu qu\u2019esperimenta Asturies nel \u00e1mbitu socioecon\u00f3micu a lo llargo del sieglu XIX va ser l\u2019aniciu de la Revoluci\u00f3n Industrial, mui tard\u00eda y escasa si la comparamos con Inglaterra o Francia, pero bastante notable si lo facemos con Espa\u00f1a, a esceici\u00f3n de Catalunya y Bizkaia. La industrializaci\u00f3n asturiana nun va venir como la catalana o la de la mayor parte del continente, esto ye, d\u2019una burgues\u00eda arriquecida pol comerciu y, polo tanto, con capital suficiente como pa emprender un procesu industrializador, sin\u00f3n que va venir como la bizkaitarra: pola esistencia d\u2019una riqueza mineral \u2013fierro nel casu vascu; carb\u00f3n, nel asturianu\u2013 qu\u2019atrae capital foriatu pa la esplotaci\u00f3n minera y metal\u00farxica. Carb\u00f3n y aceru van ser la base de la revoluci\u00f3n industrial asturiana, circunscrita mientres el sieglu XIX a la zona d\u2019Uvi\u00e9u, Xix\u00f3n y les cuenques del Nal\u00f3n y del Caudal. Pese a too, estos focos industriales van ser islles en mediu d\u2019un mar rural: nel 1900 tov\u00eda\u2019l 70 por cientu de la poblaci\u00f3n asturiana viv\u00eda del sector primariu, frente a un 14 por cientu del secundariu y un 16 por cientu del terciariu. El desarrollu industrial viose llastr\u00e1u pola ausencia d\u2019una burgues\u00eda asturiana \u2013que nun se va dir creando de forma significativa hasta principios del sieglo XX\u2013 y pola ausencia absoluta d\u2019un autogobiernu que permitiese utilizar los recursos asturianos n\u2019articular el territoriu y ameyorar les condiciones del procesu industrializador. Por poner un exemplu, el ferrocarril Llangr\u00e9u-Xix\u00f3n foi\u2019l segundu m\u00e1s antiguu d\u2019Espa\u00f1a (1853), pero la indispensable v\u00eda f\u00e9rrea que coneutara Asturies con Castilla, y polo tanto fixera realmente rentable la esplotaci\u00f3n a gran escala del carb\u00f3n y l\u2019aceru, nun se fixo hasta\u2019l 1884. Nes d\u00e9cades \u00faltimes del sieglu fadr\u00e1nse sentir con fuerza les reivindicaciones de los republicanos federales, que van realizar delles propuestes de Constituci\u00f3n asturiana, con un conten\u00edu social mui avanz\u00e1u pa la so \u00e9poca \u2013y la de nueso\u2013.<\/div>\n<div><\/div>\n<\/div>\n<\/div>\n<\/div>\n<\/div>\n<\/div>\n<\/div>\n<\/div>\n<\/div>\n<hr \/>\n<\/div>\n<\/div>\n<\/div>\n<\/div>\n<\/div>\n<\/div>\n<\/div>\n<div class=\"field-item even\">\n<div>\n<h1 class=\"page-title\" style=\"text-align: center\"><span style=\"color: #008080\">Cap\u00edtulu IX:<br \/>\nEl sieglu XX<\/span><\/h1>\n<div class=\"region region-content\">\n<div id=\"block-system-main\" class=\"block block-system\">\n<div class=\"content\">\n<ul class=\"meta clr clearfix\">\n<li><i class=\"fa fa-clock-o\"><\/i> 6 Payares, 2013<\/li>\n<li><i class=\"fa fa-user\"><\/i> <a class=\"username\" title=\"Ver perfil de usuario.\" href=\"http:\/\/asturies.com\/user\/1\">Asturies.com<\/a><\/li>\n<\/ul>\n<div class=\"content\">\n<div class=\"field field-name-body field-type-text-with-summary field-label-hidden\">\n<div class=\"field-items\">\n<div class=\"field-item even\">\n<div>\n<div><strong><em>Carb\u00f3n, aceru y revoluci\u00f3n<\/em><\/strong><\/div>\n<div><\/div>\n<div>Asturies entr\u00f3 nel sieglu XX col regalu de la derrota espa\u00f1ola na guerra contra los EE XX y la perda posterior de Cuba, lo qu\u2019implic\u00f3 la repatriaci\u00f3n de numberosos indianos y capitales asturianos, que servir\u00eden p\u2019acelerar el procesu modernizador del pa\u00eds.<\/div>\n<div><\/div>\n<div><img decoding=\"async\" src=\"http:\/\/asturies.com\/sites\/default\/files\/cap9_1.jpg\" alt=\".\" \/><\/div>\n<div>Nel aspeutu pol\u00edticu, los primeros a\u00f1os del sieglu son los de la decadencia y crisis definitiva de los dos part\u00edos, lliberales y conservadores, que constituy\u00eden la base de la restauraci\u00f3n mon\u00e1rquica del 1874. El predominiu d\u2019estos part\u00edos \u2013n\u2019Asturies, sobre manera\u2019l conservador\u2013 descansara na rede amplia de caciques llocales qu\u2019ama\u00f1aben les eleiciones pa dar una mayor\u00eda parllamentaria artificial al part\u00edu al que-y tocase gobernar nesi momentu. A midida qu\u2019Espa\u00f1a vaya moderniz\u00e1ndose, por mor del \u00e9xodu rural, el desarrollu industrial y el crecimientu de capes de poblaci\u00f3n non venceyaes de manera direuta a los caciques rurales, asina como al florecimientu de corrientes nueves d\u2019oposici\u00f3n sociales y pol\u00edtiques, como los sindicatos y part\u00edos obreros y republicanos, la crisis del sistema de la restauraci\u00f3n dir\u00e1 profundiz\u00e1ndose. N\u2019Asturies, qu\u2019a pesar del so atrasu constituy\u00eda \u00fan de los pa\u00edses econ\u00f3micamente m\u00e1s avanzaos d\u2019Espa\u00f1a, esti procesu va dase con especial fuercia.<\/div>\n<div><\/div>\n<div>Tr\u00e9s van ser los factores pol\u00edticos que n\u2019Asturies provoquen la crisis terminal del sistema. En primer llugar, el movimientu obreru, organiz\u00e1u alredor de dos grandes corrientes: la mayoritaria, formada pol binomiu PSOE-UXT, y una minoritaria pero tami\u00e9n mui influyente \u2013y mayoritaria en dos focos industriales d\u2019importancia especial, La Felguera y Xix\u00f3n\u2013 de predominiu anarquista: la CNT. Les lluches sociales d\u2019estes d\u00e9cades van colocar a la clase obrera asturiana a la vanguardia del proletari\u00e1u espa\u00f1ol pola so combativid\u00e1 y organizaci\u00f3n alta, lo que se va a traducir n\u2019\u00e9sitos como que, nel 1919, los mineros asturianos s\u00edan los primeros del mundu en consiguir la xornada llaboral de siete hores nel interior de la mina. El segundu factor va ser la creaci\u00f3n nel 1912, pol abog\u00e1u carbay\u00f3n Melqu\u00edades \u00c1lvarez, del Partido Reformista, nos sos or\u00edxenes de calter republicanu y d\u2019izquierdes, pero que colos a\u00f1os virar\u00eda hacia posiciones conservadores en paralelo a la evoluci\u00f3n de la burgues\u00eda asturiana, cada vez m\u00e1s asustada pol pesu del movimientu obreru. El Partido Reformista yera un part\u00edu d\u2019\u00e1mbitu estatal pero, si nel conxuntu d\u2019Espa\u00f1a siempre foi un part\u00edu minoritariu \u2013na so \u00e9poca d\u2019esplendor m\u00e1ximu nun super\u00f3\u2019l 10 por cientu de los diputaos\u2013, n\u2019Asturies va convertise nel gran part\u00edu de la peque\u00f1a burgues\u00eda asturiana, tanto urbana como rural, con una penetraci\u00f3n fuerte nes clases populares, lo que lu convertir\u00e1 na primer fuercia pol\u00edtica asturiana a partir del 1918. El tercer factor ser\u00e1n los part\u00edos republicanos, qu\u2019esperimenten un cierto desarrollu a pesar de quedar reduc\u00edu ente los dos bloques anteriores, l\u2019obreru y el reformista.<\/div>\n<div><\/div>\n<div>N\u2019agostu del 1917 eses tr\u00e9s fuercies llanz\u00e1ronse a una fuelga xeneral revolucionaria col oxetivu de cambiar el r\u00e9xime, que, anque acab\u00f3 en fracasu nel conxuntu d\u2019Espa\u00f1a, n\u2018Asturies tuvo un siguimientu tan ampliu que nam\u00e1i l\u2019ex\u00e9rcitu pudo desaniciar una selmana depu\u00e9s tres una dura represi\u00f3n, no que sup\u00f3n un preludiu tr\u00e1xicu de la revoluci\u00f3n del 1934.<\/div>\n<div><\/div>\n<div>La crisis del sistema de la Restauraci\u00f3n sald\u00f3se nel 1923 con un golpe d\u2019est\u00e1u militar dirix\u00edu pol xeneral Miguel Primo de Rivera que cont\u00f3 col sofitu del rei Alfonso XIII. El dictador intent\u00f3 ensayar una pol\u00edtica populista y pa ello busc\u00f3 dividir el movimientu obreru gan\u00e1ndose a los socialistes y reprimiendo a la CNT y a los, naquel momentu, minoritarios comunistes. La collaboraci\u00f3n socialista cola dictadura acaba nel 1928 cuando un ampliu movimientu de base de los mineros asturianos provoca un descensu importante de l\u2019afiliaci\u00f3n al sindicatu socialista SOMA-UXT en beneficiu del nuevu SUMA, form\u00e1u por cenetistes y comunistes. El movimientu foi de tal magnit\u00fa qu\u2019oblig\u00f3 al PSOE estatal a romper col dictador, siendo \u00e9si \u00fan de los factores que contribuyeron a la so cayida en xineru del 1930.<\/div>\n<div><\/div>\n<div>Nel 1931 lleg\u00f3 la II Rep\u00fablica en medio del entusiasmu popular. Les eleiciones constituyentes de xunu del 1931 trayeron n\u2019Asturies un result\u00e1u llamativu, y\u00e1 que tolos esca\u00f1os foron pa la izquierda y la estrema izquierda \u00e9nte la inhibici\u00f3n de los reformistes y la derecha. El primer bieniu republicanu (1931-33) provoc\u00f3 un descontentun profundo ente la base social de les izquierdes polo t\u00edmido de les reformes emprend\u00edes, lo que llev\u00f3 a que nes eleiciones del 1933 la victoria fora pal centru y les dereches, incluyida Asturies, onde se presentaron en coalici\u00f3n. El mieu a que la derecha usara los resortes llegales p\u2019avanzar hacia una dictadura fascista o de tipo fascistizante, como ocurri\u00f3 nesos mesmos a\u00f1os n\u2019Austria y Alema\u00f1a, asina como la volunt\u00e1 de les organizaciones obreres de desencadenar la revoluci\u00f3n social, foi l\u2019orixe de les alliances obreres, organismos xunitarios de socialistes, comunistes y anarquistes, corrientes que nam\u00e1i n\u2019Asturies llegaron a englobar al conxunto de la clase obrera. Asina, cuando n\u2019ochobre del 1934 el PSOE da la consigna de la fuelga xeneral revolucionaria pola entrada nel Gobiernu de dellos ministros de la mui derechista CEDA, \u00e9sta s\u00f3lo va triunfar n\u2019Asturies, adoptando am\u00e1s la forma d\u2019una revoluci\u00f3n social de tipu conseyista na que los obreros, al grito de UHP (Uni\u00f3n d\u2019Hermanos Proletarios), van conquistar el poder mientres dos selmanes y a aguantar la ofensiva del ex\u00e9rcitu que, una vez derrotada la fuelga en toda Espa\u00f1a, va poder concentrar tol so aparatu represivu contra los revolucionarios asturianos, que s\u2019acabar\u00e1n rindiendo ante la imposibilid\u00e1 de trunfu. Casi 2.000 muertos n\u2019Asturies y casi 30.000 deten\u00edos va ser el result\u00e1u del procesu revolucionariu, el m\u00e1s importante d\u2019Europa occidental dende la Comuna de Par\u00eds del 1871.<\/div>\n<div><\/div>\n<div>Los 30.000 presos pola Revoluci\u00f3n d\u2019ochobre del 1934 van ser un factor fundamental pa esplicar el procesu de reagrupaci\u00f3n de les izquierdes nel Frente Popular, que gana les eleiciones de febreru del 1936 n\u2019Espa\u00f1a y n\u2019Asturies. En xunetu d\u2019esi mesmu a\u00f1u, un intentu de golpe militar de la ultraderecha desencadena la Guerra Civil del 1936-1939. Asturies, cola esceici\u00f3n de la capital, permaneci\u00f3 fiel a la Rep\u00fablica y en Xix\u00f3n form\u00f3se un gobiernu aut\u00f3nomu, el Conseyu Interprovincial d\u2019Asturies y Lle\u00f3n, presid\u00edu pol socialista Belarmino Tom\u00e1s. N\u2019agostu del 1937, coles tropes franquistes en plena ofensiva en tol norte peninsular, esi conseyu interprovincial declar\u00f3se soberanu nuna operaci\u00f3n un tanto similar a la de la Xunta Xeneral del 1808. N\u2019ochobre d\u2019esi mesmu a\u00f1u, l\u2019ex\u00e9rcitu franquista terminaba de conquistar Asturies y, con ello, la Guerra Civil terminaba na zona norte. La represi\u00f3n, non.<\/div>\n<div><\/div>\n<div>Dende ochobre del 1937 hasta finales de los a\u00f1os 40 van aplicase n\u2019Asturies la pol\u00edtica de brutal represi\u00f3n del bandu republicano por parte del r\u00e9xime nuevu. \u00c9sta, si bien foi com\u00fan a toda Espa\u00f1a, tuvo n\u2019Asturies una sa\u00f1a especial pola importancia que nel nuesu pa\u00eds ten\u00eden les organizaciones obreres. Anque tov\u00eda nun ye posible cuantificala, por mor del silenciu qu\u2019hubo mientres la dictadura y depu\u00e9s de la mesma, pue estimase nun m\u00ednimu de 5.000 persones los afeutaos, anque los estudios recientes tienden a elevar de forma considerable esa cifra, que podr\u00eda tar en el triple. Xunto a los muertos na guerra y los miles de exiliados, los poco m\u00e1s de 800.000 habitantes que ten\u00eda Asturies naquella \u00e9poca quedaron reduc\u00edos de forma sensible.<\/div>\n<div><\/div>\n<div>La dificil\u00edsima situaci\u00f3n econ\u00f3mica na que qued\u00f3 Asturies depu\u00e9s de la guerra nam\u00e1i principi\u00f3 a meyorar de manera leve dende los a\u00f1os 50. A finales d\u2019esa d\u00e9cada produzse la creaci\u00f3n de la empresa sider\u00farxica ENSIDESA, que convertir\u00e1 a Avil\u00e9s y a la so redolada nel otru gran focu industrial d\u2019Asturies, a a\u00f1adir a los de Xix\u00f3n y Les Cuenques, y\u00e1 qu\u2019Uvi\u00e9u va pasar a ser un centru de servicios pola so capitalid\u00e1 alministrativa. La depresi\u00f3n econ\u00f3mica de finales d\u2019esa d\u00e9cada provoc\u00f3 la deserci\u00f3n empresarial de la mayor parte de la burgues\u00eda minera; l\u2019Est\u00e1u franquista nacionaliz\u00f3 les mines, polo que pas\u00f3 a convertise nel principal empresariu d\u2019Asturies. Esa recesi\u00f3n econ\u00f3mica provoc\u00f3 una segunda gran fola migratoria, non tan fuerte como la de finales del XIX, pero que va llevar a miles d\u2019asturianos a otros pa\u00edses europeos \u2013Francia, B\u00e9lxica, Suiza y Rep\u00fablica Federal Alemana, de forma principal\u2013, y en muncha menor midida otra vez a Am\u00e9rica Latina, sobre manera a Venezuela, y inclusive a Australia.<\/div>\n<div><\/div>\n<div>Nel 1962, les condiciones llaborales dures de los mineros, xun\u00edes a l\u2019aversi\u00f3n a la dictadura, desencadenaron una gran fuelga de tr\u00e9s meses de duraci\u00f3n qu\u2019acab\u00f3 en victoria completa de los mineros, convirti\u00e9ndose nel primer trunfu del movimientu obreru dende la Guerra Civil. Nos a\u00f1os sucesivos va haber m\u00e1s fuelgues mineres, con distinta suerte, y les d\u2019otros sectores. Los principales motores d\u2019estes reivindicaciones van ser el sindicatu clandest\u00edn Comisiones Obreres (CC OO) y el Partido Comunista de Espa\u00f1a (PCE). La llucha de los trabayadores, asina como la radicalizaci\u00f3n creciente de los estudiantes, van ser los dos factores fundamentales de la oposici\u00f3n a la dictadura. El desarrollu econ\u00f3micu d\u2019esa d\u00e9cada va facer qu\u2019Asturies pase de ser tierra d\u2019emigrantes a selo d\u2019inmigrantes, y a ocupar \u00fan de los primeros puestos d\u2019Espa\u00f1a nos indicadores econ\u00f3micos.<\/div>\n<div><\/div>\n<div>El dictador Francisco Franco fina nel 1975 y el so herederu Juan Carlos de Borb\u00f3n suc\u00e9delu. Nos a\u00f1os siguientes va haber un procesu de cambios conoc\u00edu por Transici\u00f3n y que consisti\u00f3 b\u00e1sicamente nel pautu ente los sectores reformistes del aparatu franquista y les fuercies principales de la oposici\u00f3n pa llegar a un r\u00e9xime descentraliz\u00e1u y de monarqu\u00eda parllamentaria nel que se reconocieran los derechos individuales a cambio de renunciar a tresformaciones sociales profundes y a depurar y esclariar les responsabilidaes contray\u00edes polos aparatos represivos de la dictadura. Result\u00e1u d\u2019esti pautu foi la Constituci\u00f3n del 1978, sometida a refer\u00e9ndum y que n\u2019Asturies foi aprobada por mayor\u00eda amplia.<\/div>\n<div><\/div>\n<div><img decoding=\"async\" src=\"http:\/\/asturies.com\/sites\/default\/files\/cap9_2.jpg\" alt=\".\" \/><\/div>\n<div>Result\u00e1u del marcu constitucional nuevu foi\u2019l procesu auton\u00f3micu, nel que los part\u00edos mayoritarios (PSOE, UCD, \u00a0AP y PCE) optaron por meter a Asturies na llamada v\u00eda llenta a l\u2019autonom\u00eda, negando-y el calter de nacionalid\u00e1 hist\u00f3rica que se reconoci\u00f3 a otros territorios. Les primeres eleiciones auton\u00f3miques, celebraes nel 1983, dieron la mayor\u00eda absoluta a la FSA-PSOE, que dende entonces vien gobernando\u2019l Princip\u00e1u con dos par\u00e9ntesis: el periodu 1995-99, nel que\u2019l Gobiernu recay\u00f3 nel Partido Popular (PP), y y\u00e1 nel sieglu XXI, en concreto nel 2011, con un a\u00f1u de mandatu de Foro Asturias Ciudadano (FAC), part\u00edu que convocar\u00eda eleiciones anticipaes a primeros del 2012 al gobernar en minor\u00eda y nun poder sacar alantre los presupuestos. Mientres les dos d\u00e9cades \u00faltimes del sieglu, los axentes principales de movilizaci\u00f3n social, que gocen am\u00e1s d\u2019una influencia considerable nos dos part\u00edos mayoritarios de la izquierda asturiana, foron los sindicatos UXT y CC OO, anque la crisis industrial tiende a desgastar la so base social tradicional. Otros movimientos sociales d\u2019importancia, anque coxunturales, foi\u2019l movimientu anti-OTAN, nos a\u00f1os centrales de la d\u00e9cada de los 80, que fin\u00f3 cola so derrota nel refer\u00e9ndum del 1986, o\u2019l movimientu ecoloxista, que medra pola creciente industria d\u2019actividaes econ\u00f3miques depredadores, como la producci\u00f3n enerx\u00e9tica o la especulaci\u00f3n inmobiliaria. Nos a\u00f1os 90, gana especial fuercia\u2019l movimientu pola oficialid\u00e1 de la llingua asturiana, convirti\u00e9ndose, tres los sindicatos, nel \u00fanicu que ye quien a caltener una continuid\u00e1 organizativa y capacid\u00e1 movilizadora, anque tov\u00eda insuficiente pa obligar a la clase pol\u00edtica a da-y status oficial al idioma del pa\u00eds.<\/div>\n<div><\/div>\n<div>Mientres los a\u00f1os 80 y 90 produzse la crisis global, agravada pol ingresu d\u2019Espa\u00f1a na CEE nel 1986, de tolos sectores productivos que foron la base del desarrollu econ\u00f3micu asturianu nos cien a\u00f1os precedentes: ganader\u00eda, siderurxa y miner\u00eda carbon\u00edfera. El sector primariu pas\u00f3 en trenta a\u00f1os d\u2019ocupar a casi\u2019l 30 por cientu de la poblaci\u00f3n activa a menos del 10 por cientu. La miner\u00eda, que nel 1958 emplegaba a 50.000 asturianos, quedaba reducida a 10.000 cuarenta a\u00f1os depu\u00e9s. La falta d\u2019alternatives productives por parte de la clase pol\u00edtica asturiana frente a la demanda ciudadana, reflexada na masiva fuelga xeneral d\u2019ochobre del 1991, sald\u00f3se con una disminuci\u00f3n dr\u00e1stica del emplegu nos sectores tradicionales, ensin qu\u2019otros nuevos vinieran a cubrir esi espaciu, y\u00e1 que los fondos europeos destinaos a xenerar alternatives invirti\u00e9ronse en caltener una voladura controlada del modelu anterior \u2013les famoses prexubilaciones\u2013 y en construyir infraestructures que sirvieran p\u2019atrayer inversiones privaes, ensin munchu \u00e9situ. Nesi contestu, la emigraci\u00f3n convirti\u00f3se una vegada m\u00e1s na salida \u00fanica posible pa bona parte de la poblaci\u00f3n, sobre manera pa les xeneraciones nueves, les meyor formaes de la historia d\u2019Asturies, qu\u2019acaben trabayando en tierra estra\u00f1a.<\/div>\n<\/div>\n<\/div>\n<\/div>\n<\/div>\n<\/div>\n<\/div>\n<\/div>\n<\/div>\n<hr \/>\n<\/div>\n<\/div>\n<\/div>\n<\/div>\n<\/div>\n<\/div>\n<\/div>\n<\/div>\n<hr \/>\n<\/div>\n<\/div>\n<\/div>\n<\/div>\n<\/div>\n","protected":false},"excerpt":{"rendered":"<p>Hestoria d&#8217;Asturies Fonte: Asturies.com Cap\u00edtulu I: \u00bfPrehistoria d\u2019Asturies? Cap\u00edtulu II: Los pueblos prerromanos Cap\u00edtulu III: \u00c1stures y romanos Cap\u00edtulu IV: De los sieglos escuros a la invasi\u00f3n isl\u00e1mica Cap\u00edtulu V: El Reinu de los \u00c1stures Cap\u00edtulu VI: El medievu Cap\u00edtulu VII La Ed\u00e1 Moderna Cap\u00edtulu VIII: El sieglu XIX Cap\u00edtulu IX: El sieglu XX Cap\u00edtulu [&hellip;]<\/p>\n","protected":false},"author":117,"featured_media":0,"parent":1026,"menu_order":0,"comment_status":"closed","ping_status":"closed","template":"","meta":{"footnotes":""},"class_list":["post-3403","page","type-page","status-publish","hentry","post-preview"],"_links":{"self":[{"href":"https:\/\/edublog.educastur.es\/ixuxullingua\/wp-json\/wp\/v2\/pages\/3403","targetHints":{"allow":["GET"]}}],"collection":[{"href":"https:\/\/edublog.educastur.es\/ixuxullingua\/wp-json\/wp\/v2\/pages"}],"about":[{"href":"https:\/\/edublog.educastur.es\/ixuxullingua\/wp-json\/wp\/v2\/types\/page"}],"author":[{"embeddable":true,"href":"https:\/\/edublog.educastur.es\/ixuxullingua\/wp-json\/wp\/v2\/users\/117"}],"replies":[{"embeddable":true,"href":"https:\/\/edublog.educastur.es\/ixuxullingua\/wp-json\/wp\/v2\/comments?post=3403"}],"version-history":[{"count":4,"href":"https:\/\/edublog.educastur.es\/ixuxullingua\/wp-json\/wp\/v2\/pages\/3403\/revisions"}],"predecessor-version":[{"id":3406,"href":"https:\/\/edublog.educastur.es\/ixuxullingua\/wp-json\/wp\/v2\/pages\/3403\/revisions\/3406"}],"up":[{"embeddable":true,"href":"https:\/\/edublog.educastur.es\/ixuxullingua\/wp-json\/wp\/v2\/pages\/1026"}],"wp:attachment":[{"href":"https:\/\/edublog.educastur.es\/ixuxullingua\/wp-json\/wp\/v2\/media?parent=3403"}],"curies":[{"name":"wp","href":"https:\/\/api.w.org\/{rel}","templated":true}]}}