{"id":459,"date":"2020-07-01T10:54:54","date_gmt":"2020-07-01T10:54:54","guid":{"rendered":"https:\/\/edublog.educastur.es\/ixuxullingua\/?page_id=459"},"modified":"2020-08-11T22:11:53","modified_gmt":"2020-08-11T22:11:53","slug":"acerca-de","status":"publish","type":"page","link":"https:\/\/edublog.educastur.es\/ixuxullingua\/acerca-de\/","title":{"rendered":"Acerca del Blog"},"content":{"rendered":"<p><a href=\"https:\/\/imgbox.es\/images\/2020\/08\/09\/educastur-ISA016f7a732e5b2be4.jpg\"><img loading=\"lazy\" decoding=\"async\" class=\"aligncenter\" src=\"https:\/\/imgbox.es\/images\/2020\/08\/09\/educastur-ISA016f7a732e5b2be4.jpg\" width=\"550\" height=\"161\" \/>\u00a0 <\/a><\/p>\n<p style=\"text-align: center\"><em>Blogue de l&#8217;<strong>Aula de Llingua d\u00b4Isa<\/strong> empecipi\u00e1u en marzu de 2020<br \/>\ny program\u00e1u para&#8217;l cursu 2019-2020 dende setiembre de 2019.<br \/>\n<\/em><br \/>\n<a href=\"https:\/\/imgbox.es\/images\/2020\/08\/09\/educastur-ISA016f7a732e5b2be4.jpg\"><img loading=\"lazy\" decoding=\"async\" class=\"aligncenter\" src=\"http:\/\/blog.educastur.es\/files\/2020\/03\/edu_hist_blog.gif\" width=\"236\" height=\"71\" \/><\/a><\/p>\n<h4 style=\"text-align: center\"><em>Como esta plataforma de blogs de Educastur (<a href=\"http:\/\/blog.educastur.es\/)\" target=\"_blank\" rel=\"noopener noreferrer\">http:\/\/blog.educastur.es\/<\/a><a href=\"http:\/\/blog.educastur.es\/)\" target=\"_blank\" rel=\"noopener noreferrer\">)<\/a><br \/>\nse dar\u00e1 de baja a lo largo del primer trimestre del curso escolar\u00a0 2020 &#8211; 2021,<br \/>\nsiendo sustituida por la nueva plataforma: <a href=\"https:\/\/edublog.educastur.es\" target=\"_blank\" rel=\"noopener noreferrer\">https:\/\/edublog.educastur.es<\/a><\/em><\/h4>\n<p><img loading=\"lazy\" decoding=\"async\" class=\"aligncenter\" src=\"https:\/\/i0.wp.com\/edublog.educastur.es\/wp-content\/uploads\/2020\/06\/cabecera-4-1250x416-1.jpg?resize=1024%2C333&amp;ssl=1\" width=\"321\" height=\"104\" \/><\/p>\n<h2 style=\"text-align: center\"><a title=\"Leer Camudando\u2026\" href=\"http:\/\/blog.educastur.es\/ixuxullingua\/2020\/07\/16\/camudando\/\" rel=\"bookmark\"><em>Entamamos col nuevo blogue d\u00b4Asturianu \u00abIxuxu Llingua\u00bb.<\/em><\/a><\/h2>\n<p><a href=\"https:\/\/imgbox.es\/images\/2020\/08\/09\/edublog_ISAbe93e5d4b5f3b8ae.jpg\"><img loading=\"lazy\" decoding=\"async\" class=\"aligncenter\" src=\"https:\/\/imgbox.es\/images\/2020\/08\/09\/edublog_ISAbe93e5d4b5f3b8ae.jpg\" width=\"672\" height=\"289\" \/><\/a><\/p>\n<p style=\"text-align: center\"><em>De cam\u00edn aprovechamos para entamar los conten\u00edos en distintos blogues,<br \/>\ncol oxetivo de facilitar la so crecedera y arriquecimientu col pasu del tiempu,<br \/>\nam\u00e1s de facilitar la consulta pa los escolinos de Llingua del C. P. \u00abCarmen Ruiz-Tilve\u00bb d\u00b4Uvi\u00e9u.<\/em><\/p>\n<blockquote>\n<p style=\"text-align: center\"><em><strong>Espero qu&#8217;esti nuevu dise\u00f1u y organizaci\u00f3n de conten\u00edos g\u00fastevos. Bienven\u00edos! Afay\u00e1ivos!<\/strong><\/em><\/p>\n<\/blockquote>\n<div class=\"entry\">\n<p style=\"text-align: center\"><strong><em>Tais na vuesa clase, la nuesa, la del alumn\u00e1u de Llingua, families y maestra.<br \/>\nEsta ye una ferramienta de trabayu, non una ventana al mundu para presumir<br \/>\nde lo que faemos o damos en clase. Eso dex\u00e1moslo pa otru tipu de xente&#8230; \u00a0 <\/em><\/strong>\u30c4<\/p>\n<\/div>\n<p style=\"text-align: center\"><strong><em>Dende equ\u00ed&#8217;l mio m\u00e1s sinceru agradecimientu<br \/>\na la Conseyer\u00eda d&#8217;Educaci\u00f3n del Princip\u00e1u d&#8217;Asturies<br \/>\npor ofercernos de baldre (gratuitamente) esti espaciu y la ferramienta WordPress<br \/>\npa espublizar conten\u00edos educativos. <\/em><\/strong><em>Vamos dar bon usu d&#8217;ella.<\/em><strong><em>\u30c4\u00a0\u00a0 Milenta gracies!<br \/>\n<\/em><\/strong><\/p>\n<div class=\"entry\">\n<p><img loading=\"lazy\" decoding=\"async\" class=\"wp-image-453 aligncenter\" src=\"http:\/\/edublog.educastur.es\/ixuxullingua\/files\/2020\/07\/edu.jpg\" alt=\"\" width=\"52\" height=\"52\" \/><\/p>\n<\/div>\n<blockquote>\n<p style=\"text-align: center\"><em>\u201cTratar d\u2019abrir les ventanes del mundu del aprendizaxe,<br \/>\nensin llendes, pero con respetu,<br \/>\nensin dolor, pero con esfuerzu,<br \/>\nensin traxedies, pero con MAXA\u201d.<\/em><\/p>\n<p>&nbsp;<\/p>\n<p style=\"text-align: center\"><em><br \/>\n(\u201dL\u2019universu de les palabres\u201d Mar Romera,Olga Mart\u00ednez).<\/em><\/p>\n<\/blockquote>\n","protected":false},"excerpt":{"rendered":"<p>\u00a0 Blogue de l&#8217;Aula de Llingua d\u00b4Isa empecipi\u00e1u en marzu de 2020 y program\u00e1u para&#8217;l cursu 2019-2020 dende setiembre de 2019. Como esta plataforma de blogs de Educastur (http:\/\/blog.educastur.es\/) se dar\u00e1 de baja a lo largo del primer trimestre del curso escolar\u00a0 2020 &#8211; 2021, siendo sustituida por la nueva plataforma: https:\/\/edublog.educastur.es Entamamos col nuevo [&hellip;]<\/p>\n","protected":false},"author":117,"featured_media":0,"parent":0,"menu_order":23,"comment_status":"closed","ping_status":"closed","template":"","meta":{"footnotes":""},"class_list":["post-459","page","type-page","status-publish","hentry","post-preview"],"_links":{"self":[{"href":"https:\/\/edublog.educastur.es\/ixuxullingua\/wp-json\/wp\/v2\/pages\/459","targetHints":{"allow":["GET"]}}],"collection":[{"href":"https:\/\/edublog.educastur.es\/ixuxullingua\/wp-json\/wp\/v2\/pages"}],"about":[{"href":"https:\/\/edublog.educastur.es\/ixuxullingua\/wp-json\/wp\/v2\/types\/page"}],"author":[{"embeddable":true,"href":"https:\/\/edublog.educastur.es\/ixuxullingua\/wp-json\/wp\/v2\/users\/117"}],"replies":[{"embeddable":true,"href":"https:\/\/edublog.educastur.es\/ixuxullingua\/wp-json\/wp\/v2\/comments?post=459"}],"version-history":[{"count":6,"href":"https:\/\/edublog.educastur.es\/ixuxullingua\/wp-json\/wp\/v2\/pages\/459\/revisions"}],"predecessor-version":[{"id":462,"href":"https:\/\/edublog.educastur.es\/ixuxullingua\/wp-json\/wp\/v2\/pages\/459\/revisions\/462"}],"wp:attachment":[{"href":"https:\/\/edublog.educastur.es\/ixuxullingua\/wp-json\/wp\/v2\/media?parent=459"}],"curies":[{"name":"wp","href":"https:\/\/api.w.org\/{rel}","templated":true}]}}