{"id":495,"date":"2020-08-10T12:16:04","date_gmt":"2020-08-10T12:16:04","guid":{"rendered":"https:\/\/edublog.educastur.es\/ixuxullingua\/?page_id=495"},"modified":"2020-11-06T00:42:10","modified_gmt":"2020-11-05T22:42:10","slug":"presta-asgaya","status":"publish","type":"page","link":"https:\/\/edublog.educastur.es\/ixuxullingua\/cuentos\/presta-asgaya\/","title":{"rendered":"Presta asgaya"},"content":{"rendered":"<ul>\n<li><a href=\"https:\/\/issuu.com\/academiatv\/docs\/academiatv124\/42\">Ver personaxes<\/a><\/li>\n<\/ul>\n<p>&nbsp;<\/p>\n<p><em>Escritor: <a href=\"http:\/\/2009471-0.web-hosting.es\/wordpress\/?alora_portfolio=prestasgaya\">Julio Rodr\u00edguez<\/a><\/em><\/p>\n<p><b><i>&#8216;El cuentacuentos de Presta Asgaya&#8217; <\/i><\/b>ye&#8217;l primer programa pa rapacinos y rapacines n&#8217;asturianu fechu pola televisi\u00f3n p\u00fablica d&#8217;Asturies. Esti ye un anunciu que la cadena emiti\u00f3 p&#8217;anunciar l&#8217;entamu de la so programaci\u00f3n na primavera de 2008.<\/p>\n<p><a href=\"http:\/\/2009471-0.web-hosting.es\/wordpress\/wp-content\/uploads\/2016\/09\/Prestasgaya2-460x295.png\"><img loading=\"lazy\" decoding=\"async\" class=\"alignnone size-full\" src=\"http:\/\/2009471-0.web-hosting.es\/wordpress\/wp-content\/uploads\/2016\/09\/Prestasgaya2-460x295.png\" width=\"460\" height=\"295\" \/><\/a><\/p>\n<p>&nbsp;<\/p>\n\n<!-- iframe plugin v.6.0 wordpress.org\/plugins\/iframe\/ -->\n<iframe loading=\"lazy\" width=\"588\" height=\"331\" src=\"https:\/\/www.youtube.com\/embed\/-xjyQs0K67U\" scrolling=\"yes\" class=\"iframe-class\" frameborder=\"0\"><\/iframe>\n\n<p>&nbsp;<\/p>\n<ul>\n<li><a href=\"https:\/\/youtu.be\/zPmNYAyAbhg\" target=\"_blank\" rel=\"noopener noreferrer\"><b><i>El regalu del Sumiciu<br \/>\n<\/i><\/b><\/a><\/li>\n<\/ul>\n<p>&nbsp;<\/p>\n\n<!-- iframe plugin v.6.0 wordpress.org\/plugins\/iframe\/ -->\n<iframe loading=\"lazy\" width=\"588\" height=\"331\" src=\"https:\/\/www.youtube.com\/embed\/zPmNYAyAbhg\" scrolling=\"yes\" class=\"iframe-class\" frameborder=\"0\"><\/iframe>\n\n<p>&nbsp;<\/p>\n<ul>\n<li><a href=\"https:\/\/youtu.be\/_NaiWJCBJMc\" target=\"_blank\" rel=\"noopener noreferrer\"><b><i>La forma del to zapatu<br \/>\n<\/i><\/b><\/a><\/li>\n<\/ul>\n<p>&nbsp;<\/p>\n\n<!-- iframe plugin v.6.0 wordpress.org\/plugins\/iframe\/ -->\n<iframe loading=\"lazy\" width=\"588\" height=\"331\" src=\"https:\/\/www.youtube.com\/embed\/_NaiWJCBJMc\" scrolling=\"yes\" class=\"iframe-class\" frameborder=\"0\"><\/iframe>\n\n<p>&nbsp;<\/p>\n<ul>\n<li><a href=\"https:\/\/youtu.be\/M02YJN8uQxw\" target=\"_blank\" rel=\"noopener noreferrer\"><b><i>\u00a0La adivinanza<\/i><\/b><\/a><\/li>\n<\/ul>\n<p>&nbsp;<\/p>\n\n<!-- iframe plugin v.6.0 wordpress.org\/plugins\/iframe\/ -->\n<iframe loading=\"lazy\" width=\"588\" height=\"331\" src=\"https:\/\/www.youtube.com\/embed\/M02YJN8uQxw\" scrolling=\"yes\" class=\"iframe-class\" frameborder=\"0\"><\/iframe>\n\n<p>&nbsp;<\/p>\n<ul>\n<li><a href=\"https:\/\/youtu.be\/EkXHkC9a5gs\" target=\"_blank\" rel=\"noopener noreferrer\"><i><b>El bosque n\u00f3mada<br \/>\n<\/b><\/i><\/a><\/li>\n<\/ul>\n<p>&nbsp;<\/p>\n\n<!-- iframe plugin v.6.0 wordpress.org\/plugins\/iframe\/ -->\n<iframe loading=\"lazy\" width=\"588\" height=\"331\" src=\"https:\/\/www.youtube.com\/embed\/EkXHkC9a5gs\" scrolling=\"yes\" class=\"iframe-class\" frameborder=\"0\"><\/iframe>\n\n<p>&nbsp;<\/p>\n<ul>\n<li><a href=\"https:\/\/youtu.be\/CXPGb7YaYiU\" target=\"_blank\" rel=\"noopener noreferrer\"><b><i>Me come, no me come<br \/>\n<\/i><\/b><\/a><\/li>\n<\/ul>\n<p>&nbsp;<\/p>\n\n<!-- iframe plugin v.6.0 wordpress.org\/plugins\/iframe\/ -->\n<iframe loading=\"lazy\" width=\"588\" height=\"331\" src=\"https:\/\/www.youtube.com\/embed\/CXPGb7YaYiU\" scrolling=\"yes\" class=\"iframe-class\" frameborder=\"0\"><\/iframe>\n\n<ul>\n<li>I<a href=\"https:\/\/youtu.be\/fcoHbCqGCdk\" target=\"_blank\" rel=\"noopener noreferrer\"><b><i>ris la mensajera<br \/>\n<\/i><\/b><\/a><\/li>\n<\/ul>\n\n<!-- iframe plugin v.6.0 wordpress.org\/plugins\/iframe\/ -->\n<iframe loading=\"lazy\" width=\"588\" height=\"331\" src=\"https:\/\/www.youtube.com\/embed\/fcoHbCqGCdk\" scrolling=\"yes\" class=\"iframe-class\" frameborder=\"0\"><\/iframe>\n\n<p>&nbsp;<\/p>\n<ul>\n<li><a href=\"https:\/\/youtu.be\/HzZjRGNj0WY\" target=\"_blank\" rel=\"noopener noreferrer\"><i><b>La extra\u00f1a leyenda del golem<br \/>\n<\/b><\/i><\/a><\/li>\n<\/ul>\n\n<!-- iframe plugin v.6.0 wordpress.org\/plugins\/iframe\/ -->\n<iframe loading=\"lazy\" width=\"588\" height=\"331\" src=\"https:\/\/www.youtube.com\/embed\/HzZjRGNj0WY\" scrolling=\"yes\" class=\"iframe-class\" frameborder=\"0\"><\/iframe>\n\n<p>&nbsp;<\/p>\n<ul>\n<li><a href=\"https:\/\/youtu.be\/qqZHahIQAKs\" target=\"_blank\" rel=\"noopener noreferrer\"><b><i>Recoger la ropa<br \/>\n<\/i><\/b><\/a><\/li>\n<\/ul>\n\n<!-- iframe plugin v.6.0 wordpress.org\/plugins\/iframe\/ -->\n<iframe loading=\"lazy\" width=\"588\" height=\"331\" src=\"https:\/\/www.youtube.com\/embed\/qqZHahIQAKs\" scrolling=\"yes\" class=\"iframe-class\" frameborder=\"0\"><\/iframe>\n\n<p>&nbsp;<\/p>\n<ul>\n<li><a href=\"https:\/\/youtu.be\/ajEEjTooTlQ\" target=\"_blank\" rel=\"noopener noreferrer\"><b><i>El capricho del rey de los mares<br \/>\n<\/i><\/b><\/a><\/li>\n<\/ul>\n<p>&nbsp;<\/p>\n\n<!-- iframe plugin v.6.0 wordpress.org\/plugins\/iframe\/ -->\n<iframe loading=\"lazy\" width=\"588\" height=\"331\" src=\"https:\/\/www.youtube.com\/embed\/ajEEjTooTlQ\" scrolling=\"yes\" class=\"iframe-class\" frameborder=\"0\"><\/iframe>\n\n","protected":false},"excerpt":{"rendered":"<p>Ver personaxes &nbsp; Escritor: Julio Rodr\u00edguez &#8216;El cuentacuentos de Presta Asgaya&#8217; ye&#8217;l primer programa pa rapacinos y rapacines n&#8217;asturianu fechu pola televisi\u00f3n p\u00fablica d&#8217;Asturies. Esti ye un anunciu que la cadena emiti\u00f3 p&#8217;anunciar l&#8217;entamu de la so programaci\u00f3n na primavera de 2008. &nbsp; &nbsp; El regalu del Sumiciu &nbsp; &nbsp; La forma del to zapatu [&hellip;]<\/p>\n","protected":false},"author":117,"featured_media":0,"parent":468,"menu_order":0,"comment_status":"closed","ping_status":"closed","template":"","meta":{"footnotes":""},"class_list":["post-495","page","type-page","status-publish","hentry","post-preview"],"_links":{"self":[{"href":"https:\/\/edublog.educastur.es\/ixuxullingua\/wp-json\/wp\/v2\/pages\/495","targetHints":{"allow":["GET"]}}],"collection":[{"href":"https:\/\/edublog.educastur.es\/ixuxullingua\/wp-json\/wp\/v2\/pages"}],"about":[{"href":"https:\/\/edublog.educastur.es\/ixuxullingua\/wp-json\/wp\/v2\/types\/page"}],"author":[{"embeddable":true,"href":"https:\/\/edublog.educastur.es\/ixuxullingua\/wp-json\/wp\/v2\/users\/117"}],"replies":[{"embeddable":true,"href":"https:\/\/edublog.educastur.es\/ixuxullingua\/wp-json\/wp\/v2\/comments?post=495"}],"version-history":[{"count":5,"href":"https:\/\/edublog.educastur.es\/ixuxullingua\/wp-json\/wp\/v2\/pages\/495\/revisions"}],"predecessor-version":[{"id":1089,"href":"https:\/\/edublog.educastur.es\/ixuxullingua\/wp-json\/wp\/v2\/pages\/495\/revisions\/1089"}],"up":[{"embeddable":true,"href":"https:\/\/edublog.educastur.es\/ixuxullingua\/wp-json\/wp\/v2\/pages\/468"}],"wp:attachment":[{"href":"https:\/\/edublog.educastur.es\/ixuxullingua\/wp-json\/wp\/v2\/media?parent=495"}],"curies":[{"name":"wp","href":"https:\/\/api.w.org\/{rel}","templated":true}]}}