{"id":518,"date":"2020-08-10T14:53:57","date_gmt":"2020-08-10T14:53:57","guid":{"rendered":"https:\/\/edublog.educastur.es\/ixuxullingua\/?page_id=518"},"modified":"2020-08-10T17:03:01","modified_gmt":"2020-08-10T17:03:01","slug":"clas-1","status":"publish","type":"page","link":"https:\/\/edublog.educastur.es\/ixuxullingua\/tv\/lasturianu-neducastur-tv\/clas-1\/","title":{"rendered":"Clas 01"},"content":{"rendered":"<p>&nbsp;<\/p>\n<ul>\n<li><em><span style=\"font-size: 14pt\"><a href=\"https:\/\/asturianutv.wordpress.com\/\" target=\"_blank\" rel=\"noopener noreferrer\">WEB\u00a0 L\u00b4ASTURIANU TV<\/a><\/span><\/em><\/li>\n<li><em><span style=\"font-size: 14pt\"><a href=\"https:\/\/asturianutv.wordpress.com\/xeres\/\" target=\"_blank\" rel=\"noopener noreferrer\">XERES<\/a><\/span><\/em><\/li>\n<\/ul>\n<p><em><span style=\"font-size: 14pt\"><img loading=\"lazy\" decoding=\"async\" src=\"https:\/\/asturianutv.files.wordpress.com\/2020\/04\/cropped-img_8152.png?w=1024&amp;h=225\" width=\"341\" height=\"75\" \/><\/span><\/em><\/p>\n<h3><em><span style=\"font-size: 14pt\">1)<a href=\"https:\/\/www.youtube.com\/watch?v=vn3DscyZcjI&amp;feature=youtu.be\" target=\"_blank\" rel=\"noopener noreferrer\">Ver en Youtube<\/a><b><br \/>\n<\/b><\/span><\/em><\/h3>\n<h3><em><span style=\"font-size: 14pt\">\n<!-- iframe plugin v.6.0 wordpress.org\/plugins\/iframe\/ -->\n<iframe loading=\"lazy\" width=\"588\" height=\"331\" src=\"https:\/\/www.youtube.com\/embed\/vn3DscyZcjI\" scrolling=\"yes\" class=\"iframe-class\" frameborder=\"0\"><\/iframe>\n<\/span><\/em><\/h3>\n<h3><em><span style=\"font-size: 14pt\"><img loading=\"lazy\" decoding=\"async\" src=\"https:\/\/imgbox.es\/images\/2020\/03\/23\/separadora4a37c028d732afc.jpg\" width=\"322\" height=\"26\" \/><\/span><\/em><\/h3>\n<h3><em><span style=\"font-size: 14pt\"><b><a href=\"https:\/\/www.rtpa.es\/video:Aprende%20con%20TPA_551585957797.html\" target=\"_blank\" rel=\"noopener noreferrer\">CLAS\u00a0 1.<\/a><\/b><a href=\"https:\/\/www.rtpa.es\/video:Aprende%20con%20TPA_551585957797.html\" target=\"_blank\" rel=\"noopener noreferrer\"> Fecha: vienres 3 d\u00b4abril<\/a><b><a href=\"https:\/\/www.rtpa.es\/video:Aprende%20con%20TPA_551585957797.html\" target=\"_blank\" rel=\"noopener noreferrer\"><br \/>\nL\u00b4asturianu entama nel minutu 30:30<\/a><\/b><\/span><\/em><\/h3>\n<p><em><span style=\"font-size: 14pt\"><img loading=\"lazy\" decoding=\"async\" src=\"https:\/\/imgbox.es\/images\/2020\/03\/23\/separadora4a37c028d732afc.jpg\" width=\"322\" height=\"26\" \/><\/span><\/em><\/p>\n<h3><em><span style=\"color: #008000;font-size: 14pt\"><b><a href=\"https:\/\/asturianutv.wordpress.com\/2020\/04\/04\/xeres-clas-1\/\" target=\"_blank\" rel=\"noopener noreferrer\">XERES CLAS 1 <\/a><\/b><\/span><\/em><\/h3>\n<p><em><span style=\"font-size: 14pt\"><img loading=\"lazy\" decoding=\"async\" src=\"https:\/\/asturianutv.files.wordpress.com\/2020\/03\/imaxe-recursos.jpg?w=800\" width=\"200\" height=\"154\" \/><\/span><\/em><\/p>\n<p><em><span style=\"font-size: 14pt\"><b>\u00bfQu\u00e9 tal vais perh\u00ed? Nesta primer clas, la del vienres 3 d\u2019abril, viemos delles cuestiones:<\/b><\/span><\/em><\/p>\n<ul>\n<li><em><span style=\"font-size: 14pt\">Les lling\u00fces rom\u00e1niques de la Pen\u00ednsula Ib\u00e9rica.<\/span><\/em><em><span style=\"font-size: 14pt\">Al final d\u2019esta entrada voi ponevos un cantar en<\/span><\/em><em><span style=\"font-size: 14pt\">ca\u00fana de les lling\u00fces. \u00a1A ver si te presten!<\/span><\/em><\/li>\n<li><em><span style=\"font-size: 14pt\">El vocabulariu de la cocina. Prop\u00fanxivos colgar<\/span><\/em><em><span style=\"font-size: 14pt\">nes redes dalg\u00fan videu curtiu<\/span><\/em><\/li>\n<li><em><span style=\"font-size: 14pt\">Una esplicaci\u00f3n pa remanar esti blogue. <\/span><\/em><em><span style=\"font-size: 14pt\">\u00bfY\u00e1 echasti un g\u00fceyu a los recursos y ferramientes?<\/span><\/em><em><span style=\"font-size: 14pt\">Un cantar de Silvia Quesada. <\/span><\/em><em><span style=\"font-size: 14pt\">\u00bfQuies volver a sentilu? <a href=\"https:\/\/www.youtube.com\/watch?v=7SijprbKa1M\" target=\"_blank\" rel=\"noreferrer noopener\">Equ\u00ed<\/a>.<\/span><\/em><\/li>\n<\/ul>\n<p><em><span style=\"font-size: 14pt\"><b>Y equ\u00ed t\u00e1n los ocho cantares nes lling\u00fces de la pen\u00ednsula que vos promet\u00ed. <\/b><\/span><\/em><\/p>\n<ul>\n<li><em><span style=\"font-size: 14pt\"><a href=\"https:\/\/youtu.be\/F1e0wAcXcgw\" target=\"_blank\" rel=\"noopener noreferrer\">Gallegu<\/a><\/span><\/em><\/li>\n<li><em><span style=\"font-size: 14pt\"><a href=\"https:\/\/youtu.be\/rDA52HNZ_rM\" target=\"_blank\" rel=\"noopener noreferrer\">Portugu\u00e9s<\/a><\/span><\/em><\/li>\n<li><em><span style=\"font-size: 14pt\"><a href=\"https:\/\/youtu.be\/MKyvgCN6pgk\" target=\"_blank\" rel=\"noopener noreferrer\">Asturianu<\/a><\/span><\/em><\/li>\n<li><em><span style=\"font-size: 14pt\"><a href=\"https:\/\/youtu.be\/xErS7G3-tCQ\" target=\"_blank\" rel=\"noopener noreferrer\">Castell\u00e1n<\/a><\/span><\/em><\/li>\n<li><em><span style=\"font-size: 14pt\"><a href=\"https:\/\/youtu.be\/2wytMwXr1SY\" target=\"_blank\" rel=\"noopener noreferrer\">Vascu<\/a><\/span><\/em><\/li>\n<li><em><span style=\"font-size: 14pt\"><a href=\"https:\/\/youtu.be\/pqWJ2rHe6KQ\" target=\"_blank\" rel=\"noopener noreferrer\">Aragon\u00e9s<\/a><\/span><\/em><\/li>\n<li><em><span style=\"font-size: 14pt\"><a href=\"https:\/\/youtu.be\/cTbV4kpG4AU\" target=\"_blank\" rel=\"noopener noreferrer\">Aran\u00e9s-Occitanu<\/a><\/span><\/em><\/li>\n<li><em><span style=\"font-size: 14pt\"><a href=\"https:\/\/youtu.be\/foaea52y8JI\" target=\"_blank\" rel=\"noopener noreferrer\">Catal\u00e1n<\/a><\/span><\/em><\/li>\n<\/ul>\n<h3><em><span style=\"font-size: 14pt\">\n<!-- iframe plugin v.6.0 wordpress.org\/plugins\/iframe\/ -->\n<iframe loading=\"lazy\" width=\"588\" height=\"331\" src=\"https:\/\/www.youtube.com\/embed\/MKyvgCN6pgk\" scrolling=\"yes\" class=\"iframe-class\" frameborder=\"0\"><\/iframe>\n<\/span><\/em><\/h3>\n","protected":false},"excerpt":{"rendered":"<p>&nbsp; WEB\u00a0 L\u00b4ASTURIANU TV XERES 1)Ver en Youtube CLAS\u00a0 1. Fecha: vienres 3 d\u00b4abril L\u00b4asturianu entama nel minutu 30:30 XERES CLAS 1 \u00bfQu\u00e9 tal vais perh\u00ed? Nesta primer clas, la del vienres 3 d\u2019abril, viemos delles cuestiones: Les lling\u00fces rom\u00e1niques de la Pen\u00ednsula Ib\u00e9rica.Al final d\u2019esta entrada voi ponevos un cantar enca\u00fana de les lling\u00fces. [&hellip;]<\/p>\n","protected":false},"author":117,"featured_media":0,"parent":501,"menu_order":0,"comment_status":"closed","ping_status":"closed","template":"","meta":{"footnotes":""},"class_list":["post-518","page","type-page","status-publish","hentry","post-preview"],"_links":{"self":[{"href":"https:\/\/edublog.educastur.es\/ixuxullingua\/wp-json\/wp\/v2\/pages\/518","targetHints":{"allow":["GET"]}}],"collection":[{"href":"https:\/\/edublog.educastur.es\/ixuxullingua\/wp-json\/wp\/v2\/pages"}],"about":[{"href":"https:\/\/edublog.educastur.es\/ixuxullingua\/wp-json\/wp\/v2\/types\/page"}],"author":[{"embeddable":true,"href":"https:\/\/edublog.educastur.es\/ixuxullingua\/wp-json\/wp\/v2\/users\/117"}],"replies":[{"embeddable":true,"href":"https:\/\/edublog.educastur.es\/ixuxullingua\/wp-json\/wp\/v2\/comments?post=518"}],"version-history":[{"count":4,"href":"https:\/\/edublog.educastur.es\/ixuxullingua\/wp-json\/wp\/v2\/pages\/518\/revisions"}],"predecessor-version":[{"id":578,"href":"https:\/\/edublog.educastur.es\/ixuxullingua\/wp-json\/wp\/v2\/pages\/518\/revisions\/578"}],"up":[{"embeddable":true,"href":"https:\/\/edublog.educastur.es\/ixuxullingua\/wp-json\/wp\/v2\/pages\/501"}],"wp:attachment":[{"href":"https:\/\/edublog.educastur.es\/ixuxullingua\/wp-json\/wp\/v2\/media?parent=518"}],"curies":[{"name":"wp","href":"https:\/\/api.w.org\/{rel}","templated":true}]}}