{"id":520,"date":"2020-08-10T14:55:27","date_gmt":"2020-08-10T14:55:27","guid":{"rendered":"https:\/\/edublog.educastur.es\/ixuxullingua\/?page_id=520"},"modified":"2020-08-10T17:05:00","modified_gmt":"2020-08-10T17:05:00","slug":"clas-2","status":"publish","type":"page","link":"https:\/\/edublog.educastur.es\/ixuxullingua\/tv\/lasturianu-neducastur-tv\/clas-2\/","title":{"rendered":"Clas 02"},"content":{"rendered":"<p>&nbsp;<\/p>\n<ul>\n<li><a href=\"https:\/\/asturianutv.wordpress.com\/\" target=\"_blank\" rel=\"noopener noreferrer\">WEB\u00a0 L\u00b4ASTURIANU TV<\/a><\/li>\n<li><a href=\"https:\/\/asturianutv.wordpress.com\/xeres\/\" target=\"_blank\" rel=\"noopener noreferrer\">XERES<\/a><\/li>\n<\/ul>\n<p><img loading=\"lazy\" decoding=\"async\" src=\"https:\/\/asturianutv.files.wordpress.com\/2020\/04\/cropped-img_8152.png?w=1024&amp;h=225\" width=\"341\" height=\"75\" \/><\/p>\n<p>2)<i><a href=\"https:\/\/www.youtube.com\/watch?v=m1uqXEWhK7w&amp;feature=youtu.be\" target=\"_blank\" rel=\"noopener noreferrer\">Ver en Youtube<\/a><\/i><\/p>\n<h3><em>\n<!-- iframe plugin v.6.0 wordpress.org\/plugins\/iframe\/ -->\n<iframe loading=\"lazy\" width=\"588\" height=\"331\" src=\"https:\/\/www.youtube.com\/embed\/m1uqXEWhK7w\" scrolling=\"yes\" class=\"iframe-class\" frameborder=\"0\"><\/iframe>\n<\/em><\/h3>\n<h3><em>\u00a0<\/em><\/h3>\n<h3><img loading=\"lazy\" decoding=\"async\" src=\"https:\/\/imgbox.es\/images\/2020\/03\/23\/separadora4a37c028d732afc.jpg\" width=\"322\" height=\"26\" \/><\/h3>\n<ul>\n<li><i><a href=\"https:\/\/www.rtpa.es\/video:Aprende%20con%20TPA_551586226696.html\" target=\"_blank\" rel=\"noopener noreferrer\"><b>CLAS\u00a0 2<\/b>.\u00a0 Fecha: llunes 6 d\u00b4abril.<br \/>\n<b>L\u00b4asturianu entama nel minutu 36:15 <\/b><\/a><\/i><\/li>\n<\/ul>\n<hr \/>\n<h3><a href=\"https:\/\/asturianutv.wordpress.com\/2020\/04\/07\/xeres-de-la-clas-2-07-04-2020\/\" target=\"_blank\" rel=\"noopener noreferrer\"><span style=\"color: #008000\"><b>XERES CLAS 2 <\/b><\/span><\/a><\/h3>\n<p>\u00bfQu\u00e9 tal vais perh\u00ed? Nesta segunda clas, la del martes 7 d\u2019abril, viemos delles cuestiones:<\/p>\n<ul>\n<li>La hestoria de la llingua asturiana dende la so nacencia al sieglu XVII\u00bfQuies conocer a Ant\u00f3n de Marirreguera? <a href=\"https:\/\/youtu.be\/omJTesld6g4\" target=\"_blank\" rel=\"noopener noreferrer\">Equ\u00ed tienes un videu curtiu y bien entreten\u00edu pa conocelu.<\/a><\/li>\n<\/ul>\n<h3><em>\n<!-- iframe plugin v.6.0 wordpress.org\/plugins\/iframe\/ -->\n<iframe loading=\"lazy\" width=\"588\" height=\"331\" src=\"https:\/\/www.youtube.com\/embed\/omJTesld6g4\" scrolling=\"yes\" class=\"iframe-class\" frameborder=\"0\"><\/iframe>\n<\/em><\/h3>\n<ul>\n<li>Deprendimos a distinguir los usos del NON y el NUN. Pid\u00edvos facer un meme como\u2019l que fixi yo, usando les negaciones. Pod\u00e9is facelos con p\u00e1xines tan cencielles como <a href=\"https:\/\/imgflip.com\/memegenerator\" target=\"_blank\" rel=\"noreferrer noopener\">esta<\/a>.<br \/>\n<a href=\"https:\/\/imgflip.com\/memegenerator\" target=\"_blank\" rel=\"noopener noreferrer\">https:\/\/imgflip.com\/memegenerator<\/a><\/li>\n<li>Recomend\u00e9vos un llibru, la novela Khaos, d\u2019Afolfo Camilo D\u00edaz, que pod\u00e9is <a href=\"https:\/\/www.trabe.org\/wp-content\/uploads\/2020\/03\/khAOs.pdf?fbclid=IwAR1_-kf3FMIPd2fKbOQ9ubiOL3KG6UUnwGxX9L8cdC5WmUrBw48DPn-V-8Y\" target=\"_blank\" rel=\"noreferrer noopener\">descargar de baldre equ\u00ed<\/a>, gracies a Ediciones Trabe. <a href=\"https:\/\/www.trabe.org\/wp-content\/uploads\/2020\/03\/khAOs.pdf?fbclid=IwAR1_-kf3FMIPd2fKbOQ9ubiOL3KG6UUnwGxX9L8cdC5WmUrBw48DPn-V-8Y\" target=\"_blank\" rel=\"noopener noreferrer\"><b><i>Khaos<\/i><\/b><\/a><\/li>\n<li>Fal\u00e9vos de Xaime Mart\u00ednez y la so m\u00fasica. <a href=\"https:\/\/youtu.be\/dxe0Ep9bfaE\" target=\"_blank\" rel=\"noopener noreferrer\">\u00bfQuies ver un conciertu completu del m\u00fasicu y poeta? <\/a><\/li>\n<\/ul>\n<h3><em>\n<!-- iframe plugin v.6.0 wordpress.org\/plugins\/iframe\/ -->\n<iframe loading=\"lazy\" width=\"588\" height=\"331\" src=\"https:\/\/www.youtube.com\/embed\/dxe0Ep9bfaE\" scrolling=\"yes\" class=\"iframe-class\" frameborder=\"0\"><\/iframe>\n<\/em><\/h3>\n<p><b>\u00a1Pas\u00e1i bona selmana! <\/b><\/p>\n","protected":false},"excerpt":{"rendered":"<p>&nbsp; WEB\u00a0 L\u00b4ASTURIANU TV XERES 2)Ver en Youtube \u00a0 CLAS\u00a0 2.\u00a0 Fecha: llunes 6 d\u00b4abril. L\u00b4asturianu entama nel minutu 36:15 XERES CLAS 2 \u00bfQu\u00e9 tal vais perh\u00ed? Nesta segunda clas, la del martes 7 d\u2019abril, viemos delles cuestiones: La hestoria de la llingua asturiana dende la so nacencia al sieglu XVII\u00bfQuies conocer a Ant\u00f3n de [&hellip;]<\/p>\n","protected":false},"author":117,"featured_media":0,"parent":501,"menu_order":0,"comment_status":"closed","ping_status":"closed","template":"","meta":{"footnotes":""},"class_list":["post-520","page","type-page","status-publish","hentry","post-preview"],"_links":{"self":[{"href":"https:\/\/edublog.educastur.es\/ixuxullingua\/wp-json\/wp\/v2\/pages\/520","targetHints":{"allow":["GET"]}}],"collection":[{"href":"https:\/\/edublog.educastur.es\/ixuxullingua\/wp-json\/wp\/v2\/pages"}],"about":[{"href":"https:\/\/edublog.educastur.es\/ixuxullingua\/wp-json\/wp\/v2\/types\/page"}],"author":[{"embeddable":true,"href":"https:\/\/edublog.educastur.es\/ixuxullingua\/wp-json\/wp\/v2\/users\/117"}],"replies":[{"embeddable":true,"href":"https:\/\/edublog.educastur.es\/ixuxullingua\/wp-json\/wp\/v2\/comments?post=520"}],"version-history":[{"count":5,"href":"https:\/\/edublog.educastur.es\/ixuxullingua\/wp-json\/wp\/v2\/pages\/520\/revisions"}],"predecessor-version":[{"id":583,"href":"https:\/\/edublog.educastur.es\/ixuxullingua\/wp-json\/wp\/v2\/pages\/520\/revisions\/583"}],"up":[{"embeddable":true,"href":"https:\/\/edublog.educastur.es\/ixuxullingua\/wp-json\/wp\/v2\/pages\/501"}],"wp:attachment":[{"href":"https:\/\/edublog.educastur.es\/ixuxullingua\/wp-json\/wp\/v2\/media?parent=520"}],"curies":[{"name":"wp","href":"https:\/\/api.w.org\/{rel}","templated":true}]}}