{"id":524,"date":"2020-08-10T14:56:58","date_gmt":"2020-08-10T14:56:58","guid":{"rendered":"https:\/\/edublog.educastur.es\/ixuxullingua\/?page_id=524"},"modified":"2020-08-10T15:08:39","modified_gmt":"2020-08-10T15:08:39","slug":"clas-4","status":"publish","type":"page","link":"https:\/\/edublog.educastur.es\/ixuxullingua\/tv\/lasturianu-neducastur-tv\/clas-4\/","title":{"rendered":"Clas 04"},"content":{"rendered":"<ul>\n<li><a href=\"https:\/\/asturianutv.wordpress.com\/\" target=\"_blank\" rel=\"noopener noreferrer\">WEB\u00a0 L\u00b4ASTURIANU TV<\/a><\/li>\n<li><a href=\"https:\/\/asturianutv.wordpress.com\/xeres\/\" target=\"_blank\" rel=\"noopener noreferrer\">XERES<\/a><\/li>\n<\/ul>\n<p><img loading=\"lazy\" decoding=\"async\" src=\"https:\/\/asturianutv.files.wordpress.com\/2020\/04\/cropped-img_8152.png?w=1024&amp;h=225\" width=\"341\" height=\"75\" \/><\/p>\n<ul>\n<li><i><a href=\"https:\/\/www.rtpa.es\/video:Aprende%20con%20TPA_551586386402.html\" target=\"_blank\" rel=\"noopener noreferrer\"><b>CLAS \u00a0 4. <\/b>Fecha mi\u00e9rcoles 8 d\u00b4abril<\/a><\/i><\/li>\n<li><i><a href=\"https:\/\/www.rtpa.es\/video:Aprende%20con%20TPA_551586386402.html\" target=\"_blank\" rel=\"noopener noreferrer\"><b>L\u00b4asturianu entama nel minutu\u00a0 16:55<\/b><\/a><\/i><\/li>\n<li><i><b><a href=\"https:\/\/asturianutv.wordpress.com\/2020\/04\/14\/xeres-de-la-clas-4-14-04-2020\/\" target=\"_blank\" rel=\"noopener noreferrer\">Xeres<\/a><br \/>\n<\/b><\/i><\/li>\n<\/ul>\n<p>[youtube]lM3OJzBj0LY[\/youtube]<\/p>\n<ul>\n<li>\u00a0<a href=\"https:\/\/www.facebook.com\/asturianuTV\/videos\/2534200200175414\/\" target=\"_blank\" rel=\"noopener noreferrer\"><b><i>Ver clas 4 nesti enllaz (17 min)<\/i><\/b><\/a><\/li>\n<\/ul>\n<p><span style=\"color: #003366\"><i><u>Conten\u00edos<\/u>:<\/i><\/span><\/p>\n<p><i> <\/i><span style=\"color: #003366\"><i>-Hestoria de la llingua asturiana: sieglu xvii.<br \/>\n-Falsos amigos asturianu-castell\u00e1n.<br \/>\n-Conocimos medios de comunicaci\u00f3n n\u2019asturianu.<br \/>\n-Un cantar d\u2019Alfredo Gonz\u00e1lez Fl\u00e1quez<\/i><\/span><\/p>\n<ul>\n<li><a href=\"https:\/\/www.youtube.com\/watch?time_continue=2&amp;v=omJTesld6g4&amp;feature=emb_logo\" target=\"_blank\" rel=\"noopener noreferrer\">Ant\u00f3n de Marirreguera<br \/>\n<\/a><\/li>\n<\/ul>\n<p>[youtube]omJTesld6g4[\/youtube]<\/p>\n<hr \/>\n<p><a href=\"https:\/\/asturianutv.wordpress.com\/2020\/04\/14\/xeres-de-la-clas-4-14-04-2020\/\" target=\"_blank\" rel=\"noopener noreferrer\"><b><i>\u00a0XERES CLAS 4<\/i><\/b><\/a><br \/>\n\u00a1Mui bones! \u00bfQu\u00e9 tal vais? Nel programa 4<br \/>\nviemos los conten\u00edos que van darr\u00e9u:<\/p>\n<ul>\n<li>Adientr\u00e1monos nos entamos de la lliteratura<br \/>\nasturiana moderna, nel sieglu XVII, con Ant\u00f3n<br \/>\nde Marirreguera. Equ\u00ed pod\u00e9is conocer m\u00e1s a<br \/>\nfondu la so obra, con <a href=\"http:\/\/www.araz.net\/escritores\/gonregue.htm\" target=\"_blank\" rel=\"noreferrer noopener\">dellos testos <\/a>y un videu.<\/li>\n<\/ul>\n<ul>\n<li>Deprendimos coses sobre los falsos amigos<br \/>\nente l\u2019asturianu y el castell\u00e1n, con pallabres<br \/>\ncomo picar, prestar, repunante, etc.<\/li>\n<\/ul>\n<p><img loading=\"lazy\" decoding=\"async\" src=\"https:\/\/asturianutv.files.wordpress.com\/2020\/04\/captura-de-pantalla-2020-04-14-a-las-12.18.22.png\" width=\"480\" height=\"269\" \/><\/p>\n<ul>\n<li>Descubrimos delles p\u00e1xines onde siguir les<br \/>\n<b><i>noticies n\u2019asturianu<\/i><\/b>. Ten\u00e9is el llist\u00e1u<br \/>\nnel blogue, na <a href=\"https:\/\/asturianutv.wordpress.com\/recursos\/\" target=\"_blank\" rel=\"noreferrer noopener\">estaya recursos<\/a>.<\/li>\n<\/ul>\n<ul>\n<li><a href=\"https:\/\/www.rtpa.es\/noticies-asturianu\" target=\"_blank\" rel=\"noreferrer noopener\">RTPA n\u2019asturianu<\/a><\/li>\n<li><a href=\"http:\/\/asturies.com\/\" target=\"_blank\" rel=\"noreferrer noopener\">Asturies.com<\/a><\/li>\n<li><a href=\"http:\/\/asturnews.com\/\" target=\"_blank\" rel=\"noreferrer noopener\">Diariu Cultural Asturnews<\/a><\/li>\n<li><a href=\"https:\/\/conocerasturies.com\/asturianu\/\" target=\"_blank\" rel=\"noreferrer noopener\">Conocer Asturies<\/a><\/li>\n<li><a href=\"https:\/\/xixonaldia.com\/\" target=\"_blank\" rel=\"noreferrer noopener\">Xixon al d\u00eda<\/a><\/li>\n<li><a href=\"https:\/\/www.alderiquesdasturies.com\/\" target=\"_blank\" rel=\"noreferrer noopener\">Alderiques d\u2019Asturies<\/a><\/li>\n<li><a href=\"https:\/\/www.europapress.es\/asturianu\/\" target=\"_blank\" rel=\"noreferrer noopener\">EuropaPress<\/a><\/li>\n<li><a href=\"http:\/\/yexixon.com\/\" target=\"_blank\" rel=\"noreferrer noopener\">YeXix\u00f3n<\/a><\/li>\n<li><a href=\"https:\/\/www.infoasturies.com\/as\/\" target=\"_blank\" rel=\"noreferrer noopener\">InfoAsturies<\/a><\/li>\n<li><a href=\"https:\/\/refuelgu.com\/\" target=\"_blank\" rel=\"noreferrer noopener\">Refuelgu<\/a><\/li>\n<\/ul>\n<ul>\n<li>Conocimos al cantautor Alfredo Gonz\u00e1lez.<br \/>\n<a href=\"https:\/\/youtu.be\/dggYAEO-NtI\" target=\"_blank\" rel=\"noopener noreferrer\">D\u00e9xovos equ\u00ed\u2019l so cantar \u201cLa nada y tu\u201d. <\/a><\/li>\n<\/ul>\n<p>[youtube]dggYAEO-NtI[\/youtube]<\/p>\n<ul>\n<li>Descubrimos el refr\u00e1n<br \/>\n<b><i>\u201cAl platu vendr\u00e1s, arbeyu.<br \/>\nSi nun ye de xoven sedr\u00e1 de vieyu\u201d. <\/i><\/b><\/li>\n<\/ul>\n<p>\u00a1V\u00e9monos na siguiente clas! Un saludu candial.<\/p>\n<hr \/>\n<h1>Recursos<\/h1>\n<p>Nesta p\u00e1xina d\u00e9xovos espacios nos que poder<br \/>\nlleer o ver conten\u00edos n\u2019asturianu (videos, m\u00fasica,<br \/>\nnoticies, etc.), pa informase, entretense, cantar\u2026<\/p>\n<p><b><i>Medios de comunicaci\u00f3n<\/i><\/b><\/p>\n<ul>\n<li><a href=\"https:\/\/www.rtpa.es\/noticies-asturianu\" target=\"_blank\" rel=\"noreferrer noopener\">RTPA n\u2019asturianu<\/a><\/li>\n<li><a href=\"http:\/\/asturies.com\/\" target=\"_blank\" rel=\"noopener noreferrer\">Asturies.com<\/a><\/li>\n<li><a href=\"http:\/\/asturnews.com\/\" target=\"_blank\" rel=\"noopener noreferrer\">Diariu Cultural Asturnews<\/a><\/li>\n<li><a href=\"https:\/\/conocerasturies.com\/asturianu\/\" target=\"_blank\" rel=\"noopener noreferrer\">Conocer Asturies<\/a><\/li>\n<li><a href=\"https:\/\/xixonaldia.com\/\" target=\"_blank\" rel=\"noopener noreferrer\">Xixon al d\u00eda<\/a><\/li>\n<li><a href=\"https:\/\/www.alderiquesdasturies.com\/\" target=\"_blank\" rel=\"noreferrer noopener\">Alderiques d\u2019Asturies<\/a><\/li>\n<li><a href=\"https:\/\/www.europapress.es\/asturianu\/\" target=\"_blank\" rel=\"noopener noreferrer\">EuropaPress<\/a><\/li>\n<li><a href=\"http:\/\/yexixon.com\/\" target=\"_blank\" rel=\"noopener noreferrer\">YeXix\u00f3n<\/a><\/li>\n<li><a href=\"https:\/\/www.infoasturies.com\/as\/\" target=\"_blank\" rel=\"noopener noreferrer\">InfoAsturies<\/a><\/li>\n<li><a href=\"https:\/\/refuelgu.com\/\" target=\"_blank\" rel=\"noreferrer noopener\">Refuelgu<\/a><\/li>\n<\/ul>\n<p><b><i>Blogueros<\/i><\/b><\/p>\n<ul>\n<li><a href=\"http:\/\/playpresta.com\/\" target=\"_blank\" rel=\"noreferrer noopener\">PlayPresta<\/a> (canal de youtubers)<\/li>\n<li><a href=\"https:\/\/www.youtube.com\/user\/Avilesin84\" target=\"_blank\" rel=\"noreferrer noopener\">Horros y frixuelos<\/a><\/li>\n<li><a href=\"https:\/\/www.youtube.com\/channel\/UC7NWg-wsomyn_AWYHJ0xe1g\" target=\"_blank\" rel=\"noreferrer noopener\">Yisus Asturies<\/a> (videoxuegos)<\/li>\n<\/ul>\n<p><b><i>M\u00fasica<\/i><\/b><\/p>\n<ul>\n<li><a href=\"https:\/\/www.youtube.com\/channel\/UCYJ7CSF_44F9spiV0UETW_g\" target=\"_blank\" rel=\"noreferrer noopener\">M\u00fasic[a]sturiana.com<\/a> (YouTube)<\/li>\n<li><a href=\"https:\/\/open.spotify.com\/user\/musicasturiana\" target=\"_blank\" rel=\"noreferrer noopener\">M\u00fasic[a]sturiana.com<\/a> (Spotify)<\/li>\n<li><a href=\"https:\/\/www.youtube.com\/watch?v=8UnE0sLrjvk&amp;list=PLhtoo519UiZZdOi-gD-2YVC3HpnanllrQ\" target=\"_blank\" rel=\"noreferrer noopener\">Karaoke N\u2019as<\/a>t (PlayPresta)<\/li>\n<li><a href=\"https:\/\/www.youtube.com\/watch?v=b_RB1hvbuIc&amp;list=PLbIwHtvMYIz2odWhIPCv1T5cmL6TIsyaz\" target=\"_blank\" rel=\"noreferrer noopener\">Karaoke<\/a> (ONL de Xix\u00f3n)<\/li>\n<\/ul>\n<p><b><i>Lliteratura &amp; Cultura<\/i><\/b><\/p>\n<ul>\n<li><a href=\"http:\/\/www.formientu.com\/\" target=\"_blank\" rel=\"noreferrer noopener\">Plataforma Formientu<\/a><\/li>\n<li><a href=\"https:\/\/issuu.com\/b.alto\" target=\"_blank\" rel=\"noreferrer noopener\">Revista Brixel<\/a><\/li>\n<li><a href=\"https:\/\/www.trabe.org\/es\/estoyu-2\/\" target=\"_blank\" rel=\"noreferrer noopener\">Revista Estoyu<\/a><\/li>\n<\/ul>\n","protected":false},"excerpt":{"rendered":"<p>WEB\u00a0 L\u00b4ASTURIANU TV XERES CLAS \u00a0 4. Fecha mi\u00e9rcoles 8 d\u00b4abril L\u00b4asturianu entama nel minutu\u00a0 16:55 Xeres [youtube]lM3OJzBj0LY[\/youtube] \u00a0Ver clas 4 nesti enllaz (17 min) Conten\u00edos: -Hestoria de la llingua asturiana: sieglu xvii. -Falsos amigos asturianu-castell\u00e1n. -Conocimos medios de comunicaci\u00f3n n\u2019asturianu. -Un cantar d\u2019Alfredo Gonz\u00e1lez Fl\u00e1quez Ant\u00f3n de Marirreguera [youtube]omJTesld6g4[\/youtube] \u00a0XERES CLAS 4 \u00a1Mui bones! [&hellip;]<\/p>\n","protected":false},"author":117,"featured_media":0,"parent":501,"menu_order":0,"comment_status":"closed","ping_status":"closed","template":"","meta":{"footnotes":""},"class_list":["post-524","page","type-page","status-publish","hentry","post-preview"],"_links":{"self":[{"href":"https:\/\/edublog.educastur.es\/ixuxullingua\/wp-json\/wp\/v2\/pages\/524","targetHints":{"allow":["GET"]}}],"collection":[{"href":"https:\/\/edublog.educastur.es\/ixuxullingua\/wp-json\/wp\/v2\/pages"}],"about":[{"href":"https:\/\/edublog.educastur.es\/ixuxullingua\/wp-json\/wp\/v2\/types\/page"}],"author":[{"embeddable":true,"href":"https:\/\/edublog.educastur.es\/ixuxullingua\/wp-json\/wp\/v2\/users\/117"}],"replies":[{"embeddable":true,"href":"https:\/\/edublog.educastur.es\/ixuxullingua\/wp-json\/wp\/v2\/comments?post=524"}],"version-history":[{"count":2,"href":"https:\/\/edublog.educastur.es\/ixuxullingua\/wp-json\/wp\/v2\/pages\/524\/revisions"}],"predecessor-version":[{"id":562,"href":"https:\/\/edublog.educastur.es\/ixuxullingua\/wp-json\/wp\/v2\/pages\/524\/revisions\/562"}],"up":[{"embeddable":true,"href":"https:\/\/edublog.educastur.es\/ixuxullingua\/wp-json\/wp\/v2\/pages\/501"}],"wp:attachment":[{"href":"https:\/\/edublog.educastur.es\/ixuxullingua\/wp-json\/wp\/v2\/media?parent=524"}],"curies":[{"name":"wp","href":"https:\/\/api.w.org\/{rel}","templated":true}]}}