{"id":526,"date":"2020-08-10T14:57:45","date_gmt":"2020-08-10T14:57:45","guid":{"rendered":"https:\/\/edublog.educastur.es\/ixuxullingua\/?page_id=526"},"modified":"2020-08-10T15:08:45","modified_gmt":"2020-08-10T15:08:45","slug":"clas-5","status":"publish","type":"page","link":"https:\/\/edublog.educastur.es\/ixuxullingua\/tv\/lasturianu-neducastur-tv\/clas-5\/","title":{"rendered":"Clas 05"},"content":{"rendered":"<ul>\n<li><a href=\"https:\/\/asturianutv.wordpress.com\/\" target=\"_blank\" rel=\"noopener noreferrer\">WEB\u00a0 L\u00b4ASTURIANU TV<\/a><\/li>\n<li><a href=\"https:\/\/asturianutv.wordpress.com\/xeres\/\" target=\"_blank\" rel=\"noopener noreferrer\">XERES<\/a><\/li>\n<\/ul>\n<p><img loading=\"lazy\" decoding=\"async\" src=\"https:\/\/asturianutv.files.wordpress.com\/2020\/04\/cropped-img_8152.png?w=1024&amp;h=225\" width=\"341\" height=\"75\" \/><\/p>\n<ul>\n<li>\u00a0<b><i><a href=\"https:\/\/www.youtube.com\/watch?v=N6f2LugkbQE&amp;feature=youtu.be\" target=\"_blank\" rel=\"noopener noreferrer\">Ver clas 5 Inaciu Gal\u00e1n (23 min)<\/a><\/i><\/b><\/li>\n<li><b><i><a href=\"https:\/\/asturianutv.wordpress.com\/2020\/04\/16\/xeres-de-la-clas-5-15-04-2020-y-videu\/\" target=\"_blank\" rel=\"noopener noreferrer\">Xeres<\/a><\/i><\/b><\/li>\n<li><b><i>Clas 5 en TPA<br \/>\n<\/i><\/b><\/li>\n<\/ul>\n<p>[youtube]N6f2LugkbQE[\/youtube]<\/p>\n<p><a href=\"https:\/\/asturianutv.wordpress.com\/2020\/04\/16\/xeres-de-la-clas-5-15-04-2020-y-videu\/\" target=\"_blank\" rel=\"noopener noreferrer\"><b><i>XERES CLAS 5\u00a0\u00a0\u00a0 15d\u00b4abril <\/i><\/b><\/a><\/p>\n<p><img decoding=\"async\" src=\"https:\/\/static.xx.fbcdn.net\/images\/emoji.php\/v9\/t4b\/2\/16\/1f4cc.png\" alt=\"?\" \/> Conten\u00edos y xeres complementaries.<\/p>\n<ul>\n<li>Sociolling\u00fc\u00edstica: Billing\u00fcismu y diglosia.<br \/>\nCu\u00e9ntame situaciones diglosia que vivieras<br \/>\no veas davezu na socied\u00e1 asturiana.<\/li>\n<\/ul>\n<ul>\n<li>Gram\u00e1tica:<br \/>\nVimos los usos de les preposiciones \u201cper\u201d y \u201cpor\u201d.<br \/>\n\u00bfPor qu\u00e9 nun fac\u00e9is unes frases p\u2019animanos<br \/>\nnestos d\u00edes nos que s\u2019usen estes dos formes?<\/li>\n<\/ul>\n<p><img loading=\"lazy\" decoding=\"async\" src=\"https:\/\/asturianutv.files.wordpress.com\/2020\/04\/ciencies-1.jpg?w=508\" width=\"246\" height=\"347\" \/><\/p>\n<ul>\n<li><a href=\"https:\/\/www.unioviedo.es\/reunido\/index.php\/CCACT\" target=\"_blank\" rel=\"noopener noreferrer\">Conocimos la revista Ciencies.<\/a><\/li>\n<li><a href=\"https:\/\/www.unioviedo.es\/reunido\/index.php\/CCACT\/issue\/archive\" target=\"_blank\" rel=\"noopener noreferrer\">Ver tolos n\u00famberos<\/a><\/li>\n<li>\u00a1<a href=\"https:\/\/www.unioviedo.es\/reunido\/index.php\/CCACT\" target=\"_blank\" rel=\"noreferrer noopener\">Equ\u00ed la ten\u00e9is pa lleela<\/a>!<br \/>\nTabla<a href=\"https:\/\/www.unioviedo.es\/reunido\/index.php\/CCACT\/issue\/view\/1148\/showToc\" target=\"_blank\" rel=\"noopener noreferrer\"> de conten\u00edos n\u00ba 9&#8230;<\/a><\/li>\n<\/ul>\n<table class=\"mceVisualAid\">\n<tbody>\n<tr valign=\"top\">\n<td class=\"mceVisualAid\">Un vec\u00edn peligrosu pa desaniciar n\u2019Asturies: el Plumeru o<br \/>\nYerba de La Pampa (Cortaderia selloana)Tom\u00e1s Emilio D\u00edaz Gonz\u00e1lez<\/td>\n<td class=\"mceVisualAid\"><a href=\"https:\/\/www.unioviedo.es\/reunido\/index.php\/CCACT\/article\/view\/14349\/12566\">PDF<\/a><\/td>\n<\/tr>\n<\/tbody>\n<\/table>\n<table class=\"mceVisualAid\">\n<tbody>\n<tr valign=\"top\">\n<td class=\"mceVisualAid\">Monteses, endotermos ya indicadores del camb\u00e9u global:<br \/>\nlos abeyones cant\u00e1bricosJos\u00e9 Ram\u00f3n Obeso<\/td>\n<td class=\"mceVisualAid\"><a href=\"https:\/\/www.unioviedo.es\/reunido\/index.php\/CCACT\/article\/view\/14350\/12567\">PDF<\/a><\/td>\n<\/tr>\n<\/tbody>\n<\/table>\n<table class=\"mceVisualAid\">\n<tbody>\n<tr valign=\"top\">\n<td class=\"mceVisualAid\">L\u2019impautu del accidente nuclear de Chern\u00f3bil<br \/>\nsobre la fauna salvaxeGerm\u00e1n Orizaola<\/td>\n<td class=\"mceVisualAid\"><a href=\"https:\/\/www.unioviedo.es\/reunido\/index.php\/CCACT\/article\/view\/14351\/12568\">PDF<\/a><\/td>\n<\/tr>\n<\/tbody>\n<\/table>\n<table class=\"mceVisualAid\">\n<tbody>\n<tr valign=\"top\">\n<td class=\"mceVisualAid\">Carauterizaci\u00f3n taxon\u00f3mica de los asteroides (704)<br \/>\nInteramnia y (349) Dembowska per aciu de t\u00e9uniques<br \/>\nfotom\u00e9triques y espectrosc\u00f3piquesIsabel V\u00e1zquez Gonz\u00e1lez, Mar\u00eda Rodr\u00edguez Mor\u00e1n,<br \/>\nEnrique D\u00edez Alonso, Francisco Javier de Cos Juez<\/td>\n<td class=\"mceVisualAid\"><a href=\"https:\/\/www.unioviedo.es\/reunido\/index.php\/CCACT\/article\/view\/14352\/12569\">PDF<\/a><\/td>\n<\/tr>\n<\/tbody>\n<\/table>\n<table class=\"mceVisualAid\">\n<tbody>\n<tr valign=\"top\">\n<td class=\"mceVisualAid\">Una g\u00fceyada al avieyamientu asturianu dende la Sanid\u00e1:<br \/>\nproblemes socioecon\u00f3micos, nueves teunolox\u00edes<br \/>\ny considerances \u00e9tiquesManuel-Germ\u00e1n Garc\u00eda Benito<\/td>\n<td class=\"mceVisualAid\"><a href=\"https:\/\/www.unioviedo.es\/reunido\/index.php\/CCACT\/article\/view\/14353\/12570\">PDF<\/a><\/td>\n<\/tr>\n<\/tbody>\n<\/table>\n<p>ISSN: 2174-9639<\/p>\n<ul>\n<li>Un cantar de Marisa Valle Roso.<br \/>\n<a href=\"https:\/\/youtu.be\/1oPf92BC3nE\" target=\"_blank\" rel=\"noopener noreferrer\">Nel pozu Maria Luisa<\/a><br \/>\n\u00bfQu\u00e9 cantares<br \/>\nde Valle Roso pod\u00e9is recomendame?<\/li>\n<\/ul>\n<p>[youtube]1oPf92BC3nE[\/youtube]<\/p>\n","protected":false},"excerpt":{"rendered":"<p>WEB\u00a0 L\u00b4ASTURIANU TV XERES \u00a0Ver clas 5 Inaciu Gal\u00e1n (23 min) Xeres Clas 5 en TPA [youtube]N6f2LugkbQE[\/youtube] XERES CLAS 5\u00a0\u00a0\u00a0 15d\u00b4abril Conten\u00edos y xeres complementaries. Sociolling\u00fc\u00edstica: Billing\u00fcismu y diglosia. Cu\u00e9ntame situaciones diglosia que vivieras o veas davezu na socied\u00e1 asturiana. Gram\u00e1tica: Vimos los usos de les preposiciones \u201cper\u201d y \u201cpor\u201d. \u00bfPor qu\u00e9 nun fac\u00e9is unes [&hellip;]<\/p>\n","protected":false},"author":117,"featured_media":0,"parent":501,"menu_order":0,"comment_status":"closed","ping_status":"closed","template":"","meta":{"footnotes":""},"class_list":["post-526","page","type-page","status-publish","hentry","post-preview"],"_links":{"self":[{"href":"https:\/\/edublog.educastur.es\/ixuxullingua\/wp-json\/wp\/v2\/pages\/526","targetHints":{"allow":["GET"]}}],"collection":[{"href":"https:\/\/edublog.educastur.es\/ixuxullingua\/wp-json\/wp\/v2\/pages"}],"about":[{"href":"https:\/\/edublog.educastur.es\/ixuxullingua\/wp-json\/wp\/v2\/types\/page"}],"author":[{"embeddable":true,"href":"https:\/\/edublog.educastur.es\/ixuxullingua\/wp-json\/wp\/v2\/users\/117"}],"replies":[{"embeddable":true,"href":"https:\/\/edublog.educastur.es\/ixuxullingua\/wp-json\/wp\/v2\/comments?post=526"}],"version-history":[{"count":2,"href":"https:\/\/edublog.educastur.es\/ixuxullingua\/wp-json\/wp\/v2\/pages\/526\/revisions"}],"predecessor-version":[{"id":563,"href":"https:\/\/edublog.educastur.es\/ixuxullingua\/wp-json\/wp\/v2\/pages\/526\/revisions\/563"}],"up":[{"embeddable":true,"href":"https:\/\/edublog.educastur.es\/ixuxullingua\/wp-json\/wp\/v2\/pages\/501"}],"wp:attachment":[{"href":"https:\/\/edublog.educastur.es\/ixuxullingua\/wp-json\/wp\/v2\/media?parent=526"}],"curies":[{"name":"wp","href":"https:\/\/api.w.org\/{rel}","templated":true}]}}