{"id":532,"date":"2020-08-10T14:58:57","date_gmt":"2020-08-10T14:58:57","guid":{"rendered":"https:\/\/edublog.educastur.es\/ixuxullingua\/?page_id=532"},"modified":"2020-08-10T15:09:00","modified_gmt":"2020-08-10T15:09:00","slug":"clas-8","status":"publish","type":"page","link":"https:\/\/edublog.educastur.es\/ixuxullingua\/tv\/lasturianu-neducastur-tv\/clas-8\/","title":{"rendered":"Clas 08"},"content":{"rendered":"<ul>\n<li><a href=\"https:\/\/asturianutv.wordpress.com\/\" target=\"_blank\" rel=\"noopener noreferrer\">WEB\u00a0 L\u00b4ASTURIANU TV<\/a><\/li>\n<li><a href=\"https:\/\/asturianutv.wordpress.com\/xeres\/\" target=\"_blank\" rel=\"noopener noreferrer\">XERES<\/a><\/li>\n<\/ul>\n<p><img loading=\"lazy\" decoding=\"async\" src=\"https:\/\/asturianutv.files.wordpress.com\/2020\/04\/cropped-img_8152.png?w=1024&amp;h=225\" width=\"341\" height=\"75\" \/><\/p>\n<p><a href=\"https:\/\/www.rtpa.es\/video:Asturias%20semanal_551494111575.html\" target=\"_blank\" rel=\"noopener noreferrer\">Ver clas 8 nesti enllaz TPA<\/a><\/p>\n<ul>\n<li><a href=\"https:\/\/asturianutv.wordpress.com\/2020\/04\/20\/xeres-de-la-clas-7-20-04-2020\/\" target=\"_blank\" rel=\"noopener noreferrer\">Xeres <\/a><\/li>\n<\/ul>\n<ul>\n<li><a href=\"https:\/\/youtu.be\/TUor5tlXxDo\" target=\"_blank\" rel=\"noopener noreferrer\">Clas 8 Youtube<\/a><\/li>\n<\/ul>\n<p>[youtube]TUor5tlXxDo[\/youtube]<\/p>\n<ul>\n<li><a href=\"https:\/\/asturianutv.wordpress.com\/2020\/04\/21\/xeres-de-la-clas-8-21-04-2020\/?fbclid=IwAR2i6C_Tb3Ist9d4RYmDPgI_lPu1pvd1SUQOdEZyXD6MvRHQRSAq9bzQm5Y\" target=\"_blank\" rel=\"noopener noreferrer\">Conten\u00edos y xeres.<\/a><\/li>\n<li><b>Falemos de la toponimia asturiana y el so<br \/>\nprocesu de recuperaci\u00f3n<\/b>. Recomi\u00e9ndovos ver<br \/>\nesti reportaxe de Asturias Semanal TPA, onde se<br \/>\nfala m\u00e1s a fondu. <a href=\"https:\/\/www.rtpa.es\/video:Asturias%20semanal_551494111575.html\" target=\"_blank\" rel=\"noreferrer noopener\">Ver videu<\/a>.<\/li>\n<li>Prop\u00f3ngovos que busqu\u00e9is top\u00f3nimos del vuesu<br \/>\nconceyu y difund\u00edi los nomes tradicionales con<br \/>\nsemeyes de los llugares que veis dende casa y el<br \/>\nso nome tradicional. Cit\u00e1i a @asturianuTV.<\/li>\n<li>Recursos pa buscar top\u00f3nimos:<\/li>\n<li><a href=\"https:\/\/sede.asturias.es\/portal\/site\/Asturias\/menuitem.fe57bf7c5fd38046e44f5310bb30a0a0\/?i18n.http.lang=es&amp;vgnextoid=757d21bda2295210VgnVCM10000097030a0aRCRD\" target=\"_blank\" rel=\"noreferrer noopener\">Llist\u00e1u de top\u00f3nimos oficial.<\/a><\/li>\n<li><a href=\"http:\/\/softastur.org\/toponimia\/\" target=\"_blank\" rel=\"noreferrer noopener\">Buscador de top\u00f3nimos de Softastur.<\/a><\/li>\n<li><a href=\"https:\/\/mas.lne.es\/toponimia\/\" target=\"_blank\" rel=\"noreferrer noopener\">Descubri equ\u00ed l\u2019orixe de los top\u00f3nimos asturianos.<\/a><\/li>\n<\/ul>\n<ul>\n<li>Estudiamos<b> los alverbios <\/b>y los sos usos. D\u00e9xovos equ\u00ed<br \/>\nunos apuntes del manual Xeitu, de l\u2019Academia Llingua A.<\/li>\n<li><a href=\"https:\/\/asturianutv.files.wordpress.com\/2020\/04\/captura-de-pantalla-2020-04-21-a-las-12.30.20.png\" target=\"_blank\" rel=\"noopener noreferrer\"><img loading=\"lazy\" decoding=\"async\" src=\"https:\/\/asturianutv.files.wordpress.com\/2020\/04\/captura-de-pantalla-2020-04-21-a-las-12.30.20.png\" width=\"138\" height=\"183\" border=\"1\" \/><\/a><i>ampl\u00eda ***<\/i> <a href=\"https:\/\/asturianutv.files.wordpress.com\/2020\/04\/captura-de-pantalla-2020-04-21-a-las-12.30.01.png\" target=\"_blank\" rel=\"noopener noreferrer\"><img loading=\"lazy\" decoding=\"async\" src=\"https:\/\/asturianutv.files.wordpress.com\/2020\/04\/captura-de-pantalla-2020-04-21-a-las-12.30.01.png\" width=\"143\" height=\"187\" border=\"1\" \/> &#8230;.<\/a><span style=\"color: #ffffff\">&#8230;&#8230;&#8230;.<\/span><\/li>\n<\/ul>\n<ul>\n<li><\/li>\n<\/ul>\n<ul>\n<li><a href=\"http:\/\/playpresta.com\/karaokenast\/\" target=\"_blank\" rel=\"noreferrer noopener\">Karaoke N\u2019AST, de PlayPresta<\/a><\/li>\n<li><a href=\"https:\/\/www.youtube.com\/watch?v=b_RB1hvbuIc&amp;list=PLbIwHtvMYIz2odWhIPCv1T5cmL6TIsyaz\" target=\"_blank\" rel=\"noreferrer noopener\">Karaoke n\u2019asturianu de la Oficina<br \/>\nde Normalizaci\u00f3n Lling\u00fc\u00edstica de Xix\u00f3n. <\/a><\/li>\n<\/ul>\n<p>-Y fal\u00e9vos del grupu Muyeres. Pod\u00e9is saber m\u00e1s<br \/>\nd\u2019elles en <a href=\"http:\/\/muyeres.com\" target=\"_blank\" rel=\"noreferrer noopener\">muyeres.com<\/a> o ver dellos videos na<br \/>\nso canal de YouTube.<\/p>\n<p>[youtube]6aeEeV1KxrA[\/youtube]<\/p>\n","protected":false},"excerpt":{"rendered":"<p>WEB\u00a0 L\u00b4ASTURIANU TV XERES Ver clas 8 nesti enllaz TPA Xeres Clas 8 Youtube [youtube]TUor5tlXxDo[\/youtube] Conten\u00edos y xeres. Falemos de la toponimia asturiana y el so procesu de recuperaci\u00f3n. Recomi\u00e9ndovos ver esti reportaxe de Asturias Semanal TPA, onde se fala m\u00e1s a fondu. Ver videu. Prop\u00f3ngovos que busqu\u00e9is top\u00f3nimos del vuesu conceyu y difund\u00edi los [&hellip;]<\/p>\n","protected":false},"author":117,"featured_media":0,"parent":501,"menu_order":0,"comment_status":"closed","ping_status":"closed","template":"","meta":{"footnotes":""},"class_list":["post-532","page","type-page","status-publish","hentry","post-preview"],"_links":{"self":[{"href":"https:\/\/edublog.educastur.es\/ixuxullingua\/wp-json\/wp\/v2\/pages\/532","targetHints":{"allow":["GET"]}}],"collection":[{"href":"https:\/\/edublog.educastur.es\/ixuxullingua\/wp-json\/wp\/v2\/pages"}],"about":[{"href":"https:\/\/edublog.educastur.es\/ixuxullingua\/wp-json\/wp\/v2\/types\/page"}],"author":[{"embeddable":true,"href":"https:\/\/edublog.educastur.es\/ixuxullingua\/wp-json\/wp\/v2\/users\/117"}],"replies":[{"embeddable":true,"href":"https:\/\/edublog.educastur.es\/ixuxullingua\/wp-json\/wp\/v2\/comments?post=532"}],"version-history":[{"count":2,"href":"https:\/\/edublog.educastur.es\/ixuxullingua\/wp-json\/wp\/v2\/pages\/532\/revisions"}],"predecessor-version":[{"id":566,"href":"https:\/\/edublog.educastur.es\/ixuxullingua\/wp-json\/wp\/v2\/pages\/532\/revisions\/566"}],"up":[{"embeddable":true,"href":"https:\/\/edublog.educastur.es\/ixuxullingua\/wp-json\/wp\/v2\/pages\/501"}],"wp:attachment":[{"href":"https:\/\/edublog.educastur.es\/ixuxullingua\/wp-json\/wp\/v2\/media?parent=532"}],"curies":[{"name":"wp","href":"https:\/\/api.w.org\/{rel}","templated":true}]}}