{"id":627,"date":"2020-08-11T22:10:47","date_gmt":"2020-08-11T22:10:47","guid":{"rendered":"https:\/\/edublog.educastur.es\/ixuxullingua\/?page_id=627"},"modified":"2020-11-06T00:57:23","modified_gmt":"2020-11-05T22:57:23","slug":"quien-soi-contacta-%e3%83%84","status":"publish","type":"page","link":"https:\/\/edublog.educastur.es\/ixuxullingua\/acerca-de\/quien-soi-contacta-%e3%83%84\/","title":{"rendered":"\u00bfQui\u00e9n soi? Contacta \u30c4"},"content":{"rendered":"<div id=\"post-120\" class=\"post\">\n<h2><img loading=\"lazy\" decoding=\"async\" class=\"\" src=\"https:\/\/imgbox.es\/images\/2020\/04\/10\/contacta015bb08c4b09512e.jpg\" width=\"254\" height=\"73\" \/><\/h2>\n<div class=\"entry\">\n<p align=\"left\"><span style=\"font-size: 14pt\">\u00a0<img loading=\"lazy\" decoding=\"async\" src=\"https:\/\/imgbox.es\/images\/2020\/05\/24\/ISA606fe0f04ece34cc.jpg\" width=\"460\" height=\"345\" border=\"1\" \/><\/span><\/p>\n<p align=\"left\"><span style=\"font-size: 14pt\"><em><strong><span style=\"color: #800080\">Maestra d\u00b4Infantil<\/span> <\/strong>dende payares de 2004.<br \/>\n<span style=\"color: #800080\"><strong>Maestra d\u00b4Primaria<\/strong><\/span> dende setiembre de 2016.<br \/>\n<span style=\"color: #800080\"><strong>Maestra de Llingua A.<\/strong><\/span> dende setiembre de 2018.<br \/>\n<strong><br \/>\n<span style=\"color: #333399\">Nel Colexu <u>Carmen Ruiz-Tilve<\/u> dende setiembre de 2015\u2026<\/span><\/strong><\/em><\/span><\/p>\n<p align=\"left\"><span style=\"font-size: 14pt\">\u00a0<img loading=\"lazy\" decoding=\"async\" class=\"\" src=\"https:\/\/imgbox.es\/images\/2020\/03\/23\/separadora4a37c028d732afc.jpg\" width=\"285\" height=\"23\" border=\"0\" \/><\/span><\/p>\n<p align=\"left\"><span style=\"font-size: 14pt\"><em>F\u00eda de maestra de pueblu, crec\u00ed ente llibros y fueyes anque\u00b4l dibuxu ye la xera pendiente na mio vida. Apasionada de las TIC\u00b4s desque les conoc\u00ed\u2026 <\/em><\/span><\/p>\n<p align=\"left\"><span style=\"font-size: 14pt\"><em>El mio primer trabayu foi de <u>correctora d\u2019estilu <\/u>en <u>La Nueva Espa\u00f1a<\/u>, fui <u>comercial<\/u> d\u2019editorial <u>Everest<\/u> y dende 1997 hasta 2002 tuvi la mio <u>propia empresa de fotograf\u00eda<\/u> <span style=\"color: #333399\">\u201cILFO Fotograf\u00eda\u201d. <\/span><\/em><em><span style=\"color: #333399\">Siempres me gust\u00f3 la fotograf\u00eda, <strong>tar detras <\/strong>de la c\u00e1mara y ver el mundu con otros g\u00fceyos\u2026<\/span><\/em><\/span><\/p>\n<p><span style=\"font-size: 14pt\"><em>En 2004 torne a les aules y empec\u00e9 a preparar les oposiciones, que aprob\u00e9 en 2007. Tener plaza permitiome siguir estudiando y form\u00e1ndome n\u2019otres materies que de moza me foi imposible. <\/em><em>Equ\u00ed sigo, trabayando con vocaci\u00f3n ya ilusi\u00f3n nel meyor trabayu qu\u2019una puede tener: <span style=\"color: #333399\">ense\u00f1ar y aprender d\u00eda a d\u00eda, ente ne\u00f1os: xuvent\u00fa,\u00a0 curiosid\u00e1 y vitalid\u00e1.<\/span><\/em><\/span><\/p>\n<p align=\"left\">\u00a0<img loading=\"lazy\" decoding=\"async\" src=\"https:\/\/imgbox.es\/images\/2020\/03\/23\/separadora4a37c028d732afc.jpg\" width=\"161\" height=\"13\" border=\"0\" \/><\/p>\n<p align=\"left\"><img loading=\"lazy\" decoding=\"async\" class=\"\" src=\"https:\/\/imgbox.es\/images\/2020\/04\/08\/email_ISAd6ef186845740bb6.jpg\" width=\"277\" height=\"70\" \/><\/p>\n<p align=\"left\">\u00a0<img loading=\"lazy\" decoding=\"async\" src=\"https:\/\/imgbox.es\/images\/2020\/03\/23\/separadora4a37c028d732afc.jpg\" width=\"161\" height=\"13\" border=\"0\" \/><\/p>\n<p><span style=\"font-size: 14pt\"><em><span style=\"color: #800080\">S\u00edguime en Twitter:<\/span><\/em><\/span><\/p>\n<p><a href=\"https:\/\/twitter.com\/isalobohuerta\" target=\"_blank\" rel=\"noopener noreferrer\"><img loading=\"lazy\" decoding=\"async\" class=\"\" src=\"https:\/\/imgbox.es\/images\/2020\/04\/04\/twitterebe3c56577b857d8.jpg\" width=\"274\" height=\"79\" \/><\/a><\/p>\n<p><em><span style=\"color: #800000\"><a href=\"https:\/\/twitter.com\/isalobohuerta\" target=\"_blank\" rel=\"noopener noreferrer\"><span style=\"font-size: 14pt\">https:\/\/twitter.com\/isalobohuerta<\/span><\/a><\/span><\/em><\/p>\n<p><span style=\"font-size: 14pt\"><img loading=\"lazy\" decoding=\"async\" src=\"https:\/\/imgbox.es\/images\/2020\/03\/23\/separadora4a37c028d732afc.jpg\" width=\"161\" height=\"13\" border=\"0\" \/><\/span><\/p>\n<p><span style=\"font-size: 14pt\"><em><span style=\"color: #800080\">S\u00edguime en Facebook:<\/span><\/em><\/span><\/p>\n<p><span style=\"font-size: 14pt\"><a href=\"https:\/\/www.facebook.com\/isa.lobo.35\" target=\"_blank\" rel=\"noopener noreferrer\"><img loading=\"lazy\" decoding=\"async\" class=\"\" src=\"https:\/\/imgbox.es\/images\/2020\/04\/04\/face0c348e9d8147575f.jpg\" width=\"267\" height=\"77\" \/><\/a><\/span><\/p>\n<p><span style=\"font-size: 14pt\"><em><a href=\"https:\/\/www.facebook.com\/isa.lobo.35\" target=\"_blank\" rel=\"noopener noreferrer\">https:\/\/www.facebook.com\/isa.lobo.35<\/a><\/em><\/span><\/p>\n<p><span style=\"font-size: 14pt\"><img loading=\"lazy\" decoding=\"async\" src=\"https:\/\/imgbox.es\/images\/2020\/03\/23\/separadora4a37c028d732afc.jpg\" width=\"161\" height=\"13\" border=\"0\" \/><\/span><\/p>\n<p><span style=\"font-size: 14pt\"><img loading=\"lazy\" decoding=\"async\" class=\"\" src=\"https:\/\/lh5.googleusercontent.com\/-EagfeOZlyrA\/UxWwyYG_ENI\/AAAAAAAAAOY\/czSLXNnWRI4\/s313-no\/530e61a8bdf7aa05468ca1aa23a29f00.png\" width=\"165\" height=\"165\" \/><\/span><\/p>\n<p><img loading=\"lazy\" decoding=\"async\" src=\"https:\/\/imgbox.es\/images\/2020\/03\/23\/separadora4a37c028d732afc.jpg\" width=\"161\" height=\"13\" border=\"0\" \/><\/p>\n<p><span style=\"color: #800080;font-size: 14pt\"><strong><em>Coache educativo dende 2017 \u00a0\u00a0<\/em><\/strong><\/span><span style=\"color: #800000;font-size: 14pt\"><em><a href=\"https:\/\/www.facebook.com\/EmocionenAccionaac\" target=\"_blank\" rel=\"noopener noreferrer\">https:\/\/www.facebook.com\/EmocionenAccionaac<\/a><\/em><\/span><\/p>\n<p><span style=\"font-size: 14pt\"><img loading=\"lazy\" decoding=\"async\" src=\"https:\/\/imgbox.es\/images\/2020\/03\/23\/separadora4a37c028d732afc.jpg\" width=\"161\" height=\"13\" border=\"0\" \/><\/span><\/p>\n<blockquote><p><span style=\"color: #800080;font-size: 14pt\"><em>\u201cLo qu\u2019importa, mientres tamos equ\u00ed, ye la vida, la xente. Abrazar a los amigos, vivir feliz. Camudar el mundu. Y nam\u00e1s\u201d. (Oscar Niemeyer)<\/em><span style=\"color: #000000\"><br \/>\n<\/span><\/span><\/p><\/blockquote>\n<p><span style=\"font-size: 14pt\"><img loading=\"lazy\" decoding=\"async\" src=\"https:\/\/imgbox.es\/images\/2020\/03\/23\/separadora4a37c028d732afc.jpg\" width=\"161\" height=\"13\" border=\"0\" \/><\/span><\/p>\n<blockquote><p><span style=\"font-size: 14pt\"><span style=\"color: #800080\"><em>\u201cEl profesor tendr\u00eda d\u2019aspirar a convertise en referente na tema sobro\u2019l qu\u2019imparte clase, y que esa capacid\u00e1 de referencia tuviera un escaparate na web social\u201d. (Enrique Dans)<\/em><\/span><br \/>\n<\/span><\/p><\/blockquote>\n<p><span style=\"font-size: 14pt\"><img loading=\"lazy\" decoding=\"async\" src=\"https:\/\/imgbox.es\/images\/2020\/03\/23\/separadora4a37c028d732afc.jpg\" width=\"161\" height=\"13\" border=\"0\" \/><\/span><\/p>\n<blockquote><p><span style=\"font-size: 14pt\"><span style=\"color: #800080\"><em>\u201cLa tecnolox\u00eda camud\u00f3 la m\u00fasica, la fotograf\u00eda, la edici\u00f3n de llibros; camudaron los medios, o la manufactura d\u2019industries como l\u2019aceru, y agora ll\u00e9ga-y el vez a la educaci\u00f3n!\u00a0\u00a0\u00a0 (Israel Ruiz)<\/em><\/span><br \/>\n<\/span><\/p><\/blockquote>\n<p><span style=\"font-size: 14pt\"><img loading=\"lazy\" decoding=\"async\" src=\"https:\/\/imgbox.es\/images\/2020\/03\/23\/separadora4a37c028d732afc.jpg\" width=\"161\" height=\"13\" border=\"0\" \/><\/span><\/p>\n<blockquote><p><span style=\"color: #800080;font-size: 14pt\"><em>\u201cTratar d\u2019abrir les ventanes del mundu del aprendizaxe, ensin llendes, pero con respetu, ensin dolor, pero con esfuerzu, ensin traxedies, pero con MAXA\u201d.\u00a0 <\/em>(\u201d<em>L\u2019universu de les palabres<\/em>\u201d Mar Romera,Olga Mart\u00ednez).<\/span><\/p><\/blockquote>\n<\/div>\n<\/div>\n","protected":false},"excerpt":{"rendered":"<p>\u00a0 Maestra d\u00b4Infantil dende payares de 2004. Maestra d\u00b4Primaria dende setiembre de 2016. Maestra de Llingua A. dende setiembre de 2018. Nel Colexu Carmen Ruiz-Tilve dende setiembre de 2015\u2026 \u00a0 F\u00eda de maestra de pueblu, crec\u00ed ente llibros y fueyes anque\u00b4l dibuxu ye la xera pendiente na mio vida. Apasionada de las TIC\u00b4s desque les [&hellip;]<\/p>\n","protected":false},"author":117,"featured_media":0,"parent":459,"menu_order":0,"comment_status":"closed","ping_status":"closed","template":"","meta":{"footnotes":""},"class_list":["post-627","page","type-page","status-publish","hentry","post-preview"],"_links":{"self":[{"href":"https:\/\/edublog.educastur.es\/ixuxullingua\/wp-json\/wp\/v2\/pages\/627","targetHints":{"allow":["GET"]}}],"collection":[{"href":"https:\/\/edublog.educastur.es\/ixuxullingua\/wp-json\/wp\/v2\/pages"}],"about":[{"href":"https:\/\/edublog.educastur.es\/ixuxullingua\/wp-json\/wp\/v2\/types\/page"}],"author":[{"embeddable":true,"href":"https:\/\/edublog.educastur.es\/ixuxullingua\/wp-json\/wp\/v2\/users\/117"}],"replies":[{"embeddable":true,"href":"https:\/\/edublog.educastur.es\/ixuxullingua\/wp-json\/wp\/v2\/comments?post=627"}],"version-history":[{"count":1,"href":"https:\/\/edublog.educastur.es\/ixuxullingua\/wp-json\/wp\/v2\/pages\/627\/revisions"}],"predecessor-version":[{"id":628,"href":"https:\/\/edublog.educastur.es\/ixuxullingua\/wp-json\/wp\/v2\/pages\/627\/revisions\/628"}],"up":[{"embeddable":true,"href":"https:\/\/edublog.educastur.es\/ixuxullingua\/wp-json\/wp\/v2\/pages\/459"}],"wp:attachment":[{"href":"https:\/\/edublog.educastur.es\/ixuxullingua\/wp-json\/wp\/v2\/media?parent=627"}],"curies":[{"name":"wp","href":"https:\/\/api.w.org\/{rel}","templated":true}]}}