{"id":671,"date":"2020-08-16T13:11:54","date_gmt":"2020-08-16T13:11:54","guid":{"rendered":"https:\/\/edublog.educastur.es\/ixuxullingua\/?page_id=671"},"modified":"2020-08-16T13:11:54","modified_gmt":"2020-08-16T13:11:54","slug":"rtpa","status":"publish","type":"page","link":"https:\/\/edublog.educastur.es\/ixuxullingua\/tv\/rtpa\/","title":{"rendered":"RTPA"},"content":{"rendered":"<div class=\"entry\">\n<h3><strong><em><span style=\"color: #333399\"><span style=\"color: #0000ff\">\u00a0 <\/span><a href=\"https:\/\/www.rtpa.es\/tpa-alacarta\" target=\"_blank\" rel=\"noopener noreferrer\"><span style=\"color: #0000ff\">TPA\u00a0 A\u00a0 LA\u00a0 CARTA<\/span>: List\u00e1u<\/a><\/span><\/em><\/strong><\/h3>\n<p align=\"left\">\u00a0\u00a0\u00a0\u00a0\u00a0\u00a0\u00a0 <img loading=\"lazy\" decoding=\"async\" src=\"https:\/\/imgbox.es\/images\/2020\/04\/04\/rtpa678c581245bb12ed.jpg\" width=\"233\" height=\"70\" \/><\/p>\n<ul>\n<li><a href=\"https:\/\/www.rtpa.es\/tpa-programa:Dicires_1327576489.html\" target=\"_blank\" rel=\"noopener noreferrer\">Programa <strong><em>DICIRES<\/em><\/strong><\/a><\/li>\n<li><a href=\"https:\/\/www.rtpa.es\/video:el%20picu_551585954828.html\" target=\"_blank\" rel=\"noopener noreferrer\">Programa concursu <\/a><strong><em><a href=\"https:\/\/www.rtpa.es\/video:el%20picu_551585954828.html\" target=\"_blank\" rel=\"noopener noreferrer\">EL PICU<\/a><\/em><\/strong><\/li>\n<li><a href=\"https:\/\/www.rtpa.es\/video:actu%20poeticu-musical%20biltar_1367855558.html\" target=\"_blank\" rel=\"noopener noreferrer\"><em>Actu po\u00e9ticu-musical Biltar<\/em><\/a><\/li>\n<li><em><a href=\"https:\/\/www.rtpa.es\/video:al%20platu%20vendras_551419554533.html\" target=\"_blank\" rel=\"noopener noreferrer\">Programa <strong>Al platu vendr\u00e1s<\/strong><\/a><\/em><\/li>\n<li><a href=\"https:\/\/www.rtpa.es\/video:benvidos,%20bienllegaos_551578011158.html\" target=\"_blank\" rel=\"noopener noreferrer\">Programa<\/a><em><strong><a href=\"https:\/\/www.rtpa.es\/video:benvidos,%20bienllegaos_551578011158.html\" target=\"_blank\" rel=\"noopener noreferrer\"> Bienllegaos<\/a><\/strong><\/em><\/li>\n<li><a href=\"https:\/\/www.rtpa.es\/video:camin_551481499721.html\" target=\"_blank\" rel=\"noopener noreferrer\">Programa <\/a><em><strong><a href=\"https:\/\/www.rtpa.es\/video:camin_551481499721.html\" target=\"_blank\" rel=\"noopener noreferrer\">Cam\u00edn<\/a><\/strong><\/em><\/li>\n<li><a href=\"https:\/\/www.rtpa.es\/video:cantadera_551577580761.html\" target=\"_blank\" rel=\"noopener noreferrer\">Programa <\/a><em><strong><a href=\"https:\/\/www.rtpa.es\/video:cantadera_551577580761.html\" target=\"_blank\" rel=\"noopener noreferrer\">Cantadera<\/a><\/strong><\/em><\/li>\n<li><a href=\"https:\/\/www.rtpa.es\/video:concierto%20anabel%20santiago_1520366994.html\" target=\"_blank\" rel=\"noopener noreferrer\">Conciertu <\/a><em><strong><a href=\"https:\/\/www.rtpa.es\/video:concierto%20anabel%20santiago_1520366994.html\" target=\"_blank\" rel=\"noopener noreferrer\">d\u00b4Anabel Santiago<\/a><\/strong><\/em><\/li>\n<li><a href=\"https:\/\/www.rtpa.es\/video:concierto%20silvia%20quesada_551574037086.html\" target=\"_blank\" rel=\"noopener noreferrer\">Conciertu de <\/a><em><strong><a href=\"https:\/\/www.rtpa.es\/video:concierto%20silvia%20quesada_551574037086.html\" target=\"_blank\" rel=\"noopener noreferrer\">Silvia Quesada<\/a><\/strong><\/em><\/li>\n<li><a href=\"https:\/\/www.rtpa.es\/video:concierto%20xera,%20'arbore'_1422347112.html\" target=\"_blank\" rel=\"noopener noreferrer\">Conciertu <\/a><em><strong><a href=\"https:\/\/www.rtpa.es\/video:concierto%20xera,%20'arbore'_1422347112.html\" target=\"_blank\" rel=\"noopener noreferrer\">Xera \u201c\u00c1rbore\u201d<\/a><\/strong><\/em><\/li>\n<li><a href=\"https:\/\/www.rtpa.es\/video:falame_551510528153.html\" target=\"_blank\" rel=\"noopener noreferrer\">Programa<\/a><em><strong><a href=\"https:\/\/www.rtpa.es\/video:falame_551510528153.html\" target=\"_blank\" rel=\"noopener noreferrer\"> F\u00e1lame<\/a><\/strong><\/em><\/li>\n<li><a href=\"https:\/\/www.rtpa.es\/video:guelos_551387756822.html\" target=\"_blank\" rel=\"noopener noreferrer\">Programa<\/a><em><strong><a href=\"https:\/\/www.rtpa.es\/video:guelos_551387756822.html\" target=\"_blank\" rel=\"noopener noreferrer\"> G\u00fcelos<\/a><\/strong><\/em><\/li>\n<li><a href=\"https:\/\/www.rtpa.es\/video:iguales_551551654842.html\" target=\"_blank\" rel=\"noopener noreferrer\">Programa<\/a><em><strong><a href=\"https:\/\/www.rtpa.es\/video:iguales_551551654842.html\" target=\"_blank\" rel=\"noopener noreferrer\"> Iguales<\/a><\/strong><\/em><\/li>\n<li><a href=\"https:\/\/www.rtpa.es\/video:iguales%20por%20definicion_1547577264.html\" target=\"_blank\" rel=\"noopener noreferrer\">Programa <\/a><em><strong><a href=\"https:\/\/www.rtpa.es\/video:iguales%20por%20definicion_1547577264.html\" target=\"_blank\" rel=\"noopener noreferrer\">Iguales por definici\u00f3n<\/a><\/strong><\/em><\/li>\n<li><a href=\"https:\/\/www.rtpa.es\/video:mazcaraes%20d'iviernu_551357910683.html\" target=\"_blank\" rel=\"noopener noreferrer\">Programa<\/a><em><strong><a href=\"https:\/\/www.rtpa.es\/video:mazcaraes%20d'iviernu_551357910683.html\" target=\"_blank\" rel=\"noopener noreferrer\"> Mazcar\u00e1es d\u00b4iviernu<\/a><\/strong><\/em><\/li>\n<li><a href=\"https:\/\/www.rtpa.es\/video:mirasturies:%20el%20pasau%20recien_551325201959.html\" target=\"_blank\" rel=\"noopener noreferrer\">Programa<\/a><em><strong><a href=\"https:\/\/www.rtpa.es\/video:mirasturies:%20el%20pasau%20recien_551325201959.html\" target=\"_blank\" rel=\"noopener noreferrer\"> Mirasturies: el pas\u00e1u reci\u00e9n<\/a><\/strong><\/em><\/li>\n<li><a href=\"https:\/\/www.rtpa.es\/video:nel%20cantu%20la%20memoria_551531900366.html\" target=\"_blank\" rel=\"noopener noreferrer\">Programa<\/a><em><strong><a href=\"https:\/\/www.rtpa.es\/video:nel%20cantu%20la%20memoria_551531900366.html\" target=\"_blank\" rel=\"noopener noreferrer\"> Nel cantu la memoria<\/a><\/strong><\/em><\/li>\n<li><a href=\"https:\/\/www.rtpa.es\/video:nora,%20mauro%20y%20los%20suanos_1401135595.html\" target=\"_blank\" rel=\"noopener noreferrer\">Programa <\/a><em><strong><a href=\"https:\/\/www.rtpa.es\/video:nora,%20mauro%20y%20los%20suanos_1401135595.html\" target=\"_blank\" rel=\"noopener noreferrer\">Nora, Mauro y los sua\u00f1os<\/a><\/strong><\/em><\/li>\n<li><a href=\"https:\/\/www.rtpa.es\/video:nos_551350887178.html\" target=\"_blank\" rel=\"noopener noreferrer\">Programa<\/a><em><strong><a href=\"https:\/\/www.rtpa.es\/video:nos_551350887178.html\" target=\"_blank\" rel=\"noopener noreferrer\"> Nos<\/a><\/strong><\/em><\/li>\n<li><a href=\"https:\/\/www.rtpa.es\/video:pieces_551585922355.html\" target=\"_blank\" rel=\"noopener noreferrer\">Programa<\/a><em><strong><a href=\"https:\/\/www.rtpa.es\/video:pieces_551585922355.html\" target=\"_blank\" rel=\"noopener noreferrer\"> Pieces<\/a><\/strong><\/em><\/li>\n<li><a href=\"https:\/\/www.rtpa.es\/video:premiu%20al%20meyor%20cantar_551556701254.html\" target=\"_blank\" rel=\"noopener noreferrer\">Programa <\/a><em><strong><a href=\"https:\/\/www.rtpa.es\/video:premiu%20al%20meyor%20cantar_551556701254.html\" target=\"_blank\" rel=\"noopener noreferrer\">Premiu al meyor cantar<\/a><\/strong><\/em><\/li>\n<li><a href=\"https:\/\/www.rtpa.es\/video:rtpa%20con%20la%20infancia_551574089862.html\" target=\"_blank\" rel=\"noopener noreferrer\">Programa <\/a><em><strong><a href=\"https:\/\/www.rtpa.es\/video:rtpa%20con%20la%20infancia_551574089862.html\" target=\"_blank\" rel=\"noopener noreferrer\">RTPA con la infancia<\/a><\/strong><\/em><\/li>\n<li><a href=\"https:\/\/www.rtpa.es\/video:sacame%20pola%20pinta_551547455620.html\" target=\"_blank\" rel=\"noopener noreferrer\">Programa<\/a><em><strong><a href=\"https:\/\/www.rtpa.es\/video:sacame%20pola%20pinta_551547455620.html\" target=\"_blank\" rel=\"noopener noreferrer\"> S\u00e1came pola pinta!<\/a><\/strong><\/em><\/li>\n<li><a href=\"https:\/\/www.rtpa.es\/video:selmana%20de%20les%20lletres%20asturianes%202017_1494310818.html\" target=\"_blank\" rel=\"noopener noreferrer\">Programa<em><strong> 2017\u00a0 Selmana de les lletres<\/strong><\/em><\/a><\/li>\n<li><a href=\"https:\/\/www.rtpa.es\/video:selmana%20de%20les%20lletres%20asturianes%202018_1525761342.html\" target=\"_blank\" rel=\"noopener noreferrer\">Programa<em><strong> 2018 Selmana de les lletres<\/strong><\/em><\/a><\/li>\n<li><a href=\"https:\/\/www.rtpa.es\/video:selmana%20de%20les%20lletres%20asturianes%202019_551558021895.html\" target=\"_blank\" rel=\"noopener noreferrer\">Programa<em><strong> 2019 Selmana de les lletres<\/strong><\/em><\/a><\/li>\n<li><a href=\"https:\/\/www.rtpa.es\/video:aprende%20con%20tpa_551585957797.html\" target=\"_blank\" rel=\"noopener noreferrer\">Programa <\/a><strong><em><a href=\"https:\/\/www.rtpa.es\/video:aprende%20con%20tpa_551585957797.html\" target=\"_blank\" rel=\"noopener noreferrer\">Aprende con TPA<\/a> <\/em><\/strong><\/li>\n<\/ul>\n<p><img loading=\"lazy\" decoding=\"async\" src=\"https:\/\/imgbox.es\/images\/2020\/03\/23\/separadora4a37c028d732afc.jpg\" width=\"484\" height=\"37\" \/><\/p>\n<ul>\n<li><a href=\"https:\/\/www.educastur.es\/-\/el-primer-capitulo-de-educastur-tv-ya-se-puede-ver-online\" target=\"_blank\" rel=\"noopener noreferrer\">Ver <strong><em>Educastur TV <\/em><\/strong>na p\u00e1xina de Educastur <\/a><\/li>\n<li><span style=\"color: #808080\"><em>Educastur TV ufierta conten\u00edos al alumn\u00e1u mientres la suspensi\u00f3n de l\u2019activid\u00e1 lectiva presencial pol est\u00e1u d\u2019alarma. <\/em><\/span><\/li>\n<li><a href=\"https:\/\/www.rtpa.es\/video:Aprende%20con%20TPA_551585957797.html\" target=\"_blank\" rel=\"noopener noreferrer\"><img loading=\"lazy\" decoding=\"async\" src=\"https:\/\/imgbox.es\/images\/2020\/04\/04\/educastur_tva7e7881229ef97b8.jpg\" width=\"270\" height=\"152\" \/> <\/a><\/li>\n<li><a href=\"https:\/\/www.rtpa.es\/video:Aprende%20con%20TPA_551585957797.html\" target=\"_blank\" rel=\"noopener noreferrer\">Ver programa <strong><em>Educastur TV <\/em><\/strong>(43 min) 3 d\u00b4abril.<\/a><\/li>\n<li><span style=\"color: #808080\">TPA pon en marcha l\u2019espaciu Apriende con TPA, nel que s\u2019incl\u00fai\u2019l programa <strong><em>Educastur TV<\/em><\/strong>, impuls\u00e1u pola Conseyer\u00eda d\u2019Educaci\u00f3n, en collaboraci\u00f3n con RTPA, seg\u00fan los programes d\u2019<em><strong>Empresta Asgaya<\/strong><\/em>,\u00a0 <strong><em>Dicires <\/em><\/strong>y <strong><em>F\u00e1lame<\/em><\/strong>.<\/span><\/li>\n<li><span style=\"color: #808080\"><strong><a href=\"https:\/\/asturianutpa.wordpress.com\/\" target=\"_blank\" rel=\"noopener noreferrer\">P\u00e1xina <em>web<\/em><\/a><em><a href=\"https:\/\/asturianutpa.wordpress.com\/\" target=\"_blank\" rel=\"noopener noreferrer\">\u00a0 L\u00b4asturianu<br \/>\n<\/a><br \/>\n<\/em><\/strong><\/span><\/li>\n<li><span style=\"color: #808080\"><strong><em><a href=\"https:\/\/asturianutpa.wordpress.com\/\" target=\"_blank\" rel=\"noopener noreferrer\"><img loading=\"lazy\" decoding=\"async\" src=\"https:\/\/imgbox.es\/images\/2020\/04\/04\/asturianuTPA6bf9c50cae7ebe3d.jpg\" width=\"250\" height=\"250\" \/> <\/a><\/em><\/strong><\/span><\/li>\n<\/ul>\n<p><img loading=\"lazy\" decoding=\"async\" src=\"https:\/\/imgbox.es\/images\/2020\/03\/23\/separadora4a37c028d732afc.jpg\" width=\"484\" height=\"37\" \/><\/p>\n<p><strong><em>Programa \u201cEducastur TV\u201d n\u00b4asturianu<\/em><\/strong><\/p>\n<ul>\n<li><a href=\"http:\/\/asturies.com\/noticies\/tpa-va-emitir-un-espaciu-educativu-duna-hora-con-guecu-pal-asturianu?fbclid=IwAR3rAnvuGe7TB5fA6-OWX-tgF62t3ClMAtvXHV1ARIf1NQbb54fVXcFOGm0\" target=\"_blank\" rel=\"noopener noreferrer\">Ver noticia n\u00b4<strong><em>Asturies.com<\/em><\/strong><\/a><\/li>\n<li><em>Ver noticia <a href=\"https:\/\/www.elbuscolu.com\/noticias-asturias\/el-gobierno-de-asturias-y-tpa-impulsan-un-programa-educativo-para-televisin-que-comenzar-a-emitirse-maana\/37586\" target=\"_blank\" rel=\"noopener noreferrer\"><strong>El B\u00fascolu<\/strong><\/a><\/em><\/li>\n<li><em>Ver noticia <\/em><strong><em><a href=\"https:\/\/www.lavanguardia.com\/local\/asturias\/20200402\/48274150940\/tpa-impulsa-un-programa-educativo-para-television-que-comenzara-a-emitirse-este-viernes.html\" target=\"_blank\" rel=\"noopener noreferrer\">La Vanguardia<\/a><br \/>\n<\/em><\/strong><\/li>\n<li><a href=\"https:\/\/asturianutpa.wordpress.com\/\" target=\"_blank\" rel=\"noopener noreferrer\"><strong><em>Ver web oficial<\/em><\/strong><\/a><\/li>\n<\/ul>\n<p><a href=\"https:\/\/asturianutpa.wordpress.com\/2020\/04\/02\/entamen-les-clases-neducasturtv-na-tpa\/?fbclid=IwAR2xaV66HBtcXhImFtEwTgNAt9D6yWf2hJwghgLhQ--ie8UD7-fhS3nw308\" target=\"_blank\" rel=\"noopener noreferrer\"><u><span style=\"color: #333399\"><em>Educastur TV <\/em><\/span><\/u><\/a>va ufrir conten\u00edos al alumn\u00e1u <u><span style=\"color: #333399\">en castellanu y asturianu <\/span><\/u>mientres la suspensi\u00f3n de l\u2019activid\u00e1 llectiva presencial pol est\u00e1u d\u2019alarma pola pandemia de SARS-CoV-2. <a href=\"https:\/\/asturianutpa.wordpress.com\/2020\/04\/02\/entamen-les-clases-neducasturtv-na-tpa\/?fbclid=IwAR2xaV66HBtcXhImFtEwTgNAt9D6yWf2hJwghgLhQ--ie8UD7-fhS3nw308\" target=\"_blank\" rel=\"noopener noreferrer\"><strong><em>Web<\/em><\/strong><\/a><\/p>\n<ul>\n<li>El profe: <a href=\"https:\/\/asturianutpa.wordpress.com\/elprofe\/\" target=\"_blank\" rel=\"noopener noreferrer\"><strong><em>Inaciu Gal\u00e1n<br \/>\n<\/em><\/strong><\/a><\/li>\n<li><em><u>Equipu collaboradores:<\/u><\/em><strong><em><br \/>\n<\/em><\/strong><br \/>\n<em>\u2013<u>Diego Sol\u00eds<\/u>, escritor y profesor d\u2019asturianu.<br \/>\n\u2013<u>Lluis Fanjul<\/u>, espertu n\u2019audiovisuales.<br \/>\n\u2013<u>V\u00edctor Su\u00e1rez<\/u>, maestru d\u2019asturianu.<br \/>\n\u2013<u>Eva Came\u00e1n<\/u>, bloguera y esperta en lliteratura<br \/>\nasturiana. <\/em><\/li>\n<\/ul>\n<ul>\n<li><a href=\"https:\/\/asturianutpa.wordpress.com\/\" target=\"_blank\" rel=\"noopener noreferrer\"><strong><em>Web oficial<\/em><\/strong><\/a><\/li>\n<li><a href=\"https:\/\/twitter.com\/asturianuTPA\/status\/1245734150851768322?ref_src=twsrc%5Etfw%7Ctwcamp%5Eembeddedtimeline%7Ctwterm%5Eprofile%3AasturianuTPA&amp;ref_url=https%3A%2F%2Fasturianutpa.wordpress.com%2Felprofe%2F\" target=\"_blank\" rel=\"noopener noreferrer\"><em>S\u00edguilo <strong>Twitter<\/strong>:<\/em><\/a><a title=\"\u200e@asturianuTPA on Twitter\">@asturianuTPA<\/a><\/li>\n<li><a href=\"https:\/\/www.facebook.com\/asturianuTPA\" target=\"_blank\" rel=\"noopener noreferrer\">S\u00edguilo en <strong>Facebook<\/strong><\/a><\/li>\n<li><a href=\"https:\/\/www.instagram.com\/p\/B-e9RL6Iyiv\/\" target=\"_blank\" rel=\"noopener noreferrer\">S\u00edguilo en <em><strong>Instagram<\/strong><\/em><\/a><\/li>\n<li><em>Ver<strong> <a href=\"https:\/\/asturianutpa.wordpress.com\/xeres\/\" target=\"_blank\" rel=\"noopener noreferrer\">Xeres<\/a><\/strong><\/em><\/li>\n<li><em>Ver<strong> <a href=\"https:\/\/asturianutpa.wordpress.com\/ferramientes\/\" target=\"_blank\" rel=\"noopener noreferrer\">ferramientes<\/a><\/strong><\/em><\/li>\n<li><em>Ver <strong><a href=\"https:\/\/asturianutpa.wordpress.com\/recursos\/\" target=\"_blank\" rel=\"noopener noreferrer\">recursos<\/a><\/strong><\/em><\/li>\n<li><em><strong><a href=\"https:\/\/asturianutpa.wordpress.com\/contactu\/\" target=\"_blank\" rel=\"noopener noreferrer\">Contactu<\/a><br \/>\n<\/strong><\/em><\/li>\n<\/ul>\n<p>Va emitise nel espaciu<span style=\"color: #333399\"> \u2018<strong><em>Aprende con TPA<\/em><\/strong>\u2019\u00a0 <\/span>de llunes a viernes, <span style=\"color: #333399\"><strong>de 10.30 a 11:30 hores na canal A7<\/strong><\/span>, y una hora m\u00e1s tarde,<strong><em> de 11.30 a 12.30 na A8.<\/em><\/strong><\/p>\n<p>Participen un total de 20 docentes de toda Asturies, que van poner un conten\u00edu que <span style=\"color: #333399\">permiter desarrollar competencies y capacidaes<\/span> adaptaes a les diferentes etapes educatives\u2026<\/p>\n<\/div>\n","protected":false},"excerpt":{"rendered":"<p>\u00a0 TPA\u00a0 A\u00a0 LA\u00a0 CARTA: List\u00e1u \u00a0\u00a0\u00a0\u00a0\u00a0\u00a0\u00a0 Programa DICIRES Programa concursu EL PICU Actu po\u00e9ticu-musical Biltar Programa Al platu vendr\u00e1s Programa Bienllegaos Programa Cam\u00edn Programa Cantadera Conciertu d\u00b4Anabel Santiago Conciertu de Silvia Quesada Conciertu Xera \u201c\u00c1rbore\u201d Programa F\u00e1lame Programa G\u00fcelos Programa Iguales Programa Iguales por definici\u00f3n Programa Mazcar\u00e1es d\u00b4iviernu Programa Mirasturies: el pas\u00e1u reci\u00e9n Programa [&hellip;]<\/p>\n","protected":false},"author":117,"featured_media":0,"parent":98,"menu_order":0,"comment_status":"closed","ping_status":"closed","template":"","meta":{"footnotes":""},"class_list":["post-671","page","type-page","status-publish","hentry","post-preview"],"_links":{"self":[{"href":"https:\/\/edublog.educastur.es\/ixuxullingua\/wp-json\/wp\/v2\/pages\/671","targetHints":{"allow":["GET"]}}],"collection":[{"href":"https:\/\/edublog.educastur.es\/ixuxullingua\/wp-json\/wp\/v2\/pages"}],"about":[{"href":"https:\/\/edublog.educastur.es\/ixuxullingua\/wp-json\/wp\/v2\/types\/page"}],"author":[{"embeddable":true,"href":"https:\/\/edublog.educastur.es\/ixuxullingua\/wp-json\/wp\/v2\/users\/117"}],"replies":[{"embeddable":true,"href":"https:\/\/edublog.educastur.es\/ixuxullingua\/wp-json\/wp\/v2\/comments?post=671"}],"version-history":[{"count":1,"href":"https:\/\/edublog.educastur.es\/ixuxullingua\/wp-json\/wp\/v2\/pages\/671\/revisions"}],"predecessor-version":[{"id":672,"href":"https:\/\/edublog.educastur.es\/ixuxullingua\/wp-json\/wp\/v2\/pages\/671\/revisions\/672"}],"up":[{"embeddable":true,"href":"https:\/\/edublog.educastur.es\/ixuxullingua\/wp-json\/wp\/v2\/pages\/98"}],"wp:attachment":[{"href":"https:\/\/edublog.educastur.es\/ixuxullingua\/wp-json\/wp\/v2\/media?parent=671"}],"curies":[{"name":"wp","href":"https:\/\/api.w.org\/{rel}","templated":true}]}}