{"id":69,"date":"2020-07-18T00:01:45","date_gmt":"2020-07-18T00:01:45","guid":{"rendered":"https:\/\/edublog.educastur.es\/ixuxullingua\/?page_id=69"},"modified":"2020-08-10T11:30:17","modified_gmt":"2020-08-10T11:30:17","slug":"colexu","status":"publish","type":"page","link":"https:\/\/edublog.educastur.es\/ixuxullingua\/colexu\/","title":{"rendered":"Colexu"},"content":{"rendered":"<table style=\"border-collapse: collapse;width: 23.7091%;height: 433px\">\n<tbody>\n<tr>\n<td style=\"width: 100%\">\n<h2 style=\"text-align: center\"><img loading=\"lazy\" decoding=\"async\" class=\"wp-image-483 aligncenter\" src=\"http:\/\/edublog.educastur.es\/ixuxullingua\/files\/2020\/08\/CARMEN_RUIZ-TILVE_ARIAS.jpg\" alt=\"\" width=\"215\" height=\"267\" srcset=\"https:\/\/edublog.educastur.es\/ixuxullingua\/files\/2020\/08\/CARMEN_RUIZ-TILVE_ARIAS.jpg 612w, https:\/\/edublog.educastur.es\/ixuxullingua\/files\/2020\/08\/CARMEN_RUIZ-TILVE_ARIAS-241x300.jpg 241w\" sizes=\"auto, (max-width: 215px) 100vw, 215px\" \/><br \/>\n<span style=\"font-size: 14pt\"><em>D\u00f1a. Carmen Ruiz-Tilve<\/em><\/span><\/h2>\n<ul>\n<li><a href=\"https:\/\/es.wikipedia.org\/wiki\/Carmen_Ruiz-Tilve\"><em><span style=\"font-size: 14pt\">Biograf\u00eda<\/span><\/em><\/a><\/li>\n<\/ul>\n<\/td>\n<\/tr>\n<\/tbody>\n<\/table>\n<p><img loading=\"lazy\" decoding=\"async\" class=\"\" src=\"https:\/\/imgbox.es\/images\/2020\/03\/23\/separadora4a37c028d732afc.jpg\" width=\"322\" height=\"26\" border=\"0\" \/><\/p>\n<p><img loading=\"lazy\" decoding=\"async\" class=\"alignnone wp-image-481\" src=\"http:\/\/edublog.educastur.es\/ixuxullingua\/files\/2020\/08\/FINAL-LOGO-ANAGRAMA-CP-CARMEN-RUIZ-TILVE-2018-scaled.jpg\" alt=\"\" width=\"359\" height=\"254\" srcset=\"https:\/\/edublog.educastur.es\/ixuxullingua\/files\/2020\/08\/FINAL-LOGO-ANAGRAMA-CP-CARMEN-RUIZ-TILVE-2018-scaled.jpg 2560w, https:\/\/edublog.educastur.es\/ixuxullingua\/files\/2020\/08\/FINAL-LOGO-ANAGRAMA-CP-CARMEN-RUIZ-TILVE-2018-300x212.jpg 300w, https:\/\/edublog.educastur.es\/ixuxullingua\/files\/2020\/08\/FINAL-LOGO-ANAGRAMA-CP-CARMEN-RUIZ-TILVE-2018-1024x724.jpg 1024w, https:\/\/edublog.educastur.es\/ixuxullingua\/files\/2020\/08\/FINAL-LOGO-ANAGRAMA-CP-CARMEN-RUIZ-TILVE-2018-768x543.jpg 768w, https:\/\/edublog.educastur.es\/ixuxullingua\/files\/2020\/08\/FINAL-LOGO-ANAGRAMA-CP-CARMEN-RUIZ-TILVE-2018-1536x1086.jpg 1536w, https:\/\/edublog.educastur.es\/ixuxullingua\/files\/2020\/08\/FINAL-LOGO-ANAGRAMA-CP-CARMEN-RUIZ-TILVE-2018-2048x1448.jpg 2048w, https:\/\/edublog.educastur.es\/ixuxullingua\/files\/2020\/08\/FINAL-LOGO-ANAGRAMA-CP-CARMEN-RUIZ-TILVE-2018-676x478.jpg 676w\" sizes=\"auto, (max-width: 359px) 100vw, 359px\" \/><\/p>\n<h2><span style=\"font-size: 18pt;color: #003366\"><em><strong>Colexu P\u00fablicu Carmen Ruiz-Tilve<\/strong><\/em><\/span><\/h2>\n<div class=\"entry\">\n<p><em><span style=\"font-size: 14pt\">Cai Institutu Alfonso II, n\u00ba8\u00a0\u00a0\u00a0\u00a0 <\/span><\/em><strong><em><span style=\"font-size: 14pt\">Prau de la Vega &#8211; Uvi\u00e9u\u00a0\u00a0 33010<br \/>\n<\/span><\/em><\/strong><\/p>\n<p><a href=\"https:\/\/goo.gl\/maps\/MRBHsqwXjxDZqmBG9\"><em><span style=\"font-size: 14pt\">Localizaci\u00f3n en MAPS<\/span><\/em><\/a><\/p>\n<p><em><span style=\"font-size: 14pt\">Tel\u00e9fonu: 985 282 188<\/span><\/em><br \/>\n<em><span style=\"font-size: 14pt\">M\u00f3vil Infantil: 615119020<\/span><\/em><br \/>\n<em><span style=\"font-size: 14pt\">M\u00f3vil Primaria: 615119014<br \/>\nFax: 985110558<br \/>\n<\/span><\/em><\/p>\n<p><em><span style=\"font-size: 14pt\">Web: <\/span><a href=\"https:\/\/alojaweb.educastur.es\/web\/carmenruiztilve\" target=\"_blank\" rel=\"noopener noreferrer\"><em><span style=\"font-size: 14pt\">https:\/\/alojaweb.educastur.es\/web\/carmenruiztilve<\/span><\/em><\/a><\/em><\/p>\n<p><img loading=\"lazy\" decoding=\"async\" src=\"https:\/\/imgbox.es\/images\/2020\/03\/24\/cole_neaae17ac3ba1208c.jpg\" width=\"381\" height=\"128\" \/><\/p>\n<p><span style=\"font-size: 14pt\">Corr\u00e9u: <\/span><em><a href=\"mailto:corredoria3@educastur.org\" target=\"_blank\" rel=\"noopener noreferrer\"><span style=\"font-size: 14pt\">corredoria3@educastur.org<\/span><\/a><\/em><\/p>\n<p>&nbsp;<\/p>\n<p align=\"left\"><a href=\"https:\/\/alojaweb.educastur.es\/web\/carmenruiztilve\" target=\"_parent\" rel=\"noopener noreferrer\"><img loading=\"lazy\" decoding=\"async\" class=\"\" src=\"https:\/\/alojaweb.educastur.es\/documents\/1928318\/2572443\/1060x240_a.jpg\/b8d876d3-6092-4374-ba13-745776e798be?t=1515242567145\" width=\"380\" height=\"86\" border=\"1\" \/>\u00a0 accesu\u00a0 Profesor\u00e1u<\/a><\/p>\n<p align=\"left\"><a href=\"https:\/\/alojaweb.educastur.es\/web\/carmenruiztilve\" target=\"_parent\" rel=\"noopener noreferrer\"><img loading=\"lazy\" decoding=\"async\" class=\"\" src=\"https:\/\/i.pinimg.com\/originals\/22\/8f\/6b\/228f6b17303a46157ca3600925ec141b.jpg\" width=\"380\" height=\"285\" border=\"1\" \/>\u00a0 accesu de Primaria<\/a><\/p>\n<p align=\"left\"><img loading=\"lazy\" decoding=\"async\" class=\"\" src=\"https:\/\/imgbox.es\/images\/2020\/03\/23\/separadora4a37c028d732afc.jpg\" width=\"372\" height=\"30\" border=\"0\" \/><\/p>\n<p align=\"left\"><a href=\"https:\/\/imgbox.es\/images\/2020\/04\/02\/ampa_17db2cf1269591a2e.jpg\" target=\"_blank\" rel=\"noopener noreferrer\"><img loading=\"lazy\" decoding=\"async\" src=\"https:\/\/imgbox.es\/images\/2020\/04\/02\/ampa_17db2cf1269591a2e.jpg\" width=\"362\" height=\"104\" \/><\/a> \u00a0\u00a0\u00a0\u00a0\u00a0\u00a0\u00a0 <img loading=\"lazy\" decoding=\"async\" class=\"alignnone wp-image-484\" src=\"http:\/\/edublog.educastur.es\/ixuxullingua\/files\/2020\/08\/logo_AMPA_Corredoria3_b.png\" alt=\"\" width=\"226\" height=\"201\" srcset=\"https:\/\/edublog.educastur.es\/ixuxullingua\/files\/2020\/08\/logo_AMPA_Corredoria3_b.png 528w, https:\/\/edublog.educastur.es\/ixuxullingua\/files\/2020\/08\/logo_AMPA_Corredoria3_b-300x267.png 300w\" sizes=\"auto, (max-width: 226px) 100vw, 226px\" \/><\/p>\n<p align=\"left\">\n<\/div>\n<p align=\"left\"><img loading=\"lazy\" decoding=\"async\" class=\"\" src=\"https:\/\/imgbox.es\/images\/2020\/03\/23\/separadora4a37c028d732afc.jpg\" width=\"372\" height=\"30\" border=\"0\" \/><\/p>\n<div class=\"entry\"><\/div>\n<div><\/div>\n<div>\n<!-- iframe plugin v.6.0 wordpress.org\/plugins\/iframe\/ -->\n<iframe loading=\"lazy\" src=\"https:\/\/www.google.com\/maps\/embed?pb=!1m14!1m8!1m3!1d11599.298252560804!2d-5.8162138!3d43.3806922!3m2!1i1024!2i768!4f13.1!3m3!1m2!1s0x0%3A0xcd42cc7f4545354c!2sColegio%20Carmen%20Ruiz%20Tilve%2C%20Corredoria%20III!5e0!3m2!1ses!2ses!4v1597058403066!5m2!1ses!2ses\" width=\"690\" height=\"518\" frameborder=\"0\" style=\"border:0;\" allowfullscreen aria-hidden=\"false\" 0=\"tabindex=&quot;0&quot;&gt;&lt;\/iframe\" scrolling=\"yes\" class=\"iframe-class\"><\/iframe>\n<\/div>\n","protected":false},"excerpt":{"rendered":"<p>D\u00f1a. Carmen Ruiz-Tilve Biograf\u00eda Colexu P\u00fablicu Carmen Ruiz-Tilve Cai Institutu Alfonso II, n\u00ba8\u00a0\u00a0\u00a0\u00a0 Prau de la Vega &#8211; Uvi\u00e9u\u00a0\u00a0 33010 Localizaci\u00f3n en MAPS Tel\u00e9fonu: 985 282 188 M\u00f3vil Infantil: 615119020 M\u00f3vil Primaria: 615119014 Fax: 985110558 Web: https:\/\/alojaweb.educastur.es\/web\/carmenruiztilve Corr\u00e9u: corredoria3@educastur.org &nbsp; \u00a0 accesu\u00a0 Profesor\u00e1u \u00a0 accesu de Primaria \u00a0\u00a0\u00a0\u00a0\u00a0\u00a0\u00a0<\/p>\n","protected":false},"author":117,"featured_media":0,"parent":0,"menu_order":9,"comment_status":"closed","ping_status":"closed","template":"","meta":{"footnotes":""},"class_list":["post-69","page","type-page","status-publish","hentry","post-preview"],"_links":{"self":[{"href":"https:\/\/edublog.educastur.es\/ixuxullingua\/wp-json\/wp\/v2\/pages\/69","targetHints":{"allow":["GET"]}}],"collection":[{"href":"https:\/\/edublog.educastur.es\/ixuxullingua\/wp-json\/wp\/v2\/pages"}],"about":[{"href":"https:\/\/edublog.educastur.es\/ixuxullingua\/wp-json\/wp\/v2\/types\/page"}],"author":[{"embeddable":true,"href":"https:\/\/edublog.educastur.es\/ixuxullingua\/wp-json\/wp\/v2\/users\/117"}],"replies":[{"embeddable":true,"href":"https:\/\/edublog.educastur.es\/ixuxullingua\/wp-json\/wp\/v2\/comments?post=69"}],"version-history":[{"count":8,"href":"https:\/\/edublog.educastur.es\/ixuxullingua\/wp-json\/wp\/v2\/pages\/69\/revisions"}],"predecessor-version":[{"id":490,"href":"https:\/\/edublog.educastur.es\/ixuxullingua\/wp-json\/wp\/v2\/pages\/69\/revisions\/490"}],"wp:attachment":[{"href":"https:\/\/edublog.educastur.es\/ixuxullingua\/wp-json\/wp\/v2\/media?parent=69"}],"curies":[{"name":"wp","href":"https:\/\/api.w.org\/{rel}","templated":true}]}}