{"id":83,"date":"2020-07-18T00:09:37","date_gmt":"2020-07-18T00:09:37","guid":{"rendered":"https:\/\/edublog.educastur.es\/ixuxullingua\/?page_id=83"},"modified":"2020-07-18T09:16:23","modified_gmt":"2020-07-18T09:16:23","slug":"educastur-tv-2","status":"publish","type":"page","link":"https:\/\/edublog.educastur.es\/ixuxullingua\/tv\/educastur-tv-2\/","title":{"rendered":"Educastur TV ast"},"content":{"rendered":"<p><a href=\"https:\/\/www.rtpa.es\/video:Aprende%20con%20TPA_551585957797.html\" target=\"_blank\" rel=\"noopener noreferrer\"><img loading=\"lazy\" decoding=\"async\" src=\"https:\/\/imgbox.es\/images\/2020\/04\/11\/aprendeTPA1e2dcbaaada8109b.jpg\" width=\"398\" height=\"170\" \/><i><u>P\u00e1xina<\/u><\/i><\/a><\/p>\n<h2><i><span style=\"color: #008000\">Clas d\u00b4Asturianu de <\/span><b><span style=\"color: #008000\">Llinu \u00c1lvare<\/span><\/b> <u>Colexu P. Ant\u00f3n de Marirreguera <\/u><span style=\"color: #008000\"><b>pa escolinos d\u00b4Educaci\u00f3n Primaria <\/b><\/span><\/i><\/h2>\n<p><img loading=\"lazy\" decoding=\"async\" src=\"https:\/\/static1.elcomercio.es\/www\/pre2017\/multimedia\/noticias\/201604\/25\/media\/cortadas\/llinu-alvare-santidrian--575x323.jpg\" width=\"288\" height=\"162\" \/><\/p>\n<p><img loading=\"lazy\" decoding=\"async\" src=\"https:\/\/imgbox.es\/images\/2020\/03\/23\/separadora4a37c028d732afc.jpg\" width=\"322\" height=\"26\" \/><\/p>\n<h2><a href=\"https:\/\/www.rtpa.es\/video:Aprende%20con%20TPA_551586226696.html\" target=\"_blank\" rel=\"noopener noreferrer\"><i>\u00a0Cap\u00edtulo 2)<b> Minutu 36:15 <\/b><\/i><\/a><\/h2>\n<h2><a href=\"https:\/\/www.rtpa.es\/video:Aprende%20con%20TPA_551586226696.html\" target=\"_blank\" rel=\"noopener noreferrer\"><i><b><span style=\"color: #008000\">Pexes de cascu<\/span><br \/>\n<\/b><\/i><\/a><\/h2>\n<p><img loading=\"lazy\" decoding=\"async\" src=\"https:\/\/imgbox.es\/images\/2020\/03\/23\/separadora4a37c028d732afc.jpg\" width=\"322\" height=\"26\" \/><\/p>\n<h2><a href=\"https:\/\/www.rtpa.es\/video:Aprende%20con%20TPA_551586818862.html\" target=\"_blank\" rel=\"noopener noreferrer\"><i>\u00a0Cap\u00edtulo 5)<b> Minutu 44:15<\/b><\/i><\/a><\/h2>\n<h2><u><i><span style=\"color: #008000\">M\u00e1s pexes&#8230; <\/span><\/i><\/u><\/h2>\n<p><img loading=\"lazy\" decoding=\"async\" src=\"https:\/\/imgbox.es\/images\/2020\/03\/23\/separadora4a37c028d732afc.jpg\" width=\"322\" height=\"26\" \/><\/p>\n<h2><a href=\"https:\/\/www.rtpa.es\/video:Aprende%20con%20TPA_551587076998.html\" target=\"_blank\" rel=\"noopener noreferrer\"><i>\u00a0Cap\u00edtulo 8)<b> Minutu 36:55<\/b><\/i><\/a><\/h2>\n<h2><i><span style=\"color: #008000\"><u>M\u00e1s mar: <\/u>P\u00e1xaru= mazcatu\u00a0\u00a0 Mam\u00edferu: sardina Pexe: tolina<\/span><\/i><\/h2>\n<p><img loading=\"lazy\" decoding=\"async\" src=\"https:\/\/imgbox.es\/images\/2020\/03\/23\/separadora4a37c028d732afc.jpg\" width=\"322\" height=\"26\" \/><\/p>\n<h2><i><span style=\"color: #800000\">M\u00c1S \u00a0 CLASES \u00a0 N\u00b4ASTURIANU&#8230; <\/span><\/i><\/h2>\n<h2><a href=\"https:\/\/www.rtpa.es\/video:Aprende%20con%20TPA_551586226696.html\" target=\"_blank\" rel=\"noopener noreferrer\"><b>\u00a0Cap\u00edtulo 2<\/b>)\u00a0 Lunes 6 de abril 2020 <\/a><\/h2>\n<h2><span style=\"color: #008000\"><i>Minuto 01:35\u00a0 \u00c1lba Hern\u00e1ndez\u00a0 Lectoescritura, numeraci\u00f3n y sentido del tacto<\/i><\/span><\/h2>\n<p><img loading=\"lazy\" decoding=\"async\" src=\"https:\/\/imgbox.es\/images\/2020\/03\/23\/separadora4a37c028d732afc.jpg\" width=\"322\" height=\"26\" \/><\/p>\n<h2><a href=\"https:\/\/www.rtpa.es\/video:Aprende%20con%20TPA_551586300292.html\" target=\"_blank\" rel=\"noopener noreferrer\"><b>\u00a0Cap\u00edtulo 3<\/b>)\u00a0 Martes 7 de abril 2020 <\/a><\/h2>\n<h2><span style=\"color: #008000\">Minuto 01:30\u00a0 <\/span>Ruma Barbero\u00a0 <span style=\"color: #008000\">Taller de c\u00f3mic I <\/span><\/h2>\n<p><img loading=\"lazy\" decoding=\"async\" src=\"https:\/\/imgbox.es\/images\/2020\/03\/23\/separadora4a37c028d732afc.jpg\" width=\"322\" height=\"26\" \/><\/p>\n<h2><a href=\"https:\/\/www.rtpa.es\/video:Aprende%20con%20TPA_551586818862.html\" target=\"_blank\" rel=\"noopener noreferrer\"><b>\u00a0Cap\u00edtulo 5<\/b>)\u00a0 Lunes 13 de abril 2020<\/a><\/h2>\n<p><img loading=\"lazy\" decoding=\"async\" src=\"https:\/\/imgbox.es\/images\/2020\/03\/23\/separadora4a37c028d732afc.jpg\" width=\"322\" height=\"26\" \/><\/p>\n<h2><a href=\"https:\/\/www.rtpa.es\/video:Aprende%20con%20TPA_551587076998.html\" target=\"_blank\" rel=\"noopener noreferrer\"><b>\u00a0Cap\u00edtulo 8<\/b>)\u00a0 Jueves 16 de abril 2020<\/a><\/h2>\n<p><img loading=\"lazy\" decoding=\"async\" src=\"https:\/\/imgbox.es\/images\/2020\/03\/23\/separadora4a37c028d732afc.jpg\" width=\"322\" height=\"26\" \/><\/p>\n<h2><a href=\"https:\/\/www.rtpa.es\/video:Aprende%20con%20TPA_551587596524.html\" target=\"_blank\" rel=\"noopener noreferrer\"><b>\u00a0Cap\u00edtulo 1<\/b>2)\u00a0 Mi\u00e9rcoles 22 de abril 2020<br \/>\n<\/a><\/h2>\n<h2><span style=\"color: #008000\">Minut0 02:00<\/span>\u00a0 Alba Hern\u00e1ndez\u00a0 <span style=\"color: #008000\"><i>Xuegu de Orientaci\u00f3n espacial <\/i><\/span><\/h2>\n<h2><span style=\"color: #008000\">Minuto 38:05\u00a0 <\/span>Ruma Barbero<br \/>\n<span style=\"color: #008000\">Taller de c\u00f3mic II <\/span><\/h2>\n<hr \/>\n<h2><a href=\"https:\/\/www.rtpa.es\/video:Aprende%20con%20TPA_551588173219.html\" target=\"_blank\" rel=\"noopener noreferrer\"><b>Cap\u00edtulo 13<\/b>)\u00a0 Viernes 24 de abril 2020<\/a><\/h2>\n<ul>\n<li><a href=\"https:\/\/www.rtpa.es\/video:Aprende%20con%20TPA_551588173219.html\" target=\"_blank\" rel=\"noopener noreferrer\">Minutu:\u00a0\u00a0\u00a0 Les frases feches<\/a><\/li>\n<\/ul>\n<hr \/>\n<h2><a href=\"https:\/\/www.rtpa.es\/video:Aprende%20con%20TPA_551589237517.html\" target=\"_blank\" rel=\"noopener noreferrer\"><span style=\"color: #800080\"><b>Cap\u00edtulo 23) Lunes\u00a0 11 de mayo 2020 <\/b><\/span><\/a><\/h2>\n<h3>Minutu <span style=\"color: #800080\"><b><i>48:27<\/i><\/b><\/span> Asturianu en Primaria <i><b><span style=\"color: #008000\">Llinu \u00c1lvare\u00a0\u00a0 <\/span><\/b><\/i><span style=\"color: #008000\"><b><i>\u00abAnimales dom\u00e9sticos y races aut\u00f3ctones n\u00b4Asturies\u00bb<\/i><\/b><\/span><\/h3>\n<hr \/>\n<h2><a href=\"https:\/\/www.rtpa.es\/video:Aprende%20con%20TPA_551589324082.html\" target=\"_blank\" rel=\"noopener noreferrer\"><span style=\"color: #800080\">Cap\u00edtulo 24) Martes 12 mayo 2020\u00a0<\/span><\/a>Minutu: 0:49:35<i><b><span style=\"color: #008000\">\u00a0 Llinu \u00c1lvare <\/span><\/b><\/i>Asturianu <a href=\"https:\/\/www.rtpa.es\/video:Aprende%20con%20TPA_551589324082.html\" target=\"_blank\" rel=\"noopener noreferrer\"><span style=\"color: #008000\"><b><i>\u00abLos animales de la granxa\u00bb II<\/i><\/b><\/span><\/a><\/h2>\n<hr \/>\n<h2><a href=\"https:\/\/www.rtpa.es\/video:Aprende%20con%20TPA_551589410164.html\" target=\"_blank\" rel=\"noopener noreferrer\"><span style=\"color: #800080\">Cap\u00edtulo 25) Mi\u00e9rcoles 13 mayo 2020\u00a0<\/span><\/a>Minutu 43:10 <i><b><span style=\"color: #008000\">Llinu \u00c1lvare<\/span><\/b><\/i><i> <\/i>Asturianu<b> <a href=\"https:\/\/www.rtpa.es\/video:Aprende%20con%20TPA_551589410164.html\" target=\"_blank\" rel=\"noopener noreferrer\"><span style=\"color: #008000\"><i>\u00abLos animales de la granxa\u00bb III<\/i><\/span><\/a><\/b><\/h2>\n<hr \/>\n<h2><a href=\"https:\/\/www.rtpa.es\/video:Aprende%20con%20TPA_551590446710.html\" target=\"_blank\" rel=\"noopener noreferrer\"><span style=\"color: #800080\">Cap\u00edtulo 33) Lunes 25 mayo 2020\u00a0<\/span><\/a>Minutu: 22:02\u00a0 <a href=\"https:\/\/www.rtpa.es\/video:Aprende%20con%20TPA_551590446710.html\" target=\"_blank\" rel=\"noopener noreferrer\"><b><i>Laura Prieto <\/i><\/b><i>(asturianu)<\/i><b><i> y Xuan Gabeiras<\/i><\/b><i> (Gallegu-asturianu)<\/i><\/a><\/h2>\n<hr \/>\n<h2><a href=\"https:\/\/www.rtpa.es\/video:Aprende%20con%20TPA_551590707884.html\" target=\"_blank\" rel=\"noopener noreferrer\"><span style=\"color: #800080\">Cap\u00edtulo 36) Jueves 28 mayo 2020 <\/span><\/a>Minutu 1:48 <b><i>Pablo Quiroga<\/i><\/b><a href=\"https:\/\/www.rtpa.es\/video:Aprende%20con%20TPA_551590707884.html\" target=\"_blank\" rel=\"noopener noreferrer\"><i><b><span style=\"color: #008000\"> \u00abLes plantes\u00bb<\/span><\/b><\/i><\/a><\/h2>\n<hr \/>\n<h2><a href=\"https:\/\/www.rtpa.es\/video:Aprende%20con%20TPA_551591051540.html\" target=\"_blank\" rel=\"noopener noreferrer\"><span style=\"color: #800080\">Cap\u00edtulo 38) Lunes 1 Junio 2020\u00a0<\/span><\/a>Minutu 14:14 <a href=\"https:\/\/www.rtpa.es\/video:Aprende%20con%20TPA_551591051540.html\" target=\"_blank\" rel=\"noopener noreferrer\"><b><i>Laura Prieto y Xuan Gabeiras \u00abPaseos did\u00e1uticos\u00bb <\/i><\/b><\/a><\/h2>\n<hr \/>\n<h2><a href=\"https:\/\/www.rtpa.es\/video:Aprende%20con%20TPA_551591137591.html\" target=\"_blank\" rel=\"noopener noreferrer\"><span style=\"color: #800080\">Cap\u00edtulo 39) Martes 2 Junio 2020\u00a0\u00a0<\/span><\/a>Minutu 35:20\u00a0 <a href=\"https:\/\/www.rtpa.es\/video:Aprende%20con%20TPA_551591137591.html\" target=\"_blank\" rel=\"noopener noreferrer\"><b><i>V\u00edctor Su\u00e1rez Pi\u00f1eiro \u00abEl planeta Tierra\u00bb<\/i><\/b><\/a><\/h2>\n<hr \/>\n<h2><a href=\"https:\/\/www.rtpa.es\/video:Aprende%20con%20TPA_551591137591.html\" target=\"_blank\" rel=\"noopener noreferrer\"><span style=\"color: #800080\">Cap\u00edtulo 40) Mi\u00e9rcoles 3 Junio 2020\u00a0\u00a0<\/span><\/a>Minutu 02:25\u00a0<a href=\"https:\/\/www.rtpa.es\/video:Aprende%20con%20TPA_551591137591.html\" target=\"_blank\" rel=\"noopener noreferrer\"><b><i> \u00abLa nuesa g\u00fcertina\u00bb\u00a0 Arancha Prado e Irene Sierra<\/i><\/b><\/a><\/h2>\n<hr \/>\n<h2><a href=\"https:\/\/www.rtpa.es\/video:Aprende%20con%20TPA_551591311161.html\" target=\"_blank\" rel=\"noopener noreferrer\"><span style=\"color: #800080\">Cap\u00edtulo 41) Jueves 4 junio 2020\u00a0\u00a0<\/span><\/a>Minutu 07:10\u00a0 <a href=\"https:\/\/www.rtpa.es\/video:Aprende%20con%20TPA_551591311161.html\" target=\"_blank\" rel=\"noopener noreferrer\"><i><b>Un curtiumetraxe d\u00b4animaci\u00f3n <\/b><\/i>Laura Prieto y Xuan Gabeiras<\/a><\/h2>\n<h2><a href=\"https:\/\/www.rtpa.es\/video:Aprende%20con%20TPA_551591396573.html\" target=\"_blank\" rel=\"noopener noreferrer\"><span style=\"color: #800080\">Cap\u00edtulo 42) Viernes 5 junio 2020\u00a0\u00a0<\/span><\/a>Minutu 24:20\u00a0<a href=\"https:\/\/www.rtpa.es\/video:Aprende%20con%20TPA_551591396573.html\" target=\"_blank\" rel=\"noopener noreferrer\"><b><i> <\/i><\/b><i>Pablo Quiroga <\/i><b><i>\u00abEl cam\u00edn encant\u00e1u\u00bb (Cultura asturiana)<\/i><\/b><\/a><\/h2>\n<p><a href=\"https:\/\/www.escapadasbienestar.com\/elcaminencantau\/\" target=\"_blank\" rel=\"noopener noreferrer\"><img loading=\"lazy\" decoding=\"async\" src=\"https:\/\/www.escapadasbienestar.com\/contenido\/uploads\/2019\/03\/escapadasbienestar_9122-2-7.jpg\" width=\"500\" height=\"244\" border=\"1\" \/><\/a><i><a href=\"https:\/\/www.escapadasbienestar.com\/elcaminencantau\/\" target=\"_blank\" rel=\"noopener noreferrer\">Web<\/a><\/i><\/p>\n<p><img loading=\"lazy\" decoding=\"async\" src=\"https:\/\/casaruralenllanes.files.wordpress.com\/2010\/04\/croquis.jpg\" width=\"399\" height=\"226\" \/><\/p>\n<hr \/>\n<h3><i><b><span style=\"color: #008000\">Llinu \u00c1lvare\u00a0 <\/span><\/b><\/i><i><u> Colexu P. Ant\u00f3n de Marirreguera\u00a0 <\/u><\/i><i><span style=\"color: #008000\"><b>Educaci\u00f3n Primaria <\/b><\/span><\/i><\/h3>\n<p><img loading=\"lazy\" decoding=\"async\" src=\"https:\/\/static1.elcomercio.es\/www\/pre2017\/multimedia\/noticias\/201604\/25\/media\/cortadas\/llinu-alvare-santidrian--575x323.jpg\" width=\"331\" height=\"186\" \/><\/p>\n<ul>\n<li><i><a href=\"https:\/\/www.antondemarirreguera.es\/anton-de-marirreguera\/\" target=\"_blank\" rel=\"noopener noreferrer\">Ant\u00f3n de Marirreguera<\/a><\/i><\/li>\n<li><i><a href=\"https:\/\/alojaweb.educastur.es\/web\/poetaanton\" target=\"_blank\" rel=\"noopener noreferrer\">Web Colexu<br \/>\n<\/a><\/i><\/li>\n<li><i><a href=\"https:\/\/www.elcomercio.es\/sociedad\/201604\/25\/antologia-cagamentu-20160425175749.html?ref=https:%2F%2Fwww.google.com%2F\" target=\"_blank\" rel=\"noopener noreferrer\">Art\u00edculu de Llinu \u00c1lvare Santidri\u00e1n<br \/>\n\u00abAntolog\u00eda del &#8230;\u00bb (El Comerciu)<\/a><\/i><\/li>\n<\/ul>\n<p>Dende&#8217;l 3 d&#8217;abril, en mediu del est\u00e1u d&#8217;alarma por mor de la pandemia, ta emiti\u00e9ndose nes dos canales de la TPA, con una hora de diferencia, el programa educativu \u00abAprende con TPA\u00bb. N\u00e9l hai clases de llingua castellana, d&#8217;ingl\u00e9s, de matem\u00e1tiques, de m\u00fasica&#8230; Son munches les materies que s&#8217;imparten de manera entretenida y provechosa. L&#8217;asturianu (tami\u00e9n el gallego-asturianu) tien una presencia destacada.<\/p>\n<p><b><i>Pol\u00edtica Lling\u00fc\u00edstica del Princip\u00e1u d\u00b4Asturies<\/i><\/b> quier agradecer al profesor\u00e1u que participa nestes clases la so collaboraci\u00f3n y el bon trabayu que fain:<\/p>\n<p><a href=\"https:\/\/www.facebook.com\/inaciu?__cft__[0]=AZVbkgCioiwsp-H2CEdJJS3GLvF8ZpTJufiIQHl7t0vgWAyzhayTZ09cwqmLArB57nGS5bGBbDmx9229Nigp6DlYdh72n2gbh5wZzeb-OMZFO_Fy6nFqfrfvyQJr-3UrhzE&amp;__tn__=-]K-R\"><b>Inaciu Gal\u00e1n<\/b><\/a><\/p>\n<p>(con blogue pa siguir les sos llecciones en <a href=\"https:\/\/l.facebook.com\/l.php?u=https%3A%2F%2Fasturianutv.wordpress.com%2F%3Ffbclid%3DIwAR0I0JbkmEmFqJRGm71jyTIvzFVq_gKikXk4kr1AqwOMynlvZvHz0I3OGck&amp;h=AT1PHflHNBYEOaeZhPUcZOfhyvN_S4yYcOxZYhdvcsx-eX5ihzQVA-9aMMndztxIaTQqESIwovoBVbjjBkZmpp1-Df4mnnI-vSYC68qwpHqzRenxy7FDwjach_Qdy8Ubyw&amp;__tn__=-UK-R&amp;c[0]=AT3T2ZOcnWYfJuaVNHbfW3z0Zov0b9CztSq3kCGxGSJuFmmY4K2_XQSZK4QUeHM5FJGIrQdc66eWfRiYPFw8Lpiq6nZ63adOqcJCDEK8oqWYWUnbbj0h0YoVqx--H-pegyc5Js0Q_ELr5i8g46AE\" target=\"_blank\" rel=\"nofollow noopener noreferrer\">https:\/\/asturianutv.wordpress.com\/<\/a>),<\/p>\n<p><a href=\"https:\/\/www.facebook.com\/llinu.tutor.falar?__cft__[0]=AZVbkgCioiwsp-H2CEdJJS3GLvF8ZpTJufiIQHl7t0vgWAyzhayTZ09cwqmLArB57nGS5bGBbDmx9229Nigp6DlYdh72n2gbh5wZzeb-OMZFO_Fy6nFqfrfvyQJr-3UrhzE&amp;__tn__=-]K-R\"><b>Llinu \u00c1lvare<\/b><\/a><\/p>\n<p>, V\u00edctor Su\u00e1rez, Alba Hern\u00e1ndez, Raquel Cami\u00f1a,<\/p>\n<p><a href=\"https:\/\/www.facebook.com\/Skancia?__cft__[0]=AZVbkgCioiwsp-H2CEdJJS3GLvF8ZpTJufiIQHl7t0vgWAyzhayTZ09cwqmLArB57nGS5bGBbDmx9229Nigp6DlYdh72n2gbh5wZzeb-OMZFO_Fy6nFqfrfvyQJr-3UrhzE&amp;__tn__=-]K-R\"><b>Pablo A. Quiroga<\/b><\/a><\/p>\n<p>, Arancha Prado, Laura Prieto y Xuan Gabeiras.<\/p>\n<p>La presencia de la llingua asturiana ta tami\u00e9n n&#8217;otres partes del programa, como por exemplu en dellos v\u00eddeos musicales. Ye&#8217;l casu (hai munchos m\u00e1s exemplos) de los cantares tradicionales qu&#8217;interpreten Jimena Rodr\u00edguez y Pelayo Gonz\u00e1lez na secci\u00f3n \u00abTararea\u00bb.<\/p>\n<p>\u00abAprende con TPA\u00bb compl\u00e9tase con cola reemisi\u00f3n de dos programes n&#8217;asturianu: \u00abF\u00e1lame\u00bb y les micropieces del diccionariu visual de la llingua asturiana \u00abDicires\u00bb.<\/p>\n<p><a href=\"https:\/\/l.facebook.com\/l.php?u=https%3A%2F%2Fwww.rtpa.es%2Fvideo%3Aaprende%2520con%2520tpa_551591396573.html%3Ffbclid%3DIwAR3lQ1Vrow4nynuXcH4SwLazIr2PmRNvgmR-9zx1aSoi46SWLbaGTD7VwDI&amp;h=AT1tmkwRq2RLjjD7KgdrDktGSa4Kk77Jzzbz_nRbtDrESEtF9T0shMJdyCoKLxPGr-j8c7DeMuGyCY4wIEsG0Fs9iwdudJALsaHH1B_lq2BDE8-nHNxRchs_U-DydWoZeg&amp;__tn__=-UK-R&amp;c[0]=AT3T2ZOcnWYfJuaVNHbfW3z0Zov0b9CztSq3kCGxGSJuFmmY4K2_XQSZK4QUeHM5FJGIrQdc66eWfRiYPFw8Lpiq6nZ63adOqcJCDEK8oqWYWUnbbj0h0YoVqx--H-pegyc5Js0Q_ELr5i8g46AE\" target=\"_blank\" rel=\"nofollow noopener noreferrer\">https:\/\/www.rtpa.es\/video:aprende%20con%20tpa_551591396573.html<\/a><\/p>\n","protected":false},"excerpt":{"rendered":"<p>P\u00e1xina Clas d\u00b4Asturianu de Llinu \u00c1lvare Colexu P. Ant\u00f3n de Marirreguera pa escolinos d\u00b4Educaci\u00f3n Primaria \u00a0Cap\u00edtulo 2) Minutu 36:15 Pexes de cascu \u00a0Cap\u00edtulo 5) Minutu 44:15 M\u00e1s pexes&#8230; \u00a0Cap\u00edtulo 8) Minutu 36:55 M\u00e1s mar: P\u00e1xaru= mazcatu\u00a0\u00a0 Mam\u00edferu: sardina Pexe: tolina M\u00c1S \u00a0 CLASES \u00a0 N\u00b4ASTURIANU&#8230; \u00a0Cap\u00edtulo 2)\u00a0 Lunes 6 de abril 2020 Minuto 01:35\u00a0 \u00c1lba [&hellip;]<\/p>\n","protected":false},"author":117,"featured_media":0,"parent":98,"menu_order":14,"comment_status":"closed","ping_status":"closed","template":"","meta":{"footnotes":""},"class_list":["post-83","page","type-page","status-publish","hentry","post-preview"],"_links":{"self":[{"href":"https:\/\/edublog.educastur.es\/ixuxullingua\/wp-json\/wp\/v2\/pages\/83","targetHints":{"allow":["GET"]}}],"collection":[{"href":"https:\/\/edublog.educastur.es\/ixuxullingua\/wp-json\/wp\/v2\/pages"}],"about":[{"href":"https:\/\/edublog.educastur.es\/ixuxullingua\/wp-json\/wp\/v2\/types\/page"}],"author":[{"embeddable":true,"href":"https:\/\/edublog.educastur.es\/ixuxullingua\/wp-json\/wp\/v2\/users\/117"}],"replies":[{"embeddable":true,"href":"https:\/\/edublog.educastur.es\/ixuxullingua\/wp-json\/wp\/v2\/comments?post=83"}],"version-history":[{"count":3,"href":"https:\/\/edublog.educastur.es\/ixuxullingua\/wp-json\/wp\/v2\/pages\/83\/revisions"}],"predecessor-version":[{"id":94,"href":"https:\/\/edublog.educastur.es\/ixuxullingua\/wp-json\/wp\/v2\/pages\/83\/revisions\/94"}],"up":[{"embeddable":true,"href":"https:\/\/edublog.educastur.es\/ixuxullingua\/wp-json\/wp\/v2\/pages\/98"}],"wp:attachment":[{"href":"https:\/\/edublog.educastur.es\/ixuxullingua\/wp-json\/wp\/v2\/media?parent=83"}],"curies":[{"name":"wp","href":"https:\/\/api.w.org\/{rel}","templated":true}]}}