{"id":7,"date":"2021-03-04T11:10:04","date_gmt":"2021-03-04T11:10:04","guid":{"rendered":"https:\/\/edublog.educastur.es\/laprofedellingua\/?page_id=7"},"modified":"2024-02-26T09:45:57","modified_gmt":"2024-02-26T09:45:57","slug":"acerca-de","status":"publish","type":"page","link":"https:\/\/edublog.educastur.es\/laprofedellingua\/acerca-de\/","title":{"rendered":"Acerca de&#8230;"},"content":{"rendered":"<p>Soi Estefan\u00eda, maestra d\u00b4eduaci\u00f3n primaria y llingua asturiana. Agora mesmu soi profe n\u00b4exclusiva de llingua asturiana, y anque entam\u00e9 esti viaxe profesional nel \u00e1rea como un tr\u00e1mite pa entamar nel mundu educativu, &#8230; Cada a\u00f1o que pasa pr\u00e9stame m\u00e1s y m\u00e1s dar a conocer la nuesa llingua, la nuesa cultura y dir empap\u00e1ndome de la motivaci\u00f3n de los ne\u00f1os y ne\u00f1es hacia l\u00b4\u00e1rea.<\/p>\n<p>Esti blogue entama como un retu personal, oblig\u00e1ndome a sacar tiempo pales nueves tecnolox\u00edes (en lo rellacion\u00e1u a la educaci\u00f3n) y pa escribir n\u00b4asturianu fuera del \u00e1mbitu meramente educativu.<\/p>\n<p>La idega ye poner enllaces d\u00b4inter\u00e9s pa los mios alumnos\/es, actividades que vamos creando, proyeutos&#8230; Adm\u00edtese collaboraci\u00f3n y cr\u00edtiques. Espero que vos preste.<\/p>\n<p>Fani, la profe de llingua.<\/p>\n<p>&nbsp;<\/p>\n<p><img loading=\"lazy\" decoding=\"async\" class=\"alignnone size-medium wp-image-43\" src=\"http:\/\/edublog.educastur.es\/laprofedellingua\/files\/2024\/02\/La-profe-Fani-1-300x300.png\" alt=\"\" width=\"300\" height=\"300\" srcset=\"https:\/\/edublog.educastur.es\/laprofedellingua\/files\/2024\/02\/La-profe-Fani-1-300x300.png 300w, https:\/\/edublog.educastur.es\/laprofedellingua\/files\/2024\/02\/La-profe-Fani-1-150x150.png 150w, https:\/\/edublog.educastur.es\/laprofedellingua\/files\/2024\/02\/La-profe-Fani-1-85x85.png 85w, https:\/\/edublog.educastur.es\/laprofedellingua\/files\/2024\/02\/La-profe-Fani-1.png 500w\" sizes=\"auto, (max-width: 300px) 100vw, 300px\" \/><\/p>\n<p><a href=\"http:\/\/creativecommons.org\/licenses\/by-nc-nd\/4.0\/?ref=chooser-v1\" target=\"_blank\" rel=\"license noopener noreferrer\"><span class=\"icon\" data-v-a0d4e8a8=\"\">This work\u00a0is licensed under\u00a0<a href=\"http:\/\/creativecommons.org\/licenses\/by-nc-sa\/4.0\/?ref=chooser-v1\" target=\"_blank\" rel=\"license noopener noreferrer\">CC BY-NC-SA 4.0\u00a0<img loading=\"lazy\" decoding=\"async\" src=\"https:\/\/chooser-beta.creativecommons.org\/img\/cc-logo.f0ab4ebe.svg\" width=\"20\" height=\"20\" data-v-a0d4e8a8=\"\" \/><img loading=\"lazy\" decoding=\"async\" src=\"https:\/\/chooser-beta.creativecommons.org\/img\/cc-by.21b728bb.svg\" width=\"20\" height=\"20\" data-v-a0d4e8a8=\"\" \/><\/a><\/span><\/a><\/p>\n","protected":false},"excerpt":{"rendered":"<p>Soi Estefan\u00eda, maestra d\u00b4eduaci\u00f3n primaria y llingua asturiana. Agora mesmu soi profe n\u00b4exclusiva de llingua asturiana, y anque entam\u00e9 esti viaxe profesional nel \u00e1rea como un tr\u00e1mite pa entamar nel mundu educativu, &#8230; Cada a\u00f1o que pasa pr\u00e9stame m\u00e1s y m\u00e1s dar a conocer la nuesa llingua, la nuesa cultura y dir empap\u00e1ndome de la [&hellip;]<\/p>\n","protected":false},"author":910,"featured_media":0,"parent":0,"menu_order":0,"comment_status":"closed","ping_status":"closed","template":"","meta":{"footnotes":""},"class_list":["post-7","page","type-page","status-publish","hentry"],"_links":{"self":[{"href":"https:\/\/edublog.educastur.es\/laprofedellingua\/wp-json\/wp\/v2\/pages\/7","targetHints":{"allow":["GET"]}}],"collection":[{"href":"https:\/\/edublog.educastur.es\/laprofedellingua\/wp-json\/wp\/v2\/pages"}],"about":[{"href":"https:\/\/edublog.educastur.es\/laprofedellingua\/wp-json\/wp\/v2\/types\/page"}],"author":[{"embeddable":true,"href":"https:\/\/edublog.educastur.es\/laprofedellingua\/wp-json\/wp\/v2\/users\/910"}],"replies":[{"embeddable":true,"href":"https:\/\/edublog.educastur.es\/laprofedellingua\/wp-json\/wp\/v2\/comments?post=7"}],"version-history":[{"count":6,"href":"https:\/\/edublog.educastur.es\/laprofedellingua\/wp-json\/wp\/v2\/pages\/7\/revisions"}],"predecessor-version":[{"id":59,"href":"https:\/\/edublog.educastur.es\/laprofedellingua\/wp-json\/wp\/v2\/pages\/7\/revisions\/59"}],"wp:attachment":[{"href":"https:\/\/edublog.educastur.es\/laprofedellingua\/wp-json\/wp\/v2\/media?parent=7"}],"curies":[{"name":"wp","href":"https:\/\/api.w.org\/{rel}","templated":true}]}}