{"id":151,"date":"2020-07-18T00:52:45","date_gmt":"2020-07-18T00:52:45","guid":{"rendered":"https:\/\/edublog.educastur.es\/llingua\/?page_id=151"},"modified":"2020-07-18T00:52:45","modified_gmt":"2020-07-18T00:52:45","slug":"capacitacion","status":"publish","type":"page","link":"https:\/\/edublog.educastur.es\/llingua\/capacitacion\/","title":{"rendered":"Capacitaci\u00f3n"},"content":{"rendered":"<div class=\"articulo-block-title\">\n<h2 class=\"page-title\">Rexistru Xeneral de Capacitaci\u00f3n en Bable\/Asturianu y en Gallego-Asturianu<\/h2>\n<\/div>\n<div class=\"articulo-block-fecha-pub\">20\/04\/2018\u00a0<span style=\"font-size: 14pt\"><a href=\"https:\/\/www.educastur.es\/-\/rexistru-xeneral-de-capacitacion-en-bable-asturianu-y-en-gallego-asturianu?inheritRedirect=true\"><span style=\"color: #333399\"><strong> Ver en Educastur<\/strong><\/span><\/a><\/span><\/div>\n<div class=\"articulo-block-content\">\n<p><img loading=\"lazy\" decoding=\"async\" class=\"\" src=\"https:\/\/www.educastur.es\/documents\/10531\/33072\/2015-04-I_bable_asturiano.jpg\/549410f0-fdbe-4b09-ac28-493b55ce3cb9?t=1428924057995\" alt=\"Ense\u00f1anza Bable\/Asturianu\" width=\"209\" height=\"171\" \/><\/p>\n<p>El Rexistru Xeneral de Capacitaci\u00f3n ye un cat\u00e1logu nel que s\u2019inscribe al profesor\u00e1u que, axuntando les condiciones y requisitos regulaos nel <a href=\"http:\/\/sede.asturias.es\/portal\/site\/Asturias\/menuitem.1003733838db7342ebc4e191100000f7\/?vgnextoid=d7d79d16b61ee010VgnVCM1000000100007fRCRD&amp;fecha=18\/04\/2001&amp;refArticulo=2001-1418001&amp;i18n.http.lang=es\">Decreto 39\/2001<\/a> de 5 d&#8217;abril (BOPA de 18 d&#8217;abril) y la <a href=\"http:\/\/sede.asturias.es\/portal\/site\/Asturias\/menuitem.1003733838db7342ebc4e191100000f7\/?vgnextoid=d7d79d16b61ee010VgnVCM1000000100007fRCRD&amp;fecha=04\/05\/2001&amp;refArticulo=2001-1504006&amp;i18n.http.lang=es\">Resoluci\u00f3n de 26 de abril de 2001<\/a>, modificada por la <a href=\"http:\/\/www.asturias.es\/bopa\/2010\/07\/27\/2010-15945.pdf\">Resoluci\u00f3n de 7 de julio de 2010<\/a> y la <a href=\"http:\/\/www.asturias.es\/bopa\/2012\/01\/11\/2011-24936.pdf\">Resoluci\u00f3n de 12 de diciembre de 2011<\/a>, pide voluntariamente y con calter gratuitu la so incorporaci\u00f3n al mesmu.<\/p>\n<p>El Rexistru organ\u00edzase en dos secciones: <strong>Capacitaci\u00f3n n\u2019Educaci\u00f3n Primaria<\/strong> y <strong>Capacitaci\u00f3n n\u2019Educaci\u00f3n Secundaria.<\/strong><\/p>\n<p>La inscripci\u00f3n nesti Rexistru Xeneral de Capacitaci\u00f3n sedr\u00e1 requisitu indispensable pa impartir les ense\u00f1ances de bable\/asturianu y de gallego-asturianu nos centros educativos d\u2019Ense\u00f1anza Primaria y Ense\u00f1anza Secundaria del Princip\u00e1u d\u2019Asturies.<\/p>\n<p>Les capacitaciones algamaes al amparu del Decreto 89\/1994, de 22 de diciembre, queden incorporaes autom\u00e1ticamente y d\u2019oficiu al presente <strong>Rexistru Xeneral de Capacitaci\u00f3n.<\/strong><\/p>\n<ul>\n<li><a href=\"https:\/\/servicios.educastur.es\/Educastur\/bable\/index.php\" target=\"_blank\" rel=\"noopener noreferrer\">Consulta la so inclusi\u00f3n nel Rexistru<\/a><\/li>\n<\/ul>\n<p>&nbsp;<\/p>\n<p>\u00bfC\u00f3mo se pide la Capacitaci\u00f3n?<\/p>\n<p>Presentando en cualquier de los rexistros del Princip\u00e1u d\u2019Asturies la documentaci\u00f3n que darr\u00e9u s\u2019indica:<\/p>\n<ul>\n<li><a href=\"https:\/\/sede.asturias.es\/Asturias\/SERVICIOS\/2002383_solicitud_8.pdf\" target=\"_blank\" rel=\"noopener noreferrer\">Modelu oficial de solicit\u00fa<\/a><\/li>\n<li>Fotocopia compulsada del DNI y de la titulaci\u00f3n acad\u00e9mica habilitante pal accesu a places d\u2019educaci\u00f3n primaria y\/o educaci\u00f3n secundaria.<\/li>\n<li>Certificaci\u00f3n en bable\/asturianu. Acreitaci\u00f3n de cursos espec\u00edficos: Cursos d\u2019especializaci\u00f3n en Llingua Asturiana (Conveniu MEC-Princip\u00e1u 1988); Cursos de Llingua Asturiana pa Ense\u00f1antes\u00a0(ALLA); Cursos d\u2019Espertu en Filolox\u00eda Asturiana (Universid\u00e1 d\u2019Uvi\u00e9u); Cursos d\u2019Especialista en Filolox\u00eda Asturiana (Universid\u00e1 d\u2019Uvi\u00e9u); Master Oficial de Formaci\u00f3n del Profesor\u00e1u\u00a0n\u2019Educaci\u00f3n Secundaria Obligatoria, Bachilleratu y Formaci\u00f3n Profesional pola especialid\u00e1 d\u2019Asturianu (Universid\u00e1 d\u2019Uvi\u00e9u).<\/li>\n<li>Nun van tener que presentar certificaci\u00f3n nenguna quien tean en posesi\u00f3n del t\u00edtulu de Grau de Maestru n\u2019Educaci\u00f3n Primaria con menci\u00f3n en Llingua Asturiana.<\/li>\n<li>Certificaci\u00f3n en gallego-asturianu. Acreitaci\u00f3n de cursos espec\u00edficos: Cursos de formaci\u00f3n del profesor\u00e1u en gallego-asturianu (Conveniu MEC-Princip\u00e1u 1988); Cursos de formaci\u00f3n del\u00a0profesor\u00e1u en gallego-asturianu (Resoluci\u00f3n de 26 de xunetu de 1994); Cursos de Capacitaci\u00f3n en gallego-asturianu pa la Educaci\u00f3n Primaria y pa la Educaci\u00f3n Secundaria, Plan Rexonal de\u00a0Formaci\u00f3n en collaboraci\u00f3n cola ALLA.<\/li>\n<\/ul>\n<p>La Direcci\u00f3n Xeneral d\u2019Ordenaci\u00f3n Acad\u00e9mica y Innovaci\u00f3n Educativa va iguar, nel plazu m\u00e1ximu de tres meses, la certificaci\u00f3n acreitativa de la capacitaci\u00f3n pidida, remitiendo per corr\u00e9u\u00a0certific\u00e1u la copia de la mesma y mandando la so inscripci\u00f3n nel Rexistru.<\/p>\n<p>Informaci\u00f3n<\/p>\n<p>Contactu pa cualquier dulda o suxerencia:<\/p>\n<p>Serviciu d&#8217;Ordenaci\u00f3n Acad\u00e9mica y Desarrollu Curricular<br \/>\nCelestino Villamil, 5 (Edif. consultes esternas HUCA antiguu)<br \/>\n33006 Oviedo\/Uvi\u00e9u<br \/>\nTel\u00e9fonu: 985 10 86 94<\/p>\n<\/div>\n","protected":false},"excerpt":{"rendered":"<p>Rexistru Xeneral de Capacitaci\u00f3n en Bable\/Asturianu y en Gallego-Asturianu 20\/04\/2018\u00a0 Ver en Educastur El Rexistru Xeneral de Capacitaci\u00f3n ye un cat\u00e1logu nel que s\u2019inscribe al profesor\u00e1u que, axuntando les condiciones y requisitos regulaos nel Decreto 39\/2001 de 5 d&#8217;abril (BOPA de 18 d&#8217;abril) y la Resoluci\u00f3n de 26 de abril de 2001, modificada por la [&hellip;]<\/p>\n","protected":false},"author":117,"featured_media":0,"parent":0,"menu_order":0,"comment_status":"closed","ping_status":"closed","template":"","meta":{"footnotes":""},"class_list":["post-151","page","type-page","status-publish","hentry","post-preview"],"_links":{"self":[{"href":"https:\/\/edublog.educastur.es\/llingua\/wp-json\/wp\/v2\/pages\/151","targetHints":{"allow":["GET"]}}],"collection":[{"href":"https:\/\/edublog.educastur.es\/llingua\/wp-json\/wp\/v2\/pages"}],"about":[{"href":"https:\/\/edublog.educastur.es\/llingua\/wp-json\/wp\/v2\/types\/page"}],"author":[{"embeddable":true,"href":"https:\/\/edublog.educastur.es\/llingua\/wp-json\/wp\/v2\/users\/117"}],"replies":[{"embeddable":true,"href":"https:\/\/edublog.educastur.es\/llingua\/wp-json\/wp\/v2\/comments?post=151"}],"version-history":[{"count":1,"href":"https:\/\/edublog.educastur.es\/llingua\/wp-json\/wp\/v2\/pages\/151\/revisions"}],"predecessor-version":[{"id":153,"href":"https:\/\/edublog.educastur.es\/llingua\/wp-json\/wp\/v2\/pages\/151\/revisions\/153"}],"wp:attachment":[{"href":"https:\/\/edublog.educastur.es\/llingua\/wp-json\/wp\/v2\/media?parent=151"}],"curies":[{"name":"wp","href":"https:\/\/api.w.org\/{rel}","templated":true}]}}