{"id":172,"date":"2020-07-18T08:20:29","date_gmt":"2020-07-18T08:20:29","guid":{"rendered":"https:\/\/edublog.educastur.es\/llingua\/?page_id=172"},"modified":"2020-07-18T08:51:05","modified_gmt":"2020-07-18T08:51:05","slug":"lasturianu","status":"publish","type":"page","link":"https:\/\/edublog.educastur.es\/llingua\/cursos\/lasturianu\/","title":{"rendered":"L\u00b4Asturianu"},"content":{"rendered":"<p><span style=\"font-size: 14pt\"><em><img loading=\"lazy\" decoding=\"async\" class=\"alignnone wp-image-173\" src=\"http:\/\/edublog.educastur.es\/llingua\/files\/2020\/07\/asturianu_tv-300x300.jpg\" alt=\"\" width=\"313\" height=\"313\" srcset=\"https:\/\/edublog.educastur.es\/llingua\/files\/2020\/07\/asturianu_tv-300x300.jpg 300w, https:\/\/edublog.educastur.es\/llingua\/files\/2020\/07\/asturianu_tv-150x150.jpg 150w, https:\/\/edublog.educastur.es\/llingua\/files\/2020\/07\/asturianu_tv.jpg 640w\" sizes=\"auto, (max-width: 313px) 100vw, 313px\" \/><\/em><\/span><\/p>\n<p><a href=\"https:\/\/asturianutv.wordpress.com\/\">Entamu<\/a><\/p>\n<div id=\"post-266\" class=\"post\">\n<div class=\"entry\">\n<h3><\/h3>\n<p><span style=\"font-size: 14pt\"><em><span style=\"color: #800000\"><strong>CLASES: calca nelles y esfruta\u2026<\/strong><\/span><a title=\"L\u00b4asturianu n\u00b4Educastur TV\" href=\"http:\/\/blog.educastur.es\/ixuxullingua\/tarea\/l\u00b4asturianu-n\u00b4educastur-tv\/\">L\u00b4asturianu n\u00b4Educastur TV<\/a><\/em><\/span><\/p>\n<\/div>\n<\/div>\n<h3><span style=\"font-size: 14pt\"><em><img loading=\"lazy\" decoding=\"async\" class=\"\" src=\"https:\/\/imgbox.es\/images\/2020\/03\/23\/separadora4a37c028d732afc.jpg\" width=\"471\" height=\"38\" \/><\/em><\/span><\/h3>\n<h3><span style=\"font-size: 14pt\"><em>1)<a href=\"https:\/\/www.youtube.com\/watch?v=vn3DscyZcjI&amp;feature=youtu.be\" target=\"_blank\" rel=\"noopener noreferrer\">Ver en Youtube<\/a><\/em><\/span><\/h3>\n<h3><span style=\"font-size: 14pt\"><em><b><a href=\"https:\/\/www.rtpa.es\/video:Aprende%20con%20TPA_551585957797.html\" target=\"_blank\" rel=\"noopener noreferrer\">CLAS\u00a0 1.<\/a><\/b><a href=\"https:\/\/www.rtpa.es\/video:Aprende%20con%20TPA_551585957797.html\" target=\"_blank\" rel=\"noopener noreferrer\"> Fecha: vienres 3 d\u00b4abril<\/a><b><a href=\"https:\/\/www.rtpa.es\/video:Aprende%20con%20TPA_551585957797.html\" target=\"_blank\" rel=\"noopener noreferrer\"> L\u00b4asturianu entama nel minutu 30:30<\/a><\/b><\/em><\/span><\/h3>\n<h3><span style=\"font-size: 14pt\"><em><b><a href=\"https:\/\/asturianutv.wordpress.com\/2020\/04\/04\/xeres-clas-1\/\" target=\"_blank\" rel=\"noopener noreferrer\">XERES CLAS 1 <\/a><\/b><\/em><\/span><\/h3>\n<p><span style=\"font-size: 14pt\"><em><img loading=\"lazy\" decoding=\"async\" src=\"https:\/\/asturianutv.files.wordpress.com\/2020\/03\/imaxe-recursos.jpg?w=800\" width=\"200\" height=\"154\" \/><\/em><\/span><\/p>\n<p><span style=\"font-size: 14pt\"><em><b>\u00bfQu\u00e9 tal vais perh\u00ed? Nesta primer clas, la del vienres 3 d\u2019abril, viemos delles cuestiones:<\/b><\/em><\/span><\/p>\n<ul>\n<li><span style=\"font-size: 14pt\"><em>Les lling\u00fces rom\u00e1niques de la Pen\u00ednsula Ib\u00e9rica. Al final d\u2019esta entrada voi ponevos un cantar en ca\u00fana de les lling\u00fces. \u00a1A ver si te presten!<\/em><\/span><\/li>\n<li><span style=\"font-size: 14pt\"><em>El vocabulariu de la cocina. Prop\u00fanxivos colgar nes redes dalg\u00fan videu curtiu<\/em><\/span><\/li>\n<li><span style=\"font-size: 14pt\"><em>Una esplicaci\u00f3n pa remanar esti blogue. \u00bfY\u00e1 echasti un g\u00fceyu a los recursos y ferramientes?<\/em><\/span><\/li>\n<li><span style=\"font-size: 14pt\"><em>Un cantar de Silvia Quesada. \u00bfQuies volver a sentilu? <a href=\"https:\/\/www.youtube.com\/watch?v=7SijprbKa1M\" target=\"_blank\" rel=\"noreferrer noopener\">Equ\u00ed<\/a>.<\/em><\/span><\/li>\n<\/ul>\n<p><span style=\"font-size: 14pt\"><em><b>Y equ\u00ed t\u00e1n los ocho cantares nes lling\u00fces de la pen\u00ednsula que vos promet\u00ed. <\/b><\/em><\/span><\/p>\n<ul>\n<li><span style=\"font-size: 14pt\"><em><a href=\"https:\/\/youtu.be\/F1e0wAcXcgw\" target=\"_blank\" rel=\"noopener noreferrer\">Gallegu<\/a><\/em><\/span><\/li>\n<li><span style=\"font-size: 14pt\"><em><a href=\"https:\/\/youtu.be\/rDA52HNZ_rM\" target=\"_blank\" rel=\"noopener noreferrer\">Portugu\u00e9s<\/a><\/em><\/span><\/li>\n<li><span style=\"font-size: 14pt\"><em><a href=\"https:\/\/youtu.be\/MKyvgCN6pgk\" target=\"_blank\" rel=\"noopener noreferrer\">Asturianu<\/a><\/em><\/span><\/li>\n<li><span style=\"font-size: 14pt\"><em><a href=\"https:\/\/youtu.be\/xErS7G3-tCQ\" target=\"_blank\" rel=\"noopener noreferrer\">Castell\u00e1n<\/a><\/em><\/span><\/li>\n<li><span style=\"font-size: 14pt\"><em><a href=\"https:\/\/youtu.be\/2wytMwXr1SY\" target=\"_blank\" rel=\"noopener noreferrer\">Vascu<\/a><\/em><\/span><\/li>\n<li><span style=\"font-size: 14pt\"><em><a href=\"https:\/\/youtu.be\/pqWJ2rHe6KQ\" target=\"_blank\" rel=\"noopener noreferrer\">Aragon\u00e9s<\/a><\/em><\/span><\/li>\n<li><span style=\"font-size: 14pt\"><em><a href=\"https:\/\/youtu.be\/cTbV4kpG4AU\" target=\"_blank\" rel=\"noopener noreferrer\">Aran\u00e9s-Occitanu<\/a><\/em><\/span><\/li>\n<li><span style=\"font-size: 14pt\"><em><a href=\"https:\/\/youtu.be\/foaea52y8JI\" target=\"_blank\" rel=\"noopener noreferrer\">Catal\u00e1n<\/a><\/em><\/span><\/li>\n<\/ul>\n<hr \/>\n<p><span style=\"font-size: 14pt\"><em>2)<a href=\"https:\/\/www.youtube.com\/watch?v=m1uqXEWhK7w&amp;feature=youtu.be\" target=\"_blank\" rel=\"noopener noreferrer\">Ver en Youtube<\/a><b><\/b><\/em><\/span><\/p>\n<ul>\n<li><span style=\"font-size: 14pt\"><em><a href=\"https:\/\/www.rtpa.es\/video:Aprende%20con%20TPA_551586226696.html\" target=\"_blank\" rel=\"noopener noreferrer\"><b>CLAS\u00a0 2<\/b>.\u00a0 Fecha: llunes 6 d\u00b4abril. <b>L\u00b4asturianu entama nel minutu 36:15 <\/b><\/a><\/em><\/span><\/li>\n<\/ul>\n<h3><span style=\"font-size: 14pt\"><em><a href=\"https:\/\/asturianutv.wordpress.com\/2020\/04\/07\/xeres-de-la-clas-2-07-04-2020\/\" target=\"_blank\" rel=\"noopener noreferrer\"><span style=\"color: #008000\"><b>XERES CLAS 2 <\/b><\/span><\/a><\/em><\/span><\/h3>\n<p><span style=\"font-size: 14pt\"><em>\u00bfQu\u00e9 tal vais perh\u00ed? Nesta segunda clas, la del martes 7 d\u2019abril, viemos delles cuestiones:<\/em><\/span><\/p>\n<ul>\n<li><span style=\"font-size: 14pt\"><em>La hestoria de la llingua asturiana dende la so nacencia al sieglu XVII\u00bfQuies conocer a Ant\u00f3n de Marirreguera? <a href=\"https:\/\/youtu.be\/omJTesld6g4\" target=\"_blank\" rel=\"noopener noreferrer\">Equ\u00ed tienes un videu curtiu y bien entreten\u00edu pa conocelu.<\/a><\/em><\/span><\/li>\n<li><span style=\"font-size: 14pt\"><em>Deprendimos a distinguir los usos del NON y el NUN. Pid\u00edvos facer un meme como\u2019l que fixi yo, usando les negaciones. Pod\u00e9is facelos con p\u00e1xines tan cencielles como <a href=\"https:\/\/imgflip.com\/memegenerator\" target=\"_blank\" rel=\"noreferrer noopener\">esta<\/a>.<\/em><\/span><br \/>\n<span style=\"font-size: 14pt\"><em><a href=\"https:\/\/imgflip.com\/memegenerator\" target=\"_blank\" rel=\"noopener noreferrer\">https:\/\/imgflip.com\/memegenerator<\/a><\/em><\/span><\/li>\n<li><\/li>\n<\/ul>\n<p><span style=\"font-size: 14pt\"><em><img loading=\"lazy\" decoding=\"async\" class=\"\" src=\"https:\/\/pbs.twimg.com\/media\/EVAOADMXQAMbQcK?format=jpg&amp;name=small\" width=\"275\" height=\"209\" \/><\/em><\/span><\/p>\n<ul>\n<li><span style=\"font-size: 14pt\"><em>Recomend\u00e9vos un llibru, la novela Khaos, d\u2019Afolfo Camilo D\u00edaz, que pod\u00e9is <a href=\"https:\/\/www.trabe.org\/wp-content\/uploads\/2020\/03\/khAOs.pdf?fbclid=IwAR1_-kf3FMIPd2fKbOQ9ubiOL3KG6UUnwGxX9L8cdC5WmUrBw48DPn-V-8Y\" target=\"_blank\" rel=\"noreferrer noopener\">descargar de baldre equ\u00ed<\/a>, gracies a Ediciones Trabe. <a href=\"https:\/\/www.trabe.org\/wp-content\/uploads\/2020\/03\/khAOs.pdf?fbclid=IwAR1_-kf3FMIPd2fKbOQ9ubiOL3KG6UUnwGxX9L8cdC5WmUrBw48DPn-V-8Y\" target=\"_blank\" rel=\"noopener noreferrer\"><b>Khaos<\/b><\/a><\/em><\/span><\/li>\n<li><span style=\"font-size: 14pt\"><em>Fal\u00e9vos de Xaime Mart\u00ednez y la so m\u00fasica. <a href=\"https:\/\/youtu.be\/dxe0Ep9bfaE\" target=\"_blank\" rel=\"noopener noreferrer\">\u00bfQuies ver un conciertu completu del m\u00fasicu y poeta? <\/a><\/em><\/span><\/li>\n<\/ul>\n<hr \/>\n<p><span style=\"font-size: 14pt\"><em>3)<a href=\"https:\/\/www.youtube.com\/watch?v=p-_4_1ts1Bw&amp;feature=youtu.be\" target=\"_blank\" rel=\"noopener noreferrer\">Ver en Youtube<\/a><\/em><\/span><\/p>\n<ul>\n<li><span style=\"font-size: 14pt\"><em><a href=\"https:\/\/www.rtpa.es\/video:Aprende%20con%20TPA_551586300292.html\" target=\"_blank\" rel=\"noopener noreferrer\"><b>CLAS\u00a0 3. <\/b>Fecha: martes 7 d\u00b4abril. <b>L\u00b4asturianu entama nel minutu 33:20<\/b><\/a><\/em><\/span><\/li>\n<\/ul>\n<h3><span style=\"font-size: 14pt\"><em><a href=\"https:\/\/asturianutv.wordpress.com\/2020\/04\/07\/xeres-de-la-clas-2-07-04-2020\/\" target=\"_blank\" rel=\"noopener noreferrer\"><span style=\"color: #008000\"><b>XERES CLAS 3<\/b><\/span><\/a><\/em><\/span><\/h3>\n<p><span style=\"font-size: 14pt\"><em><a href=\"https:\/\/asturianutv.files.wordpress.com\/2020\/04\/variantes-asturies.png\" target=\"_blank\" rel=\"noopener noreferrer\"><img loading=\"lazy\" decoding=\"async\" class=\"\" src=\"https:\/\/asturianutv.files.wordpress.com\/2020\/04\/variantes-asturies.png\" width=\"480\" height=\"282\" \/><\/a><\/em><\/span><\/p>\n<p><span style=\"font-size: 14pt\"><em>\u00a1Mui bones! \u00bfQu\u00e9 tal too? Nel programa 3 viemos los conten\u00edos que van darr\u00e9u:<\/em><\/span><\/p>\n<ul>\n<li><span style=\"font-size: 14pt\"><em>Les variedaes internes del asturianu.\u00a0 D\u00e9xovos equ\u00ed un mapa. La mio propuesta ye que si ten\u00e9is en casa a los g\u00fcelos, (y sin\u00f3n per tel\u00e9fonu) faig\u00e1is una entrevista pa conocer la varied\u00e1 del asturianu o gallego-asturianu de la so zona. \u00a1Apunt\u00e1is los resultaos y compart\u00edi cosines en redes citando a @asturianutv! \u00bfA qu\u00e9 varied\u00e1 interna pertenez la so forma de falar?<\/em><\/span><\/li>\n<\/ul>\n<p><span style=\"font-size: 14pt\"><em><a href=\"https:\/\/asturianutv.files.wordpress.com\/2020\/04\/variantes-dominiu.png\" target=\"_blank\" rel=\"noopener noreferrer\"><img loading=\"lazy\" decoding=\"async\" class=\"\" src=\"https:\/\/asturianutv.files.wordpress.com\/2020\/04\/variantes-dominiu.png\" width=\"456\" height=\"728\" \/><\/a><\/em><\/span><\/p>\n<ul>\n<li><span style=\"font-size: 14pt\"><em>Repasamos los posesivos n\u2019asturianu.\u00a0 D\u00e9xovos equ\u00ed les tables coles distintes formes. Prop\u00fanxivos buscar el vuesu oxetu prefer\u00edu y colgalu en redes con una fras con posesivu..<\/em><\/span><\/li>\n<\/ul>\n<p><span style=\"font-size: 14pt\"><em><a href=\"https:\/\/asturianutv.files.wordpress.com\/2020\/04\/captura-de-pantalla-2020-04-04-a-las-19.42.42.png?w=2048\" target=\"_blank\" rel=\"noopener noreferrer\"><img loading=\"lazy\" decoding=\"async\" class=\"\" src=\"https:\/\/asturianutv.files.wordpress.com\/2020\/04\/captura-de-pantalla-2020-04-04-a-las-19.42.42.png?w=2048\" width=\"481\" height=\"176\" \/><\/a><\/em><\/span><br \/>\n<span style=\"font-size: 14pt\"><em><a href=\"https:\/\/asturianutv.files.wordpress.com\/2020\/04\/captura-de-pantalla-2020-04-04-a-las-19.42.52.png?w=2048\" target=\"_blank\" rel=\"noopener noreferrer\"><img loading=\"lazy\" decoding=\"async\" class=\"\" src=\"https:\/\/asturianutv.files.wordpress.com\/2020\/04\/captura-de-pantalla-2020-04-04-a-las-19.42.52.png?w=2048\" width=\"480\" height=\"172\" \/><\/a><\/em><\/span><\/p>\n<p><span style=\"font-size: 14pt\"><em><a href=\"https:\/\/asturianutv.files.wordpress.com\/2020\/04\/captura-de-pantalla-2020-04-04-a-las-19.43.02.png?w=2048\" target=\"_blank\" rel=\"noopener noreferrer\"><img loading=\"lazy\" decoding=\"async\" class=\"\" src=\"https:\/\/asturianutv.files.wordpress.com\/2020\/04\/captura-de-pantalla-2020-04-04-a-las-19.43.02.png?w=2048\" width=\"481\" height=\"173\" \/><\/a><\/em><\/span><\/p>\n<p><span style=\"font-size: 14pt\"><em><a href=\"https:\/\/asturianutv.files.wordpress.com\/2020\/04\/captura-de-pantalla-2020-04-04-a-las-19.43.10.png?w=2046\" target=\"_blank\" rel=\"noopener noreferrer\"><img loading=\"lazy\" decoding=\"async\" class=\"\" src=\"https:\/\/asturianutv.files.wordpress.com\/2020\/04\/captura-de-pantalla-2020-04-04-a-las-19.43.10.png?w=2046\" width=\"486\" height=\"126\" \/><\/a><\/em><\/span><\/p>\n<p><span style=\"font-size: 14pt\"><em><a href=\"https:\/\/asturianutv.files.wordpress.com\/2020\/04\/captura-de-pantalla-2020-04-04-a-las-19.43.18.png?w=2048\" target=\"_blank\" rel=\"noopener noreferrer\"><img loading=\"lazy\" decoding=\"async\" class=\"\" src=\"https:\/\/asturianutv.files.wordpress.com\/2020\/04\/captura-de-pantalla-2020-04-04-a-las-19.43.18.png?w=2048\" width=\"486\" height=\"115\" \/><\/a><\/em><\/span><\/p>\n<ul>\n<li><span style=\"font-size: 14pt\"><em>Conocimos la Wikipedia n\u2019asturianu y anim\u00e9vos a incluyir nueves entraes. Puedes entrar equ\u00ed a conocela <a href=\"http:\/\/www.ast.wikipedia.org\" target=\"_blank\" rel=\"noreferrer noopener\">ast.wikipedia.org<\/a>.<\/em><\/span><\/li>\n<\/ul>\n<p><span style=\"font-size: 14pt\"><em><a href=\"https:\/\/asturianutv.files.wordpress.com\/2020\/04\/wiki-portada.png?w=2048\" target=\"_blank\" rel=\"noopener noreferrer\"><img loading=\"lazy\" decoding=\"async\" class=\"\" src=\"https:\/\/asturianutv.files.wordpress.com\/2020\/04\/wiki-portada.png?w=2048\" width=\"489\" height=\"286\" \/><\/a><\/em><\/span><\/p>\n<ul>\n<li><span style=\"font-size: 14pt\"><em>Despid\u00edmonos con <a href=\"https:\/\/youtu.be\/Hj1y4XG-p1A\" target=\"_blank\" rel=\"noopener noreferrer\">un cantar d\u2019Anabel Santiago.\u00a0<\/a> An\u00edmovos a buscar m\u00e1s y compartir los cantares que m\u00e1s vos presten en redes.<\/em><\/span><\/li>\n<\/ul>\n<hr \/>\n<ul>\n<li><span style=\"font-size: 14pt\"><em><a href=\"https:\/\/www.rtpa.es\/video:Aprende%20con%20TPA_551586386402.html\" target=\"_blank\" rel=\"noopener noreferrer\"><b>CLAS \u00a0 4. <\/b>Fecha mi\u00e9rcoles 8 d\u00b4abril<\/a><\/em><\/span><\/li>\n<li><span style=\"font-size: 14pt\"><em><a href=\"https:\/\/www.rtpa.es\/video:Aprende%20con%20TPA_551586386402.html\" target=\"_blank\" rel=\"noopener noreferrer\"><b>L\u00b4asturianu entama nel minutu\u00a0 16:55<\/b><\/a><\/em><\/span><\/li>\n<li><span style=\"font-size: 14pt\"><em><b><a href=\"https:\/\/asturianutv.wordpress.com\/2020\/04\/14\/xeres-de-la-clas-4-14-04-2020\/\" target=\"_blank\" rel=\"noopener noreferrer\">Xeres<\/a><br \/>\n<\/b><\/em><\/span><\/li>\n<li><span style=\"font-size: 14pt\"><em>\u00a0<a href=\"https:\/\/www.facebook.com\/asturianuTV\/videos\/2534200200175414\/\" target=\"_blank\" rel=\"noopener noreferrer\"><b>Ver clas 4 nesti enllaz (17 min)<\/b><\/a><\/em><\/span><\/li>\n<\/ul>\n<p><span style=\"font-size: 14pt\"><em><span style=\"color: #003366\"><u>Conten\u00edos<\/u>:<\/span><\/em><\/span><\/p>\n<p><span style=\"font-size: 14pt\"><em> <span style=\"color: #003366\">-Hestoria de la llingua asturiana: sieglu xvii.<br \/>\n-Falsos amigos asturianu-castell\u00e1n.<br \/>\n-Conocimos medios de comunicaci\u00f3n n\u2019asturianu.<br \/>\n-Un cantar d\u2019Alfredo Gonz\u00e1lez Fl\u00e1quez<\/span><\/em><\/span><\/p>\n<ul>\n<li><span style=\"font-size: 14pt\"><em><a href=\"https:\/\/www.youtube.com\/watch?time_continue=2&amp;v=omJTesld6g4&amp;feature=emb_logo\" target=\"_blank\" rel=\"noopener noreferrer\">Ant\u00f3n de Marirreguera<br \/>\n<\/a><\/em><\/span><\/li>\n<\/ul>\n<p><span style=\"font-size: 14pt\"><em><a href=\"https:\/\/asturianutv.wordpress.com\/2020\/04\/14\/xeres-de-la-clas-4-14-04-2020\/\" target=\"_blank\" rel=\"noopener noreferrer\"><b>\u00a0XERES CLAS 4<\/b><\/a><\/em><\/span><br \/>\n<span style=\"font-size: 14pt\"><em>\u00a1Mui bones! \u00bfQu\u00e9 tal vais? Nel programa 4 viemos los conten\u00edos que van darr\u00e9u:<\/em><\/span><\/p>\n<ul>\n<li><span style=\"font-size: 14pt\"><em>Adientr\u00e1monos nos entamos de la lliteratura asturiana moderna, nel sieglu XVII, con Ant\u00f3n de Marirreguera. Equ\u00ed pod\u00e9is conocer m\u00e1s a fondu la so obra, con <a href=\"http:\/\/www.araz.net\/escritores\/gonregue.htm\" target=\"_blank\" rel=\"noreferrer noopener\">dellos testos <\/a>y un videu.<\/em><\/span><\/li>\n<li><span style=\"font-size: 14pt\"><em>Deprendimos coses sobre los falsos amigos ente l\u2019asturianu y el castell\u00e1n, con pallabres como picar, prestar, repunante, etc.<\/em><\/span><\/li>\n<\/ul>\n<p><span style=\"font-size: 14pt\"><em><img loading=\"lazy\" decoding=\"async\" class=\"\" src=\"https:\/\/asturianutv.files.wordpress.com\/2020\/04\/captura-de-pantalla-2020-04-14-a-las-12.18.22.png\" width=\"377\" height=\"211\" \/><\/em><\/span><\/p>\n<ul>\n<li><span style=\"font-size: 14pt\"><em>Descubrimos delles p\u00e1xines onde siguir les <b>noticies n\u2019asturianu<\/b>. Ten\u00e9is el llist\u00e1u nel blogue, na <a href=\"https:\/\/asturianutv.wordpress.com\/recursos\/\" target=\"_blank\" rel=\"noreferrer noopener\">estaya recursos<\/a>.<\/em><\/span><\/li>\n<\/ul>\n<ul>\n<li><span style=\"font-size: 14pt\"><em><a href=\"https:\/\/www.rtpa.es\/noticies-asturianu\" target=\"_blank\" rel=\"noreferrer noopener\">RTPA n\u2019asturianu<\/a><\/em><\/span><\/li>\n<li><span style=\"font-size: 14pt\"><em><a href=\"http:\/\/asturies.com\/\" target=\"_blank\" rel=\"noreferrer noopener\">Asturies.com<\/a><\/em><\/span><\/li>\n<li><span style=\"font-size: 14pt\"><em><a href=\"http:\/\/asturnews.com\/\" target=\"_blank\" rel=\"noreferrer noopener\">Diariu Cultural Asturnews<\/a><\/em><\/span><\/li>\n<li><span style=\"font-size: 14pt\"><em><a href=\"https:\/\/conocerasturies.com\/asturianu\/\" target=\"_blank\" rel=\"noreferrer noopener\">Conocer Asturies<\/a><\/em><\/span><\/li>\n<li><span style=\"font-size: 14pt\"><em><a href=\"https:\/\/xixonaldia.com\/\" target=\"_blank\" rel=\"noreferrer noopener\">Xixon al d\u00eda<\/a><\/em><\/span><\/li>\n<li><span style=\"font-size: 14pt\"><em><a href=\"https:\/\/www.alderiquesdasturies.com\/\" target=\"_blank\" rel=\"noreferrer noopener\">Alderiques d\u2019Asturies<\/a><\/em><\/span><\/li>\n<li><span style=\"font-size: 14pt\"><em><a href=\"https:\/\/www.europapress.es\/asturianu\/\" target=\"_blank\" rel=\"noreferrer noopener\">EuropaPress<\/a><\/em><\/span><\/li>\n<li><span style=\"font-size: 14pt\"><em><a href=\"http:\/\/yexixon.com\/\" target=\"_blank\" rel=\"noreferrer noopener\">YeXix\u00f3n<\/a><\/em><\/span><\/li>\n<li><span style=\"font-size: 14pt\"><em><a href=\"https:\/\/www.infoasturies.com\/as\/\" target=\"_blank\" rel=\"noreferrer noopener\">InfoAsturies<\/a><\/em><\/span><\/li>\n<li><span style=\"font-size: 14pt\"><em><a href=\"https:\/\/refuelgu.com\/\" target=\"_blank\" rel=\"noreferrer noopener\">Refuelgu<\/a><\/em><\/span><\/li>\n<li><span style=\"font-size: 14pt\"><em>Conocimos al cantautor Alfredo Gonz\u00e1lez. <a href=\"https:\/\/youtu.be\/dggYAEO-NtI\" target=\"_blank\" rel=\"noopener noreferrer\">D\u00e9xovos equ\u00ed\u2019l so cantar \u201cLa nada y tu\u201d. <\/a><\/em><\/span><\/li>\n<li><span style=\"font-size: 14pt\"><em>Descubrimos el refr\u00e1n <b>\u201cAl platu vendr\u00e1s, arbeyu. Si nun ye de xoven sedr\u00e1 de vieyu\u201d.<\/b><\/em><\/span><\/li>\n<\/ul>\n<h1><span style=\"font-size: 14pt\"><em>Recursos<\/em><\/span><\/h1>\n<p><span style=\"font-size: 14pt\"><em>Nesta p\u00e1xina d\u00e9xovos espacios nos que poder lleer o ver conten\u00edos n\u2019asturianu (videos, m\u00fasica, noticies, etc.), pa informase, entretense, cantar\u2026<\/em><\/span><\/p>\n<p><span style=\"font-size: 14pt\"><em><b>Medios de comunicaci\u00f3n<\/b><\/em><\/span><\/p>\n<ul>\n<li><span style=\"font-size: 14pt\"><em><a href=\"https:\/\/www.rtpa.es\/noticies-asturianu\" target=\"_blank\" rel=\"noreferrer noopener\">RTPA n\u2019asturianu<\/a><\/em><\/span><\/li>\n<li><span style=\"font-size: 14pt\"><em><a href=\"http:\/\/asturies.com\/\" target=\"_blank\" rel=\"noopener noreferrer\">Asturies.com<\/a><\/em><\/span><\/li>\n<li><span style=\"font-size: 14pt\"><em><a href=\"http:\/\/asturnews.com\/\" target=\"_blank\" rel=\"noopener noreferrer\">Diariu Cultural Asturnews<\/a><\/em><\/span><\/li>\n<li><span style=\"font-size: 14pt\"><em><a href=\"https:\/\/conocerasturies.com\/asturianu\/\" target=\"_blank\" rel=\"noopener noreferrer\">Conocer Asturies<\/a><\/em><\/span><\/li>\n<li><span style=\"font-size: 14pt\"><em><a href=\"https:\/\/xixonaldia.com\/\" target=\"_blank\" rel=\"noopener noreferrer\">Xixon al d\u00eda<\/a><\/em><\/span><\/li>\n<li><span style=\"font-size: 14pt\"><em><a href=\"https:\/\/www.alderiquesdasturies.com\/\" target=\"_blank\" rel=\"noreferrer noopener\">Alderiques d\u2019Asturies<\/a><\/em><\/span><\/li>\n<li><span style=\"font-size: 14pt\"><em><a href=\"https:\/\/www.europapress.es\/asturianu\/\" target=\"_blank\" rel=\"noopener noreferrer\">EuropaPress<\/a><\/em><\/span><\/li>\n<li><span style=\"font-size: 14pt\"><em><a href=\"http:\/\/yexixon.com\/\" target=\"_blank\" rel=\"noopener noreferrer\">YeXix\u00f3n<\/a><\/em><\/span><\/li>\n<li><span style=\"font-size: 14pt\"><em><a href=\"https:\/\/www.infoasturies.com\/as\/\" target=\"_blank\" rel=\"noopener noreferrer\">InfoAsturies<\/a><\/em><\/span><\/li>\n<li><span style=\"font-size: 14pt\"><em><a href=\"https:\/\/refuelgu.com\/\" target=\"_blank\" rel=\"noreferrer noopener\">Refuelgu<\/a><\/em><\/span><\/li>\n<\/ul>\n<p><span style=\"font-size: 14pt\"><em><b>Blogueros<\/b><\/em><\/span><\/p>\n<ul>\n<li><span style=\"font-size: 14pt\"><em><a href=\"http:\/\/playpresta.com\/\" target=\"_blank\" rel=\"noreferrer noopener\">PlayPresta<\/a> (canal de youtubers)<\/em><\/span><\/li>\n<li><span style=\"font-size: 14pt\"><em><a href=\"https:\/\/www.youtube.com\/user\/Avilesin84\" target=\"_blank\" rel=\"noreferrer noopener\">Horros y frixuelos<\/a><\/em><\/span><\/li>\n<li><span style=\"font-size: 14pt\"><em><a href=\"https:\/\/www.youtube.com\/channel\/UC7NWg-wsomyn_AWYHJ0xe1g\" target=\"_blank\" rel=\"noreferrer noopener\">Yisus Asturies<\/a> (videoxuegos)<\/em><\/span><\/li>\n<\/ul>\n<p><span style=\"font-size: 14pt\"><em><b>M\u00fasica<\/b><\/em><\/span><\/p>\n<ul>\n<li><span style=\"font-size: 14pt\"><em><a href=\"https:\/\/www.youtube.com\/channel\/UCYJ7CSF_44F9spiV0UETW_g\" target=\"_blank\" rel=\"noreferrer noopener\">M\u00fasic[a]sturiana.com<\/a> (YouTube)<\/em><\/span><\/li>\n<li><span style=\"font-size: 14pt\"><em><a href=\"https:\/\/open.spotify.com\/user\/musicasturiana\" target=\"_blank\" rel=\"noreferrer noopener\">M\u00fasic[a]sturiana.com<\/a> (Spotify)<\/em><\/span><\/li>\n<li><span style=\"font-size: 14pt\"><em><a href=\"https:\/\/www.youtube.com\/watch?v=8UnE0sLrjvk&amp;list=PLhtoo519UiZZdOi-gD-2YVC3HpnanllrQ\" target=\"_blank\" rel=\"noreferrer noopener\">Karaoke N\u2019as<\/a>t (PlayPresta)<\/em><\/span><\/li>\n<li><span style=\"font-size: 14pt\"><em><a href=\"https:\/\/www.youtube.com\/watch?v=b_RB1hvbuIc&amp;list=PLbIwHtvMYIz2odWhIPCv1T5cmL6TIsyaz\" target=\"_blank\" rel=\"noreferrer noopener\">Karaoke<\/a> (ONL de Xix\u00f3n)<\/em><\/span><\/li>\n<\/ul>\n<p><span style=\"font-size: 14pt\"><em><b>Lliteratura &amp; Cultura<\/b><\/em><\/span><\/p>\n<ul>\n<li><span style=\"font-size: 14pt\"><em><a href=\"http:\/\/www.formientu.com\/\" target=\"_blank\" rel=\"noreferrer noopener\">Plataforma Formientu<\/a><\/em><\/span><\/li>\n<li><span style=\"font-size: 14pt\"><em><a href=\"https:\/\/issuu.com\/b.alto\" target=\"_blank\" rel=\"noreferrer noopener\">Revista Brixel<\/a><\/em><\/span><\/li>\n<li><span style=\"font-size: 14pt\"><em><a href=\"https:\/\/www.trabe.org\/es\/estoyu-2\/\" target=\"_blank\" rel=\"noreferrer noopener\">Revista Estoyu<\/a><\/em><\/span><\/li>\n<\/ul>\n<hr \/>\n<p>&nbsp;<\/p>\n<ul>\n<li><span style=\"font-size: 14pt\"><em>\u00a0<b><a href=\"https:\/\/www.youtube.com\/watch?v=N6f2LugkbQE&amp;feature=youtu.be\" target=\"_blank\" rel=\"noopener noreferrer\">Ver clas 5 Inaciu Gal\u00e1n (23 min)<\/a><\/b><\/em><\/span><\/li>\n<li><span style=\"font-size: 14pt\"><em><b><a href=\"https:\/\/asturianutv.wordpress.com\/2020\/04\/16\/xeres-de-la-clas-5-15-04-2020-y-videu\/\" target=\"_blank\" rel=\"noopener noreferrer\">Xeres<\/a><\/b><\/em><\/span><\/li>\n<li><span style=\"font-size: 14pt\"><em><b>Clas 5 en TPA<br \/>\n<\/b><\/em><\/span><\/li>\n<\/ul>\n<p><span style=\"font-size: 14pt\"><em><a href=\"https:\/\/asturianutv.wordpress.com\/2020\/04\/16\/xeres-de-la-clas-5-15-04-2020-y-videu\/\" target=\"_blank\" rel=\"noopener noreferrer\"><b>XERES CLAS 5\u00a0\u00a0\u00a0 15d\u00b4abril <\/b><\/a><\/em><\/span><\/p>\n<p><span style=\"font-size: 14pt\"><em><img decoding=\"async\" src=\"https:\/\/static.xx.fbcdn.net\/images\/emoji.php\/v9\/t4b\/2\/16\/1f4cc.png\" alt=\"?\" \/> Conten\u00edos y xeres complementaries.<\/em><\/span><\/p>\n<ul>\n<li><span style=\"font-size: 14pt\"><em>Sociolling\u00fc\u00edstica: Billing\u00fcismu y diglosia. Cu\u00e9ntame situaciones diglosia que vivieras o veas davezu na socied\u00e1 asturiana.<\/em><\/span><\/li>\n<li><span style=\"font-size: 14pt\"><em>Gram\u00e1tica: Vimos los usos de les preposiciones \u201cper\u201d y \u201cpor\u201d. \u00bfPor qu\u00e9 nun fac\u00e9is unes frases p\u2019animanos nestos d\u00edes nos que s\u2019usen estes dos formes?<\/em><\/span><\/li>\n<\/ul>\n<p><span style=\"font-size: 14pt\"><em><img loading=\"lazy\" decoding=\"async\" src=\"https:\/\/asturianutv.files.wordpress.com\/2020\/04\/ciencies-1.jpg?w=508\" width=\"246\" height=\"347\" \/><\/em><\/span><\/p>\n<ul>\n<li><span style=\"font-size: 14pt\"><em><a href=\"https:\/\/www.unioviedo.es\/reunido\/index.php\/CCACT\" target=\"_blank\" rel=\"noopener noreferrer\">Conocimos la revista Ciencies.<\/a><\/em><\/span><\/li>\n<li><span style=\"font-size: 14pt\"><em><a href=\"https:\/\/www.unioviedo.es\/reunido\/index.php\/CCACT\/issue\/archive\" target=\"_blank\" rel=\"noopener noreferrer\">Ver tolos n\u00famberos<\/a><\/em><\/span><\/li>\n<li><span style=\"font-size: 14pt\"><em>\u00a1<a href=\"https:\/\/www.unioviedo.es\/reunido\/index.php\/CCACT\" target=\"_blank\" rel=\"noreferrer noopener\">Equ\u00ed la ten\u00e9is pa lleela<\/a>! Tabla<a href=\"https:\/\/www.unioviedo.es\/reunido\/index.php\/CCACT\/issue\/view\/1148\/showToc\" target=\"_blank\" rel=\"noopener noreferrer\"> de conten\u00edos n\u00ba 9&#8230;<\/a><\/em><\/span><\/li>\n<\/ul>\n<table class=\"mceVisualAid\">\n<tbody>\n<tr valign=\"top\">\n<td class=\"mceVisualAid\"><span style=\"font-size: 14pt\"><em>Un vec\u00edn peligrosu pa desaniciar n\u2019Asturies: el Plumeru o Yerba de La Pampa (Cortaderia selloana)om\u00e1s Emilio D\u00edaz Gonz\u00e1lez<\/em><\/span><\/td>\n<td class=\"mceVisualAid\"><span style=\"font-size: 14pt\"><em><a href=\"https:\/\/www.unioviedo.es\/reunido\/index.php\/CCACT\/article\/view\/14349\/12566\">PDF<\/a><\/em><\/span><\/td>\n<\/tr>\n<\/tbody>\n<\/table>\n<table class=\"mceVisualAid\">\n<tbody>\n<tr valign=\"top\">\n<td class=\"mceVisualAid\"><span style=\"font-size: 14pt\"><em>Monteses, endotermos ya indicadores del camb\u00e9u global: los abeyones cant\u00e1bricosJos\u00e9 Ram\u00f3n Obeso<\/em><\/span><\/td>\n<td class=\"mceVisualAid\"><span style=\"font-size: 14pt\"><em><a href=\"https:\/\/www.unioviedo.es\/reunido\/index.php\/CCACT\/article\/view\/14350\/12567\">PDF<\/a><\/em><\/span><\/td>\n<\/tr>\n<\/tbody>\n<\/table>\n<table class=\"mceVisualAid\">\n<tbody>\n<tr valign=\"top\">\n<td class=\"mceVisualAid\"><span style=\"font-size: 14pt\"><em>L\u2019impautu del accidente nuclear de Chern\u00f3bil sobre la fauna salvaxeGerm\u00e1n Orizaola<\/em><\/span><\/td>\n<td class=\"mceVisualAid\"><span style=\"font-size: 14pt\"><em><a href=\"https:\/\/www.unioviedo.es\/reunido\/index.php\/CCACT\/article\/view\/14351\/12568\">PDF<\/a><\/em><\/span><\/td>\n<\/tr>\n<\/tbody>\n<\/table>\n<table class=\"mceVisualAid\">\n<tbody>\n<tr valign=\"top\">\n<td class=\"mceVisualAid\"><span style=\"font-size: 14pt\"><em>Carauterizaci\u00f3n taxon\u00f3mica de los asteroides (704) Interamnia y (349) Dembowska per aciu de t\u00e9uniques fotom\u00e9triques y espectrosc\u00f3piquesIsabel V\u00e1zquez Gonz\u00e1lez, Mar\u00eda Rodr\u00edguez Mor\u00e1n, Enrique D\u00edez Alonso, Francisco Javier de Cos Juez<\/em><\/span><\/td>\n<td class=\"mceVisualAid\"><span style=\"font-size: 14pt\"><em><a href=\"https:\/\/www.unioviedo.es\/reunido\/index.php\/CCACT\/article\/view\/14352\/12569\">PDF<\/a><\/em><\/span><\/td>\n<\/tr>\n<\/tbody>\n<\/table>\n<table class=\"mceVisualAid\">\n<tbody>\n<tr valign=\"top\">\n<td class=\"mceVisualAid\"><span style=\"font-size: 14pt\"><em>Una g\u00fceyada al avieyamientu asturianu dende la Sanid\u00e1: problemes socioecon\u00f3micos, nueves teunolox\u00edes y considerances \u00e9tiquesManuel-Germ\u00e1n Garc\u00eda Benito<\/em><\/span><\/td>\n<td class=\"mceVisualAid\"><span style=\"font-size: 14pt\"><em><a href=\"https:\/\/www.unioviedo.es\/reunido\/index.php\/CCACT\/article\/view\/14353\/12570\">PDF<\/a><\/em><\/span><\/td>\n<\/tr>\n<\/tbody>\n<\/table>\n<p><span style=\"font-size: 14pt\"><em>ISSN: 2174-9639<\/em><\/span><\/p>\n<ul>\n<li><span style=\"font-size: 14pt\"><em>Un cantar de Marisa Valle Roso. <a href=\"https:\/\/youtu.be\/1oPf92BC3nE\" target=\"_blank\" rel=\"noopener noreferrer\">Nel pozu Maria Luisa\u00a0<\/a>\u00bfQu\u00e9 cantares de Valle Roso pod\u00e9is recomendame?<\/em><\/span><\/li>\n<\/ul>\n<hr \/>\n<p><span style=\"font-size: 14pt\"><em><a href=\"https:\/\/youtu.be\/9yH0ntHsGj4\" target=\"_blank\" rel=\"noopener noreferrer\"><b>\u00a0Clas 6 en Youtube<\/b><\/a><\/em><\/span><\/p>\n<ul>\n<li><span style=\"font-size: 14pt\"><em><b><a href=\"https:\/\/www.rtpa.es\/video:Aprende%20con%20TPA_551586905108.html\" target=\"_blank\" rel=\"noopener noreferrer\">CLAS 6: Fecha 14 d\u00b4abril<\/a><\/b><\/em><\/span><\/li>\n<li><span style=\"font-size: 14pt\"><em><a href=\"https:\/\/www.rtpa.es\/video:Aprende%20con%20TPA_551586905108.html\" target=\"_blank\" rel=\"noopener noreferrer\"><b>L\u00b4asturianu entama nel minutu 35:40<\/b><\/a><\/em><\/span><\/li>\n<\/ul>\n<p><span style=\"font-size: 14pt\"><em><b><a href=\"https:\/\/asturianutv.wordpress.com\/2020\/04\/19\/xeres-de-la-clas-6-17-04-2020-y-videu\/?fbclid=IwAR0hGiG-hHAY3BnLlyXNT_FUE-zz6Q_svQXmZDoaAkCpgYqfvjzrlZTVRpk\" target=\"_blank\" rel=\"noopener noreferrer\">XERES CLAS 6<\/a><\/b><\/em><\/span><\/p>\n<p><span style=\"font-size: 14pt\"><em>Conten\u00edos y xeres.<\/em><\/span><\/p>\n<p><span style=\"font-size: 14pt\"><em>-Conocimos el llabor de l\u2019Academia de la Llingua Asturiana. Entra a la p\u00e1xina web de la instituci\u00f3n <a href=\"http:\/\/www.academiadelallingua.com\/\">http:\/\/www.academiadelallingua.com\/<\/a> y busca\u2019l diccionariu en llinia (DALLA).<\/em><\/span><\/p>\n<p align=\"center\"><span style=\"font-size: 14pt\"><em>.\u00a0 <a href=\"https:\/\/mas.lne.es\/diccionario\/\" target=\"_parent\" rel=\"noopener noreferrer\"><img loading=\"lazy\" decoding=\"async\" src=\"https:\/\/imgbox.es\/images\/2020\/03\/23\/dgla0dd2cf94af1e0a40.jpg\" width=\"194\" height=\"25\" align=\"left\" border=\"0\" \/><\/a><\/em><\/span><\/p>\n<p><span style=\"font-size: 14pt\"><em>Busca pallabres que te presten y cuelga la definici\u00f3n que da\u2019l DALLA y una fras d\u2019exemplu fecha por ti..-Repasamos el vocabulariu de frutes y verdures. Fai una llista con tolos productos que tean en casa y busca una receta pa facer con verdures. Cuelga la receta n\u2019asturianu en redes, citando a @asturianuTV.<\/em><\/span><\/p>\n<p><span style=\"font-size: 14pt\"><em>-Conocimos el \u201cProyectu Webserie\u201d (PlayPresta). Equ\u00ed puedes ver tolos cap\u00edtulos d\u2019esta serie n\u2019asturianu <a href=\"http:\/\/playpresta.com\/proyectu-webserie\/\">http:\/\/playpresta.com\/proyectu-webserie\/<\/a><\/em><\/span><\/p>\n<p><span style=\"font-size: 14pt\"><em><img loading=\"lazy\" decoding=\"async\" src=\"http:\/\/playpresta.com\/wp-content\/uploads\/2019\/01\/playpresta-retina.png\" width=\"272\" height=\"90\" \/><\/em><\/span><br \/>\n<span style=\"font-size: 14pt\"><em><a href=\"http:\/\/playpresta.com\/yesyoutuber\/\" target=\"_blank\" rel=\"noopener noreferrer\"><br \/>\n<\/a><\/em><\/span><\/p>\n<ul>\n<li><span style=\"font-size: 14pt\"><em><a href=\"http:\/\/playpresta.com\/yesyoutuber\/\" target=\"_blank\" rel=\"noopener noreferrer\">http:\/\/playpresta.com\/yesyoutuber\/<\/a><\/em><\/span><\/li>\n<\/ul>\n<p><span style=\"font-size: 14pt\"><em><img loading=\"lazy\" decoding=\"async\" src=\"http:\/\/playpresta.com\/wp-content\/uploads\/2019\/01\/yesyoutuber-1015x420.png\" width=\"338\" height=\"140\" \/><\/em><\/span><\/p>\n<h4><span style=\"font-size: 14pt\"><em><a href=\"https:\/\/www.instagram.com\/playpresta\/\" target=\"_blank\" rel=\"noopener noreferrer\">S\u00edguinos n&#8217;instagram<\/a> <a href=\"https:\/\/www.instagram.com\/playpresta\" target=\"_blank\" rel=\"noopener noreferrer\">@playpresta<\/a><\/em><\/span><\/h4>\n<ul>\n<li><span style=\"font-size: 14pt\"><em>\u00a0<a href=\"https:\/\/www.instagram.com\/playpresta\/\" target=\"_blank\" rel=\"noopener noreferrer\">https:\/\/www.instagram.com\/playpresta\/<\/a><\/em><\/span><\/li>\n<\/ul>\n<p><span style=\"font-size: 14pt\"><em>-Sentimos un cantar de<a href=\"https:\/\/youtu.be\/6LjxCseutZ4\" target=\"_blank\" rel=\"noopener noreferrer\"> Rodrigo Cuevas. Rambal\u00edn <\/a> \u00bfQu\u00e9 te paez esti del so \u00faltimu discu? Comenta en redes el to cantar prefer\u00edu del mesmu, citando a @asturinauTV.<\/em><\/span><\/p>\n<hr \/>\n<p><span style=\"font-size: 14pt\"><em><a href=\"https:\/\/youtu.be\/IApNMiosKBI\" target=\"_blank\" rel=\"noopener noreferrer\"><b>\u00a0Clas 7 en Youtube<\/b><\/a><\/em><\/span><\/p>\n<ul>\n<li><span style=\"font-size: 14pt\"><em><a href=\"https:\/\/www.rtpa.es\/video:Aprende%20con%20TPA_551586991575.html\" target=\"_blank\" rel=\"noopener noreferrer\"><b>CLAS 7 <\/b><\/a><\/em><\/span><\/li>\n<li><span style=\"font-size: 14pt\"><em><a href=\"https:\/\/www.rtpa.es\/video:Aprende%20con%20TPA_551586991575.html\" target=\"_blank\" rel=\"noopener noreferrer\"><b>L\u00b4asturianu entama nel minutu 40:00<\/b><\/a><\/em><\/span><\/li>\n<li><span style=\"font-size: 14pt\"><em>Conten\u00edos y xeres:<\/em><\/span><\/li>\n<\/ul>\n<p><span style=\"font-size: 14pt\"><em>*Conocimos la hestoria de la llingua asturiana nel sieglu XVIII al travi\u00e9s de la figura de <a href=\"https:\/\/youtu.be\/SLd0w625HIA\" target=\"_blank\" rel=\"noopener noreferrer\"><b>Xosefa y Gaspar de Xovellanos<\/b>.<\/a> E<a href=\"https:\/\/youtu.be\/SLd0w625HIA\" target=\"_blank\" rel=\"noopener noreferrer\">qu\u00ed tienes un videu.<\/a><\/em><\/span><\/p>\n<p><span style=\"font-size: 14pt\"><em>*Repasamos el<b> vocabulariu de la comida<\/b>, coles coses que tenemos na cocina. Ayuda en casa\u00a0 a facer la llista de la compra, usando esti vocabulariu.<\/em><\/span><br \/>\n<span style=\"font-size: 14pt\"><em>*Conocimos la webserie<b> <a href=\"https:\/\/youtu.be\/32PDqMQeUhg?list=PLWYSHEqesxa02F2z6w8fJtv4fIWfdYD2s\" target=\"_blank\" rel=\"noopener noreferrer\">Chatarrona<\/a><\/b><a href=\"https:\/\/youtu.be\/32PDqMQeUhg?list=PLWYSHEqesxa02F2z6w8fJtv4fIWfdYD2s\" target=\"_blank\" rel=\"noopener noreferrer\">. Equ\u00ed puedes ver tolos cap\u00edtulos d\u2019esta serie n\u2019asturianu.\u00a0<\/a><\/em><\/span><\/p>\n<p><span style=\"font-size: 14pt\"><em>*Sentimos al <a href=\"https:\/\/youtu.be\/KH3AjPV4WeI\" target=\"_blank\" rel=\"noopener noreferrer\"><b>grupu L-R<\/b> y sentimos un cantar de so. D\u00e9xovos equ\u00ed un conciertu completu pa que los conozas m\u00e1s.\u00a0<\/a><\/em><\/span><\/p>\n<hr \/>\n<p><span style=\"font-size: 14pt\"><em><a href=\"https:\/\/www.rtpa.es\/video:Asturias%20semanal_551494111575.html\" target=\"_blank\" rel=\"noopener noreferrer\">Ver clas 8 nesti enllaz TPA<\/a><\/em><\/span><\/p>\n<ul>\n<li><span style=\"font-size: 14pt\"><em><a href=\"https:\/\/asturianutv.wordpress.com\/2020\/04\/20\/xeres-de-la-clas-7-20-04-2020\/\" target=\"_blank\" rel=\"noopener noreferrer\">Xeres <\/a><\/em><\/span><\/li>\n<\/ul>\n<ul>\n<li><span style=\"font-size: 14pt\"><em><a href=\"https:\/\/youtu.be\/TUor5tlXxDo\" target=\"_blank\" rel=\"noopener noreferrer\">Clas 8 Youtube<\/a><\/em><\/span><\/li>\n<li><span style=\"font-size: 14pt\"><em><a href=\"https:\/\/asturianutv.wordpress.com\/2020\/04\/21\/xeres-de-la-clas-8-21-04-2020\/?fbclid=IwAR2i6C_Tb3Ist9d4RYmDPgI_lPu1pvd1SUQOdEZyXD6MvRHQRSAq9bzQm5Y\" target=\"_blank\" rel=\"noopener noreferrer\">Conten\u00edos y xeres.<\/a><\/em><\/span><\/li>\n<li><span style=\"font-size: 14pt\"><em><b>Falemos de la toponimia asturiana y el so procesu de recuperaci\u00f3n<\/b>. Recomi\u00e9ndovos ver esti reportaxe de Asturias Semanal TPA, onde se fala m\u00e1s a fondu. <a href=\"https:\/\/www.rtpa.es\/video:Asturias%20semanal_551494111575.html\" target=\"_blank\" rel=\"noreferrer noopener\">Ver videu<\/a>.<\/em><\/span><\/li>\n<li><span style=\"font-size: 14pt\"><em>Prop\u00f3ngovos que busqu\u00e9is top\u00f3nimos del vuesu conceyu y difund\u00edi los nomes tradicionales con semeyes de los llugares que veis dende casa y el so nome tradicional. Cit\u00e1i a @asturianuTV.<\/em><\/span><\/li>\n<li><span style=\"font-size: 14pt\"><em>Recursos pa buscar top\u00f3nimos:<\/em><\/span><\/li>\n<li><span style=\"font-size: 14pt\"><em><a href=\"https:\/\/sede.asturias.es\/portal\/site\/Asturias\/menuitem.fe57bf7c5fd38046e44f5310bb30a0a0\/?i18n.http.lang=es&amp;vgnextoid=757d21bda2295210VgnVCM10000097030a0aRCRD\" target=\"_blank\" rel=\"noreferrer noopener\">Llist\u00e1u de top\u00f3nimos oficial.<\/a><\/em><\/span><\/li>\n<li><span style=\"font-size: 14pt\"><em><a href=\"http:\/\/softastur.org\/toponimia\/\" target=\"_blank\" rel=\"noreferrer noopener\">Buscador de top\u00f3nimos de Softastur.<\/a><\/em><\/span><\/li>\n<li><span style=\"font-size: 14pt\"><em><a href=\"https:\/\/mas.lne.es\/toponimia\/\" target=\"_blank\" rel=\"noreferrer noopener\">Descubri equ\u00ed l\u2019orixe de los top\u00f3nimos asturianos.<\/a><\/em><\/span><\/li>\n<li><span style=\"font-size: 14pt\"><em>Estudiamos<b> los alverbios <\/b>y los sos usos. D\u00e9xovos equ\u00ed unos apuntes del manual Xeitu, de l\u2019Academia Llingua A.<\/em><\/span><\/li>\n<li><span style=\"font-size: 14pt\"><em><a href=\"https:\/\/asturianutv.files.wordpress.com\/2020\/04\/captura-de-pantalla-2020-04-21-a-las-12.30.20.png\" target=\"_blank\" rel=\"noopener noreferrer\"><img loading=\"lazy\" decoding=\"async\" class=\"\" src=\"https:\/\/asturianutv.files.wordpress.com\/2020\/04\/captura-de-pantalla-2020-04-21-a-las-12.30.20.png\" width=\"268\" height=\"355\" border=\"1\" \/><\/a>ampl\u00eda *** <a href=\"https:\/\/asturianutv.files.wordpress.com\/2020\/04\/captura-de-pantalla-2020-04-21-a-las-12.30.01.png\" target=\"_blank\" rel=\"noopener noreferrer\"><img loading=\"lazy\" decoding=\"async\" class=\"\" src=\"https:\/\/asturianutv.files.wordpress.com\/2020\/04\/captura-de-pantalla-2020-04-21-a-las-12.30.01.png\" width=\"267\" height=\"351\" border=\"1\" \/> &#8230;.<\/a><span style=\"color: #ffffff\">&#8230;&#8230;&#8230;.<\/span><\/em><\/span><\/li>\n<\/ul>\n<ul>\n<li><\/li>\n<\/ul>\n<ul>\n<li><span style=\"font-size: 14pt\"><em><a href=\"http:\/\/playpresta.com\/karaokenast\/\" target=\"_blank\" rel=\"noreferrer noopener\">Karaoke N\u2019AST, de PlayPresta<\/a><\/em><\/span><\/li>\n<li><span style=\"font-size: 14pt\"><em><a href=\"https:\/\/www.youtube.com\/watch?v=b_RB1hvbuIc&amp;list=PLbIwHtvMYIz2odWhIPCv1T5cmL6TIsyaz\" target=\"_blank\" rel=\"noreferrer noopener\">Karaoke n\u2019asturianu de la Oficina de Normalizaci\u00f3n Lling\u00fc\u00edstica de Xix\u00f3n. <\/a><\/em><\/span><\/li>\n<\/ul>\n<p><span style=\"font-size: 14pt\"><em>-Y fal\u00e9vos del grupu Muyeres. Pod\u00e9is saber m\u00e1s d\u2019elles en <a href=\"http:\/\/muyeres.com\" target=\"_blank\" rel=\"noreferrer noopener\">muyeres.com<\/a> o ver dellos videos na so canal de YouTube.<\/em><\/span><\/p>\n<hr \/>\n<ul>\n<li><span style=\"font-size: 14pt\"><em><b>Ver Clas 9 Inaciu Gal\u00e1n. <\/b>Fecha 23 Abril<\/em><\/span><\/li>\n<li><span style=\"font-size: 14pt\"><em><a href=\"https:\/\/www.youtube.com\/watch?time_continue=2&amp;v=FRuJN9sEIRY&amp;feature=emb_logo\" target=\"_blank\" rel=\"noopener noreferrer\"><b>Ver Clas 9 en Youtube<\/b><\/a><\/em><\/span><\/li>\n<li><span style=\"font-size: 14pt\"><em><b>Llibros<\/b> disponibles na rede.<\/em><\/span><\/li>\n<\/ul>\n<p><span style=\"font-size: 14pt\"><em>-Na web de\u00a0<a href=\"http:\/\/www.digital.pintar-pintar.com\/bookcase\/eimza\" target=\"_blank\" rel=\"noreferrer noopener\">Pintar-Pintar Editorial<\/a>.<\/em><\/span><br \/>\n<span style=\"font-size: 14pt\"><em>-Nes redes d\u2019<a href=\"http:\/\/trabe.org\" target=\"_blank\" rel=\"noreferrer noopener\">Ediciones Trabe<\/a>.<\/em><\/span><br \/>\n<span style=\"font-size: 14pt\"><em>-Na p\u00e1xina de\u00a0<a href=\"http:\/\/formientu.com\" target=\"_blank\" rel=\"noreferrer noopener\">Formientu<\/a>.<\/em><\/span><br \/>\n<span style=\"font-size: 14pt\"><em>-Na web d\u2019<a href=\"http:\/\/edicionesradagast.com\" target=\"_blank\" rel=\"noreferrer noopener\">Ediciones Radagast<\/a>.<\/em><\/span><\/p>\n<p><span style=\"font-size: 14pt\"><em>\u00a1Feliz D\u00eda del Llibru!<\/em><\/span><\/p>\n<hr \/>\n<ul>\n<li><span style=\"font-size: 14pt\"><em><a href=\"https:\/\/youtu.be\/RE4yk9GMnqQ\" target=\"_blank\" rel=\"noopener noreferrer\"><b>Clas 10<\/b><\/a><\/em><\/span><\/li>\n<li><span style=\"font-size: 14pt\"><em><a href=\"https:\/\/asturianutv.wordpress.com\/2020\/04\/27\/xeres-de-la-clas-10-27-04-2020-y-videu\/\" target=\"_blank\" rel=\"noopener noreferrer\">XERES <\/a><\/em><\/span><\/li>\n<\/ul>\n<p><span style=\"font-size: 14pt\"><em><b>Falemos de la norma, les variedaes de les lling\u00fces y de c\u00f3mo se constr\u00fai la normativa. <\/b>Puedes comentar les diferencies y asemeyos qu\u2019atopes ente la norma y la forma de falar na to zona.<\/em><\/span><\/p>\n<p><span style=\"font-size: 14pt\"><em>*Estudiamos <b>los par\u00f3nimos<\/b>, vocabulariu con asemeyos pero significaos estremaos. Dex\u00e9vos un llist\u00e1u final pa buscar el signific\u00e1u nel Diccionariu de la Llingua Asturiana, <a href=\"http:\/\/www.academiadelallingua.com\/diccionariu\/index.php\" target=\"_blank\" rel=\"noreferrer noopener\">equ\u00ed<\/a>.<\/em><\/span><\/p>\n<p><span style=\"font-size: 14pt\"><em><a href=\"https:\/\/asturianutv.files.wordpress.com\/2020\/04\/captura-de-pantalla-2020-04-27-a-las-23.37.23.png\" target=\"_blank\" rel=\"noopener noreferrer\"><img loading=\"lazy\" decoding=\"async\" src=\"https:\/\/asturianutv.files.wordpress.com\/2020\/04\/captura-de-pantalla-2020-04-27-a-las-23.37.23.png\" width=\"387\" height=\"259\" \/><\/a><\/em><\/span><\/p>\n<p><span style=\"font-size: 14pt\"><em>*Ense\u00f1\u00e9vos dellos recursos pa nun aburrise estos d\u00edes: los documentales n\u2019asturianu <b>Mirasturies: el pas\u00e1u reci\u00e9n<\/b>. Recomend\u00e9vos ver <a href=\"https:\/\/www.rtpa.es\/video:Mirasturies:%20el%20pasau%20recien_551319755274.html\" target=\"_blank\" rel=\"noreferrer noopener\">el documental sobre Muniel.los<\/a>.<\/em><\/span><\/p>\n<p><span style=\"font-size: 14pt\"><em><img loading=\"lazy\" decoding=\"async\" src=\"https:\/\/yt3.ggpht.com\/KB-g7-2nejCg7ZqO7wLNmzGh43502s7PDfVFXUWjU8L0zh40GRNY5VPgWp5ZJ9SI4OagQP81GPU=w1707-fcrop64=1,00005a57ffffa5a8-k-c0xffffffff-no-nd-rj\" width=\"426\" height=\"71\" \/><\/em><\/span><\/p>\n<p><span style=\"font-size: 14pt\"><em>*Y fal\u00e9vos del <b>grupu Taranus<\/b>, a los que pod\u00e9is ver equ\u00ed: Canal de<a href=\"https:\/\/www.youtube.com\/channel\/UCRfJbzTOyLqOoq4_35tEL_w\" target=\"_blank\" rel=\"noopener noreferrer\"> Youtube<\/a><\/em><\/span><br \/>\n<span style=\"font-size: 14pt\"><em><a href=\"https:\/\/youtu.be\/4gRkX-o_Bxw\" target=\"_blank\" rel=\"noopener noreferrer\"><b>\u00abEnsin ti\u00bb<\/b><\/a><\/em><\/span><\/p>\n<hr \/>\n<ul>\n<li><span style=\"font-size: 14pt\"><em>Clas<a href=\"https:\/\/youtu.be\/fLuu2_etCSQ\" target=\"_blank\" rel=\"noopener noreferrer\"> 11 en Youtube <\/a><\/em><\/span><\/li>\n<li><span style=\"font-size: 14pt\"><em>Clas 11 en TPA<\/em><\/span><\/li>\n<li><span style=\"font-size: 14pt\"><em><a href=\"https:\/\/asturianutv.wordpress.com\/2020\/05\/05\/xeres-de-la-clas-11-27-04-2020-y-videu\/\" target=\"_blank\" rel=\"noopener noreferrer\">Xeres<\/a><\/em><\/span><\/li>\n<\/ul>\n<h4><span style=\"font-size: 14pt\"><em><u>Conten\u00edos y <a href=\"https:\/\/asturianutv.wordpress.com\/2020\/05\/05\/xeres-de-la-clas-11-27-04-2020-y-videu\/\" target=\"_blank\" rel=\"noopener noreferrer\">xeres.<\/a><\/u><br \/>\n<\/em><\/span><\/h4>\n<p><span style=\"font-size: 14pt\"><em><img loading=\"lazy\" decoding=\"async\" src=\"http:\/\/asturies.com\/sites\/all\/themes\/espaciuytiempu\/diseniu\/logu_peq.jpg\" width=\"132\" height=\"33\" \/> *Falemos de la <b>lliteratura asturiana nel sieglu XIX.<\/b> <a href=\"http:\/\/asturies.com\/espaciuytiempu\/escritores\/xuan-maria-acebal-y-gutierrez\" target=\"_blank\" rel=\"noreferrer noopener\">Equ\u00ed puedes lleer<\/a> delles obres de Xuan M\u00aa Acebal.<a href=\"http:\/\/asturies.com\/espaciuytiempu\/escritores\/xuan-maria-acebal-y-gutierrez\" target=\"_blank\" rel=\"noopener noreferrer\"> http:\/\/asturies.com\/espaciuytiempu\/escritores\/xuan-maria-acebal-y-gutierrez <\/a><\/em><\/span><\/p>\n<p><span style=\"font-size: 14pt\"><em><br \/>\n*<b>Estudiamos el neutru de materia.\u00a0 <\/b><br \/>\n&#8211; <b><a href=\"https:\/\/www.google.com\/url?sa=t&amp;rct=j&amp;q=&amp;esrc=s&amp;source=web&amp;cd=2&amp;cad=rja&amp;uact=8&amp;ved=2ahUKEwiAhvyNkp3pAhVJOhoKHacOAQUQFjABegQICxAE&amp;url=https%3A%2F%2Fwww.researchgate.net%2Fpublication%2F317562206_El_neutro_de_materia_en_asturiano_Un_acercamiento_sintactico_al_fenomeno_en_cuanto_a_la_especificidad_genericidad_y_la_posicion_del_adjetivo&amp;usg=AOvVaw1jne8VOUJ2OdfKyiESBrX0\" target=\"_blank\" rel=\"noopener noreferrer\">Neutro de materia <\/a><\/b><\/em><\/span><\/p>\n<p><span style=\"font-size: 14pt\"><em>&#8211; <a href=\"http:\/\/asturies.com\/espaciuytiempu\/deprendeasturianu\/tema4\" target=\"_blank\" rel=\"noopener noreferrer\">Deprendi asturiano: <b>El neutro de materia <\/b><\/a><\/em><\/span><\/p>\n<p><span style=\"font-size: 14pt\"><em>Se genera cuando un sustantivo incontable precede a un adjetivo neutro, el cual es representado por la terminaci\u00f3n<b> -o<\/b>. Crea una lectura gen\u00e9rica; y as\u00ed, \u2018l\u2019arroz blanco\u2019 se refiere a cualquier arroz de ese color.<\/em><\/span><br \/>\n<span style=\"font-size: 14pt\"><em><br \/>\n*Fal\u00e9vos de <a href=\"https:\/\/www.facebook.com\/formientu\/?fref=tag\">Formientu<\/a>.com<\/em><\/span><\/p>\n<p><span style=\"font-size: 14pt\"><em> Echa un g\u00fceyu a les revistes en pdf na p\u00e1xina: <a href=\"http:\/\/www.formientu.com\/category\/hemeroteca\/\">http:\/\/www.formientu.com\/category\/hemeroteca\/<\/a><\/em><\/span><\/p>\n<h4><span style=\"font-size: 14pt\"><em>*Y conoc\u00edmos a <a href=\"https:\/\/www.facebook.com\/Luiscmgestudio\/?fref=tag\">Luis N\u00fa\u00f1ez y los Folganzanes<\/a>.<br \/>\nVer<a href=\"https:\/\/www.facebook.com\/Luiscmgestudio\/?hc_ref=ARTck75bNQBE-Sk-6t22SvJnmQY74oC813TnDgiDHuNvVPrua4B-Kf7a04RGqgcrqeQ&amp;fref=nf&amp;__tn__=kC-R\" target=\"_blank\" rel=\"noopener noreferrer\"> en Facebook<br \/>\n<\/a>Canal <a href=\"https:\/\/www.youtube.com\/channel\/UCpof8VUVDUtKEnMoH-wm17w\" target=\"_blank\" rel=\"noopener noreferrer\">de Youtube<\/a><a href=\"https:\/\/www.facebook.com\/Luiscmgestudio\/?hc_ref=ARTck75bNQBE-Sk-6t22SvJnmQY74oC813TnDgiDHuNvVPrua4B-Kf7a04RGqgcrqeQ&amp;fref=nf&amp;__tn__=kC-R\" target=\"_blank\" rel=\"noopener noreferrer\"><br \/>\n<\/a><\/em><\/span><br \/>\n<span style=\"font-size: 14pt\"><em>Cantar <a href=\"https:\/\/youtu.be\/SYUsrRayCL8\" target=\"_blank\" rel=\"noopener noreferrer\">\u00abXuro non tornar\u00bb<\/a><\/em><\/span><\/h4>\n<hr \/>\n<ul>\n<li><span style=\"font-size: 14pt\"><em><a href=\"https:\/\/youtu.be\/XMBeExyYMLU\" target=\"_blank\" rel=\"noopener noreferrer\">Clas 12<br \/>\n<\/a><\/em><\/span><\/li>\n<li><span style=\"font-size: 14pt\"><em>Especial Selmana de les Lletres Asturianes\u00a0 <span style=\"color: #000080\">1\/3 <b>Surdimientu<\/b>: Primer Xeneraci\u00f3n.<\/span><\/em><\/span><\/li>\n<\/ul>\n<hr \/>\n<p><span style=\"font-size: 14pt\"><em>\u2712\ufe0f Especial Selmana de les Lletres Asturianes\u00a0 <b>2\/3 Surdimientu: Tercer Xeneraci\u00f3n. <\/b><\/em><\/span><\/p>\n<ul>\n<li><span style=\"font-size: 14pt\"><em><a href=\"https:\/\/youtu.be\/1oqBY_wA8mk\" target=\"_blank\" rel=\"noopener noreferrer\">Clas 13<\/a><\/em><\/span><\/li>\n<\/ul>\n<hr \/>\n<ul>\n<li><span style=\"font-size: 14pt\"><em><a href=\"https:\/\/youtu.be\/SPzmgM_vFcM\" target=\"_blank\" rel=\"noopener noreferrer\">Clas 14<\/a><\/em><\/span><\/li>\n<\/ul>\n<p><span style=\"font-size: 14pt\"><em>\u2712\ufe0f Especial Selmana de les Lletres Asturianes <b>3\/3 Surdimientu: Tercer Xeneraci\u00f3n. <\/b><\/em><\/span><\/p>\n<hr \/>\n<ul>\n<li><span style=\"font-size: 14pt\"><em><a href=\"https:\/\/youtu.be\/bHLtYGZ_OMU\" target=\"_blank\" rel=\"noopener noreferrer\">V\u00eddeu de las Clas 15<\/a><\/em><\/span><\/li>\n<\/ul>\n<hr \/>\n<ul>\n<li><span style=\"font-size: 14pt\"><em><a href=\"https:\/\/youtu.be\/SsuGRiQB8wY\">Clas 16<\/a><\/em><\/span><\/li>\n<\/ul>\n<p><span style=\"font-size: 14pt\"><em>-Apostrofaciones\u00a0 <b>EN LA DE EL PA QUE ME TE SE \u00a0<\/b><b> EnDeQueMeTeSe<\/b> + vocal (-h muda)<\/em><\/span><\/p>\n<p><span style=\"font-size: 14pt\"><em>-M\u00fasica n\u2019asturianu: <span style=\"color: #003300\"><b>Maxi Are\u00f1es.\u00a0 <\/b><\/span><\/em><\/span><br \/>\n<span style=\"font-size: 14pt\"><em>Puedes sentir m\u00e1s temes de so <a href=\"https:\/\/www.youtube.com\/channel\/UCCuyRTG3YSCU5aRc1_LUAJg\" target=\"_blank\" rel=\"noreferrer noopener\">equ\u00ed<\/a>.<\/em><\/span><\/p>\n<ul>\n<li><span style=\"font-size: 14pt\"><em><a href=\"https:\/\/www.youtube.com\/channel\/UCCuyRTG3YSCU5aRc1_LUAJg\">Canal Youtube de Maxi Are\u00f1es<br \/>\n<\/a><\/em><\/span><\/li>\n<\/ul>\n<p><span style=\"font-size: 14pt\"><em>Y esti ye&#8217;l resultau final del v\u00eddiu del tema \u00abPrimavera n&#8217;Are\u00f1es, del mio discu \u00abSones del tiempu que nun foi\u00bb. Un v\u00eddiu realizau (guionizau y dirix\u00edu) por Nura Sierra Velasco<\/em><\/span><br \/>\n<span style=\"font-size: 14pt\"><em>Tema perteneciente al mio trabayu en solitariu \u00abSones del tiempu que nun foi\u00bb<\/em><\/span><br \/>\n<span style=\"font-size: 14pt\"><em>Maxi Are\u00f1es &#8211; Canciu a mio pa (Con miembros de Kendra \/ Cuartetu de cuerda y harpa)<\/em><\/span><\/p>\n<hr \/>\n<p><span style=\"font-size: 14pt\"><em><a href=\"https:\/\/youtu.be\/9vkA0tqrElg\" target=\"_blank\" rel=\"noopener noreferrer\"><b>Clas 17 <\/b><\/a><\/em><\/span><\/p>\n<p><span style=\"font-size: 14pt\"><em><u>Conten\u00edos: <\/u><\/em><\/span><\/p>\n<p><span style=\"font-size: 14pt\"><em>-10 coses que nun sab\u00edes sobre l\u2019asturianu.<\/em><\/span><br \/>\n<span style=\"font-size: 14pt\"><em>-Matriculaci\u00f3n na asignatura de Llingua Asturiana y Lliteratura.<\/em><\/span><br \/>\n<span style=\"font-size: 14pt\"><em>-Curtiumetraxe escolar: Ven\u00edi a xugar conmigo.<\/em><\/span><\/p>\n<p><span style=\"font-size: 14pt\"><em><img loading=\"lazy\" decoding=\"async\" src=\"https:\/\/asturianutv.files.wordpress.com\/2020\/06\/captura-de-pantalla-2020-06-04-a-las-15.36.51.png\" width=\"475\" height=\"290\" \/><\/em><\/span><\/p>\n<p><span style=\"font-size: 14pt\"><em><b>Ver minutu\u00a0 8:11 pa saber qu\u00e9 ye IXUX\u00da,<br \/>\n<span style=\"color: #333399\">1901 Primer peri\u00f3dicu dafechu n\u00b4asturianu<\/span><\/b><\/em><\/span><br \/>\n<span style=\"font-size: 14pt\"><em>1996 \u00abLes Noticies\u00bb, segundu peri\u00f3dicu n\u00b4asturianu <\/em><\/span><\/p>\n<ul>\n<li><span style=\"font-size: 14pt\"><em><a href=\"https:\/\/youtu.be\/c015eg9oTq4\" target=\"_blank\" rel=\"noopener noreferrer\">Hevia: \u00abTierra de nadie\u00bb<\/a><\/em><\/span><\/li>\n<\/ul>\n<hr \/>\n<ul>\n<li><span style=\"font-size: 14pt\"><em><a href=\"https:\/\/youtu.be\/2Hs3ritn9_M\" target=\"_blank\" rel=\"noopener noreferrer\">Clas 18 Youtube<\/a><\/em><\/span><\/li>\n<\/ul>\n<p><span style=\"font-size: 14pt\"><em><u>\u00a0<\/u><u>Conten\u00edos:<br \/>\n<\/u>-Traducciones al asturianu.<\/em><\/span><br \/>\n<span style=\"font-size: 14pt\"><em>-2 curtiumetraxes escolares.<\/em><\/span><\/p>\n<hr \/>\n<ul>\n<li><span style=\"font-size: 14pt\"><em><a href=\"https:\/\/youtu.be\/0k3o7WytIFo\" target=\"_blank\" rel=\"noopener noreferrer\">Clas 19 Youtube<\/a><\/em><\/span><\/li>\n<li><span style=\"font-size: 14pt\"><em><u>Conten\u00edos:<br \/>\n<\/u>-Vocabulariu del pueblu.<\/em><\/span><br \/>\n<span style=\"font-size: 14pt\"><em>-Asignatura Llingua Asturiana.<\/em><\/span><\/li>\n<\/ul>\n<hr \/>\n<p>&nbsp;<\/p>\n<div id=\"post-266\" class=\"post\">\n<div class=\"entry\">\n<hr \/>\n<p><span style=\"font-size: 14pt\"><em><img loading=\"lazy\" decoding=\"async\" src=\"https:\/\/asturianutv.files.wordpress.com\/2020\/04\/cropped-img_8152.png?w=1024&amp;h=225\" width=\"461\" height=\"101\" \/><\/em><\/span><\/p>\n<h4><span style=\"font-size: 14pt\"><em><span style=\"color: #333399\">Sigui equ\u00ed les actividaes de l\u2019asignatura de Llingua Asturiana y Lliteratura pa ESO y Bachilleratu nel espaciu EducasturTV.<\/span><\/em><\/span><\/h4>\n<p><span style=\"font-size: 14pt\"><em><img loading=\"lazy\" decoding=\"async\" class=\"\" src=\"https:\/\/3.bp.blogspot.com\/-_-ibbpnYqMc\/WUWH4JEY8gI\/AAAAAAAAWYg\/wlI4yLMFUVA7mmqqTBp55Dv3y9oCJaFjACLcBGAs\/s1600\/13700108_10209956158005787_598174614953895912_n.jpg\" width=\"182\" height=\"182\" \/><\/em><\/span><\/p>\n<ul>\n<li><span style=\"font-size: 14pt\"><em><a href=\"https:\/\/inaciugalan.wordpress.com\/\" target=\"_blank\" rel=\"noopener noreferrer\">Web<\/a><\/em><\/span><\/li>\n<li><span style=\"font-size: 14pt\"><em><a href=\"https:\/\/twitter.com\/inaciugalan\" target=\"_blank\" rel=\"noopener noreferrer\">Twitter<\/a><\/em><\/span><\/li>\n<li><span style=\"font-size: 14pt\"><em><a href=\"https:\/\/www.rtpa.es\/video:Mundu%20sidreru_551535926267.html\" target=\"_blank\" rel=\"noopener noreferrer\">\u201cMundu sidreru\u201d<\/a><\/em><\/span><\/li>\n<li><span style=\"font-size: 14pt\"><em>Corr\u00e9u <a href=\"mailto:inaciugalan@gmail.com\" target=\"_blank\" rel=\"noopener noreferrer\">inaciugalan@gmail.com<\/a>,<\/em><\/span><\/li>\n<li><span style=\"font-size: 14pt\"><em><a href=\"mailto:inaciugg@educastur.org\" target=\"_blank\" rel=\"noreferrer noopener\">inaciugg@educastur.org<\/a><\/em><\/span><\/li>\n<li><span style=\"font-size: 14pt\"><em>Tel\u00e9fonu 615 982 816<\/em><\/span><\/li>\n<\/ul>\n<p><span style=\"font-size: 14pt\"><em>Soi Inaciu Gal\u00e1n, profe d\u2019asturianu dende va cuasi 15 a\u00f1os.\u00a0 Entam\u00e9 en en cursos p\u2019adultos, presenciales y a distancia y dende va cuatro cursos y tres facer el M\u00e1ster de Profesor\u00e1u, en secundaria y bachilleratu. Am\u00e1s, soi periodista y va munchos a\u00f1os entam\u00e9 na televisi\u00f3n faciendo precisamente una clas d\u2019asturianu na televisi\u00f3n llocal de Xix\u00f3n. Agora enfr\u00e9ntome al retu de facer estes clases dende casa y con pocos medios, pero con toles ganes, aguarando que preste y enganche al alumn\u00e1u. Si quies saber m\u00e1s de min y del mio trabayu, puedes enterate <a href=\"https:\/\/inaciugalan.wordpress.com\/inaciu-galan_bio\/\" target=\"_blank\" rel=\"noreferrer noopener\">equ\u00ed<\/a>.<\/em><\/span><\/p>\n<p><span style=\"font-size: 14pt\"><em><strong><span style=\"color: #333399\">Mientres dure\u2019l confinamientu pol andanciu de coronavirus voi tar poniendo clases d\u2019asturianu nel espaciu\u00a0 EDUCASTURTV, na TPA, dende casa. <\/span><\/strong><span style=\"color: #333399\">Nesta p\u00e1xina voi dexavos xeres pa complementar lo visto nes clases, asina como enllaces a distintos recursos pa deprender asturianu, practicar les competencies lling\u00fc\u00edstiques na rede o simplemente pasalo bien un rat\u00edn.\u00a0 <\/span><span style=\"color: #333399\">Deprendiendo con v\u00f3s, faciendo por deprendevos daqu\u00e9. Intentando facelo lo meyor posible.\u00a0 <\/span><span style=\"color: #333399\"><strong>Horarios d\u2019emisi\u00f3n: <\/strong> Dellos d\u00edes, de llunes a vienres nel espaciu EducasturTV, na <strong>TPA (A7) 10:30 a 11:30<\/strong>, <strong>(A8) 11:30 A 12:30.<\/strong><\/span><\/em><\/span><\/p>\n<ul>\n<li><span style=\"font-size: 14pt\"><em><a href=\"https:\/\/asturianutv.wordpress.com\/\" target=\"_blank\" rel=\"noopener noreferrer\">WEB\u00a0 <img loading=\"lazy\" decoding=\"async\" src=\"https:\/\/imgbox.es\/images\/2020\/04\/08\/astTVc656361f68aefe99.jpg\" width=\"200\" height=\"200\" \/><\/a><\/em><\/span><\/li>\n<\/ul>\n<ul>\n<li>\n<h3><span style=\"font-size: 14pt\"><em><a title=\"Torna a la portada\" href=\"https:\/\/asturianutv.wordpress.com\/\">Entamu<\/a><\/em><\/span><\/h3>\n<\/li>\n<li>\n<h3><span style=\"font-size: 14pt\"><em><a title=\"\u00bfQui\u00e9n soi?\" href=\"https:\/\/asturianutv.wordpress.com\/elprofe\/\">El profe<\/a><\/em><\/span><\/h3>\n<\/li>\n<li>\n<h3><span style=\"font-size: 14pt\"><em><a title=\"Busca les actividaes\" href=\"https:\/\/asturianutv.wordpress.com\/xeres\/\">Xeres<\/a><\/em><\/span><\/h3>\n<\/li>\n<li>\n<h3><span style=\"font-size: 14pt\"><em><a href=\"https:\/\/asturianutv.wordpress.com\/ferramientes\/\">Ferramientes<\/a><\/em><\/span><\/h3>\n<\/li>\n<li>\n<h3><span style=\"font-size: 14pt\"><em><a href=\"https:\/\/asturianutv.wordpress.com\/recursos\/\">Recursos<\/a><\/em><\/span><\/h3>\n<\/li>\n<li>\n<h3><span style=\"font-size: 14pt\"><em><a title=\"\u00bfQu\u00e9 cuentes?\" href=\"https:\/\/asturianutv.wordpress.com\/contactu\/\">Contactu<\/a><\/em><\/span><\/h3>\n<\/li>\n<li>\n<h3><span style=\"font-size: 14pt\"><em><a href=\"https:\/\/asturianutv.wordpress.com\/videos\/\">Videos<\/a><\/em><\/span><\/h3>\n<\/li>\n<li><span style=\"font-size: 14pt\"><em><a href=\"https:\/\/twitter.com\/asturianuTV\" target=\"_blank\" rel=\"noopener noreferrer\">Tweets <\/a><a href=\"https:\/\/twitter.com\/asturianuTV\" target=\"_blank\" rel=\"noopener noreferrer\">by <\/a><a title=\"\u200e@asturianuTV on Twitter\" href=\"https:\/\/twitter.com\/asturianuTV\">\u200e@asturianuTV <\/a><\/em><\/span><\/li>\n<li><span style=\"font-size: 14pt\"><em><a href=\"https:\/\/www.facebook.com\/asturianuTV\" target=\"_blank\" rel=\"noopener noreferrer\"><strong>Facebook<\/strong><\/a><\/em><\/span><\/li>\n<\/ul>\n<h3><span style=\"font-size: 14pt\"><em><img loading=\"lazy\" decoding=\"async\" src=\"https:\/\/imgbox.es\/images\/2020\/03\/23\/separadora4a37c028d732afc.jpg\" width=\"322\" height=\"26\" \/><\/em><\/span><\/h3>\n<\/div>\n<\/div>\n","protected":false},"excerpt":{"rendered":"<p>Entamu CLASES: calca nelles y esfruta\u2026L\u00b4asturianu n\u00b4Educastur TV 1)Ver en Youtube CLAS\u00a0 1. Fecha: vienres 3 d\u00b4abril L\u00b4asturianu entama nel minutu 30:30 XERES CLAS 1 \u00bfQu\u00e9 tal vais perh\u00ed? Nesta primer clas, la del vienres 3 d\u2019abril, viemos delles cuestiones: Les lling\u00fces rom\u00e1niques de la Pen\u00ednsula Ib\u00e9rica. Al final d\u2019esta entrada voi ponevos un cantar [&hellip;]<\/p>\n","protected":false},"author":117,"featured_media":0,"parent":168,"menu_order":0,"comment_status":"closed","ping_status":"closed","template":"","meta":{"footnotes":""},"class_list":["post-172","page","type-page","status-publish","hentry","post-preview"],"_links":{"self":[{"href":"https:\/\/edublog.educastur.es\/llingua\/wp-json\/wp\/v2\/pages\/172","targetHints":{"allow":["GET"]}}],"collection":[{"href":"https:\/\/edublog.educastur.es\/llingua\/wp-json\/wp\/v2\/pages"}],"about":[{"href":"https:\/\/edublog.educastur.es\/llingua\/wp-json\/wp\/v2\/types\/page"}],"author":[{"embeddable":true,"href":"https:\/\/edublog.educastur.es\/llingua\/wp-json\/wp\/v2\/users\/117"}],"replies":[{"embeddable":true,"href":"https:\/\/edublog.educastur.es\/llingua\/wp-json\/wp\/v2\/comments?post=172"}],"version-history":[{"count":5,"href":"https:\/\/edublog.educastur.es\/llingua\/wp-json\/wp\/v2\/pages\/172\/revisions"}],"predecessor-version":[{"id":182,"href":"https:\/\/edublog.educastur.es\/llingua\/wp-json\/wp\/v2\/pages\/172\/revisions\/182"}],"up":[{"embeddable":true,"href":"https:\/\/edublog.educastur.es\/llingua\/wp-json\/wp\/v2\/pages\/168"}],"wp:attachment":[{"href":"https:\/\/edublog.educastur.es\/llingua\/wp-json\/wp\/v2\/media?parent=172"}],"curies":[{"name":"wp","href":"https:\/\/api.w.org\/{rel}","templated":true}]}}