{"id":57,"date":"2020-07-06T13:43:59","date_gmt":"2020-07-06T13:43:59","guid":{"rendered":"https:\/\/edublog.educastur.es\/llingua\/?page_id=57"},"modified":"2021-06-12T12:25:45","modified_gmt":"2021-06-12T10:25:45","slug":"campanes","status":"publish","type":"page","link":"https:\/\/edublog.educastur.es\/llingua\/campanes\/","title":{"rendered":"Campa\u00f1es"},"content":{"rendered":"<div class=\"kvgmc6g5 cxmmr5t8 oygrvhab hcukyx3x c1et5uql ii04i59q\">\n<div dir=\"auto\"><a href=\"https:\/\/imgbox.es\/images\/2021\/06\/03\/matricula38e1c04585f5a6e1.jpg\"><img loading=\"lazy\" decoding=\"async\" class=\"alignnone\" src=\"https:\/\/imgbox.es\/images\/2021\/06\/03\/matricula38e1c04585f5a6e1.jpg\" alt=\"\" width=\"545\" height=\"770\" \/><\/a><\/div>\n<div dir=\"auto\"><strong>Pol\u00edtica Lling\u00fc\u00edstica<\/strong> pon en marcha una campa\u00f1a p\u2019animar a la matriculaci\u00f3n del alumn\u00e1u nes asignatures de Llingua Asturiana y Lliteratura y de Gallego-Asturiano. Los plazos de matr\u00edcula<strong> pa Primaria son del 22 al 28 de xunu<\/strong><\/div>\n<div dir=\"auto\">\n<p><a href=\"https:\/\/politicallinguistica.asturias.es\/\"><img loading=\"lazy\" decoding=\"async\" class=\"aligncenter\" src=\"https:\/\/politicallinguistica.asturias.es\/image\/layout_set_logo?img_id=68611&amp;t=1615892698188\" alt=\"\" width=\"472\" height=\"91\" \/><\/a><\/p>\n<ul>\n<li><a href=\"https:\/\/politicallinguistica.asturias.es\/\">Web de POL\u00cdTICA LLING\u00dc\u00cdSTICA<\/a><\/li>\n<\/ul>\n<\/div>\n<ul>\n<li><a href=\"https:\/\/www.facebook.com\/selmana.lletresasturianes\">\u00a0Facebook<\/a><\/li>\n<\/ul>\n<\/div>\n<div class=\"o9v6fnle cxmmr5t8 oygrvhab hcukyx3x c1et5uql ii04i59q\">\n<div dir=\"auto\">La carteler\u00eda impresa ta llegando y\u00e1 a los centros educativos y d\u2019equ\u00ed a poco la campa\u00f1a va estendese a los medios de comunicaci\u00f3n, con cu\u00f1es de radio y spots televisivos nes dos lling\u00fces. <a href=\"https:\/\/www.tresaliacomunicacion.es\/SPOT_LLINGUA_DEF.mp4\">VIDEU<\/a><\/div>\n<div dir=\"auto\">\n<div style=\"width: 640px;\" class=\"wp-video\"><video class=\"wp-video-shortcode\" id=\"video-57-1\" width=\"640\" height=\"360\" preload=\"metadata\" controls=\"controls\"><source type=\"video\/mp4\" src=\"https:\/\/www.tresaliacomunicacion.es\/SPOT_LLINGUA_DEF.mp4?_=1\" \/><a href=\"https:\/\/www.tresaliacomunicacion.es\/SPOT_LLINGUA_DEF.mp4\">https:\/\/www.tresaliacomunicacion.es\/SPOT_LLINGUA_DEF.mp4<\/a><\/video><\/div>\n<\/div>\n<div dir=\"auto\"><\/div>\n<\/div>\n<hr \/>\n<h3 style=\"text-align: center\"><em><span style=\"color: #333399;font-size: 24pt\">2020<\/span><\/em><\/h3>\n<h3>Dende <a href=\"https:\/\/www.facebook.com\/selmana.lletresasturianes?eid=ARBXtWWeRTu6W5mJW3EsS3PtUS0UPDgo36QWdsT4EWkqBDjZd9jH5AEs75U2_5LwxLtcKvPTozCVi0T8&amp;hc_ref=ARQGS1daaw2ZzAmT11ZcNp_4Kw0D3QV8bdwcg1harNXMA2dpXXV-GetN509gNRwnK3U&amp;fref=nf\" target=\"_blank\" rel=\"noopener noreferrer\"><b><u><i>Pol\u00edtica Lling\u00fc\u00edstica Princip\u00e1u d&#8217;Asturies<\/i><\/u><\/b><\/a> entama la campa\u00f1a del Gobiernu d&#8217;Asturies <a href=\"https:\/\/www.facebook.com\/hashtag\/ap%C3%BAntate?__eep__=6&amp;__cft__[0]=AZX4Tl2SbA_qY09AymP7BdeYBN9rH3xBz6Xc7Om3mjUKJa9x5csFFWsvuUxUMHwMrbjLISCIxnhfHp17IFbxJiiIU_e-NoPXvt6MqyPx_RtfowDfGgdtNoHS6SM9GPKEGlg&amp;__tn__=*NK-R\">#Ap\u00fantate<\/a> en favor de la matriculaci\u00f3n de les asignatures de Llingua Asturiana y de Gallego-Asturianu pal cursu 2020-21. Estos son los carteles nes dos lling\u00fces. Pero ye una campa\u00f1a que va trayer m\u00e1s sorpreses.<\/h3>\n<p><a href=\"https:\/\/imgbox.es\/images\/2020\/06\/17\/camapana2020ll15f42327fc5dae0c.jpg\" target=\"_blank\" rel=\"noopener noreferrer\"><img loading=\"lazy\" decoding=\"async\" class=\"\" src=\"https:\/\/imgbox.es\/images\/2020\/06\/17\/camapana2020ll15f42327fc5dae0c.jpg\" width=\"557\" height=\"782\" border=\"1\" \/><\/a><\/p>\n<ul>\n<li>\n<h3><span style=\"font-size: 18pt\"><a href=\"https:\/\/www.educastur.es\/documents\/10531\/5214006\/2020-06+CARTEL+FINAL+asturiano+WEB.pdf\/a4e28240-a570-47fa-b502-89a8a95ed848\" target=\"_blank\" rel=\"noopener noreferrer\">Cartel llingua asturiana<\/a> (pdf)<\/span><\/h3>\n<\/li>\n<li>\n<h3><span style=\"font-size: 18pt\"><a href=\"https:\/\/www.educastur.es\/documents\/10531\/5214006\/2020-06+CARTEL+FINAL+gallego-asturiano+WEB.pdf\/81c12761-5925-4857-870d-2aa4334c496f\" target=\"_blank\" rel=\"noopener noreferrer\">Cartel Gallego-Asturiano<\/a> (pdf)<\/span><\/h3>\n<\/li>\n<li>\n<h3><span style=\"color: #ff0000;font-size: 18pt\"><i><b>Ap\u00fantate! Del 23 al 31 de xunu<\/b><\/i><\/span><\/h3>\n<\/li>\n<li>\n<h3><a href=\"https:\/\/www.facebook.com\/gobiernodeasturias\/videos\/196524894954738\" target=\"_blank\" rel=\"noopener noreferrer\"><i><span style=\"font-size: 18pt\">Ver VIDEU en Facebook<\/span><\/i><\/a><\/h3>\n<\/li>\n<li>\n<h3><i><a href=\"https:\/\/educastur-my.sharepoint.com\/:v:\/g\/personal\/isabellh_educastur_org\/EWmNbpFTdvZOgOnK_gkvtXgBhc8o3UlCfMoYpfUeQUaEeg?e=qfQxaV\" target=\"_blank\" rel=\"noopener noreferrer\">Ver videu equ\u00ed<\/a><br \/>\n<\/i><\/h3>\n<\/li>\n<li>\n<h3><i><a href=\"https:\/\/educastur-my.sharepoint.com\/:v:\/g\/personal\/isabellh_educastur_org\/EWmNbpFTdvZOgOnK_gkvtXgBhc8o3UlCfMoYpfUeQUaEeg?e=qfQxaV\" target=\"_blank\" rel=\"noopener noreferrer\"><img loading=\"lazy\" decoding=\"async\" class=\"\" src=\"https:\/\/imgbox.es\/images\/2020\/06\/17\/Apuntate8730b241d6c9973a.jpg\" width=\"662\" height=\"329\" \/><\/a><\/i><\/h3>\n<\/li>\n<li>\n<h3><a href=\"https:\/\/educastur-my.sharepoint.com\/personal\/corredoria3_educastur_org\/_layouts\/15\/onedrive.aspx?id=%2Fpersonal%2Fcorredoria3%5Feducastur%5Forg%2FDocuments%2FALOJAWEB%5FCOLE%5FNo%20borrar%2FDocumentos%20Web%2FINFORMACIO%CC%81N%20GENERAL%20MATRICULACIO%CC%81N%2Epdf&amp;parent=%2Fpersonal%2Fcorredoria3%5Feducastur%5Forg%2FDocuments%2FALOJAWEB%5FCOLE%5FNo%20borrar%2FDocumentos%20Web&amp;originalPath=aHR0cHM6Ly9lZHVjYXN0dXItbXkuc2hhcmVwb2ludC5jb20vOmI6L2cvcGVyc29uYWwvY29ycmVkb3JpYTNfZWR1Y2FzdHVyX29yZy9FWEplV2RBbFRPNUZ2VGJnbTkxQU5qY0JzTHA3RGF3ZzkwX0c1NkVJVHZQbkxnP3J0aW1lPXlNSUhXcGNTMkVn\" target=\"_blank\" rel=\"noopener noreferrer\">Ver noticia <b><i>\u00abMatriculaci\u00f3n\u00bb<\/i><\/b> en la web del Cole<\/a><\/h3>\n<\/li>\n<li>\n<h3><a href=\"https:\/\/t.co\/IDeZIjW9yY\" target=\"_blank\" rel=\"noopener noreferrer\">Ver noticia n\u00b4Educastur<\/a><\/h3>\n<\/li>\n<li>\n<h3><a href=\"https:\/\/es-es.facebook.com\/ofillin\/\">Ver informaci\u00f3n Oficina Normalizaci\u00f3n Ll. de Xix\u00f3n<\/a><\/h3>\n<\/li>\n<\/ul>\n<p><a href=\"https:\/\/imgbox.es\/images\/2020\/08\/05\/llxixon16100e5b2a2cfcff8.jpg\"><img loading=\"lazy\" decoding=\"async\" class=\"alignnone \" src=\"https:\/\/imgbox.es\/images\/2020\/08\/05\/llxixon16100e5b2a2cfcff8.jpg\" width=\"800\" height=\"600\" \/><\/a><\/p>\n<p><a href=\"https:\/\/imgbox.es\/images\/2020\/08\/05\/llxixon2d4115e2e41fec1c5.jpg\"><img loading=\"lazy\" decoding=\"async\" class=\"alignnone \" src=\"https:\/\/imgbox.es\/images\/2020\/08\/05\/llxixon2d4115e2e41fec1c5.jpg\" width=\"801\" height=\"601\" \/><\/a><\/p>\n<ul>\n<li><a href=\"https:\/\/iniciativapolasturianu.org\/iniciativa-pol-asturianu-entama-una-campana-pa-promover-la-matriculacion-en-llingua-asturiana-y-gallego-asturianu\/\"><em><span style=\"font-size: 18pt\">Ver campa\u00f1a d\u00b4INICIATIVA POL ASTURIANU<\/span><\/em><\/a><\/li>\n<\/ul>\n<p><a href=\"https:\/\/iniciativapolasturianu.org\/wp-content\/uploads\/2020\/06\/IMG-8396.png\"><img loading=\"lazy\" decoding=\"async\" class=\"alignnone \" src=\"https:\/\/iniciativapolasturianu.org\/wp-content\/uploads\/2020\/06\/IMG-8396.png\" width=\"500\" height=\"500\" \/><\/a><\/p>\n<p><a href=\"https:\/\/iniciativapolasturianu.org\/wp-content\/uploads\/2020\/06\/IMG-8398.png\"><img loading=\"lazy\" decoding=\"async\" class=\"alignnone \" src=\"https:\/\/iniciativapolasturianu.org\/wp-content\/uploads\/2020\/06\/IMG-8398.png\" width=\"500\" height=\"500\" \/><\/a><\/p>\n<p><a href=\"https:\/\/iniciativapolasturianu.org\/wp-content\/uploads\/2020\/06\/IMG-8400.png\"><img loading=\"lazy\" decoding=\"async\" class=\"alignnone \" src=\"https:\/\/iniciativapolasturianu.org\/wp-content\/uploads\/2020\/06\/IMG-8400.png\" width=\"500\" height=\"500\" \/><\/a><\/p>\n<p>&nbsp;<\/p>\n<p>&nbsp;<\/p>\n<p>&nbsp;<\/p>\n<p align=\"center\">\n","protected":false},"excerpt":{"rendered":"<p>Pol\u00edtica Lling\u00fc\u00edstica pon en marcha una campa\u00f1a p\u2019animar a la matriculaci\u00f3n del alumn\u00e1u nes asignatures de Llingua Asturiana y Lliteratura y de Gallego-Asturiano. Los plazos de matr\u00edcula pa Primaria son del 22 al 28 de xunu Web de POL\u00cdTICA LLING\u00dc\u00cdSTICA \u00a0Facebook La carteler\u00eda impresa ta llegando y\u00e1 a los centros educativos y d\u2019equ\u00ed a poco [&hellip;]<\/p>\n","protected":false},"author":117,"featured_media":0,"parent":0,"menu_order":0,"comment_status":"closed","ping_status":"closed","template":"","meta":{"footnotes":""},"class_list":["post-57","page","type-page","status-publish","hentry","post-preview"],"_links":{"self":[{"href":"https:\/\/edublog.educastur.es\/llingua\/wp-json\/wp\/v2\/pages\/57","targetHints":{"allow":["GET"]}}],"collection":[{"href":"https:\/\/edublog.educastur.es\/llingua\/wp-json\/wp\/v2\/pages"}],"about":[{"href":"https:\/\/edublog.educastur.es\/llingua\/wp-json\/wp\/v2\/types\/page"}],"author":[{"embeddable":true,"href":"https:\/\/edublog.educastur.es\/llingua\/wp-json\/wp\/v2\/users\/117"}],"replies":[{"embeddable":true,"href":"https:\/\/edublog.educastur.es\/llingua\/wp-json\/wp\/v2\/comments?post=57"}],"version-history":[{"count":5,"href":"https:\/\/edublog.educastur.es\/llingua\/wp-json\/wp\/v2\/pages\/57\/revisions"}],"predecessor-version":[{"id":603,"href":"https:\/\/edublog.educastur.es\/llingua\/wp-json\/wp\/v2\/pages\/57\/revisions\/603"}],"wp:attachment":[{"href":"https:\/\/edublog.educastur.es\/llingua\/wp-json\/wp\/v2\/media?parent=57"}],"curies":[{"name":"wp","href":"https:\/\/api.w.org\/{rel}","templated":true}]}}