{"id":59,"date":"2020-07-06T14:02:58","date_gmt":"2020-07-06T14:02:58","guid":{"rendered":"https:\/\/edublog.educastur.es\/llingua\/?page_id=59"},"modified":"2020-07-06T14:03:24","modified_gmt":"2020-07-06T14:03:24","slug":"oficines-normalizacion","status":"publish","type":"page","link":"https:\/\/edublog.educastur.es\/llingua\/oficines-normalizacion\/","title":{"rendered":"Oficines Normalizaci\u00f3n"},"content":{"rendered":"<p><img loading=\"lazy\" decoding=\"async\" class=\"jsly jsly-loaded\" src=\"https:\/\/imgbox.es\/images\/2020\/04\/23\/normalizacionacec4f7c7c643816.md.jpg\" alt=\"normalizacionacec4f7c7c643816.jpg\" width=\"555\" height=\"159\" \/><\/p>\n<h3><\/h3>\n<h3><em>REDE DE NORMALIZACI\u00d3N LLING\u00dc\u00cdSTICA NOS CONCEYOS : <\/em><em>Los Servicios y Oficinas de Normalizaci\u00f3n Ling\u00fc\u00edstica son departamentos que permiten a los ayuntamientos ir avanzando en el uso institucional y p\u00fablico de la lengua asturiana, convirti\u00e9ndola en un instrumento normal de comunicaci\u00f3n en la vida social municipal. <\/em><em>Puedes dirigirte a ellos para:<\/em><\/h3>\n<ul>\n<li>\n<h3><em>Hacer todo tipo de sugerencias con repecto al uso y dignificaci\u00f3n institucional y social del asturiano.<\/em><\/h3>\n<\/li>\n<li>\n<h3><em>Buscar asesoramiento para el uso de la lengua asturiana en cualquier iniciativa individual o colectiva.<\/em><\/h3>\n<\/li>\n<li>\n<h3><em>Buscar ayuda para corregir o traducir cualquier texto en lengua asturiana<\/em><\/h3>\n<\/li>\n<\/ul>\n<h3 style=\"text-align: left\" align=\"center\"><a href=\"https:\/\/llingua.gijon.es\/\"><em>https:\/\/llingua.gijon.es\/<\/em><\/a><\/h3>\n<h3 style=\"text-align: left\" align=\"center\"><em><a href=\"https:\/\/llingua.gijon.es\/\" target=\"_parent\" rel=\"noopener noreferrer\"><img loading=\"lazy\" decoding=\"async\" class=\"\" src=\"https:\/\/imgbox.es\/images\/2020\/04\/10\/xixonc02e7c8fdf261d05.jpg\" width=\"311\" height=\"346\" border=\"0\" \/><\/a><\/em><\/h3>\n<p style=\"text-align: left\" align=\"center\"><a href=\"http:\/\/llinguaviles.com\/?fbclid=IwAR3LSNpu9yoFKkmv6ug5QeajtSGCy0vFggyzSWFPEXs4L1dIDSu69BnZR6s\" target=\"_parent\" rel=\"noopener noreferrer\"><img loading=\"lazy\" decoding=\"async\" class=\"\" src=\"http:\/\/llinguaviles.com\/wp-content\/uploads\/2018\/04\/Positivo_CMYK_Horizontal2-copia.png\" width=\"597\" height=\"99\" border=\"0\" \/><\/a><\/p>\n<h3 style=\"text-align: left\" align=\"center\"><em><a href=\"https:\/\/www.aytolena.es\/servicio-de-normalizacion-linguistica\" target=\"_parent\" rel=\"noopener noreferrer\"><img loading=\"lazy\" decoding=\"async\" class=\"alignleft\" src=\"https:\/\/imgbox.es\/images\/2020\/03\/23\/lugar-trabajo-moderno60156b904ff15d4c.jpg\" width=\"286\" height=\"213\" border=\"0\" \/><\/a>Oficines de Normalizaci\u00f3n: list\u00e1u<\/em><\/h3>\n<div class=\"titulo\">\n<h1><span style=\"color: #800080\">Servicio de Normalizaci\u00f3n Ling\u00fc\u00edstica<\/span><\/h1>\n<\/div>\n<div class=\"detalle\">\n<h3><em>SERVICIO DE NORMALIZACI\u00d3N LING\u00dc\u00cdSTICA del Ayuntamiento de L.lena<\/em><\/h3>\n<h3><em>C\/ Marqu\u00e9s de San Feliz, 2\u00a0\u00a0\u00a0\u00a0 <\/em><em>33630 Pola de Lena (Asturias)\u00a0\u00a0 <\/em><em>Tfno.: 985 49 76 08\u00a0\u00a0 <\/em><em>Correo: <a href=\"mailto:normastur@aytolena.es\">normastur@aytolena.es<\/a><\/em><\/h3>\n<h3><em>AVIL\u00c9S _<\/em><em>CASA DE CULTURA (Primer pisu)\u00a0\u00a0\u00a0 <\/em><em>Plaza Domingo \u00c1lvarez Acebal,\u00a0\u00a0\u00a0 <\/em><em>33401 Avil\u00e9s\u00a0\u00a0 <\/em><em>Tlfnu.: 985 51 02 35 Fax: 985 51 00 45\u00a0\u00a0 <\/em><em>Corr\u00e9u: <a href=\"mailto:estayallingua@ayto-aviles.es\">estayallingua@ayto-aviles.es<\/a><\/em><\/h3>\n<h3><em>CABU PE\u00d1ES\u00a0\u00a0\u00a0 <\/em><em>Corr\u00e9u: <a href=\"mailto:mmcp.llingua@mcabop.es\">mmcp.llingua@mcabop.es<\/a><\/em><\/h3>\n<\/div>\n<p><em>Carre\u00f1o: Cand\u00e1s: Centru Cultural \u00abLa Barga\u00f1a\u00bb\u00a0\u00a0\u00a0\u00a0 <\/em><em>C\/ Bernardo Alfageme 5,\u00a0\u00a0 <\/em><em>33430 Cand\u00e1s\u00a0\u00a0\u00a0\u00a0\u00a0\u00a0 <\/em><em>Tlfnu.\/Fax: 985 88 48 44<\/em><br \/>\n<em>Goz\u00f3n: Lluanco:\u00a0\u00a0\u00a0\u00a0\u00a0\u00a0\u00a0\u00a0\u00a0\u00a0\u00a0\u00a0\u00a0\u00a0\u00a0\u00a0\u00a0\u00a0\u00a0\u00a0\u00a0\u00a0\u00a0\u00a0\u00a0\u00a0\u00a0\u00a0\u00a0\u00a0\u00a0\u00a0\u00a0\u00a0\u00a0\u00a0\u00a0\u00a0\u00a0\u00a0\u00a0\u00a0\u00a0\u00a0\u00a0\u00a0\u00a0\u00a0\u00a0\u00a0\u00a0\u00a0\u00a0\u00a0\u00a0\u00a0\u00a0\u00a0\u00a0\u00a0\u00a0\u00a0\u00a0\u00a0\u00a0\u00a0\u00a0\u00a0\u00a0\u00a0 C\/ El Fuerte, s\/n\u00a0\u00a0 \u00a0 \u00a0 \u00a0 \u00a0 \u00a0 \u00a0 \u00a0 \u00a0 \u00a0 \u00a0 <\/em><em>33440 Lluanco.\u00a0\u00a0\u00a0\u00a0 <\/em><em>Tlfnu.: 985 88 35 32 Fax: 985 88 36 38<\/em><\/p>\n<h3><em>CORVERA ASTURIES_ <\/em><em>CASA DE LA LLINGUA\u00a0\u00a0\u00a0\u00a0\u00a0\u00a0 <\/em><em>Parque Europa, El Llar\u00a0\u00a0\u00a0\u00a0\u00a0\u00a0 <\/em><em>33004, Les Vegues, Corvera\u00a0\u00a0 <\/em><em>Tfnu.: 985 93 10 07\/610 74 86 04\u00a0\u00a0 <\/em><em>Corr\u00e9u: <a href=\"mailto:elenarodiriguez@ayto-corvera.es\">elenarodiriguez@ayto-corvera.es<\/a><\/em><\/h3>\n<h3><em>CANGAS DEL NARCEA_ <\/em><em>Serviciu de Normalizaci\u00f3n L.ling\u00fc\u00edstica de Cangas\u00a0\u00a0 <\/em><em>C\/ Pintor Luis \u00c1lvarez, 17\u00a0\u00a0 <\/em><em>33800 Cangas del Narcea\u00a0\u00a0 <\/em><em>Tlfnu.: 985 81 08 34 Fax: 985 81 33 90<\/em><br \/>\n<em>Corr\u00e9u: <a href=\"mailto:culturacn@ayto-cnarcea.es\">culturacn@ayto-cnarcea.es\u00a0<\/a><\/em><\/h3>\n<h3><em>COMARCA DE LA SIDRA (Nava, Villaviciosa, Colunga, Sariegu, Cabranes y Bimenes)\u00a0\u00a0\u00a0 <\/em><em>MANCOMUNID\u00c1 COMARCA DE LA SIDRA\u00a0<\/em><br \/>\n<em>Paraes 47, 33529 Nava\u00a0\u00a0 <\/em><em>Tfnu.: 985 71 84 13; Fax: 985 71 85 31\u00a0\u00a0\u00a0\u00a0 <\/em><em>Corr\u00e9u: <a href=\"mailto:normastur@lacomarcadelasidra.com\">normastur@lacomarcadelasidra.com<\/a><\/em><\/h3>\n<h3><em>L.LENA\u00a0\u00a0\u00a0 <\/em><em>S. de N. Lling\u00fc\u00edstica de L.lena\u00a0\u00a0 <\/em><em>L.LENA OFICINA DE TURISMU\u00a0\u00a0 <\/em><em>C\/ Marqu\u00e9s de San Feliz 2\u00a0\u00a0 <\/em><em>33630 La Pola, L.lena\u00a0\u00a0 <\/em><em>Tfnu.: 985 49 76 08\u00a0\u00a0 <\/em><em>Corr\u00e9u: <a href=\"mailto:normastur@aytolena.es\">normastur@aytolena.es<\/a><\/em><\/h3>\n<h3><em>LLANGR\u00c9U_ <\/em><em>S.N. Ll. de Llangr\u00e9u\u00a0\u00a0 <\/em><em>CASA DE CULTURA ESCUELES DORADO\u00a0\u00a0 <\/em><em>C\/ Dorado, 6\u00a0\u00a0 <\/em><em>33900 Sama, Llangr\u00e9u\u00a0 <\/em><em>Tfnu.: 985 67 81 58; Fax: 985 69 86 29\u00a0 <\/em><em>Corr\u00e9u: <a href=\"mailto:llingua@ayto-langreo.es\">llingua@ayto-langreo.es<\/a><\/em><\/h3>\n<h3><em>LLAVIANA_ <\/em><em>Serviciu de Normalizaci\u00f3n Lling\u00fc\u00edstica de Llaviana\u00a0\u00a0\u00a0\u00a0 <\/em><em>Plaza Armando Palacio Vald\u00e9s, 1\u00a0\u00a0 <\/em><em>33980 La Pola Llaviana<\/em><\/h3>\n<h3><em>MIERES\u00a0<\/em><em> \u00a0 <\/em><em>Casa Cultura\u00bbTEODORO CUESTA\u00bb\u00a0\u00a0 <\/em><em>C\/ Manuel Llaneza, 8\u00a0\u00a0\u00a0\u00a0 <\/em><em>33600 Mieres del Cam\u00edn\u00a0\u00a0\u00a0 <\/em><em>Tfnu.: 985 45 06 66\/985 45 62 92; Fax: 985 45 04 05\u00a0 <\/em><em>Corr\u00e9u: <a href=\"mailto:llingua@ayto-mieres.es\">llingua@ayto-mieres.es<\/a><\/em><\/h3>\n<h3><em>SAMART\u00cdN DEL REI AURELIO\u00a0\u00a0 <\/em><em>C\/ Nicanor Pi\u00f1\u00f3le, 2\u00a0\u00a0 <\/em><em>33950 Sotrondiu\u00a0\u00a0 <\/em><em>Tfnu: 985 670 050 \/ 985 67 01 22\u00a0\u00a0\u00a0 <\/em><em>Corr\u00e9u: <a href=\"mailto:llingua@smra.org\">llingua@smra.org<\/a><\/em><\/h3>\n<h3><em>NAVIA\u00a0\u00a0\u00a0 <\/em><em>Oficina de Actividades Culturales y Lling\u00fc\u00edsticas de Navia\u00a0\u00a0 <\/em><em>PARQUE HIST\u00d3RICA DEL NAVIA\u00a0\u00a0 <\/em><em>C\/ Las Vegas, 13 Baxo\u00a0\u00a0 <\/em><em>33710, Navia<\/em><\/h3>\n<h3><em>SIERO\u00a0 <\/em><em>SIERO EDIFICIU ALMINISTRATIVU LA PE\u00d1A CARESES\u00a0\u00a0 <\/em><em>C\/ Natividad Garc\u00eda-Bustelo Fern\u00e1ndez, 7 su\u00e9tanu\u00a0\u00a0 <\/em><em>33510 La Pola Siero\u00a0\u00a0 <\/em><em>Tfnu.: 985 72 54 24 &#8211; 56 86 (Estensi\u00f3n 409)<\/em><br \/>\n<em>Corr\u00e9u: <a href=\"mailto:llingua.ayto-siero@telefonica.net\">llingua.ayto-siero@telefonica.net<\/a><\/em><\/h3>\n<h3><em>XIX\u00d3N\u00a0\u00a0 <\/em><em>Oficina Municipal de la Llingua\u00a0 C<\/em><em>ENTRU CULTURAL VIEYU INSTITUTU\u00a0\u00a0\u00a0 <\/em><em>C\/ Xovellanos 21\u00a0 <\/em><em>33201 Xix\u00f3n\u00a0\u00a0 <\/em><em>Tfnu.: 985 18 13 89; Fax: 985 35 07 09\u00a0 <\/em><em>Corr\u00e9u: <a href=\"mailto:llinguaasturiana@gijon.es\">llinguaasturiana@gijon.es<\/a><\/em><\/h3>\n<p style=\"text-align: left\" align=\"center\">&#8212;&#8212;&#8212;&#8212;&#8212;&#8212;&#8212;&#8212;&#8212;&#8212;&#8212;&#8212;&#8212;&#8212;&#8212;&#8212;&#8212;&#8212;&#8212;&#8212;&#8212;&#8212;&#8212;&#8212;&#8212;&#8212;&#8212;&#8212;&#8212;&#8212;&#8212;&#8212;&#8212;&#8212;&#8212;&#8212;<\/p>\n<p style=\"text-align: left\" align=\"center\"><a href=\"https:\/\/imgbox.es\/images\/2020\/04\/26\/habla41b4e963fa2111c2.jpg\" target=\"_parent\" rel=\"noopener noreferrer\"><img loading=\"lazy\" decoding=\"async\" class=\"\" src=\"https:\/\/imgbox.es\/images\/2020\/04\/26\/habla41b4e963fa2111c2.jpg\" width=\"624\" height=\"299\" border=\"0\" \/><\/a><\/p>\n<p style=\"text-align: left\" align=\"center\"><a href=\"https:\/\/www.facebook.com\/groups\/1561326180565614\/\" target=\"_parent\" rel=\"noopener noreferrer\"><img loading=\"lazy\" decoding=\"async\" class=\"\" src=\"https:\/\/imgbox.es\/images\/2020\/04\/27\/falalobb90e977bde0ea0f.jpg\" width=\"621\" height=\"357\" border=\"1\" \/><\/a><\/p>\n<p style=\"text-align: left\">\n","protected":false},"excerpt":{"rendered":"<p>REDE DE NORMALIZACI\u00d3N LLING\u00dc\u00cdSTICA NOS CONCEYOS : Los Servicios y Oficinas de Normalizaci\u00f3n Ling\u00fc\u00edstica son departamentos que permiten a los ayuntamientos ir avanzando en el uso institucional y p\u00fablico de la lengua asturiana, convirti\u00e9ndola en un instrumento normal de comunicaci\u00f3n en la vida social municipal. Puedes dirigirte a ellos para: Hacer todo tipo de sugerencias [&hellip;]<\/p>\n","protected":false},"author":117,"featured_media":0,"parent":0,"menu_order":0,"comment_status":"closed","ping_status":"closed","template":"","meta":{"footnotes":""},"class_list":["post-59","page","type-page","status-publish","hentry","post-preview"],"_links":{"self":[{"href":"https:\/\/edublog.educastur.es\/llingua\/wp-json\/wp\/v2\/pages\/59","targetHints":{"allow":["GET"]}}],"collection":[{"href":"https:\/\/edublog.educastur.es\/llingua\/wp-json\/wp\/v2\/pages"}],"about":[{"href":"https:\/\/edublog.educastur.es\/llingua\/wp-json\/wp\/v2\/types\/page"}],"author":[{"embeddable":true,"href":"https:\/\/edublog.educastur.es\/llingua\/wp-json\/wp\/v2\/users\/117"}],"replies":[{"embeddable":true,"href":"https:\/\/edublog.educastur.es\/llingua\/wp-json\/wp\/v2\/comments?post=59"}],"version-history":[{"count":2,"href":"https:\/\/edublog.educastur.es\/llingua\/wp-json\/wp\/v2\/pages\/59\/revisions"}],"predecessor-version":[{"id":64,"href":"https:\/\/edublog.educastur.es\/llingua\/wp-json\/wp\/v2\/pages\/59\/revisions\/64"}],"wp:attachment":[{"href":"https:\/\/edublog.educastur.es\/llingua\/wp-json\/wp\/v2\/media?parent=59"}],"curies":[{"name":"wp","href":"https:\/\/api.w.org\/{rel}","templated":true}]}}