{"id":60,"date":"2020-07-06T13:47:07","date_gmt":"2020-07-06T13:47:07","guid":{"rendered":"https:\/\/edublog.educastur.es\/llingua\/?page_id=60"},"modified":"2021-09-04T12:24:37","modified_gmt":"2021-09-04T10:24:37","slug":"oficialida","status":"publish","type":"page","link":"https:\/\/edublog.educastur.es\/llingua\/oficialida\/","title":{"rendered":"Oficialid\u00e1"},"content":{"rendered":"<p style=\"text-align: center\"><a href=\"https:\/\/edublog.educastur.es\/ixuxu\/files\/2021\/07\/E0xrahRXIAIPwpH1-462x1024.jpg\"><img loading=\"lazy\" decoding=\"async\" class=\"alignnone\" src=\"https:\/\/edublog.educastur.es\/ixuxu\/files\/2021\/07\/E0xrahRXIAIPwpH1-462x1024.jpg\" alt=\"\" width=\"235\" height=\"521\" \/><\/a><\/p>\n<p><em>Canciu: <\/em><strong><em><a href=\"https:\/\/youtu.be\/8Tu1QZedoIM\" target=\"_blank\" rel=\"noopener noreferrer\">\u201cFalando\u201d<\/a><\/em><\/strong><\/p>\n<p><a href=\"https:\/\/www.youtube.com\/watch?v=8Tu1QZedoIM\"><img loading=\"lazy\" decoding=\"async\" class=\"alignnone \" src=\"https:\/\/i.ytimg.com\/vi\/8Tu1QZedoIM\/maxresdefault.jpg\" width=\"349\" height=\"196\" \/><\/a><\/p>\n<p>&nbsp;<\/p>\n\n<!-- iframe plugin v.6.0 wordpress.org\/plugins\/iframe\/ -->\n<iframe loading=\"lazy\" width=\"588\" height=\"331\" src=\"https:\/\/www.youtube.com\/embed\/8Tu1QZedoIM\" scrolling=\"yes\" class=\"iframe-class\" frameborder=\"0\"><\/iframe>\n\n<h2><\/h2>\n<div class=\"entry\">\n<p align=\"left\">Canciu: <a href=\"https:\/\/youtu.be\/g4ZNYnBDQds\" target=\"_blank\" rel=\"noopener noreferrer\"><span style=\"color: #333399\"><strong><em>\u201cAgora\u201d <\/em><\/strong><\/span><\/a><\/p>\n\n<!-- iframe plugin v.6.0 wordpress.org\/plugins\/iframe\/ -->\n<iframe loading=\"lazy\" width=\"588\" height=\"331\" src=\"https:\/\/www.youtube.com\/embed\/g4ZNYnBDQds\" scrolling=\"yes\" class=\"iframe-class\" frameborder=\"0\"><\/iframe>\n\n<p>&nbsp;<\/p>\n<p align=\"left\"><strong><em>La oficialid\u00e1 \/ coficialid\u00e1 ye una reivindicaci\u00f3n de va munchos a\u00f1os. <\/em><\/strong><\/p>\n<p align=\"left\"><a href=\"https:\/\/www.youtube.com\/watch?v=I0HDdwE4TS8&amp;list=RDBbfXd31ISY4&amp;index=2\" target=\"_blank\" rel=\"noopener noreferrer\"><strong><em>\u201cCantar pola oficialid\u00e1\u201d <\/em><\/strong><\/a><\/p>\n\n<!-- iframe plugin v.6.0 wordpress.org\/plugins\/iframe\/ -->\n<iframe loading=\"lazy\" width=\"588\" height=\"331\" src=\"https:\/\/www.youtube.com\/embed\/I0HDdwE4TS8\" scrolling=\"yes\" class=\"iframe-class\" frameborder=\"0\"><\/iframe>\n\n<hr \/>\n<h3><em><span style=\"color: #003366\">TPA | El debate de la oficialid\u00e1\u00a0 <\/span>6 Mayu 2018<\/em><\/h3>\n<ul>\n<li><strong><em><a href=\"https:\/\/youtu.be\/XQh19yVGB0A\" target=\"_blank\" rel=\"noopener noreferrer\">Ver programa na TPA<br \/>\n<\/a><\/em><\/strong><\/li>\n<\/ul>\n\n<!-- iframe plugin v.6.0 wordpress.org\/plugins\/iframe\/ -->\n<iframe loading=\"lazy\" width=\"588\" height=\"331\" src=\"https:\/\/www.youtube.com\/embed\/XQh19yVGB0A\" scrolling=\"yes\" class=\"iframe-class\" frameborder=\"0\"><\/iframe>\n\n<p>N\u2019Asturies ficieronse tres estudios sociolling\u00fcisticos nos ultimos venticinco a\u00f1os. Pa\u2019l \u00faltimu, que ta a piques de publicase, fici\u00e9ronse 600 entrevistes. L\u2019estudiu amuesa que\u2019l sofitu a la cooficialid\u00e1 ye del 53%, demientes que\u2019l refugu ta nel 25%.<\/p>\n<hr \/>\n<\/div>\n<p><img loading=\"lazy\" decoding=\"async\" src=\"https:\/\/i.ytimg.com\/vi\/ztq5VIi5PG4\/hqdefault.jpg\" width=\"240\" height=\"180\" \/><\/p>\n<p>Videu de resume de los 31 Conciertos pola <a href=\"https:\/\/www.youtube.com\/results?search_query=%23Oficialid%C3%A1\">#Oficialid\u00e1<\/a>. Proyeut\u00e1u na gala \u201cLa banda sonora de la Oficialid\u00e1\u201d nel Teatru Palacio Vald\u00e9s d\u2019Avil\u00e9s el 14 d\u2019avientu de 2019.<\/p>\n<p><a href=\"https:\/\/www.youtube.com\/watch?v=ztq5VIi5PG4\" target=\"_blank\" rel=\"noopener noreferrer\"><strong>31 a\u00f1os Conciertu pola oficialid\u00e1 <\/strong><\/a><\/p>\n<p>&nbsp;<\/p>\n","protected":false},"excerpt":{"rendered":"<p>Canciu: \u201cFalando\u201d &nbsp; Canciu: \u201cAgora\u201d &nbsp; La oficialid\u00e1 \/ coficialid\u00e1 ye una reivindicaci\u00f3n de va munchos a\u00f1os. \u201cCantar pola oficialid\u00e1\u201d TPA | El debate de la oficialid\u00e1\u00a0 6 Mayu 2018 Ver programa na TPA N\u2019Asturies ficieronse tres estudios sociolling\u00fcisticos nos ultimos venticinco a\u00f1os. Pa\u2019l \u00faltimu, que ta a piques de publicase, fici\u00e9ronse 600 entrevistes. L\u2019estudiu [&hellip;]<\/p>\n","protected":false},"author":117,"featured_media":0,"parent":0,"menu_order":0,"comment_status":"closed","ping_status":"closed","template":"","meta":{"footnotes":""},"class_list":["post-60","page","type-page","status-publish","hentry","post-preview"],"_links":{"self":[{"href":"https:\/\/edublog.educastur.es\/llingua\/wp-json\/wp\/v2\/pages\/60","targetHints":{"allow":["GET"]}}],"collection":[{"href":"https:\/\/edublog.educastur.es\/llingua\/wp-json\/wp\/v2\/pages"}],"about":[{"href":"https:\/\/edublog.educastur.es\/llingua\/wp-json\/wp\/v2\/types\/page"}],"author":[{"embeddable":true,"href":"https:\/\/edublog.educastur.es\/llingua\/wp-json\/wp\/v2\/users\/117"}],"replies":[{"embeddable":true,"href":"https:\/\/edublog.educastur.es\/llingua\/wp-json\/wp\/v2\/comments?post=60"}],"version-history":[{"count":6,"href":"https:\/\/edublog.educastur.es\/llingua\/wp-json\/wp\/v2\/pages\/60\/revisions"}],"predecessor-version":[{"id":649,"href":"https:\/\/edublog.educastur.es\/llingua\/wp-json\/wp\/v2\/pages\/60\/revisions\/649"}],"wp:attachment":[{"href":"https:\/\/edublog.educastur.es\/llingua\/wp-json\/wp\/v2\/media?parent=60"}],"curies":[{"name":"wp","href":"https:\/\/api.w.org\/{rel}","templated":true}]}}