{"id":614,"date":"2021-06-22T22:40:25","date_gmt":"2021-06-22T20:40:25","guid":{"rendered":"https:\/\/edublog.educastur.es\/llingua\/?page_id=614"},"modified":"2021-06-22T22:46:57","modified_gmt":"2021-06-22T20:46:57","slug":"dominiu-publicu","status":"publish","type":"page","link":"https:\/\/edublog.educastur.es\/llingua\/lliteratura-2\/dominiu-publicu\/","title":{"rendered":"Dominiu P\u00fablicu"},"content":{"rendered":"<div class=\"\" dir=\"auto\">\n<div class=\"\" dir=\"auto\">\n<div class=\"ecm0bbzt hv4rvrfc ihqw7lf3 dati1w0a\" data-ad-comet-preview=\"message\" data-ad-preview=\"message\">\n<div class=\"j83agx80 cbu4d94t ew0dbk1b irj2b8pg\">\n<div class=\"qzhwtbm6 knvmm38d\">\n<div class=\"kvgmc6g5 cxmmr5t8 oygrvhab hcukyx3x c1et5uql ii04i59q\">\n<div dir=\"auto\"><span style=\"font-size: 14pt\">La <span style=\"color: #008080\"><a style=\"color: #008080\" href=\"https:\/\/www.bibliotecaspublicas.es\/oviedo\/\"><span style=\"text-decoration: underline\">Biblioteca d\u2019Asturies \u00abRam\u00f3n P\u00e9rez de Ayala\u00bb <\/span><\/a><\/span>crea la colecci\u00f3n lliteraria <strong><span style=\"color: #008080\">\u00abDominiu P\u00fablicu\u00bb<\/span><\/strong>, cola que quier divulgase la trayectoria d\u2019autores asturianos que fallecieron va 80 a\u00f1os o m\u00e1s, rescatando obres que nos m\u00e1s de los casos son d\u2019accesu dif\u00edcil al tar descatalogaes.<\/span><\/div>\n<div dir=\"auto\"><\/div>\n<\/div>\n<div dir=\"auto\"><a href=\"https:\/\/politicallinguistica.asturias.es\/documents\/71052\/88354\/Villalainfran.jpg\/fb081a3e-20c0-62d1-feca-de5df84b9b9c?t=1624264526375\"><img loading=\"lazy\" decoding=\"async\" class=\"alignnone\" src=\"https:\/\/politicallinguistica.asturias.es\/documents\/71052\/88354\/Villalainfran.jpg\/fb081a3e-20c0-62d1-feca-de5df84b9b9c?t=1624264526375\" alt=\"\" width=\"244\" height=\"370\" \/><\/a> \/ <a href=\"https:\/\/politicallinguistica.asturias.es\/documents\/35940\/82733\/Maqueta+Antoloxi%CC%81a+J.+Villai%CC%81n_.pdf\/63f043b3-22b1-af89-f731-92aeb4f39b9a?t=1623825369547\"><img loading=\"lazy\" decoding=\"async\" class=\"alignnone\" src=\"https:\/\/politicallinguistica.asturias.es\/documents\/71052\/88354\/E0ucc75WYAE3T9F.jpg\/2b6d11ff-6f08-8b49-0d62-124281b3ba28?t=1624264732883\" alt=\"\" width=\"172\" height=\"232\" \/><\/a><\/div>\n<div dir=\"auto\"><span style=\"font-size: 14pt\">El primer n\u00famberu d\u2019esta colecci\u00f3n nueva ta dedicada a Jos\u00e9 de Villala\u00edn Fern\u00e1ndez, y el llibru ta disponible pa la so descarga gratuita nesti enllaz: <a href=\"https:\/\/politicallinguistica.asturias.es\/documents\/35940\/82733\/Maqueta+Antoloxi%CC%81a+J.+Villai%CC%81n_.pdf\/63f043b3-22b1-af89-f731-92aeb4f39b9a?t=1623825369547\" target=\"\" rel=\"noopener\">Antolox\u00eda po\u00e9tica de Jos\u00e9 Villala\u00edn Fern\u00e1ndez<\/a>.<\/span><\/div>\n<ul>\n<li><a href=\"https:\/\/asturies.com\/noticies\/villalain-abre-la-coleicion-dominiu-publicu-de-la-biblioteca-dasturies\">Noticia d\u00b4Asturies.com:<span style=\"color: #008080\"> Villala\u00edn abre la coleici\u00f3n &#8216;Dominiu p\u00fablicu&#8217; de la Biblioteca d&#8217;Asturies<\/span><\/a><\/li>\n<\/ul>\n<div class=\"field field-name-body field-type-text-with-summary field-label-hidden\">\n<div class=\"field-items\">\n<div class=\"field-item even\">\n<p>Naz col oxetivu de divulgar autores asturianos que finaron va m\u00e1s de 80 a\u00f1os.<\/p>\n<p>Y\u00e1 se pue consultar na rede el primer n\u00famberu de la coleici\u00f3n &#8216;Dominiu p\u00fablicu&#8217; de la Biblioteca d&#8217;Asturies Ram\u00f3n P\u00e9rez de Ayala, qu&#8217;asoley\u00f3 de manera f\u00edsica con motivu del XLII Selmana de les Lletres Asturianes pa repartir ente los sos usuarios. \u00c9sta ye una antolox\u00eda po\u00e9tica de Jos\u00e9 Villala\u00edn Fern\u00e1ndez, escritor nac\u00edu en Navia nel 1878 y cri\u00e1u en Castrill\u00f3n.<\/p>\n<p>M\u00e9dicu de profesi\u00f3n y violinista, tami\u00e9n prautic\u00f3 la pintura y la escritura, con obres n&#8217;asturianu y castellanu, munches d&#8217;elles in\u00e9dites. <span dir=\"ltr\">Encu\u00e1drase nel realismu asturianu de lo \u00faltimo del sieglu XIX y lo primero<\/span><span dir=\"ltr\"> del XX, y dientro d\u2019\u00e9sti, a los escritores costumis<\/span><span dir=\"ltr\">tes<\/span>, esplica nuna completa introducci\u00f3n Mar\u00eda Esther Garc\u00eda L\u00f3pez, presidenta de l&#8217;Asociaci\u00f3n d&#8217;Escritores d&#8217;Asturies.<\/p>\n<p>Villala\u00edn fin\u00f3 a los 61 a\u00f1os en Salinas, descansando los sos retos nel cementeriu de Samart\u00edn. Los llectores van poder conocer bona parte de la so obra nesta antolox\u00eda qu&#8217;abre esta iniciativa de la biblioteca p\u00fablica pa rescatar la trayeutoria d\u2019autores asturianos que finaron va 80 a\u00f1os o m\u00e1s, poniendo a disposici\u00f3n de tol mundu escritos que nos m\u00e1s de los casos son d&#8217;accesu dif\u00edcil al tar descatalogaos.<\/p>\n<ul>\n<li><span class=\"file\"><img decoding=\"async\" class=\"file-icon\" title=\"application\/pdf\" src=\"https:\/\/asturies.com\/modules\/file\/icons\/application-pdf.png\" alt=\"PDF icon\" \/> <a title=\"antoloxia_poetica_de_jose_villalain.pdf\" href=\"https:\/\/asturies.com\/sites\/default\/files\/antoloxia_poetica_de_jose_villalain.pdf\">Antolox\u00eda po\u00e9tica de Jos\u00e9 Villala\u00edn<\/a><\/span><\/li>\n<\/ul>\n<\/div>\n<\/div>\n<\/div>\n<div class=\"field field-name-upload field-type-file field-label-hidden\">\n<div class=\"field-items\">\n<div class=\"field-item even\">\n<table class=\"sticky-header\" style=\"width: 0%;height: 5px\">\n<thead>\n<tr>\n<th><\/th>\n<th><\/th>\n<\/tr>\n<\/thead>\n<\/table>\n<table class=\"sticky-enabled tableheader-processed sticky-table\" style=\"width: 0%;height: 5px\">\n<thead>\n<tr>\n<th style=\"width: 50%\"><\/th>\n<th style=\"width: 50%\"><\/th>\n<\/tr>\n<\/thead>\n<tbody>\n<tr class=\"odd\">\n<td style=\"width: 50%\"><\/td>\n<td style=\"width: 50%\"><\/td>\n<\/tr>\n<\/tbody>\n<\/table>\n<\/div>\n<\/div>\n<\/div>\n<\/div>\n<\/div>\n<\/div>\n<\/div>\n<\/div>\n","protected":false},"excerpt":{"rendered":"<p>La Biblioteca d\u2019Asturies \u00abRam\u00f3n P\u00e9rez de Ayala\u00bb crea la colecci\u00f3n lliteraria \u00abDominiu P\u00fablicu\u00bb, cola que quier divulgase la trayectoria d\u2019autores asturianos que fallecieron va 80 a\u00f1os o m\u00e1s, rescatando obres que nos m\u00e1s de los casos son d\u2019accesu dif\u00edcil al tar descatalogaes. \/ El primer n\u00famberu d\u2019esta colecci\u00f3n nueva ta dedicada a Jos\u00e9 de Villala\u00edn [&hellip;]<\/p>\n","protected":false},"author":117,"featured_media":0,"parent":605,"menu_order":0,"comment_status":"closed","ping_status":"closed","template":"","meta":{"footnotes":""},"class_list":["post-614","page","type-page","status-publish","hentry","post-preview"],"_links":{"self":[{"href":"https:\/\/edublog.educastur.es\/llingua\/wp-json\/wp\/v2\/pages\/614","targetHints":{"allow":["GET"]}}],"collection":[{"href":"https:\/\/edublog.educastur.es\/llingua\/wp-json\/wp\/v2\/pages"}],"about":[{"href":"https:\/\/edublog.educastur.es\/llingua\/wp-json\/wp\/v2\/types\/page"}],"author":[{"embeddable":true,"href":"https:\/\/edublog.educastur.es\/llingua\/wp-json\/wp\/v2\/users\/117"}],"replies":[{"embeddable":true,"href":"https:\/\/edublog.educastur.es\/llingua\/wp-json\/wp\/v2\/comments?post=614"}],"version-history":[{"count":4,"href":"https:\/\/edublog.educastur.es\/llingua\/wp-json\/wp\/v2\/pages\/614\/revisions"}],"predecessor-version":[{"id":618,"href":"https:\/\/edublog.educastur.es\/llingua\/wp-json\/wp\/v2\/pages\/614\/revisions\/618"}],"up":[{"embeddable":true,"href":"https:\/\/edublog.educastur.es\/llingua\/wp-json\/wp\/v2\/pages\/605"}],"wp:attachment":[{"href":"https:\/\/edublog.educastur.es\/llingua\/wp-json\/wp\/v2\/media?parent=614"}],"curies":[{"name":"wp","href":"https:\/\/api.w.org\/{rel}","templated":true}]}}