{"id":659,"date":"2021-09-05T19:31:38","date_gmt":"2021-09-05T17:31:38","guid":{"rendered":"https:\/\/edublog.educastur.es\/llingua\/?page_id=659"},"modified":"2021-09-05T19:35:42","modified_gmt":"2021-09-05T17:35:42","slug":"la-casa-de-les-llingues","status":"publish","type":"page","link":"https:\/\/edublog.educastur.es\/llingua\/cursos\/la-casa-de-les-llingues\/","title":{"rendered":"La casa de les lling\u00fces"},"content":{"rendered":"<ul>\n<li><a href=\"https:\/\/lacasadelaslenguas.uniovi.es\/cursosidiomas\/idioma\/-\/asset_publisher\/J0sw\/content\/asturiano-1-nivel-a1-1?redirect=%2Fcursosidiomas%2Fidioma\">UNIOVI: La casa de las lenguas: Asturiano<\/a><\/li>\n<li><a href=\"https:\/\/lacasadelaslenguas.uniovi.es\/inicio\">La casa de las Lenguas<\/a><\/li>\n<\/ul>\n<p style=\"text-align: center\"><img loading=\"lazy\" decoding=\"async\" class=\"alignnone size-full\" src=\"https:\/\/lacasadelaslenguas.uniovi.es\/image\/image_gallery?uuid=aead6d06-eddc-43a5-84c9-2ebe2d6a6003&amp;groupId=2520119&amp;t=1394626136860%22\" width=\"296\" height=\"146\" \/><\/p>\n<div class=\"journal-content-article\">\n<div class=\"curso\">\n<h4>Asturiano 1 (nivel A1)<\/h4>\n<ul>\n<li><span class=\"contenidoDestacado\">Plazas disponibles: <\/span>25<\/li>\n<li><span class=\"contenidoDestacado\">Estado: <\/span>abierto<\/li>\n<li><span class=\"contenidoDestacado\">Destinatarios: <\/span>Este curso est\u00e1 dirigdo a mayores de 17 a\u00f1os.<\/li>\n<li><span class=\"contenidoDestacado\">Nivel: <\/span>A1.1<\/li>\n<li><span class=\"contenidoDestacado\">Precio: <\/span>280 \u20ac<\/li>\n<li><span class=\"contenidoDestacado\">N\u00famero de Horas: <\/span>75<\/li>\n<\/ul>\n<p><span style=\"text-decoration: underline\"><span class=\"contenidoDestacado\">Objetivos:<\/span><\/span><em>Intervenir, responder y cooperar de manera sencilla en los contextos comunicativos m\u00e1s habituales.<br \/>\n<\/em><em>Captar el sentido global de mensajes orales breves.<br \/>\n<\/em><em>Comprender de modo global textos escritos.<br \/>\n<\/em><em>Producir mensajes breves y coherentes orales y escritos en diferentes situaciones.<br \/>\n<\/em><em>Manejar l\u00e9xico y expresiones en las situaciones m\u00e1s corrientes.<\/em><\/p>\n<p><strong><span class=\"contenidoDestacado\" style=\"color: #008080\">Contenido:<\/span><\/strong><span style=\"color: #008080\"><strong><span class=\"contenidoDestacado\">Contenidos l\u00e9xico-sem\u00e1nticos:<\/span><\/strong><\/span><br \/>\nIdentificaci\u00f3n y caracter\u00edsticas personales, nombres, saludos; pa\u00edses y nacionalidad; profesiones; la familia; per\u00edodos del d\u00eda, semana, mes y a\u00f1o, expresiones temporales (presente, pasado, futuro); el tiempo atmosf\u00e9rico; las actividades cotidianas; los gustos y preferencias, el ocio, la ciudad, los locales p\u00fablicos; vestidos y colores; las compras; a la mesa; al tel\u00e9fono; la casa.<\/p>\n<p><span style=\"color: #008080\"><strong><span class=\"contenidoDestacado\">Contenidos sint\u00e1cticos:<\/span><\/strong><\/span><br \/>\nEl art\u00edculo; sustantivo y adjetivo: g\u00e9nero y n\u00famero; presente de indicativo; verbos reflexivos; preposiciones, art\u00edculo; pret\u00e9ritos; posesivos; demostrativos; neutro cotidiano; futuro simple y per\u00edfrasis con el verbo ir; pasado reciente: tar acabante de. Pronombres personales de complemento directo; pronombres personales de complemento indirecto; combinaci\u00f3n de pronombres; los relativos.<\/p>\n<p><span style=\"color: #008080\"><strong><span class=\"contenidoDestacado\">Contenidos pragm\u00e1ticos:<\/span><\/strong><\/span><br \/>\nPresentarse y saludar; conversar sobre datos personales (estado civil, edad, etc.); informar sobre donde se vive y se trabaja; preguntar y hablar sobre la familia; opinar sobre el tiempo atmosf\u00e9rico, los d\u00edas de la semana, las estaciones y sobre la frecuencia de ciertas actividades; informar sobre actividades cotidianas; informar acerca del espacio personal: ciudad, casa, etc.; proporcionar informaciones relacionadas con las compras o pagos; informar sobre los alimentos y las comidas; expresar intereses y gustos; afirmar y negar; redactar cartas sencillas.<\/p>\n<p><span style=\"color: #008080\"><strong><span class=\"contenidoDestacado\">Contenidos ortogr\u00e1ficos:<\/span><\/strong><\/span><br \/>\nOrtograf\u00eda y pronunciaci\u00f3n del asturiano. Normas ortogr\u00e1ficas b\u00e1sicas.<\/p>\n<p><span style=\"color: #008080\"><strong><span class=\"contenidoDestacado\">Contenidos fonol\u00f3gicos y fon\u00e9ticos:<\/span><\/strong><\/span><br \/>\nPronunciaci\u00f3n del asturiano. Fonemas distintivos.<\/p>\n<p><span class=\"contenidoDestacado\">Bibliograf\u00eda: <\/span>Al inicio del curso el profesor proporcionar\u00e1 una gu\u00eda bibliogr\u00e1fica.<\/p>\n<p>Academia de la Llingua Asturiana (2000): <em>Diccionariu de la llingua asturiana<\/em>. Uvi\u00e9u: Academia de la Llingua Asturiana (disponible en l\u00ednea: <a href=\"http:\/\/www.academiadelallingua.com\">http:\/\/www.academiadelallingua.com<\/a>\/).<\/p>\n<p>&#8212;&#8211; (2001): <em>Gram\u00e1tica de la llingua asturiana<\/em>. 3.\u00aa ed., Uvi\u00e9u: Academia de la Llingua Asturiana (disponible en l\u00ednea:<a href=\"http:\/\/www.academiadelallingua.com\"> http:\/\/www.academiadelallingua.com<\/a>).<\/p>\n<p><span class=\"contenidoDestacado\" style=\"color: #008080\"><strong>Metodolog\u00eda:<\/strong> <\/span>Los objetivos de este curso se centran en el uso efectivo del idioma por el alumno. Las actividades perseguir\u00e1n, en consecuencia, que el alumno tenga que enfrentarse con situaciones de comunicaci\u00f3n real de comprensi\u00f3n, producci\u00f3n, interacci\u00f3n y mediaci\u00f3n. En aquellos casos en que resulte de utilidad, se recurrir\u00e1 a explicaciones te\u00f3ricas de cuestiones gramaticales. En este nivel se prestar\u00e1 una especial atenci\u00f3n tanto a la adquisici\u00f3n de l\u00e9xico y al trabajo fon\u00e9tico como al desarrollo de la expresi\u00f3n oral. A lo largo del curso, el alumno realizar\u00e1 una serie de tareas que deber\u00e1 entregar al profesor al final.<\/p>\n<p><span class=\"contenidoDestacado\" style=\"color: #008080\"><strong>Criterios:<\/strong> <\/span>Al finalizar el curso, los participantes que hayan asistido a un m\u00ednimo del 85% de las horas lectivas y superen el examen final, obtendr\u00e1n un Certificado de Aprovechamiento. Los dem\u00e1s estudiantes, previa solicitud, recibir\u00e1n un Certificado de Asistencia.<\/p>\n<div class=\"enlaces\">\n<h4><span style=\"font-size: 14pt\">Enlaces Relacionados:<a title=\"Matr\u00edcula online\" href=\"https:\/\/directo.uniovi.es\/alumnos\">Matr\u00edcula online<\/a><\/span><\/h4>\n<div class=\"fotoCentro\"><img loading=\"lazy\" decoding=\"async\" class=\"aligncenter\" title=\"Idiomas\" src=\"https:\/\/lacasadelaslenguas.uniovi.es\/image\/image_gallery?uuid=80725ef4-6b37-4992-889d-09c7c438d77b&amp;groupId=2520119&amp;t=1626163212116\" alt=\"Idiomas\" width=\"563\" height=\"375\" \/><\/div>\n<div class=\"cuerpo\">\n<div class=\"contenido\">\n<p>&nbsp;<\/p>\n<p>Se publica la <span style=\"color: #008080\"><strong>oferta de 57 Cursos Generales de Lenguas<\/strong><\/span> para el curso acad\u00e9mico 2021-22 en nuestras sedes de Oviedo, Gij\u00f3n y Avil\u00e9s.<\/p>\n<p>Todos los cursos tienen 75 horas de duraci\u00f3n. El per\u00edodo de matr\u00edcula, <strong>abierto a mayores de 17 a\u00f1os,<\/strong> discurre <strong>entre el 1 y el 30 de septiembre<\/strong>.<\/p>\n<p>V\u00e9ase <a href=\"https:\/\/lacasadelaslenguas.uniovi.es\/c\/document_library\/get_file?uuid=fdd09a9c-c1dd-4926-b58e-f984b4b511d5&amp;groupId=2520119\">PDF abajo<\/a> para m\u00e1s detalles sobre niveles, d\u00edas y horarios.<\/p>\n<p>Los cursos marcados como<em> en l\u00ednea<\/em> siguen el calendario de Oviedo, pero pueden realizarse independientemente del lugar.<\/p>\n<p>M\u00e1s detalles sobre los cursos en la pesta\u00f1a [<a href=\"https:\/\/lacasadelaslenguas.uniovi.es\/cursosidiomas\">Cursos de idiomas<\/a>] arriba.<br \/>\n[<a href=\"https:\/\/lacasadelaslenguas.uniovi.es\/c\/document_library\/get_file?uuid=8ca9f09b-36d2-43bf-af09-9de4fe563a57&amp;groupId=2520119\">Calendario Oviedo<\/a>] [<a href=\"https:\/\/lacasadelaslenguas.uniovi.es\/c\/document_library\/get_file?uuid=a61cf1c4-cd77-4277-a5da-6e51e24a58cd&amp;groupId=2520119\">Calendario Gij\u00f3n]<\/a> [<a href=\"https:\/\/lacasadelaslenguas.uniovi.es\/c\/document_library\/get_file?uuid=29192ed7-0388-4f7a-bb60-1d86d8396cfb&amp;groupId=2520119\">Calendario Avil\u00e9s<\/a>]<\/p>\n<\/div>\n<\/div>\n<\/div>\n<\/div>\n<\/div>\n","protected":false},"excerpt":{"rendered":"<p>UNIOVI: La casa de las lenguas: Asturiano La casa de las Lenguas Asturiano 1 (nivel A1) Plazas disponibles: 25 Estado: abierto Destinatarios: Este curso est\u00e1 dirigdo a mayores de 17 a\u00f1os. Nivel: A1.1 Precio: 280 \u20ac N\u00famero de Horas: 75 Objetivos:Intervenir, responder y cooperar de manera sencilla en los contextos comunicativos m\u00e1s habituales. Captar el [&hellip;]<\/p>\n","protected":false},"author":117,"featured_media":0,"parent":168,"menu_order":0,"comment_status":"closed","ping_status":"closed","template":"","meta":{"footnotes":""},"class_list":["post-659","page","type-page","status-publish","hentry","post-preview"],"_links":{"self":[{"href":"https:\/\/edublog.educastur.es\/llingua\/wp-json\/wp\/v2\/pages\/659","targetHints":{"allow":["GET"]}}],"collection":[{"href":"https:\/\/edublog.educastur.es\/llingua\/wp-json\/wp\/v2\/pages"}],"about":[{"href":"https:\/\/edublog.educastur.es\/llingua\/wp-json\/wp\/v2\/types\/page"}],"author":[{"embeddable":true,"href":"https:\/\/edublog.educastur.es\/llingua\/wp-json\/wp\/v2\/users\/117"}],"replies":[{"embeddable":true,"href":"https:\/\/edublog.educastur.es\/llingua\/wp-json\/wp\/v2\/comments?post=659"}],"version-history":[{"count":4,"href":"https:\/\/edublog.educastur.es\/llingua\/wp-json\/wp\/v2\/pages\/659\/revisions"}],"predecessor-version":[{"id":664,"href":"https:\/\/edublog.educastur.es\/llingua\/wp-json\/wp\/v2\/pages\/659\/revisions\/664"}],"up":[{"embeddable":true,"href":"https:\/\/edublog.educastur.es\/llingua\/wp-json\/wp\/v2\/pages\/168"}],"wp:attachment":[{"href":"https:\/\/edublog.educastur.es\/llingua\/wp-json\/wp\/v2\/media?parent=659"}],"curies":[{"name":"wp","href":"https:\/\/api.w.org\/{rel}","templated":true}]}}