{"id":706,"date":"2021-10-12T22:27:20","date_gmt":"2021-10-12T20:27:20","guid":{"rendered":"https:\/\/edublog.educastur.es\/llingua\/?page_id=706"},"modified":"2021-10-12T22:27:20","modified_gmt":"2021-10-12T20:27:20","slug":"tribuna","status":"publish","type":"page","link":"https:\/\/edublog.educastur.es\/llingua\/tribuna\/","title":{"rendered":"Tribuna"},"content":{"rendered":"<div class=\"content-inner \">\n<div class=\"wp-block-image\">\n<ul>\n<li><a href=\"https:\/\/migijon.com\/el-remate-dasturies\/\">Enllaz<\/a><\/li>\n<\/ul>\n<figure class=\"aligncenter size-large is-resized\"><img loading=\"lazy\" decoding=\"async\" class=\"wp-image-43355 aligncenter\" src=\"https:\/\/migijon.com\/wp-content\/uploads\/2021\/10\/Copy-of-Copy-of-Copy-of-Untitled-28-1280x206.png\" alt=\"\" width=\"756\" height=\"122\" data-pin-no-hover=\"true\" \/><\/figure>\n<\/div>\n<h3 class=\"has-text-align-center\"><strong><em>\u201cLa cooficialid\u00e1 ye necesaria, tanto como lleis normalizaes de les que nunca nun nos plantegamos la so desapaici\u00f3n\u201d<\/em><\/strong><\/h3>\n<p class=\"has-text-align-center\"><span style=\"color: #008080\"><em>\u201cVolv\u00e9ume Dieus compasible<\/em> <\/span><br \/>\n<span style=\"color: #008080\"><em>pa la m\u00eda tierra sidrosa<\/em><\/span><br \/>\n<span style=\"color: #008080\"><em>ya na m\u00eda tierrina<\/em><\/span><br \/>\n<span style=\"color: #008080\"><em>tan duz ya tan deliciosa,<\/em><\/span><br \/>\n<span style=\"color: #008080\"><em>gust\u00e9i de nuevu sin priesa<\/em><\/span><br \/>\n<span style=\"color: #008080\"><em>toda la fruita melosa\u201d<\/em><\/span><\/p>\n<p>(Testu del P<span style=\"color: #008080\">adre Galo<\/span> musicaliz\u00e1u por Igor Medio y Lisardo Prieto nel discu Dual, 2010)<\/p>\n<p>Volv\u00edmonos sol ci\u00f1u ya\u2019l cantu d\u2019una piedra fac\u00eda qu\u2019espert\u00e1ramos con patria y cooficialid\u00e1, tolo que nun se plantegare la mirada triste de Nel Amaro, como si mazcarit\u00e1remos el maltratu que recibiere l\u2019asturianu berrando vest\u00edos de blanco, pidiendo ayuda a la mar, a la mina ya\u2019l chigre, onde nunca nun desapaeciere la llingua nunca, a\u00fan conviviendo col clasismu que xener\u00f3\u2019l dixebrar les distintes clases sociales, faci\u00e9ndo-y chispiar la mirada al famosu <em>\u201cbable\u201d<\/em>, nun m\u00e1s result\u00e1u del pasu de la Ilustraci\u00f3n per Asturies.<\/p>\n<p>Entrug\u00e1bense los llibros agora si taben bien los t\u00e9rminos qu\u2019usaron tou esti tiempu, agora s\u2019entrugaben si la m\u00fasica ten\u00eda motivos pa encarruscase colos acad\u00e9micos. Agora.<\/p>\n<p>La cooficialid\u00e1 ye necesaria, tanto como lleis normalizaes de les que nunca nun nos plantegamos la so desapaici\u00f3n, tan importantes como otres tantes que movilicen mases de xente indignao por part\u00edos pol\u00edticos que planteguen la so destrucci\u00f3n. Nel segundu casu falar\u00edemos por exemplu de la llei del albuertu, llegalizada nam\u00e1s que va once a\u00f1os, y que pon enriba la mesa la posibilid\u00e1 d\u2019albortar d\u2019una mena segura y gratuita a toles muyeres que lo necesiten, acaudex\u00e1ndoles d\u2019enfermedaes varies o nel peor de los casos, el morrer solo por exercer un drechu. La comparanza ye cenciella, apurriendo una llei que sofite y protexa a los falantes, esfotando a ca\u00fan d\u2019ellos y d\u00e1ndo-y el valor necesariu a la so pallabra, ensin cuestionala.<\/p>\n<p>La cooficialid\u00e1 ye necesaria.<\/p>\n<p><strong><span style=\"color: #008080\"><em>\u201cSi la nieve que cai cubri\u2019l senderu. Y\u00e1 nun ver\u00e9 nel monte lo que m\u00e1s quiero\u201d<\/em><\/span><br \/>\n<\/strong>Aprovecho a encamentar con esta fras estrayid del cantar <em>\u201cTengo de xubir al Puertu\u201d -cantada por Rodrigo Cuevas-<\/em>, l\u2019imaxinariu que mostrare la noci\u00f3n de \u201cremate\u201d n\u2019asturianu (tal como tiene desencolcao\u2019l gaiteru y music\u00f3logu Llori\u00e1n Garc\u00eda Florez pa pensar esti intre hist\u00f3ricu)<\/p>\n<ol>\n<li>Aici\u00f3n d\u2019acabar [dafechu daqu\u00e9].<\/li>\n<li>Momentu d\u2019intensificaci\u00f3n nel baille [xeneralmente l\u2019\u00faltimu pasu], que tien llugar enantes de la garrucha [siendo esti l\u2019\u00fanicu momentu del baille a lo suelto nel que les pareyes s\u2019algamen a tocar].<\/li>\n<li>Adornu, flor\u00e9u [lo \u00faltimo d\u2019una xera llarga, fecho solo con un f\u00edn est\u00e9ticu].<\/li>\n<\/ol>\n<p>Toes estes aceiciones tienen un filu com\u00fan que podemos xunir cola asturianid\u00e1 o l\u2019usu de la llingua asturiana, y ye que l\u2019asturiano necesita un remate acull\u00e1 del que-y damos angua\u00f1o, situ\u00e1ndonos nesti casu na tercera aceici\u00f3n, porque si ye verd\u00e1 que gracies a grandes empreses (ex. Mc.Donalds nel 2017 o Ikea n\u2019actualid\u00e1), ente otres munches identidaes non-empresariales, (faciendo referencia a la clas pol\u00edtica), vivimos agora en tiempos de normalizaci\u00f3n pal usu simb\u00f3licu del asturianu, pero nun ye daqu\u00e9 nuevo, plantegando <a href=\"https:\/\/www.elcomercio.es\/v\/20121125\/cultura\/llingua-asturiana-encrucijada-caminos-20121125.html\" target=\"_blank\" rel=\"noreferrer noopener\">esti fechu<\/a> Vital d\u2019Andr\u00e9s y Miguel Rojo va unos a\u00f1os.<\/p>\n<p>Pero rematar ye necesario pa la nuesa llingua, nel sen de que vamos da-y una nueva vida cola cooficialid\u00e1, (aceici\u00f3n n\u00famberu un), faciendo d\u2019ella respeuto, y acaviyando la so non-desapaici\u00f3n. Por otru llau, la cooficialid\u00e1 ye claramente l\u2019\u00faltimu nivel enantes del remate, por ello comp\u00e1rolo col baille (aceici\u00f3n dos), toc\u00e1ndose a la fin, la llegalid\u00e1 y dignid\u00e1 cola lling\u00fca.<\/p>\n<p>Dexando esta idea calqui\u00f1ada, piesllo con un versu de Inaciu Gal\u00e1n: <strong><span style=\"color: #008080\"><em>\u201cunos pocos esfrutamos de la sablera ente\u2019l \u00f1ublu y l\u2019orp\u00edn\u201d<\/em> <\/span><\/strong>(Poema \u201c\u00d1ublu\u201d del llibru Patria en pallabres menores, a\u00f1u 2018, BajaMar Ediciones).<\/p>\n<div class=\"wp-block-media-text alignwide is-stacked-on-mobile\">\n<figure class=\"wp-block-media-text__media\"><img loading=\"lazy\" decoding=\"async\" class=\"wp-image-43353  aligncenter\" src=\"https:\/\/migijon.com\/wp-content\/uploads\/2021\/10\/WhatsApp-Image-2021-10-11-at-17.24.13-1280x960.jpeg\" alt=\"\" width=\"391\" height=\"293\" data-pin-no-hover=\"true\" \/><\/figure>\n<div class=\"wp-block-media-text__content\">\n<h4><strong>Alma Hidalgo Lucena<\/strong><br \/>\n<em>Comunicadora y escritora<\/em><\/h4>\n<\/div>\n<\/div>\n<div class=\"jeg_post_tags\">Tags: <a href=\"https:\/\/migijon.com\/tag\/alma-hidalgo\/\" rel=\"tag\">alma hidalgo<\/a><a href=\"https:\/\/migijon.com\/tag\/tribunas\/\" rel=\"tag\">tribunas<\/a><\/div>\n<\/div>\n","protected":false},"excerpt":{"rendered":"<p>Enllaz \u201cLa cooficialid\u00e1 ye necesaria, tanto como lleis normalizaes de les que nunca nun nos plantegamos la so desapaici\u00f3n\u201d \u201cVolv\u00e9ume Dieus compasible pa la m\u00eda tierra sidrosa ya na m\u00eda tierrina tan duz ya tan deliciosa, gust\u00e9i de nuevu sin priesa toda la fruita melosa\u201d (Testu del Padre Galo musicaliz\u00e1u por Igor Medio y Lisardo [&hellip;]<\/p>\n","protected":false},"author":117,"featured_media":0,"parent":0,"menu_order":0,"comment_status":"closed","ping_status":"closed","template":"","meta":{"footnotes":""},"class_list":["post-706","page","type-page","status-publish","hentry","post-preview"],"_links":{"self":[{"href":"https:\/\/edublog.educastur.es\/llingua\/wp-json\/wp\/v2\/pages\/706","targetHints":{"allow":["GET"]}}],"collection":[{"href":"https:\/\/edublog.educastur.es\/llingua\/wp-json\/wp\/v2\/pages"}],"about":[{"href":"https:\/\/edublog.educastur.es\/llingua\/wp-json\/wp\/v2\/types\/page"}],"author":[{"embeddable":true,"href":"https:\/\/edublog.educastur.es\/llingua\/wp-json\/wp\/v2\/users\/117"}],"replies":[{"embeddable":true,"href":"https:\/\/edublog.educastur.es\/llingua\/wp-json\/wp\/v2\/comments?post=706"}],"version-history":[{"count":2,"href":"https:\/\/edublog.educastur.es\/llingua\/wp-json\/wp\/v2\/pages\/706\/revisions"}],"predecessor-version":[{"id":708,"href":"https:\/\/edublog.educastur.es\/llingua\/wp-json\/wp\/v2\/pages\/706\/revisions\/708"}],"wp:attachment":[{"href":"https:\/\/edublog.educastur.es\/llingua\/wp-json\/wp\/v2\/media?parent=706"}],"curies":[{"name":"wp","href":"https:\/\/api.w.org\/{rel}","templated":true}]}}