{"id":7,"date":"2020-10-23T19:12:57","date_gmt":"2020-10-23T19:12:57","guid":{"rendered":"https:\/\/edublog.educastur.es\/mrol1\/?page_id=7"},"modified":"2020-10-31T12:47:25","modified_gmt":"2020-10-31T12:47:25","slug":"fct","status":"publish","type":"page","link":"https:\/\/edublog.educastur.es\/mrol2\/fct\/","title":{"rendered":"FCT"},"content":{"rendered":"<p><a href=\"https:\/\/www.educastur.es\/sauce\" target=\"_blank\" rel=\"noopener noreferrer\"><img loading=\"lazy\" decoding=\"async\" class=\"alignnone size-full wp-image-86\" src=\"http:\/\/edublog.educastur.es\/mrol\/files\/2020\/07\/sauce.gif\" alt=\"\" width=\"43\" height=\"37\" \/><\/a>\u00a0 \u00a0 \u00a0 \u00a0 \u00a0 \u00a0<a href=\"https:\/\/www62.asturias.es\/gepep\" target=\"_blank\" rel=\"noopener noreferrer\"><img loading=\"lazy\" decoding=\"async\" class=\"alignnone wp-image-96 size-full\" src=\"http:\/\/edublog.educastur.es\/mrol\/files\/2020\/07\/gepep.jpg\" alt=\"gepep\" width=\"56\" height=\"35\" \/>\u00a0<\/a><\/p>\n<p><img loading=\"lazy\" decoding=\"async\" class=\"alignnone size-full wp-image-39\" src=\"http:\/\/edublog.educastur.es\/mrol\/files\/2020\/07\/11.jpg\" alt=\"\" width=\"50\" height=\"35\" \/>\u00a0<a title=\"Abrir\" href=\"https:\/\/docs.google.com\/forms\/d\/1pyTQ9clmJnZu1c9h-0OG0psB-0mPybrTDHaCoL_83lQ\/edit?usp=sharing\" target=\"_blank\" rel=\"noopener noreferrer\">Ficha para recoger los datos FCT<\/a><\/p>\n<p><img loading=\"lazy\" decoding=\"async\" class=\"alignnone size-medium wp-image-95\" src=\"http:\/\/edublog.educastur.es\/mrol\/files\/2020\/07\/regu-300x38.jpg\" alt=\"\" width=\"300\" height=\"38\" \/><\/p>\n<p><a title=\"Abrir\" href=\"https:\/\/drive.google.com\/file\/d\/1ta5tTa20ZWCUiGZHYkEbrH7myzVEQX3H\/view?usp=sharing\" target=\"_blank\" rel=\"noopener noreferrer\"><img loading=\"lazy\" decoding=\"async\" class=\"alignnone size-full wp-image-368\" src=\"http:\/\/edublog.educastur.es\/mrol2\/files\/2020\/10\/i.jpg\" alt=\"\" width=\"33\" height=\"27\" \/>Qui\u00e9n puede acceder<\/a><\/p>\n<p><img loading=\"lazy\" decoding=\"async\" class=\"alignnone wp-image-368 size-full\" src=\"http:\/\/edublog.educastur.es\/mrol2\/files\/2020\/10\/i.jpg\" alt=\"\" width=\"33\" height=\"27\" \/>V\u00ednculo entre M\u00f3dulos y Unidades de competencia<\/p>\n<p><a title=\"Abrir\" href=\"https:\/\/drive.google.com\/file\/d\/1U8MvA3uJBRJ6uh6qCrTndFIcTE7AAuer\/view?usp=sharing\" target=\"_blank\" rel=\"noopener noreferrer\"><img loading=\"lazy\" decoding=\"async\" class=\"alignnone wp-image-368 size-full\" src=\"http:\/\/edublog.educastur.es\/mrol2\/files\/2020\/10\/i.jpg\" alt=\"\" width=\"33\" height=\"27\" \/>Normativa que regula la FCT<\/a><\/p>\n<p><a title=\"Abrir\" href=\"https:\/\/drive.google.com\/file\/d\/154z5Cc0dmzN42QoOauz5icYuVCKM8IiG\/view?usp=sharing\" target=\"_blank\" rel=\"noopener noreferrer\"><img loading=\"lazy\" decoding=\"async\" class=\"alignnone wp-image-368 size-full\" src=\"http:\/\/edublog.educastur.es\/mrol2\/files\/2020\/10\/i.jpg\" alt=\"\" width=\"33\" height=\"27\" \/>Organizaci\u00f3n y evaluaci\u00f3n de la FP<\/a><\/p>\n<p><img loading=\"lazy\" decoding=\"async\" class=\"alignnone size-medium wp-image-93\" src=\"http:\/\/edublog.educastur.es\/mrol\/files\/2020\/07\/ecla-300x39.jpg\" alt=\"\" width=\"300\" height=\"39\" \/><\/p>\n<p><a title=\"Abrir\" href=\"https:\/\/www.empleafp.com\/site\/index.html#\/\" target=\"_blank\" rel=\"noopener noreferrer\"><img loading=\"lazy\" decoding=\"async\" class=\"alignnone size-full wp-image-92\" src=\"http:\/\/edublog.educastur.es\/mrol\/files\/2020\/07\/empleafp2.jpg\" alt=\"\" width=\"145\" height=\"30\" \/>Bolsa de empleo<\/a><\/p>\n<p><a href=\"https:\/\/www.asturias.es\/trabajastur\" target=\"_blank\" rel=\"noopener noreferrer\"><img loading=\"lazy\" decoding=\"async\" class=\"alignnone size-full wp-image-91\" src=\"http:\/\/edublog.educastur.es\/mrol\/files\/2020\/07\/trabajastur.jpg\" alt=\"\" width=\"114\" height=\"33\" \/><\/a><\/p>\n<hr \/>\n<p><a title=\"Abrir\" href=\"https:\/\/drive.google.com\/file\/d\/1uqyr_yKry1XF7PfCnEFkYGKz5XoVQvtb\/view?usp=sharing\" target=\"_blank\" rel=\"noopener noreferrer\"><img loading=\"lazy\" decoding=\"async\" class=\"alignleft wp-image-87 size-full\" src=\"http:\/\/edublog.educastur.es\/mrol\/files\/2020\/07\/vistointermitente.gif\" alt=\"\" width=\"19\" height=\"18\" \/>Ficha semanal\u00a0<\/a><\/p>\n<p><a title=\"Abrir\" href=\"http:\/\/cifpcerdeno.com\/index.php\/documentacion\/doc-publicos-2\/doc-publicos\/doc-publicos-2\/formacion-en-centros-de-trabajo-fct\" target=\"_blank\" rel=\"noopener noreferrer\"><img loading=\"lazy\" decoding=\"async\" class=\"alignnone wp-image-62 size-full\" src=\"http:\/\/edublog.educastur.es\/mrol\/files\/2020\/07\/i5-1.jpg\" alt=\"\" width=\"33\" height=\"27\" \/>Relacionado con la FCT<\/a><\/p>\n<p><a title=\"Abrir\" href=\"http:\/\/cifpcerdeno.com\/index.php\/documentacion\/doc-publicos-2\/doc-publicos\/doc-publicos-2\/formacion-en-centros-de-trabajo-fct\/173-f070612\/file\" target=\"_blank\" rel=\"noopener noreferrer\"><img loading=\"lazy\" decoding=\"async\" class=\"alignnone size-full wp-image-89\" src=\"http:\/\/edublog.educastur.es\/mrol\/files\/2020\/07\/cochefct.jpg\" alt=\"\" width=\"40\" height=\"30\" \/>Uso del veh\u00edculo particular<\/a><\/p>\n<p><a href=\"http:\/\/incual.mecd.es\/\" target=\"_blank\" rel=\"noopener noreferrer\"><img loading=\"lazy\" decoding=\"async\" class=\"alignnone size-full wp-image-38\" src=\"http:\/\/edublog.educastur.es\/mrol\/files\/2020\/07\/inc.jpg\" alt=\"\" width=\"205\" height=\"54\" \/><\/a><\/p>\n<p><img loading=\"lazy\" decoding=\"async\" class=\"alignnone size-medium wp-image-88\" src=\"http:\/\/edublog.educastur.es\/mrol\/files\/2020\/07\/titulo-300x33.jpg\" alt=\"\" width=\"300\" height=\"33\" \/><\/p>\n<p><img loading=\"lazy\" decoding=\"async\" class=\"alignleft wp-image-87 size-full\" src=\"http:\/\/edublog.educastur.es\/mrol\/files\/2020\/07\/vistointermitente.gif\" alt=\"\" width=\"19\" height=\"18\" \/>\u00a0\u00a0<a title=\"Abrir\" href=\"https:\/\/www.tributasenasturias.es\/stpa\/Ciudadanos+y+Empresas\/Oficina+Virtual\/ch.Confeccion+online.modelo?cc1_modelo=046&amp;pt_modelo=046&amp;pt_nuevaCarga=s&amp;esSiga=N&amp;cc1_accion=C&amp;pt_accion=C\" target=\"_blank\" rel=\"noopener noreferrer\">Confecciona y descarga el impreso 046<\/a><\/p>\n<p><img loading=\"lazy\" decoding=\"async\" class=\"alignleft wp-image-87 size-full\" src=\"http:\/\/edublog.educastur.es\/mrol\/files\/2020\/07\/vistointermitente.gif\" alt=\"\" width=\"19\" height=\"18\" \/><a title=\"Abrir\" href=\"https:\/\/drive.google.com\/file\/d\/1cf1w8iwS315Z75BTCiImutwXPcu9vbqX\/view?usp=sharing\" target=\"_blank\" rel=\"noopener noreferrer\">Impreso para la solicitud del T\u00edtulo<\/a><\/p>\n<p><img loading=\"lazy\" decoding=\"async\" class=\"alignleft wp-image-100 size-full\" src=\"http:\/\/edublog.educastur.es\/mrol\/files\/2020\/07\/i2.jpg\" alt=\"\" width=\"33\" height=\"27\" \/><a title=\"Abrir\" href=\"https:\/\/sede.tributasenasturias.es\/imgvcm\/stpa\/Imagenes\/Ficheros\/TARIFAS_DE_TASAS_Y_PRECIOS_PUBLICOS_2020.pdf\" target=\"_blank\" rel=\"noopener noreferrer\">\u00a0Informaci\u00f3n sobre tasas 2020<\/a>\u00a0 \u00a0 \u00a0 \u00a0<img loading=\"lazy\" decoding=\"async\" class=\"alignnone size-full wp-image-100\" src=\"http:\/\/edublog.educastur.es\/mrol\/files\/2020\/07\/i2.jpg\" alt=\"\" width=\"33\" height=\"27\" \/><a title=\"Abrir\" href=\"https:\/\/drive.google.com\/file\/d\/1y3UigCwq4K6qhgjNW7qDK0sXjL7nbnzn\/view?usp=sharing\" target=\"_blank\" rel=\"noopener noreferrer\">Detalle del importe<\/a><\/p>\n<p><img loading=\"lazy\" decoding=\"async\" class=\"alignleft wp-image-100 size-full\" src=\"http:\/\/edublog.educastur.es\/mrol\/files\/2020\/07\/i2.jpg\" alt=\"\" width=\"33\" height=\"27\" \/>\u00a0<a title=\"Abrir\" href=\"http:\/\/www.cifpcerdeno.com\/index.php\/documentacion\/doc-publicos-2\/doc-publicos\/doc-publicos-gen\/otros\/secretaria-virtual\/1606-como-cumplimentar-el-modelo-046\/file\" target=\"_blank\" rel=\"noopener noreferrer\">Para rellenar el impreso<\/a>\u00a0 \u00a0<img loading=\"lazy\" decoding=\"async\" class=\"alignnone size-full wp-image-100\" src=\"http:\/\/edublog.educastur.es\/mrol\/files\/2020\/07\/i2.jpg\" alt=\"\" width=\"33\" height=\"27\" \/><a title=\"Abrir\" href=\"http:\/\/www.cifpcerdeno.com\/index.php\/documentacion\/doc-publicos-2\/doc-publicos\/otros\/secretaria-virtual\/1605-como-conseguir-mi-titulo-de-fp\/file\" target=\"_blank\" rel=\"noopener noreferrer\">Informaci\u00f3n sobre el t\u00edtulo<\/a><\/p>\n<hr \/>\n<p><img loading=\"lazy\" decoding=\"async\" class=\"alignnone size-medium wp-image-376\" src=\"http:\/\/edublog.educastur.es\/mrol2\/files\/2020\/10\/fpdual-300x72.jpg\" alt=\"\" width=\"300\" height=\"72\" srcset=\"https:\/\/edublog.educastur.es\/mrol2\/files\/2020\/10\/fpdual-300x72.jpg 300w, https:\/\/edublog.educastur.es\/mrol2\/files\/2020\/10\/fpdual.jpg 541w\" sizes=\"auto, (max-width: 300px) 100vw, 300px\" \/><\/p>\n<p><img loading=\"lazy\" decoding=\"async\" class=\"alignleft wp-image-87 size-full\" src=\"http:\/\/edublog.educastur.es\/mrol\/files\/2020\/07\/vistointermitente.gif\" alt=\"\" width=\"19\" height=\"18\" \/><a title=\"Abrir\" href=\"https:\/\/drive.google.com\/file\/d\/1n1Y908OYIeed4-NzxC2IMzKz0roa3vGD\/view?usp=sharing\" target=\"_blank\" rel=\"noopener noreferrer\">Ficha de seguimiento semanal<\/a><\/p>\n<hr \/>\n<h2><span style=\"color: #993300\">FCT en Portugal\u00a0<\/span> \u00a0 \u00a0 \u00a0 \u00a0 \u00a0 \u00a0 <span style=\"font-size: 10pt\">22 Septiembre 2017<\/span><\/h2>\n<p><img loading=\"lazy\" decoding=\"async\" class=\"size-medium wp-image-411 alignleft\" src=\"http:\/\/edublog.educastur.es\/mrol2\/files\/2020\/10\/erasmus-300x121.jpg\" alt=\"\" width=\"300\" height=\"121\" srcset=\"https:\/\/edublog.educastur.es\/mrol2\/files\/2020\/10\/erasmus-300x121.jpg 300w, https:\/\/edublog.educastur.es\/mrol2\/files\/2020\/10\/erasmus.jpg 323w\" sizes=\"auto, (max-width: 300px) 100vw, 300px\" \/>Durante el curso 2017- 2018 los alumnos de\u00a0<a title=\"Abrir\" href=\"http:\/\/www.cifpcerdeno.com\/\" target=\"_blank\" rel=\"noopener noreferrer\">CIFP Cerde\u00f1o<\/a>, Ignacio Alvarez y Fernando Duarte que cursaban el CFGM de Soldadura y Calderer\u00eda han realizado el modulo de<a title=\"Abrir\" href=\"https:\/\/www.educastur.es\/estudiantes\/fp\/fct\" target=\"_blank\" rel=\"noopener noreferrer\">\u00a0FCT<\/a>\u00a0(Formaci\u00f3n en Centros de Trabajo) en Lisboa.<\/p>\n<p>Benefici\u00e1ndose de una beca\u00a0<a title=\"Abrir\" href=\"https:\/\/www.educastur.es\/lenguas-extranjeras\/programas\/erasmus\" target=\"_blank\" rel=\"noopener noreferrer\">Erasmus<\/a>\u00a0para FP han podido completar su formaci\u00f3n t\u00e9cnica \u00a0y tener una experiencia muy enriquecedora \u00a0en un contexto distinto al habitual.<\/p>\n<p>Adscritos al Departamento de\u00a0<em>\u201cRepara\u00e7\u00e3o e Manuten\u00e7\u00e3o Mec\u00e2nica\u201d<\/em>\u00a0de la\u00a0<a title=\"Abrir\" href=\"http:\/\/www.cm-lisboa.pt\/\" target=\"_blank\" rel=\"noopener noreferrer\">C\u00e1mara Municipal de Lisboa<\/a>\u00a0han podido conocer y realizar tareas de mantenimiento propias de la profesi\u00f3n, utilizando equipos de soldadura MIG, TIG y diferentes tipos de electrodo, corte con equipos de plasma y oxicorte, alineaci\u00f3n de estructuras aplicando calor, etc.<\/p>\n<p>En todo momento han formado parte de un equipo que permanentemente les ha marcado las directrices organizativas y t\u00e9cnicas,\u00a0 explic\u00e1ndoles y asesor\u00e1ndoles sobre las\u00a0<img loading=\"lazy\" decoding=\"async\" class=\"size-full wp-image-410 alignleft\" src=\"http:\/\/edublog.educastur.es\/mrol2\/files\/2020\/10\/erasmus2.jpg\" alt=\"\" width=\"203\" height=\"66\" \/>realizaciones, (t\u00e9cnicas y medidas de seguridad) potenciado as\u00ed, la capacidad de trabajo en equipo y la toma de decisiones en diferentes contextos.<\/p>\n<p>Alojados en un piso en el centro de la capital portuguesa, \u00a0que compart\u00edan con otros compa\u00f1eros, tuvieron la oportunidad de ejercer la autonom\u00eda personal y consensuar la organizaci\u00f3n de la convivencia. Valores a potenciar en la formaci\u00f3n global de nuestro alumnado.<\/p>\n<p>El balance personal de los alumnos ha sido muy positivo, y recomiendan a los dem\u00e1s compa\u00f1eros aprovechar estas oportunidades que ofrece el sistema.<\/p>\n","protected":false},"excerpt":{"rendered":"<p>\u00a0 \u00a0 \u00a0 \u00a0 \u00a0 \u00a0\u00a0 \u00a0Ficha para recoger los datos FCT Qui\u00e9n puede acceder V\u00ednculo entre M\u00f3dulos y Unidades de competencia Normativa que regula la FCT Organizaci\u00f3n y evaluaci\u00f3n de la FP Bolsa de empleo Ficha semanal\u00a0 Relacionado con la FCT Uso del veh\u00edculo particular \u00a0\u00a0Confecciona y descarga el impreso 046 Impreso para la [&hellip;]<\/p>\n","protected":false},"author":134,"featured_media":0,"parent":0,"menu_order":0,"comment_status":"closed","ping_status":"closed","template":"","meta":{"footnotes":""},"class_list":["post-7","page","type-page","status-publish","hentry","post-preview"],"_links":{"self":[{"href":"https:\/\/edublog.educastur.es\/mrol2\/wp-json\/wp\/v2\/pages\/7","targetHints":{"allow":["GET"]}}],"collection":[{"href":"https:\/\/edublog.educastur.es\/mrol2\/wp-json\/wp\/v2\/pages"}],"about":[{"href":"https:\/\/edublog.educastur.es\/mrol2\/wp-json\/wp\/v2\/types\/page"}],"author":[{"embeddable":true,"href":"https:\/\/edublog.educastur.es\/mrol2\/wp-json\/wp\/v2\/users\/134"}],"replies":[{"embeddable":true,"href":"https:\/\/edublog.educastur.es\/mrol2\/wp-json\/wp\/v2\/comments?post=7"}],"version-history":[{"count":4,"href":"https:\/\/edublog.educastur.es\/mrol2\/wp-json\/wp\/v2\/pages\/7\/revisions"}],"predecessor-version":[{"id":412,"href":"https:\/\/edublog.educastur.es\/mrol2\/wp-json\/wp\/v2\/pages\/7\/revisions\/412"}],"wp:attachment":[{"href":"https:\/\/edublog.educastur.es\/mrol2\/wp-json\/wp\/v2\/media?parent=7"}],"curies":[{"name":"wp","href":"https:\/\/api.w.org\/{rel}","templated":true}]}}