{"id":16,"date":"2023-02-27T20:14:18","date_gmt":"2023-02-27T20:14:18","guid":{"rendered":"https:\/\/edublog.educastur.es\/radioelcuco\/?page_id=16"},"modified":"2024-06-27T17:09:58","modified_gmt":"2024-06-27T17:09:58","slug":"los-comienzos","status":"publish","type":"page","link":"https:\/\/edublog.educastur.es\/radioelcuco\/los-comienzos\/","title":{"rendered":"LOS COMIENZOS"},"content":{"rendered":"<p>&nbsp;<\/p>\n<p><span style=\"font-family: 'trebuchet ms', geneva, sans-serif\"><img loading=\"lazy\" decoding=\"async\" class=\" wp-image-5 alignleft\" src=\"http:\/\/edublog.educastur.es\/radioelcuco\/files\/2023\/02\/logoCUCO-228x300.jpeg\" alt=\"\" width=\"187\" height=\"246\" srcset=\"https:\/\/edublog.educastur.es\/radioelcuco\/files\/2023\/02\/logoCUCO-228x300.jpeg 228w, https:\/\/edublog.educastur.es\/radioelcuco\/files\/2023\/02\/logoCUCO.jpeg 513w\" sizes=\"auto, (max-width: 187px) 100vw, 187px\" \/><\/span><\/p>\n<p><span style=\"font-family: 'trebuchet ms', geneva, sans-serif;color: #000000;font-size: 12pt\"><strong>Radio El Cuco<\/strong> es la radio del <strong>IES Cangas del Narcea<\/strong>. Pero, \u00bfc\u00f3mo y cu\u00e1ndo surge la inquietud en nuestro centro por hacer radio?<\/span><\/p>\n<p><span style=\"color: #000000;font-family: 'trebuchet ms', geneva, sans-serif;font-size: 12pt\">En el curso 2020\/21, gracias a la iniciativa de la profesora <strong>Patricia Coucheiro<\/strong>, se instal\u00f3 un modesto estudio de grabaci\u00f3n en nuestro IES. Previamente, dentro del proyecto <em>Conociendo el territorio<\/em>, nuestro alumnado hab\u00eda tenido la oportunidad de tener sus primeras experiencias con la elaboraci\u00f3n de contenidos sonoros, que pod\u00e9is conocer pinchando aqu\u00ed:<a style=\"color: #000000\" href=\"https:\/\/conociendoelterritorio.wordpress.com\/2020\/12\/29\/paisajes-sonoros-de-cangas\/\"> Paisajes sonoros de Cangas.<\/a><\/span><\/p>\n<p><span style=\"font-family: 'trebuchet ms', geneva, sans-serif;font-size: 12pt\"><span style=\"color: #000000\">Otro acontecimiento que sin duda fue un precedente muy importante <\/span><span style=\"color: #000000\">fue la <strong>realizaci\u00f3n en directo del programa local de la emisora Onda Cero<\/strong> en nuestro Sal\u00f3n de Actos, dentro del desarrollo del proyecto Erasmus+ <em>Our Heritage, Our Wealth<\/em>. En aquella ocasi\u00f3n, la colaboraci\u00f3n de <strong>Miguel \u00c1ngel P\u00e9rez<\/strong>, de Onda Cero Cangas del Narcea, fue fundamental para permitir que nuestro alumnado pudiera participar en una emisi\u00f3n radiof\u00f3nica.<a style=\"color: #000000\" href=\"https:\/\/drive.google.com\/file\/d\/1OgNbkppaaMk1ABKET8menqh1z20ReY2-\/view\"> Puedes escuchar este programa pinchando aqu\u00ed.<\/a><\/span><\/span><\/p>\n<p><span style=\"color: #000000;font-family: 'trebuchet ms', geneva, sans-serif;font-size: 12pt\">Finalmente, gracias a la labor realizada dentro de los Proyectos de Formaci\u00f3n de Centro t<\/span><span style=\"font-family: 'trebuchet ms', geneva, sans-serif;color: #000000;font-size: 12pt\">anto por la ya mencionada Patricia Coucheiro como por el profesor <strong>Miguel Laria<\/strong>, algunos docentes nos hemos ido iniciando en el uso del estudio y estamos realizado algunos p\u00f3dcast.\u00a0Tambi\u00e9n nos hemos unido a la <strong>red de radios escolares RqueR<\/strong> y participamos en los encuentros con otras radios educativas, entre otras inciativas.<\/span><\/p>\n<p><span style=\"font-size: 12pt;font-family: 'trebuchet ms', geneva, sans-serif\"><span style=\"color: #000000\">Y as\u00ed, poco a poco, se va afianzando este apasionante proyecto de la radio de nuestro IES, que, por cierto, ha tomado el nombre de nuestra querida revista. <\/span><span style=\"color: #000000\">Contamos tambi\u00e9n con un precioso logo, que fue dise\u00f1ado por el <strong>alumno del centro Lucas Rodr\u00edguez Navarro<\/strong>.<\/span><\/span><\/p>\n<p>&nbsp;<\/p>\n<p>&nbsp;<\/p>\n","protected":false},"excerpt":{"rendered":"<p>&nbsp; Radio El Cuco es la radio del IES Cangas del Narcea. Pero, \u00bfc\u00f3mo y cu\u00e1ndo surge la inquietud en nuestro centro por hacer radio? En el curso 2020\/21, gracias a la iniciativa de la profesora Patricia Coucheiro, se instal\u00f3 un modesto estudio de grabaci\u00f3n en nuestro IES. Previamente, dentro del proyecto Conociendo el territorio, [&hellip;]<\/p>\n","protected":false},"author":1832,"featured_media":0,"parent":0,"menu_order":0,"comment_status":"closed","ping_status":"closed","template":"","meta":{"footnotes":""},"class_list":["post-16","page","type-page","status-publish","hentry","post-preview"],"_links":{"self":[{"href":"https:\/\/edublog.educastur.es\/radioelcuco\/wp-json\/wp\/v2\/pages\/16","targetHints":{"allow":["GET"]}}],"collection":[{"href":"https:\/\/edublog.educastur.es\/radioelcuco\/wp-json\/wp\/v2\/pages"}],"about":[{"href":"https:\/\/edublog.educastur.es\/radioelcuco\/wp-json\/wp\/v2\/types\/page"}],"author":[{"embeddable":true,"href":"https:\/\/edublog.educastur.es\/radioelcuco\/wp-json\/wp\/v2\/users\/1832"}],"replies":[{"embeddable":true,"href":"https:\/\/edublog.educastur.es\/radioelcuco\/wp-json\/wp\/v2\/comments?post=16"}],"version-history":[{"count":13,"href":"https:\/\/edublog.educastur.es\/radioelcuco\/wp-json\/wp\/v2\/pages\/16\/revisions"}],"predecessor-version":[{"id":46,"href":"https:\/\/edublog.educastur.es\/radioelcuco\/wp-json\/wp\/v2\/pages\/16\/revisions\/46"}],"wp:attachment":[{"href":"https:\/\/edublog.educastur.es\/radioelcuco\/wp-json\/wp\/v2\/media?parent=16"}],"curies":[{"name":"wp","href":"https:\/\/api.w.org\/{rel}","templated":true}]}}