{"id":63,"date":"2020-09-08T12:52:30","date_gmt":"2020-09-08T12:52:30","guid":{"rendered":"https:\/\/edublog.educastur.es\/unamusicadecine\/?page_id=63"},"modified":"2025-11-29T20:28:46","modified_gmt":"2025-11-29T18:28:46","slug":"historia","status":"publish","type":"page","link":"https:\/\/edublog.educastur.es\/unamusicadecine\/historia\/","title":{"rendered":"HISTORIA"},"content":{"rendered":"<p align=\"justify\"><img loading=\"lazy\" decoding=\"async\" class=\"n3VNCb aligncenter\" src=\"https:\/\/image.slidesharecdn.com\/presentacin1-100427054004-phpapp01\/95\/historia-das-bandas-sonoras-1-728.jpg?cb=1272346900\" alt=\"Historia das Bandas Sonoras\" width=\"544\" height=\"408\" data-noaft=\"1\" \/><\/p>\n<p align=\"justify\"><span style=\"font-family: arial, helvetica, sans-serif\">En esta categor\u00eda del blog pretendo hacer un recorrido hist\u00f3rico sencillo, sobre c\u00f3mo ha ido evolucionado a lo largo de las distintas d\u00e9cadas, la presencia de la m\u00fasica en el cine. Aparecer\u00e1n grandes autores de bandas sonoras, as\u00ed como fragmentos de algunas de las m\u00e1s c\u00e9lebres.<\/span><\/p>\n<p align=\"justify\"><span style=\"font-family: arial, helvetica, sans-serif\">Tambi\u00e9n encontrar\u00e9is un apartado dedicado al cine espa\u00f1ol, con algunos de los compositores m\u00e1s representativos de nuestro cine.<\/span><\/p>\n<p align=\"justify\"><span style=\"font-family: arial, helvetica, sans-serif\">Los alumnos y alumnas de m\u00fasica de 4\u00ba ESO han colaborado en ampliar las distintas d\u00e9cadas con sus aportaciones. Gracias a tod@s!!!<\/span><\/p>\n<p><span style=\"font-family: arial, helvetica, sans-serif\"><b>Pincha<\/b> en las distintas d\u00e9cadas y d\u00e9jate arrastrar por la magia del cine y su m\u00fasica!!!!!<\/span><\/p>\n<p style=\"text-align: center\"><a href=\"https:\/\/edublog.educastur.es\/unamusicadecine\/2020\/10\/01\/los-inicios-del-cine-mudo-al-sonoro\/\"><img loading=\"lazy\" decoding=\"async\" class=\"alignleft\" src=\"https:\/\/enblogdeplata.files.wordpress.com\/2016\/04\/cine-mudo.png\" width=\"258\" height=\"135\" \/><\/a>\u00a0 <a href=\"https:\/\/edublog.educastur.es\/unamusicadecine\/2020\/10\/01\/decada-de-los-30\/\" target=\"_blank\" rel=\"noopener noreferrer\"><img loading=\"lazy\" decoding=\"async\" class=\"alignleft\" src=\"http:\/\/3.bp.blogspot.com\/-RUeZ553tsnU\/VOyGZfYq_DI\/AAAAAAAAK8o\/L4ZomZ_SG20\/s1600\/A%C3%91OS%2B30%2B-%2BCine%2BPel%C3%ADculas.jpg\" alt=\"\" width=\"130\" height=\"172\" border=\"1\" \/><\/a><\/p>\n<p><a href=\"https:\/\/edublog.educastur.es\/unamusicadecine\/2020\/10\/01\/decadas-de-los-40-y-50\/\" target=\"_blank\" rel=\"noopener noreferrer\"><img loading=\"lazy\" decoding=\"async\" class=\"alignleft\" src=\"http:\/\/image.slidesharecdn.com\/powerpointhistoriadelamsicaenelcine-130716101020-phpapp02\/95\/historia-de-la-msica-en-el-cine-6-638.jpg?cb=1373969465\" alt=\"\" width=\"191\" height=\"143\" \/><\/a><\/p>\n<p><a href=\"https:\/\/edublog.educastur.es\/unamusicadecine\/2020\/10\/01\/decada-de-los-60\/\"><img loading=\"lazy\" decoding=\"async\" class=\"alignleft\" src=\"https:\/\/i.ytimg.com\/vi\/prFMcGbB8f4\/maxresdefault.jpg\" alt=\"\" width=\"227\" height=\"128\" \/><\/a><\/p>\n<p><a href=\"https:\/\/edublog.educastur.es\/unamusicadecine\/2020\/10\/02\/decada-de-los-70\/\" target=\"_blank\" rel=\"noopener noreferrer\"><img loading=\"lazy\" decoding=\"async\" class=\"alignnone\" src=\"http:\/\/web.ua.es\/es\/secretaria-gral\/memoria\/1998-99\/_borders\/Cine_de_los_70_-_caratula_75.jpg\" alt=\"\" width=\"159\" height=\"166\" \/><\/a><\/p>\n<p><a href=\"https:\/\/edublog.educastur.es\/unamusicadecine\/2020\/10\/02\/decadas-de-los-80-y-90-hasta-la-actualidad\/\" target=\"_blank\" rel=\"noopener noreferrer\"><img loading=\"lazy\" decoding=\"async\" class=\"alignnone\" src=\"http:\/\/image.slidesharecdn.com\/historiadelamsicadecine-141024033439-conversion-gate02\/95\/historia-de-la-msica-de-cine-6-638.jpg?cb=1414121717\" alt=\"\" width=\"242\" height=\"181\" \/><\/a><\/p>\n<p><a href=\"https:\/\/edublog.educastur.es\/unamusicadecine\/2020\/10\/02\/compositores-espanoles-de-cine\/\" target=\"_blank\" rel=\"noopener noreferrer\"><img loading=\"lazy\" decoding=\"async\" class=\"alignleft\" src=\"http:\/\/1.bp.blogspot.com\/-AyqzuYKmpnU\/VoEsnbSOKaI\/AAAAAAAAnBs\/Dbo-i79_Tag\/s1600\/cine_espanol-300x300.png\" alt=\"\" width=\"185\" height=\"185\" \/><\/a><\/p>\n","protected":false},"excerpt":{"rendered":"<p>En esta categor\u00eda del blog pretendo hacer un recorrido hist\u00f3rico sencillo, sobre c\u00f3mo ha ido evolucionado a lo largo de las distintas d\u00e9cadas, la presencia de la m\u00fasica en el cine. Aparecer\u00e1n grandes autores de bandas sonoras, as\u00ed como fragmentos de algunas de las m\u00e1s c\u00e9lebres. Tambi\u00e9n encontrar\u00e9is un apartado dedicado al cine espa\u00f1ol, con [&hellip;]<\/p>\n","protected":false},"author":334,"featured_media":0,"parent":0,"menu_order":0,"comment_status":"open","ping_status":"open","template":"","meta":{"footnotes":""},"class_list":["post-63","page","type-page","status-publish","hentry"],"_links":{"self":[{"href":"https:\/\/edublog.educastur.es\/unamusicadecine\/wp-json\/wp\/v2\/pages\/63","targetHints":{"allow":["GET"]}}],"collection":[{"href":"https:\/\/edublog.educastur.es\/unamusicadecine\/wp-json\/wp\/v2\/pages"}],"about":[{"href":"https:\/\/edublog.educastur.es\/unamusicadecine\/wp-json\/wp\/v2\/types\/page"}],"author":[{"embeddable":true,"href":"https:\/\/edublog.educastur.es\/unamusicadecine\/wp-json\/wp\/v2\/users\/334"}],"replies":[{"embeddable":true,"href":"https:\/\/edublog.educastur.es\/unamusicadecine\/wp-json\/wp\/v2\/comments?post=63"}],"version-history":[{"count":55,"href":"https:\/\/edublog.educastur.es\/unamusicadecine\/wp-json\/wp\/v2\/pages\/63\/revisions"}],"predecessor-version":[{"id":9127,"href":"https:\/\/edublog.educastur.es\/unamusicadecine\/wp-json\/wp\/v2\/pages\/63\/revisions\/9127"}],"wp:attachment":[{"href":"https:\/\/edublog.educastur.es\/unamusicadecine\/wp-json\/wp\/v2\/media?parent=63"}],"curies":[{"name":"wp","href":"https:\/\/api.w.org\/{rel}","templated":true}]}}