{"id":72,"date":"2020-09-08T12:53:51","date_gmt":"2020-09-08T12:53:51","guid":{"rendered":"https:\/\/edublog.educastur.es\/unamusicadecine\/?page_id=72"},"modified":"2026-01-10T14:25:18","modified_gmt":"2026-01-10T12:25:18","slug":"trabajos","status":"publish","type":"page","link":"https:\/\/edublog.educastur.es\/unamusicadecine\/trabajos\/","title":{"rendered":"TRABAJOS DE L@S ALUMN@S."},"content":{"rendered":"<p style=\"text-align: justify\"><img loading=\"lazy\" decoding=\"async\" class=\"aligncenter\" src=\"http:\/\/3.bp.blogspot.com\/-Wk9HVBhZArA\/T66IGZoHKEI\/AAAAAAAAAIM\/wY-kPyhJg98\/s400\/NIN%CC%83OS+Y+ORDENADOR.jpg\" width=\"230\" height=\"219\" align=\"middle\" \/><br \/>\n<span style=\"font-family: arial, helvetica, sans-serif\">Aqu\u00ed ir\u00e1n \u00a0apareciendo los distintos trabajos realizados por el alumnado a lo largo del curso.<\/span><\/p>\n<p style=\"text-align: justify\" align=\"justify\"><span style=\"font-family: arial, helvetica, sans-serif\">L@s alumn@s podr\u00e1n sentirse aut\u00e9nticos autores y tendr\u00e1n la posibilidad de:<\/span><\/p>\n<ul style=\"text-align: justify\">\n<li><span style=\"font-family: arial, helvetica, sans-serif\">Publicar art\u00edculos (Post) en relaci\u00f3n a la m\u00fasica y el cine, como por ejemplo: comentar una banda sonora, hablar de un compositor,&#8230;.<\/span><\/li>\n<li><span style=\"font-family: arial, helvetica, sans-serif\">Ver sus trabajos publicados en mural u otro soporte,<\/span><\/li>\n<li><span style=\"font-family: arial, helvetica, sans-serif\">Realizar trabajos con el uso de herramientas inform\u00e1ticas (genialy, wix, padlet,&#8230;)<\/span><\/li>\n<\/ul>\n<p style=\"text-align: justify\"><span style=\"font-family: arial, helvetica, sans-serif\">La realizaci\u00f3n de estos trabajos ser\u00e1 valorada positivamente en \u00a0la nota de evaluaci\u00f3n.<br \/>\n<\/span><\/p>\n<p style=\"text-align: justify\"><span style=\"font-family: arial, helvetica, sans-serif\">An\u00edmate y muestra tus habilidades cin\u00e9filas!!!<\/span><\/p>\n<p style=\"text-align: justify\"><span style=\"font-family: arial, helvetica, sans-serif\">Aqu\u00ed aparecer\u00e1n los post realizados por los alumnos a lo largo de los distintos cursos.\u00a0Para\u00a0 ver las distintas publicaciones\u00a0<b>pinchad\u00a0en el nombre de cada alumno.<\/b><\/span><\/p>\n<h2><span style=\"font-family: arial, helvetica, sans-serif;font-size: 14pt\"><b><span style=\"color: #ff00ff\">1. Post hechos por alumn@s<\/span><\/b><\/span><\/h2>\n<h2><span style=\"font-family: arial, helvetica, sans-serif;font-size: 14pt\"><strong><span style=\"color: #ff00ff\">&#8211; Curso 2012-13<\/span><\/strong><\/span><\/h2>\n<ul>\n<li><span style=\"font-family: arial, helvetica, sans-serif\"><a href=\"https:\/\/edublog.educastur.es\/unamusicadecine\/2020\/09\/28\/iron-man-2-y-ac-dc\/\"><strong><span style=\"color: #0000ff\">TOM\u00c1S SU\u00c1REZ- 1\u00baB<\/span><\/strong> \u00a0<\/a><\/span><\/li>\n<\/ul>\n<ul>\n<li><span style=\"font-family: arial, helvetica, sans-serif\"><strong><a href=\"https:\/\/edublog.educastur.es\/unamusicadecine\/2020\/09\/28\/la-historia-interminable\/\" target=\"_blank\" rel=\"noopener noreferrer\"><span style=\"color: #0000ff\">CARMEN FDEZ Y ALBA FDEZ &#8211; 1\u00ba A <\/span><\/a><\/strong><img loading=\"lazy\" decoding=\"async\" src=\"https:\/\/encrypted-tbn3.gstatic.com\/images?q=tbn:ANd9GcRNrSJiJnssCUj51_GoQrdcA9wgmo0J10r6RdQDEXIYZo5DViuB\" width=\"120\" height=\"138\" align=\"texttop\" \/><\/span><\/li>\n<\/ul>\n<h2><span style=\"font-family: arial, helvetica, sans-serif;font-size: 14pt\"><strong><span style=\"color: #ff00ff\">&#8211; Curso 2013-14<\/span><\/strong><\/span><\/h2>\n<ul>\n<li><span style=\"font-family: arial, helvetica, sans-serif\"><span style=\"color: #3366ff\">\u00a0<\/span><strong><a href=\"https:\/\/edublog.educastur.es\/unamusicadecine\/2020\/09\/28\/alicia-en-el-pais-de-las-maravillas\/\" target=\"_blank\" rel=\"noopener noreferrer\"><span style=\"color: #0000ff\">CARMEN FDEZ Y ALBA FDEZ &#8211; 2\u00ba A<\/span><\/a><\/strong><\/span><\/li>\n<\/ul>\n<p><span style=\"font-family: arial, helvetica, sans-serif\"><strong><a href=\"https:\/\/edublog.educastur.es\/unamusicadecine\/2020\/09\/28\/alicia-en-el-pais-de-las-maravillas\/\" target=\"_blank\" rel=\"noopener noreferrer\"><span style=\"color: #0000ff\"><img loading=\"lazy\" decoding=\"async\" src=\"https:\/\/encrypted-tbn3.gstatic.com\/images?q=tbn:ANd9GcRNrSJiJnssCUj51_GoQrdcA9wgmo0J10r6RdQDEXIYZo5DViuB\" width=\"120\" height=\"138\" align=\"texttop\" \/><\/span><\/a><\/strong><\/span><\/p>\n<ul>\n<li><span style=\"font-family: arial, helvetica, sans-serif\"><b><a href=\"https:\/\/edublog.educastur.es\/unamusicadecine\/2020\/09\/23\/shrek-y-smash-mouth\/\" target=\"_blank\" rel=\"noopener noreferrer\"><span style=\"color: #0000ff\">TOM\u00c1S SU\u00c1REZ-2\u00baC<\/span>\u00a0\u00a0 <\/a><\/b><\/span><\/li>\n<\/ul>\n<p><span style=\"font-family: arial, helvetica, sans-serif\"><b><a href=\"https:\/\/edublog.educastur.es\/unamusicadecine\/2020\/09\/23\/shrek-y-smash-mouth\/\" target=\"_blank\" rel=\"noopener noreferrer\"><img loading=\"lazy\" decoding=\"async\" class=\"alignleft\" src=\"http:\/\/3.bp.blogspot.com\/_zx25B_WqcnM\/TMjS0KBeiEI\/AAAAAAAAAA8\/-kHUBsqwR4E\/s1600\/computador%5B1%5D.gif\" width=\"107\" height=\"106\" \/><\/a><\/b><\/span><\/p>\n<p><span style=\"font-family: arial, helvetica, sans-serif\"><b><span style=\"color: #0000ff\">\u00a0<\/span><\/b><\/span><\/p>\n<p>&nbsp;<\/p>\n<p>&nbsp;<\/p>\n<ul>\n<li><span style=\"color: #0000ff;font-family: arial, helvetica, sans-serif\"><b><a href=\"https:\/\/edublog.educastur.es\/unamusicadecine\/2020\/09\/27\/a-bailar-con-dirty-dancing\/\"><span style=\"color: #0000ff\">AROA MEN\u00c9NDEZ-2\u00baB \u00a0<\/span> \u00a0<\/a> \u00a0 \u00a0 \u00a0 \u00a0 \u00a0 \u00a0 \u00a0 \u00a0 \u00a0<\/b><\/span><\/li>\n<\/ul>\n<p><span style=\"font-family: arial, helvetica, sans-serif\"><span style=\"color: #0000ff\"><b>\u00a0 \u00a0 \u00a0 \u00a0 \u00a0 \u00a0 \u00a0 \u00a0 \u00a0 \u00a0 \u00a0 \u00a0 \u00a0 \u00a0 \u00a0 \u00a0 \u00a0 \u00a0 \u00a0 <\/b><\/span><\/span><span style=\"font-family: arial, helvetica, sans-serif\"><span style=\"color: #0000ff\"><b>\u00a0 \u00a0<\/b><\/span><img loading=\"lazy\" decoding=\"async\" class=\"alignleft\" src=\"http:\/\/3.bp.blogspot.com\/_zx25B_WqcnM\/TMjS0KBeiEI\/AAAAAAAAAA8\/-kHUBsqwR4E\/s1600\/computador%5B1%5D.gif\" width=\"107\" height=\"106\" \/><\/span><\/p>\n<p>&nbsp;<\/p>\n<p>&nbsp;<\/p>\n<ul>\n<li><span style=\"font-family: arial, helvetica, sans-serif\"><a href=\"https:\/\/edublog.educastur.es\/unamusicadecine\/2020\/09\/23\/la-vida-es-bella\/\"><span style=\"color: #0000ff\"><b>MANUEL VELASCO-2\u00baB<\/b><\/span><\/a><b><\/b><\/span><\/li>\n<\/ul>\n<p><span style=\"font-family: arial, helvetica, sans-serif\"><img loading=\"lazy\" decoding=\"async\" class=\"alignnone\" src=\"http:\/\/3.bp.blogspot.com\/_zx25B_WqcnM\/TMjS0KBeiEI\/AAAAAAAAAA8\/-kHUBsqwR4E\/s1600\/computador%5B1%5D.gif\" width=\"122\" height=\"89\" \/><\/span><\/p>\n<h2><span style=\"font-family: arial, helvetica, sans-serif;font-size: 14pt\"><b><span style=\"color: #ff00ff\">&#8211; Curso 2014-15<\/span><\/b><\/span><\/h2>\n<ul>\n<li><span style=\"font-family: arial, helvetica, sans-serif\">\u00a0<span style=\"color: #0000ff\"><b><span style=\"color: #0000ff\"><a style=\"color: #0000ff\" href=\"https:\/\/edublog.educastur.es\/unamusicadecine\/2020\/09\/28\/musica-para-un-san-valentin-de-cine\/\" target=\"_blank\" rel=\"noopener noreferrer\">NEREA P\u00c9REZ<\/a>-1\u00baA<\/span> \u00a0 \u00a0 \u00a0 \u00a0 \u00a0 \u00a0\u00a0<\/b><\/span><\/span><\/li>\n<\/ul>\n<p><span style=\"font-family: arial, helvetica, sans-serif\"><b>\u00a0 \u00a0 \u00a0 \u00a0 \u00a0 \u00a0 \u00a0 \u00a0 \u00a0 \u00a0 \u00a0 \u00a0 \u00a0 \u00a0 \u00a0 \u00a0 \u00a0 \u00a0 \u00a0\u00a0<\/b><img loading=\"lazy\" decoding=\"async\" src=\"http:\/\/4.bp.blogspot.com\/_KYK7zUoNVRE\/TOXe-Z4TT7I\/AAAAAAAAAD0\/UPyH0Adu7_0\/S374\/Corazon_auriculares.jpg\" width=\"174\" height=\"174\" \/><b>\u00a0<\/b><span style=\"color: #0000ff\"><b>\u00a0\u00a0\u00a0\u00a0\u00a0\u00a0\u00a0\u00a0\u00a0 <\/b><\/span><span style=\"color: #0000ff\"><b>\u00a0 \u00a0 \u00a0 \u00a0 \u00a0 \u00a0\u00a0 <\/b><\/span><b><\/b><\/span><\/p>\n<ul>\n<li><span style=\"font-family: arial, helvetica, sans-serif\"><a href=\"https:\/\/edublog.educastur.es\/unamusicadecine\/2020\/09\/23\/braveheart-el-sabor-musical-escoces\/\" target=\"_blank\" rel=\"noopener noreferrer\"><b><span style=\"color: #0000ff\">ADRI\u00c1N SARMIENTO- 1\u00baB\u00a0<\/span><\/b><\/a><\/span><\/li>\n<\/ul>\n<p align=\"justify\"><span style=\"font-family: arial, helvetica, sans-serif\">\u00a0\u00a0\u00a0\u00a0\u00a0\u00a0\u00a0\u00a0\u00a0\u00a0\u00a0\u00a0\u00a0\u00a0\u00a0\u00a0\u00a0\u00a0\u00a0\u00a0\u00a0\u00a0\u00a0\u00a0\u00a0\u00a0\u00a0\u00a0\u00a0\u00a0\u00a0\u00a0 <img loading=\"lazy\" decoding=\"async\" src=\"http:\/\/24.media.tumblr.com\/7eb3f24438c3188492c28cec7071ba0f\/tumblr_mmr26uUumw1s3h43ko1_r1_500.gif\" width=\"200\" height=\"150\" border=\"1\" \/><\/span><\/p>\n<ul>\n<li><span style=\"font-family: arial, helvetica, sans-serif\"><b><span style=\"color: #0000ff\"><a style=\"color: #0000ff\" href=\"https:\/\/edublog.educastur.es\/unamusicadecine\/2020\/09\/28\/momentos-musicales-de-los-simpsons\/\" target=\"_blank\" rel=\"noopener noreferrer\">ADRI\u00c1N VALLEDOR<\/a>-1\u00baB<br \/>\n<\/span><\/b><\/span><\/li>\n<\/ul>\n<p><span style=\"font-family: arial, helvetica, sans-serif\"><b><span style=\"color: #0000ff\">\u00a0 \u00a0 \u00a0 \u00a0 \u00a0 \u00a0 \u00a0 \u00a0 \u00a0 \u00a0 \u00a0 \u00a0 \u00a0 \u00a0 \u00a0 \u00a0 \u00a0\u00a0<\/span><\/b><img loading=\"lazy\" decoding=\"async\" src=\"https:\/\/encrypted-tbn0.gstatic.com\/images?q=tbn:ANd9GcT7i4AqQeyHxhns4rudRTeHcEECGn8RqTv9JDcxu68_GMVnnmsB\" width=\"190\" height=\"105\" border=\"1\" \/><\/span><\/p>\n<ul>\n<li><span style=\"font-family: arial, helvetica, sans-serif\"><b>\u00a0<a href=\"https:\/\/edublog.educastur.es\/unamusicadecine\/2020\/09\/28\/woody-allen-un-musico-de-cine\/\" target=\"_blank\" rel=\"noopener noreferrer\"><span style=\"color: #0000ff\">MAR\u00cdA BUENO E IN\u00c9S PETRICORENA-1\u00baA<\/span><\/a><br \/>\n<\/b><\/span><\/li>\n<\/ul>\n<p align=\"justify\"><span style=\"font-family: arial, helvetica, sans-serif\">\u00a0 \u00a0 \u00a0 \u00a0 \u00a0 \u00a0 \u00a0 \u00a0 \u00a0 \u00a0 \u00a0 \u00a0 \u00a0 \u00a0 \u00a0 \u00a0 \u00a0<img loading=\"lazy\" decoding=\"async\" src=\"https:\/\/userscontent2.emaze.com\/images\/a36a3a61-6fd8-45ba-b6e5-de2a8584daf3\/e3ea248ace28dd12f7b544c833a81a67.jpeg\" width=\"160\" height=\"150\" \/><\/span><\/p>\n<ul>\n<li><span style=\"font-family: arial, helvetica, sans-serif\"><b>\u00a0<\/b><a href=\"https:\/\/edublog.educastur.es\/unamusicadecine\/2020\/09\/26\/james-horner\/\" target=\"_blank\" rel=\"noopener noreferrer\">\u00a0<b><span style=\"color: #0000ff\">NURIA GARC\u00cdA Y ANA LUC\u00cdA P\u00c9REZ.1\u00baB.<\/span><\/b><\/a><\/span><\/li>\n<\/ul>\n<p><img loading=\"lazy\" decoding=\"async\" src=\"https:\/\/encrypted-tbn3.gstatic.com\/images?q=tbn:ANd9GcQBpgygaBOKO_igb6KZXGlXCn6GeM_deIz_3sP3ikIiHfEMzW02KA\" alt=\"\" width=\"193\" height=\"261\" \/><\/p>\n<ul>\n<li><span style=\"font-family: arial, helvetica, sans-serif\"><a href=\"https:\/\/edublog.educastur.es\/unamusicadecine\/2020\/09\/23\/brave-musica-escocesa-para-una-valiente-pelirroja\/\" target=\"_blank\" rel=\"noopener noreferrer\"><span style=\"color: #0000ff\"><b>SARA LING MONTERO.1\u00baB.<\/b><\/span><\/a><\/span><\/li>\n<\/ul>\n<p><img loading=\"lazy\" decoding=\"async\" class=\"\" src=\"https:\/\/upload.wikimedia.org\/wikipedia\/en\/9\/96\/Brave_Poster.jpg\" alt=\"\" width=\"179\" height=\"265\" \/><\/p>\n<h2><span style=\"color: #ff00ff;font-family: arial, helvetica, sans-serif;font-size: 14pt\"><i>&#8211; C<\/i>urso 2016-17<\/span><\/h2>\n<ul>\n<li><span style=\"font-family: arial, helvetica, sans-serif\"><span style=\"color: #0000ff\">\u00a0<\/span><a href=\"https:\/\/edublog.educastur.es\/unamusicadecine\/2020\/09\/28\/bob-dyland-mas-que-un-cantante\/\" target=\"_blank\" rel=\"noopener noreferrer\"><span style=\"color: #0000ff\"><b>LAURA<\/b>\u00a0<\/span><b><span style=\"color: #0000ff\">FDEZ \u00a0RODRIGUEZ 2\u00baA<\/span><\/b><\/a><\/span><\/li>\n<\/ul>\n<p><span style=\"font-family: arial, helvetica, sans-serif\"><img loading=\"lazy\" decoding=\"async\" src=\"https:\/\/pbs.twimg.com\/media\/CupJ48dXgAAI6BG.jpg\" width=\"150\" height=\"150\" \/><\/span><\/p>\n<ul>\n<li><span style=\"font-family: arial, helvetica, sans-serif\"><a href=\"https:\/\/edublog.educastur.es\/unamusicadecine\/2020\/09\/24\/un-musical-para-disfrutar-mamma-mia\/\" target=\"_blank\" rel=\"noopener noreferrer\"><b><span style=\"color: #0000ff\">ANA G\u00d3MEZ 1\u00baB\u00a0<\/span><\/b><\/a><\/span><\/li>\n<\/ul>\n<p><span style=\"font-family: arial, helvetica, sans-serif\"><img loading=\"lazy\" decoding=\"async\" class=\"\" src=\"https:\/\/66.media.tumblr.com\/97f7b461b2df3cab382f40fc6e8a3113\/tumblr_inline_n34tr2QjR31qj40fv.gif\" width=\"319\" height=\"132\" \/><\/span><\/p>\n<ul>\n<li><span style=\"font-family: arial, helvetica, sans-serif\">\u00a0<a href=\"https:\/\/edublog.educastur.es\/unamusicadecine\/2020\/09\/24\/un-monstruo-viene-a-verme\/\" target=\"_blank\" rel=\"noopener noreferrer\"><b><span style=\"color: #0000ff\">CARLOS GARC\u00cdA 1\u00baB<\/span><\/b><\/a><\/span><\/li>\n<\/ul>\n<p><span style=\"font-family: arial, helvetica, sans-serif\"><img loading=\"lazy\" decoding=\"async\" src=\"http:\/\/pics.filmaffinity.com\/un_monstruo_viene_a_verme_a_monster_calls-108553414-large.jpg\" width=\"150\" height=\"150\" \/><\/span><\/p>\n<h2><span style=\"font-family: arial, helvetica, sans-serif;font-size: 14pt\"><b><span style=\"color: #ff00ff\">&#8211; Curso 2018-19<\/span><\/b><\/span><\/h2>\n<ul>\n<li><span style=\"font-family: arial, helvetica, sans-serif\"><b><a href=\"https:\/\/edublog.educastur.es\/unamusicadecine\/2020\/09\/28\/pesadilla-antes-de-navidad-un-clasico-de-halloween\/\" target=\"_blank\" rel=\"noopener noreferrer\"><span style=\"color: #0000ff\">TANIA FERN\u00c1NDEZ 1\u00baB<\/span><\/a><\/b><\/span><\/li>\n<\/ul>\n<p><span style=\"font-family: arial, helvetica, sans-serif\"><img loading=\"lazy\" decoding=\"async\" src=\"https:\/\/www.ecartelera.com\/carteles\/2800\/2801\/001_p.jpg\" width=\"150\" height=\"160\" \/><\/span><\/p>\n<ul>\n<li><span style=\"font-family: arial, helvetica, sans-serif\"><a href=\"https:\/\/edublog.educastur.es\/unamusicadecine\/2020\/09\/29\/banda-sonoras-para-navidad\/\" target=\"_blank\" rel=\"noopener noreferrer\"><b><span style=\"color: #0000ff\">MIGUEL \u00a0G\u00d3MEZ 1\u00baB<\/span><\/b><\/a><\/span><\/li>\n<\/ul>\n<p><span style=\"font-family: arial, helvetica, sans-serif\"><img loading=\"lazy\" decoding=\"async\" class=\"\" src=\"https:\/\/asturscore.com\/wp-content\/uploads\/2014\/03\/Una-Banda-Sonoras-para-Navidad.jpg\" width=\"367\" height=\"137\" \/><b><\/b><b><\/b><\/span><\/p>\n<ul>\n<li><span style=\"font-family: arial, helvetica, sans-serif\"><b><a href=\"https:\/\/edublog.educastur.es\/unamusicadecine\/2020\/09\/29\/como-suena-el-carnaval-en-el-cine\/\" target=\"_blank\" rel=\"noopener noreferrer\"><span style=\"color: #0000ff\">TANIA FERN\u00c1NDEZ 1\u00baB<\/span><\/a><\/b><\/span><\/li>\n<\/ul>\n<p><span style=\"font-family: arial, helvetica, sans-serif\"><img loading=\"lazy\" decoding=\"async\" class=\"\" src=\"https:\/\/pbs.twimg.com\/profile_images\/608024723029663745\/zvLPAZ_1_400x400.jpg\" width=\"178\" height=\"178\" border=\"1\" \/><\/span><\/p>\n<ul>\n<li><span style=\"font-family: arial, helvetica, sans-serif\"><a href=\"https:\/\/edublog.educastur.es\/unamusicadecine\/2020\/09\/28\/grandes-mujeres-de-la-musica-de-cine\/\" target=\"_blank\" rel=\"noopener noreferrer\"><b><span style=\"color: #0000ff\">MIGUEL \u00a0G\u00d3MEZ 1\u00baB<\/span><\/b><\/a><\/span><\/li>\n<\/ul>\n<p><span style=\"font-family: arial, helvetica, sans-serif\"><img loading=\"lazy\" decoding=\"async\" class=\"alignnone \" src=\"https:\/\/pbs.twimg.com\/profile_images\/778315726155288576\/q2Iq1FOo.jpg\" width=\"167\" height=\"167\" \/><\/span><\/p>\n<ul>\n<li><span style=\"font-family: arial, helvetica, sans-serif\"><a href=\"https:\/\/edublog.educastur.es\/unamusicadecine\/2020\/09\/29\/la-banda-sonora-de-los-libros\/\" target=\"_blank\" rel=\"noopener noreferrer\"><b><span style=\"color: #0000ff\">MATEO FERN\u00c1NDEZ 2\u00baC<\/span><\/b><\/a><\/span><\/li>\n<\/ul>\n<p><span style=\"font-family: arial, helvetica, sans-serif\"><img loading=\"lazy\" decoding=\"async\" src=\"https:\/\/thumbs.dreamstime.com\/t\/libros-acerca-de-aprender-m%C3%BAsica-14170133.jpg\" width=\"150\" height=\"150\" border=\"1\" \/><\/span><\/p>\n<ul>\n<li><span style=\"font-family: arial, helvetica, sans-serif\"><a href=\"https:\/\/edublog.educastur.es\/unamusicadecine\/2020\/09\/29\/dumbo-una-banda-sonora-para-disfrutar\/\" target=\"_blank\" rel=\"noopener noreferrer\"><b><span style=\"color: #0000ff\">M<\/span><\/b><b><span style=\"color: #0000ff\">IGUEL \u00a0G\u00d3MEZ 1\u00baB<\/span><\/b><\/a><\/span><\/li>\n<\/ul>\n<p><span style=\"font-family: arial, helvetica, sans-serif\"><img loading=\"lazy\" decoding=\"async\" class=\"\" src=\"https:\/\/media.giphy.com\/media\/B5BP3OYgVN5ss\/giphy.gif\" width=\"250\" height=\"192\" \/><\/span><\/p>\n<ul>\n<li><span style=\"font-family: arial, helvetica, sans-serif\">\u00a0<a href=\"https:\/\/edublog.educastur.es\/unamusicadecine\/2020\/09\/29\/los-personajes-de-disney-cobran-vida\/\" target=\"_blank\" rel=\"noopener noreferrer\"><b><span style=\"color: #0000ff\">TANIA ALONSO Y YAIZA CORTINA<\/span><\/b><b><span style=\"color: #0000ff\"> 2\u00baC<\/span><\/b><\/a><\/span><\/li>\n<\/ul>\n<p><span style=\"font-family: arial, helvetica, sans-serif\"><img loading=\"lazy\" decoding=\"async\" class=\"\" src=\"http:\/\/www.pngall.com\/wp-content\/uploads\/2018\/05\/Disney-Logo.png\" alt=\"\" width=\"278\" height=\"147\" \/><\/span><\/p>\n<h2><span style=\"font-family: arial, helvetica, sans-serif;font-size: 14pt\"><b><span style=\"color: #ff00ff\">&#8211; Curso 2019-20<\/span><\/b><\/span><\/h2>\n<ul>\n<li><span style=\"font-family: arial, helvetica, sans-serif\"><b><a href=\"https:\/\/edublog.educastur.es\/unamusicadecine\/2020\/09\/29\/musica-y-gritos-del-pasado\/\" target=\"_blank\" rel=\"noopener noreferrer\"><span style=\"color: #0000ff\">MATEO FERN\u00c1NDEZ. TALLER DE M\u00daSICA<\/span>\u00a0<\/a><\/b><\/span><\/li>\n<\/ul>\n<p><span style=\"font-family: arial, helvetica, sans-serif\"><img loading=\"lazy\" decoding=\"async\" class=\"\" src=\"https:\/\/www.aestheticamagazine.com\/wp-content\/uploads\/2011\/03\/HH.jpg\" width=\"284\" height=\"214\" \/><\/span><\/p>\n<ul>\n<li><span style=\"font-family: arial, helvetica, sans-serif\">\u00a0<a href=\"https:\/\/edublog.educastur.es\/unamusicadecine\/2020\/09\/26\/frozen-2\/\" target=\"_blank\" rel=\"noopener noreferrer\"><span style=\"color: #0000ff\"><b>GUILLERMO GARC\u00cdA 2\u00baC<\/b><\/span><\/a><\/span><\/li>\n<\/ul>\n<p><span style=\"font-family: arial, helvetica, sans-serif\"><a href=\"https:\/\/edublog.educastur.es\/unamusicadecine\/2020\/09\/26\/frozen-2\/\"><img loading=\"lazy\" decoding=\"async\" class=\"alignnone\" src=\"https:\/\/i.blogs.es\/bc62ad\/frozen-2-cancion\/450_1000.jpg\" alt=\"\" width=\"228\" height=\"228\" \/><\/a><\/span><\/p>\n<ul>\n<li><span style=\"font-family: arial, helvetica, sans-serif\"><b><a href=\"https:\/\/edublog.educastur.es\/unamusicadecine\/2020\/09\/26\/cast-del-musical-a-la-pelicula\/\" target=\"_blank\" rel=\"noopener noreferrer\"><span style=\"color: #0000ff\">SARA UZ 2\u00baB<\/span><\/a><\/b><\/span><\/li>\n<\/ul>\n<p><span style=\"font-family: arial, helvetica, sans-serif\"><img loading=\"lazy\" decoding=\"async\" class=\"\" src=\"https:\/\/laverdadnoticias.com\/export\/sites\/laverdad\/img\/2019\/10\/25\/10.png_1503792099.png\" width=\"229\" height=\"228\" \/><\/span><\/p>\n<ul>\n<li><span style=\"font-family: arial, helvetica, sans-serif\"><b><a href=\"https:\/\/edublog.educastur.es\/unamusicadecine\/2020\/09\/26\/547\/\" target=\"_blank\" rel=\"noopener noreferrer\"><span style=\"color: #0000ff\">MIGUEL G\u00d3MEZ 2\u00baB<\/span><\/a><\/b><\/span><\/li>\n<\/ul>\n<p><img loading=\"lazy\" decoding=\"async\" class=\"\" src=\"https:\/\/i.ytimg.com\/vi\/9fbxlDx0uww\/maxresdefault.jpg\" alt=\"\" width=\"264\" height=\"148\" \/><\/p>\n<ul>\n<li><span style=\"font-family: arial, helvetica, sans-serif\">\u00a0<a href=\"https:\/\/edublog.educastur.es\/unamusicadecine\/2020\/09\/29\/entre-espias-anda-el-juego\/\" target=\"_blank\" rel=\"noopener noreferrer\"><span style=\"color: #0000ff\"><b>TANIA FERN\u00c1NDEZ 2\u00baB<\/b><\/span><\/a><\/span><\/li>\n<\/ul>\n<p><span style=\"font-family: arial, helvetica, sans-serif\"><img loading=\"lazy\" decoding=\"async\" class=\"\" src=\"https:\/\/gritdaily.com\/wp-content\/uploads\/2020\/02\/MV5BNmEyNTdlNzQtYWQzNC00NjZmLWIzMDEtOGE2YjhkZGMyZjRkXkEyXkFqcGdeQXVyMTkxNjUyNQ@@._V1_SY1000_SX1000_AL_-1000x768.jpg\" width=\"227\" height=\"175\" \/><\/span><\/p>\n<ul>\n<li><span style=\"font-family: arial, helvetica, sans-serif\"><a href=\"https:\/\/edublog.educastur.es\/unamusicadecine\/2020\/09\/29\/la-musica-del-anime\/\" target=\"_blank\" rel=\"noopener noreferrer\"><b><span style=\"color: #0000ff\">LUC\u00cdA HERN\u00c1NDEZ 1\u00baA<\/span><\/b><\/a><\/span><\/li>\n<\/ul>\n<p><a href=\"https:\/\/edublog.educastur.es\/unamusicadecine\/2020\/09\/29\/la-musica-del-anime\/\"><img loading=\"lazy\" decoding=\"async\" class=\"\" src=\"https:\/\/pics.filmaffinity.com\/koe_no_katachi_a_silent_voice-681738753-large.jpg\" alt=\"\" width=\"227\" height=\"325\" \/><\/a><\/p>\n<ul>\n<li><span style=\"font-family: arial, helvetica, sans-serif\"><a href=\"https:\/\/edublog.educastur.es\/unamusicadecine\/2020\/09\/30\/la-saga-de-los-amarillos\/\" target=\"_blank\" rel=\"noopener noreferrer\"><b><span style=\"color: #0000ff\">PATRICIA MORA 1\u00baA\u00a0<\/span><\/b><\/a><\/span><\/li>\n<\/ul>\n<p><span style=\"font-family: arial, helvetica, sans-serif\"><img loading=\"lazy\" decoding=\"async\" src=\"https:\/\/images-na.ssl-images-amazon.com\/images\/I\/91N7P7WKONL._SL1500_.jpg\" width=\"170\" height=\"150\" \/><\/span><\/p>\n<ul>\n<li><span style=\"font-family: arial, helvetica, sans-serif\"><a href=\"https:\/\/edublog.educastur.es\/unamusicadecine\/2020\/09\/30\/bandas-sonoras-para-esta-cuarentena\/\" target=\"_blank\" rel=\"noopener noreferrer\"><span style=\"color: #0000ff\"><b>LUC\u00cdA RODR\u00cdGUEZ 1\u00baB<\/b><\/span><\/a><\/span><\/li>\n<\/ul>\n<p><a href=\"https:\/\/edublog.educastur.es\/unamusicadecine\/2020\/09\/30\/bandas-sonoras-para-esta-cuarentena\/\"><span style=\"font-family: arial, helvetica, sans-serif\"><img loading=\"lazy\" decoding=\"async\" src=\"https:\/\/es.web.img2.acsta.net\/pictures\/14\/04\/30\/11\/55\/592219.jpg\" width=\"170\" height=\"150\" border=\"1\" \/><\/span><\/a><\/p>\n<ul>\n<li><span style=\"font-family: arial, helvetica, sans-serif\"><a href=\"https:\/\/edublog.educastur.es\/unamusicadecine\/2020\/10\/04\/numeros-musicales-enel-cine-de-los-hermanos-marx\/\"><span style=\"color: #0000ff\"><strong>ADRI\u00c1N FERN\u00c1NDEZ 2\u00baB<\/strong><\/span><\/a><\/span><\/li>\n<\/ul>\n<p><span style=\"font-family: arial, helvetica, sans-serif\"><img loading=\"lazy\" decoding=\"async\" class=\"n3VNCb\" src=\"https:\/\/upload.wikimedia.org\/wikipedia\/commons\/f\/f4\/Marx_Brothers_1931.jpg\" alt=\"Hermanos Marx - Wikipedia, la enciclopedia libre\" width=\"186\" height=\"247\" data-noaft=\"1\" \/><\/span><\/p>\n<h2><span style=\"font-family: arial, helvetica, sans-serif;font-size: 14pt\"><b>\u00a0 <\/b><b><span style=\"color: #ff00ff\">2.\u00a0Murales m\u00fasica popular urbana y m\u00fasica culta<\/span><\/b><\/span><\/h2>\n<p><span style=\"font-family: arial, helvetica, sans-serif\"><img loading=\"lazy\" decoding=\"async\" src=\"http:\/\/1.bp.blogspot.com\/-DJNtX5L64wo\/UXwj733D5GI\/AAAAAAAAABI\/LheZkyvpb9w\/s1600\/shutterstock_17282221-%5BConverted%5D.jpg\" width=\"300\" height=\"300\" border=\"1\" \/><\/span><\/p>\n<p style=\"text-align: justify\"><span style=\"font-family: arial, helvetica, sans-serif\">Los trabajos que aparecen a continuaci\u00f3n, son murales que aunque no tienen que ver con el tema del cine, los incluimos en este apartado por el esfuerzo \u00a0que han hecho los alumnos y alumnas \u00a0a lo largo de diferentes cursos, el tema ser\u00eda: <b>mi cantante o grupo preferido, <\/b>e incluyen distintos estilos de m\u00fasica.<\/span><\/p>\n<p style=\"text-align: justify\"><span style=\"font-family: arial, helvetica, sans-serif\">Para\u00a0 ver los distintas murales <b>pinchad<\/b> en cada curso.<\/span><\/p>\n<h3><span style=\"font-family: arial, helvetica, sans-serif\"><span style=\"color: #ff00ff\">&#8211; <a style=\"color: #ff00ff\" href=\"https:\/\/edublog.educastur.es\/unamusicadecine\/2020\/09\/30\/curso-2013-2014-nuestros-murales\/\">Curso 2013-14<\/a><\/span><b><\/b><\/span><\/h3>\n<h3><span style=\"color: #ff00ff;font-family: arial, helvetica, sans-serif\">&#8211; <a style=\"color: #ff00ff\" href=\"https:\/\/edublog.educastur.es\/unamusicadecine\/2020\/09\/30\/curso-2014-15-nuestros-murales\/\">Curso 2014-15<\/a><\/span><\/h3>\n<h3><span style=\"color: #ff00ff;font-family: arial, helvetica, sans-serif\">&#8211; <a style=\"color: #ff00ff\" href=\"https:\/\/edublog.educastur.es\/unamusicadecine\/2020\/09\/30\/curso-2016-17-nuestros-murales\/\">Curso 2016-17<\/a><\/span><\/h3>\n<h3><span style=\"color: #ff00ff;font-family: arial, helvetica, sans-serif\">&#8211;<a style=\"color: #ff00ff\" href=\"https:\/\/edublog.educastur.es\/unamusicadecine\/2020\/09\/30\/curso-2017-18-nuestros-murales\/\"> Curso 2017-18<\/a><\/span><\/h3>\n<h3><span style=\"color: #ff00ff;font-family: arial, helvetica, sans-serif\"><a style=\"color: #ff00ff\" href=\"https:\/\/edublog.educastur.es\/unamusicadecine\/2020\/09\/30\/curso-2018-19-nuestros-murales\/\">&#8211; Curso 2018-19<\/a><\/span><\/h3>\n<h3><span style=\"color: #ff00ff;font-family: arial, helvetica, sans-serif\">&#8211;<a style=\"color: #ff00ff\" href=\"https:\/\/edublog.educastur.es\/unamusicadecine\/2020\/09\/30\/curso-2019-20-nuestros-murales\/\"> Curso 2019-20<\/a><\/span><\/h3>\n<h3><span style=\"font-family: arial, helvetica, sans-serif\"><a href=\"https:\/\/edublog.educastur.es\/unamusicadecine\/2020\/11\/06\/curso-2020-21-nuestros-murales\/\"><span style=\"color: #ff00ff\">&#8211; <span style=\"text-decoration: underline\">Curso 2020-21<\/span><\/span><\/a><\/span><\/h3>\n<h3><span style=\"font-family: arial, helvetica, sans-serif\"><a href=\"https:\/\/edublog.educastur.es\/unamusicadecine\/2021\/11\/12\/nuestros-murales-de-musica-favorita-curso-2021-22\/\"><span style=\"color: #ff00ff\">&#8211; Curso 2021-22<\/span><\/a><\/span><\/h3>\n<h4 style=\"text-align: justify\"><span style=\"font-size: 14pt;font-family: arial, helvetica, sans-serif\"><b><span style=\"color: #ff00ff\">3. Murales de m\u00fasica, cine, televisi\u00f3n y videojuegos<\/span><\/b><\/span><\/h4>\n<p><img loading=\"lazy\" decoding=\"async\" class=\"\" src=\"http:\/\/1.bp.blogspot.com\/_kdtPzb99cBg\/S9AeSwfPupI\/AAAAAAAAAOE\/028KhYM3LMo\/S1600-R\/cats.jpg\" width=\"335\" height=\"113\" border=\"1\" \/> <img loading=\"lazy\" decoding=\"async\" class=\"alignnone \" src=\"https:\/\/static.wixstatic.com\/media\/eb204e_1f4c10c5a16f4b9aa032bb9e6a77fb33~mv2.jpg\" width=\"309\" height=\"115\" \/><\/p>\n<p><span style=\"font-family: arial, helvetica, sans-serif\">Los trabajos que aparecen a continuaci\u00f3n, son murales relacionados con la m\u00fasica de cine.<\/span><\/p>\n<p><span style=\"font-family: arial, helvetica, sans-serif\">Para\u00a0 ver los distintas murales\u00a0<b>pinchad<\/b>\u00a0en cada curso.<\/span><b><\/b><\/p>\n<ul>\n<li>\n<h3><span style=\"font-family: arial, helvetica, sans-serif\"><a href=\"https:\/\/edublog.educastur.es\/unamusicadecine\/2020\/09\/30\/nuestros-murales-de-musica-de-cine-y-television-curso-2018-19\/\" target=\"_blank\" rel=\"noopener noreferrer\"><span style=\"color: #ff00ff\"><span style=\"font-size: 14pt\"><span style=\"font-size: 18pt\"><span style=\"font-size: 14pt\">Curso<\/span><\/span><\/span><\/span><\/a><span style=\"font-size: 14pt\"><a href=\"https:\/\/edublog.educastur.es\/unamusicadecine\/2020\/09\/30\/nuestros-murales-de-musica-de-cine-y-television-curso-2018-19\/\" target=\"_blank\" rel=\"noopener noreferrer\"><span style=\"color: #ff00ff\"> 2018-19<\/span><\/a><\/span><\/span><\/h3>\n<\/li>\n<li>\n<h3><span style=\"font-family: arial, helvetica, sans-serif;font-size: 14pt\"><a href=\"https:\/\/edublog.educastur.es\/unamusicadecine\/2020\/09\/30\/nuestros-murales-de-musica-de-cine-television-y-videojuegos-curso-2019-20\/\" target=\"_blank\" rel=\"noopener noreferrer\"><span style=\"color: #ff00ff\">Curso 2019-20<\/span><\/a><b><br \/>\n<\/b><\/span><\/h3>\n<\/li>\n<li>\n<h3><span style=\"font-family: arial, helvetica, sans-serif;font-size: 14pt\"><a href=\"https:\/\/edublog.educastur.es\/unamusicadecine\/2020\/11\/06\/nuestros-murales-de-musica-de-cine-television-y-videojuegos-curso-2020-21\/\"><span style=\"color: #ff00ff\">Curso 2020-21<\/span><\/a><\/span><\/h3>\n<\/li>\n<li><span style=\"font-family: arial, helvetica, sans-serif\"><a href=\"https:\/\/edublog.educastur.es\/unamusicadecine\/2021\/11\/12\/nuestros-murales-de-musica-de-cine-television-y-videojuegos-curso-2021-22\/\"><span style=\"color: #ff00ff\"><span style=\"font-size: 14pt\"><strong>Curso 2021-22<\/strong><\/span><\/span><\/a><\/span><\/li>\n<\/ul>\n<h2><span style=\"font-family: arial, helvetica, sans-serif;font-size: 14pt\"><b><span style=\"color: #ff00ff\">4. Trabajos TIC (realizados con herramientas 2.0)\u00a0<\/span><\/b><\/span><\/h2>\n<p><img loading=\"lazy\" decoding=\"async\" src=\"http:\/\/2.bp.blogspot.com\/-P5e5o4j4nkE\/UosI_qM5xoI\/AAAAAAAAAOw\/okgU1YshLf8\/s1600\/web201.png\" width=\"368\" height=\"224\" border=\"1\" \/><\/p>\n<p style=\"text-align: justify\"><span style=\"font-family: arial, helvetica, sans-serif\">Entramos en una \u00faltima categor\u00eda de trabajos (no por ello menos importantes), donde l@s alumn@s han utilizado\u00a0<b>herramientas 2.0, <\/b>haciendo<b>\u00a0<\/b>uso de las TIC.<b>\u00a0<\/b>Para\u00a0 ver los distintos \u00a0trabajos <b>pinchad<\/b> en cada curso.<\/span><\/p>\n<h2><span style=\"font-family: arial, helvetica, sans-serif;font-size: 14pt\"><b><span style=\"color: #ff00ff\">&#8211; Trabajos realizados con la herramienta 2.0 Wix.\u00a0<\/span><\/b><\/span><\/h2>\n<p><img loading=\"lazy\" decoding=\"async\" src=\"https:\/\/i.pinimg.com\/736x\/6a\/83\/3d\/6a833d88a7bb395425be6cca85b6c8c1.jpg\" alt=\"\" width=\"360\" height=\"211\" \/><\/p>\n<ul>\n<li>\n<h3><span style=\"color: #ff00ff;font-size: 14pt;font-family: arial, helvetica, sans-serif\"><a style=\"color: #ff00ff\" href=\"https:\/\/edublog.educastur.es\/unamusicadecine\/2020\/09\/30\/herramienta-wix-trabajos-de-musica-cine-y-vuestros-grupos-favoritos-curso-2015-16\/\" target=\"_blank\" rel=\"noopener noreferrer\">Curso 2015-16<\/a><\/span><\/h3>\n<\/li>\n<li>\n<h3><strong><span style=\"color: #ff00ff;font-size: 14pt;font-family: arial, helvetica, sans-serif\"><a style=\"color: #ff00ff\" href=\"https:\/\/edublog.educastur.es\/unamusicadecine\/2020\/09\/30\/mi-musica-favorita-con-wix-curso-2018-19\/\">Curso 2018-19\u00a0<\/a><\/span><\/strong><\/h3>\n<\/li>\n<li><span style=\"font-family: arial, helvetica, sans-serif\"><a href=\"https:\/\/edublog.educastur.es\/unamusicadecine\/2020\/11\/03\/trabajos-con-la-herramienta-wix-curso-2020-21\/\"><span style=\"font-size: 18pt\"><span style=\"color: #ff00ff\"><strong><span style=\"font-size: 14pt\">Curso 2020-21<\/span><\/strong><\/span><\/span><\/a><\/span><\/li>\n<\/ul>\n<h2><span style=\"font-family: arial, helvetica, sans-serif;font-size: 14pt\">\u00a0<b><span style=\"color: #ff00ff\">&#8211;\u00a0<\/span><\/b><b><span style=\"color: #ff00ff\">Trabajos realizados con la herramienta 2.0 Padlet.\u00a0<\/span><\/b><\/span><\/h2>\n<p><img loading=\"lazy\" decoding=\"async\" class=\"alignnone \" src=\"https:\/\/techcrunch.com\/wp-content\/uploads\/2015\/09\/padlet_logo_with_name1.jpg\" width=\"360\" height=\"231\" \/><\/p>\n<ul>\n<li><strong><span style=\"color: #ff00ff;font-size: 14pt\"><a style=\"color: #ff00ff\" href=\"https:\/\/edublog.educastur.es\/unamusicadecine\/2020\/09\/30\/herramienta-padlet-curso-2014-15-las-series-preferidas-de-mi-familia\/\" target=\"_blank\" rel=\"noopener noreferrer\"><span style=\"font-family: arial, helvetica, sans-serif\">Curso 2014-15<\/span><\/a><\/span><\/strong><\/li>\n<li><strong><span style=\"color: #ff00ff;font-size: 14pt;font-family: arial, helvetica, sans-serif\"><a style=\"color: #ff00ff\" href=\"https:\/\/edublog.educastur.es\/unamusicadecine\/2020\/09\/30\/trabajos-con-la-herramienta-padlet-curso-2015-16\/\" target=\"_blank\" rel=\"noopener noreferrer\">Curso 2015-1<\/a>6<\/span><\/strong><\/li>\n<li><strong><span style=\"color: #ff00ff;font-size: 14pt;font-family: arial, helvetica, sans-serif\"><a style=\"color: #ff00ff\" href=\"https:\/\/edublog.educastur.es\/unamusicadecine\/2020\/10\/01\/trabajos-con-la-herramienta-padlet-curso-2016-17\/\" target=\"_blank\" rel=\"noopener noreferrer\">Curso 2016-17<\/a><\/span><\/strong><\/li>\n<li><strong><span style=\"color: #ff00ff;font-size: 14pt;font-family: arial, helvetica, sans-serif\"><a style=\"color: #ff00ff\" href=\"https:\/\/edublog.educastur.es\/unamusicadecine\/2020\/10\/01\/trabajos-con-la-herramienta-padlet-curso-2017-18\/\">Curso 2017-18<\/a><\/span><\/strong><\/li>\n<li><strong><span style=\"color: #ff00ff;font-size: 14pt;font-family: arial, helvetica, sans-serif\"><a style=\"color: #ff00ff\" href=\"https:\/\/edublog.educastur.es\/unamusicadecine\/2020\/10\/01\/trabajos-con-la-herramienta-padlet-curso-2018-19\/\">Curso 2018-19<\/a><\/span><\/strong><\/li>\n<li><strong><span style=\"color: #ff00ff;font-family: arial, helvetica, sans-serif;font-size: 14pt\"><a style=\"color: #ff00ff\" href=\"https:\/\/edublog.educastur.es\/unamusicadecine\/2020\/10\/01\/trabajos-con-la-herramienta-padlet-curso-2019-20\/\">Curso 2019-20<\/a>\u00a0<\/span><\/strong><\/li>\n<li><strong><span style=\"font-size: 14pt;color: #ff00ff;font-family: arial, helvetica, sans-serif\">Curso 2020-21<\/span><\/strong><\/li>\n<\/ul>\n<h3 style=\"padding-left: 40px\"><span style=\"font-family: arial, helvetica, sans-serif;font-size: 12pt\"><strong><a style=\"color: #ff00ff\" href=\"https:\/\/edublog.educastur.es\/unamusicadecine\/2020\/12\/21\/felicitamos-la-navidad-con-nuestros-padlet-alumnado-1o-eso\/\"><span style=\"text-decoration: underline\">&#8211;<\/span>Padlet de bandas sonoras de Navidad<\/a><\/strong><\/span><\/h3>\n<h3><span style=\"font-family: arial, helvetica, sans-serif;font-size: 14pt;color: #ff00ff\">\u00a0 \u00a0 <span style=\"font-size: 12pt\">\u00a0 \u00a0&#8211; <span style=\"color: #ff00ff\"><a style=\"color: #ff00ff\" href=\"https:\/\/edublog.educastur.es\/unamusicadecine\/2021\/02\/13\/celebramos-san-valentin-con-nuestros-padlet-alumnado-1o-eso\/\">Padlet de banda sonoras de San Valent\u00edn\u00a0<\/a><\/span><\/span><\/span><\/h3>\n<ul>\n<li>\n<h1><span style=\"color: #ff00ff;font-size: 14pt\"><span style=\"font-family: arial, helvetica, sans-serif\">Curso 2021-22<\/span><\/span><\/h1>\n<\/li>\n<\/ul>\n<h3><span style=\"color: #ff00ff\"><span style=\"font-size: 18pt;font-family: arial, helvetica, sans-serif\">\u00a0\u00a0\u00a0\u00a0 <\/span><\/span><span style=\"color: #ff00ff;font-size: 14pt\"><span style=\"font-family: arial, helvetica, sans-serif\">&#8211; <span style=\"font-size: 12pt\"><a href=\"https:\/\/edublog.educastur.es\/unamusicadecine\/2021\/10\/26\/trabajos-con-la-herramienta-padlet-curso-2021-22\/\"><span style=\"color: #ff00ff\">Padlet de bandas sonoras para Halloween<\/span><\/a><\/span><\/span><\/span><\/h3>\n<h3><span style=\"font-family: arial, helvetica, sans-serif;font-size: 12pt\"><span style=\"color: #ff00ff\">\u00a0 \u00a0 \u00a0\u00a0 &#8211; <a href=\"https:\/\/edublog.educastur.es\/unamusicadecine\/2021\/12\/20\/felicitamos-la-navidad-con-nuestros-padlet-alumnado-1o-eso-2\/\"><span style=\"color: #ff00ff\">Padlet de bandas sonoras de Navidad<\/span><\/a><\/span><\/span><\/h3>\n<h3><span style=\"color: #ff00ff;font-size: 12pt\"><span style=\"font-family: arial, helvetica, sans-serif\">\u00a0\u00a0\u00a0\u00a0\u00a0<span style=\"color: #ff00ff\">\u00a0 &#8211;<\/span><a href=\"https:\/\/edublog.educastur.es\/unamusicadecine\/2022\/02\/14\/celebramos-san-valentin-con-nuestros-padlet-alumnado-1o-eso-2\/\"><span style=\"color: #ff00ff\"> Padlet de banda sonoras para San Valent\u00edn<\/span><\/a><\/span><\/span><\/h3>\n<ul>\n<li>\n<h1><span style=\"color: #ff00ff;font-size: 14pt\"><span style=\"font-family: arial, helvetica, sans-serif\">Curso 2023-24<\/span><\/span><\/h1>\n<\/li>\n<\/ul>\n<h3 style=\"padding-left: 40px\"><span style=\"color: #ff00ff\"><span style=\"font-family: arial, helvetica, sans-serif\">\u00a0<span style=\"font-size: 12pt\">\u00a0 &#8211;<span style=\"color: #ff00ff\"> <a style=\"color: #ff00ff\" href=\"https:\/\/edublog.educastur.es\/unamusicadecine\/2024\/02\/06\/celebramos-san-valentin-con-nuestros-padlet-alumnado-1o-eso-3\/\">Padlet de banda sonoras para San Valent\u00edn<\/a><\/span><\/span><\/span><\/span><\/h3>\n<h2><span style=\"color: #ff00ff;font-family: arial, helvetica, sans-serif;font-size: 14pt\"><b>&#8211;<\/b>Trabajos realizados con la herramienta 2.0 Genial.ly<\/span><\/h2>\n<p><img loading=\"lazy\" decoding=\"async\" class=\"alignnone \" src=\"https:\/\/iddocente.com\/wp-content\/uploads\/2021\/01\/idd_genially.jpg\" width=\"437\" height=\"208\" \/><\/p>\n<p><span style=\"font-size: 14pt;color: #ff00ff\"><strong><span style=\"font-family: arial, helvetica, sans-serif\">1- Genially Halloween, Navidad, D\u00eda de la Paz y Mi cantante o grupo preferido<\/span><\/strong><\/span><\/p>\n<ul>\n<li><span style=\"font-family: arial, helvetica, sans-serif;font-size: 14pt\"><a href=\"https:\/\/edublog.educastur.es\/unamusicadecine\/2020\/10\/01\/trabajos-con-la-herramienta-genialy-curso-2017-18\/\"><span style=\"color: #ff00ff\"><b>Curso 2017-18<\/b><\/span><\/a><\/span><\/li>\n<\/ul>\n<p><span style=\"font-size: 14pt;color: #ff00ff\"><strong><span style=\"font-family: arial, helvetica, sans-serif\">2- Genially Series, Bandas sonoras, Mi cantante o grupo preferido y D\u00eda de la Paz<\/span><\/strong><\/span><\/p>\n<ul>\n<li><span style=\"color: #ff00ff;font-size: 14pt;font-family: arial, helvetica, sans-serif\"><a style=\"color: #ff00ff\" href=\"https:\/\/edublog.educastur.es\/unamusicadecine\/2020\/10\/01\/trabajos-con-la-herramienta-genialy-curso-2018-19\/\"><b>Curso 2018-19<\/b><\/a><\/span><\/li>\n<\/ul>\n<p style=\"text-align: justify\"><span style=\"font-size: 14pt;color: #ff00ff\"><strong><span style=\"font-family: arial, helvetica, sans-serif\">3- Genially Mi cantante o grupo preferido, Series y Bandas sonoras, V\u00eddeo-juegos, compositores de cine y D\u00eda de la Paz.<\/span><\/strong><\/span><\/p>\n<ul>\n<li><span style=\"color: #ff00ff;font-size: 14pt;font-family: arial, helvetica, sans-serif\"><a style=\"color: #ff00ff\" href=\"https:\/\/edublog.educastur.es\/unamusicadecine\/2020\/10\/01\/trabajos-con-la-herramienta-genialy-curso-2019-20\/\"><b>Curso 2019-20<\/b><\/a><\/span><\/li>\n<\/ul>\n<p><span style=\"font-size: 14pt;color: #ff00ff\"><strong><span style=\"font-family: arial, helvetica, sans-serif\">4- Genially Mi cantante o grupo preferido, Bandas sonoras, Historia de la M\u00fasica.<\/span><\/strong><\/span><\/p>\n<ul>\n<li><span style=\"color: #ff00ff;font-family: arial, helvetica, sans-serif;font-size: 14pt\"><strong><a href=\"https:\/\/edublog.educastur.es\/unamusicadecine\/2020\/11\/03\/trabajos-con-la-herramienta-genialy-curso-2020-21\/\"><span style=\"color: #ff00ff\">Curso 2020-21<\/span><\/a><\/strong><\/span><\/li>\n<\/ul>\n<p><span style=\"color: #ff00ff\"><strong>5<\/strong><\/span><strong> <span style=\"color: #ff00ff\">&#8211;<\/span><\/strong><span style=\"font-size: 14pt;color: #ff00ff\"><strong><span style=\"font-family: arial, helvetica, sans-serif\">Genially mi cantante o grupo preferido y Bandas Sonoras<\/span><\/strong><\/span><\/p>\n<h3><span style=\"font-family: arial, helvetica, sans-serif;font-size: 14pt\">\u00a0&#8211; <a href=\"https:\/\/edublog.educastur.es\/unamusicadecine\/2020\/12\/21\/recomendamos-una-banda-sonora-para-navidad-herramienta-genialy\/\"><span style=\"color: #ff00ff\">Genially de bandas sonoras de Navidad<\/span><\/a><\/span><\/h3>\n<ul>\n<li>\n<h3><span style=\"font-family: arial, helvetica, sans-serif;font-size: 14pt\"><strong><a href=\"https:\/\/edublog.educastur.es\/unamusicadecine\/2021\/11\/12\/trabajos-con-la-herramienta-genialy-curso-2021-22\/\"><span style=\"color: #ff00ff\">Curso 2021-22<\/span><\/a><\/strong><\/span><\/h3>\n<\/li>\n<\/ul>\n<h3><a style=\"color: #ff00ff\" href=\"https:\/\/edublog.educastur.es\/unamusicadecine\/2022\/01\/31\/celebramos-el-dia-de-la-paz-lleno-de-musica-alumnado-1o-eso\/\"><span style=\"font-size: 14pt\">6 -Genially de La Paz<\/span><\/a><\/h3>\n<ul>\n<li><span style=\"font-size: 14pt\"><a href=\"https:\/\/edublog.educastur.es\/unamusicadecine\/2022\/10\/21\/trabajos-con-la-herramienta-genially-curso-2022-23\/\"><span style=\"font-family: arial, helvetica, sans-serif;color: #ff00ff\"><strong>Curso 2022-23<\/strong><\/span><\/a><\/span><\/li>\n<\/ul>\n<p><span style=\"color: #ff00ff\"><strong><span style=\"font-family: arial, helvetica, sans-serif\">7-<\/span><\/strong><\/span><span style=\"font-size: 14pt;color: #ff00ff\"><strong><span style=\"font-family: arial, helvetica, sans-serif\">Genially mi cantante o grupo preferido, Bandas Sonoras e Historia de la M\u00fasica<\/span><\/strong><\/span><\/p>\n<ul>\n<li><span style=\"font-size: 14pt\"><a href=\"https:\/\/edublog.educastur.es\/unamusicadecine\/2023\/10\/30\/trabajos-con-la-herramienta-genially-curso-2023-24\/\"><span style=\"font-family: arial, helvetica, sans-serif;color: #ff00ff\"><strong>Curso 2023-24<\/strong><\/span><\/a><\/span><\/li>\n<\/ul>\n<p><span style=\"color: #ff00ff\"><strong><span style=\"font-family: arial, helvetica, sans-serif\">8-<\/span><\/strong><\/span><span style=\"font-size: 14pt;color: #ff00ff\"><strong><span style=\"font-family: arial, helvetica, sans-serif\">Genially mi cantante o grupo preferido e Historia de la M\u00fasica<\/span><\/strong><\/span><\/p>\n<ul>\n<li><span style=\"font-size: 14pt\"><a href=\"https:\/\/edublog.educastur.es\/unamusicadecine\/2024\/10\/21\/trabajos-con-la-herramienta-genially-curso-2024-25\/\"><span style=\"font-family: arial, helvetica, sans-serif;color: #ff00ff\"><strong>Curso 2024-25<\/strong><\/span><\/a><\/span><\/li>\n<\/ul>\n<h3><\/h3>\n<p><img loading=\"lazy\" decoding=\"async\" class=\"alignnone wp-image-8206\" src=\"http:\/\/edublog.educastur.es\/unamusicadecine\/files\/2023\/10\/D9999084-9E9F-4FFD-8A56-97AB3FA67162-150x150.png\" alt=\"\" width=\"225\" height=\"225\" srcset=\"https:\/\/edublog.educastur.es\/unamusicadecine\/files\/2023\/10\/D9999084-9E9F-4FFD-8A56-97AB3FA67162-150x150.png 150w, https:\/\/edublog.educastur.es\/unamusicadecine\/files\/2023\/10\/D9999084-9E9F-4FFD-8A56-97AB3FA67162-300x300.png 300w, https:\/\/edublog.educastur.es\/unamusicadecine\/files\/2023\/10\/D9999084-9E9F-4FFD-8A56-97AB3FA67162-85x85.png 85w, https:\/\/edublog.educastur.es\/unamusicadecine\/files\/2023\/10\/D9999084-9E9F-4FFD-8A56-97AB3FA67162.png 398w\" sizes=\"auto, (max-width: 225px) 100vw, 225px\" \/><\/p>\n<p>&nbsp;<\/p>\n<p>&nbsp;<\/p>\n<p>&nbsp;<\/p>\n<p>&nbsp;<\/p>\n<p>&nbsp;<\/p>\n<p>&nbsp;<\/p>\n<p>&nbsp;<\/p>\n<p>&nbsp;<\/p>\n<p>&nbsp;<\/p>\n<p>&nbsp;<\/p>\n<p>&nbsp;<\/p>\n<p>&nbsp;<\/p>\n<p>&nbsp;<\/p>\n<p>&nbsp;<\/p>\n<p>&nbsp;<\/p>\n<p>&nbsp;<\/p>\n<p>&nbsp;<\/p>\n<p>&nbsp;<\/p>\n<p>&nbsp;<\/p>\n<p>&nbsp;<\/p>\n<p>&nbsp;<\/p>\n<p>&nbsp;<\/p>\n<p>&nbsp;<\/p>\n<p>&nbsp;<\/p>\n<p>&nbsp;<\/p>\n<p>&nbsp;<\/p>\n<p>&nbsp;<\/p>\n<p>&nbsp;<\/p>\n<p>&nbsp;<\/p>\n<p>&nbsp;<\/p>\n<p>&nbsp;<\/p>\n<p>&nbsp;<\/p>\n<p>&nbsp;<\/p>\n<p>&nbsp;<\/p>\n<p>&nbsp;<\/p>\n<p>&nbsp;<\/p>\n<p>&nbsp;<\/p>\n<p>&nbsp;<\/p>\n<p>&nbsp;<\/p>\n<p>&nbsp;<\/p>\n<p>&nbsp;<\/p>\n<p>&nbsp;<\/p>\n<p>&nbsp;<\/p>\n<p>&nbsp;<\/p>\n<p>&nbsp;<\/p>\n<p>&nbsp;<\/p>\n<p>&nbsp;<\/p>\n<p>&nbsp;<\/p>\n<p>&nbsp;<\/p>\n<p>&nbsp;<\/p>\n<p>&nbsp;<\/p>\n<p>&nbsp;<\/p>\n<p>&nbsp;<\/p>\n<p>&nbsp;<\/p>\n<p>&nbsp;<\/p>\n<p>&nbsp;<\/p>\n<p>&nbsp;<\/p>\n<p>&nbsp;<\/p>\n<p>&nbsp;<\/p>\n<p>&nbsp;<\/p>\n<p>&nbsp;<\/p>\n<p>&nbsp;<\/p>\n<p>&nbsp;<\/p>\n<p>&nbsp;<\/p>\n<p>&nbsp;<\/p>\n<p>&nbsp;<\/p>\n<p>&nbsp;<\/p>\n<p>&nbsp;<\/p>\n<p>&nbsp;<\/p>\n<p>&nbsp;<\/p>\n<p>&nbsp;<\/p>\n<p>&nbsp;<\/p>\n<p>&nbsp;<\/p>\n<p>&nbsp;<\/p>\n<p>&nbsp;<\/p>\n<p>&nbsp;<\/p>\n<p>&nbsp;<\/p>\n<p>&nbsp;<\/p>\n<p>&nbsp;<\/p>\n<p>&nbsp;<\/p>\n<p>&nbsp;<\/p>\n<p>&nbsp;<\/p>\n<p>&nbsp;<\/p>\n<p>&nbsp;<\/p>\n<p>&nbsp;<\/p>\n<p>&nbsp;<\/p>\n<p>&nbsp;<\/p>\n<p>&nbsp;<\/p>\n<p>&nbsp;<\/p>\n<p>&nbsp;<\/p>\n<p>&nbsp;<\/p>\n<p>&nbsp;<\/p>\n<p>&nbsp;<\/p>\n<p>&nbsp;<\/p>\n<p>&nbsp;<\/p>\n<p>&nbsp;<\/p>\n<p>&nbsp;<\/p>\n<p>&nbsp;<\/p>\n<p>&nbsp;<\/p>\n<p>&nbsp;<\/p>\n<p>&nbsp;<\/p>\n<p>&nbsp;<\/p>\n<p>&nbsp;<\/p>\n<p>&nbsp;<\/p>\n<p>&nbsp;<\/p>\n<p>&nbsp;<\/p>\n<p>&nbsp;<\/p>\n<p>&nbsp;<\/p>\n<p>&nbsp;<\/p>\n<p>&nbsp;<\/p>\n<p>&nbsp;<\/p>\n<p>&nbsp;<\/p>\n<p>&nbsp;<\/p>\n<p>&nbsp;<\/p>\n<p>&nbsp;<\/p>\n<p>&nbsp;<\/p>\n<p>&nbsp;<\/p>\n<p>&nbsp;<\/p>\n<p>&nbsp;<\/p>\n<p>&nbsp;<\/p>\n<p>&nbsp;<\/p>\n<p>&nbsp;<\/p>\n<p>&nbsp;<\/p>\n<p>&nbsp;<\/p>\n<p>&nbsp;<\/p>\n<p>&nbsp;<\/p>\n<p>&nbsp;<\/p>\n<p>&nbsp;<\/p>\n","protected":false},"excerpt":{"rendered":"<p>Aqu\u00ed ir\u00e1n \u00a0apareciendo los distintos trabajos realizados por el alumnado a lo largo del curso. L@s alumn@s podr\u00e1n sentirse aut\u00e9nticos autores y tendr\u00e1n la posibilidad de: Publicar art\u00edculos (Post) en relaci\u00f3n a la m\u00fasica y el cine, como por ejemplo: comentar una banda sonora, hablar de un compositor,&#8230;. Ver sus trabajos publicados en mural u [&hellip;]<\/p>\n","protected":false},"author":334,"featured_media":0,"parent":0,"menu_order":0,"comment_status":"open","ping_status":"open","template":"","meta":{"footnotes":""},"class_list":["post-72","page","type-page","status-publish","hentry"],"_links":{"self":[{"href":"https:\/\/edublog.educastur.es\/unamusicadecine\/wp-json\/wp\/v2\/pages\/72","targetHints":{"allow":["GET"]}}],"collection":[{"href":"https:\/\/edublog.educastur.es\/unamusicadecine\/wp-json\/wp\/v2\/pages"}],"about":[{"href":"https:\/\/edublog.educastur.es\/unamusicadecine\/wp-json\/wp\/v2\/types\/page"}],"author":[{"embeddable":true,"href":"https:\/\/edublog.educastur.es\/unamusicadecine\/wp-json\/wp\/v2\/users\/334"}],"replies":[{"embeddable":true,"href":"https:\/\/edublog.educastur.es\/unamusicadecine\/wp-json\/wp\/v2\/comments?post=72"}],"version-history":[{"count":119,"href":"https:\/\/edublog.educastur.es\/unamusicadecine\/wp-json\/wp\/v2\/pages\/72\/revisions"}],"predecessor-version":[{"id":9200,"href":"https:\/\/edublog.educastur.es\/unamusicadecine\/wp-json\/wp\/v2\/pages\/72\/revisions\/9200"}],"wp:attachment":[{"href":"https:\/\/edublog.educastur.es\/unamusicadecine\/wp-json\/wp\/v2\/media?parent=72"}],"curies":[{"name":"wp","href":"https:\/\/api.w.org\/{rel}","templated":true}]}}